{"id":6843,"date":"2024-07-01T12:23:07","date_gmt":"2024-07-01T10:23:07","guid":{"rendered":"https:\/\/www.ecolenormalecortot.com\/?post_type=teacher&#038;p=6843"},"modified":"2024-09-03T11:55:44","modified_gmt":"2024-09-03T09:55:44","slug":"bringuier-nicolas","status":"publish","type":"teacher","link":"https:\/\/www.ecolenormalecortot.com\/en\/enseignants\/bringuier-nicolas\/","title":{"rendered":"BRINGUIER Nicolas"},"content":{"rendered":"\n<p>N\u00e9 \u00e0 Nice en 1980, le pianiste fran\u00e7ais Nicolas Bringuier est l&#8217;un des artistes les plus brillants de sa g\u00e9n\u00e9ration. Invit\u00e9 \u00e0 se produire en soliste notamment \u00e0 la Philharmonie et au Konzerthaus de Berlin, au Musikverein de Vienne, \u00e0 la <a href=\"https:\/\/www.sallegaveau.com\/\">Salle Gaveau<\/a> \u00e0 Paris, \u00e0 l&#8217;Auditorio de Madrid ou au Seoul Arts Center, sa carri\u00e8re de soliste et de p\u00e9dagogue l&#8217;a men\u00e9 dans la plupart des pays d&#8217;Europe, aux \u00c9tats-Unis, en Chine, en Cor\u00e9e du Sud et au Japon.<\/p>\n\n\n\n<p>Il est \u00e9galement Codirecteur artistique des Rencontres musicales du Negresco et du Concours International Samson Fran\u00e7ois avec Olga Monakh, pianiste avec laquelle ils forment le Duo Siloti.<\/p>\n\n\n\n<p>Apr\u00e8s des \u00e9tudes au C.R.R. de Nice avec Christine Gastaud, il int\u00e8gre \u00e0 13 ans le C.N.S.M. de Paris dans la classe de Bruno Rigutto o\u00f9 il est r\u00e9compens\u00e9 d&#8217;un 1er Prix de piano \u00e0 16 ans et termine le Cycle de Perfectionnement \u00e0 18 ans.<\/p>\n\n\n\n<p>Il poursuit alors sa formation \u00e0 l&#8217;Universit\u00e9 des Arts de Berlin aupr\u00e8s de Klaus Hellwig, dont il sort dipl\u00f4m\u00e9 avec les plus hautes distinctions.<\/p>\n\n\n\n<p>Lors de master-classes, il b\u00e9n\u00e9ficie en outre des conseils de ma\u00eetres tels que Dimitri Bashkirov, Oleg Maisenberg, Dominique Merlet, Jean-Claude Pennetier, John Perry, Charles Rosen, Kristina Steinegger, ou encore Vladimir Viardo.<\/p>\n\n\n\n<p>Laur\u00e9at des fondations Banque populaire, Cziffra, Langart,Yvonne Lef\u00e9bure, Nicolas Bringuier se distingue \u00e9galement dans les grands concours internationaux : plus jeune participant s\u00e9lectionn\u00e9 en 1998 pour le Concours Tchaikovsky de Moscou, il est vainqueur en l&#8217;an 2000 du Grand Konzerteum en Gr\u00e8ce et finaliste du concours Pro Piano de New-York.<\/p>\n\n\n\n<p>En 2004 il remporte le 2e Prix ainsi que la M\u00e9daille d&#8217;argent du prestigieux Concours International R. Schumann de Zwickau. Il est \u00e9galement m\u00e9daill\u00e9 du Concours Maria Canals de Barcelone, demi-finaliste des Monte-Carlo Piano Masters ainsi que du Concours Chopin de Varsovie en 2005, o\u00f9 il est l&#8217;un des favoris de la presse et du public.<\/p>\n\n\n\n<p>Nicolas Bringuier dispose d&#8217;un r\u00e9pertoire de plus de 30 Concertos, qu&#8217;il a interpr\u00e9t\u00e9s avec de nombreux orchestres europ\u00e9ens et asiatiques : les Berliner Symphoniker, le Wiener Concertverein, l\u2019Orchestre Philharmonique de Prague, du Capitole de Toulouse, de Zwickau-Plauen, de Nice, de Wuhan, l&#8217;Orchestre National de Cannes, d&#8217;Avignon l&#8217;Orchestre Symphonique de Castilla e Leon, l&#8217;Orchestre Symphonique des Bal\u00e9ares, l&#8217; Euro-Asian Orchester&#8230;<\/p>\n\n\n\n<p>Il est invit\u00e9 par les festivals les plus prestigieux, notamment: le Printemps des Arts de Monte-Carlo, les Nuits du Suquet de Cannes, le Festival de Colmar, Radio-France de Montpellier, G\u00e9n\u00e9ration Virtuose d\u2019Antibes, les Serres d\u2019Auteuil, en Allemagne les festivals de Schwetzingen, le Mosel Festwochen et le Klassik Festival Ruhr, Sonoro en Roumanie, Schermonnikoog en Hollande, Alba en Italie et bien d&#8217;autres \u00e0 travers le monde.<\/p>\n\n\n\n<p>Ses enregistrements de Schumann, Bart\u00f3k et Faur\u00e9 pour les label Audite et Klarthe ont rencontr\u00e9 un grand succ\u00e8s aupr\u00e8s de la critique, obtenant les plus hautes r\u00e9compenses.<\/p>\n\n\n\n<p>Avec la pianiste Olga Monakh et leur Duo Siloti, ils se produisent \u00e0 l&#8217;invitation du Pr\u00e9sident de la R\u00e9publique d&#8217;Allemagne \u00e0 sa r\u00e9sidence de Schloss Bellevue, r\u00e9alisent 3 tourn\u00e9es en Chine et jouent ensemble dans la plupart des pays d&#8217;Europe.<\/p>\n\n\n\n<p>Passion\u00e9 de musique de chambre, on le retrouve \u00e9galement sur sc\u00e8ne aux c\u00f4t\u00e9s d&#8217;Andrej Bielow, Alexandra Conunova, Nicolas Dautricourt, Philippe Graffin,<\/p>\n\n\n\n<p>Julien Herv\u00e9, Gary Hoffman, Esther Hoppe, Alissa Margulis, Raphael Oleg, R\u00e9gis Pasquier, Razvan Popovici ,Estelle Revaz, Fran\u00e7ois Salque, Istvan Vardai, Ukjin Yang, Alexander et Dana Zemtsov&#8230;<\/p>\n\n\n\n<p>Charg\u00e9 de cours \u00e0 l&#8217;Universit\u00e9 des Arts de Berlin, Professeur invit\u00e9 \u00e0 l&#8217;Universit\u00e9 Inje en Cor\u00e9e du Sud, N. Bringuier est d\u00e9sormais Professeur \u00e0 l&#8217;Ecole Normale de Musique de Paris.<\/p>\n\n\n\n<p>Il est r\u00e9guli\u00e8rement invit\u00e9 \u00e0 si\u00e9ger aux jurys de prestigieux concours internationaux.<\/p>\n\n\n\n<p>Voir tous nos professeur.es<\/p>\n\n\n\r\n    <a href=\"https:\/\/www.ecolenormalecortot.com\/les-etudes\/les-disciplines\/piano\/\" target=\"_self\" class=\"block-cta style-cta\">\r\n        En savoir plus sur le cursus piano    <\/a>\r\n","protected":false},"featured_media":6995,"template":"","discipline":[54],"class_list":["post-6843","teacher","type-teacher","status-publish","has-post-thumbnail","hentry","discipline-piano"],"acf":[],"yoast_head":"<!-- This site is optimized with the Yoast SEO plugin v27.5 - https:\/\/yoast.com\/product\/yoast-seo-wordpress\/ -->\n<title>BRINGUIER Nicolas - Ecole Normale de Musique de Paris<\/title>\n<meta name=\"description\" content=\"Nicolas Bringuier dispose d&#039;un r\u00e9pertoire de plus de 30 Concertos, qu&#039;il a interpr\u00e9t\u00e9s avec de nombreux orchestres europ\u00e9ens et asiatiques.\" \/>\n<meta name=\"robots\" content=\"index, follow, max-snippet:-1, max-image-preview:large, max-video-preview:-1\" \/>\n<link rel=\"canonical\" href=\"https:\/\/www.ecolenormalecortot.com\/en\/enseignants\/bringuier-nicolas\/\" \/>\n<meta property=\"og:locale\" content=\"en_US\" \/>\n<meta property=\"og:type\" content=\"article\" \/>\n<meta property=\"og:title\" content=\"BRINGUIER Nicolas - Ecole Normale de Musique de Paris\" \/>\n<meta property=\"og:description\" content=\"Nicolas Bringuier dispose d&#039;un r\u00e9pertoire de plus de 30 Concertos, qu&#039;il a interpr\u00e9t\u00e9s avec de nombreux orchestres europ\u00e9ens et asiatiques.\" \/>\n<meta property=\"og:url\" content=\"https:\/\/www.ecolenormalecortot.com\/en\/enseignants\/bringuier-nicolas\/\" \/>\n<meta property=\"og:site_name\" content=\"Ecole Normale de Musique de Paris\" \/>\n<meta property=\"article:modified_time\" content=\"2024-09-03T09:55:44+00:00\" \/>\n<meta property=\"og:image\" content=\"https:\/\/www.ecolenormalecortot.com\/wp-content\/uploads\/2024\/07\/BRINGUIER-Nicolas--scaled.jpg\" \/>\n\t<meta property=\"og:image:width\" content=\"1884\" \/>\n\t<meta property=\"og:image:height\" content=\"2560\" \/>\n\t<meta property=\"og:image:type\" content=\"image\/jpeg\" \/>\n<meta name=\"twitter:card\" content=\"summary_large_image\" \/>\n<meta name=\"twitter:label1\" content=\"Est. reading time\" \/>\n\t<meta name=\"twitter:data1\" content=\"4 minutes\" \/>\n<script type=\"application\/ld+json\" class=\"yoast-schema-graph\">{\"@context\":\"https:\\\/\\\/schema.org\",\"@graph\":[{\"@type\":\"WebPage\",\"@id\":\"https:\\\/\\\/www.ecolenormalecortot.com\\\/en\\\/enseignants\\\/bringuier-nicolas\\\/\",\"url\":\"https:\\\/\\\/www.ecolenormalecortot.com\\\/en\\\/enseignants\\\/bringuier-nicolas\\\/\",\"name\":\"BRINGUIER Nicolas - Ecole Normale de Musique de Paris\",\"isPartOf\":{\"@id\":\"https:\\\/\\\/www.ecolenormalecortot.com\\\/en\\\/#website\"},\"primaryImageOfPage\":{\"@id\":\"https:\\\/\\\/www.ecolenormalecortot.com\\\/en\\\/enseignants\\\/bringuier-nicolas\\\/#primaryimage\"},\"image\":{\"@id\":\"https:\\\/\\\/www.ecolenormalecortot.com\\\/en\\\/enseignants\\\/bringuier-nicolas\\\/#primaryimage\"},\"thumbnailUrl\":\"https:\\\/\\\/www.ecolenormalecortot.com\\\/wp-content\\\/uploads\\\/2024\\\/07\\\/BRINGUIER-Nicolas--scaled.jpg\",\"datePublished\":\"2024-07-01T10:23:07+00:00\",\"dateModified\":\"2024-09-03T09:55:44+00:00\",\"description\":\"Nicolas Bringuier dispose d'un r\u00e9pertoire de plus de 30 Concertos, qu'il a interpr\u00e9t\u00e9s avec de nombreux orchestres europ\u00e9ens et asiatiques.\",\"breadcrumb\":{\"@id\":\"https:\\\/\\\/www.ecolenormalecortot.com\\\/en\\\/enseignants\\\/bringuier-nicolas\\\/#breadcrumb\"},\"inLanguage\":\"en-US\",\"potentialAction\":[{\"@type\":\"ReadAction\",\"target\":[\"https:\\\/\\\/www.ecolenormalecortot.com\\\/en\\\/enseignants\\\/bringuier-nicolas\\\/\"]}]},{\"@type\":\"ImageObject\",\"inLanguage\":\"en-US\",\"@id\":\"https:\\\/\\\/www.ecolenormalecortot.com\\\/en\\\/enseignants\\\/bringuier-nicolas\\\/#primaryimage\",\"url\":\"https:\\\/\\\/www.ecolenormalecortot.com\\\/wp-content\\\/uploads\\\/2024\\\/07\\\/BRINGUIER-Nicolas--scaled.jpg\",\"contentUrl\":\"https:\\\/\\\/www.ecolenormalecortot.com\\\/wp-content\\\/uploads\\\/2024\\\/07\\\/BRINGUIER-Nicolas--scaled.jpg\",\"width\":1884,\"height\":2560},{\"@type\":\"BreadcrumbList\",\"@id\":\"https:\\\/\\\/www.ecolenormalecortot.com\\\/en\\\/enseignants\\\/bringuier-nicolas\\\/#breadcrumb\",\"itemListElement\":[{\"@type\":\"ListItem\",\"position\":1,\"name\":\"Accueil\",\"item\":\"https:\\\/\\\/www.ecolenormalecortot.com\\\/en\\\/\"},{\"@type\":\"ListItem\",\"position\":2,\"name\":\"Professeurs\",\"item\":\"https:\\\/\\\/www.ecolenormalecortot.com\\\/en\\\/enseignants\\\/\"},{\"@type\":\"ListItem\",\"position\":3,\"name\":\"BRINGUIER Nicolas\"}]},{\"@type\":\"WebSite\",\"@id\":\"https:\\\/\\\/www.ecolenormalecortot.com\\\/en\\\/#website\",\"url\":\"https:\\\/\\\/www.ecolenormalecortot.com\\\/en\\\/\",\"name\":\"Ecole Normale de Musique de Paris\",\"description\":\"\",\"publisher\":{\"@id\":\"https:\\\/\\\/www.ecolenormalecortot.com\\\/en\\\/#organization\"},\"potentialAction\":[{\"@type\":\"SearchAction\",\"target\":{\"@type\":\"EntryPoint\",\"urlTemplate\":\"https:\\\/\\\/www.ecolenormalecortot.com\\\/en\\\/?s={search_term_string}\"},\"query-input\":{\"@type\":\"PropertyValueSpecification\",\"valueRequired\":true,\"valueName\":\"search_term_string\"}}],\"inLanguage\":\"en-US\"},{\"@type\":\"Organization\",\"@id\":\"https:\\\/\\\/www.ecolenormalecortot.com\\\/en\\\/#organization\",\"name\":\"Ecole Normale de Musique de Paris\",\"url\":\"https:\\\/\\\/www.ecolenormalecortot.com\\\/en\\\/\",\"logo\":{\"@type\":\"ImageObject\",\"inLanguage\":\"en-US\",\"@id\":\"https:\\\/\\\/www.ecolenormalecortot.com\\\/en\\\/#\\\/schema\\\/logo\\\/image\\\/\",\"url\":\"https:\\\/\\\/www.ecolenormalecortot.com\\\/wp-content\\\/uploads\\\/2023\\\/02\\\/android-chrome-512x512-1.png\",\"contentUrl\":\"https:\\\/\\\/www.ecolenormalecortot.com\\\/wp-content\\\/uploads\\\/2023\\\/02\\\/android-chrome-512x512-1.png\",\"width\":512,\"height\":512,\"caption\":\"Ecole Normale de Musique de Paris\"},\"image\":{\"@id\":\"https:\\\/\\\/www.ecolenormalecortot.com\\\/en\\\/#\\\/schema\\\/logo\\\/image\\\/\"}}]}<\/script>\n<!-- \/ Yoast SEO plugin. -->","yoast_head_json":{"title":"BRINGUIER Nicolas - Ecole Normale de Musique de Paris","description":"Nicolas Bringuier dispose d'un r\u00e9pertoire de plus de 30 Concertos, qu'il a interpr\u00e9t\u00e9s avec de nombreux orchestres europ\u00e9ens et asiatiques.","robots":{"index":"index","follow":"follow","max-snippet":"max-snippet:-1","max-image-preview":"max-image-preview:large","max-video-preview":"max-video-preview:-1"},"canonical":"https:\/\/www.ecolenormalecortot.com\/en\/enseignants\/bringuier-nicolas\/","og_locale":"en_US","og_type":"article","og_title":"BRINGUIER Nicolas - Ecole Normale de Musique de Paris","og_description":"Nicolas Bringuier dispose d'un r\u00e9pertoire de plus de 30 Concertos, qu'il a interpr\u00e9t\u00e9s avec de nombreux orchestres europ\u00e9ens et asiatiques.","og_url":"https:\/\/www.ecolenormalecortot.com\/en\/enseignants\/bringuier-nicolas\/","og_site_name":"Ecole Normale de Musique de Paris","article_modified_time":"2024-09-03T09:55:44+00:00","og_image":[{"width":1884,"height":2560,"url":"https:\/\/www.ecolenormalecortot.com\/wp-content\/uploads\/2024\/07\/BRINGUIER-Nicolas--scaled.jpg","type":"image\/jpeg"}],"twitter_card":"summary_large_image","twitter_misc":{"Est. reading time":"4 minutes"},"schema":{"@context":"https:\/\/schema.org","@graph":[{"@type":"WebPage","@id":"https:\/\/www.ecolenormalecortot.com\/en\/enseignants\/bringuier-nicolas\/","url":"https:\/\/www.ecolenormalecortot.com\/en\/enseignants\/bringuier-nicolas\/","name":"BRINGUIER Nicolas - Ecole Normale de Musique de Paris","isPartOf":{"@id":"https:\/\/www.ecolenormalecortot.com\/en\/#website"},"primaryImageOfPage":{"@id":"https:\/\/www.ecolenormalecortot.com\/en\/enseignants\/bringuier-nicolas\/#primaryimage"},"image":{"@id":"https:\/\/www.ecolenormalecortot.com\/en\/enseignants\/bringuier-nicolas\/#primaryimage"},"thumbnailUrl":"https:\/\/www.ecolenormalecortot.com\/wp-content\/uploads\/2024\/07\/BRINGUIER-Nicolas--scaled.jpg","datePublished":"2024-07-01T10:23:07+00:00","dateModified":"2024-09-03T09:55:44+00:00","description":"Nicolas Bringuier dispose d'un r\u00e9pertoire de plus de 30 Concertos, qu'il a interpr\u00e9t\u00e9s avec de nombreux orchestres europ\u00e9ens et asiatiques.","breadcrumb":{"@id":"https:\/\/www.ecolenormalecortot.com\/en\/enseignants\/bringuier-nicolas\/#breadcrumb"},"inLanguage":"en-US","potentialAction":[{"@type":"ReadAction","target":["https:\/\/www.ecolenormalecortot.com\/en\/enseignants\/bringuier-nicolas\/"]}]},{"@type":"ImageObject","inLanguage":"en-US","@id":"https:\/\/www.ecolenormalecortot.com\/en\/enseignants\/bringuier-nicolas\/#primaryimage","url":"https:\/\/www.ecolenormalecortot.com\/wp-content\/uploads\/2024\/07\/BRINGUIER-Nicolas--scaled.jpg","contentUrl":"https:\/\/www.ecolenormalecortot.com\/wp-content\/uploads\/2024\/07\/BRINGUIER-Nicolas--scaled.jpg","width":1884,"height":2560},{"@type":"BreadcrumbList","@id":"https:\/\/www.ecolenormalecortot.com\/en\/enseignants\/bringuier-nicolas\/#breadcrumb","itemListElement":[{"@type":"ListItem","position":1,"name":"Accueil","item":"https:\/\/www.ecolenormalecortot.com\/en\/"},{"@type":"ListItem","position":2,"name":"Professeurs","item":"https:\/\/www.ecolenormalecortot.com\/en\/enseignants\/"},{"@type":"ListItem","position":3,"name":"BRINGUIER Nicolas"}]},{"@type":"WebSite","@id":"https:\/\/www.ecolenormalecortot.com\/en\/#website","url":"https:\/\/www.ecolenormalecortot.com\/en\/","name":"Ecole Normale de Musique de Paris","description":"","publisher":{"@id":"https:\/\/www.ecolenormalecortot.com\/en\/#organization"},"potentialAction":[{"@type":"SearchAction","target":{"@type":"EntryPoint","urlTemplate":"https:\/\/www.ecolenormalecortot.com\/en\/?s={search_term_string}"},"query-input":{"@type":"PropertyValueSpecification","valueRequired":true,"valueName":"search_term_string"}}],"inLanguage":"en-US"},{"@type":"Organization","@id":"https:\/\/www.ecolenormalecortot.com\/en\/#organization","name":"Ecole Normale de Musique de Paris","url":"https:\/\/www.ecolenormalecortot.com\/en\/","logo":{"@type":"ImageObject","inLanguage":"en-US","@id":"https:\/\/www.ecolenormalecortot.com\/en\/#\/schema\/logo\/image\/","url":"https:\/\/www.ecolenormalecortot.com\/wp-content\/uploads\/2023\/02\/android-chrome-512x512-1.png","contentUrl":"https:\/\/www.ecolenormalecortot.com\/wp-content\/uploads\/2023\/02\/android-chrome-512x512-1.png","width":512,"height":512,"caption":"Ecole Normale de Musique de Paris"},"image":{"@id":"https:\/\/www.ecolenormalecortot.com\/en\/#\/schema\/logo\/image\/"}}]}},"_links":{"self":[{"href":"https:\/\/www.ecolenormalecortot.com\/en\/wp-json\/wp\/v2\/teacher\/6843","targetHints":{"allow":["GET"]}}],"collection":[{"href":"https:\/\/www.ecolenormalecortot.com\/en\/wp-json\/wp\/v2\/teacher"}],"about":[{"href":"https:\/\/www.ecolenormalecortot.com\/en\/wp-json\/wp\/v2\/types\/teacher"}],"wp:featuredmedia":[{"embeddable":true,"href":"https:\/\/www.ecolenormalecortot.com\/en\/wp-json\/wp\/v2\/media\/6995"}],"wp:attachment":[{"href":"https:\/\/www.ecolenormalecortot.com\/en\/wp-json\/wp\/v2\/media?parent=6843"}],"wp:term":[{"taxonomy":"discipline","embeddable":true,"href":"https:\/\/www.ecolenormalecortot.com\/en\/wp-json\/wp\/v2\/discipline?post=6843"}],"curies":[{"name":"wp","href":"https:\/\/api.w.org\/{rel}","templated":true}]}}