{"id":6688,"date":"2024-06-03T10:34:32","date_gmt":"2024-06-03T08:34:32","guid":{"rendered":"https:\/\/www.ecolenormalecortot.com\/?post_type=teacher&#038;p=6688"},"modified":"2024-06-03T10:34:33","modified_gmt":"2024-06-03T08:34:33","slug":"duprels-anne-sophie","status":"publish","type":"teacher","link":"https:\/\/www.ecolenormalecortot.com\/en\/enseignants\/duprels-anne-sophie\/","title":{"rendered":"DUPRELS Anne Sophie"},"content":{"rendered":"\n<p>La soprano Anne Sophie Duprels est une artiste \u00e9clectique. Elle commence tr\u00e8s t\u00f4t une formation artistique aux multiples dimensions : danse, piano avec Pascal Rog\u00e9, musique de chambre avec Hortense Cartier Bresson, direction et accompagnement, th\u00e9\u00e2tre et art lyrique avec Anne-Marie Rodde, puis Mich\u00e8le Le Bris et Annick Massis.<\/p>\n\n\n\n<p>Elle obtient en 1998 un premier prix de chant au Conservatoire National Sup\u00e9rieur de Musique et de Danse de Paris et s\u2019engage tr\u00e8s rapidement dans une carri\u00e8re internationale de soprano lyrique avec une pr\u00e9dilection pour le r\u00e9pertoire des XIXe, XXe et XXIe si\u00e8cles. Cette carri\u00e8re la conduit dans les plus grandes salles de tous les continents, des \u00c9tats-Unis \u00e0 la Nouvelle-Z\u00e9lande, de l\u2019Europe \u00e0 l\u2019Asie et \u00e0 collaborer avec des chefs et metteurs en sc\u00e8ne de renom : Christopher Alden, Fr\u00e9d\u00e9ric Chaslin, Francesco Cilluffo, Rosetta Cucchi, Olivier Dejours, Richard Farnes, Olivia Fuchs, John Fulljames, Armin Jordan, Francesco Lanzilotta, Lorin Maazel, David McVicar Juan Pons, Donald Runnicles, Daniele Rustioni, Stuart Stratford, Francesca Zambello, \u2026<\/p>\n\n\n\n<p>Elle apporte \u00e0 ce r\u00e9pertoire toute sa puissance dramatique en incarnant les r\u00f4les principaux des op\u00e9ras de Puccini (Suor Angelica dans l\u2019op\u00e9ra \u00e9ponyme, Cio-Cio San dans Madama Butterfly, Giorgetta dans Il Tabarro, Mimi dans La Boh\u00e8me, Anna dans Le Villi, Fidelia dans Edgar), de Verdi (La Traviata, Luisa Miller, Un Ballo in Maschera) ou de Janacek (Katya Kabanova, Jenufa). Isabeau, Iris (Mascagni), Zaz\u00e0 (Leoncavallo)\u201a Katyusha dans Risurrezione (Alfano), M\u00e9lisande dans Pell\u00e9as et M\u00e9lisande (Debussy), Tha\u00efs, Manon (Massenet), Rusalka (Dvorak), Salud dans La vida Breve (de Falla), Lisa dans La Dame de Pique (Tchaikovski), Margot la rouge (Delius) font aussi partie de son vaste r\u00e9pertoire.<\/p>\n\n\n\n<p>Son interpr\u00e9tation de Cio-Cio San lui vaut une nomination au WhatsOnStage Awards (Royaume-Uni) et au Sterling Award (Canada), celle d\u2019Iris dans l\u2019op\u00e9ra \u00e9ponyme de Mascagni le prix d\u2019outstanding achievement aux Broadway Awards (Royaume-Uni).<\/p>\n\n\n\n<p>Tr\u00e8s pr\u00e9sente sur les sc\u00e8nes anglo-saxonnes, elle a r\u00e9cemment interpr\u00e9t\u00e9 les r\u00f4les titres dans Edma de Catalani au Wexford Festival Opera, Irlande (2021) et dans Margot la Rouge de Delius et Anna dans Le Villi de Puccini \u00e0 Londres pour Opera Holland Park (2022) ainsi que Fidelia dans Edgar de Puccini en 2024.<\/p>\n\n\n\n<p>Dans un r\u00e9pertoire plus contemporain et des formats musicaux diff\u00e9rents, elle a fr\u00e9quemment interpr\u00e9t\u00e9 La Voix Humaine de Poulenc et en 2023 le cycle Espenbaum de Micha\u00ebl Levinas pour le Festival Messiaen au Pays de la Meije. Elle se produit \u00e9galement en concert avec orchestre, \u00e0 la Philharmonie de Paris, \u00e0 la Philharmonie de Madrid\u2026 et donne r\u00e9guli\u00e8rement des r\u00e9citals avec la complicit\u00e9 des pianistes Antoine Palloc, Pascal Rog\u00e9 et G\u00e9raldine Dutroncy.<\/p>\n\n\n\n<p>Parall\u00e8lement \u00e0 son activit\u00e9 vocale, elle a dirig\u00e9 Madame Butterfly de Puccini \u00e0 Dublin pour le Lyric Opera Ireland en f\u00e9vrier 2023. Elle prolonge cette exp\u00e9rience de direction avec \u00ab Fugue \u00c9ph\u00e9m\u00e8re \u00bb, ensemble vocal bas\u00e9 \u00e0 Chaumont (Haute-Marne) depuis octobre 2023. Son souci de partage, ses qualit\u00e9s de p\u00e9dagogue et son engagement aupr\u00e8s des jeunes la font r\u00e9guli\u00e8rement participer \u00e0 des jurys de concours internationaux et \u00e0 des master classes (Glimmerglass Opera Festival, New Zealand Opera, Opera Holland Park, Wexford Factory Ireland\u2026).<\/p>\n\n\n\n<p>Anne-Sophie Duprels, \u00ab R\u00e9v\u00e9lation classique ADAMI \u00bb en 2001, est actuellement r\u00e9f\u00e9rente artistique pour les \u00ab Talents Adami classique \u00bb et membre du conseil d\u2019administration de l\u2019Adami.<\/p>\n","protected":false},"featured_media":6689,"template":"","discipline":[28],"class_list":["post-6688","teacher","type-teacher","status-publish","has-post-thumbnail","hentry","discipline-chant"],"acf":[],"yoast_head":"<!-- This site is optimized with the Yoast SEO plugin v27.5 - https:\/\/yoast.com\/product\/yoast-seo-wordpress\/ -->\n<title>DUPRELS Anne Sophie - Ecole Normale de Musique de Paris<\/title>\n<meta name=\"description\" content=\"Anne Sophie Duprels est une artiste \u00e9clectique. Elle commence tr\u00e8s t\u00f4t une formation artistique aux multiples dimensions.\" \/>\n<meta name=\"robots\" content=\"index, follow, max-snippet:-1, max-image-preview:large, max-video-preview:-1\" \/>\n<link rel=\"canonical\" href=\"https:\/\/www.ecolenormalecortot.com\/en\/enseignants\/duprels-anne-sophie\/\" \/>\n<meta property=\"og:locale\" content=\"en_US\" \/>\n<meta property=\"og:type\" content=\"article\" \/>\n<meta property=\"og:title\" content=\"DUPRELS Anne Sophie - Ecole Normale de Musique de Paris\" \/>\n<meta property=\"og:description\" content=\"Anne Sophie Duprels est une artiste \u00e9clectique. Elle commence tr\u00e8s t\u00f4t une formation artistique aux multiples dimensions.\" \/>\n<meta property=\"og:url\" content=\"https:\/\/www.ecolenormalecortot.com\/en\/enseignants\/duprels-anne-sophie\/\" \/>\n<meta property=\"og:site_name\" content=\"Ecole Normale de Musique de Paris\" \/>\n<meta property=\"article:modified_time\" content=\"2024-06-03T08:34:33+00:00\" \/>\n<meta property=\"og:image\" content=\"https:\/\/www.ecolenormalecortot.com\/wp-content\/uploads\/2024\/06\/thumbnail_IMG_9741-copie-scaled.jpg\" \/>\n\t<meta property=\"og:image:width\" content=\"1707\" \/>\n\t<meta property=\"og:image:height\" content=\"2560\" \/>\n\t<meta property=\"og:image:type\" content=\"image\/jpeg\" \/>\n<meta name=\"twitter:card\" content=\"summary_large_image\" \/>\n<meta name=\"twitter:label1\" content=\"Est. reading time\" \/>\n\t<meta name=\"twitter:data1\" content=\"3 minutes\" \/>\n<script type=\"application\/ld+json\" class=\"yoast-schema-graph\">{\"@context\":\"https:\\\/\\\/schema.org\",\"@graph\":[{\"@type\":\"WebPage\",\"@id\":\"https:\\\/\\\/www.ecolenormalecortot.com\\\/en\\\/enseignants\\\/duprels-anne-sophie\\\/\",\"url\":\"https:\\\/\\\/www.ecolenormalecortot.com\\\/en\\\/enseignants\\\/duprels-anne-sophie\\\/\",\"name\":\"DUPRELS Anne Sophie - Ecole Normale de Musique de Paris\",\"isPartOf\":{\"@id\":\"https:\\\/\\\/www.ecolenormalecortot.com\\\/en\\\/#website\"},\"primaryImageOfPage\":{\"@id\":\"https:\\\/\\\/www.ecolenormalecortot.com\\\/en\\\/enseignants\\\/duprels-anne-sophie\\\/#primaryimage\"},\"image\":{\"@id\":\"https:\\\/\\\/www.ecolenormalecortot.com\\\/en\\\/enseignants\\\/duprels-anne-sophie\\\/#primaryimage\"},\"thumbnailUrl\":\"https:\\\/\\\/www.ecolenormalecortot.com\\\/wp-content\\\/uploads\\\/2024\\\/06\\\/thumbnail_IMG_9741-copie-scaled.jpg\",\"datePublished\":\"2024-06-03T08:34:32+00:00\",\"dateModified\":\"2024-06-03T08:34:33+00:00\",\"description\":\"Anne Sophie Duprels est une artiste \u00e9clectique. Elle commence tr\u00e8s t\u00f4t une formation artistique aux multiples dimensions.\",\"breadcrumb\":{\"@id\":\"https:\\\/\\\/www.ecolenormalecortot.com\\\/en\\\/enseignants\\\/duprels-anne-sophie\\\/#breadcrumb\"},\"inLanguage\":\"en-US\",\"potentialAction\":[{\"@type\":\"ReadAction\",\"target\":[\"https:\\\/\\\/www.ecolenormalecortot.com\\\/en\\\/enseignants\\\/duprels-anne-sophie\\\/\"]}]},{\"@type\":\"ImageObject\",\"inLanguage\":\"en-US\",\"@id\":\"https:\\\/\\\/www.ecolenormalecortot.com\\\/en\\\/enseignants\\\/duprels-anne-sophie\\\/#primaryimage\",\"url\":\"https:\\\/\\\/www.ecolenormalecortot.com\\\/wp-content\\\/uploads\\\/2024\\\/06\\\/thumbnail_IMG_9741-copie-scaled.jpg\",\"contentUrl\":\"https:\\\/\\\/www.ecolenormalecortot.com\\\/wp-content\\\/uploads\\\/2024\\\/06\\\/thumbnail_IMG_9741-copie-scaled.jpg\",\"width\":1707,\"height\":2560,\"caption\":\"Anne Sophie DUPRELS\"},{\"@type\":\"BreadcrumbList\",\"@id\":\"https:\\\/\\\/www.ecolenormalecortot.com\\\/en\\\/enseignants\\\/duprels-anne-sophie\\\/#breadcrumb\",\"itemListElement\":[{\"@type\":\"ListItem\",\"position\":1,\"name\":\"Accueil\",\"item\":\"https:\\\/\\\/www.ecolenormalecortot.com\\\/en\\\/\"},{\"@type\":\"ListItem\",\"position\":2,\"name\":\"Professeurs\",\"item\":\"https:\\\/\\\/www.ecolenormalecortot.com\\\/en\\\/enseignants\\\/\"},{\"@type\":\"ListItem\",\"position\":3,\"name\":\"DUPRELS Anne Sophie\"}]},{\"@type\":\"WebSite\",\"@id\":\"https:\\\/\\\/www.ecolenormalecortot.com\\\/en\\\/#website\",\"url\":\"https:\\\/\\\/www.ecolenormalecortot.com\\\/en\\\/\",\"name\":\"Ecole Normale de Musique de Paris\",\"description\":\"\",\"publisher\":{\"@id\":\"https:\\\/\\\/www.ecolenormalecortot.com\\\/en\\\/#organization\"},\"potentialAction\":[{\"@type\":\"SearchAction\",\"target\":{\"@type\":\"EntryPoint\",\"urlTemplate\":\"https:\\\/\\\/www.ecolenormalecortot.com\\\/en\\\/?s={search_term_string}\"},\"query-input\":{\"@type\":\"PropertyValueSpecification\",\"valueRequired\":true,\"valueName\":\"search_term_string\"}}],\"inLanguage\":\"en-US\"},{\"@type\":\"Organization\",\"@id\":\"https:\\\/\\\/www.ecolenormalecortot.com\\\/en\\\/#organization\",\"name\":\"Ecole Normale de Musique de Paris\",\"url\":\"https:\\\/\\\/www.ecolenormalecortot.com\\\/en\\\/\",\"logo\":{\"@type\":\"ImageObject\",\"inLanguage\":\"en-US\",\"@id\":\"https:\\\/\\\/www.ecolenormalecortot.com\\\/en\\\/#\\\/schema\\\/logo\\\/image\\\/\",\"url\":\"https:\\\/\\\/www.ecolenormalecortot.com\\\/wp-content\\\/uploads\\\/2023\\\/02\\\/android-chrome-512x512-1.png\",\"contentUrl\":\"https:\\\/\\\/www.ecolenormalecortot.com\\\/wp-content\\\/uploads\\\/2023\\\/02\\\/android-chrome-512x512-1.png\",\"width\":512,\"height\":512,\"caption\":\"Ecole Normale de Musique de Paris\"},\"image\":{\"@id\":\"https:\\\/\\\/www.ecolenormalecortot.com\\\/en\\\/#\\\/schema\\\/logo\\\/image\\\/\"}}]}<\/script>\n<!-- \/ Yoast SEO plugin. -->","yoast_head_json":{"title":"DUPRELS Anne Sophie - Ecole Normale de Musique de Paris","description":"Anne Sophie Duprels est une artiste \u00e9clectique. Elle commence tr\u00e8s t\u00f4t une formation artistique aux multiples dimensions.","robots":{"index":"index","follow":"follow","max-snippet":"max-snippet:-1","max-image-preview":"max-image-preview:large","max-video-preview":"max-video-preview:-1"},"canonical":"https:\/\/www.ecolenormalecortot.com\/en\/enseignants\/duprels-anne-sophie\/","og_locale":"en_US","og_type":"article","og_title":"DUPRELS Anne Sophie - Ecole Normale de Musique de Paris","og_description":"Anne Sophie Duprels est une artiste \u00e9clectique. Elle commence tr\u00e8s t\u00f4t une formation artistique aux multiples dimensions.","og_url":"https:\/\/www.ecolenormalecortot.com\/en\/enseignants\/duprels-anne-sophie\/","og_site_name":"Ecole Normale de Musique de Paris","article_modified_time":"2024-06-03T08:34:33+00:00","og_image":[{"width":1707,"height":2560,"url":"https:\/\/www.ecolenormalecortot.com\/wp-content\/uploads\/2024\/06\/thumbnail_IMG_9741-copie-scaled.jpg","type":"image\/jpeg"}],"twitter_card":"summary_large_image","twitter_misc":{"Est. reading time":"3 minutes"},"schema":{"@context":"https:\/\/schema.org","@graph":[{"@type":"WebPage","@id":"https:\/\/www.ecolenormalecortot.com\/en\/enseignants\/duprels-anne-sophie\/","url":"https:\/\/www.ecolenormalecortot.com\/en\/enseignants\/duprels-anne-sophie\/","name":"DUPRELS Anne Sophie - Ecole Normale de Musique de Paris","isPartOf":{"@id":"https:\/\/www.ecolenormalecortot.com\/en\/#website"},"primaryImageOfPage":{"@id":"https:\/\/www.ecolenormalecortot.com\/en\/enseignants\/duprels-anne-sophie\/#primaryimage"},"image":{"@id":"https:\/\/www.ecolenormalecortot.com\/en\/enseignants\/duprels-anne-sophie\/#primaryimage"},"thumbnailUrl":"https:\/\/www.ecolenormalecortot.com\/wp-content\/uploads\/2024\/06\/thumbnail_IMG_9741-copie-scaled.jpg","datePublished":"2024-06-03T08:34:32+00:00","dateModified":"2024-06-03T08:34:33+00:00","description":"Anne Sophie Duprels est une artiste \u00e9clectique. Elle commence tr\u00e8s t\u00f4t une formation artistique aux multiples dimensions.","breadcrumb":{"@id":"https:\/\/www.ecolenormalecortot.com\/en\/enseignants\/duprels-anne-sophie\/#breadcrumb"},"inLanguage":"en-US","potentialAction":[{"@type":"ReadAction","target":["https:\/\/www.ecolenormalecortot.com\/en\/enseignants\/duprels-anne-sophie\/"]}]},{"@type":"ImageObject","inLanguage":"en-US","@id":"https:\/\/www.ecolenormalecortot.com\/en\/enseignants\/duprels-anne-sophie\/#primaryimage","url":"https:\/\/www.ecolenormalecortot.com\/wp-content\/uploads\/2024\/06\/thumbnail_IMG_9741-copie-scaled.jpg","contentUrl":"https:\/\/www.ecolenormalecortot.com\/wp-content\/uploads\/2024\/06\/thumbnail_IMG_9741-copie-scaled.jpg","width":1707,"height":2560,"caption":"Anne Sophie DUPRELS"},{"@type":"BreadcrumbList","@id":"https:\/\/www.ecolenormalecortot.com\/en\/enseignants\/duprels-anne-sophie\/#breadcrumb","itemListElement":[{"@type":"ListItem","position":1,"name":"Accueil","item":"https:\/\/www.ecolenormalecortot.com\/en\/"},{"@type":"ListItem","position":2,"name":"Professeurs","item":"https:\/\/www.ecolenormalecortot.com\/en\/enseignants\/"},{"@type":"ListItem","position":3,"name":"DUPRELS Anne Sophie"}]},{"@type":"WebSite","@id":"https:\/\/www.ecolenormalecortot.com\/en\/#website","url":"https:\/\/www.ecolenormalecortot.com\/en\/","name":"Ecole Normale de Musique de Paris","description":"","publisher":{"@id":"https:\/\/www.ecolenormalecortot.com\/en\/#organization"},"potentialAction":[{"@type":"SearchAction","target":{"@type":"EntryPoint","urlTemplate":"https:\/\/www.ecolenormalecortot.com\/en\/?s={search_term_string}"},"query-input":{"@type":"PropertyValueSpecification","valueRequired":true,"valueName":"search_term_string"}}],"inLanguage":"en-US"},{"@type":"Organization","@id":"https:\/\/www.ecolenormalecortot.com\/en\/#organization","name":"Ecole Normale de Musique de Paris","url":"https:\/\/www.ecolenormalecortot.com\/en\/","logo":{"@type":"ImageObject","inLanguage":"en-US","@id":"https:\/\/www.ecolenormalecortot.com\/en\/#\/schema\/logo\/image\/","url":"https:\/\/www.ecolenormalecortot.com\/wp-content\/uploads\/2023\/02\/android-chrome-512x512-1.png","contentUrl":"https:\/\/www.ecolenormalecortot.com\/wp-content\/uploads\/2023\/02\/android-chrome-512x512-1.png","width":512,"height":512,"caption":"Ecole Normale de Musique de Paris"},"image":{"@id":"https:\/\/www.ecolenormalecortot.com\/en\/#\/schema\/logo\/image\/"}}]}},"_links":{"self":[{"href":"https:\/\/www.ecolenormalecortot.com\/en\/wp-json\/wp\/v2\/teacher\/6688","targetHints":{"allow":["GET"]}}],"collection":[{"href":"https:\/\/www.ecolenormalecortot.com\/en\/wp-json\/wp\/v2\/teacher"}],"about":[{"href":"https:\/\/www.ecolenormalecortot.com\/en\/wp-json\/wp\/v2\/types\/teacher"}],"wp:featuredmedia":[{"embeddable":true,"href":"https:\/\/www.ecolenormalecortot.com\/en\/wp-json\/wp\/v2\/media\/6689"}],"wp:attachment":[{"href":"https:\/\/www.ecolenormalecortot.com\/en\/wp-json\/wp\/v2\/media?parent=6688"}],"wp:term":[{"taxonomy":"discipline","embeddable":true,"href":"https:\/\/www.ecolenormalecortot.com\/en\/wp-json\/wp\/v2\/discipline?post=6688"}],"curies":[{"name":"wp","href":"https:\/\/api.w.org\/{rel}","templated":true}]}}