{"id":6600,"date":"2024-05-27T13:00:54","date_gmt":"2024-05-27T11:00:54","guid":{"rendered":"https:\/\/www.ecolenormalecortot.com\/?post_type=teacher&#038;p=6600"},"modified":"2024-05-27T13:01:14","modified_gmt":"2024-05-27T11:01:14","slug":"tchijik-vadim","status":"publish","type":"teacher","link":"https:\/\/www.ecolenormalecortot.com\/en\/enseignants\/tchijik-vadim\/","title":{"rendered":"TCHIJIK Vadim"},"content":{"rendered":"\n<p>N\u00e9 \u00e0 Moscou dans une famille de musiciens il est admis \u00e0 l\u2019\u00e2ge de 6 ans \u00e0 l\u2019\u00e9cole centrale sp\u00e9ciale de musique Tcha\u00efkovski. Il se perfectionne ensuite en France, en Allemagne et aux Etats-Unis avec Boris Belkin, Ivry Gitlis et Eduard Schmieder.<\/p>\n\n\n\n<p>\u00ab D\u00e9j\u00e0 Ma\u00eetre \u00bb selon le magazine Diapason, Laur\u00e9at de plusieurs prix internationaux, dont les prestigieux concours N. PAGANINI \u00e0 G\u00eanes, P. I. TCHAIKOVSKI \u00e0 Moscou, R. LIPIZER \u00e0 Gorizia, il est \u00e9galement nomm\u00e9 Laur\u00e9at JUVENTUS par le Conseil de l\u2019Europe. Il m\u00e8ne une carri\u00e8re internationale de soliste en se produisant avec plusieurs orchestres (Moscou, Pays-Bas, Mexico, Ankara, Freiburg, Sanremo, G\u00eanes\u2026) et donne de nombreux r\u00e9citals dans plus de trente pays aussi bien en Europe qu\u2019en Asie, Am\u00e9rique Latine, aux Etats-Unis et au Canada.<\/p>\n\n\n\n<p>Il joue dans les salles les plus prestigieuses (Champs-Elys\u00e9es, Gaveau \u00e0 Paris, Konzerthaus \u00e0 Berlin, Gewandhaus \u00e0 Leipzig, Residenz \u00e0 Munich, Concertgebow \u00e0 Amsterdam, Hamarikyu Asahi Hall \u00e0 Tokyo, Tcha\u00efkovski \u00e0 Moscou, Dvorak Hall \u00e0 Prague\u2026)<\/p>\n\n\n\n<p>Souvent invit\u00e9 par des grands festivals : Radio France \u00e0 Montpellier, Pablo Casals, Berlioz, Auvers sur Oise, Colmar, Nancyphonies, Saint-Riquier, F\u00eates Romantiques de Nohant, Ravello, Portogruaro, Alba etc. il a enregistr\u00e9 plusieurs disques r\u00e9compens\u00e9s par la presse. Excellent chambriste, il joue aux cot\u00e9s des musiciens comme Marielle Nordmann, Emmanuel Pahud, Jean-Claude Pennetier, Anne Qu\u00e9ffelec, Georges Pludermacher, Philippe Bernold, Michel Lethiec, Pieter Wispelwey, C\u00e9dric Tiberghien, David Geringas, Marc Coppey, Fran\u00e7ois Salque,<\/p>\n\n\n\n<p>Directeur artistique de plusieurs festivals : Festival International de Musique d\u2019Hy\u00e8res, Les Musicales de Saint-Martin et Les Heures Musicales de Binic, fondateur et directeur de l\u2019ensemble \u00ab Les Virtuoses \u00bb il donne des master classes en Europe, en Am\u00e9rique Latine et en Asie.<\/p>\n","protected":false},"featured_media":6601,"template":"","discipline":[61],"class_list":["post-6600","teacher","type-teacher","status-publish","has-post-thumbnail","hentry","discipline-violon"],"acf":[],"yoast_head":"<!-- This site is optimized with the Yoast SEO plugin v27.5 - https:\/\/yoast.com\/product\/yoast-seo-wordpress\/ -->\n<title>TCHIJIK Vadim - Ecole Normale de Musique de Paris<\/title>\n<meta name=\"description\" content=\"N\u00e9 \u00e0 Moscou dans une famille de musiciens il est admis \u00e0 l\u2019\u00e2ge de 6 ans \u00e0 l\u2019\u00e9cole centrale sp\u00e9ciale de musique Tcha\u00efkovski.\" \/>\n<meta name=\"robots\" content=\"index, follow, max-snippet:-1, max-image-preview:large, max-video-preview:-1\" \/>\n<link rel=\"canonical\" href=\"https:\/\/www.ecolenormalecortot.com\/en\/enseignants\/tchijik-vadim\/\" \/>\n<meta property=\"og:locale\" content=\"en_US\" \/>\n<meta property=\"og:type\" content=\"article\" \/>\n<meta property=\"og:title\" content=\"TCHIJIK Vadim - Ecole Normale de Musique de Paris\" \/>\n<meta property=\"og:description\" content=\"N\u00e9 \u00e0 Moscou dans une famille de musiciens il est admis \u00e0 l\u2019\u00e2ge de 6 ans \u00e0 l\u2019\u00e9cole centrale sp\u00e9ciale de musique Tcha\u00efkovski.\" \/>\n<meta property=\"og:url\" content=\"https:\/\/www.ecolenormalecortot.com\/en\/enseignants\/tchijik-vadim\/\" \/>\n<meta property=\"og:site_name\" content=\"Ecole Normale de Musique de Paris\" \/>\n<meta property=\"article:modified_time\" content=\"2024-05-27T11:01:14+00:00\" \/>\n<meta property=\"og:image\" content=\"https:\/\/www.ecolenormalecortot.com\/wp-content\/uploads\/2024\/05\/TCHIJIK-Vadim-scaled.jpeg\" \/>\n\t<meta property=\"og:image:width\" content=\"1709\" \/>\n\t<meta property=\"og:image:height\" content=\"2560\" \/>\n\t<meta property=\"og:image:type\" content=\"image\/jpeg\" \/>\n<meta name=\"twitter:card\" content=\"summary_large_image\" \/>\n<meta name=\"twitter:label1\" content=\"Est. reading time\" \/>\n\t<meta name=\"twitter:data1\" content=\"2 minutes\" \/>\n<script type=\"application\/ld+json\" class=\"yoast-schema-graph\">{\"@context\":\"https:\\\/\\\/schema.org\",\"@graph\":[{\"@type\":\"WebPage\",\"@id\":\"https:\\\/\\\/www.ecolenormalecortot.com\\\/en\\\/enseignants\\\/tchijik-vadim\\\/\",\"url\":\"https:\\\/\\\/www.ecolenormalecortot.com\\\/en\\\/enseignants\\\/tchijik-vadim\\\/\",\"name\":\"TCHIJIK Vadim - Ecole Normale de Musique de Paris\",\"isPartOf\":{\"@id\":\"https:\\\/\\\/www.ecolenormalecortot.com\\\/en\\\/#website\"},\"primaryImageOfPage\":{\"@id\":\"https:\\\/\\\/www.ecolenormalecortot.com\\\/en\\\/enseignants\\\/tchijik-vadim\\\/#primaryimage\"},\"image\":{\"@id\":\"https:\\\/\\\/www.ecolenormalecortot.com\\\/en\\\/enseignants\\\/tchijik-vadim\\\/#primaryimage\"},\"thumbnailUrl\":\"https:\\\/\\\/www.ecolenormalecortot.com\\\/wp-content\\\/uploads\\\/2024\\\/05\\\/TCHIJIK-Vadim-scaled.jpeg\",\"datePublished\":\"2024-05-27T11:00:54+00:00\",\"dateModified\":\"2024-05-27T11:01:14+00:00\",\"description\":\"N\u00e9 \u00e0 Moscou dans une famille de musiciens il est admis \u00e0 l\u2019\u00e2ge de 6 ans \u00e0 l\u2019\u00e9cole centrale sp\u00e9ciale de musique Tcha\u00efkovski.\",\"breadcrumb\":{\"@id\":\"https:\\\/\\\/www.ecolenormalecortot.com\\\/en\\\/enseignants\\\/tchijik-vadim\\\/#breadcrumb\"},\"inLanguage\":\"en-US\",\"potentialAction\":[{\"@type\":\"ReadAction\",\"target\":[\"https:\\\/\\\/www.ecolenormalecortot.com\\\/en\\\/enseignants\\\/tchijik-vadim\\\/\"]}]},{\"@type\":\"ImageObject\",\"inLanguage\":\"en-US\",\"@id\":\"https:\\\/\\\/www.ecolenormalecortot.com\\\/en\\\/enseignants\\\/tchijik-vadim\\\/#primaryimage\",\"url\":\"https:\\\/\\\/www.ecolenormalecortot.com\\\/wp-content\\\/uploads\\\/2024\\\/05\\\/TCHIJIK-Vadim-scaled.jpeg\",\"contentUrl\":\"https:\\\/\\\/www.ecolenormalecortot.com\\\/wp-content\\\/uploads\\\/2024\\\/05\\\/TCHIJIK-Vadim-scaled.jpeg\",\"width\":1709,\"height\":2560,\"caption\":\"TCHIJIK Vadim\"},{\"@type\":\"BreadcrumbList\",\"@id\":\"https:\\\/\\\/www.ecolenormalecortot.com\\\/en\\\/enseignants\\\/tchijik-vadim\\\/#breadcrumb\",\"itemListElement\":[{\"@type\":\"ListItem\",\"position\":1,\"name\":\"Accueil\",\"item\":\"https:\\\/\\\/www.ecolenormalecortot.com\\\/en\\\/\"},{\"@type\":\"ListItem\",\"position\":2,\"name\":\"Professeurs\",\"item\":\"https:\\\/\\\/www.ecolenormalecortot.com\\\/en\\\/enseignants\\\/\"},{\"@type\":\"ListItem\",\"position\":3,\"name\":\"TCHIJIK Vadim\"}]},{\"@type\":\"WebSite\",\"@id\":\"https:\\\/\\\/www.ecolenormalecortot.com\\\/en\\\/#website\",\"url\":\"https:\\\/\\\/www.ecolenormalecortot.com\\\/en\\\/\",\"name\":\"Ecole Normale de Musique de Paris\",\"description\":\"\",\"publisher\":{\"@id\":\"https:\\\/\\\/www.ecolenormalecortot.com\\\/en\\\/#organization\"},\"potentialAction\":[{\"@type\":\"SearchAction\",\"target\":{\"@type\":\"EntryPoint\",\"urlTemplate\":\"https:\\\/\\\/www.ecolenormalecortot.com\\\/en\\\/?s={search_term_string}\"},\"query-input\":{\"@type\":\"PropertyValueSpecification\",\"valueRequired\":true,\"valueName\":\"search_term_string\"}}],\"inLanguage\":\"en-US\"},{\"@type\":\"Organization\",\"@id\":\"https:\\\/\\\/www.ecolenormalecortot.com\\\/en\\\/#organization\",\"name\":\"Ecole Normale de Musique de Paris\",\"url\":\"https:\\\/\\\/www.ecolenormalecortot.com\\\/en\\\/\",\"logo\":{\"@type\":\"ImageObject\",\"inLanguage\":\"en-US\",\"@id\":\"https:\\\/\\\/www.ecolenormalecortot.com\\\/en\\\/#\\\/schema\\\/logo\\\/image\\\/\",\"url\":\"https:\\\/\\\/www.ecolenormalecortot.com\\\/wp-content\\\/uploads\\\/2023\\\/02\\\/android-chrome-512x512-1.png\",\"contentUrl\":\"https:\\\/\\\/www.ecolenormalecortot.com\\\/wp-content\\\/uploads\\\/2023\\\/02\\\/android-chrome-512x512-1.png\",\"width\":512,\"height\":512,\"caption\":\"Ecole Normale de Musique de Paris\"},\"image\":{\"@id\":\"https:\\\/\\\/www.ecolenormalecortot.com\\\/en\\\/#\\\/schema\\\/logo\\\/image\\\/\"}}]}<\/script>\n<!-- \/ Yoast SEO plugin. -->","yoast_head_json":{"title":"TCHIJIK Vadim - Ecole Normale de Musique de Paris","description":"N\u00e9 \u00e0 Moscou dans une famille de musiciens il est admis \u00e0 l\u2019\u00e2ge de 6 ans \u00e0 l\u2019\u00e9cole centrale sp\u00e9ciale de musique Tcha\u00efkovski.","robots":{"index":"index","follow":"follow","max-snippet":"max-snippet:-1","max-image-preview":"max-image-preview:large","max-video-preview":"max-video-preview:-1"},"canonical":"https:\/\/www.ecolenormalecortot.com\/en\/enseignants\/tchijik-vadim\/","og_locale":"en_US","og_type":"article","og_title":"TCHIJIK Vadim - Ecole Normale de Musique de Paris","og_description":"N\u00e9 \u00e0 Moscou dans une famille de musiciens il est admis \u00e0 l\u2019\u00e2ge de 6 ans \u00e0 l\u2019\u00e9cole centrale sp\u00e9ciale de musique Tcha\u00efkovski.","og_url":"https:\/\/www.ecolenormalecortot.com\/en\/enseignants\/tchijik-vadim\/","og_site_name":"Ecole Normale de Musique de Paris","article_modified_time":"2024-05-27T11:01:14+00:00","og_image":[{"width":1709,"height":2560,"url":"https:\/\/www.ecolenormalecortot.com\/wp-content\/uploads\/2024\/05\/TCHIJIK-Vadim-scaled.jpeg","type":"image\/jpeg"}],"twitter_card":"summary_large_image","twitter_misc":{"Est. reading time":"2 minutes"},"schema":{"@context":"https:\/\/schema.org","@graph":[{"@type":"WebPage","@id":"https:\/\/www.ecolenormalecortot.com\/en\/enseignants\/tchijik-vadim\/","url":"https:\/\/www.ecolenormalecortot.com\/en\/enseignants\/tchijik-vadim\/","name":"TCHIJIK Vadim - Ecole Normale de Musique de Paris","isPartOf":{"@id":"https:\/\/www.ecolenormalecortot.com\/en\/#website"},"primaryImageOfPage":{"@id":"https:\/\/www.ecolenormalecortot.com\/en\/enseignants\/tchijik-vadim\/#primaryimage"},"image":{"@id":"https:\/\/www.ecolenormalecortot.com\/en\/enseignants\/tchijik-vadim\/#primaryimage"},"thumbnailUrl":"https:\/\/www.ecolenormalecortot.com\/wp-content\/uploads\/2024\/05\/TCHIJIK-Vadim-scaled.jpeg","datePublished":"2024-05-27T11:00:54+00:00","dateModified":"2024-05-27T11:01:14+00:00","description":"N\u00e9 \u00e0 Moscou dans une famille de musiciens il est admis \u00e0 l\u2019\u00e2ge de 6 ans \u00e0 l\u2019\u00e9cole centrale sp\u00e9ciale de musique Tcha\u00efkovski.","breadcrumb":{"@id":"https:\/\/www.ecolenormalecortot.com\/en\/enseignants\/tchijik-vadim\/#breadcrumb"},"inLanguage":"en-US","potentialAction":[{"@type":"ReadAction","target":["https:\/\/www.ecolenormalecortot.com\/en\/enseignants\/tchijik-vadim\/"]}]},{"@type":"ImageObject","inLanguage":"en-US","@id":"https:\/\/www.ecolenormalecortot.com\/en\/enseignants\/tchijik-vadim\/#primaryimage","url":"https:\/\/www.ecolenormalecortot.com\/wp-content\/uploads\/2024\/05\/TCHIJIK-Vadim-scaled.jpeg","contentUrl":"https:\/\/www.ecolenormalecortot.com\/wp-content\/uploads\/2024\/05\/TCHIJIK-Vadim-scaled.jpeg","width":1709,"height":2560,"caption":"TCHIJIK Vadim"},{"@type":"BreadcrumbList","@id":"https:\/\/www.ecolenormalecortot.com\/en\/enseignants\/tchijik-vadim\/#breadcrumb","itemListElement":[{"@type":"ListItem","position":1,"name":"Accueil","item":"https:\/\/www.ecolenormalecortot.com\/en\/"},{"@type":"ListItem","position":2,"name":"Professeurs","item":"https:\/\/www.ecolenormalecortot.com\/en\/enseignants\/"},{"@type":"ListItem","position":3,"name":"TCHIJIK Vadim"}]},{"@type":"WebSite","@id":"https:\/\/www.ecolenormalecortot.com\/en\/#website","url":"https:\/\/www.ecolenormalecortot.com\/en\/","name":"Ecole Normale de Musique de Paris","description":"","publisher":{"@id":"https:\/\/www.ecolenormalecortot.com\/en\/#organization"},"potentialAction":[{"@type":"SearchAction","target":{"@type":"EntryPoint","urlTemplate":"https:\/\/www.ecolenormalecortot.com\/en\/?s={search_term_string}"},"query-input":{"@type":"PropertyValueSpecification","valueRequired":true,"valueName":"search_term_string"}}],"inLanguage":"en-US"},{"@type":"Organization","@id":"https:\/\/www.ecolenormalecortot.com\/en\/#organization","name":"Ecole Normale de Musique de Paris","url":"https:\/\/www.ecolenormalecortot.com\/en\/","logo":{"@type":"ImageObject","inLanguage":"en-US","@id":"https:\/\/www.ecolenormalecortot.com\/en\/#\/schema\/logo\/image\/","url":"https:\/\/www.ecolenormalecortot.com\/wp-content\/uploads\/2023\/02\/android-chrome-512x512-1.png","contentUrl":"https:\/\/www.ecolenormalecortot.com\/wp-content\/uploads\/2023\/02\/android-chrome-512x512-1.png","width":512,"height":512,"caption":"Ecole Normale de Musique de Paris"},"image":{"@id":"https:\/\/www.ecolenormalecortot.com\/en\/#\/schema\/logo\/image\/"}}]}},"_links":{"self":[{"href":"https:\/\/www.ecolenormalecortot.com\/en\/wp-json\/wp\/v2\/teacher\/6600","targetHints":{"allow":["GET"]}}],"collection":[{"href":"https:\/\/www.ecolenormalecortot.com\/en\/wp-json\/wp\/v2\/teacher"}],"about":[{"href":"https:\/\/www.ecolenormalecortot.com\/en\/wp-json\/wp\/v2\/types\/teacher"}],"wp:featuredmedia":[{"embeddable":true,"href":"https:\/\/www.ecolenormalecortot.com\/en\/wp-json\/wp\/v2\/media\/6601"}],"wp:attachment":[{"href":"https:\/\/www.ecolenormalecortot.com\/en\/wp-json\/wp\/v2\/media?parent=6600"}],"wp:term":[{"taxonomy":"discipline","embeddable":true,"href":"https:\/\/www.ecolenormalecortot.com\/en\/wp-json\/wp\/v2\/discipline?post=6600"}],"curies":[{"name":"wp","href":"https:\/\/api.w.org\/{rel}","templated":true}]}}