{"id":6309,"date":"2024-04-30T16:35:46","date_gmt":"2024-04-30T14:35:46","guid":{"rendered":"https:\/\/www.ecolenormalecortot.com\/?post_type=teacher&#038;p=6309"},"modified":"2024-05-27T11:58:40","modified_gmt":"2024-05-27T09:58:40","slug":"jean-noel-briend","status":"publish","type":"teacher","link":"https:\/\/www.ecolenormalecortot.com\/en\/enseignants\/jean-noel-briend\/","title":{"rendered":"BRIEND Jean-No\u00ebl"},"content":{"rendered":"\n<div class=\"wp-block-group\"><div class=\"wp-block-group__inner-container is-layout-constrained wp-block-group-is-layout-constrained\">\n<p>Musicien complet (chant, piano, direction de choeur), Jean-No\u00ebl Briend se perfectionne aupr\u00e8s de Mady Mespl\u00e9, Janine Reiss et Anne-Marie Fontaine. Il est devenu, apr\u00e8s son changement de tessiture (initi\u00e9e par Christian Tr\u00e9guier), un t\u00e9nor qui a su gagn\u00e9 une r\u00e9putation internationale par ses interpr\u00e9tations de nombreux grands r\u00f4les, tels que Don Jos\u00e9 (qu\u2019il chante plus de 80 fois), Hoffmann, Faust (Berlioz und Gounod), Florestan (Fidelio), Bacchus, Porcus\u2026<br><\/p>\n\n\n\n<p>Des grands chefs comme Sylvain Cambreling (Catulli Carmina \/ Orff et les Noces \/ Stravinsky), Helmut Rilling et St\u00e9phane Den\u00e8ve (Jeanne d\u2019Arc au Bucher\/Honegger) l\u2019engagent pour des enregistrements.<br><\/p>\n\n\n\n<p>Il a pour partenaires June Anderson, Jos\u00e9 van Dam, B\u00e9atrice Uria-Monzon, George Gagnidze, Catherine Foster, Fran\u00e7ois Le Roux, Jean-Philippe Lafont et pour metteurs en sc\u00e8ne : Christophe Marthaler, Romeo Castellucci, John Fulljames, Anthony Pilavachi, Charles Roubaud\u2026<\/p>\n\n\n\n<p><br>Apr\u00e8s plus de 20 ans de carri\u00e8re sur les plus grandes sc\u00e8nes lyriques internationales comme le Teatro Real Madrid (Hoffmann 2014), La Monnaie Bruxelles, Staatsoper Stuttgart, Op\u00e9ra de Lyon, Concertgebouw Amsterdam, Suntory Hall Tokyo, Bordeaux, Varsovie, etc, il lui a paru comme une \u00e9vidence de devoir transmettre le savoir et l\u2019exp\u00e9rience acquis toutes ces ann\u00e9es sur sc\u00e8ne.<br><\/p>\n\n\n\n<p>Professeur de chant d\u2019octobre 2022 \u00e0 juillet 2024 \u00e0 la Hochschule f\u00fcr Musik de Dresden et de septembre 2017 \u00e0 juillet 2022 au Conservatoire \u00e0 Rayonnement R\u00e9gional de Strasbourg et \u00e0 son P\u00f4le Sup\u00e9rieur, il est aussi le fondateur et le directeur de l\u2019Internationale SommerAkademie am Rhein, stage d\u2019\u00e9t\u00e9 depuis 2016, tourn\u00e9 vers l\u2019op\u00e9ra en Allemagne, pr\u00e8s de Strasbourg.<br><\/p>\n\n\n\n<p>L\u2019acad\u00e9mie d\u2019\u00e9t\u00e9 Musicalta qui se tient depuis 25 ans en Alsace lui propose d\u2019\u00eatre un de ses professeurs en ao\u00fbt 2021 et 2022. Il est \u00e9galement invit\u00e9 pour des masterclasses (Musikhochschule Mannheim en novembre 2021, CRR de Paris en 2015) et des jurys. Il est titulaire du Gesangp\u00e4dagogische Zertifikat qui lui a \u00e9t\u00e9 d\u00e9livr\u00e9 en juin 2021 par le Bundesverband Deutscher P\u00e4dagogen (association dont il est membre et qui fait partie de l\u2019EVTA (European Voice Teachers Association). Ceci a consid\u00e9rablement ouvert ses possibles et lui a fait d\u00e9couvrir toute une litt\u00e9rature allemande sur la p\u00e9dagogie, la voix, etc.<\/p>\n\n\n\n<p><br>Il travaille aussi en relation \u00e9troite avec Francine Kostmann, orthophoniste \u00e0 Strasbourg, ce qui ajoute \u00e0 son exp\u00e9rience en tant que technicien de la voix.<\/p>\n<\/div><\/div>\n","protected":false},"featured_media":6310,"template":"","discipline":[28],"class_list":["post-6309","teacher","type-teacher","status-publish","has-post-thumbnail","hentry","discipline-chant"],"acf":[],"yoast_head":"<!-- This site is optimized with the Yoast SEO plugin v27.5 - https:\/\/yoast.com\/product\/yoast-seo-wordpress\/ -->\n<title>BRIEND Jean-No\u00ebl - Ecole Normale de Musique de Paris<\/title>\n<meta name=\"description\" content=\"Musicien complet, Jean-No\u00ebl Briend est actuellement professeur de chant \u00e0 l&#039;Ecole Normale de Musique de Paris.\" \/>\n<meta name=\"robots\" content=\"index, follow, max-snippet:-1, max-image-preview:large, max-video-preview:-1\" \/>\n<link rel=\"canonical\" href=\"https:\/\/www.ecolenormalecortot.com\/en\/enseignants\/jean-noel-briend\/\" \/>\n<meta property=\"og:locale\" content=\"en_US\" \/>\n<meta property=\"og:type\" content=\"article\" \/>\n<meta property=\"og:title\" content=\"BRIEND Jean-No\u00ebl - Ecole Normale de Musique de Paris\" \/>\n<meta property=\"og:description\" content=\"Musicien complet, Jean-No\u00ebl Briend est actuellement professeur de chant \u00e0 l&#039;Ecole Normale de Musique de Paris.\" \/>\n<meta property=\"og:url\" content=\"https:\/\/www.ecolenormalecortot.com\/en\/enseignants\/jean-noel-briend\/\" \/>\n<meta property=\"og:site_name\" content=\"Ecole Normale de Musique de Paris\" \/>\n<meta property=\"article:modified_time\" content=\"2024-05-27T09:58:40+00:00\" \/>\n<meta property=\"og:image\" content=\"https:\/\/www.ecolenormalecortot.com\/wp-content\/uploads\/2024\/04\/thumbnail_Photo-JNB-092022-copie-1024x653.png\" \/>\n\t<meta property=\"og:image:width\" content=\"1024\" \/>\n\t<meta property=\"og:image:height\" content=\"653\" \/>\n\t<meta property=\"og:image:type\" content=\"image\/png\" \/>\n<meta name=\"twitter:card\" content=\"summary_large_image\" \/>\n<meta name=\"twitter:label1\" content=\"Est. reading time\" \/>\n\t<meta name=\"twitter:data1\" content=\"3 minutes\" \/>\n<script type=\"application\/ld+json\" class=\"yoast-schema-graph\">{\"@context\":\"https:\\\/\\\/schema.org\",\"@graph\":[{\"@type\":\"WebPage\",\"@id\":\"https:\\\/\\\/www.ecolenormalecortot.com\\\/en\\\/enseignants\\\/jean-noel-briend\\\/\",\"url\":\"https:\\\/\\\/www.ecolenormalecortot.com\\\/en\\\/enseignants\\\/jean-noel-briend\\\/\",\"name\":\"BRIEND Jean-No\u00ebl - Ecole Normale de Musique de Paris\",\"isPartOf\":{\"@id\":\"https:\\\/\\\/www.ecolenormalecortot.com\\\/en\\\/#website\"},\"primaryImageOfPage\":{\"@id\":\"https:\\\/\\\/www.ecolenormalecortot.com\\\/en\\\/enseignants\\\/jean-noel-briend\\\/#primaryimage\"},\"image\":{\"@id\":\"https:\\\/\\\/www.ecolenormalecortot.com\\\/en\\\/enseignants\\\/jean-noel-briend\\\/#primaryimage\"},\"thumbnailUrl\":\"https:\\\/\\\/www.ecolenormalecortot.com\\\/wp-content\\\/uploads\\\/2024\\\/04\\\/thumbnail_Photo-JNB-092022-copie.png\",\"datePublished\":\"2024-04-30T14:35:46+00:00\",\"dateModified\":\"2024-05-27T09:58:40+00:00\",\"description\":\"Musicien complet, Jean-No\u00ebl Briend est actuellement professeur de chant \u00e0 l'Ecole Normale de Musique de Paris.\",\"breadcrumb\":{\"@id\":\"https:\\\/\\\/www.ecolenormalecortot.com\\\/en\\\/enseignants\\\/jean-noel-briend\\\/#breadcrumb\"},\"inLanguage\":\"en-US\",\"potentialAction\":[{\"@type\":\"ReadAction\",\"target\":[\"https:\\\/\\\/www.ecolenormalecortot.com\\\/en\\\/enseignants\\\/jean-noel-briend\\\/\"]}]},{\"@type\":\"ImageObject\",\"inLanguage\":\"en-US\",\"@id\":\"https:\\\/\\\/www.ecolenormalecortot.com\\\/en\\\/enseignants\\\/jean-noel-briend\\\/#primaryimage\",\"url\":\"https:\\\/\\\/www.ecolenormalecortot.com\\\/wp-content\\\/uploads\\\/2024\\\/04\\\/thumbnail_Photo-JNB-092022-copie.png\",\"contentUrl\":\"https:\\\/\\\/www.ecolenormalecortot.com\\\/wp-content\\\/uploads\\\/2024\\\/04\\\/thumbnail_Photo-JNB-092022-copie.png\",\"width\":1900,\"height\":1212,\"caption\":\"Jean-No\u00ebl Briend\"},{\"@type\":\"BreadcrumbList\",\"@id\":\"https:\\\/\\\/www.ecolenormalecortot.com\\\/en\\\/enseignants\\\/jean-noel-briend\\\/#breadcrumb\",\"itemListElement\":[{\"@type\":\"ListItem\",\"position\":1,\"name\":\"Accueil\",\"item\":\"https:\\\/\\\/www.ecolenormalecortot.com\\\/en\\\/\"},{\"@type\":\"ListItem\",\"position\":2,\"name\":\"Professeurs\",\"item\":\"https:\\\/\\\/www.ecolenormalecortot.com\\\/en\\\/enseignants\\\/\"},{\"@type\":\"ListItem\",\"position\":3,\"name\":\"BRIEND Jean-No\u00ebl\"}]},{\"@type\":\"WebSite\",\"@id\":\"https:\\\/\\\/www.ecolenormalecortot.com\\\/en\\\/#website\",\"url\":\"https:\\\/\\\/www.ecolenormalecortot.com\\\/en\\\/\",\"name\":\"Ecole Normale de Musique de Paris\",\"description\":\"\",\"publisher\":{\"@id\":\"https:\\\/\\\/www.ecolenormalecortot.com\\\/en\\\/#organization\"},\"potentialAction\":[{\"@type\":\"SearchAction\",\"target\":{\"@type\":\"EntryPoint\",\"urlTemplate\":\"https:\\\/\\\/www.ecolenormalecortot.com\\\/en\\\/?s={search_term_string}\"},\"query-input\":{\"@type\":\"PropertyValueSpecification\",\"valueRequired\":true,\"valueName\":\"search_term_string\"}}],\"inLanguage\":\"en-US\"},{\"@type\":\"Organization\",\"@id\":\"https:\\\/\\\/www.ecolenormalecortot.com\\\/en\\\/#organization\",\"name\":\"Ecole Normale de Musique de Paris\",\"url\":\"https:\\\/\\\/www.ecolenormalecortot.com\\\/en\\\/\",\"logo\":{\"@type\":\"ImageObject\",\"inLanguage\":\"en-US\",\"@id\":\"https:\\\/\\\/www.ecolenormalecortot.com\\\/en\\\/#\\\/schema\\\/logo\\\/image\\\/\",\"url\":\"https:\\\/\\\/www.ecolenormalecortot.com\\\/wp-content\\\/uploads\\\/2023\\\/02\\\/android-chrome-512x512-1.png\",\"contentUrl\":\"https:\\\/\\\/www.ecolenormalecortot.com\\\/wp-content\\\/uploads\\\/2023\\\/02\\\/android-chrome-512x512-1.png\",\"width\":512,\"height\":512,\"caption\":\"Ecole Normale de Musique de Paris\"},\"image\":{\"@id\":\"https:\\\/\\\/www.ecolenormalecortot.com\\\/en\\\/#\\\/schema\\\/logo\\\/image\\\/\"}}]}<\/script>\n<!-- \/ Yoast SEO plugin. -->","yoast_head_json":{"title":"BRIEND Jean-No\u00ebl - Ecole Normale de Musique de Paris","description":"Musicien complet, Jean-No\u00ebl Briend est actuellement professeur de chant \u00e0 l'Ecole Normale de Musique de Paris.","robots":{"index":"index","follow":"follow","max-snippet":"max-snippet:-1","max-image-preview":"max-image-preview:large","max-video-preview":"max-video-preview:-1"},"canonical":"https:\/\/www.ecolenormalecortot.com\/en\/enseignants\/jean-noel-briend\/","og_locale":"en_US","og_type":"article","og_title":"BRIEND Jean-No\u00ebl - Ecole Normale de Musique de Paris","og_description":"Musicien complet, Jean-No\u00ebl Briend est actuellement professeur de chant \u00e0 l'Ecole Normale de Musique de Paris.","og_url":"https:\/\/www.ecolenormalecortot.com\/en\/enseignants\/jean-noel-briend\/","og_site_name":"Ecole Normale de Musique de Paris","article_modified_time":"2024-05-27T09:58:40+00:00","og_image":[{"width":1024,"height":653,"url":"https:\/\/www.ecolenormalecortot.com\/wp-content\/uploads\/2024\/04\/thumbnail_Photo-JNB-092022-copie-1024x653.png","type":"image\/png"}],"twitter_card":"summary_large_image","twitter_misc":{"Est. reading time":"3 minutes"},"schema":{"@context":"https:\/\/schema.org","@graph":[{"@type":"WebPage","@id":"https:\/\/www.ecolenormalecortot.com\/en\/enseignants\/jean-noel-briend\/","url":"https:\/\/www.ecolenormalecortot.com\/en\/enseignants\/jean-noel-briend\/","name":"BRIEND Jean-No\u00ebl - Ecole Normale de Musique de Paris","isPartOf":{"@id":"https:\/\/www.ecolenormalecortot.com\/en\/#website"},"primaryImageOfPage":{"@id":"https:\/\/www.ecolenormalecortot.com\/en\/enseignants\/jean-noel-briend\/#primaryimage"},"image":{"@id":"https:\/\/www.ecolenormalecortot.com\/en\/enseignants\/jean-noel-briend\/#primaryimage"},"thumbnailUrl":"https:\/\/www.ecolenormalecortot.com\/wp-content\/uploads\/2024\/04\/thumbnail_Photo-JNB-092022-copie.png","datePublished":"2024-04-30T14:35:46+00:00","dateModified":"2024-05-27T09:58:40+00:00","description":"Musicien complet, Jean-No\u00ebl Briend est actuellement professeur de chant \u00e0 l'Ecole Normale de Musique de Paris.","breadcrumb":{"@id":"https:\/\/www.ecolenormalecortot.com\/en\/enseignants\/jean-noel-briend\/#breadcrumb"},"inLanguage":"en-US","potentialAction":[{"@type":"ReadAction","target":["https:\/\/www.ecolenormalecortot.com\/en\/enseignants\/jean-noel-briend\/"]}]},{"@type":"ImageObject","inLanguage":"en-US","@id":"https:\/\/www.ecolenormalecortot.com\/en\/enseignants\/jean-noel-briend\/#primaryimage","url":"https:\/\/www.ecolenormalecortot.com\/wp-content\/uploads\/2024\/04\/thumbnail_Photo-JNB-092022-copie.png","contentUrl":"https:\/\/www.ecolenormalecortot.com\/wp-content\/uploads\/2024\/04\/thumbnail_Photo-JNB-092022-copie.png","width":1900,"height":1212,"caption":"Jean-No\u00ebl Briend"},{"@type":"BreadcrumbList","@id":"https:\/\/www.ecolenormalecortot.com\/en\/enseignants\/jean-noel-briend\/#breadcrumb","itemListElement":[{"@type":"ListItem","position":1,"name":"Accueil","item":"https:\/\/www.ecolenormalecortot.com\/en\/"},{"@type":"ListItem","position":2,"name":"Professeurs","item":"https:\/\/www.ecolenormalecortot.com\/en\/enseignants\/"},{"@type":"ListItem","position":3,"name":"BRIEND Jean-No\u00ebl"}]},{"@type":"WebSite","@id":"https:\/\/www.ecolenormalecortot.com\/en\/#website","url":"https:\/\/www.ecolenormalecortot.com\/en\/","name":"Ecole Normale de Musique de Paris","description":"","publisher":{"@id":"https:\/\/www.ecolenormalecortot.com\/en\/#organization"},"potentialAction":[{"@type":"SearchAction","target":{"@type":"EntryPoint","urlTemplate":"https:\/\/www.ecolenormalecortot.com\/en\/?s={search_term_string}"},"query-input":{"@type":"PropertyValueSpecification","valueRequired":true,"valueName":"search_term_string"}}],"inLanguage":"en-US"},{"@type":"Organization","@id":"https:\/\/www.ecolenormalecortot.com\/en\/#organization","name":"Ecole Normale de Musique de Paris","url":"https:\/\/www.ecolenormalecortot.com\/en\/","logo":{"@type":"ImageObject","inLanguage":"en-US","@id":"https:\/\/www.ecolenormalecortot.com\/en\/#\/schema\/logo\/image\/","url":"https:\/\/www.ecolenormalecortot.com\/wp-content\/uploads\/2023\/02\/android-chrome-512x512-1.png","contentUrl":"https:\/\/www.ecolenormalecortot.com\/wp-content\/uploads\/2023\/02\/android-chrome-512x512-1.png","width":512,"height":512,"caption":"Ecole Normale de Musique de Paris"},"image":{"@id":"https:\/\/www.ecolenormalecortot.com\/en\/#\/schema\/logo\/image\/"}}]}},"_links":{"self":[{"href":"https:\/\/www.ecolenormalecortot.com\/en\/wp-json\/wp\/v2\/teacher\/6309","targetHints":{"allow":["GET"]}}],"collection":[{"href":"https:\/\/www.ecolenormalecortot.com\/en\/wp-json\/wp\/v2\/teacher"}],"about":[{"href":"https:\/\/www.ecolenormalecortot.com\/en\/wp-json\/wp\/v2\/types\/teacher"}],"wp:featuredmedia":[{"embeddable":true,"href":"https:\/\/www.ecolenormalecortot.com\/en\/wp-json\/wp\/v2\/media\/6310"}],"wp:attachment":[{"href":"https:\/\/www.ecolenormalecortot.com\/en\/wp-json\/wp\/v2\/media?parent=6309"}],"wp:term":[{"taxonomy":"discipline","embeddable":true,"href":"https:\/\/www.ecolenormalecortot.com\/en\/wp-json\/wp\/v2\/discipline?post=6309"}],"curies":[{"name":"wp","href":"https:\/\/api.w.org\/{rel}","templated":true}]}}