{"id":4694,"date":"2023-11-29T18:21:32","date_gmt":"2023-11-29T17:21:32","guid":{"rendered":"https:\/\/www.ecolenormalecortot.com\/?post_type=teacher&#038;p=4694"},"modified":"2023-11-29T18:25:07","modified_gmt":"2023-11-29T17:25:07","slug":"rossfelder-emmanuel","status":"publish","type":"teacher","link":"https:\/\/www.ecolenormalecortot.com\/en\/enseignants\/rossfelder-emmanuel\/","title":{"rendered":"ROSSFELDER Emmanuel"},"content":{"rendered":"\n<p>A 14 ans, Emmanuel Rossfelder devient le plus jeune guitariste jamais admis dans la classe d\u2019Alexandre LAGOYA au Conservatoire National Sup\u00e9rieur de Musique de Paris. D\u00e8s lors une relation privil\u00e9gi\u00e9e s\u2019instaure entre le Ma\u00eetre et l\u2019\u00e9l\u00e8ve qui lui prodigue un enseignement fond\u00e9 sur une technique sp\u00e9cifique de la main droite qu\u2019il avait \u00e9labor\u00e9e avec Ida PRESTI. Emmanuel Rossfelder obtient deux Premiers Prix \u00e0 l\u2019unanimit\u00e9 au CNSM de Paris (en guitare et musique de chambre).<\/p>\n\n\n\n<p>\u00ab Emmanuel offre \u00e0 la guitare une sonorit\u00e9 puissante, de la virtuosit\u00e9, de l\u2019\u00e9motion et une fantaisie qui font d\u00e9j\u00e0 de lui un grand artiste. \u00bb Alexandre LAGOYA<\/p>\n\n\n\n<p>Emmanuel Rossfelder se distingue \u00e0 l\u2019\u00e2ge de 20 ans en obtenant le 1er prix du FMAJI ainsi que le prix sp\u00e9cial Pierre Salvi. Puis il est laur\u00e9at de la Fondation d\u2019Entreprise Groupe Banque Populaire en 1998, \u00ab D\u00e9couverte Classica \u00bb en 2001, \u00ab R\u00e9v\u00e9lation Classique \u00bb par l\u2019ADAMI en 2002, et \u00ab Victoire de la Musique Classique \u00bb en 2004 Cat\u00e9gorie R\u00e9v\u00e9lation Soliste Instrumental de l\u2019ann\u00e9e.<\/p>\n\n\n\n<p>D\u00e8s lors, Emmanuel Rossfelder fait d\u00e9couvrir toutes les possibilit\u00e9s de la guitare sur les plus grandes sc\u00e8nes fran\u00e7aises et internationales, notamment en tourn\u00e9es et Master-Classes au Japon, en Cor\u00e9e, au Br\u00e9sil, en Argentine, en Afrique, aux USA\u2026<\/p>\n\n\n\n<p>Il  joue \u00e9galement en soliste avec de prestigieux orchestres : Orchestre Philharmonique de Radio-France, Orchestre National de France, Op\u00e9ra de Marseille, Op\u00e9ra d\u2019Avignon, Orchestre de chambre de Gen\u00e8ve, Orchestre de Toscane, Landmarks Boston Orchestra,Baltic Chamber Orchestra\u2026 Et sous la direction de grands chefs tels que Roberto Benzi, Arie Van Beck, Charles Ansbacher\u2026<\/p>\n\n\n\n<p>Emmanuel Rossfelder a enregistr\u00e9 les grands concertos pour guitare de Joaqu\u00edn Rodrigo ainsi qu\u2019un large \u00e9ventail du r\u00e9pertoire solo de son instrument. Son dernier disque \u00ab Carnets de voyage \u00bb \u00e9labor\u00e9 autour de nombreuses transcriptions originales, lui permet de partager la sc\u00e8ne aux c\u00f4t\u00e9s du Quatuor Modigliani, de la soprano Raquel Camarinha ainsi que du bandon\u00e9oniste V\u00edctor Villena.<\/p>\n\n\n\n<p>Parall\u00e8lement \u00e0 son activit\u00e9 de concertiste, Emmanuel Rossfelder est professeur \u00e0 l\u2019\u00c9cole Normale de Musique de Paris.<\/p>\n","protected":false},"featured_media":4695,"template":"","discipline":[92],"class_list":["post-4694","teacher","type-teacher","status-publish","has-post-thumbnail","hentry","discipline-guitar"],"acf":[],"yoast_head":"<!-- This site is optimized with the Yoast SEO plugin v27.5 - https:\/\/yoast.com\/product\/yoast-seo-wordpress\/ -->\n<title>ROSSFELDER Emmanuel - Ecole Normale de Musique de Paris<\/title>\n<meta name=\"robots\" content=\"index, follow, max-snippet:-1, max-image-preview:large, max-video-preview:-1\" \/>\n<link rel=\"canonical\" href=\"https:\/\/www.ecolenormalecortot.com\/en\/enseignants\/rossfelder-emmanuel\/\" \/>\n<meta property=\"og:locale\" content=\"en_US\" \/>\n<meta property=\"og:type\" content=\"article\" \/>\n<meta property=\"og:title\" content=\"ROSSFELDER Emmanuel - Ecole Normale de Musique de Paris\" \/>\n<meta property=\"og:description\" content=\"A 14 ans, Emmanuel Rossfelder devient le plus jeune guitariste jamais admis dans la classe d\u2019Alexandre LAGOYA au Conservatoire National [&hellip;]\" \/>\n<meta property=\"og:url\" content=\"https:\/\/www.ecolenormalecortot.com\/en\/enseignants\/rossfelder-emmanuel\/\" \/>\n<meta property=\"og:site_name\" content=\"Ecole Normale de Musique de Paris\" \/>\n<meta property=\"article:modified_time\" content=\"2023-11-29T17:25:07+00:00\" \/>\n<meta property=\"og:image\" content=\"https:\/\/www.ecolenormalecortot.com\/wp-content\/uploads\/2023\/11\/E_Rossfelder.jpg\" \/>\n\t<meta property=\"og:image:width\" content=\"1065\" \/>\n\t<meta property=\"og:image:height\" content=\"1312\" \/>\n\t<meta property=\"og:image:type\" content=\"image\/jpeg\" \/>\n<meta name=\"twitter:card\" content=\"summary_large_image\" \/>\n<meta name=\"twitter:label1\" content=\"Est. reading time\" \/>\n\t<meta name=\"twitter:data1\" content=\"2 minutes\" \/>\n<script type=\"application\/ld+json\" class=\"yoast-schema-graph\">{\"@context\":\"https:\\\/\\\/schema.org\",\"@graph\":[{\"@type\":\"WebPage\",\"@id\":\"https:\\\/\\\/www.ecolenormalecortot.com\\\/en\\\/enseignants\\\/rossfelder-emmanuel\\\/\",\"url\":\"https:\\\/\\\/www.ecolenormalecortot.com\\\/en\\\/enseignants\\\/rossfelder-emmanuel\\\/\",\"name\":\"ROSSFELDER Emmanuel - Ecole Normale de Musique de Paris\",\"isPartOf\":{\"@id\":\"https:\\\/\\\/www.ecolenormalecortot.com\\\/en\\\/#website\"},\"primaryImageOfPage\":{\"@id\":\"https:\\\/\\\/www.ecolenormalecortot.com\\\/en\\\/enseignants\\\/rossfelder-emmanuel\\\/#primaryimage\"},\"image\":{\"@id\":\"https:\\\/\\\/www.ecolenormalecortot.com\\\/en\\\/enseignants\\\/rossfelder-emmanuel\\\/#primaryimage\"},\"thumbnailUrl\":\"https:\\\/\\\/www.ecolenormalecortot.com\\\/wp-content\\\/uploads\\\/2023\\\/11\\\/E_Rossfelder.jpg\",\"datePublished\":\"2023-11-29T17:21:32+00:00\",\"dateModified\":\"2023-11-29T17:25:07+00:00\",\"breadcrumb\":{\"@id\":\"https:\\\/\\\/www.ecolenormalecortot.com\\\/en\\\/enseignants\\\/rossfelder-emmanuel\\\/#breadcrumb\"},\"inLanguage\":\"en-US\",\"potentialAction\":[{\"@type\":\"ReadAction\",\"target\":[\"https:\\\/\\\/www.ecolenormalecortot.com\\\/en\\\/enseignants\\\/rossfelder-emmanuel\\\/\"]}]},{\"@type\":\"ImageObject\",\"inLanguage\":\"en-US\",\"@id\":\"https:\\\/\\\/www.ecolenormalecortot.com\\\/en\\\/enseignants\\\/rossfelder-emmanuel\\\/#primaryimage\",\"url\":\"https:\\\/\\\/www.ecolenormalecortot.com\\\/wp-content\\\/uploads\\\/2023\\\/11\\\/E_Rossfelder.jpg\",\"contentUrl\":\"https:\\\/\\\/www.ecolenormalecortot.com\\\/wp-content\\\/uploads\\\/2023\\\/11\\\/E_Rossfelder.jpg\",\"width\":1065,\"height\":1312},{\"@type\":\"BreadcrumbList\",\"@id\":\"https:\\\/\\\/www.ecolenormalecortot.com\\\/en\\\/enseignants\\\/rossfelder-emmanuel\\\/#breadcrumb\",\"itemListElement\":[{\"@type\":\"ListItem\",\"position\":1,\"name\":\"Accueil\",\"item\":\"https:\\\/\\\/www.ecolenormalecortot.com\\\/en\\\/\"},{\"@type\":\"ListItem\",\"position\":2,\"name\":\"Professeurs\",\"item\":\"https:\\\/\\\/www.ecolenormalecortot.com\\\/en\\\/enseignants\\\/\"},{\"@type\":\"ListItem\",\"position\":3,\"name\":\"ROSSFELDER Emmanuel\"}]},{\"@type\":\"WebSite\",\"@id\":\"https:\\\/\\\/www.ecolenormalecortot.com\\\/en\\\/#website\",\"url\":\"https:\\\/\\\/www.ecolenormalecortot.com\\\/en\\\/\",\"name\":\"Ecole Normale de Musique de Paris\",\"description\":\"\",\"publisher\":{\"@id\":\"https:\\\/\\\/www.ecolenormalecortot.com\\\/en\\\/#organization\"},\"potentialAction\":[{\"@type\":\"SearchAction\",\"target\":{\"@type\":\"EntryPoint\",\"urlTemplate\":\"https:\\\/\\\/www.ecolenormalecortot.com\\\/en\\\/?s={search_term_string}\"},\"query-input\":{\"@type\":\"PropertyValueSpecification\",\"valueRequired\":true,\"valueName\":\"search_term_string\"}}],\"inLanguage\":\"en-US\"},{\"@type\":\"Organization\",\"@id\":\"https:\\\/\\\/www.ecolenormalecortot.com\\\/en\\\/#organization\",\"name\":\"Ecole Normale de Musique de Paris\",\"url\":\"https:\\\/\\\/www.ecolenormalecortot.com\\\/en\\\/\",\"logo\":{\"@type\":\"ImageObject\",\"inLanguage\":\"en-US\",\"@id\":\"https:\\\/\\\/www.ecolenormalecortot.com\\\/en\\\/#\\\/schema\\\/logo\\\/image\\\/\",\"url\":\"https:\\\/\\\/www.ecolenormalecortot.com\\\/wp-content\\\/uploads\\\/2023\\\/02\\\/android-chrome-512x512-1.png\",\"contentUrl\":\"https:\\\/\\\/www.ecolenormalecortot.com\\\/wp-content\\\/uploads\\\/2023\\\/02\\\/android-chrome-512x512-1.png\",\"width\":512,\"height\":512,\"caption\":\"Ecole Normale de Musique de Paris\"},\"image\":{\"@id\":\"https:\\\/\\\/www.ecolenormalecortot.com\\\/en\\\/#\\\/schema\\\/logo\\\/image\\\/\"}}]}<\/script>\n<!-- \/ Yoast SEO plugin. -->","yoast_head_json":{"title":"ROSSFELDER Emmanuel - Ecole Normale de Musique de Paris","robots":{"index":"index","follow":"follow","max-snippet":"max-snippet:-1","max-image-preview":"max-image-preview:large","max-video-preview":"max-video-preview:-1"},"canonical":"https:\/\/www.ecolenormalecortot.com\/en\/enseignants\/rossfelder-emmanuel\/","og_locale":"en_US","og_type":"article","og_title":"ROSSFELDER Emmanuel - Ecole Normale de Musique de Paris","og_description":"A 14 ans, Emmanuel Rossfelder devient le plus jeune guitariste jamais admis dans la classe d\u2019Alexandre LAGOYA au Conservatoire National [&hellip;]","og_url":"https:\/\/www.ecolenormalecortot.com\/en\/enseignants\/rossfelder-emmanuel\/","og_site_name":"Ecole Normale de Musique de Paris","article_modified_time":"2023-11-29T17:25:07+00:00","og_image":[{"width":1065,"height":1312,"url":"https:\/\/www.ecolenormalecortot.com\/wp-content\/uploads\/2023\/11\/E_Rossfelder.jpg","type":"image\/jpeg"}],"twitter_card":"summary_large_image","twitter_misc":{"Est. reading time":"2 minutes"},"schema":{"@context":"https:\/\/schema.org","@graph":[{"@type":"WebPage","@id":"https:\/\/www.ecolenormalecortot.com\/en\/enseignants\/rossfelder-emmanuel\/","url":"https:\/\/www.ecolenormalecortot.com\/en\/enseignants\/rossfelder-emmanuel\/","name":"ROSSFELDER Emmanuel - Ecole Normale de Musique de Paris","isPartOf":{"@id":"https:\/\/www.ecolenormalecortot.com\/en\/#website"},"primaryImageOfPage":{"@id":"https:\/\/www.ecolenormalecortot.com\/en\/enseignants\/rossfelder-emmanuel\/#primaryimage"},"image":{"@id":"https:\/\/www.ecolenormalecortot.com\/en\/enseignants\/rossfelder-emmanuel\/#primaryimage"},"thumbnailUrl":"https:\/\/www.ecolenormalecortot.com\/wp-content\/uploads\/2023\/11\/E_Rossfelder.jpg","datePublished":"2023-11-29T17:21:32+00:00","dateModified":"2023-11-29T17:25:07+00:00","breadcrumb":{"@id":"https:\/\/www.ecolenormalecortot.com\/en\/enseignants\/rossfelder-emmanuel\/#breadcrumb"},"inLanguage":"en-US","potentialAction":[{"@type":"ReadAction","target":["https:\/\/www.ecolenormalecortot.com\/en\/enseignants\/rossfelder-emmanuel\/"]}]},{"@type":"ImageObject","inLanguage":"en-US","@id":"https:\/\/www.ecolenormalecortot.com\/en\/enseignants\/rossfelder-emmanuel\/#primaryimage","url":"https:\/\/www.ecolenormalecortot.com\/wp-content\/uploads\/2023\/11\/E_Rossfelder.jpg","contentUrl":"https:\/\/www.ecolenormalecortot.com\/wp-content\/uploads\/2023\/11\/E_Rossfelder.jpg","width":1065,"height":1312},{"@type":"BreadcrumbList","@id":"https:\/\/www.ecolenormalecortot.com\/en\/enseignants\/rossfelder-emmanuel\/#breadcrumb","itemListElement":[{"@type":"ListItem","position":1,"name":"Accueil","item":"https:\/\/www.ecolenormalecortot.com\/en\/"},{"@type":"ListItem","position":2,"name":"Professeurs","item":"https:\/\/www.ecolenormalecortot.com\/en\/enseignants\/"},{"@type":"ListItem","position":3,"name":"ROSSFELDER Emmanuel"}]},{"@type":"WebSite","@id":"https:\/\/www.ecolenormalecortot.com\/en\/#website","url":"https:\/\/www.ecolenormalecortot.com\/en\/","name":"Ecole Normale de Musique de Paris","description":"","publisher":{"@id":"https:\/\/www.ecolenormalecortot.com\/en\/#organization"},"potentialAction":[{"@type":"SearchAction","target":{"@type":"EntryPoint","urlTemplate":"https:\/\/www.ecolenormalecortot.com\/en\/?s={search_term_string}"},"query-input":{"@type":"PropertyValueSpecification","valueRequired":true,"valueName":"search_term_string"}}],"inLanguage":"en-US"},{"@type":"Organization","@id":"https:\/\/www.ecolenormalecortot.com\/en\/#organization","name":"Ecole Normale de Musique de Paris","url":"https:\/\/www.ecolenormalecortot.com\/en\/","logo":{"@type":"ImageObject","inLanguage":"en-US","@id":"https:\/\/www.ecolenormalecortot.com\/en\/#\/schema\/logo\/image\/","url":"https:\/\/www.ecolenormalecortot.com\/wp-content\/uploads\/2023\/02\/android-chrome-512x512-1.png","contentUrl":"https:\/\/www.ecolenormalecortot.com\/wp-content\/uploads\/2023\/02\/android-chrome-512x512-1.png","width":512,"height":512,"caption":"Ecole Normale de Musique de Paris"},"image":{"@id":"https:\/\/www.ecolenormalecortot.com\/en\/#\/schema\/logo\/image\/"}}]}},"_links":{"self":[{"href":"https:\/\/www.ecolenormalecortot.com\/en\/wp-json\/wp\/v2\/teacher\/4694","targetHints":{"allow":["GET"]}}],"collection":[{"href":"https:\/\/www.ecolenormalecortot.com\/en\/wp-json\/wp\/v2\/teacher"}],"about":[{"href":"https:\/\/www.ecolenormalecortot.com\/en\/wp-json\/wp\/v2\/types\/teacher"}],"wp:featuredmedia":[{"embeddable":true,"href":"https:\/\/www.ecolenormalecortot.com\/en\/wp-json\/wp\/v2\/media\/4695"}],"wp:attachment":[{"href":"https:\/\/www.ecolenormalecortot.com\/en\/wp-json\/wp\/v2\/media?parent=4694"}],"wp:term":[{"taxonomy":"discipline","embeddable":true,"href":"https:\/\/www.ecolenormalecortot.com\/en\/wp-json\/wp\/v2\/discipline?post=4694"}],"curies":[{"name":"wp","href":"https:\/\/api.w.org\/{rel}","templated":true}]}}