{"id":4053,"date":"2023-06-21T10:48:13","date_gmt":"2023-06-21T08:48:13","guid":{"rendered":"https:\/\/www.ecolenormalecortot.com\/enseignants\/lafont-jean-philippe\/"},"modified":"2023-06-22T12:05:42","modified_gmt":"2023-06-22T10:05:42","slug":"lafont-jean-philippe","status":"publish","type":"teacher","link":"https:\/\/www.ecolenormalecortot.com\/en\/enseignants\/lafont-jean-philippe\/","title":{"rendered":"LAFONT Jean-Philippe"},"content":{"rendered":"\n<p><\/p>\n\n\n\n<p>&#8221; De juillet 1974 au Festival d\u2019Avignon dans le Papageno de <em>La<\/em> <em>Fl\u00fbte Enchant\u00e9e<\/em> de Mozart \u00e0 la toute derni\u00e8re production, <em>Tosca<\/em>, en l\u2019Op\u00e9ra Bastille, 42 ans s\u2019\u00e9coul\u00e8rent o\u00f9 tous les grands r\u00f4les du r\u00e9pertoire,  de ce si cher Amadeus \u00e0 ceux du r\u00e9pertoire fran\u00e7ais, italiens et allemands, furent mes plus fid\u00e8les compagnons . . . Massenet, Bizet, Berlioz, Gounod, Debussy, Ravel, Poulenc, Rossini, Donizetti, Verdi, Puccini, Leoncavallo, Mascagni, Richard Strauss, Berg, Wagner entre autres Smetana et Jan\u00e1\u010dek . . .<br>( plus de 110 op\u00e9ras, op\u00e9rettes, messes et oratorio sans compter m\u00e9lodies et lieder )<br><br>Dans toutes les maisons d\u2019Op\u00e9ra de France, d\u2019Europe et du monde, de l\u2019Op\u00e9ra de Paris, Scala de Milan, Covent Garden de Londres, Liceo de Barcelone, Op\u00e9ra de Vienne, Metropolitan de New-York, Lyric Opera of Chicago, Palerme, Florence, Zurich, Prague, Amsterdam, Festival d\u2019Aix en Provence, de Salzbourg, de Sa\u00efto Kinen ( Japon ) et Bayreuth en 1999-2000 et 2002, je me produisis avec enthousiasme et r\u00e9ussite.<br><br>Aujourd\u2019hui, place est laiss\u00e9e presque exclusivement \u00e0 l\u2019enseignement, au passage de relais entre g\u00e9n\u00e9rations. Apr\u00e8s avoir partag\u00e9, jeune et moins jeune artiste, avec Denise Dupleix, Hans Hotter, Elisabeth Grummer, Elisabeth Schwarzkopf, Fischer-Dieskau, Maria Callas par trois fois et Sherrill Milnes, la passion de l\u2019enseignement m\u2019est venue tout naturellement.<\/p>\n\n\n\n<p>J\u2019ai donc donn\u00e9 des masterclasses en l\u2019Op\u00e9ra de Chicago, d\u2019Amsterdam, de Strasbourg, de Hambourg, ou encore l&#8217;Op\u00e9ra Comique de Paris, dans les grands conservatoires de France : Paris,  Lyon, Toulouse, Nice, aux Invalides et, \u00e0 plusieurs reprises, \u00e0 l&#8217;Ecole normale de musique de Paris.&#8221;<\/p>\n\n\n\n<p class=\"has-text-align-right\"><strong>Jean-Philippe Lafont<\/strong><br>professeur de chant \u00e0 l&#8217;\u00c9cole normale de musique de Paris <\/p>\n\n\n\n<p>Jean-Philippe Lafont est Commandeur des Arts et des Lettres, Officier dans l\u2019Ordre National du M\u00e9rite et Chevalier dans l\u2019Ordre de la L\u00e9gion d\u2019Honneur&#8221;<br><br><br><\/p>\n","protected":false},"featured_media":4051,"template":"","discipline":[111],"class_list":["post-4053","teacher","type-teacher","status-publish","has-post-thumbnail","hentry","discipline-singing"],"acf":[],"yoast_head":"<!-- This site is optimized with the Yoast SEO plugin v27.5 - https:\/\/yoast.com\/product\/yoast-seo-wordpress\/ -->\n<title>LAFONT Jean-Philippe - Ecole Normale de Musique de Paris<\/title>\n<meta name=\"robots\" content=\"index, follow, max-snippet:-1, max-image-preview:large, max-video-preview:-1\" \/>\n<link rel=\"canonical\" href=\"https:\/\/www.ecolenormalecortot.com\/en\/enseignants\/lafont-jean-philippe\/\" \/>\n<meta property=\"og:locale\" content=\"en_US\" \/>\n<meta property=\"og:type\" content=\"article\" \/>\n<meta property=\"og:title\" content=\"LAFONT Jean-Philippe - Ecole Normale de Musique de Paris\" \/>\n<meta property=\"og:description\" content=\"&#8221; De juillet 1974 au Festival d\u2019Avignon dans le Papageno de La Fl\u00fbte Enchant\u00e9e de Mozart \u00e0 la toute derni\u00e8re [&hellip;]\" \/>\n<meta property=\"og:url\" content=\"https:\/\/www.ecolenormalecortot.com\/en\/enseignants\/lafont-jean-philippe\/\" \/>\n<meta property=\"og:site_name\" content=\"Ecole Normale de Musique de Paris\" \/>\n<meta property=\"article:modified_time\" content=\"2023-06-22T10:05:42+00:00\" \/>\n<meta property=\"og:image\" content=\"https:\/\/www.ecolenormalecortot.com\/wp-content\/uploads\/2023\/06\/LAFONT2.jpg\" \/>\n\t<meta property=\"og:image:width\" content=\"206\" \/>\n\t<meta property=\"og:image:height\" content=\"245\" \/>\n\t<meta property=\"og:image:type\" content=\"image\/jpeg\" \/>\n<meta name=\"twitter:card\" content=\"summary_large_image\" \/>\n<meta name=\"twitter:label1\" content=\"Est. reading time\" \/>\n\t<meta name=\"twitter:data1\" content=\"2 minutes\" \/>\n<script type=\"application\/ld+json\" class=\"yoast-schema-graph\">{\"@context\":\"https:\\\/\\\/schema.org\",\"@graph\":[{\"@type\":\"WebPage\",\"@id\":\"https:\\\/\\\/www.ecolenormalecortot.com\\\/en\\\/enseignants\\\/lafont-jean-philippe\\\/\",\"url\":\"https:\\\/\\\/www.ecolenormalecortot.com\\\/en\\\/enseignants\\\/lafont-jean-philippe\\\/\",\"name\":\"LAFONT Jean-Philippe - Ecole Normale de Musique de Paris\",\"isPartOf\":{\"@id\":\"https:\\\/\\\/www.ecolenormalecortot.com\\\/en\\\/#website\"},\"primaryImageOfPage\":{\"@id\":\"https:\\\/\\\/www.ecolenormalecortot.com\\\/en\\\/enseignants\\\/lafont-jean-philippe\\\/#primaryimage\"},\"image\":{\"@id\":\"https:\\\/\\\/www.ecolenormalecortot.com\\\/en\\\/enseignants\\\/lafont-jean-philippe\\\/#primaryimage\"},\"thumbnailUrl\":\"https:\\\/\\\/www.ecolenormalecortot.com\\\/wp-content\\\/uploads\\\/2023\\\/06\\\/LAFONT2.jpg\",\"datePublished\":\"2023-06-21T08:48:13+00:00\",\"dateModified\":\"2023-06-22T10:05:42+00:00\",\"breadcrumb\":{\"@id\":\"https:\\\/\\\/www.ecolenormalecortot.com\\\/en\\\/enseignants\\\/lafont-jean-philippe\\\/#breadcrumb\"},\"inLanguage\":\"en-US\",\"potentialAction\":[{\"@type\":\"ReadAction\",\"target\":[\"https:\\\/\\\/www.ecolenormalecortot.com\\\/en\\\/enseignants\\\/lafont-jean-philippe\\\/\"]}]},{\"@type\":\"ImageObject\",\"inLanguage\":\"en-US\",\"@id\":\"https:\\\/\\\/www.ecolenormalecortot.com\\\/en\\\/enseignants\\\/lafont-jean-philippe\\\/#primaryimage\",\"url\":\"https:\\\/\\\/www.ecolenormalecortot.com\\\/wp-content\\\/uploads\\\/2023\\\/06\\\/LAFONT2.jpg\",\"contentUrl\":\"https:\\\/\\\/www.ecolenormalecortot.com\\\/wp-content\\\/uploads\\\/2023\\\/06\\\/LAFONT2.jpg\",\"width\":206,\"height\":245},{\"@type\":\"BreadcrumbList\",\"@id\":\"https:\\\/\\\/www.ecolenormalecortot.com\\\/en\\\/enseignants\\\/lafont-jean-philippe\\\/#breadcrumb\",\"itemListElement\":[{\"@type\":\"ListItem\",\"position\":1,\"name\":\"Accueil\",\"item\":\"https:\\\/\\\/www.ecolenormalecortot.com\\\/en\\\/\"},{\"@type\":\"ListItem\",\"position\":2,\"name\":\"Professeurs\",\"item\":\"https:\\\/\\\/www.ecolenormalecortot.com\\\/en\\\/enseignants\\\/\"},{\"@type\":\"ListItem\",\"position\":3,\"name\":\"LAFONT Jean-Philippe\"}]},{\"@type\":\"WebSite\",\"@id\":\"https:\\\/\\\/www.ecolenormalecortot.com\\\/en\\\/#website\",\"url\":\"https:\\\/\\\/www.ecolenormalecortot.com\\\/en\\\/\",\"name\":\"Ecole Normale de Musique de Paris\",\"description\":\"\",\"publisher\":{\"@id\":\"https:\\\/\\\/www.ecolenormalecortot.com\\\/en\\\/#organization\"},\"potentialAction\":[{\"@type\":\"SearchAction\",\"target\":{\"@type\":\"EntryPoint\",\"urlTemplate\":\"https:\\\/\\\/www.ecolenormalecortot.com\\\/en\\\/?s={search_term_string}\"},\"query-input\":{\"@type\":\"PropertyValueSpecification\",\"valueRequired\":true,\"valueName\":\"search_term_string\"}}],\"inLanguage\":\"en-US\"},{\"@type\":\"Organization\",\"@id\":\"https:\\\/\\\/www.ecolenormalecortot.com\\\/en\\\/#organization\",\"name\":\"Ecole Normale de Musique de Paris\",\"url\":\"https:\\\/\\\/www.ecolenormalecortot.com\\\/en\\\/\",\"logo\":{\"@type\":\"ImageObject\",\"inLanguage\":\"en-US\",\"@id\":\"https:\\\/\\\/www.ecolenormalecortot.com\\\/en\\\/#\\\/schema\\\/logo\\\/image\\\/\",\"url\":\"https:\\\/\\\/www.ecolenormalecortot.com\\\/wp-content\\\/uploads\\\/2023\\\/02\\\/android-chrome-512x512-1.png\",\"contentUrl\":\"https:\\\/\\\/www.ecolenormalecortot.com\\\/wp-content\\\/uploads\\\/2023\\\/02\\\/android-chrome-512x512-1.png\",\"width\":512,\"height\":512,\"caption\":\"Ecole Normale de Musique de Paris\"},\"image\":{\"@id\":\"https:\\\/\\\/www.ecolenormalecortot.com\\\/en\\\/#\\\/schema\\\/logo\\\/image\\\/\"}}]}<\/script>\n<!-- \/ Yoast SEO plugin. -->","yoast_head_json":{"title":"LAFONT Jean-Philippe - Ecole Normale de Musique de Paris","robots":{"index":"index","follow":"follow","max-snippet":"max-snippet:-1","max-image-preview":"max-image-preview:large","max-video-preview":"max-video-preview:-1"},"canonical":"https:\/\/www.ecolenormalecortot.com\/en\/enseignants\/lafont-jean-philippe\/","og_locale":"en_US","og_type":"article","og_title":"LAFONT Jean-Philippe - Ecole Normale de Musique de Paris","og_description":"&#8221; De juillet 1974 au Festival d\u2019Avignon dans le Papageno de La Fl\u00fbte Enchant\u00e9e de Mozart \u00e0 la toute derni\u00e8re [&hellip;]","og_url":"https:\/\/www.ecolenormalecortot.com\/en\/enseignants\/lafont-jean-philippe\/","og_site_name":"Ecole Normale de Musique de Paris","article_modified_time":"2023-06-22T10:05:42+00:00","og_image":[{"width":206,"height":245,"url":"https:\/\/www.ecolenormalecortot.com\/wp-content\/uploads\/2023\/06\/LAFONT2.jpg","type":"image\/jpeg"}],"twitter_card":"summary_large_image","twitter_misc":{"Est. reading time":"2 minutes"},"schema":{"@context":"https:\/\/schema.org","@graph":[{"@type":"WebPage","@id":"https:\/\/www.ecolenormalecortot.com\/en\/enseignants\/lafont-jean-philippe\/","url":"https:\/\/www.ecolenormalecortot.com\/en\/enseignants\/lafont-jean-philippe\/","name":"LAFONT Jean-Philippe - Ecole Normale de Musique de Paris","isPartOf":{"@id":"https:\/\/www.ecolenormalecortot.com\/en\/#website"},"primaryImageOfPage":{"@id":"https:\/\/www.ecolenormalecortot.com\/en\/enseignants\/lafont-jean-philippe\/#primaryimage"},"image":{"@id":"https:\/\/www.ecolenormalecortot.com\/en\/enseignants\/lafont-jean-philippe\/#primaryimage"},"thumbnailUrl":"https:\/\/www.ecolenormalecortot.com\/wp-content\/uploads\/2023\/06\/LAFONT2.jpg","datePublished":"2023-06-21T08:48:13+00:00","dateModified":"2023-06-22T10:05:42+00:00","breadcrumb":{"@id":"https:\/\/www.ecolenormalecortot.com\/en\/enseignants\/lafont-jean-philippe\/#breadcrumb"},"inLanguage":"en-US","potentialAction":[{"@type":"ReadAction","target":["https:\/\/www.ecolenormalecortot.com\/en\/enseignants\/lafont-jean-philippe\/"]}]},{"@type":"ImageObject","inLanguage":"en-US","@id":"https:\/\/www.ecolenormalecortot.com\/en\/enseignants\/lafont-jean-philippe\/#primaryimage","url":"https:\/\/www.ecolenormalecortot.com\/wp-content\/uploads\/2023\/06\/LAFONT2.jpg","contentUrl":"https:\/\/www.ecolenormalecortot.com\/wp-content\/uploads\/2023\/06\/LAFONT2.jpg","width":206,"height":245},{"@type":"BreadcrumbList","@id":"https:\/\/www.ecolenormalecortot.com\/en\/enseignants\/lafont-jean-philippe\/#breadcrumb","itemListElement":[{"@type":"ListItem","position":1,"name":"Accueil","item":"https:\/\/www.ecolenormalecortot.com\/en\/"},{"@type":"ListItem","position":2,"name":"Professeurs","item":"https:\/\/www.ecolenormalecortot.com\/en\/enseignants\/"},{"@type":"ListItem","position":3,"name":"LAFONT Jean-Philippe"}]},{"@type":"WebSite","@id":"https:\/\/www.ecolenormalecortot.com\/en\/#website","url":"https:\/\/www.ecolenormalecortot.com\/en\/","name":"Ecole Normale de Musique de Paris","description":"","publisher":{"@id":"https:\/\/www.ecolenormalecortot.com\/en\/#organization"},"potentialAction":[{"@type":"SearchAction","target":{"@type":"EntryPoint","urlTemplate":"https:\/\/www.ecolenormalecortot.com\/en\/?s={search_term_string}"},"query-input":{"@type":"PropertyValueSpecification","valueRequired":true,"valueName":"search_term_string"}}],"inLanguage":"en-US"},{"@type":"Organization","@id":"https:\/\/www.ecolenormalecortot.com\/en\/#organization","name":"Ecole Normale de Musique de Paris","url":"https:\/\/www.ecolenormalecortot.com\/en\/","logo":{"@type":"ImageObject","inLanguage":"en-US","@id":"https:\/\/www.ecolenormalecortot.com\/en\/#\/schema\/logo\/image\/","url":"https:\/\/www.ecolenormalecortot.com\/wp-content\/uploads\/2023\/02\/android-chrome-512x512-1.png","contentUrl":"https:\/\/www.ecolenormalecortot.com\/wp-content\/uploads\/2023\/02\/android-chrome-512x512-1.png","width":512,"height":512,"caption":"Ecole Normale de Musique de Paris"},"image":{"@id":"https:\/\/www.ecolenormalecortot.com\/en\/#\/schema\/logo\/image\/"}}]}},"_links":{"self":[{"href":"https:\/\/www.ecolenormalecortot.com\/en\/wp-json\/wp\/v2\/teacher\/4053","targetHints":{"allow":["GET"]}}],"collection":[{"href":"https:\/\/www.ecolenormalecortot.com\/en\/wp-json\/wp\/v2\/teacher"}],"about":[{"href":"https:\/\/www.ecolenormalecortot.com\/en\/wp-json\/wp\/v2\/types\/teacher"}],"wp:featuredmedia":[{"embeddable":true,"href":"https:\/\/www.ecolenormalecortot.com\/en\/wp-json\/wp\/v2\/media\/4051"}],"wp:attachment":[{"href":"https:\/\/www.ecolenormalecortot.com\/en\/wp-json\/wp\/v2\/media?parent=4053"}],"wp:term":[{"taxonomy":"discipline","embeddable":true,"href":"https:\/\/www.ecolenormalecortot.com\/en\/wp-json\/wp\/v2\/discipline?post=4053"}],"curies":[{"name":"wp","href":"https:\/\/api.w.org\/{rel}","templated":true}]}}