{"id":3935,"date":"2023-06-16T09:35:09","date_gmt":"2023-06-16T07:35:09","guid":{"rendered":"https:\/\/www.ecolenormalecortot.com\/enseignants\/duo-berlinskaya-ancelle\/"},"modified":"2025-06-20T09:33:47","modified_gmt":"2025-06-20T07:33:47","slug":"duo-berlinskaya-ancelle","status":"publish","type":"teacher","link":"https:\/\/www.ecolenormalecortot.com\/en\/enseignants\/duo-berlinskaya-ancelle\/","title":{"rendered":"Duo BERLINSKAYA-ANCELLE"},"content":{"rendered":"\n<p>Tous deux issus de lign\u00e9es d\u2019interpr\u00e8tes c\u00e9l\u00e8bres, tous deux solistes accomplis, Ludmila Berlinskaia et Arthur Ancelle forment un duo symbolis\u00e9 par une entente de tous les instants. Gr\u00e2ce \u00e0 leur \u00e9nergie sur sc\u00e8ne, leurs programmes originaux, des formats de concert in\u00e9dits et un \u00e9change avec le public, ils ambitionnent de contribuer \u00e0 donner au duo de piano une place \u00e0 l\u2019\u00e9gal des autres formations de musique de chambre.<\/p>\n\n\n\n<p>En peu de temps, le duo s\u2019est forg\u00e9 un riche r\u00e9pertoire d\u2019\u0153uvres \u00a0\u00e0 deux pianos et quatre mains, qu\u2019ils jouent dans les plus belles salles : Philharmonie de Paris, Auditorium de Radio France, Salle Gaveau, Philharmonies de Moscou et Saint-P\u00e9tersbourg, Salle Zaryadye, et sont les invit\u00e9s de prestigieux festivals, tels les Sommets Musicaux de Gstaad, le festival des Nuits de D\u00e9cembre de Moscou, le Tokyo Spring Festival\u2026<\/p>\n\n\n\n<p>Ils collaborent \u00e9galement avec des orchestres renomm\u00e9s, tels l\u2019Orchestre Philharmonique de Saint-P\u00e9tersbourg, l\u2019Orchestre Philharmonique de Freiburg ou l\u2019Orchestre national d\u2019Ile de France et des chefs de toutes g\u00e9n\u00e9rations&nbsp;: Nikolai Alexeev, Arie Van Beek, Vladimir Ponkin, Dmitry Liss, Vahan Mardirossian, Jader Bignamini, Georg K\u00f6hler, Youri Medianik, Lucie Leguay, Rebecca Tong\u2026<\/p>\n\n\n\n<p>Forts d\u2019une intense activit\u00e9 d\u2019enregistrement en tant que duo, solistes et chambristes, Ludmila Berlinska\u00efa et Arthur Ancelle sont \u00e9galement directeurs artistiques du <a href=\"https:\/\/rungispianopiano-festival.com\/\">Rungis Piano-Piano Festival<\/a>, enti\u00e8rement d\u00e9di\u00e9 \u00e0 l\u2019univers du 2-pianos et du 4-mains. Ils prennent la direction d\u2019une nouvelle classe \u00e0 l\u2019\u00c9cole Normale de Musique de Paris enti\u00e8rement d\u00e9di\u00e9e <a href=\"https:\/\/www.ecolenormalecortot.com\/en\/les-etudes\/disciplines\/chamber-music\/\">aux duos de piano<\/a>.<\/p>\n\n\n\n<p><\/p>\n","protected":false},"featured_media":10623,"template":"","discipline":[147],"class_list":["post-3935","teacher","type-teacher","status-publish","has-post-thumbnail","hentry","discipline-piano-duo-en"],"acf":[],"yoast_head":"<!-- This site is optimized with the Yoast SEO plugin v27.5 - https:\/\/yoast.com\/product\/yoast-seo-wordpress\/ -->\n<title>Duo BERLINSKAYA-ANCELLE - Ecole Normale de Musique de Paris<\/title>\n<meta name=\"description\" content=\"Le Duo BERLINSKAYA-ANCELLE, complice et passionn\u00e9, font rayonner le piano \u00e0 4 mains sur les plus grandes sc\u00e8nes internationales.\" \/>\n<meta name=\"robots\" content=\"index, follow, max-snippet:-1, max-image-preview:large, max-video-preview:-1\" \/>\n<link rel=\"canonical\" href=\"https:\/\/www.ecolenormalecortot.com\/en\/enseignants\/duo-berlinskaya-ancelle\/\" \/>\n<meta property=\"og:locale\" content=\"en_US\" \/>\n<meta property=\"og:type\" content=\"article\" \/>\n<meta property=\"og:title\" content=\"Duo BERLINSKAYA-ANCELLE - Ecole Normale de Musique de Paris\" \/>\n<meta property=\"og:description\" content=\"Le Duo BERLINSKAYA-ANCELLE, complice et passionn\u00e9, font rayonner le piano \u00e0 4 mains sur les plus grandes sc\u00e8nes internationales.\" \/>\n<meta property=\"og:url\" content=\"https:\/\/www.ecolenormalecortot.com\/en\/enseignants\/duo-berlinskaya-ancelle\/\" \/>\n<meta property=\"og:site_name\" content=\"Ecole Normale de Musique de Paris\" \/>\n<meta property=\"article:modified_time\" content=\"2025-06-20T07:33:47+00:00\" \/>\n<meta property=\"og:image\" content=\"https:\/\/www.ecolenormalecortot.com\/wp-content\/uploads\/2023\/06\/PIU_1968-scaled.jpg\" \/>\n\t<meta property=\"og:image:width\" content=\"2560\" \/>\n\t<meta property=\"og:image:height\" content=\"2560\" \/>\n\t<meta property=\"og:image:type\" content=\"image\/jpeg\" \/>\n<meta name=\"twitter:card\" content=\"summary_large_image\" \/>\n<meta name=\"twitter:label1\" content=\"Est. reading time\" \/>\n\t<meta name=\"twitter:data1\" content=\"2 minutes\" \/>\n<script type=\"application\/ld+json\" class=\"yoast-schema-graph\">{\"@context\":\"https:\\\/\\\/schema.org\",\"@graph\":[{\"@type\":\"WebPage\",\"@id\":\"https:\\\/\\\/www.ecolenormalecortot.com\\\/en\\\/enseignants\\\/duo-berlinskaya-ancelle\\\/\",\"url\":\"https:\\\/\\\/www.ecolenormalecortot.com\\\/en\\\/enseignants\\\/duo-berlinskaya-ancelle\\\/\",\"name\":\"Duo BERLINSKAYA-ANCELLE - Ecole Normale de Musique de Paris\",\"isPartOf\":{\"@id\":\"https:\\\/\\\/www.ecolenormalecortot.com\\\/en\\\/#website\"},\"primaryImageOfPage\":{\"@id\":\"https:\\\/\\\/www.ecolenormalecortot.com\\\/en\\\/enseignants\\\/duo-berlinskaya-ancelle\\\/#primaryimage\"},\"image\":{\"@id\":\"https:\\\/\\\/www.ecolenormalecortot.com\\\/en\\\/enseignants\\\/duo-berlinskaya-ancelle\\\/#primaryimage\"},\"thumbnailUrl\":\"https:\\\/\\\/www.ecolenormalecortot.com\\\/wp-content\\\/uploads\\\/2023\\\/06\\\/PIU_1968-scaled.jpg\",\"datePublished\":\"2023-06-16T07:35:09+00:00\",\"dateModified\":\"2025-06-20T07:33:47+00:00\",\"description\":\"Le Duo BERLINSKAYA-ANCELLE, complice et passionn\u00e9, font rayonner le piano \u00e0 4 mains sur les plus grandes sc\u00e8nes internationales.\",\"breadcrumb\":{\"@id\":\"https:\\\/\\\/www.ecolenormalecortot.com\\\/en\\\/enseignants\\\/duo-berlinskaya-ancelle\\\/#breadcrumb\"},\"inLanguage\":\"en-US\",\"potentialAction\":[{\"@type\":\"ReadAction\",\"target\":[\"https:\\\/\\\/www.ecolenormalecortot.com\\\/en\\\/enseignants\\\/duo-berlinskaya-ancelle\\\/\"]}]},{\"@type\":\"ImageObject\",\"inLanguage\":\"en-US\",\"@id\":\"https:\\\/\\\/www.ecolenormalecortot.com\\\/en\\\/enseignants\\\/duo-berlinskaya-ancelle\\\/#primaryimage\",\"url\":\"https:\\\/\\\/www.ecolenormalecortot.com\\\/wp-content\\\/uploads\\\/2023\\\/06\\\/PIU_1968-scaled.jpg\",\"contentUrl\":\"https:\\\/\\\/www.ecolenormalecortot.com\\\/wp-content\\\/uploads\\\/2023\\\/06\\\/PIU_1968-scaled.jpg\",\"width\":2560,\"height\":2560,\"caption\":\"Duo Berlinskaya-Ancelle\"},{\"@type\":\"BreadcrumbList\",\"@id\":\"https:\\\/\\\/www.ecolenormalecortot.com\\\/en\\\/enseignants\\\/duo-berlinskaya-ancelle\\\/#breadcrumb\",\"itemListElement\":[{\"@type\":\"ListItem\",\"position\":1,\"name\":\"Accueil\",\"item\":\"https:\\\/\\\/www.ecolenormalecortot.com\\\/en\\\/\"},{\"@type\":\"ListItem\",\"position\":2,\"name\":\"Professeurs\",\"item\":\"https:\\\/\\\/www.ecolenormalecortot.com\\\/en\\\/enseignants\\\/\"},{\"@type\":\"ListItem\",\"position\":3,\"name\":\"Duo BERLINSKAYA-ANCELLE\"}]},{\"@type\":\"WebSite\",\"@id\":\"https:\\\/\\\/www.ecolenormalecortot.com\\\/en\\\/#website\",\"url\":\"https:\\\/\\\/www.ecolenormalecortot.com\\\/en\\\/\",\"name\":\"Ecole Normale de Musique de Paris\",\"description\":\"\",\"publisher\":{\"@id\":\"https:\\\/\\\/www.ecolenormalecortot.com\\\/en\\\/#organization\"},\"potentialAction\":[{\"@type\":\"SearchAction\",\"target\":{\"@type\":\"EntryPoint\",\"urlTemplate\":\"https:\\\/\\\/www.ecolenormalecortot.com\\\/en\\\/?s={search_term_string}\"},\"query-input\":{\"@type\":\"PropertyValueSpecification\",\"valueRequired\":true,\"valueName\":\"search_term_string\"}}],\"inLanguage\":\"en-US\"},{\"@type\":\"Organization\",\"@id\":\"https:\\\/\\\/www.ecolenormalecortot.com\\\/en\\\/#organization\",\"name\":\"Ecole Normale de Musique de Paris\",\"url\":\"https:\\\/\\\/www.ecolenormalecortot.com\\\/en\\\/\",\"logo\":{\"@type\":\"ImageObject\",\"inLanguage\":\"en-US\",\"@id\":\"https:\\\/\\\/www.ecolenormalecortot.com\\\/en\\\/#\\\/schema\\\/logo\\\/image\\\/\",\"url\":\"https:\\\/\\\/www.ecolenormalecortot.com\\\/wp-content\\\/uploads\\\/2023\\\/02\\\/android-chrome-512x512-1.png\",\"contentUrl\":\"https:\\\/\\\/www.ecolenormalecortot.com\\\/wp-content\\\/uploads\\\/2023\\\/02\\\/android-chrome-512x512-1.png\",\"width\":512,\"height\":512,\"caption\":\"Ecole Normale de Musique de Paris\"},\"image\":{\"@id\":\"https:\\\/\\\/www.ecolenormalecortot.com\\\/en\\\/#\\\/schema\\\/logo\\\/image\\\/\"}}]}<\/script>\n<!-- \/ Yoast SEO plugin. -->","yoast_head_json":{"title":"Duo BERLINSKAYA-ANCELLE - Ecole Normale de Musique de Paris","description":"Le Duo BERLINSKAYA-ANCELLE, complice et passionn\u00e9, font rayonner le piano \u00e0 4 mains sur les plus grandes sc\u00e8nes internationales.","robots":{"index":"index","follow":"follow","max-snippet":"max-snippet:-1","max-image-preview":"max-image-preview:large","max-video-preview":"max-video-preview:-1"},"canonical":"https:\/\/www.ecolenormalecortot.com\/en\/enseignants\/duo-berlinskaya-ancelle\/","og_locale":"en_US","og_type":"article","og_title":"Duo BERLINSKAYA-ANCELLE - Ecole Normale de Musique de Paris","og_description":"Le Duo BERLINSKAYA-ANCELLE, complice et passionn\u00e9, font rayonner le piano \u00e0 4 mains sur les plus grandes sc\u00e8nes internationales.","og_url":"https:\/\/www.ecolenormalecortot.com\/en\/enseignants\/duo-berlinskaya-ancelle\/","og_site_name":"Ecole Normale de Musique de Paris","article_modified_time":"2025-06-20T07:33:47+00:00","og_image":[{"width":2560,"height":2560,"url":"https:\/\/www.ecolenormalecortot.com\/wp-content\/uploads\/2023\/06\/PIU_1968-scaled.jpg","type":"image\/jpeg"}],"twitter_card":"summary_large_image","twitter_misc":{"Est. reading time":"2 minutes"},"schema":{"@context":"https:\/\/schema.org","@graph":[{"@type":"WebPage","@id":"https:\/\/www.ecolenormalecortot.com\/en\/enseignants\/duo-berlinskaya-ancelle\/","url":"https:\/\/www.ecolenormalecortot.com\/en\/enseignants\/duo-berlinskaya-ancelle\/","name":"Duo BERLINSKAYA-ANCELLE - Ecole Normale de Musique de Paris","isPartOf":{"@id":"https:\/\/www.ecolenormalecortot.com\/en\/#website"},"primaryImageOfPage":{"@id":"https:\/\/www.ecolenormalecortot.com\/en\/enseignants\/duo-berlinskaya-ancelle\/#primaryimage"},"image":{"@id":"https:\/\/www.ecolenormalecortot.com\/en\/enseignants\/duo-berlinskaya-ancelle\/#primaryimage"},"thumbnailUrl":"https:\/\/www.ecolenormalecortot.com\/wp-content\/uploads\/2023\/06\/PIU_1968-scaled.jpg","datePublished":"2023-06-16T07:35:09+00:00","dateModified":"2025-06-20T07:33:47+00:00","description":"Le Duo BERLINSKAYA-ANCELLE, complice et passionn\u00e9, font rayonner le piano \u00e0 4 mains sur les plus grandes sc\u00e8nes internationales.","breadcrumb":{"@id":"https:\/\/www.ecolenormalecortot.com\/en\/enseignants\/duo-berlinskaya-ancelle\/#breadcrumb"},"inLanguage":"en-US","potentialAction":[{"@type":"ReadAction","target":["https:\/\/www.ecolenormalecortot.com\/en\/enseignants\/duo-berlinskaya-ancelle\/"]}]},{"@type":"ImageObject","inLanguage":"en-US","@id":"https:\/\/www.ecolenormalecortot.com\/en\/enseignants\/duo-berlinskaya-ancelle\/#primaryimage","url":"https:\/\/www.ecolenormalecortot.com\/wp-content\/uploads\/2023\/06\/PIU_1968-scaled.jpg","contentUrl":"https:\/\/www.ecolenormalecortot.com\/wp-content\/uploads\/2023\/06\/PIU_1968-scaled.jpg","width":2560,"height":2560,"caption":"Duo Berlinskaya-Ancelle"},{"@type":"BreadcrumbList","@id":"https:\/\/www.ecolenormalecortot.com\/en\/enseignants\/duo-berlinskaya-ancelle\/#breadcrumb","itemListElement":[{"@type":"ListItem","position":1,"name":"Accueil","item":"https:\/\/www.ecolenormalecortot.com\/en\/"},{"@type":"ListItem","position":2,"name":"Professeurs","item":"https:\/\/www.ecolenormalecortot.com\/en\/enseignants\/"},{"@type":"ListItem","position":3,"name":"Duo BERLINSKAYA-ANCELLE"}]},{"@type":"WebSite","@id":"https:\/\/www.ecolenormalecortot.com\/en\/#website","url":"https:\/\/www.ecolenormalecortot.com\/en\/","name":"Ecole Normale de Musique de Paris","description":"","publisher":{"@id":"https:\/\/www.ecolenormalecortot.com\/en\/#organization"},"potentialAction":[{"@type":"SearchAction","target":{"@type":"EntryPoint","urlTemplate":"https:\/\/www.ecolenormalecortot.com\/en\/?s={search_term_string}"},"query-input":{"@type":"PropertyValueSpecification","valueRequired":true,"valueName":"search_term_string"}}],"inLanguage":"en-US"},{"@type":"Organization","@id":"https:\/\/www.ecolenormalecortot.com\/en\/#organization","name":"Ecole Normale de Musique de Paris","url":"https:\/\/www.ecolenormalecortot.com\/en\/","logo":{"@type":"ImageObject","inLanguage":"en-US","@id":"https:\/\/www.ecolenormalecortot.com\/en\/#\/schema\/logo\/image\/","url":"https:\/\/www.ecolenormalecortot.com\/wp-content\/uploads\/2023\/02\/android-chrome-512x512-1.png","contentUrl":"https:\/\/www.ecolenormalecortot.com\/wp-content\/uploads\/2023\/02\/android-chrome-512x512-1.png","width":512,"height":512,"caption":"Ecole Normale de Musique de Paris"},"image":{"@id":"https:\/\/www.ecolenormalecortot.com\/en\/#\/schema\/logo\/image\/"}}]}},"_links":{"self":[{"href":"https:\/\/www.ecolenormalecortot.com\/en\/wp-json\/wp\/v2\/teacher\/3935","targetHints":{"allow":["GET"]}}],"collection":[{"href":"https:\/\/www.ecolenormalecortot.com\/en\/wp-json\/wp\/v2\/teacher"}],"about":[{"href":"https:\/\/www.ecolenormalecortot.com\/en\/wp-json\/wp\/v2\/types\/teacher"}],"wp:featuredmedia":[{"embeddable":true,"href":"https:\/\/www.ecolenormalecortot.com\/en\/wp-json\/wp\/v2\/media\/10623"}],"wp:attachment":[{"href":"https:\/\/www.ecolenormalecortot.com\/en\/wp-json\/wp\/v2\/media?parent=3935"}],"wp:term":[{"taxonomy":"discipline","embeddable":true,"href":"https:\/\/www.ecolenormalecortot.com\/en\/wp-json\/wp\/v2\/discipline?post=3935"}],"curies":[{"name":"wp","href":"https:\/\/api.w.org\/{rel}","templated":true}]}}