{"id":2571,"date":"2023-04-16T16:43:54","date_gmt":"2023-04-16T14:43:54","guid":{"rendered":"https:\/\/web.enmp.fr\/enseignants\/sulle-sylvie\/"},"modified":"2025-06-26T13:53:39","modified_gmt":"2025-06-26T11:53:39","slug":"sulle-sylvie","status":"publish","type":"teacher","link":"https:\/\/www.ecolenormalecortot.com\/en\/enseignants\/sulle-sylvie\/","title":{"rendered":"SULL\u00c9 Sylvie"},"content":{"rendered":"\n<p><strong>Mezzo-Contralto<\/strong><\/p>\n\n\n\n<p>\u2726 Sylvie SULL\u00c9 trained at the Conservatoire National Sup\u00e9rieur de Musique et de Danse de Paris, where she earned First Prizes in Vocal Performance, Opera Studies, and Chamber Music, studying under Christiane EDA-PIERRE, Michel ROUX, and Maurice BOURGUE.<\/p>\n\n\n\n<p>\u2726 She served as a tenured voice professor (hors-classe) at the Georges Bizet Conservatory (20th arrondissement of Paris) and at the Camille Saint-Sa\u00ebns Conservatory (8th arrondissement of Paris).<\/p>\n\n\n\n<p>\u2726 Sylvie Sull\u00e9 has performed on leading opera stages and concert halls both in France \u2014 including the Op\u00e9ra Comique, Th\u00e9\u00e2tre des Champs-\u00c9lys\u00e9es, Op\u00e9ra National de Paris-Bastille, Salle Pleyel, the Corum in Montpellier, and the theatres of Angers, Nantes, Lille \u2014 and internationally: the Residentie Orchestra Hall in The Hague, Concertgebouw in Amsterdam, Megaron Musikis in Athens, Teatro Comunale of Bolzano, and Teatro Real in Madrid.<\/p>\n\n\n\n<p>\u2726 A regular guest at Radio France, she has appeared at the <em>Pr\u00e9sences<\/em> Festival of Contemporary Music, the Saint-Denis Festival, and the festivals of Quimper, La Chaise-Dieu, Alicante, among many others.<\/p>\n\n\n\n<p>\u2726 She has collaborated with renowned orchestras such as the Orchestre National de France, Orchestre Philharmonique de Radio France, Orchestre National d&#8217;\u00cele-de-France, Orchestre National de Lyon, Residentie Orkest (The Hague), Orchestre National de Montpellier, Orchestre National de Lorraine, and the Ulster Orchestra\u2026<\/p>\n\n\n\n<p>\u2726 She has worked under the baton of prominent conductors including Luciano Berio, Gary Bertini, Jean-Claude Casadesus, Laurent Cuniot, Paul Daniel, Charles Dutoit, Bruno Ferrandis, Mark Foster, Lawrence Foster, Armin Jordan, G\u00fcnther Herbig, Richard Hickox, Eliahu Inbal, Marek Janowski, Zolt\u00e1n Kocsis, G\u00e9rard Korsten, Friedemann Layer, Jean-Claude Malgoire, Jacques Mercier, Ingo Metzmacher, Arturo Tamayo, Jacques Schwarz, Jaap van Zweden, Alberto Zedda, and Antoni Wit.<\/p>\n\n\n\n<p>\u2726 Sylvie Sull\u00e9 is President of the \u201cLes Ma\u00eetres du Chant\u201d competition in Paris (supporting emerging operatic talent), and also collaborates with other associations such as <em>G\u00e9n\u00e9ration Op\u00e9ra<\/em> and <em>Les Amis de Maurice Ohana<\/em>.<\/p>\n\n\n\n<p>\u2726 <strong>Discography<\/strong> includes:<\/p>\n\n\n\n<ul class=\"wp-block-list\">\n<li>Claude Debussy, <em>La Damoiselle \u00c9lue<\/em> (EMI)<\/li>\n\n\n\n<li>Gustav Mahler, <em>Das Lied von der Erde<\/em> (chamber orchestra version, AQUARIUS)<\/li>\n\n\n\n<li>Ahmed Essyad, <em>L\u2019Exercice de l\u2019Amour<\/em> (MFA Radio France)<\/li>\n\n\n\n<li>Louis Duray, <em>Images \u00e0 Cruso\u00e9<\/em> (MANDALA)<\/li>\n\n\n\n<li>Maurice Ohana, <em>Le Tombeau de Claude Debussy<\/em> (Timpani)<\/li>\n\n\n\n<li>Arthur Honegger, <em>Le Roi David<\/em> (EMI)<\/li>\n\n\n\n<li>Simon Holt, <em>Canciones<\/em> (Ad\u00e8s)<\/li>\n\n\n\n<li>Alfred Bruneau, <em>Lazare<\/em>, <em>Requiem<\/em> (ADEF)<\/li>\n\n\n\n<li>Suzanne Giraud, <em>To One in Paradise<\/em> \u2014 world premiere of the cantata for mezzo and orchestra with the Orchestre Philharmonique de Radio France, conductor: Laurent Cuniot (MFA Radio France, awarded \u201cChoc ffff\u201d by <em>Le Monde de la Musique<\/em>)<\/li>\n<\/ul>\n\n\n\r\n    <a href=\"https:\/\/www.ecolenormalecortot.com\/en\/les-etudes\/disciplines\/singing-classes\/\" target=\"_self\" class=\"block-cta style-cta\">\r\n        Discover our Vocal Studies Program    <\/a>\r\n","protected":false},"featured_media":2570,"template":"","discipline":[111],"class_list":["post-2571","teacher","type-teacher","status-publish","has-post-thumbnail","hentry","discipline-singing"],"acf":[],"yoast_head":"<!-- This site is optimized with the Yoast SEO plugin v27.5 - https:\/\/yoast.com\/product\/yoast-seo-wordpress\/ -->\n<title>SULL\u00c9 Sylvie - Ecole Normale de Musique de Paris<\/title>\n<meta name=\"description\" content=\"Acclaimed mezzo-contralto Sylvie Sull\u00e9 has sung worldwide and now chairs the prestigious \u201cLes Ma\u00eetres du Chant\u201d competition in Paris.\" \/>\n<meta name=\"robots\" content=\"index, follow, max-snippet:-1, max-image-preview:large, max-video-preview:-1\" \/>\n<link rel=\"canonical\" href=\"https:\/\/www.ecolenormalecortot.com\/en\/enseignants\/sulle-sylvie\/\" \/>\n<meta property=\"og:locale\" content=\"en_US\" \/>\n<meta property=\"og:type\" content=\"article\" \/>\n<meta property=\"og:title\" content=\"SULL\u00c9 Sylvie - Ecole Normale de Musique de Paris\" \/>\n<meta property=\"og:description\" content=\"Acclaimed mezzo-contralto Sylvie Sull\u00e9 has sung worldwide and now chairs the prestigious \u201cLes Ma\u00eetres du Chant\u201d competition in Paris.\" \/>\n<meta property=\"og:url\" content=\"https:\/\/www.ecolenormalecortot.com\/en\/enseignants\/sulle-sylvie\/\" \/>\n<meta property=\"og:site_name\" content=\"Ecole Normale de Musique de Paris\" \/>\n<meta property=\"article:modified_time\" content=\"2025-06-26T11:53:39+00:00\" \/>\n<meta property=\"og:image\" content=\"https:\/\/www.ecolenormalecortot.com\/wp-content\/uploads\/2023\/04\/SULLE_Sylvie.jpg\" \/>\n\t<meta property=\"og:image:width\" content=\"1500\" \/>\n\t<meta property=\"og:image:height\" content=\"2184\" \/>\n\t<meta property=\"og:image:type\" content=\"image\/jpeg\" \/>\n<meta name=\"twitter:card\" content=\"summary_large_image\" \/>\n<meta name=\"twitter:label1\" content=\"Est. reading time\" \/>\n\t<meta name=\"twitter:data1\" content=\"3 minutes\" \/>\n<script type=\"application\/ld+json\" class=\"yoast-schema-graph\">{\"@context\":\"https:\\\/\\\/schema.org\",\"@graph\":[{\"@type\":\"WebPage\",\"@id\":\"https:\\\/\\\/www.ecolenormalecortot.com\\\/en\\\/enseignants\\\/sulle-sylvie\\\/\",\"url\":\"https:\\\/\\\/www.ecolenormalecortot.com\\\/en\\\/enseignants\\\/sulle-sylvie\\\/\",\"name\":\"SULL\u00c9 Sylvie - Ecole Normale de Musique de Paris\",\"isPartOf\":{\"@id\":\"https:\\\/\\\/www.ecolenormalecortot.com\\\/en\\\/#website\"},\"primaryImageOfPage\":{\"@id\":\"https:\\\/\\\/www.ecolenormalecortot.com\\\/en\\\/enseignants\\\/sulle-sylvie\\\/#primaryimage\"},\"image\":{\"@id\":\"https:\\\/\\\/www.ecolenormalecortot.com\\\/en\\\/enseignants\\\/sulle-sylvie\\\/#primaryimage\"},\"thumbnailUrl\":\"https:\\\/\\\/www.ecolenormalecortot.com\\\/wp-content\\\/uploads\\\/2023\\\/04\\\/SULLE_Sylvie.jpg\",\"datePublished\":\"2023-04-16T14:43:54+00:00\",\"dateModified\":\"2025-06-26T11:53:39+00:00\",\"description\":\"Acclaimed mezzo-contralto Sylvie Sull\u00e9 has sung worldwide and now chairs the prestigious \u201cLes Ma\u00eetres du Chant\u201d competition in Paris.\",\"breadcrumb\":{\"@id\":\"https:\\\/\\\/www.ecolenormalecortot.com\\\/en\\\/enseignants\\\/sulle-sylvie\\\/#breadcrumb\"},\"inLanguage\":\"en-US\",\"potentialAction\":[{\"@type\":\"ReadAction\",\"target\":[\"https:\\\/\\\/www.ecolenormalecortot.com\\\/en\\\/enseignants\\\/sulle-sylvie\\\/\"]}]},{\"@type\":\"ImageObject\",\"inLanguage\":\"en-US\",\"@id\":\"https:\\\/\\\/www.ecolenormalecortot.com\\\/en\\\/enseignants\\\/sulle-sylvie\\\/#primaryimage\",\"url\":\"https:\\\/\\\/www.ecolenormalecortot.com\\\/wp-content\\\/uploads\\\/2023\\\/04\\\/SULLE_Sylvie.jpg\",\"contentUrl\":\"https:\\\/\\\/www.ecolenormalecortot.com\\\/wp-content\\\/uploads\\\/2023\\\/04\\\/SULLE_Sylvie.jpg\",\"width\":1500,\"height\":2184},{\"@type\":\"BreadcrumbList\",\"@id\":\"https:\\\/\\\/www.ecolenormalecortot.com\\\/en\\\/enseignants\\\/sulle-sylvie\\\/#breadcrumb\",\"itemListElement\":[{\"@type\":\"ListItem\",\"position\":1,\"name\":\"Accueil\",\"item\":\"https:\\\/\\\/www.ecolenormalecortot.com\\\/en\\\/\"},{\"@type\":\"ListItem\",\"position\":2,\"name\":\"Professeurs\",\"item\":\"https:\\\/\\\/www.ecolenormalecortot.com\\\/en\\\/enseignants\\\/\"},{\"@type\":\"ListItem\",\"position\":3,\"name\":\"SULL\u00c9 Sylvie\"}]},{\"@type\":\"WebSite\",\"@id\":\"https:\\\/\\\/www.ecolenormalecortot.com\\\/en\\\/#website\",\"url\":\"https:\\\/\\\/www.ecolenormalecortot.com\\\/en\\\/\",\"name\":\"Ecole Normale de Musique de Paris\",\"description\":\"\",\"publisher\":{\"@id\":\"https:\\\/\\\/www.ecolenormalecortot.com\\\/en\\\/#organization\"},\"potentialAction\":[{\"@type\":\"SearchAction\",\"target\":{\"@type\":\"EntryPoint\",\"urlTemplate\":\"https:\\\/\\\/www.ecolenormalecortot.com\\\/en\\\/?s={search_term_string}\"},\"query-input\":{\"@type\":\"PropertyValueSpecification\",\"valueRequired\":true,\"valueName\":\"search_term_string\"}}],\"inLanguage\":\"en-US\"},{\"@type\":\"Organization\",\"@id\":\"https:\\\/\\\/www.ecolenormalecortot.com\\\/en\\\/#organization\",\"name\":\"Ecole Normale de Musique de Paris\",\"url\":\"https:\\\/\\\/www.ecolenormalecortot.com\\\/en\\\/\",\"logo\":{\"@type\":\"ImageObject\",\"inLanguage\":\"en-US\",\"@id\":\"https:\\\/\\\/www.ecolenormalecortot.com\\\/en\\\/#\\\/schema\\\/logo\\\/image\\\/\",\"url\":\"https:\\\/\\\/www.ecolenormalecortot.com\\\/wp-content\\\/uploads\\\/2023\\\/02\\\/android-chrome-512x512-1.png\",\"contentUrl\":\"https:\\\/\\\/www.ecolenormalecortot.com\\\/wp-content\\\/uploads\\\/2023\\\/02\\\/android-chrome-512x512-1.png\",\"width\":512,\"height\":512,\"caption\":\"Ecole Normale de Musique de Paris\"},\"image\":{\"@id\":\"https:\\\/\\\/www.ecolenormalecortot.com\\\/en\\\/#\\\/schema\\\/logo\\\/image\\\/\"}}]}<\/script>\n<!-- \/ Yoast SEO plugin. -->","yoast_head_json":{"title":"SULL\u00c9 Sylvie - Ecole Normale de Musique de Paris","description":"Acclaimed mezzo-contralto Sylvie Sull\u00e9 has sung worldwide and now chairs the prestigious \u201cLes Ma\u00eetres du Chant\u201d competition in Paris.","robots":{"index":"index","follow":"follow","max-snippet":"max-snippet:-1","max-image-preview":"max-image-preview:large","max-video-preview":"max-video-preview:-1"},"canonical":"https:\/\/www.ecolenormalecortot.com\/en\/enseignants\/sulle-sylvie\/","og_locale":"en_US","og_type":"article","og_title":"SULL\u00c9 Sylvie - Ecole Normale de Musique de Paris","og_description":"Acclaimed mezzo-contralto Sylvie Sull\u00e9 has sung worldwide and now chairs the prestigious \u201cLes Ma\u00eetres du Chant\u201d competition in Paris.","og_url":"https:\/\/www.ecolenormalecortot.com\/en\/enseignants\/sulle-sylvie\/","og_site_name":"Ecole Normale de Musique de Paris","article_modified_time":"2025-06-26T11:53:39+00:00","og_image":[{"width":1500,"height":2184,"url":"https:\/\/www.ecolenormalecortot.com\/wp-content\/uploads\/2023\/04\/SULLE_Sylvie.jpg","type":"image\/jpeg"}],"twitter_card":"summary_large_image","twitter_misc":{"Est. reading time":"3 minutes"},"schema":{"@context":"https:\/\/schema.org","@graph":[{"@type":"WebPage","@id":"https:\/\/www.ecolenormalecortot.com\/en\/enseignants\/sulle-sylvie\/","url":"https:\/\/www.ecolenormalecortot.com\/en\/enseignants\/sulle-sylvie\/","name":"SULL\u00c9 Sylvie - Ecole Normale de Musique de Paris","isPartOf":{"@id":"https:\/\/www.ecolenormalecortot.com\/en\/#website"},"primaryImageOfPage":{"@id":"https:\/\/www.ecolenormalecortot.com\/en\/enseignants\/sulle-sylvie\/#primaryimage"},"image":{"@id":"https:\/\/www.ecolenormalecortot.com\/en\/enseignants\/sulle-sylvie\/#primaryimage"},"thumbnailUrl":"https:\/\/www.ecolenormalecortot.com\/wp-content\/uploads\/2023\/04\/SULLE_Sylvie.jpg","datePublished":"2023-04-16T14:43:54+00:00","dateModified":"2025-06-26T11:53:39+00:00","description":"Acclaimed mezzo-contralto Sylvie Sull\u00e9 has sung worldwide and now chairs the prestigious \u201cLes Ma\u00eetres du Chant\u201d competition in Paris.","breadcrumb":{"@id":"https:\/\/www.ecolenormalecortot.com\/en\/enseignants\/sulle-sylvie\/#breadcrumb"},"inLanguage":"en-US","potentialAction":[{"@type":"ReadAction","target":["https:\/\/www.ecolenormalecortot.com\/en\/enseignants\/sulle-sylvie\/"]}]},{"@type":"ImageObject","inLanguage":"en-US","@id":"https:\/\/www.ecolenormalecortot.com\/en\/enseignants\/sulle-sylvie\/#primaryimage","url":"https:\/\/www.ecolenormalecortot.com\/wp-content\/uploads\/2023\/04\/SULLE_Sylvie.jpg","contentUrl":"https:\/\/www.ecolenormalecortot.com\/wp-content\/uploads\/2023\/04\/SULLE_Sylvie.jpg","width":1500,"height":2184},{"@type":"BreadcrumbList","@id":"https:\/\/www.ecolenormalecortot.com\/en\/enseignants\/sulle-sylvie\/#breadcrumb","itemListElement":[{"@type":"ListItem","position":1,"name":"Accueil","item":"https:\/\/www.ecolenormalecortot.com\/en\/"},{"@type":"ListItem","position":2,"name":"Professeurs","item":"https:\/\/www.ecolenormalecortot.com\/en\/enseignants\/"},{"@type":"ListItem","position":3,"name":"SULL\u00c9 Sylvie"}]},{"@type":"WebSite","@id":"https:\/\/www.ecolenormalecortot.com\/en\/#website","url":"https:\/\/www.ecolenormalecortot.com\/en\/","name":"Ecole Normale de Musique de Paris","description":"","publisher":{"@id":"https:\/\/www.ecolenormalecortot.com\/en\/#organization"},"potentialAction":[{"@type":"SearchAction","target":{"@type":"EntryPoint","urlTemplate":"https:\/\/www.ecolenormalecortot.com\/en\/?s={search_term_string}"},"query-input":{"@type":"PropertyValueSpecification","valueRequired":true,"valueName":"search_term_string"}}],"inLanguage":"en-US"},{"@type":"Organization","@id":"https:\/\/www.ecolenormalecortot.com\/en\/#organization","name":"Ecole Normale de Musique de Paris","url":"https:\/\/www.ecolenormalecortot.com\/en\/","logo":{"@type":"ImageObject","inLanguage":"en-US","@id":"https:\/\/www.ecolenormalecortot.com\/en\/#\/schema\/logo\/image\/","url":"https:\/\/www.ecolenormalecortot.com\/wp-content\/uploads\/2023\/02\/android-chrome-512x512-1.png","contentUrl":"https:\/\/www.ecolenormalecortot.com\/wp-content\/uploads\/2023\/02\/android-chrome-512x512-1.png","width":512,"height":512,"caption":"Ecole Normale de Musique de Paris"},"image":{"@id":"https:\/\/www.ecolenormalecortot.com\/en\/#\/schema\/logo\/image\/"}}]}},"_links":{"self":[{"href":"https:\/\/www.ecolenormalecortot.com\/en\/wp-json\/wp\/v2\/teacher\/2571","targetHints":{"allow":["GET"]}}],"collection":[{"href":"https:\/\/www.ecolenormalecortot.com\/en\/wp-json\/wp\/v2\/teacher"}],"about":[{"href":"https:\/\/www.ecolenormalecortot.com\/en\/wp-json\/wp\/v2\/types\/teacher"}],"wp:featuredmedia":[{"embeddable":true,"href":"https:\/\/www.ecolenormalecortot.com\/en\/wp-json\/wp\/v2\/media\/2570"}],"wp:attachment":[{"href":"https:\/\/www.ecolenormalecortot.com\/en\/wp-json\/wp\/v2\/media?parent=2571"}],"wp:term":[{"taxonomy":"discipline","embeddable":true,"href":"https:\/\/www.ecolenormalecortot.com\/en\/wp-json\/wp\/v2\/discipline?post=2571"}],"curies":[{"name":"wp","href":"https:\/\/api.w.org\/{rel}","templated":true}]}}