{"id":1783,"date":"2023-04-06T09:22:44","date_gmt":"2023-04-06T07:22:44","guid":{"rendered":"https:\/\/web.enmp.fr\/enseignants\/masmondet-julien\/"},"modified":"2023-04-15T11:12:13","modified_gmt":"2023-04-15T09:12:13","slug":"masmondet-julien","status":"publish","type":"teacher","link":"https:\/\/www.ecolenormalecortot.com\/en\/enseignants\/masmondet-julien\/","title":{"rendered":"MASMONDET Julien"},"content":{"rendered":"\n<p>R\u00e9v\u00e9l\u00e9 lorsqu\u2019il \u00e9tait chef assistant de Paavo J\u00e4rvi \u00e0 l\u2019Orchestre de Paris, Julien Masmondet est r\u00e9guli\u00e8rement l\u2019invit\u00e9 d\u2019orchestres prestigieux de la sc\u00e8ne internationale (Paris, Vienne, Qu\u00e9bec, Moscou, Riga, Prague, Lausanne, Li\u00e8ge, Naples\u2026)<\/p>\n\n\n\n<p>Tout aussi appr\u00e9ci\u00e9 dans le r\u00e9pertoire symphonique que dans le domaine lyrique, Julien Masmondet consid\u00e8re l\u2019op\u00e9ra comme le meilleur reflet de notre \u00e9poque. Il commande et cr\u00e9e r\u00e9guli\u00e8rement des op\u00e9ras de compositeurs d\u2019aujourd\u2019hui. Il poursuit son exploration du r\u00e9pertoire lyrique fran\u00e7ais et collabore r\u00e9guli\u00e8rement avec Louis Langr\u00e9e sur plusieurs productions \u00e0 l\u2019Op\u00e9ra Comique.<\/p>\n\n\n\n<p>Passionn\u00e9 de rencontres et d\u2019\u00e9changes culturels, il a fond\u00e9 l\u2019ensemble Les Apaches et le Festival Musiques au Pays de Pierre Loti o\u00f9 il \u00e9tablit un dialogue constant entre la cr\u00e9ation d\u2019aujourd\u2019hui et les \u0153uvres du pass\u00e9 et enrichit chaque projet de croisements artistiques. Il a enregistr\u00e9 plusieurs disques pour les labels Sony Music, Warner Classics, Apart\u00e9 Music, Claves records, \u00e0 la t\u00eate de l\u2019Orchestre National de France, l\u2019Orchestre de Chambre de Paris, l\u2019Orchestre Philharmonique de Monte-Carlo et du Czech National Symphony Orchestra. Julien Masmondet a r\u00e9cemment enregistr\u00e9 avec Les Apaches la version originale de <em>La Trag\u00e9die de Salom\u00e9 <\/em>de Florent Schmitt qui sort en 2023.<\/p>\n\n\n\n<p>Julien Masmondet enseigne aujourd\u2019hui \u00e0 l\u2019\u00c9cole normale de musique-Alfred Cortot \u00e0 Paris, o\u00f9 il s\u2019est form\u00e9 aupr\u00e8s de Dominique Rouits et o\u00f9 il perp\u00e9tue l\u2019\u00e9cole fran\u00e7aise de direction d\u2019orchestre h\u00e9rit\u00e9e de Charles Munch, Jean Fournet et Pierre Dervaux.<\/p>\n\n\n\r\n<div class=\"content-section-title\">\r\n    Site internet<\/div>\r\n\n\n\n<p><a href=\"https:\/\/www.julienmasmondet.com\" target=\"_blank\" rel=\"noreferrer noopener\">https:\/\/www.julienmasmondet.com<\/a><\/p>\n\n\n\r\n<div class=\"content-section-title\">\r\n    Entretien avec Julien Masmondet et Dominique Rouits<\/div>\r\n\n\n\n<figure class=\"wp-block-embed is-type-video is-provider-youtube wp-block-embed-youtube wp-embed-aspect-16-9 wp-has-aspect-ratio\"><div class=\"wp-block-embed__wrapper\">\n<iframe loading=\"lazy\" title=\"ENTRETIEN AVEC DOMINIQUE ROUITS &amp; JULIEN MASMONDET, classe de direction d&#039;orchestre\" width=\"1140\" height=\"641\" src=\"https:\/\/www.youtube.com\/embed\/bDmCH3lrETU?feature=oembed\" frameborder=\"0\" allow=\"accelerometer; autoplay; clipboard-write; encrypted-media; gyroscope; picture-in-picture; web-share\" allowfullscreen><\/iframe>\n<\/div><\/figure>\n\n\n\n<p><em>photo: \u00a9Neda Navaee<\/em><\/p>\n","protected":false},"featured_media":1269,"template":"","discipline":[121],"class_list":["post-1783","teacher","type-teacher","status-publish","has-post-thumbnail","hentry","discipline-conducting-orchestra"],"acf":[],"yoast_head":"<!-- This site is optimized with the Yoast SEO plugin v27.5 - https:\/\/yoast.com\/product\/yoast-seo-wordpress\/ -->\n<title>MASMONDET Julien - Ecole Normale de Musique de Paris<\/title>\n<meta name=\"robots\" content=\"index, follow, max-snippet:-1, max-image-preview:large, max-video-preview:-1\" \/>\n<link rel=\"canonical\" href=\"https:\/\/www.ecolenormalecortot.com\/en\/enseignants\/masmondet-julien\/\" \/>\n<meta property=\"og:locale\" content=\"en_US\" \/>\n<meta property=\"og:type\" content=\"article\" \/>\n<meta property=\"og:title\" content=\"MASMONDET Julien - Ecole Normale de Musique de Paris\" \/>\n<meta property=\"og:description\" content=\"R\u00e9v\u00e9l\u00e9 lorsqu\u2019il \u00e9tait chef assistant de Paavo J\u00e4rvi \u00e0 l\u2019Orchestre de Paris, Julien Masmondet est r\u00e9guli\u00e8rement l\u2019invit\u00e9 d\u2019orchestres prestigieux de [&hellip;]\" \/>\n<meta property=\"og:url\" content=\"https:\/\/www.ecolenormalecortot.com\/en\/enseignants\/masmondet-julien\/\" \/>\n<meta property=\"og:site_name\" content=\"Ecole Normale de Musique de Paris\" \/>\n<meta property=\"article:modified_time\" content=\"2023-04-15T09:12:13+00:00\" \/>\n<meta property=\"og:image\" content=\"https:\/\/www.ecolenormalecortot.com\/wp-content\/uploads\/2023\/04\/Julien-Masmondet\u00a9Neda-Navaee-recadre-624x624-1.jpg\" \/>\n\t<meta property=\"og:image:width\" content=\"624\" \/>\n\t<meta property=\"og:image:height\" content=\"624\" \/>\n\t<meta property=\"og:image:type\" content=\"image\/jpeg\" \/>\n<meta name=\"twitter:card\" content=\"summary_large_image\" \/>\n<meta name=\"twitter:label1\" content=\"Est. reading time\" \/>\n\t<meta name=\"twitter:data1\" content=\"2 minutes\" \/>\n<script type=\"application\/ld+json\" class=\"yoast-schema-graph\">{\"@context\":\"https:\\\/\\\/schema.org\",\"@graph\":[{\"@type\":\"WebPage\",\"@id\":\"https:\\\/\\\/www.ecolenormalecortot.com\\\/en\\\/enseignants\\\/masmondet-julien\\\/\",\"url\":\"https:\\\/\\\/www.ecolenormalecortot.com\\\/en\\\/enseignants\\\/masmondet-julien\\\/\",\"name\":\"MASMONDET Julien - Ecole Normale de Musique de Paris\",\"isPartOf\":{\"@id\":\"https:\\\/\\\/www.ecolenormalecortot.com\\\/en\\\/#website\"},\"primaryImageOfPage\":{\"@id\":\"https:\\\/\\\/www.ecolenormalecortot.com\\\/en\\\/enseignants\\\/masmondet-julien\\\/#primaryimage\"},\"image\":{\"@id\":\"https:\\\/\\\/www.ecolenormalecortot.com\\\/en\\\/enseignants\\\/masmondet-julien\\\/#primaryimage\"},\"thumbnailUrl\":\"https:\\\/\\\/www.ecolenormalecortot.com\\\/wp-content\\\/uploads\\\/2023\\\/04\\\/Julien-Masmondet\u00a9Neda-Navaee-recadre-624x624-1.jpg\",\"datePublished\":\"2023-04-06T07:22:44+00:00\",\"dateModified\":\"2023-04-15T09:12:13+00:00\",\"breadcrumb\":{\"@id\":\"https:\\\/\\\/www.ecolenormalecortot.com\\\/en\\\/enseignants\\\/masmondet-julien\\\/#breadcrumb\"},\"inLanguage\":\"en-US\",\"potentialAction\":[{\"@type\":\"ReadAction\",\"target\":[\"https:\\\/\\\/www.ecolenormalecortot.com\\\/en\\\/enseignants\\\/masmondet-julien\\\/\"]}]},{\"@type\":\"ImageObject\",\"inLanguage\":\"en-US\",\"@id\":\"https:\\\/\\\/www.ecolenormalecortot.com\\\/en\\\/enseignants\\\/masmondet-julien\\\/#primaryimage\",\"url\":\"https:\\\/\\\/www.ecolenormalecortot.com\\\/wp-content\\\/uploads\\\/2023\\\/04\\\/Julien-Masmondet\u00a9Neda-Navaee-recadre-624x624-1.jpg\",\"contentUrl\":\"https:\\\/\\\/www.ecolenormalecortot.com\\\/wp-content\\\/uploads\\\/2023\\\/04\\\/Julien-Masmondet\u00a9Neda-Navaee-recadre-624x624-1.jpg\",\"width\":624,\"height\":624},{\"@type\":\"BreadcrumbList\",\"@id\":\"https:\\\/\\\/www.ecolenormalecortot.com\\\/en\\\/enseignants\\\/masmondet-julien\\\/#breadcrumb\",\"itemListElement\":[{\"@type\":\"ListItem\",\"position\":1,\"name\":\"Accueil\",\"item\":\"https:\\\/\\\/www.ecolenormalecortot.com\\\/en\\\/\"},{\"@type\":\"ListItem\",\"position\":2,\"name\":\"Professeurs\",\"item\":\"https:\\\/\\\/www.ecolenormalecortot.com\\\/en\\\/enseignants\\\/\"},{\"@type\":\"ListItem\",\"position\":3,\"name\":\"MASMONDET Julien\"}]},{\"@type\":\"WebSite\",\"@id\":\"https:\\\/\\\/www.ecolenormalecortot.com\\\/en\\\/#website\",\"url\":\"https:\\\/\\\/www.ecolenormalecortot.com\\\/en\\\/\",\"name\":\"Ecole Normale de Musique de Paris\",\"description\":\"\",\"publisher\":{\"@id\":\"https:\\\/\\\/www.ecolenormalecortot.com\\\/en\\\/#organization\"},\"potentialAction\":[{\"@type\":\"SearchAction\",\"target\":{\"@type\":\"EntryPoint\",\"urlTemplate\":\"https:\\\/\\\/www.ecolenormalecortot.com\\\/en\\\/?s={search_term_string}\"},\"query-input\":{\"@type\":\"PropertyValueSpecification\",\"valueRequired\":true,\"valueName\":\"search_term_string\"}}],\"inLanguage\":\"en-US\"},{\"@type\":\"Organization\",\"@id\":\"https:\\\/\\\/www.ecolenormalecortot.com\\\/en\\\/#organization\",\"name\":\"Ecole Normale de Musique de Paris\",\"url\":\"https:\\\/\\\/www.ecolenormalecortot.com\\\/en\\\/\",\"logo\":{\"@type\":\"ImageObject\",\"inLanguage\":\"en-US\",\"@id\":\"https:\\\/\\\/www.ecolenormalecortot.com\\\/en\\\/#\\\/schema\\\/logo\\\/image\\\/\",\"url\":\"https:\\\/\\\/www.ecolenormalecortot.com\\\/wp-content\\\/uploads\\\/2023\\\/02\\\/android-chrome-512x512-1.png\",\"contentUrl\":\"https:\\\/\\\/www.ecolenormalecortot.com\\\/wp-content\\\/uploads\\\/2023\\\/02\\\/android-chrome-512x512-1.png\",\"width\":512,\"height\":512,\"caption\":\"Ecole Normale de Musique de Paris\"},\"image\":{\"@id\":\"https:\\\/\\\/www.ecolenormalecortot.com\\\/en\\\/#\\\/schema\\\/logo\\\/image\\\/\"}}]}<\/script>\n<!-- \/ Yoast SEO plugin. -->","yoast_head_json":{"title":"MASMONDET Julien - Ecole Normale de Musique de Paris","robots":{"index":"index","follow":"follow","max-snippet":"max-snippet:-1","max-image-preview":"max-image-preview:large","max-video-preview":"max-video-preview:-1"},"canonical":"https:\/\/www.ecolenormalecortot.com\/en\/enseignants\/masmondet-julien\/","og_locale":"en_US","og_type":"article","og_title":"MASMONDET Julien - Ecole Normale de Musique de Paris","og_description":"R\u00e9v\u00e9l\u00e9 lorsqu\u2019il \u00e9tait chef assistant de Paavo J\u00e4rvi \u00e0 l\u2019Orchestre de Paris, Julien Masmondet est r\u00e9guli\u00e8rement l\u2019invit\u00e9 d\u2019orchestres prestigieux de [&hellip;]","og_url":"https:\/\/www.ecolenormalecortot.com\/en\/enseignants\/masmondet-julien\/","og_site_name":"Ecole Normale de Musique de Paris","article_modified_time":"2023-04-15T09:12:13+00:00","og_image":[{"width":624,"height":624,"url":"https:\/\/www.ecolenormalecortot.com\/wp-content\/uploads\/2023\/04\/Julien-Masmondet\u00a9Neda-Navaee-recadre-624x624-1.jpg","type":"image\/jpeg"}],"twitter_card":"summary_large_image","twitter_misc":{"Est. reading time":"2 minutes"},"schema":{"@context":"https:\/\/schema.org","@graph":[{"@type":"WebPage","@id":"https:\/\/www.ecolenormalecortot.com\/en\/enseignants\/masmondet-julien\/","url":"https:\/\/www.ecolenormalecortot.com\/en\/enseignants\/masmondet-julien\/","name":"MASMONDET Julien - Ecole Normale de Musique de Paris","isPartOf":{"@id":"https:\/\/www.ecolenormalecortot.com\/en\/#website"},"primaryImageOfPage":{"@id":"https:\/\/www.ecolenormalecortot.com\/en\/enseignants\/masmondet-julien\/#primaryimage"},"image":{"@id":"https:\/\/www.ecolenormalecortot.com\/en\/enseignants\/masmondet-julien\/#primaryimage"},"thumbnailUrl":"https:\/\/www.ecolenormalecortot.com\/wp-content\/uploads\/2023\/04\/Julien-Masmondet\u00a9Neda-Navaee-recadre-624x624-1.jpg","datePublished":"2023-04-06T07:22:44+00:00","dateModified":"2023-04-15T09:12:13+00:00","breadcrumb":{"@id":"https:\/\/www.ecolenormalecortot.com\/en\/enseignants\/masmondet-julien\/#breadcrumb"},"inLanguage":"en-US","potentialAction":[{"@type":"ReadAction","target":["https:\/\/www.ecolenormalecortot.com\/en\/enseignants\/masmondet-julien\/"]}]},{"@type":"ImageObject","inLanguage":"en-US","@id":"https:\/\/www.ecolenormalecortot.com\/en\/enseignants\/masmondet-julien\/#primaryimage","url":"https:\/\/www.ecolenormalecortot.com\/wp-content\/uploads\/2023\/04\/Julien-Masmondet\u00a9Neda-Navaee-recadre-624x624-1.jpg","contentUrl":"https:\/\/www.ecolenormalecortot.com\/wp-content\/uploads\/2023\/04\/Julien-Masmondet\u00a9Neda-Navaee-recadre-624x624-1.jpg","width":624,"height":624},{"@type":"BreadcrumbList","@id":"https:\/\/www.ecolenormalecortot.com\/en\/enseignants\/masmondet-julien\/#breadcrumb","itemListElement":[{"@type":"ListItem","position":1,"name":"Accueil","item":"https:\/\/www.ecolenormalecortot.com\/en\/"},{"@type":"ListItem","position":2,"name":"Professeurs","item":"https:\/\/www.ecolenormalecortot.com\/en\/enseignants\/"},{"@type":"ListItem","position":3,"name":"MASMONDET Julien"}]},{"@type":"WebSite","@id":"https:\/\/www.ecolenormalecortot.com\/en\/#website","url":"https:\/\/www.ecolenormalecortot.com\/en\/","name":"Ecole Normale de Musique de Paris","description":"","publisher":{"@id":"https:\/\/www.ecolenormalecortot.com\/en\/#organization"},"potentialAction":[{"@type":"SearchAction","target":{"@type":"EntryPoint","urlTemplate":"https:\/\/www.ecolenormalecortot.com\/en\/?s={search_term_string}"},"query-input":{"@type":"PropertyValueSpecification","valueRequired":true,"valueName":"search_term_string"}}],"inLanguage":"en-US"},{"@type":"Organization","@id":"https:\/\/www.ecolenormalecortot.com\/en\/#organization","name":"Ecole Normale de Musique de Paris","url":"https:\/\/www.ecolenormalecortot.com\/en\/","logo":{"@type":"ImageObject","inLanguage":"en-US","@id":"https:\/\/www.ecolenormalecortot.com\/en\/#\/schema\/logo\/image\/","url":"https:\/\/www.ecolenormalecortot.com\/wp-content\/uploads\/2023\/02\/android-chrome-512x512-1.png","contentUrl":"https:\/\/www.ecolenormalecortot.com\/wp-content\/uploads\/2023\/02\/android-chrome-512x512-1.png","width":512,"height":512,"caption":"Ecole Normale de Musique de Paris"},"image":{"@id":"https:\/\/www.ecolenormalecortot.com\/en\/#\/schema\/logo\/image\/"}}]}},"_links":{"self":[{"href":"https:\/\/www.ecolenormalecortot.com\/en\/wp-json\/wp\/v2\/teacher\/1783","targetHints":{"allow":["GET"]}}],"collection":[{"href":"https:\/\/www.ecolenormalecortot.com\/en\/wp-json\/wp\/v2\/teacher"}],"about":[{"href":"https:\/\/www.ecolenormalecortot.com\/en\/wp-json\/wp\/v2\/types\/teacher"}],"wp:featuredmedia":[{"embeddable":true,"href":"https:\/\/www.ecolenormalecortot.com\/en\/wp-json\/wp\/v2\/media\/1269"}],"wp:attachment":[{"href":"https:\/\/www.ecolenormalecortot.com\/en\/wp-json\/wp\/v2\/media?parent=1783"}],"wp:term":[{"taxonomy":"discipline","embeddable":true,"href":"https:\/\/www.ecolenormalecortot.com\/en\/wp-json\/wp\/v2\/discipline?post=1783"}],"curies":[{"name":"wp","href":"https:\/\/api.w.org\/{rel}","templated":true}]}}