{"id":1724,"date":"2023-04-06T17:17:42","date_gmt":"2023-04-06T15:17:42","guid":{"rendered":"https:\/\/web.enmp.fr\/enseignants\/bartal-suzana\/"},"modified":"2025-06-26T14:38:41","modified_gmt":"2025-06-26T12:38:41","slug":"bartal-suzana","status":"publish","type":"teacher","link":"https:\/\/www.ecolenormalecortot.com\/en\/enseignants\/bartal-suzana\/","title":{"rendered":"BARTAL Suzana"},"content":{"rendered":"\n<p>Pianiste franco-hongroise, n\u00e9e \u00e0 Timisoara, Suzana Bartal s\u2019installe en France en 2005 o\u00f9 elle \u00e9tudie Paris et Lyon au Conservatoire National Sup\u00e9rieur de Musique, puis entre 2011 et 2014 \u00e0 l\u2019Universit\u00e9 Yale (Etats-Unis) o\u00f9 elle obtient son doctorat en interpr\u00e9tation.<\/p>\n\n\n\n<p>Vainqueur du prestigieux concours New York Concert Artists Concerto Competition en 2013, elle se produit dans des salles telles que la Philharmonie de Paris, l\u2019Auditorium de Radio France, la Seine Musicale, l\u2019Auditorium du Louvre et la Salle Pleyel, le Concertgebouw d\u2019Amsterdam, le Beethoven-Haus de Bonn, le Merkin Hall \u00e0 New York, le Wallis Annenberg Center Los Angeles, le Palazzetto Bru Zane \u00e0 Venise ou Milton Court \u00e0 Londres et dans des s\u00e9ries importantes comme celle de l\u2019Op\u00e9ra d\u2019Avignon, l\u2019Op\u00e9ra de Vichy, le festival \u00ab Classique au Vert \u00bb \u00e0 Paris, le Festival de P\u00e2ques d\u2019Aix-en-Provence, le Festival de l\u2019Epau, le Festival Berlioz, les Rencontres Musicales d\u2019Evian, le Festival International de musique de Besan\u00e7on ou encore le Festival de Musique de Turku (Finlande).<\/p>\n\n\n\n<p>Suzana a particip\u00e9 \u00e0 de nombreuses \u00e9missions sur ARTE, France Musique, Radio Classique, Europe 1, Radio France Internationale, RTBF, BR (Bayerischer Rundfunk), NDR (Norddeutscher Rundfunk), WDR (West Deutscher Rundfunk), DR (Radio Danoise), Radio Rai 3, RTS, Klassik Radio Autriche, ainsi qu\u2019\u00e0 la radio et t\u00e9l\u00e9vision fran\u00e7aise, roumaine et hongroise.<\/p>\n\n\n\n<p>Son enregistrement de l\u2019int\u00e9grale des \u00abAnn\u00e9es de p\u00e8lerinage\u00bb de Liszt, paru en mars 2020 chez Na\u00efve, re\u00e7oit de chaleureuses critiques: \u201cCes trois disques parfaits, (..) sacrent la nouvelle pr\u00eatresse que le piano de Liszt attendait\u201d (Jean-Charles Hoffel\u00e9).<\/p>\n\n\n\n<p>Salu\u00e9 par la critique internationale, l&#8217;album re\u00e7oit notamment un Prix de la Soci\u00e9t\u00e9 Liszt de Budapest, les &#8220;5 \u00e9toiles&#8221; des magazines Fono Forum en Allemagne et Classical Source au Royaume-Uni. Il a \u00e9galement \u00e9t\u00e9 choisi &#8220;CD du jour&#8221; sur Radio Klassik Autriche. <\/p>\n\n\n\n<p>Interpr\u00e8te tr\u00e8s enthousiaste de la musique contemporaine, Suzana a collabor\u00e9 avec d&#8217;illustres compositeurs d\u2019aujourd\u2019hui, tel Thomas Ad\u00e8s, Eric Tanguy (dont elle cr\u00e9e plusieurs oeuvres) ou R\u00e9gis Campo, ainsi que le compositeur de musique de film Gabriel Yared.<\/p>\n\n\n\n<p>Elle enregistre la musique de chambre d\u2019Eric Tanguy sur un album qui para\u00eet en mai 2022 chez Erato\/Warner avec comme partenaires Edgar Moreau, Lise Berthaud, Pierre G\u00e9nisson, Alexandre Conunova et le Quatuor Diotima. Ce CD re\u00e7oit le Diapason d\u2019Or de l\u2019Ann\u00e9e 2022. Tr\u00e8s active aussi comme chambriste, elle se produit \u00e9galement avec les violonistes Patricia Kopatchinskaja, Andrey Baranov, Julia Pusker, Barnab\u00e1s Kelemen, Alexandra Soumm, Krist\u00f3f Bar\u00e1ti, Josef Spacek, Alina Pogostkina, Rosanne Philippens, Sayaka Shoji, Svetlin Roussev, D\u00e9borah et Sarah Nemtanu, les violoncellistes Henri Demarquette, Istv\u00e1n V\u00e1rdai, Benedict Kl\u00f6ckner et Aur\u00e9lien Pascal, les altistes Adrien La Marca, Diyang Mei et Pierre Lenert, le clarinettiste Rapha\u00ebl S\u00e9v\u00e8re, le trompettiste David Guerrier les Quatuors Calder, Adorno, Za\u00efde et Van Kuijk ou encore le t\u00e9nor Stanislas de Barbeyrac.<\/p>\n\n\n\n<p>Elle joue en soliste avec l\u2019Orchestre Philharmonique de Radio France, l\u2019Orchestre de Chambre de B\u00e2le, l\u2019Orchestre Royal de Chambre de Wallonie, l\u2019Orchestre de Saarbr\u00fccken, l\u2019Orchestre du Nationaltheater Mannheim, l\u2019Orchestre des Pays de Savoie, l\u2019Orchestre Pasdeloup, l\u2019Orchestre National d\u2019Auvergne, l\u2019Orchestre National d\u2019Avignon, l\u2019Orchestre Lamoureux, l\u2019Orchestre Symphonique de Joensuu, le Jyv\u00e4skyl\u00e4 Sinfonia, le Norrlandsopera Symphony Orchestra, sous la direction de chefs tels que Marc Minkowski, Christian Vasquez, Eivind Aadland, Marzena Diakun, Adrien Perruchon, Ariel Zuckermann, Roberto Fores Veses, Eero Lehtim\u00e4ki, Kensho Watanabe, Pieter-Jelle de Boer ou Peter Oundjian.<\/p>\n\n\n\n<p>En 2022, elle est invit\u00e9e comme membre du jury du prestigieux concours Liszt Utrecht. Elle est nomm\u00e9e directrice artistique du Festival Piano \u00e0 Riom depuis 2020.<\/p>\n\n\n\n<p>Depuis la rentr\u00e9e 2024 et elle est nomm\u00e9e professeur de piano \u00e0 l\u2019Ecole Normale de Musique de Paris.<\/p>\n","protected":false},"featured_media":10730,"template":"","discipline":[103],"class_list":["post-1724","teacher","type-teacher","status-publish","has-post-thumbnail","hentry","discipline-piano-en"],"acf":[],"yoast_head":"<!-- This site is optimized with the Yoast SEO plugin v27.5 - https:\/\/yoast.com\/product\/yoast-seo-wordpress\/ -->\n<title>BARTAL Suzana - Ecole Normale de Musique de Paris<\/title>\n<meta name=\"robots\" content=\"index, follow, max-snippet:-1, max-image-preview:large, max-video-preview:-1\" \/>\n<link rel=\"canonical\" href=\"https:\/\/www.ecolenormalecortot.com\/en\/enseignants\/bartal-suzana\/\" \/>\n<meta property=\"og:locale\" content=\"en_US\" \/>\n<meta property=\"og:type\" content=\"article\" \/>\n<meta property=\"og:title\" content=\"BARTAL Suzana - Ecole Normale de Musique de Paris\" \/>\n<meta property=\"og:description\" content=\"Pianiste franco-hongroise, n\u00e9e \u00e0 Timisoara, Suzana Bartal s\u2019installe en France en 2005 o\u00f9 elle \u00e9tudie Paris et Lyon au Conservatoire [&hellip;]\" \/>\n<meta property=\"og:url\" content=\"https:\/\/www.ecolenormalecortot.com\/en\/enseignants\/bartal-suzana\/\" \/>\n<meta property=\"og:site_name\" content=\"Ecole Normale de Musique de Paris\" \/>\n<meta property=\"article:modified_time\" content=\"2025-06-26T12:38:41+00:00\" \/>\n<meta property=\"og:image\" content=\"https:\/\/www.ecolenormalecortot.com\/wp-content\/uploads\/2023\/04\/BARTAL-Suzana-scaled.jpg\" \/>\n\t<meta property=\"og:image:width\" content=\"1707\" \/>\n\t<meta property=\"og:image:height\" content=\"2560\" \/>\n\t<meta property=\"og:image:type\" content=\"image\/jpeg\" \/>\n<meta name=\"twitter:card\" content=\"summary_large_image\" \/>\n<meta name=\"twitter:label1\" content=\"Est. reading time\" \/>\n\t<meta name=\"twitter:data1\" content=\"2 minutes\" \/>\n<script type=\"application\/ld+json\" class=\"yoast-schema-graph\">{\"@context\":\"https:\\\/\\\/schema.org\",\"@graph\":[{\"@type\":\"WebPage\",\"@id\":\"https:\\\/\\\/www.ecolenormalecortot.com\\\/en\\\/enseignants\\\/bartal-suzana\\\/\",\"url\":\"https:\\\/\\\/www.ecolenormalecortot.com\\\/en\\\/enseignants\\\/bartal-suzana\\\/\",\"name\":\"BARTAL Suzana - Ecole Normale de Musique de Paris\",\"isPartOf\":{\"@id\":\"https:\\\/\\\/www.ecolenormalecortot.com\\\/en\\\/#website\"},\"primaryImageOfPage\":{\"@id\":\"https:\\\/\\\/www.ecolenormalecortot.com\\\/en\\\/enseignants\\\/bartal-suzana\\\/#primaryimage\"},\"image\":{\"@id\":\"https:\\\/\\\/www.ecolenormalecortot.com\\\/en\\\/enseignants\\\/bartal-suzana\\\/#primaryimage\"},\"thumbnailUrl\":\"https:\\\/\\\/www.ecolenormalecortot.com\\\/wp-content\\\/uploads\\\/2023\\\/04\\\/BARTAL-Suzana-scaled.jpg\",\"datePublished\":\"2023-04-06T15:17:42+00:00\",\"dateModified\":\"2025-06-26T12:38:41+00:00\",\"breadcrumb\":{\"@id\":\"https:\\\/\\\/www.ecolenormalecortot.com\\\/en\\\/enseignants\\\/bartal-suzana\\\/#breadcrumb\"},\"inLanguage\":\"en-US\",\"potentialAction\":[{\"@type\":\"ReadAction\",\"target\":[\"https:\\\/\\\/www.ecolenormalecortot.com\\\/en\\\/enseignants\\\/bartal-suzana\\\/\"]}]},{\"@type\":\"ImageObject\",\"inLanguage\":\"en-US\",\"@id\":\"https:\\\/\\\/www.ecolenormalecortot.com\\\/en\\\/enseignants\\\/bartal-suzana\\\/#primaryimage\",\"url\":\"https:\\\/\\\/www.ecolenormalecortot.com\\\/wp-content\\\/uploads\\\/2023\\\/04\\\/BARTAL-Suzana-scaled.jpg\",\"contentUrl\":\"https:\\\/\\\/www.ecolenormalecortot.com\\\/wp-content\\\/uploads\\\/2023\\\/04\\\/BARTAL-Suzana-scaled.jpg\",\"width\":1707,\"height\":2560,\"caption\":\"BARTAL Suzana\"},{\"@type\":\"BreadcrumbList\",\"@id\":\"https:\\\/\\\/www.ecolenormalecortot.com\\\/en\\\/enseignants\\\/bartal-suzana\\\/#breadcrumb\",\"itemListElement\":[{\"@type\":\"ListItem\",\"position\":1,\"name\":\"Accueil\",\"item\":\"https:\\\/\\\/www.ecolenormalecortot.com\\\/en\\\/\"},{\"@type\":\"ListItem\",\"position\":2,\"name\":\"Professeurs\",\"item\":\"https:\\\/\\\/www.ecolenormalecortot.com\\\/en\\\/enseignants\\\/\"},{\"@type\":\"ListItem\",\"position\":3,\"name\":\"BARTAL Suzana\"}]},{\"@type\":\"WebSite\",\"@id\":\"https:\\\/\\\/www.ecolenormalecortot.com\\\/en\\\/#website\",\"url\":\"https:\\\/\\\/www.ecolenormalecortot.com\\\/en\\\/\",\"name\":\"Ecole Normale de Musique de Paris\",\"description\":\"\",\"publisher\":{\"@id\":\"https:\\\/\\\/www.ecolenormalecortot.com\\\/en\\\/#organization\"},\"potentialAction\":[{\"@type\":\"SearchAction\",\"target\":{\"@type\":\"EntryPoint\",\"urlTemplate\":\"https:\\\/\\\/www.ecolenormalecortot.com\\\/en\\\/?s={search_term_string}\"},\"query-input\":{\"@type\":\"PropertyValueSpecification\",\"valueRequired\":true,\"valueName\":\"search_term_string\"}}],\"inLanguage\":\"en-US\"},{\"@type\":\"Organization\",\"@id\":\"https:\\\/\\\/www.ecolenormalecortot.com\\\/en\\\/#organization\",\"name\":\"Ecole Normale de Musique de Paris\",\"url\":\"https:\\\/\\\/www.ecolenormalecortot.com\\\/en\\\/\",\"logo\":{\"@type\":\"ImageObject\",\"inLanguage\":\"en-US\",\"@id\":\"https:\\\/\\\/www.ecolenormalecortot.com\\\/en\\\/#\\\/schema\\\/logo\\\/image\\\/\",\"url\":\"https:\\\/\\\/www.ecolenormalecortot.com\\\/wp-content\\\/uploads\\\/2023\\\/02\\\/android-chrome-512x512-1.png\",\"contentUrl\":\"https:\\\/\\\/www.ecolenormalecortot.com\\\/wp-content\\\/uploads\\\/2023\\\/02\\\/android-chrome-512x512-1.png\",\"width\":512,\"height\":512,\"caption\":\"Ecole Normale de Musique de Paris\"},\"image\":{\"@id\":\"https:\\\/\\\/www.ecolenormalecortot.com\\\/en\\\/#\\\/schema\\\/logo\\\/image\\\/\"}}]}<\/script>\n<!-- \/ Yoast SEO plugin. -->","yoast_head_json":{"title":"BARTAL Suzana - Ecole Normale de Musique de Paris","robots":{"index":"index","follow":"follow","max-snippet":"max-snippet:-1","max-image-preview":"max-image-preview:large","max-video-preview":"max-video-preview:-1"},"canonical":"https:\/\/www.ecolenormalecortot.com\/en\/enseignants\/bartal-suzana\/","og_locale":"en_US","og_type":"article","og_title":"BARTAL Suzana - Ecole Normale de Musique de Paris","og_description":"Pianiste franco-hongroise, n\u00e9e \u00e0 Timisoara, Suzana Bartal s\u2019installe en France en 2005 o\u00f9 elle \u00e9tudie Paris et Lyon au Conservatoire [&hellip;]","og_url":"https:\/\/www.ecolenormalecortot.com\/en\/enseignants\/bartal-suzana\/","og_site_name":"Ecole Normale de Musique de Paris","article_modified_time":"2025-06-26T12:38:41+00:00","og_image":[{"width":1707,"height":2560,"url":"https:\/\/www.ecolenormalecortot.com\/wp-content\/uploads\/2023\/04\/BARTAL-Suzana-scaled.jpg","type":"image\/jpeg"}],"twitter_card":"summary_large_image","twitter_misc":{"Est. reading time":"2 minutes"},"schema":{"@context":"https:\/\/schema.org","@graph":[{"@type":"WebPage","@id":"https:\/\/www.ecolenormalecortot.com\/en\/enseignants\/bartal-suzana\/","url":"https:\/\/www.ecolenormalecortot.com\/en\/enseignants\/bartal-suzana\/","name":"BARTAL Suzana - Ecole Normale de Musique de Paris","isPartOf":{"@id":"https:\/\/www.ecolenormalecortot.com\/en\/#website"},"primaryImageOfPage":{"@id":"https:\/\/www.ecolenormalecortot.com\/en\/enseignants\/bartal-suzana\/#primaryimage"},"image":{"@id":"https:\/\/www.ecolenormalecortot.com\/en\/enseignants\/bartal-suzana\/#primaryimage"},"thumbnailUrl":"https:\/\/www.ecolenormalecortot.com\/wp-content\/uploads\/2023\/04\/BARTAL-Suzana-scaled.jpg","datePublished":"2023-04-06T15:17:42+00:00","dateModified":"2025-06-26T12:38:41+00:00","breadcrumb":{"@id":"https:\/\/www.ecolenormalecortot.com\/en\/enseignants\/bartal-suzana\/#breadcrumb"},"inLanguage":"en-US","potentialAction":[{"@type":"ReadAction","target":["https:\/\/www.ecolenormalecortot.com\/en\/enseignants\/bartal-suzana\/"]}]},{"@type":"ImageObject","inLanguage":"en-US","@id":"https:\/\/www.ecolenormalecortot.com\/en\/enseignants\/bartal-suzana\/#primaryimage","url":"https:\/\/www.ecolenormalecortot.com\/wp-content\/uploads\/2023\/04\/BARTAL-Suzana-scaled.jpg","contentUrl":"https:\/\/www.ecolenormalecortot.com\/wp-content\/uploads\/2023\/04\/BARTAL-Suzana-scaled.jpg","width":1707,"height":2560,"caption":"BARTAL Suzana"},{"@type":"BreadcrumbList","@id":"https:\/\/www.ecolenormalecortot.com\/en\/enseignants\/bartal-suzana\/#breadcrumb","itemListElement":[{"@type":"ListItem","position":1,"name":"Accueil","item":"https:\/\/www.ecolenormalecortot.com\/en\/"},{"@type":"ListItem","position":2,"name":"Professeurs","item":"https:\/\/www.ecolenormalecortot.com\/en\/enseignants\/"},{"@type":"ListItem","position":3,"name":"BARTAL Suzana"}]},{"@type":"WebSite","@id":"https:\/\/www.ecolenormalecortot.com\/en\/#website","url":"https:\/\/www.ecolenormalecortot.com\/en\/","name":"Ecole Normale de Musique de Paris","description":"","publisher":{"@id":"https:\/\/www.ecolenormalecortot.com\/en\/#organization"},"potentialAction":[{"@type":"SearchAction","target":{"@type":"EntryPoint","urlTemplate":"https:\/\/www.ecolenormalecortot.com\/en\/?s={search_term_string}"},"query-input":{"@type":"PropertyValueSpecification","valueRequired":true,"valueName":"search_term_string"}}],"inLanguage":"en-US"},{"@type":"Organization","@id":"https:\/\/www.ecolenormalecortot.com\/en\/#organization","name":"Ecole Normale de Musique de Paris","url":"https:\/\/www.ecolenormalecortot.com\/en\/","logo":{"@type":"ImageObject","inLanguage":"en-US","@id":"https:\/\/www.ecolenormalecortot.com\/en\/#\/schema\/logo\/image\/","url":"https:\/\/www.ecolenormalecortot.com\/wp-content\/uploads\/2023\/02\/android-chrome-512x512-1.png","contentUrl":"https:\/\/www.ecolenormalecortot.com\/wp-content\/uploads\/2023\/02\/android-chrome-512x512-1.png","width":512,"height":512,"caption":"Ecole Normale de Musique de Paris"},"image":{"@id":"https:\/\/www.ecolenormalecortot.com\/en\/#\/schema\/logo\/image\/"}}]}},"_links":{"self":[{"href":"https:\/\/www.ecolenormalecortot.com\/en\/wp-json\/wp\/v2\/teacher\/1724","targetHints":{"allow":["GET"]}}],"collection":[{"href":"https:\/\/www.ecolenormalecortot.com\/en\/wp-json\/wp\/v2\/teacher"}],"about":[{"href":"https:\/\/www.ecolenormalecortot.com\/en\/wp-json\/wp\/v2\/types\/teacher"}],"wp:featuredmedia":[{"embeddable":true,"href":"https:\/\/www.ecolenormalecortot.com\/en\/wp-json\/wp\/v2\/media\/10730"}],"wp:attachment":[{"href":"https:\/\/www.ecolenormalecortot.com\/en\/wp-json\/wp\/v2\/media?parent=1724"}],"wp:term":[{"taxonomy":"discipline","embeddable":true,"href":"https:\/\/www.ecolenormalecortot.com\/en\/wp-json\/wp\/v2\/discipline?post=1724"}],"curies":[{"name":"wp","href":"https:\/\/api.w.org\/{rel}","templated":true}]}}