{"id":11310,"date":"2025-05-02T10:54:00","date_gmt":"2025-05-02T08:54:00","guid":{"rendered":"https:\/\/www.ecolenormalecortot.com\/enseignants\/claudia-solal-2\/"},"modified":"2025-11-10T15:35:33","modified_gmt":"2025-11-10T14:35:33","slug":"claudia-solal-2","status":"publish","type":"teacher","link":"https:\/\/www.ecolenormalecortot.com\/en\/enseignants\/claudia-solal-2\/","title":{"rendered":"SOLAL Claudia"},"content":{"rendered":"\n<p>Untamed musician and adventurer, singer, and songwriter, Claudia Solal has been performing for over 25 years in France and abroad, on some of the most prestigious stages and festivals. Her singular collaborations and diverse artistic experiences have played a key role in developing a unique and captivating vocal language, at the crossroads of written material and improvised songs. She likes to call them&nbsp;<em>offshore songs<\/em>.<\/p>\n\n\n\n<p id=\"block-939c34cc-ba27-43af-be8b-cbea75a8c7d6\">After her widely acclaimed early albums\u2014<em>My Own Foolosophy<\/em>&nbsp;(with Baptiste Trotignon, 1998),&nbsp;<em>Porridge Days<\/em>&nbsp;(with Benjamin Moussay, 2005 \u2013 Acad\u00e9mie Charles Cros \u201cCoup de C\u0153ur\u201d), and&nbsp;<em>Room Service<\/em>&nbsp;(with the quartet Spoonbox, 2010 \u2013 \u201cffff\u201d T\u00e9l\u00e9rama)\u2014<em>Butter in My Brain<\/em>&nbsp;(with Benjamin Moussay, 2017 \u2013 \u201cffff\u201d T\u00e9l\u00e9rama, 4 stars Jazzmagazine) was met with resounding praise.<br>The album was nominated at the 2018 Victoires du Jazz awards in the \u201cUnclassifiable Album\u201d category.&nbsp;<em>Punk Moon<\/em>&nbsp;(due Spring 2025), the fourth installment of their collaboration, is an album of orchestral and lunar pop songs that prominently features modular synthesizers.<br>In 2020, the album&nbsp;<em>Hopetown<\/em>&nbsp;(RogueArt \u2013 \u201cCHOC\u201d Jazzmagazine \/ \u201cffff\u201d T\u00e9l\u00e9rama) marked the continuation of her duo work with Beno\u00eet Delbecq, which began in Chicago in 2015 with artists like Katie Young, Tomeka Reid, and Lou Mallozzi. A new album is currently in preparation. Meanwhile,&nbsp;<em>C\u00e9r\u00e9monie de th\u00e9<\/em>, a new trio with Hasse Poulsen and Simon Drappier, began performing in 2024. Written in French, the project is an ode to nature, blending romanticism and post-modernism.<\/p>\n\n\n\n<p id=\"block-27e1de21-a87d-45e5-aeed-d8e66d17c807\">Claudia Solal is currently performing in a trio with Didier Petit and Philippe Foch (<em>Les Ferrailleurs du ciel<\/em>&nbsp;\u2013 Grand Prix of the Acad\u00e9mie Charles Cros 2018 \/ tours in Mexico, China, Korea, the Baltic States, Finland&#8230;), with Fran\u00e7oise Toullec (<em>5tet La Banquise<\/em>), Christophe Rocher (Ensemble Nautilis), and in a trio with Jean-Charles Richard and Marc Copland.<\/p>\n\n\n\n<p id=\"block-fd82896b-7a56-49db-9a47-5d1c10e3d3b9\">A sought-after sidewoman and soloist, she has appeared in recent years in Yves Rousseau\u2019s sextet (<em>Po\u00e8te, vos papiers<\/em>, a tribute to L\u00e9o Ferr\u00e9) alongside Jeanne Added, in a duo with her father Martial Solal as well as in his&nbsp;<em>Newdecaband<\/em>, in the quintet&nbsp;<em>Les \u00c2mes Papillons<\/em>, Jean-Marie Machado\u2019s&nbsp;<em>Danzas<\/em>&nbsp;orchestra, the improvising vocal trio&nbsp;<em>La Th\u00e9orie du Chaos<\/em>(with M\u00e9d\u00e9ric Collignon and L\u00ea Xuy Xu\u00e2n), Jean-Marc Foltz\u2019s&nbsp;<em>Eleanora Suite<\/em>&nbsp;with R\u00e9gis Huby, the duo&nbsp;<em>Equivoxe<\/em>&nbsp;with singer Val\u00e9rie Philippin, the duo&nbsp;<em>Moldaves!<\/em>&nbsp;with Sylvain Kassap, and in Diego Imbert\u2019s&nbsp;<em>Le Vent Nocturne<\/em>&nbsp;(based on poems by Apollinaire) for strings and woodwinds.<\/p>\n\n\n\n<p>Since 1998, she has also been deeply involved in vocal pedagogy (workshops, masterclasses), particularly with the company&nbsp;<em>D\u2019un instant \u00e0 l\u2019autre<\/em>. She taught at the Strasbourg Conservatory (CRR) from 2005 to 2023, at the Haute \u00c9cole des Arts du Rhin, and at the conservatories of Paris\u2019 7th and 13th districts. She currently teaches at the PSPBB in Paris. Additionally, she composes for television and theater, and lends her voice to radio and cinema projects<\/p>\n","protected":false},"featured_media":10092,"template":"","discipline":[187,111],"class_list":["post-11310","teacher","type-teacher","status-publish","has-post-thumbnail","hentry","discipline-jazz-en","discipline-singing"],"acf":[],"yoast_head":"<!-- This site is optimized with the Yoast SEO plugin v27.5 - https:\/\/yoast.com\/product\/yoast-seo-wordpress\/ -->\n<title>SOLAL Claudia - Ecole Normale de Musique de Paris<\/title>\n<meta name=\"robots\" content=\"index, follow, max-snippet:-1, max-image-preview:large, max-video-preview:-1\" \/>\n<link rel=\"canonical\" href=\"https:\/\/www.ecolenormalecortot.com\/en\/enseignants\/claudia-solal-2\/\" \/>\n<meta property=\"og:locale\" content=\"en_US\" \/>\n<meta property=\"og:type\" content=\"article\" \/>\n<meta property=\"og:title\" content=\"SOLAL Claudia - Ecole Normale de Musique de Paris\" \/>\n<meta property=\"og:description\" content=\"Untamed musician and adventurer, singer, and songwriter, Claudia Solal has been performing for over 25 years in France and abroad, [&hellip;]\" \/>\n<meta property=\"og:url\" content=\"https:\/\/www.ecolenormalecortot.com\/en\/enseignants\/claudia-solal-2\/\" \/>\n<meta property=\"og:site_name\" content=\"Ecole Normale de Musique de Paris\" \/>\n<meta property=\"article:modified_time\" content=\"2025-11-10T14:35:33+00:00\" \/>\n<meta property=\"og:image\" content=\"https:\/\/www.ecolenormalecortot.com\/wp-content\/uploads\/2025\/05\/Image-1.jpg\" \/>\n\t<meta property=\"og:image:width\" content=\"1608\" \/>\n\t<meta property=\"og:image:height\" content=\"1200\" \/>\n\t<meta property=\"og:image:type\" content=\"image\/jpeg\" \/>\n<meta name=\"twitter:card\" content=\"summary_large_image\" \/>\n<meta name=\"twitter:label1\" content=\"Est. reading time\" \/>\n\t<meta name=\"twitter:data1\" content=\"3 minutes\" \/>\n<script type=\"application\/ld+json\" class=\"yoast-schema-graph\">{\"@context\":\"https:\\\/\\\/schema.org\",\"@graph\":[{\"@type\":\"WebPage\",\"@id\":\"https:\\\/\\\/www.ecolenormalecortot.com\\\/en\\\/enseignants\\\/claudia-solal-2\\\/\",\"url\":\"https:\\\/\\\/www.ecolenormalecortot.com\\\/en\\\/enseignants\\\/claudia-solal-2\\\/\",\"name\":\"SOLAL Claudia - Ecole Normale de Musique de Paris\",\"isPartOf\":{\"@id\":\"https:\\\/\\\/www.ecolenormalecortot.com\\\/en\\\/#website\"},\"primaryImageOfPage\":{\"@id\":\"https:\\\/\\\/www.ecolenormalecortot.com\\\/en\\\/enseignants\\\/claudia-solal-2\\\/#primaryimage\"},\"image\":{\"@id\":\"https:\\\/\\\/www.ecolenormalecortot.com\\\/en\\\/enseignants\\\/claudia-solal-2\\\/#primaryimage\"},\"thumbnailUrl\":\"https:\\\/\\\/www.ecolenormalecortot.com\\\/wp-content\\\/uploads\\\/2025\\\/05\\\/Image-1.jpg\",\"datePublished\":\"2025-05-02T08:54:00+00:00\",\"dateModified\":\"2025-11-10T14:35:33+00:00\",\"breadcrumb\":{\"@id\":\"https:\\\/\\\/www.ecolenormalecortot.com\\\/en\\\/enseignants\\\/claudia-solal-2\\\/#breadcrumb\"},\"inLanguage\":\"en-US\",\"potentialAction\":[{\"@type\":\"ReadAction\",\"target\":[\"https:\\\/\\\/www.ecolenormalecortot.com\\\/en\\\/enseignants\\\/claudia-solal-2\\\/\"]}]},{\"@type\":\"ImageObject\",\"inLanguage\":\"en-US\",\"@id\":\"https:\\\/\\\/www.ecolenormalecortot.com\\\/en\\\/enseignants\\\/claudia-solal-2\\\/#primaryimage\",\"url\":\"https:\\\/\\\/www.ecolenormalecortot.com\\\/wp-content\\\/uploads\\\/2025\\\/05\\\/Image-1.jpg\",\"contentUrl\":\"https:\\\/\\\/www.ecolenormalecortot.com\\\/wp-content\\\/uploads\\\/2025\\\/05\\\/Image-1.jpg\",\"width\":1608,\"height\":1200},{\"@type\":\"BreadcrumbList\",\"@id\":\"https:\\\/\\\/www.ecolenormalecortot.com\\\/en\\\/enseignants\\\/claudia-solal-2\\\/#breadcrumb\",\"itemListElement\":[{\"@type\":\"ListItem\",\"position\":1,\"name\":\"Accueil\",\"item\":\"https:\\\/\\\/www.ecolenormalecortot.com\\\/en\\\/\"},{\"@type\":\"ListItem\",\"position\":2,\"name\":\"Professeurs\",\"item\":\"https:\\\/\\\/www.ecolenormalecortot.com\\\/en\\\/enseignants\\\/\"},{\"@type\":\"ListItem\",\"position\":3,\"name\":\"SOLAL Claudia\"}]},{\"@type\":\"WebSite\",\"@id\":\"https:\\\/\\\/www.ecolenormalecortot.com\\\/en\\\/#website\",\"url\":\"https:\\\/\\\/www.ecolenormalecortot.com\\\/en\\\/\",\"name\":\"Ecole Normale de Musique de Paris\",\"description\":\"\",\"publisher\":{\"@id\":\"https:\\\/\\\/www.ecolenormalecortot.com\\\/en\\\/#organization\"},\"potentialAction\":[{\"@type\":\"SearchAction\",\"target\":{\"@type\":\"EntryPoint\",\"urlTemplate\":\"https:\\\/\\\/www.ecolenormalecortot.com\\\/en\\\/?s={search_term_string}\"},\"query-input\":{\"@type\":\"PropertyValueSpecification\",\"valueRequired\":true,\"valueName\":\"search_term_string\"}}],\"inLanguage\":\"en-US\"},{\"@type\":\"Organization\",\"@id\":\"https:\\\/\\\/www.ecolenormalecortot.com\\\/en\\\/#organization\",\"name\":\"Ecole Normale de Musique de Paris\",\"url\":\"https:\\\/\\\/www.ecolenormalecortot.com\\\/en\\\/\",\"logo\":{\"@type\":\"ImageObject\",\"inLanguage\":\"en-US\",\"@id\":\"https:\\\/\\\/www.ecolenormalecortot.com\\\/en\\\/#\\\/schema\\\/logo\\\/image\\\/\",\"url\":\"https:\\\/\\\/www.ecolenormalecortot.com\\\/wp-content\\\/uploads\\\/2023\\\/02\\\/android-chrome-512x512-1.png\",\"contentUrl\":\"https:\\\/\\\/www.ecolenormalecortot.com\\\/wp-content\\\/uploads\\\/2023\\\/02\\\/android-chrome-512x512-1.png\",\"width\":512,\"height\":512,\"caption\":\"Ecole Normale de Musique de Paris\"},\"image\":{\"@id\":\"https:\\\/\\\/www.ecolenormalecortot.com\\\/en\\\/#\\\/schema\\\/logo\\\/image\\\/\"}}]}<\/script>\n<!-- \/ Yoast SEO plugin. -->","yoast_head_json":{"title":"SOLAL Claudia - Ecole Normale de Musique de Paris","robots":{"index":"index","follow":"follow","max-snippet":"max-snippet:-1","max-image-preview":"max-image-preview:large","max-video-preview":"max-video-preview:-1"},"canonical":"https:\/\/www.ecolenormalecortot.com\/en\/enseignants\/claudia-solal-2\/","og_locale":"en_US","og_type":"article","og_title":"SOLAL Claudia - Ecole Normale de Musique de Paris","og_description":"Untamed musician and adventurer, singer, and songwriter, Claudia Solal has been performing for over 25 years in France and abroad, [&hellip;]","og_url":"https:\/\/www.ecolenormalecortot.com\/en\/enseignants\/claudia-solal-2\/","og_site_name":"Ecole Normale de Musique de Paris","article_modified_time":"2025-11-10T14:35:33+00:00","og_image":[{"width":1608,"height":1200,"url":"https:\/\/www.ecolenormalecortot.com\/wp-content\/uploads\/2025\/05\/Image-1.jpg","type":"image\/jpeg"}],"twitter_card":"summary_large_image","twitter_misc":{"Est. reading time":"3 minutes"},"schema":{"@context":"https:\/\/schema.org","@graph":[{"@type":"WebPage","@id":"https:\/\/www.ecolenormalecortot.com\/en\/enseignants\/claudia-solal-2\/","url":"https:\/\/www.ecolenormalecortot.com\/en\/enseignants\/claudia-solal-2\/","name":"SOLAL Claudia - Ecole Normale de Musique de Paris","isPartOf":{"@id":"https:\/\/www.ecolenormalecortot.com\/en\/#website"},"primaryImageOfPage":{"@id":"https:\/\/www.ecolenormalecortot.com\/en\/enseignants\/claudia-solal-2\/#primaryimage"},"image":{"@id":"https:\/\/www.ecolenormalecortot.com\/en\/enseignants\/claudia-solal-2\/#primaryimage"},"thumbnailUrl":"https:\/\/www.ecolenormalecortot.com\/wp-content\/uploads\/2025\/05\/Image-1.jpg","datePublished":"2025-05-02T08:54:00+00:00","dateModified":"2025-11-10T14:35:33+00:00","breadcrumb":{"@id":"https:\/\/www.ecolenormalecortot.com\/en\/enseignants\/claudia-solal-2\/#breadcrumb"},"inLanguage":"en-US","potentialAction":[{"@type":"ReadAction","target":["https:\/\/www.ecolenormalecortot.com\/en\/enseignants\/claudia-solal-2\/"]}]},{"@type":"ImageObject","inLanguage":"en-US","@id":"https:\/\/www.ecolenormalecortot.com\/en\/enseignants\/claudia-solal-2\/#primaryimage","url":"https:\/\/www.ecolenormalecortot.com\/wp-content\/uploads\/2025\/05\/Image-1.jpg","contentUrl":"https:\/\/www.ecolenormalecortot.com\/wp-content\/uploads\/2025\/05\/Image-1.jpg","width":1608,"height":1200},{"@type":"BreadcrumbList","@id":"https:\/\/www.ecolenormalecortot.com\/en\/enseignants\/claudia-solal-2\/#breadcrumb","itemListElement":[{"@type":"ListItem","position":1,"name":"Accueil","item":"https:\/\/www.ecolenormalecortot.com\/en\/"},{"@type":"ListItem","position":2,"name":"Professeurs","item":"https:\/\/www.ecolenormalecortot.com\/en\/enseignants\/"},{"@type":"ListItem","position":3,"name":"SOLAL Claudia"}]},{"@type":"WebSite","@id":"https:\/\/www.ecolenormalecortot.com\/en\/#website","url":"https:\/\/www.ecolenormalecortot.com\/en\/","name":"Ecole Normale de Musique de Paris","description":"","publisher":{"@id":"https:\/\/www.ecolenormalecortot.com\/en\/#organization"},"potentialAction":[{"@type":"SearchAction","target":{"@type":"EntryPoint","urlTemplate":"https:\/\/www.ecolenormalecortot.com\/en\/?s={search_term_string}"},"query-input":{"@type":"PropertyValueSpecification","valueRequired":true,"valueName":"search_term_string"}}],"inLanguage":"en-US"},{"@type":"Organization","@id":"https:\/\/www.ecolenormalecortot.com\/en\/#organization","name":"Ecole Normale de Musique de Paris","url":"https:\/\/www.ecolenormalecortot.com\/en\/","logo":{"@type":"ImageObject","inLanguage":"en-US","@id":"https:\/\/www.ecolenormalecortot.com\/en\/#\/schema\/logo\/image\/","url":"https:\/\/www.ecolenormalecortot.com\/wp-content\/uploads\/2023\/02\/android-chrome-512x512-1.png","contentUrl":"https:\/\/www.ecolenormalecortot.com\/wp-content\/uploads\/2023\/02\/android-chrome-512x512-1.png","width":512,"height":512,"caption":"Ecole Normale de Musique de Paris"},"image":{"@id":"https:\/\/www.ecolenormalecortot.com\/en\/#\/schema\/logo\/image\/"}}]}},"_links":{"self":[{"href":"https:\/\/www.ecolenormalecortot.com\/en\/wp-json\/wp\/v2\/teacher\/11310","targetHints":{"allow":["GET"]}}],"collection":[{"href":"https:\/\/www.ecolenormalecortot.com\/en\/wp-json\/wp\/v2\/teacher"}],"about":[{"href":"https:\/\/www.ecolenormalecortot.com\/en\/wp-json\/wp\/v2\/types\/teacher"}],"wp:featuredmedia":[{"embeddable":true,"href":"https:\/\/www.ecolenormalecortot.com\/en\/wp-json\/wp\/v2\/media\/10092"}],"wp:attachment":[{"href":"https:\/\/www.ecolenormalecortot.com\/en\/wp-json\/wp\/v2\/media?parent=11310"}],"wp:term":[{"taxonomy":"discipline","embeddable":true,"href":"https:\/\/www.ecolenormalecortot.com\/en\/wp-json\/wp\/v2\/discipline?post=11310"}],"curies":[{"name":"wp","href":"https:\/\/api.w.org\/{rel}","templated":true}]}}