{"id":8870,"date":"2025-02-12T18:18:13","date_gmt":"2025-02-12T17:18:13","guid":{"rendered":"https:\/\/www.ecolenormalecortot.com\/?page_id=8870"},"modified":"2025-02-13T16:13:47","modified_gmt":"2025-02-13T15:13:47","slug":"a-legacy-of-excellence","status":"publish","type":"page","link":"https:\/\/www.ecolenormalecortot.com\/en\/the-school\/a-legacy-of-excellence\/","title":{"rendered":"A legacy of excellence"},"content":{"rendered":"\n<figure class=\"wp-block-image size-large\"><img loading=\"lazy\" decoding=\"async\" width=\"1024\" height=\"686\" src=\"https:\/\/www.ecolenormalecortot.com\/wp-content\/uploads\/2025\/02\/Pierre-Petit--1024x686.png\" alt=\"Un h\u00e9ritage d'excellence - Remise de la L\u00e9gion d'Honneur \u00e0 Pierre Petit\" class=\"wp-image-8849\" style=\"aspect-ratio:16\/9;object-fit:cover\" srcset=\"https:\/\/www.ecolenormalecortot.com\/wp-content\/uploads\/2025\/02\/Pierre-Petit--1024x686.png 1024w, https:\/\/www.ecolenormalecortot.com\/wp-content\/uploads\/2025\/02\/Pierre-Petit--300x201.png 300w, https:\/\/www.ecolenormalecortot.com\/wp-content\/uploads\/2025\/02\/Pierre-Petit--768x515.png 768w, https:\/\/www.ecolenormalecortot.com\/wp-content\/uploads\/2025\/02\/Pierre-Petit--1536x1029.png 1536w, https:\/\/www.ecolenormalecortot.com\/wp-content\/uploads\/2025\/02\/Pierre-Petit--1320x885.png 1320w, https:\/\/www.ecolenormalecortot.com\/wp-content\/uploads\/2025\/02\/Pierre-Petit-.png 1552w\" sizes=\"auto, (max-width: 1024px) 100vw, 1024px\" \/><figcaption class=\"wp-element-caption\">Ceremony awarding the L\u00e9gion d&#8217;Honneur to Pierre Petit, Director of the school from 1963 until his death in 2000.<\/figcaption><\/figure>\n\n\n\n<p><a href=\"https:\/\/www.ecolenormalecortot.com\/lecole\/histoire-de-lecole\/\">Since its creation<\/a>, the \u00c9cole Normale de Musique de Paris has been led by committed figures who have contributed to its international reputation and preserved a legacy of excellence. Among them, Pierre Petit (1922-2000), composer, music critic and writer, played a central role in the preservation and evolution of the institution.<\/p>\n\n\n\n<p>Director of the school for several decades, he ensured that the legacy of its founders was perpetuated, while adapting teaching to the musical evolutions of the twentieth century. His commitment has enabled the \u00c9cole Normale de Musique to remain a benchmark for the training of musicians. Other directors have also marked the history of the establishment, ensuring continuity in the pedagogical and artistic excellence for which the school is still renowned today.<\/p>\n\n\n\n<p><\/p>\n\n\n\n<figure class=\"wp-block-gallery has-nested-images columns-default is-cropped wp-block-gallery-1 is-layout-flex wp-block-gallery-is-layout-flex\">\n<figure class=\"wp-block-image size-large\"><img loading=\"lazy\" decoding=\"async\" width=\"373\" height=\"512\" data-id=\"8827\" src=\"https:\/\/www.ecolenormalecortot.com\/wp-content\/uploads\/2025\/02\/nadia-boulanger.jpg\" alt=\"\" class=\"wp-image-8827\" srcset=\"https:\/\/www.ecolenormalecortot.com\/wp-content\/uploads\/2025\/02\/nadia-boulanger.jpg 373w, https:\/\/www.ecolenormalecortot.com\/wp-content\/uploads\/2025\/02\/nadia-boulanger-219x300.jpg 219w\" sizes=\"auto, (max-width: 373px) 100vw, 373px\" \/><figcaption class=\"wp-element-caption\">Nadia Boulanger<\/figcaption><\/figure>\n\n\n\n<figure class=\"wp-block-image size-large\"><img loading=\"lazy\" decoding=\"async\" width=\"1024\" height=\"580\" data-id=\"8829\" src=\"https:\/\/www.ecolenormalecortot.com\/wp-content\/uploads\/2025\/02\/Pablo-Casals-1024x580.jpg\" alt=\"\" class=\"wp-image-8829\" srcset=\"https:\/\/www.ecolenormalecortot.com\/wp-content\/uploads\/2025\/02\/Pablo-Casals-1024x580.jpg 1024w, https:\/\/www.ecolenormalecortot.com\/wp-content\/uploads\/2025\/02\/Pablo-Casals-300x170.jpg 300w, https:\/\/www.ecolenormalecortot.com\/wp-content\/uploads\/2025\/02\/Pablo-Casals-768x435.jpg 768w, https:\/\/www.ecolenormalecortot.com\/wp-content\/uploads\/2025\/02\/Pablo-Casals.jpg 1200w\" sizes=\"auto, (max-width: 1024px) 100vw, 1024px\" \/><figcaption class=\"wp-element-caption\">Pablo Casals<\/figcaption><\/figure>\n\n\n\n<figure class=\"wp-block-image size-large\"><img loading=\"lazy\" decoding=\"async\" width=\"400\" height=\"300\" data-id=\"8831\" src=\"https:\/\/www.ecolenormalecortot.com\/wp-content\/uploads\/2025\/02\/Arhtur-Honegger.jpg\" alt=\"\" class=\"wp-image-8831\" srcset=\"https:\/\/www.ecolenormalecortot.com\/wp-content\/uploads\/2025\/02\/Arhtur-Honegger.jpg 400w, https:\/\/www.ecolenormalecortot.com\/wp-content\/uploads\/2025\/02\/Arhtur-Honegger-300x225.jpg 300w\" sizes=\"auto, (max-width: 400px) 100vw, 400px\" \/><figcaption class=\"wp-element-caption\">Arthur Honegger<\/figcaption><\/figure>\n\n\n\n<figure class=\"wp-block-image size-large\"><img loading=\"lazy\" decoding=\"async\" width=\"1024\" height=\"678\" data-id=\"8833\" src=\"https:\/\/www.ecolenormalecortot.com\/wp-content\/uploads\/2025\/02\/Alberto-Ponce--1024x678.png\" alt=\"\" class=\"wp-image-8833\" srcset=\"https:\/\/www.ecolenormalecortot.com\/wp-content\/uploads\/2025\/02\/Alberto-Ponce--1024x678.png 1024w, https:\/\/www.ecolenormalecortot.com\/wp-content\/uploads\/2025\/02\/Alberto-Ponce--300x199.png 300w, https:\/\/www.ecolenormalecortot.com\/wp-content\/uploads\/2025\/02\/Alberto-Ponce--768x509.png 768w, https:\/\/www.ecolenormalecortot.com\/wp-content\/uploads\/2025\/02\/Alberto-Ponce--1536x1018.png 1536w, https:\/\/www.ecolenormalecortot.com\/wp-content\/uploads\/2025\/02\/Alberto-Ponce--2048x1357.png 2048w, https:\/\/www.ecolenormalecortot.com\/wp-content\/uploads\/2025\/02\/Alberto-Ponce--1320x875.png 1320w\" sizes=\"auto, (max-width: 1024px) 100vw, 1024px\" \/><figcaption class=\"wp-element-caption\">Alberto Ponce<\/figcaption><\/figure>\n\n\n\n<figure class=\"wp-block-image size-large\"><img loading=\"lazy\" decoding=\"async\" width=\"204\" height=\"247\" data-id=\"8835\" src=\"https:\/\/www.ecolenormalecortot.com\/wp-content\/uploads\/2025\/02\/Dutilleux.jpeg\" alt=\"\" class=\"wp-image-8835\"\/><figcaption class=\"wp-element-caption\">Henri Dutilleux<\/figcaption><\/figure>\n\n\n\n<figure class=\"wp-block-image size-large\"><img loading=\"lazy\" decoding=\"async\" width=\"474\" height=\"675\" data-id=\"8837\" src=\"https:\/\/www.ecolenormalecortot.com\/wp-content\/uploads\/2025\/02\/Marcel-Dupre-.jpg\" alt=\"\" class=\"wp-image-8837\" srcset=\"https:\/\/www.ecolenormalecortot.com\/wp-content\/uploads\/2025\/02\/Marcel-Dupre-.jpg 474w, https:\/\/www.ecolenormalecortot.com\/wp-content\/uploads\/2025\/02\/Marcel-Dupre--211x300.jpg 211w\" sizes=\"auto, (max-width: 474px) 100vw, 474px\" \/><figcaption class=\"wp-element-caption\">Marcel Dupr\u00e9<\/figcaption><\/figure>\n\n\n\n<figure class=\"wp-block-image size-large\"><img loading=\"lazy\" decoding=\"async\" width=\"1015\" height=\"1024\" data-id=\"8839\" src=\"https:\/\/www.ecolenormalecortot.com\/wp-content\/uploads\/2025\/02\/Olivier-Messiaen-1015x1024.webp\" alt=\"\" class=\"wp-image-8839\" srcset=\"https:\/\/www.ecolenormalecortot.com\/wp-content\/uploads\/2025\/02\/Olivier-Messiaen-1015x1024.webp 1015w, https:\/\/www.ecolenormalecortot.com\/wp-content\/uploads\/2025\/02\/Olivier-Messiaen-297x300.webp 297w, https:\/\/www.ecolenormalecortot.com\/wp-content\/uploads\/2025\/02\/Olivier-Messiaen-150x150.webp 150w, https:\/\/www.ecolenormalecortot.com\/wp-content\/uploads\/2025\/02\/Olivier-Messiaen-768x775.webp 768w, https:\/\/www.ecolenormalecortot.com\/wp-content\/uploads\/2025\/02\/Olivier-Messiaen-1523x1536.webp 1523w, https:\/\/www.ecolenormalecortot.com\/wp-content\/uploads\/2025\/02\/Olivier-Messiaen-1320x1332.webp 1320w, https:\/\/www.ecolenormalecortot.com\/wp-content\/uploads\/2025\/02\/Olivier-Messiaen.webp 1600w\" sizes=\"auto, (max-width: 1015px) 100vw, 1015px\" \/><figcaption class=\"wp-element-caption\">Olivier Messiaen<\/figcaption><\/figure>\n\n\n\n<figure class=\"wp-block-image size-large\"><img loading=\"lazy\" decoding=\"async\" width=\"866\" height=\"1024\" data-id=\"8845\" src=\"https:\/\/www.ecolenormalecortot.com\/wp-content\/uploads\/2025\/02\/Renaldo-Hahn-866x1024.jpg\" alt=\"\" class=\"wp-image-8845\" srcset=\"https:\/\/www.ecolenormalecortot.com\/wp-content\/uploads\/2025\/02\/Renaldo-Hahn-866x1024.jpg 866w, https:\/\/www.ecolenormalecortot.com\/wp-content\/uploads\/2025\/02\/Renaldo-Hahn-254x300.jpg 254w, https:\/\/www.ecolenormalecortot.com\/wp-content\/uploads\/2025\/02\/Renaldo-Hahn-768x908.jpg 768w, https:\/\/www.ecolenormalecortot.com\/wp-content\/uploads\/2025\/02\/Renaldo-Hahn.jpg 1066w\" sizes=\"auto, (max-width: 866px) 100vw, 866px\" \/><figcaption class=\"wp-element-caption\">Reynaldo Hahn<\/figcaption><\/figure>\n\n\n\n<figure class=\"wp-block-image size-large\"><img loading=\"lazy\" decoding=\"async\" width=\"360\" height=\"360\" data-id=\"8847\" src=\"https:\/\/www.ecolenormalecortot.com\/wp-content\/uploads\/2025\/02\/ob_b85555_long-marguerite02.jpg\" alt=\"\" class=\"wp-image-8847\" srcset=\"https:\/\/www.ecolenormalecortot.com\/wp-content\/uploads\/2025\/02\/ob_b85555_long-marguerite02.jpg 360w, https:\/\/www.ecolenormalecortot.com\/wp-content\/uploads\/2025\/02\/ob_b85555_long-marguerite02-300x300.jpg 300w, https:\/\/www.ecolenormalecortot.com\/wp-content\/uploads\/2025\/02\/ob_b85555_long-marguerite02-150x150.jpg 150w\" sizes=\"auto, (max-width: 360px) 100vw, 360px\" \/><figcaption class=\"wp-element-caption\">Maguerite Long<\/figcaption><\/figure>\n<\/figure>\n\n\n\n<p>The \u00c9cole Normale de Musique de Paris has established itself as a leading centre for the transmission of musical knowledge, thanks to the teaching of illustrious figures who have left their mark on the history of music.<\/p>\n\n\n\n<p>Among them, Nadia Boulanger, a true mentor to generations of composers, shaped the musical language of the 20th century through her rigorous teaching and exceptional vision. Paul Dukas, famous for his Sorcerer&#8217;s Apprentice, influenced musicians with his exacting standards and attention to detail. Reynaldo Hahn, a refined composer and virtuoso pianist, passed on his taste for elegance and musical sensitivity to his pupils.<\/p>\n\n\n\n<p>Marguerite Long, the great piano teacher, trained numerous performers and collaborated with the greatest composers of her time. Alberto Ponce, undisputed master of the classical guitar, left an indelible imprint on several generations of instrumentalists.<\/p>\n\n\n\n<p>Organ and sacred music also found remarkable masters at the \u00c9cole Normale de Musique, such as Marcel Dupr\u00e9, an outstanding virtuoso and improviser, and Olivier Messiaen, whose teaching influenced some of the most innovative composers of the 20th century.<\/p>\n\n\n\n<p>In the field of composition, Henri Dutilleux and Arthur Honegger gave their students a bold, personal vision of musical writing. Finally, cellist Pablo Casals, a mythical figure on his instrument, inspired students with his expressive playing and artistic commitment.<\/p>\n\n\n\n<p>Thanks to these exceptional teachers, the \u00c9cole Normale de Musique has preserved and enriched a tradition of excellence that continues to inspire musicians the world over.<\/p>\n\n\n\n<p><\/p>\n\n\n\n<p><\/p>\n","protected":false},"excerpt":{"rendered":"<p>Since its creation, the \u00c9cole Normale de Musique de Paris has been led by committed figures who have contributed to [&hellip;]<\/p>\n","protected":false},"author":8,"featured_media":0,"parent":859,"menu_order":0,"comment_status":"closed","ping_status":"closed","template":"","meta":{"_acf_changed":false,"footnotes":""},"class_list":["post-8870","page","type-page","status-publish","hentry"],"acf":[],"yoast_head":"<!-- This site is optimized with the Yoast SEO plugin v27.5 - https:\/\/yoast.com\/product\/yoast-seo-wordpress\/ -->\n<title>A legacy of excellence - Ecole Normale de Musique de Paris<\/title>\n<meta name=\"description\" content=\"Discover the School&#039;s legacy of excellence with the personalities who have left their mark on music history.\" \/>\n<meta name=\"robots\" content=\"index, follow, max-snippet:-1, max-image-preview:large, max-video-preview:-1\" \/>\n<link rel=\"canonical\" href=\"https:\/\/www.ecolenormalecortot.com\/en\/the-school\/a-legacy-of-excellence\/\" \/>\n<meta property=\"og:locale\" content=\"en_US\" \/>\n<meta property=\"og:type\" content=\"article\" \/>\n<meta property=\"og:title\" content=\"A legacy of excellence - Ecole Normale de Musique de Paris\" \/>\n<meta property=\"og:description\" content=\"Discover the School&#039;s legacy of excellence with the personalities who have left their mark on music history.\" \/>\n<meta property=\"og:url\" content=\"https:\/\/www.ecolenormalecortot.com\/en\/the-school\/a-legacy-of-excellence\/\" \/>\n<meta property=\"og:site_name\" content=\"Ecole Normale de Musique de Paris\" \/>\n<meta property=\"article:modified_time\" content=\"2025-02-13T15:13:47+00:00\" \/>\n<meta property=\"og:image\" content=\"https:\/\/www.ecolenormalecortot.com\/wp-content\/uploads\/2025\/02\/Pierre-Petit-.png\" \/>\n\t<meta property=\"og:image:width\" content=\"1552\" \/>\n\t<meta property=\"og:image:height\" content=\"1040\" \/>\n\t<meta property=\"og:image:type\" content=\"image\/png\" \/>\n<meta name=\"twitter:card\" content=\"summary_large_image\" \/>\n<meta name=\"twitter:label1\" content=\"Est. reading time\" \/>\n\t<meta name=\"twitter:data1\" content=\"5 minutes\" \/>\n<script type=\"application\/ld+json\" class=\"yoast-schema-graph\">{\"@context\":\"https:\\\/\\\/schema.org\",\"@graph\":[{\"@type\":\"WebPage\",\"@id\":\"https:\\\/\\\/www.ecolenormalecortot.com\\\/en\\\/the-school\\\/a-legacy-of-excellence\\\/\",\"url\":\"https:\\\/\\\/www.ecolenormalecortot.com\\\/en\\\/the-school\\\/a-legacy-of-excellence\\\/\",\"name\":\"A legacy of excellence - Ecole Normale de Musique de Paris\",\"isPartOf\":{\"@id\":\"https:\\\/\\\/www.ecolenormalecortot.com\\\/en\\\/#website\"},\"primaryImageOfPage\":{\"@id\":\"https:\\\/\\\/www.ecolenormalecortot.com\\\/en\\\/the-school\\\/a-legacy-of-excellence\\\/#primaryimage\"},\"image\":{\"@id\":\"https:\\\/\\\/www.ecolenormalecortot.com\\\/en\\\/the-school\\\/a-legacy-of-excellence\\\/#primaryimage\"},\"thumbnailUrl\":\"https:\\\/\\\/www.ecolenormalecortot.com\\\/wp-content\\\/uploads\\\/2025\\\/02\\\/Pierre-Petit--1024x686.png\",\"datePublished\":\"2025-02-12T17:18:13+00:00\",\"dateModified\":\"2025-02-13T15:13:47+00:00\",\"description\":\"Discover the School's legacy of excellence with the personalities who have left their mark on music history.\",\"breadcrumb\":{\"@id\":\"https:\\\/\\\/www.ecolenormalecortot.com\\\/en\\\/the-school\\\/a-legacy-of-excellence\\\/#breadcrumb\"},\"inLanguage\":\"en-US\",\"potentialAction\":[{\"@type\":\"ReadAction\",\"target\":[\"https:\\\/\\\/www.ecolenormalecortot.com\\\/en\\\/the-school\\\/a-legacy-of-excellence\\\/\"]}]},{\"@type\":\"ImageObject\",\"inLanguage\":\"en-US\",\"@id\":\"https:\\\/\\\/www.ecolenormalecortot.com\\\/en\\\/the-school\\\/a-legacy-of-excellence\\\/#primaryimage\",\"url\":\"https:\\\/\\\/www.ecolenormalecortot.com\\\/wp-content\\\/uploads\\\/2025\\\/02\\\/Pierre-Petit--1024x686.png\",\"contentUrl\":\"https:\\\/\\\/www.ecolenormalecortot.com\\\/wp-content\\\/uploads\\\/2025\\\/02\\\/Pierre-Petit--1024x686.png\"},{\"@type\":\"BreadcrumbList\",\"@id\":\"https:\\\/\\\/www.ecolenormalecortot.com\\\/en\\\/the-school\\\/a-legacy-of-excellence\\\/#breadcrumb\",\"itemListElement\":[{\"@type\":\"ListItem\",\"position\":1,\"name\":\"Accueil\",\"item\":\"https:\\\/\\\/www.ecolenormalecortot.com\\\/en\\\/\"},{\"@type\":\"ListItem\",\"position\":2,\"name\":\"A legacy of excellence\"}]},{\"@type\":\"WebSite\",\"@id\":\"https:\\\/\\\/www.ecolenormalecortot.com\\\/en\\\/#website\",\"url\":\"https:\\\/\\\/www.ecolenormalecortot.com\\\/en\\\/\",\"name\":\"Ecole Normale de Musique de Paris\",\"description\":\"\",\"publisher\":{\"@id\":\"https:\\\/\\\/www.ecolenormalecortot.com\\\/en\\\/#organization\"},\"potentialAction\":[{\"@type\":\"SearchAction\",\"target\":{\"@type\":\"EntryPoint\",\"urlTemplate\":\"https:\\\/\\\/www.ecolenormalecortot.com\\\/en\\\/?s={search_term_string}\"},\"query-input\":{\"@type\":\"PropertyValueSpecification\",\"valueRequired\":true,\"valueName\":\"search_term_string\"}}],\"inLanguage\":\"en-US\"},{\"@type\":\"Organization\",\"@id\":\"https:\\\/\\\/www.ecolenormalecortot.com\\\/en\\\/#organization\",\"name\":\"Ecole Normale de Musique de Paris\",\"url\":\"https:\\\/\\\/www.ecolenormalecortot.com\\\/en\\\/\",\"logo\":{\"@type\":\"ImageObject\",\"inLanguage\":\"en-US\",\"@id\":\"https:\\\/\\\/www.ecolenormalecortot.com\\\/en\\\/#\\\/schema\\\/logo\\\/image\\\/\",\"url\":\"https:\\\/\\\/www.ecolenormalecortot.com\\\/wp-content\\\/uploads\\\/2023\\\/02\\\/android-chrome-512x512-1.png\",\"contentUrl\":\"https:\\\/\\\/www.ecolenormalecortot.com\\\/wp-content\\\/uploads\\\/2023\\\/02\\\/android-chrome-512x512-1.png\",\"width\":512,\"height\":512,\"caption\":\"Ecole Normale de Musique de Paris\"},\"image\":{\"@id\":\"https:\\\/\\\/www.ecolenormalecortot.com\\\/en\\\/#\\\/schema\\\/logo\\\/image\\\/\"}}]}<\/script>\n<!-- \/ Yoast SEO plugin. -->","yoast_head_json":{"title":"A legacy of excellence - Ecole Normale de Musique de Paris","description":"Discover the School's legacy of excellence with the personalities who have left their mark on music history.","robots":{"index":"index","follow":"follow","max-snippet":"max-snippet:-1","max-image-preview":"max-image-preview:large","max-video-preview":"max-video-preview:-1"},"canonical":"https:\/\/www.ecolenormalecortot.com\/en\/the-school\/a-legacy-of-excellence\/","og_locale":"en_US","og_type":"article","og_title":"A legacy of excellence - Ecole Normale de Musique de Paris","og_description":"Discover the School's legacy of excellence with the personalities who have left their mark on music history.","og_url":"https:\/\/www.ecolenormalecortot.com\/en\/the-school\/a-legacy-of-excellence\/","og_site_name":"Ecole Normale de Musique de Paris","article_modified_time":"2025-02-13T15:13:47+00:00","og_image":[{"width":1552,"height":1040,"url":"https:\/\/www.ecolenormalecortot.com\/wp-content\/uploads\/2025\/02\/Pierre-Petit-.png","type":"image\/png"}],"twitter_card":"summary_large_image","twitter_misc":{"Est. reading time":"5 minutes"},"schema":{"@context":"https:\/\/schema.org","@graph":[{"@type":"WebPage","@id":"https:\/\/www.ecolenormalecortot.com\/en\/the-school\/a-legacy-of-excellence\/","url":"https:\/\/www.ecolenormalecortot.com\/en\/the-school\/a-legacy-of-excellence\/","name":"A legacy of excellence - Ecole Normale de Musique de Paris","isPartOf":{"@id":"https:\/\/www.ecolenormalecortot.com\/en\/#website"},"primaryImageOfPage":{"@id":"https:\/\/www.ecolenormalecortot.com\/en\/the-school\/a-legacy-of-excellence\/#primaryimage"},"image":{"@id":"https:\/\/www.ecolenormalecortot.com\/en\/the-school\/a-legacy-of-excellence\/#primaryimage"},"thumbnailUrl":"https:\/\/www.ecolenormalecortot.com\/wp-content\/uploads\/2025\/02\/Pierre-Petit--1024x686.png","datePublished":"2025-02-12T17:18:13+00:00","dateModified":"2025-02-13T15:13:47+00:00","description":"Discover the School's legacy of excellence with the personalities who have left their mark on music history.","breadcrumb":{"@id":"https:\/\/www.ecolenormalecortot.com\/en\/the-school\/a-legacy-of-excellence\/#breadcrumb"},"inLanguage":"en-US","potentialAction":[{"@type":"ReadAction","target":["https:\/\/www.ecolenormalecortot.com\/en\/the-school\/a-legacy-of-excellence\/"]}]},{"@type":"ImageObject","inLanguage":"en-US","@id":"https:\/\/www.ecolenormalecortot.com\/en\/the-school\/a-legacy-of-excellence\/#primaryimage","url":"https:\/\/www.ecolenormalecortot.com\/wp-content\/uploads\/2025\/02\/Pierre-Petit--1024x686.png","contentUrl":"https:\/\/www.ecolenormalecortot.com\/wp-content\/uploads\/2025\/02\/Pierre-Petit--1024x686.png"},{"@type":"BreadcrumbList","@id":"https:\/\/www.ecolenormalecortot.com\/en\/the-school\/a-legacy-of-excellence\/#breadcrumb","itemListElement":[{"@type":"ListItem","position":1,"name":"Accueil","item":"https:\/\/www.ecolenormalecortot.com\/en\/"},{"@type":"ListItem","position":2,"name":"A legacy of excellence"}]},{"@type":"WebSite","@id":"https:\/\/www.ecolenormalecortot.com\/en\/#website","url":"https:\/\/www.ecolenormalecortot.com\/en\/","name":"Ecole Normale de Musique de Paris","description":"","publisher":{"@id":"https:\/\/www.ecolenormalecortot.com\/en\/#organization"},"potentialAction":[{"@type":"SearchAction","target":{"@type":"EntryPoint","urlTemplate":"https:\/\/www.ecolenormalecortot.com\/en\/?s={search_term_string}"},"query-input":{"@type":"PropertyValueSpecification","valueRequired":true,"valueName":"search_term_string"}}],"inLanguage":"en-US"},{"@type":"Organization","@id":"https:\/\/www.ecolenormalecortot.com\/en\/#organization","name":"Ecole Normale de Musique de Paris","url":"https:\/\/www.ecolenormalecortot.com\/en\/","logo":{"@type":"ImageObject","inLanguage":"en-US","@id":"https:\/\/www.ecolenormalecortot.com\/en\/#\/schema\/logo\/image\/","url":"https:\/\/www.ecolenormalecortot.com\/wp-content\/uploads\/2023\/02\/android-chrome-512x512-1.png","contentUrl":"https:\/\/www.ecolenormalecortot.com\/wp-content\/uploads\/2023\/02\/android-chrome-512x512-1.png","width":512,"height":512,"caption":"Ecole Normale de Musique de Paris"},"image":{"@id":"https:\/\/www.ecolenormalecortot.com\/en\/#\/schema\/logo\/image\/"}}]}},"_links":{"self":[{"href":"https:\/\/www.ecolenormalecortot.com\/en\/wp-json\/wp\/v2\/pages\/8870","targetHints":{"allow":["GET"]}}],"collection":[{"href":"https:\/\/www.ecolenormalecortot.com\/en\/wp-json\/wp\/v2\/pages"}],"about":[{"href":"https:\/\/www.ecolenormalecortot.com\/en\/wp-json\/wp\/v2\/types\/page"}],"author":[{"embeddable":true,"href":"https:\/\/www.ecolenormalecortot.com\/en\/wp-json\/wp\/v2\/users\/8"}],"replies":[{"embeddable":true,"href":"https:\/\/www.ecolenormalecortot.com\/en\/wp-json\/wp\/v2\/comments?post=8870"}],"version-history":[{"count":1,"href":"https:\/\/www.ecolenormalecortot.com\/en\/wp-json\/wp\/v2\/pages\/8870\/revisions"}],"predecessor-version":[{"id":8871,"href":"https:\/\/www.ecolenormalecortot.com\/en\/wp-json\/wp\/v2\/pages\/8870\/revisions\/8871"}],"up":[{"embeddable":true,"href":"https:\/\/www.ecolenormalecortot.com\/en\/wp-json\/wp\/v2\/pages\/859"}],"wp:attachment":[{"href":"https:\/\/www.ecolenormalecortot.com\/en\/wp-json\/wp\/v2\/media?parent=8870"}],"curies":[{"name":"wp","href":"https:\/\/api.w.org\/{rel}","templated":true}]}}