{"id":7906,"date":"2024-12-04T12:07:23","date_gmt":"2024-12-04T11:07:23","guid":{"rendered":"https:\/\/www.ecolenormalecortot.com\/?page_id=7906"},"modified":"2025-01-27T17:10:01","modified_gmt":"2025-01-27T16:10:01","slug":"reseau-alumni","status":"publish","type":"page","link":"https:\/\/www.ecolenormalecortot.com\/en\/reseau-alumni\/","title":{"rendered":"Programme Alumni &#8211; ancienne version 2"},"content":{"rendered":"\n<p>La vie de l\u2019\u00c9cole Normale de Musique de Paris s\u2019\u00e9tend bien au-del\u00e0 des murs de celle-ci. Ses anciens \u00e9tudiants, piliers de son rayonnement dans le monde, font partie int\u00e9grante de son patrimoine culturel.<\/p>\n\n\n\n<p>Le programme Alumni&nbsp;permet de garder un contact privil\u00e9gi\u00e9 avec les \u00e9tudiants qui d\u00e9sirent rester proches de l\u2019\u00c9cole. En rassemblant et en connectant les membres entre eux, il vise \u00e0 renforcer l\u2019engagement de la communaut\u00e9 d\u2019\u00e9tudiants et anciens \u00e9l\u00e8ves dans un r\u00e9seau dynamique et motivant.<\/p>\n\n\n\n<p><strong>Rejoignez le programme Alumni<\/strong>&nbsp;<strong>!<\/strong><\/p>\n\n\n\n<p>Vous \u00eates titulaire d\u2019un Dipl\u00f4me de l\u2019\u00c9cole de Musique Normale de Paris ?&nbsp;<br>Adh\u00e9rez d\u00e8s maintenant au programme Alumni de l\u2019\u00c9cole et profitez des avantages r\u00e9serv\u00e9s \u00e0 ses membres gr\u00e2ce la carte Alumni (valable 5 ans). &nbsp;<\/p>\n\n\n\n<p>Cette carte offre de multiples avantages&nbsp;:<\/p>\n\n\n\n<ul class=\"wp-block-list\">\n<li><strong>Acc\u00e8s gratuit<\/strong> aux rendez-vous des Rencontres musicales de Cortot, la saison musicale de l\u2019\u00c9cole Normale de Musique de Paris<\/li>\n\n\n\n<li><strong>Tarif pr\u00e9f\u00e9rentiel<\/strong> pour l\u2019inscription aux acad\u00e9mies ou aux stages organis\u00e9s par l\u2019\u00c9cole<\/li>\n\n\n\n<li><strong>R\u00e9duction<\/strong> de 10% sur le prix de location de la Salle Cortot (<em>Offre selon les disponibilit\u00e9s de la Salle et r\u00e9serv\u00e9e aux titulaires de l\u2019Artist Diploma, ou \u00e9quivalents ant\u00e9rieurs)<\/em><\/li>\n\n\n\n<li><strong>R\u00e9duction<\/strong> sur la location des salons de l\u2019\u00c9cole pour des s\u00e9ances vid\u00e9o ou photo&nbsp;<em>(Offre selon disponibilit\u00e9 des salons)<\/em><\/li>\n\n\n\n<li><strong>Adh\u00e9sion<\/strong> \u00e0 la newsletter d\u00e9di\u00e9e aux Alumni avec annonces de concerts, petites annonces, bons plans\u2026.<\/li>\n\n\n\n<li><strong>Participation<\/strong> \u00e0 des \u00e9v\u00e9nements (rencontres, soir\u00e9es) organis\u00e9s pour permettre aux anciens \u00e9tudiants de maintenir les liens tiss\u00e9s avec leur \u00c9cole ,\u00a0de revoir leurs professeurs et de rencontrer les \u00e9tudiants en cours de formation<\/li>\n<\/ul>\n\n\n\n<p>Et pour ceux qui souhaitent aller plus loin<\/p>\n\n\n\n<ul class=\"wp-block-list\">\n<li>Rejoignez le <strong>programme de parrainage<\/strong> qui est en train de se mettre en place pour permettre aux \u00e9tudiants de b\u00e9n\u00e9ficier des conseils et du soutien d\u2019un a\u00een\u00e9.<\/li>\n\n\n\n<li>Rejoignez <strong>le Cercle des M\u00e9c\u00e8nes<\/strong> pour soutenir l\u2019\u00c9cole<\/li>\n<\/ul>\n\n\n\n<p><\/p>\n\n\n\n<div class=\"wp-block-contact-form-7-contact-form-selector\">\n<div class=\"wpcf7 no-js\" id=\"wpcf7-f3217-o1\" lang=\"en-US\" dir=\"ltr\" data-wpcf7-id=\"3217\">\n<div class=\"screen-reader-response\"><p role=\"status\" aria-live=\"polite\" aria-atomic=\"true\"><\/p> <ul><\/ul><\/div>\n<form action=\"\/en\/wp-json\/wp\/v2\/pages\/7906#wpcf7-f3217-o1\" method=\"post\" class=\"wpcf7-form init\" aria-label=\"Contact form\" novalidate=\"novalidate\" data-status=\"init\">\n<fieldset class=\"hidden-fields-container\"><input type=\"hidden\" name=\"_wpcf7\" value=\"3217\" \/><input type=\"hidden\" name=\"_wpcf7_version\" value=\"6.1.5\" \/><input type=\"hidden\" name=\"_wpcf7_locale\" value=\"en_US\" \/><input type=\"hidden\" name=\"_wpcf7_unit_tag\" value=\"wpcf7-f3217-o1\" \/><input type=\"hidden\" name=\"_wpcf7_container_post\" value=\"0\" \/><input type=\"hidden\" name=\"_wpcf7_posted_data_hash\" value=\"\" \/><input type=\"hidden\" name=\"_wpcf7_recaptcha_response\" value=\"\" \/>\n<\/fieldset>\n<div data-controller=\"selectboxes\">\n\t<div class=\"form-row\">\n\t\t<p><label>First name*<\/label>\n\t\t<\/p>\n\t\t<div class=\"form-control\">\n\t\t\t<p><span class=\"wpcf7-form-control-wrap\" data-name=\"firstname\"><input size=\"40\" maxlength=\"400\" class=\"wpcf7-form-control wpcf7-text wpcf7-validates-as-required\" aria-required=\"true\" aria-invalid=\"false\" placeholder=\"Write your first name\" value=\"\" type=\"text\" name=\"firstname\" \/><\/span>\n\t\t\t<\/p>\n\t\t<\/div>\n\t<\/div>\n\t<div class=\"form-row\">\n\t\t<p><label>Last name*<\/label>\n\t\t<\/p>\n\t\t<div class=\"form-control\">\n\t\t\t<p><span class=\"wpcf7-form-control-wrap\" data-name=\"lastname\"><input size=\"40\" maxlength=\"400\" class=\"wpcf7-form-control wpcf7-text wpcf7-validates-as-required\" aria-required=\"true\" aria-invalid=\"false\" placeholder=\"Write your last name\" value=\"\" type=\"text\" name=\"lastname\" \/><\/span>\n\t\t\t<\/p>\n\t\t<\/div>\n\t<\/div>\n\t<div class=\"form-row\">\n\t\t<p><label>Email address* <\/label>\n\t\t<\/p>\n\t\t<div class=\"form-control\">\n\t\t\t<p><span class=\"wpcf7-form-control-wrap\" data-name=\"email\"><input size=\"40\" maxlength=\"400\" class=\"wpcf7-form-control wpcf7-email wpcf7-validates-as-required wpcf7-text wpcf7-validates-as-email\" aria-required=\"true\" aria-invalid=\"false\" placeholder=\"Write your email address\" value=\"\" type=\"email\" name=\"email\" \/><\/span>\n\t\t\t<\/p>\n\t\t<\/div>\n\t<\/div>\n\t<div class=\"form-row\">\n\t\t<p><label>Instrument*<\/label>\n\t\t<\/p>\n\t\t<div class=\"form-control\">\n\t\t\t<p><span class=\"wpcf7-form-control-wrap\" data-name=\"discipline\"><input size=\"40\" maxlength=\"400\" class=\"wpcf7-form-control wpcf7-text wpcf7-validates-as-required\" aria-required=\"true\" aria-invalid=\"false\" placeholder=\"Write your instrument\" value=\"\" type=\"text\" name=\"discipline\" \/><\/span>\n\t\t\t<\/p>\n\t\t<\/div>\n\t\t<div class=\"form-row\">\n\t\t\t<p><label>Professor*<\/label>\n\t\t\t<\/p>\n\t\t\t<div class=\"form-control\">\n\t\t\t\t<p><span class=\"wpcf7-form-control-wrap\" data-name=\"professeur\"><input size=\"40\" maxlength=\"400\" class=\"wpcf7-form-control wpcf7-text wpcf7-validates-as-required\" aria-required=\"true\" aria-invalid=\"false\" placeholder=\"Write the name of your professor\" value=\"\" type=\"text\" name=\"professeur\" \/><\/span>\n\t\t\t\t<\/p>\n\t\t\t<\/div>\n\t\t\t<div class=\"form-row\">\n\t\t\t\t<p><label>Latest diploma obtained*<\/label>\n\t\t\t\t<\/p>\n\t\t\t\t<div class=\"form-control\">\n\t\t\t\t\t<p><span class=\"wpcf7-form-control-wrap\" data-name=\"diplome\"><input size=\"40\" maxlength=\"400\" class=\"wpcf7-form-control wpcf7-text wpcf7-validates-as-required\" aria-required=\"true\" aria-invalid=\"false\" placeholder=\"Write the title of your latest diploma\" value=\"\" type=\"text\" name=\"diplome\" \/><\/span>\n\t\t\t\t\t<\/p>\n\t\t\t\t<\/div>\n\t\t\t\t<div class=\"form-row\">\n\t\t\t\t\t<p><label>Year you obtained it*<\/label>\n\t\t\t\t\t<\/p>\n\t\t\t\t\t<div class=\"form-control\">\n\t\t\t\t\t\t<p><span class=\"wpcf7-form-control-wrap\" data-name=\"annee\"><input size=\"40\" maxlength=\"400\" class=\"wpcf7-form-control wpcf7-text wpcf7-validates-as-required\" aria-required=\"true\" aria-invalid=\"false\" placeholder=\"Write the year when you obtained it\" value=\"\" type=\"text\" name=\"annee\" \/><\/span>\n\t\t\t\t\t\t<\/p>\n\t\t\t\t\t<\/div>\n\t\t\t\t\t<div class=\"form-row\">\n\t\t\t\t\t\t<p><label>Date of birth*<\/label>\n\t\t\t\t\t\t<\/p>\n\t\t\t\t\t\t<div class=\"form-control\">\n\t\t\t\t\t\t\t<p><span class=\"wpcf7-form-control-wrap\" data-name=\"date\"><input size=\"40\" maxlength=\"400\" class=\"wpcf7-form-control wpcf7-text wpcf7-validates-as-required\" aria-required=\"true\" aria-invalid=\"false\" placeholder=\"Write your date of birth\" value=\"\" type=\"text\" name=\"date\" \/><\/span>\n\t\t\t\t\t\t\t<\/p>\n\t\t\t\t\t\t<\/div>\n\t\t\t\t\t\t<div class=\"form-row\">\n\t\t\t\t\t\t\t<p><label>Nationality*<\/label>\n\t\t\t\t\t\t\t<\/p>\n\t\t\t\t\t\t\t<div class=\"form-control\">\n\t\t\t\t\t\t\t\t<p><span class=\"wpcf7-form-control-wrap\" data-name=\"nationalite\"><input size=\"40\" maxlength=\"400\" class=\"wpcf7-form-control wpcf7-text wpcf7-validates-as-required\" aria-required=\"true\" aria-invalid=\"false\" placeholder=\"Write your nationality\" value=\"\" type=\"text\" name=\"nationalite\" \/><\/span>\n\t\t\t\t\t\t\t\t<\/p>\n\t\t\t\t\t\t\t<\/div>\n\t\t\t\t\t\t<hr \/>\n\t\t\t\t\t\t\t<p><span class=\"wpcf7-form-control-wrap\" data-name=\"rgpd\"><span class=\"wpcf7-form-control wpcf7-acceptance\"><span class=\"wpcf7-list-item\"><label><input type=\"checkbox\" name=\"rgpd\" value=\"1\" aria-invalid=\"false\" \/><span class=\"wpcf7-list-item-label\">CNIL mentions to include<\/span><\/label><\/span><\/span><\/span>\n\t\t\t\t\t\t\t<hr \/>\n\t\t\t\t\t\t\t<\/p>\n\t\t\t\t\t\t\t<div class=\"form-actions\">\n\t\t\t\t\t\t\t\t<div>\n\t\t\t\t\t\t\t\t\t<p><small>*Mandatory fields<\/small>\n\t\t\t\t\t\t\t\t\t<\/p>\n\t\t\t\t\t\t\t\t<\/div>\n\t\t\t\t\t\t\t\t<div>\n\t\t\t\t\t\t\t\t\t<p><input class=\"wpcf7-form-control wpcf7-submit has-spinner\" type=\"submit\" value=\"Send\" \/>\n\t\t\t\t\t\t\t\t\t<\/p>\n\t\t\t\t\t\t\t\t<\/div>\n\t\t\t\t\t\t\t<\/div>\n\t\t\t\t\t\t<\/div>\n\t\t\t\t\t<\/div>\n\t\t\t\t<\/div>\n\t\t\t<\/div>\n\t\t<\/div>\n\t<\/div>\n<\/div><div class=\"wpcf7-response-output\" aria-hidden=\"true\"><\/div>\n<\/form>\n<\/div>\n<\/div>\n","protected":false},"excerpt":{"rendered":"<p>Vous \u00eates ancien \u00e9l\u00e8ve de l&#8217;\u00c9cole et vous souhaitez nous rejoindre ? Inscrivez-vous et profitez des avantages de la carte Alumni ! <\/p>\n","protected":false},"author":2,"featured_media":584,"parent":0,"menu_order":0,"comment_status":"closed","ping_status":"closed","template":"","meta":{"_acf_changed":false,"footnotes":""},"class_list":["post-7906","page","type-page","status-publish","has-post-thumbnail","hentry"],"acf":[],"yoast_head":"<!-- This site is optimized with the Yoast SEO plugin v27.5 - https:\/\/yoast.com\/product\/yoast-seo-wordpress\/ -->\n<title>Programme Alumni - ancienne version 2 - Ecole Normale de Musique de Paris<\/title>\n<meta name=\"robots\" content=\"index, follow, max-snippet:-1, max-image-preview:large, max-video-preview:-1\" \/>\n<link rel=\"canonical\" href=\"https:\/\/www.ecolenormalecortot.com\/en\/reseau-alumni\/\" \/>\n<meta property=\"og:locale\" content=\"en_US\" \/>\n<meta property=\"og:type\" content=\"article\" \/>\n<meta property=\"og:title\" content=\"Programme Alumni - ancienne version 2 - Ecole Normale de Musique de Paris\" \/>\n<meta property=\"og:description\" content=\"Vous \u00eates ancien \u00e9l\u00e8ve de l&#039;\u00c9cole et vous souhaitez nous rejoindre ? Inscrivez-vous et profitez des avantages de la carte Alumni !\" \/>\n<meta property=\"og:url\" content=\"https:\/\/www.ecolenormalecortot.com\/en\/reseau-alumni\/\" \/>\n<meta property=\"og:site_name\" content=\"Ecole Normale de Musique de Paris\" \/>\n<meta property=\"article:modified_time\" content=\"2025-01-27T16:10:01+00:00\" \/>\n<meta property=\"og:image\" content=\"https:\/\/www.ecolenormalecortot.com\/wp-content\/uploads\/2023\/04\/Header-2.jpg\" \/>\n\t<meta property=\"og:image:width\" content=\"1100\" \/>\n\t<meta property=\"og:image:height\" content=\"600\" \/>\n\t<meta property=\"og:image:type\" content=\"image\/jpeg\" \/>\n<meta name=\"twitter:card\" content=\"summary_large_image\" \/>\n<meta name=\"twitter:label1\" content=\"Est. reading time\" \/>\n\t<meta name=\"twitter:data1\" content=\"2 minutes\" \/>\n<script type=\"application\/ld+json\" class=\"yoast-schema-graph\">{\"@context\":\"https:\\\/\\\/schema.org\",\"@graph\":[{\"@type\":\"WebPage\",\"@id\":\"https:\\\/\\\/www.ecolenormalecortot.com\\\/en\\\/reseau-alumni\\\/\",\"url\":\"https:\\\/\\\/www.ecolenormalecortot.com\\\/en\\\/reseau-alumni\\\/\",\"name\":\"Programme Alumni - ancienne version 2 - Ecole Normale de Musique de Paris\",\"isPartOf\":{\"@id\":\"https:\\\/\\\/www.ecolenormalecortot.com\\\/en\\\/#website\"},\"primaryImageOfPage\":{\"@id\":\"https:\\\/\\\/www.ecolenormalecortot.com\\\/en\\\/reseau-alumni\\\/#primaryimage\"},\"image\":{\"@id\":\"https:\\\/\\\/www.ecolenormalecortot.com\\\/en\\\/reseau-alumni\\\/#primaryimage\"},\"thumbnailUrl\":\"https:\\\/\\\/www.ecolenormalecortot.com\\\/wp-content\\\/uploads\\\/2023\\\/04\\\/Header-2.jpg\",\"datePublished\":\"2024-12-04T11:07:23+00:00\",\"dateModified\":\"2025-01-27T16:10:01+00:00\",\"breadcrumb\":{\"@id\":\"https:\\\/\\\/www.ecolenormalecortot.com\\\/en\\\/reseau-alumni\\\/#breadcrumb\"},\"inLanguage\":\"en-US\",\"potentialAction\":[{\"@type\":\"ReadAction\",\"target\":[\"https:\\\/\\\/www.ecolenormalecortot.com\\\/en\\\/reseau-alumni\\\/\"]}]},{\"@type\":\"ImageObject\",\"inLanguage\":\"en-US\",\"@id\":\"https:\\\/\\\/www.ecolenormalecortot.com\\\/en\\\/reseau-alumni\\\/#primaryimage\",\"url\":\"https:\\\/\\\/www.ecolenormalecortot.com\\\/wp-content\\\/uploads\\\/2023\\\/04\\\/Header-2.jpg\",\"contentUrl\":\"https:\\\/\\\/www.ecolenormalecortot.com\\\/wp-content\\\/uploads\\\/2023\\\/04\\\/Header-2.jpg\",\"width\":1100,\"height\":600},{\"@type\":\"BreadcrumbList\",\"@id\":\"https:\\\/\\\/www.ecolenormalecortot.com\\\/en\\\/reseau-alumni\\\/#breadcrumb\",\"itemListElement\":[{\"@type\":\"ListItem\",\"position\":1,\"name\":\"Accueil\",\"item\":\"https:\\\/\\\/www.ecolenormalecortot.com\\\/en\\\/\"},{\"@type\":\"ListItem\",\"position\":2,\"name\":\"Programme Alumni &#8211; ancienne version 2\"}]},{\"@type\":\"WebSite\",\"@id\":\"https:\\\/\\\/www.ecolenormalecortot.com\\\/en\\\/#website\",\"url\":\"https:\\\/\\\/www.ecolenormalecortot.com\\\/en\\\/\",\"name\":\"Ecole Normale de Musique de Paris\",\"description\":\"\",\"publisher\":{\"@id\":\"https:\\\/\\\/www.ecolenormalecortot.com\\\/en\\\/#organization\"},\"potentialAction\":[{\"@type\":\"SearchAction\",\"target\":{\"@type\":\"EntryPoint\",\"urlTemplate\":\"https:\\\/\\\/www.ecolenormalecortot.com\\\/en\\\/?s={search_term_string}\"},\"query-input\":{\"@type\":\"PropertyValueSpecification\",\"valueRequired\":true,\"valueName\":\"search_term_string\"}}],\"inLanguage\":\"en-US\"},{\"@type\":\"Organization\",\"@id\":\"https:\\\/\\\/www.ecolenormalecortot.com\\\/en\\\/#organization\",\"name\":\"Ecole Normale de Musique de Paris\",\"url\":\"https:\\\/\\\/www.ecolenormalecortot.com\\\/en\\\/\",\"logo\":{\"@type\":\"ImageObject\",\"inLanguage\":\"en-US\",\"@id\":\"https:\\\/\\\/www.ecolenormalecortot.com\\\/en\\\/#\\\/schema\\\/logo\\\/image\\\/\",\"url\":\"https:\\\/\\\/www.ecolenormalecortot.com\\\/wp-content\\\/uploads\\\/2023\\\/02\\\/android-chrome-512x512-1.png\",\"contentUrl\":\"https:\\\/\\\/www.ecolenormalecortot.com\\\/wp-content\\\/uploads\\\/2023\\\/02\\\/android-chrome-512x512-1.png\",\"width\":512,\"height\":512,\"caption\":\"Ecole Normale de Musique de Paris\"},\"image\":{\"@id\":\"https:\\\/\\\/www.ecolenormalecortot.com\\\/en\\\/#\\\/schema\\\/logo\\\/image\\\/\"}}]}<\/script>\n<!-- \/ Yoast SEO plugin. -->","yoast_head_json":{"title":"Programme Alumni - ancienne version 2 - Ecole Normale de Musique de Paris","robots":{"index":"index","follow":"follow","max-snippet":"max-snippet:-1","max-image-preview":"max-image-preview:large","max-video-preview":"max-video-preview:-1"},"canonical":"https:\/\/www.ecolenormalecortot.com\/en\/reseau-alumni\/","og_locale":"en_US","og_type":"article","og_title":"Programme Alumni - ancienne version 2 - Ecole Normale de Musique de Paris","og_description":"Vous \u00eates ancien \u00e9l\u00e8ve de l'\u00c9cole et vous souhaitez nous rejoindre ? Inscrivez-vous et profitez des avantages de la carte Alumni !","og_url":"https:\/\/www.ecolenormalecortot.com\/en\/reseau-alumni\/","og_site_name":"Ecole Normale de Musique de Paris","article_modified_time":"2025-01-27T16:10:01+00:00","og_image":[{"width":1100,"height":600,"url":"https:\/\/www.ecolenormalecortot.com\/wp-content\/uploads\/2023\/04\/Header-2.jpg","type":"image\/jpeg"}],"twitter_card":"summary_large_image","twitter_misc":{"Est. reading time":"2 minutes"},"schema":{"@context":"https:\/\/schema.org","@graph":[{"@type":"WebPage","@id":"https:\/\/www.ecolenormalecortot.com\/en\/reseau-alumni\/","url":"https:\/\/www.ecolenormalecortot.com\/en\/reseau-alumni\/","name":"Programme Alumni - ancienne version 2 - Ecole Normale de Musique de Paris","isPartOf":{"@id":"https:\/\/www.ecolenormalecortot.com\/en\/#website"},"primaryImageOfPage":{"@id":"https:\/\/www.ecolenormalecortot.com\/en\/reseau-alumni\/#primaryimage"},"image":{"@id":"https:\/\/www.ecolenormalecortot.com\/en\/reseau-alumni\/#primaryimage"},"thumbnailUrl":"https:\/\/www.ecolenormalecortot.com\/wp-content\/uploads\/2023\/04\/Header-2.jpg","datePublished":"2024-12-04T11:07:23+00:00","dateModified":"2025-01-27T16:10:01+00:00","breadcrumb":{"@id":"https:\/\/www.ecolenormalecortot.com\/en\/reseau-alumni\/#breadcrumb"},"inLanguage":"en-US","potentialAction":[{"@type":"ReadAction","target":["https:\/\/www.ecolenormalecortot.com\/en\/reseau-alumni\/"]}]},{"@type":"ImageObject","inLanguage":"en-US","@id":"https:\/\/www.ecolenormalecortot.com\/en\/reseau-alumni\/#primaryimage","url":"https:\/\/www.ecolenormalecortot.com\/wp-content\/uploads\/2023\/04\/Header-2.jpg","contentUrl":"https:\/\/www.ecolenormalecortot.com\/wp-content\/uploads\/2023\/04\/Header-2.jpg","width":1100,"height":600},{"@type":"BreadcrumbList","@id":"https:\/\/www.ecolenormalecortot.com\/en\/reseau-alumni\/#breadcrumb","itemListElement":[{"@type":"ListItem","position":1,"name":"Accueil","item":"https:\/\/www.ecolenormalecortot.com\/en\/"},{"@type":"ListItem","position":2,"name":"Programme Alumni &#8211; ancienne version 2"}]},{"@type":"WebSite","@id":"https:\/\/www.ecolenormalecortot.com\/en\/#website","url":"https:\/\/www.ecolenormalecortot.com\/en\/","name":"Ecole Normale de Musique de Paris","description":"","publisher":{"@id":"https:\/\/www.ecolenormalecortot.com\/en\/#organization"},"potentialAction":[{"@type":"SearchAction","target":{"@type":"EntryPoint","urlTemplate":"https:\/\/www.ecolenormalecortot.com\/en\/?s={search_term_string}"},"query-input":{"@type":"PropertyValueSpecification","valueRequired":true,"valueName":"search_term_string"}}],"inLanguage":"en-US"},{"@type":"Organization","@id":"https:\/\/www.ecolenormalecortot.com\/en\/#organization","name":"Ecole Normale de Musique de Paris","url":"https:\/\/www.ecolenormalecortot.com\/en\/","logo":{"@type":"ImageObject","inLanguage":"en-US","@id":"https:\/\/www.ecolenormalecortot.com\/en\/#\/schema\/logo\/image\/","url":"https:\/\/www.ecolenormalecortot.com\/wp-content\/uploads\/2023\/02\/android-chrome-512x512-1.png","contentUrl":"https:\/\/www.ecolenormalecortot.com\/wp-content\/uploads\/2023\/02\/android-chrome-512x512-1.png","width":512,"height":512,"caption":"Ecole Normale de Musique de Paris"},"image":{"@id":"https:\/\/www.ecolenormalecortot.com\/en\/#\/schema\/logo\/image\/"}}]}},"_links":{"self":[{"href":"https:\/\/www.ecolenormalecortot.com\/en\/wp-json\/wp\/v2\/pages\/7906","targetHints":{"allow":["GET"]}}],"collection":[{"href":"https:\/\/www.ecolenormalecortot.com\/en\/wp-json\/wp\/v2\/pages"}],"about":[{"href":"https:\/\/www.ecolenormalecortot.com\/en\/wp-json\/wp\/v2\/types\/page"}],"author":[{"embeddable":true,"href":"https:\/\/www.ecolenormalecortot.com\/en\/wp-json\/wp\/v2\/users\/2"}],"replies":[{"embeddable":true,"href":"https:\/\/www.ecolenormalecortot.com\/en\/wp-json\/wp\/v2\/comments?post=7906"}],"version-history":[{"count":11,"href":"https:\/\/www.ecolenormalecortot.com\/en\/wp-json\/wp\/v2\/pages\/7906\/revisions"}],"predecessor-version":[{"id":8574,"href":"https:\/\/www.ecolenormalecortot.com\/en\/wp-json\/wp\/v2\/pages\/7906\/revisions\/8574"}],"wp:featuredmedia":[{"embeddable":true,"href":"https:\/\/www.ecolenormalecortot.com\/en\/wp-json\/wp\/v2\/media\/584"}],"wp:attachment":[{"href":"https:\/\/www.ecolenormalecortot.com\/en\/wp-json\/wp\/v2\/media?parent=7906"}],"curies":[{"name":"wp","href":"https:\/\/api.w.org\/{rel}","templated":true}]}}