{"id":7092,"date":"2024-09-26T09:41:50","date_gmt":"2024-09-26T07:41:50","guid":{"rendered":"https:\/\/www.ecolenormalecortot.com\/?page_id=7092"},"modified":"2025-01-28T16:19:12","modified_gmt":"2025-01-28T15:19:12","slug":"masterclasses-duos-et-sonates-pour-violon-piano-loches","status":"publish","type":"page","link":"https:\/\/www.ecolenormalecortot.com\/en\/masterclasses-duos-et-sonates-pour-violon-piano-loches\/","title":{"rendered":"&#8220;Violin &amp; piano sonatas and duets&#8221; Masterclasses in Loches"},"content":{"rendered":"\n<h3 class=\"wp-block-heading\">R\u00e9gis Pasquier, violin <br>Jean-Fran\u00e7ois Heisser, piano<\/h3>\n\n\n\n<p><\/p>\n\n\n\n<h4 class=\"wp-block-heading\">October, 31st &#8211; November, 3rd 2024<\/h4>\n\n\n\n<p><\/p>\n\n\n\n<p>The \u00c9cole Normale de Musique de Paris,is organising masterclasses in partnership with Cordacor. They are led by two eminent chamber music performers, R\u00e9gis Pasquier and Jean-Fran\u00e7ois Heisser.<\/p>\n\n\n\n<div class=\"wp-block-columns is-layout-flex wp-container-core-columns-is-layout-9d6595d7 wp-block-columns-is-layout-flex\">\n<div class=\"wp-block-column is-layout-flow wp-block-column-is-layout-flow\" style=\"flex-basis:33.33%\">\n<figure class=\"wp-block-image size-full\"><img loading=\"lazy\" decoding=\"async\" width=\"1020\" height=\"573\" src=\"https:\/\/www.ecolenormalecortot.com\/wp-content\/uploads\/2024\/09\/masterclass-RPasquier-3.webp\" alt=\"\" class=\"wp-image-7137\" srcset=\"https:\/\/www.ecolenormalecortot.com\/wp-content\/uploads\/2024\/09\/masterclass-RPasquier-3.webp 1020w, https:\/\/www.ecolenormalecortot.com\/wp-content\/uploads\/2024\/09\/masterclass-RPasquier-3-300x169.webp 300w, https:\/\/www.ecolenormalecortot.com\/wp-content\/uploads\/2024\/09\/masterclass-RPasquier-3-768x431.webp 768w\" sizes=\"auto, (max-width: 1020px) 100vw, 1020px\" \/><\/figure>\n<\/div>\n\n\n\n<div class=\"wp-block-column is-layout-flow wp-block-column-is-layout-flow\" style=\"flex-basis:66.66%\">\n<p>These masterclasses are aimed at high level violinists or pianists who wish to work in depth on the violin\/piano duet.<\/p>\n\n\n\n<p>They explore the extremely rich and subtle form of the violin\/piano sonata from different repertoires and different points of view.<\/p>\n<\/div>\n<\/div>\n\n\n\n<div class=\"wp-block-columns is-layout-flex wp-container-core-columns-is-layout-9d6595d7 wp-block-columns-is-layout-flex\">\n<div class=\"wp-block-column is-layout-flow wp-block-column-is-layout-flow\" style=\"flex-basis:33.33%\">\n<figure class=\"wp-block-image size-full\"><img loading=\"lazy\" decoding=\"async\" width=\"1020\" height=\"573\" src=\"https:\/\/www.ecolenormalecortot.com\/wp-content\/uploads\/2024\/09\/masterclass-Jean-Francois-Heisser-3.webp\" alt=\"\" class=\"wp-image-7140\" srcset=\"https:\/\/www.ecolenormalecortot.com\/wp-content\/uploads\/2024\/09\/masterclass-Jean-Francois-Heisser-3.webp 1020w, https:\/\/www.ecolenormalecortot.com\/wp-content\/uploads\/2024\/09\/masterclass-Jean-Francois-Heisser-3-300x169.webp 300w, https:\/\/www.ecolenormalecortot.com\/wp-content\/uploads\/2024\/09\/masterclass-Jean-Francois-Heisser-3-768x431.webp 768w\" sizes=\"auto, (max-width: 1020px) 100vw, 1020px\" \/><\/figure>\n<\/div>\n\n\n\n<div class=\"wp-block-column is-layout-flow wp-block-column-is-layout-flow\" style=\"flex-basis:66.66%\">\n<p>Each duet will be have to opportunity to work on at least one work from each of the classical, Romantic and French repertoires with both teachers.<\/p>\n\n\n\n<p>These works will be determined and prepared in advance of the masterclasses.<\/p>\n<\/div>\n<\/div>\n\n\n\n<div class=\"wp-block-columns is-layout-flex wp-container-core-columns-is-layout-9d6595d7 wp-block-columns-is-layout-flex\">\n<div class=\"wp-block-column is-layout-flow wp-block-column-is-layout-flow\" style=\"flex-basis:66.66%\"><\/div>\n\n\n\n<div class=\"wp-block-column is-layout-flow wp-block-column-is-layout-flow\" style=\"flex-basis:33.33%\">\n<figure class=\"wp-block-image size-large is-resized\"><img loading=\"lazy\" decoding=\"async\" width=\"1024\" height=\"1024\" src=\"https:\/\/www.ecolenormalecortot.com\/wp-content\/uploads\/2024\/03\/8-1024x1024.png\" alt=\"\" class=\"wp-image-5626\" style=\"width:95px;height:auto\" srcset=\"https:\/\/www.ecolenormalecortot.com\/wp-content\/uploads\/2024\/03\/8-1024x1024.png 1024w, https:\/\/www.ecolenormalecortot.com\/wp-content\/uploads\/2024\/03\/8-300x300.png 300w, https:\/\/www.ecolenormalecortot.com\/wp-content\/uploads\/2024\/03\/8-150x150.png 150w, https:\/\/www.ecolenormalecortot.com\/wp-content\/uploads\/2024\/03\/8-768x768.png 768w, https:\/\/www.ecolenormalecortot.com\/wp-content\/uploads\/2024\/03\/8.png 1080w\" sizes=\"auto, (max-width: 1024px) 100vw, 1024px\" \/><\/figure>\n<\/div>\n<\/div>\n\n\n\n<p><strong>WHERE ?<\/strong><\/p>\n\n\n\n<p>In the historic centre of Loches (Indre et Loire, 250 km from Paris)<\/p>\n\n\n\n<p><strong>WHEN ?&nbsp;<\/strong><\/p>\n\n\n\n<p><strong>From October, 31st to November, 3rd  <\/strong>:&nbsp;masterclasses in the morning and in the afternoon<\/p>\n\n\n\n<p><strong>On November, 3rd at 5pm and 19.30pm<\/strong> : &nbsp;2 closing concerts at the Loches auditorium<\/p>\n\n\n\n<p><strong>On November, 5th at 8.00pm&nbsp;<\/strong>: masterclass-concert at the Salle Cortot, as part of the Rencontres Musicales de Cortot, with the participation of R\u00e9gis Pasquier and Jean-Fran\u00e7ois Heisser.<\/p>\n\n\n\n<div class=\"wp-block-columns is-layout-flex wp-container-core-columns-is-layout-9d6595d7 wp-block-columns-is-layout-flex\">\n<div class=\"wp-block-column is-layout-flow wp-block-column-is-layout-flow\" style=\"flex-basis:33.33%\">\n<figure class=\"wp-block-image size-large is-resized\"><img loading=\"lazy\" decoding=\"async\" width=\"1024\" height=\"1024\" src=\"https:\/\/www.ecolenormalecortot.com\/wp-content\/uploads\/2024\/03\/8-1024x1024.png\" alt=\"\" class=\"wp-image-5511\" style=\"width:61px;height:auto\" srcset=\"https:\/\/www.ecolenormalecortot.com\/wp-content\/uploads\/2024\/03\/8-1024x1024.png 1024w, https:\/\/www.ecolenormalecortot.com\/wp-content\/uploads\/2024\/03\/8-300x300.png 300w, https:\/\/www.ecolenormalecortot.com\/wp-content\/uploads\/2024\/03\/8-150x150.png 150w, https:\/\/www.ecolenormalecortot.com\/wp-content\/uploads\/2024\/03\/8-768x768.png 768w, https:\/\/www.ecolenormalecortot.com\/wp-content\/uploads\/2024\/03\/8.png 1080w\" sizes=\"auto, (max-width: 1024px) 100vw, 1024px\" \/><\/figure>\n<\/div>\n\n\n\n<div class=\"wp-block-column is-layout-flow wp-block-column-is-layout-flow\" style=\"flex-basis:66.66%\">\r\n    <a href=\"https:\/\/sallecortot.com\/event\/concert-de-regis-pasquier-et-jean-francois-heisser-avec-les-eleves-de-lacademie-de-loches\/\" target=\"_self\" class=\"block-cta style-link\">\r\n        Attend Masterclass-concert    <\/a>\r\n<\/div>\n<\/div>\n\n\n\n<p class=\"has-text-align-right\"><\/p>\n\n\n\n<p><strong>HOW ?&nbsp;<\/strong><\/p>\n\n\n\n<p>Students are housed in the Cordacor residence in the historic centre of Loches.<\/p>\n\n\n\n<p>Pianos and practice rooms allow them to work without time constraints.<\/p>\n\n\n\n<p>A fully-equipped kitchen is available for meals.<\/p>\n\n\n\n<p>They have free access to the living areas of the residence (library, dining room, garden) for the duration of their stay.<\/p>\n\n\n\n<p><strong>FEE&nbsp;: 500 \u20ac<\/strong><\/p>\n\n\n\n<p>The price includes :<\/p>\n\n\n\n<ul class=\"wp-block-list\">\n<li>The classes<\/li>\n\n\n\n<li>Accommodation and access to the studios. (Possible arrival before 30 October for rehearsals).<\/li>\n\n\n\n<li>Participation in concerts to present the work produced at the end of the masterclasses, at the Loches auditorium and the Salle Cortot.<\/li>\n<\/ul>\n\n\n\n<p>Students are responsible for their own meals and travel (car pooling is possible).<\/p>\n\n\n\n<p><strong>ADMISSION REQUIREMENTS<\/strong><\/p>\n\n\n\n<p><em>Admission is reserved for advanced students and is subject to acceptance by R\u00e9gis Pasquier and Jean-Fran\u00e7ois Heisser, upon registration.<\/em><\/p>\n\n\n\n<p><em>Students wishing to register as a duo must submit their applications in the same file.<\/em><\/p>\n\n\n\n<ol class=\"wp-block-list\">\n<li>Send your application by email with :<br>. a CV<br>. a 10\/15 minute recording containing at least 2 excerpts enabling the applicant&#8217;s level to be assessed<br>to: <a href=\"mailto:clemence.guibout@enmp.fr\">clemence.guibout@enmp.fr<\/a><\/li>\n\n\n\n<li>Once the application has been validated, students must confirm their enrolment by paying a deposit of \u20ac200.<\/li>\n\n\n\n<li>The balance must be paid no later than 20 October 2024.<\/li>\n<\/ol>\n\n\n\n<p>INFORMATION AND ENROLMENT<\/p>\n\n\n\n<p><a href=\"mailto:clemence.guibout@enmp.fr\">clemence.guibout@enmp.fr<\/a><\/p>\n\n\n\n<p><\/p>\n","protected":false},"excerpt":{"rendered":"<p>Dirig\u00e9es en duo par R\u00e9gis Pasquier et Jean-Fran\u00e7ois Heisser, ces masterclasses s&#8217;adressent \u00e0 de jeunes violonistes ou pianistes de haut niveau souhaitant aborder en profondeur le travail de la sonate violon\/piano. <\/p>\n","protected":false},"author":2,"featured_media":7106,"parent":0,"menu_order":0,"comment_status":"closed","ping_status":"closed","template":"","meta":{"_acf_changed":false,"footnotes":""},"class_list":["post-7092","page","type-page","status-publish","has-post-thumbnail","hentry"],"acf":[],"yoast_head":"<!-- This site is optimized with the Yoast SEO plugin v27.5 - https:\/\/yoast.com\/product\/yoast-seo-wordpress\/ -->\n<title>&quot;Violin &amp; piano sonatas and duets&quot; Masterclasses in Loches - Ecole Normale de Musique de Paris<\/title>\n<meta name=\"robots\" content=\"index, follow, max-snippet:-1, max-image-preview:large, max-video-preview:-1\" \/>\n<link rel=\"canonical\" href=\"https:\/\/www.ecolenormalecortot.com\/en\/masterclasses-duos-et-sonates-pour-violon-piano-loches\/\" \/>\n<meta property=\"og:locale\" content=\"en_US\" \/>\n<meta property=\"og:type\" content=\"article\" \/>\n<meta property=\"og:title\" content=\"&quot;Violin &amp; piano sonatas and duets&quot; Masterclasses in Loches - Ecole Normale de Musique de Paris\" \/>\n<meta property=\"og:description\" content=\"Dirig\u00e9es en duo par R\u00e9gis Pasquier et Jean-Fran\u00e7ois Heisser, ces masterclasses s&#039;adressent \u00e0 de jeunes violonistes ou pianistes de haut niveau souhaitant aborder en profondeur le travail de la sonate violon\/piano.\" \/>\n<meta property=\"og:url\" content=\"https:\/\/www.ecolenormalecortot.com\/en\/masterclasses-duos-et-sonates-pour-violon-piano-loches\/\" \/>\n<meta property=\"og:site_name\" content=\"Ecole Normale de Musique de Paris\" \/>\n<meta property=\"article:modified_time\" content=\"2025-01-28T15:19:12+00:00\" \/>\n<meta property=\"og:image\" content=\"https:\/\/www.ecolenormalecortot.com\/wp-content\/uploads\/2024\/09\/visuel-site-internet-2-scaled.jpg\" \/>\n\t<meta property=\"og:image:width\" content=\"2560\" \/>\n\t<meta property=\"og:image:height\" content=\"1379\" \/>\n\t<meta property=\"og:image:type\" content=\"image\/jpeg\" \/>\n<meta name=\"twitter:card\" content=\"summary_large_image\" \/>\n<meta name=\"twitter:label1\" content=\"Est. reading time\" \/>\n\t<meta name=\"twitter:data1\" content=\"4 minutes\" \/>\n<script type=\"application\/ld+json\" class=\"yoast-schema-graph\">{\"@context\":\"https:\\\/\\\/schema.org\",\"@graph\":[{\"@type\":\"WebPage\",\"@id\":\"https:\\\/\\\/www.ecolenormalecortot.com\\\/en\\\/masterclasses-duos-et-sonates-pour-violon-piano-loches\\\/\",\"url\":\"https:\\\/\\\/www.ecolenormalecortot.com\\\/en\\\/masterclasses-duos-et-sonates-pour-violon-piano-loches\\\/\",\"name\":\"\\\"Violin &amp; piano sonatas and duets\\\" Masterclasses in Loches - Ecole Normale de Musique de Paris\",\"isPartOf\":{\"@id\":\"https:\\\/\\\/www.ecolenormalecortot.com\\\/en\\\/#website\"},\"primaryImageOfPage\":{\"@id\":\"https:\\\/\\\/www.ecolenormalecortot.com\\\/en\\\/masterclasses-duos-et-sonates-pour-violon-piano-loches\\\/#primaryimage\"},\"image\":{\"@id\":\"https:\\\/\\\/www.ecolenormalecortot.com\\\/en\\\/masterclasses-duos-et-sonates-pour-violon-piano-loches\\\/#primaryimage\"},\"thumbnailUrl\":\"https:\\\/\\\/www.ecolenormalecortot.com\\\/wp-content\\\/uploads\\\/2024\\\/09\\\/visuel-site-internet-2-scaled.jpg\",\"datePublished\":\"2024-09-26T07:41:50+00:00\",\"dateModified\":\"2025-01-28T15:19:12+00:00\",\"breadcrumb\":{\"@id\":\"https:\\\/\\\/www.ecolenormalecortot.com\\\/en\\\/masterclasses-duos-et-sonates-pour-violon-piano-loches\\\/#breadcrumb\"},\"inLanguage\":\"en-US\",\"potentialAction\":[{\"@type\":\"ReadAction\",\"target\":[\"https:\\\/\\\/www.ecolenormalecortot.com\\\/en\\\/masterclasses-duos-et-sonates-pour-violon-piano-loches\\\/\"]}]},{\"@type\":\"ImageObject\",\"inLanguage\":\"en-US\",\"@id\":\"https:\\\/\\\/www.ecolenormalecortot.com\\\/en\\\/masterclasses-duos-et-sonates-pour-violon-piano-loches\\\/#primaryimage\",\"url\":\"https:\\\/\\\/www.ecolenormalecortot.com\\\/wp-content\\\/uploads\\\/2024\\\/09\\\/visuel-site-internet-2-scaled.jpg\",\"contentUrl\":\"https:\\\/\\\/www.ecolenormalecortot.com\\\/wp-content\\\/uploads\\\/2024\\\/09\\\/visuel-site-internet-2-scaled.jpg\",\"width\":2560,\"height\":1379},{\"@type\":\"BreadcrumbList\",\"@id\":\"https:\\\/\\\/www.ecolenormalecortot.com\\\/en\\\/masterclasses-duos-et-sonates-pour-violon-piano-loches\\\/#breadcrumb\",\"itemListElement\":[{\"@type\":\"ListItem\",\"position\":1,\"name\":\"Accueil\",\"item\":\"https:\\\/\\\/www.ecolenormalecortot.com\\\/en\\\/\"},{\"@type\":\"ListItem\",\"position\":2,\"name\":\"Studies\",\"item\":\"https:\\\/\\\/www.ecolenormalecortot.com\\\/en\\\/les-etudes\\\/\"},{\"@type\":\"ListItem\",\"position\":3,\"name\":\"\u00ab\u00a0Violin &amp; piano sonatas and duets\u00a0\u00bb Masterclasses in Loches\"}]},{\"@type\":\"WebSite\",\"@id\":\"https:\\\/\\\/www.ecolenormalecortot.com\\\/en\\\/#website\",\"url\":\"https:\\\/\\\/www.ecolenormalecortot.com\\\/en\\\/\",\"name\":\"Ecole Normale de Musique de Paris\",\"description\":\"\",\"publisher\":{\"@id\":\"https:\\\/\\\/www.ecolenormalecortot.com\\\/en\\\/#organization\"},\"potentialAction\":[{\"@type\":\"SearchAction\",\"target\":{\"@type\":\"EntryPoint\",\"urlTemplate\":\"https:\\\/\\\/www.ecolenormalecortot.com\\\/en\\\/?s={search_term_string}\"},\"query-input\":{\"@type\":\"PropertyValueSpecification\",\"valueRequired\":true,\"valueName\":\"search_term_string\"}}],\"inLanguage\":\"en-US\"},{\"@type\":\"Organization\",\"@id\":\"https:\\\/\\\/www.ecolenormalecortot.com\\\/en\\\/#organization\",\"name\":\"Ecole Normale de Musique de Paris\",\"url\":\"https:\\\/\\\/www.ecolenormalecortot.com\\\/en\\\/\",\"logo\":{\"@type\":\"ImageObject\",\"inLanguage\":\"en-US\",\"@id\":\"https:\\\/\\\/www.ecolenormalecortot.com\\\/en\\\/#\\\/schema\\\/logo\\\/image\\\/\",\"url\":\"https:\\\/\\\/www.ecolenormalecortot.com\\\/wp-content\\\/uploads\\\/2023\\\/02\\\/android-chrome-512x512-1.png\",\"contentUrl\":\"https:\\\/\\\/www.ecolenormalecortot.com\\\/wp-content\\\/uploads\\\/2023\\\/02\\\/android-chrome-512x512-1.png\",\"width\":512,\"height\":512,\"caption\":\"Ecole Normale de Musique de Paris\"},\"image\":{\"@id\":\"https:\\\/\\\/www.ecolenormalecortot.com\\\/en\\\/#\\\/schema\\\/logo\\\/image\\\/\"}}]}<\/script>\n<!-- \/ Yoast SEO plugin. -->","yoast_head_json":{"title":"\"Violin &amp; piano sonatas and duets\" Masterclasses in Loches - Ecole Normale de Musique de Paris","robots":{"index":"index","follow":"follow","max-snippet":"max-snippet:-1","max-image-preview":"max-image-preview:large","max-video-preview":"max-video-preview:-1"},"canonical":"https:\/\/www.ecolenormalecortot.com\/en\/masterclasses-duos-et-sonates-pour-violon-piano-loches\/","og_locale":"en_US","og_type":"article","og_title":"\"Violin &amp; piano sonatas and duets\" Masterclasses in Loches - Ecole Normale de Musique de Paris","og_description":"Dirig\u00e9es en duo par R\u00e9gis Pasquier et Jean-Fran\u00e7ois Heisser, ces masterclasses s'adressent \u00e0 de jeunes violonistes ou pianistes de haut niveau souhaitant aborder en profondeur le travail de la sonate violon\/piano.","og_url":"https:\/\/www.ecolenormalecortot.com\/en\/masterclasses-duos-et-sonates-pour-violon-piano-loches\/","og_site_name":"Ecole Normale de Musique de Paris","article_modified_time":"2025-01-28T15:19:12+00:00","og_image":[{"width":2560,"height":1379,"url":"https:\/\/www.ecolenormalecortot.com\/wp-content\/uploads\/2024\/09\/visuel-site-internet-2-scaled.jpg","type":"image\/jpeg"}],"twitter_card":"summary_large_image","twitter_misc":{"Est. reading time":"4 minutes"},"schema":{"@context":"https:\/\/schema.org","@graph":[{"@type":"WebPage","@id":"https:\/\/www.ecolenormalecortot.com\/en\/masterclasses-duos-et-sonates-pour-violon-piano-loches\/","url":"https:\/\/www.ecolenormalecortot.com\/en\/masterclasses-duos-et-sonates-pour-violon-piano-loches\/","name":"\"Violin &amp; piano sonatas and duets\" Masterclasses in Loches - Ecole Normale de Musique de Paris","isPartOf":{"@id":"https:\/\/www.ecolenormalecortot.com\/en\/#website"},"primaryImageOfPage":{"@id":"https:\/\/www.ecolenormalecortot.com\/en\/masterclasses-duos-et-sonates-pour-violon-piano-loches\/#primaryimage"},"image":{"@id":"https:\/\/www.ecolenormalecortot.com\/en\/masterclasses-duos-et-sonates-pour-violon-piano-loches\/#primaryimage"},"thumbnailUrl":"https:\/\/www.ecolenormalecortot.com\/wp-content\/uploads\/2024\/09\/visuel-site-internet-2-scaled.jpg","datePublished":"2024-09-26T07:41:50+00:00","dateModified":"2025-01-28T15:19:12+00:00","breadcrumb":{"@id":"https:\/\/www.ecolenormalecortot.com\/en\/masterclasses-duos-et-sonates-pour-violon-piano-loches\/#breadcrumb"},"inLanguage":"en-US","potentialAction":[{"@type":"ReadAction","target":["https:\/\/www.ecolenormalecortot.com\/en\/masterclasses-duos-et-sonates-pour-violon-piano-loches\/"]}]},{"@type":"ImageObject","inLanguage":"en-US","@id":"https:\/\/www.ecolenormalecortot.com\/en\/masterclasses-duos-et-sonates-pour-violon-piano-loches\/#primaryimage","url":"https:\/\/www.ecolenormalecortot.com\/wp-content\/uploads\/2024\/09\/visuel-site-internet-2-scaled.jpg","contentUrl":"https:\/\/www.ecolenormalecortot.com\/wp-content\/uploads\/2024\/09\/visuel-site-internet-2-scaled.jpg","width":2560,"height":1379},{"@type":"BreadcrumbList","@id":"https:\/\/www.ecolenormalecortot.com\/en\/masterclasses-duos-et-sonates-pour-violon-piano-loches\/#breadcrumb","itemListElement":[{"@type":"ListItem","position":1,"name":"Accueil","item":"https:\/\/www.ecolenormalecortot.com\/en\/"},{"@type":"ListItem","position":2,"name":"Studies","item":"https:\/\/www.ecolenormalecortot.com\/en\/les-etudes\/"},{"@type":"ListItem","position":3,"name":"\u00ab\u00a0Violin &amp; piano sonatas and duets\u00a0\u00bb Masterclasses in Loches"}]},{"@type":"WebSite","@id":"https:\/\/www.ecolenormalecortot.com\/en\/#website","url":"https:\/\/www.ecolenormalecortot.com\/en\/","name":"Ecole Normale de Musique de Paris","description":"","publisher":{"@id":"https:\/\/www.ecolenormalecortot.com\/en\/#organization"},"potentialAction":[{"@type":"SearchAction","target":{"@type":"EntryPoint","urlTemplate":"https:\/\/www.ecolenormalecortot.com\/en\/?s={search_term_string}"},"query-input":{"@type":"PropertyValueSpecification","valueRequired":true,"valueName":"search_term_string"}}],"inLanguage":"en-US"},{"@type":"Organization","@id":"https:\/\/www.ecolenormalecortot.com\/en\/#organization","name":"Ecole Normale de Musique de Paris","url":"https:\/\/www.ecolenormalecortot.com\/en\/","logo":{"@type":"ImageObject","inLanguage":"en-US","@id":"https:\/\/www.ecolenormalecortot.com\/en\/#\/schema\/logo\/image\/","url":"https:\/\/www.ecolenormalecortot.com\/wp-content\/uploads\/2023\/02\/android-chrome-512x512-1.png","contentUrl":"https:\/\/www.ecolenormalecortot.com\/wp-content\/uploads\/2023\/02\/android-chrome-512x512-1.png","width":512,"height":512,"caption":"Ecole Normale de Musique de Paris"},"image":{"@id":"https:\/\/www.ecolenormalecortot.com\/en\/#\/schema\/logo\/image\/"}}]}},"_links":{"self":[{"href":"https:\/\/www.ecolenormalecortot.com\/en\/wp-json\/wp\/v2\/pages\/7092","targetHints":{"allow":["GET"]}}],"collection":[{"href":"https:\/\/www.ecolenormalecortot.com\/en\/wp-json\/wp\/v2\/pages"}],"about":[{"href":"https:\/\/www.ecolenormalecortot.com\/en\/wp-json\/wp\/v2\/types\/page"}],"author":[{"embeddable":true,"href":"https:\/\/www.ecolenormalecortot.com\/en\/wp-json\/wp\/v2\/users\/2"}],"replies":[{"embeddable":true,"href":"https:\/\/www.ecolenormalecortot.com\/en\/wp-json\/wp\/v2\/comments?post=7092"}],"version-history":[{"count":15,"href":"https:\/\/www.ecolenormalecortot.com\/en\/wp-json\/wp\/v2\/pages\/7092\/revisions"}],"predecessor-version":[{"id":7428,"href":"https:\/\/www.ecolenormalecortot.com\/en\/wp-json\/wp\/v2\/pages\/7092\/revisions\/7428"}],"wp:featuredmedia":[{"embeddable":true,"href":"https:\/\/www.ecolenormalecortot.com\/en\/wp-json\/wp\/v2\/media\/7106"}],"wp:attachment":[{"href":"https:\/\/www.ecolenormalecortot.com\/en\/wp-json\/wp\/v2\/media?parent=7092"}],"curies":[{"name":"wp","href":"https:\/\/api.w.org\/{rel}","templated":true}]}}