{"id":6184,"date":"2024-04-12T16:08:05","date_gmt":"2024-04-12T14:08:05","guid":{"rendered":"https:\/\/www.ecolenormalecortot.com\/?page_id=6184"},"modified":"2024-05-23T16:54:58","modified_gmt":"2024-05-23T14:54:58","slug":"non-curricular-ensemble-classes","status":"publish","type":"page","link":"https:\/\/www.ecolenormalecortot.com\/en\/les-etudes\/disciplines\/non-curricular-ensemble-classes\/","title":{"rendered":"Non-curricular ensemble classes"},"content":{"rendered":"\n<h3 class=\"wp-block-heading\"><strong>Chamber music<\/strong><\/h3>\n\n\n\n<p>The chamber music course involves practical group work in duo, trio or other chamber music formation. This class is compulsory as part of the diploma requirements. It can be chosen as the main discipline for both the Master&#8217;s degree and the Artist Diploma (for established groups).<\/p>\n\n\n\n<p>It can also be taken outside the curriculum by groups of sufficiently advanced instrumentalists. In this case, students are not subject to program or examination requirements, and cannot claim a diploma.<\/p>\n\n\n\n<h3 class=\"wp-block-heading\">Vocal ensembles<\/h3>\n\n\n\n<p>This class is one of the complementary disciplines to vocal studies. It is an extension of the deciphering and singing course. It can be taken as an independent discipline outside the curriculum by students who are not enrolled in a singing class at the Ecole Normale de Musique, provided they have a sufficient level of singing and sight-reading, and subject to availability.<\/p>\n\n\n\n<h3 class=\"wp-block-heading\">Scene<\/h3>\n\n\n\n<p>This class is open free of charge to students enrolled in the Artist Diploma or Mast\u00e8re program at the \u00c9cole Normale de Musique. For students enrolled in the same year in the singing class at the \u00c9cole Normale, the stage class may last 3 academic years, subject to the agreement of the teacher and the Director.<\/p>\n\n\n\n<p>Entrance to the stage class is subject to selection on the basis of a portfolio and audition, announced by posting.<\/p>\n\n\n\n<p>Students not enrolled in the school&#8217;s singing class may also be admitted to the stage class (as an independent, extra-curricular, paying discipline), subject to audition and availability.<\/p>\n\n\n\n<p><\/p>\n\n\n\n<h3 class=\"wp-block-heading\">Student already?<\/h3>\n\n\n\n<p>For further information on fees and payment, please visit the school intranet.<a href=\"https:\/\/student.enmp.fr\/\" target=\"_blank\" rel=\"noreferrer noopener\">RE-REGISTER<\/a><\/p>\n\n\n\n<h3 class=\"wp-block-heading\">New student rates<\/h3>\n\n\n\r\n<div class=\"block-prices\">\r\n    <div class=\"group-title-container\">\r\n        <div class=\"group-title\"><\/div>\r\n                    <div class=\"group-title-columns\">\r\n                                    <div class=\"column\">\r\n                        2024\/25                    <\/div>\r\n                            <\/div>\r\n            <\/div>\r\n            <div class=\"prices\">\r\n                            <div class=\"price-row\">\r\n                    <div class=\"title\">\r\n                        Chamber music*                    <\/div>\r\n\r\n                                            <div class=\"row-prices\">\r\n                                                            <div class=\"price\">\r\n                                                                            <span class=\"d-none-md\">2024\/25 : <\/span>\r\n                                                                                                            2&nbsp;220&nbsp;\u20ac                                <\/div>\r\n\r\n                                                    <\/div>\r\n                                    <\/div>\r\n                            <div class=\"price-row\">\r\n                    <div class=\"title\">\r\n                        Vocal ensembles*                    <\/div>\r\n\r\n                                            <div class=\"row-prices\">\r\n                                                            <div class=\"price\">\r\n                                                                            <span class=\"d-none-md\">2024\/25 : <\/span>\r\n                                                                                                            1&nbsp;760&nbsp;\u20ac                                <\/div>\r\n\r\n                                                    <\/div>\r\n                                    <\/div>\r\n                            <div class=\"price-row\">\r\n                    <div class=\"title\">\r\n                        Scene*                    <\/div>\r\n\r\n                                            <div class=\"row-prices\">\r\n                                                            <div class=\"price\">\r\n                                                                            <span class=\"d-none-md\">2024\/25 : <\/span>\r\n                                                                                                            3&nbsp;720&nbsp;\u20ac                                <\/div>\r\n\r\n                                                    <\/div>\r\n                                    <\/div>\r\n                    <\/div>\r\n    <\/div>\r\n\n\n\n<p class=\"has-small-font-size\"><strong>*Annual registration fee:<\/strong> \u20ac260<\/p>\n\n\n\n<p class=\"has-small-font-size\"><\/p>\n\n\n\r\n    <a href=\"https:\/\/www.ecolenormalecortot.com\/en\/registrations\/the-admissions-process\/\" target=\"_blank\" class=\"block-cta style-cta\">\r\n        APPLY    <\/a>\r\n","protected":false},"excerpt":{"rendered":"<p>Chamber music, Vocal ensembles, Stage, discover our extra-curricular ensemble classes.<\/p>\n","protected":false},"author":6,"featured_media":6188,"parent":1491,"menu_order":13,"comment_status":"closed","ping_status":"closed","template":"","meta":{"_acf_changed":false,"footnotes":""},"class_list":["post-6184","page","type-page","status-publish","has-post-thumbnail","hentry"],"acf":[],"yoast_head":"<!-- This site is optimized with the Yoast SEO plugin v27.5 - https:\/\/yoast.com\/product\/yoast-seo-wordpress\/ -->\n<title>Non-curricular ensemble classes - Ecole Normale de Musique de Paris<\/title>\n<meta name=\"description\" content=\"Chamber music, Vocal ensembles, Stage, discover our extra-curricular ensemble classes.\" \/>\n<meta name=\"robots\" content=\"index, follow, max-snippet:-1, max-image-preview:large, max-video-preview:-1\" \/>\n<link rel=\"canonical\" href=\"https:\/\/www.ecolenormalecortot.com\/en\/les-etudes\/disciplines\/non-curricular-ensemble-classes\/\" \/>\n<meta property=\"og:locale\" content=\"en_US\" \/>\n<meta property=\"og:type\" content=\"article\" \/>\n<meta property=\"og:title\" content=\"Non-curricular ensemble classes - Ecole Normale de Musique de Paris\" \/>\n<meta property=\"og:description\" content=\"Chamber music, Vocal ensembles, Stage, discover our extra-curricular ensemble classes.\" \/>\n<meta property=\"og:url\" content=\"https:\/\/www.ecolenormalecortot.com\/en\/les-etudes\/disciplines\/non-curricular-ensemble-classes\/\" \/>\n<meta property=\"og:site_name\" content=\"Ecole Normale de Musique de Paris\" \/>\n<meta property=\"article:modified_time\" content=\"2024-05-23T14:54:58+00:00\" \/>\n<meta property=\"og:image\" content=\"https:\/\/www.ecolenormalecortot.com\/wp-content\/uploads\/2024\/04\/IMG-4956-scaled.jpg\" \/>\n\t<meta property=\"og:image:width\" content=\"2560\" \/>\n\t<meta property=\"og:image:height\" content=\"1920\" \/>\n\t<meta property=\"og:image:type\" content=\"image\/jpeg\" \/>\n<meta name=\"twitter:card\" content=\"summary_large_image\" \/>\n<meta name=\"twitter:label1\" content=\"Est. reading time\" \/>\n\t<meta name=\"twitter:data1\" content=\"2 minutes\" \/>\n<script type=\"application\/ld+json\" class=\"yoast-schema-graph\">{\"@context\":\"https:\\\/\\\/schema.org\",\"@graph\":[{\"@type\":\"WebPage\",\"@id\":\"https:\\\/\\\/www.ecolenormalecortot.com\\\/en\\\/les-etudes\\\/disciplines\\\/non-curricular-ensemble-classes\\\/\",\"url\":\"https:\\\/\\\/www.ecolenormalecortot.com\\\/en\\\/les-etudes\\\/disciplines\\\/non-curricular-ensemble-classes\\\/\",\"name\":\"Non-curricular ensemble classes - Ecole Normale de Musique de Paris\",\"isPartOf\":{\"@id\":\"https:\\\/\\\/www.ecolenormalecortot.com\\\/en\\\/#website\"},\"primaryImageOfPage\":{\"@id\":\"https:\\\/\\\/www.ecolenormalecortot.com\\\/en\\\/les-etudes\\\/disciplines\\\/non-curricular-ensemble-classes\\\/#primaryimage\"},\"image\":{\"@id\":\"https:\\\/\\\/www.ecolenormalecortot.com\\\/en\\\/les-etudes\\\/disciplines\\\/non-curricular-ensemble-classes\\\/#primaryimage\"},\"thumbnailUrl\":\"https:\\\/\\\/www.ecolenormalecortot.com\\\/wp-content\\\/uploads\\\/2024\\\/04\\\/IMG-4956-scaled.jpg\",\"datePublished\":\"2024-04-12T14:08:05+00:00\",\"dateModified\":\"2024-05-23T14:54:58+00:00\",\"description\":\"Chamber music, Vocal ensembles, Stage, discover our extra-curricular ensemble classes.\",\"breadcrumb\":{\"@id\":\"https:\\\/\\\/www.ecolenormalecortot.com\\\/en\\\/les-etudes\\\/disciplines\\\/non-curricular-ensemble-classes\\\/#breadcrumb\"},\"inLanguage\":\"en-US\",\"potentialAction\":[{\"@type\":\"ReadAction\",\"target\":[\"https:\\\/\\\/www.ecolenormalecortot.com\\\/en\\\/les-etudes\\\/disciplines\\\/non-curricular-ensemble-classes\\\/\"]}]},{\"@type\":\"ImageObject\",\"inLanguage\":\"en-US\",\"@id\":\"https:\\\/\\\/www.ecolenormalecortot.com\\\/en\\\/les-etudes\\\/disciplines\\\/non-curricular-ensemble-classes\\\/#primaryimage\",\"url\":\"https:\\\/\\\/www.ecolenormalecortot.com\\\/wp-content\\\/uploads\\\/2024\\\/04\\\/IMG-4956-scaled.jpg\",\"contentUrl\":\"https:\\\/\\\/www.ecolenormalecortot.com\\\/wp-content\\\/uploads\\\/2024\\\/04\\\/IMG-4956-scaled.jpg\",\"width\":2560,\"height\":1920,\"caption\":\"Musique de chambre\"},{\"@type\":\"BreadcrumbList\",\"@id\":\"https:\\\/\\\/www.ecolenormalecortot.com\\\/en\\\/les-etudes\\\/disciplines\\\/non-curricular-ensemble-classes\\\/#breadcrumb\",\"itemListElement\":[{\"@type\":\"ListItem\",\"position\":1,\"name\":\"Accueil\",\"item\":\"https:\\\/\\\/www.ecolenormalecortot.com\\\/en\\\/\"},{\"@type\":\"ListItem\",\"position\":2,\"name\":\"Studies\",\"item\":\"https:\\\/\\\/www.ecolenormalecortot.com\\\/en\\\/les-etudes\\\/\"},{\"@type\":\"ListItem\",\"position\":3,\"name\":\"Departments\",\"item\":\"https:\\\/\\\/www.ecolenormalecortot.com\\\/en\\\/les-etudes\\\/disciplines\\\/\"},{\"@type\":\"ListItem\",\"position\":4,\"name\":\"Non-curricular ensemble classes\"}]},{\"@type\":\"WebSite\",\"@id\":\"https:\\\/\\\/www.ecolenormalecortot.com\\\/en\\\/#website\",\"url\":\"https:\\\/\\\/www.ecolenormalecortot.com\\\/en\\\/\",\"name\":\"Ecole Normale de Musique de Paris\",\"description\":\"\",\"publisher\":{\"@id\":\"https:\\\/\\\/www.ecolenormalecortot.com\\\/en\\\/#organization\"},\"potentialAction\":[{\"@type\":\"SearchAction\",\"target\":{\"@type\":\"EntryPoint\",\"urlTemplate\":\"https:\\\/\\\/www.ecolenormalecortot.com\\\/en\\\/?s={search_term_string}\"},\"query-input\":{\"@type\":\"PropertyValueSpecification\",\"valueRequired\":true,\"valueName\":\"search_term_string\"}}],\"inLanguage\":\"en-US\"},{\"@type\":\"Organization\",\"@id\":\"https:\\\/\\\/www.ecolenormalecortot.com\\\/en\\\/#organization\",\"name\":\"Ecole Normale de Musique de Paris\",\"url\":\"https:\\\/\\\/www.ecolenormalecortot.com\\\/en\\\/\",\"logo\":{\"@type\":\"ImageObject\",\"inLanguage\":\"en-US\",\"@id\":\"https:\\\/\\\/www.ecolenormalecortot.com\\\/en\\\/#\\\/schema\\\/logo\\\/image\\\/\",\"url\":\"https:\\\/\\\/www.ecolenormalecortot.com\\\/wp-content\\\/uploads\\\/2023\\\/02\\\/android-chrome-512x512-1.png\",\"contentUrl\":\"https:\\\/\\\/www.ecolenormalecortot.com\\\/wp-content\\\/uploads\\\/2023\\\/02\\\/android-chrome-512x512-1.png\",\"width\":512,\"height\":512,\"caption\":\"Ecole Normale de Musique de Paris\"},\"image\":{\"@id\":\"https:\\\/\\\/www.ecolenormalecortot.com\\\/en\\\/#\\\/schema\\\/logo\\\/image\\\/\"}}]}<\/script>\n<!-- \/ Yoast SEO plugin. -->","yoast_head_json":{"title":"Non-curricular ensemble classes - Ecole Normale de Musique de Paris","description":"Chamber music, Vocal ensembles, Stage, discover our extra-curricular ensemble classes.","robots":{"index":"index","follow":"follow","max-snippet":"max-snippet:-1","max-image-preview":"max-image-preview:large","max-video-preview":"max-video-preview:-1"},"canonical":"https:\/\/www.ecolenormalecortot.com\/en\/les-etudes\/disciplines\/non-curricular-ensemble-classes\/","og_locale":"en_US","og_type":"article","og_title":"Non-curricular ensemble classes - Ecole Normale de Musique de Paris","og_description":"Chamber music, Vocal ensembles, Stage, discover our extra-curricular ensemble classes.","og_url":"https:\/\/www.ecolenormalecortot.com\/en\/les-etudes\/disciplines\/non-curricular-ensemble-classes\/","og_site_name":"Ecole Normale de Musique de Paris","article_modified_time":"2024-05-23T14:54:58+00:00","og_image":[{"width":2560,"height":1920,"url":"https:\/\/www.ecolenormalecortot.com\/wp-content\/uploads\/2024\/04\/IMG-4956-scaled.jpg","type":"image\/jpeg"}],"twitter_card":"summary_large_image","twitter_misc":{"Est. reading time":"2 minutes"},"schema":{"@context":"https:\/\/schema.org","@graph":[{"@type":"WebPage","@id":"https:\/\/www.ecolenormalecortot.com\/en\/les-etudes\/disciplines\/non-curricular-ensemble-classes\/","url":"https:\/\/www.ecolenormalecortot.com\/en\/les-etudes\/disciplines\/non-curricular-ensemble-classes\/","name":"Non-curricular ensemble classes - Ecole Normale de Musique de Paris","isPartOf":{"@id":"https:\/\/www.ecolenormalecortot.com\/en\/#website"},"primaryImageOfPage":{"@id":"https:\/\/www.ecolenormalecortot.com\/en\/les-etudes\/disciplines\/non-curricular-ensemble-classes\/#primaryimage"},"image":{"@id":"https:\/\/www.ecolenormalecortot.com\/en\/les-etudes\/disciplines\/non-curricular-ensemble-classes\/#primaryimage"},"thumbnailUrl":"https:\/\/www.ecolenormalecortot.com\/wp-content\/uploads\/2024\/04\/IMG-4956-scaled.jpg","datePublished":"2024-04-12T14:08:05+00:00","dateModified":"2024-05-23T14:54:58+00:00","description":"Chamber music, Vocal ensembles, Stage, discover our extra-curricular ensemble classes.","breadcrumb":{"@id":"https:\/\/www.ecolenormalecortot.com\/en\/les-etudes\/disciplines\/non-curricular-ensemble-classes\/#breadcrumb"},"inLanguage":"en-US","potentialAction":[{"@type":"ReadAction","target":["https:\/\/www.ecolenormalecortot.com\/en\/les-etudes\/disciplines\/non-curricular-ensemble-classes\/"]}]},{"@type":"ImageObject","inLanguage":"en-US","@id":"https:\/\/www.ecolenormalecortot.com\/en\/les-etudes\/disciplines\/non-curricular-ensemble-classes\/#primaryimage","url":"https:\/\/www.ecolenormalecortot.com\/wp-content\/uploads\/2024\/04\/IMG-4956-scaled.jpg","contentUrl":"https:\/\/www.ecolenormalecortot.com\/wp-content\/uploads\/2024\/04\/IMG-4956-scaled.jpg","width":2560,"height":1920,"caption":"Musique de chambre"},{"@type":"BreadcrumbList","@id":"https:\/\/www.ecolenormalecortot.com\/en\/les-etudes\/disciplines\/non-curricular-ensemble-classes\/#breadcrumb","itemListElement":[{"@type":"ListItem","position":1,"name":"Accueil","item":"https:\/\/www.ecolenormalecortot.com\/en\/"},{"@type":"ListItem","position":2,"name":"Studies","item":"https:\/\/www.ecolenormalecortot.com\/en\/les-etudes\/"},{"@type":"ListItem","position":3,"name":"Departments","item":"https:\/\/www.ecolenormalecortot.com\/en\/les-etudes\/disciplines\/"},{"@type":"ListItem","position":4,"name":"Non-curricular ensemble classes"}]},{"@type":"WebSite","@id":"https:\/\/www.ecolenormalecortot.com\/en\/#website","url":"https:\/\/www.ecolenormalecortot.com\/en\/","name":"Ecole Normale de Musique de Paris","description":"","publisher":{"@id":"https:\/\/www.ecolenormalecortot.com\/en\/#organization"},"potentialAction":[{"@type":"SearchAction","target":{"@type":"EntryPoint","urlTemplate":"https:\/\/www.ecolenormalecortot.com\/en\/?s={search_term_string}"},"query-input":{"@type":"PropertyValueSpecification","valueRequired":true,"valueName":"search_term_string"}}],"inLanguage":"en-US"},{"@type":"Organization","@id":"https:\/\/www.ecolenormalecortot.com\/en\/#organization","name":"Ecole Normale de Musique de Paris","url":"https:\/\/www.ecolenormalecortot.com\/en\/","logo":{"@type":"ImageObject","inLanguage":"en-US","@id":"https:\/\/www.ecolenormalecortot.com\/en\/#\/schema\/logo\/image\/","url":"https:\/\/www.ecolenormalecortot.com\/wp-content\/uploads\/2023\/02\/android-chrome-512x512-1.png","contentUrl":"https:\/\/www.ecolenormalecortot.com\/wp-content\/uploads\/2023\/02\/android-chrome-512x512-1.png","width":512,"height":512,"caption":"Ecole Normale de Musique de Paris"},"image":{"@id":"https:\/\/www.ecolenormalecortot.com\/en\/#\/schema\/logo\/image\/"}}]}},"_links":{"self":[{"href":"https:\/\/www.ecolenormalecortot.com\/en\/wp-json\/wp\/v2\/pages\/6184","targetHints":{"allow":["GET"]}}],"collection":[{"href":"https:\/\/www.ecolenormalecortot.com\/en\/wp-json\/wp\/v2\/pages"}],"about":[{"href":"https:\/\/www.ecolenormalecortot.com\/en\/wp-json\/wp\/v2\/types\/page"}],"author":[{"embeddable":true,"href":"https:\/\/www.ecolenormalecortot.com\/en\/wp-json\/wp\/v2\/users\/6"}],"replies":[{"embeddable":true,"href":"https:\/\/www.ecolenormalecortot.com\/en\/wp-json\/wp\/v2\/comments?post=6184"}],"version-history":[{"count":4,"href":"https:\/\/www.ecolenormalecortot.com\/en\/wp-json\/wp\/v2\/pages\/6184\/revisions"}],"predecessor-version":[{"id":6579,"href":"https:\/\/www.ecolenormalecortot.com\/en\/wp-json\/wp\/v2\/pages\/6184\/revisions\/6579"}],"up":[{"embeddable":true,"href":"https:\/\/www.ecolenormalecortot.com\/en\/wp-json\/wp\/v2\/pages\/1491"}],"wp:featuredmedia":[{"embeddable":true,"href":"https:\/\/www.ecolenormalecortot.com\/en\/wp-json\/wp\/v2\/media\/6188"}],"wp:attachment":[{"href":"https:\/\/www.ecolenormalecortot.com\/en\/wp-json\/wp\/v2\/media?parent=6184"}],"curies":[{"name":"wp","href":"https:\/\/api.w.org\/{rel}","templated":true}]}}