{"id":1465,"date":"2023-04-04T13:49:17","date_gmt":"2023-04-04T11:49:17","guid":{"rendered":"https:\/\/web.enmp.fr\/?page_id=1465"},"modified":"2023-04-06T14:08:47","modified_gmt":"2023-04-06T12:08:47","slug":"singing-direction","status":"publish","type":"page","link":"https:\/\/www.ecolenormalecortot.com\/en\/singing-direction\/","title":{"rendered":"Vocal Coach"},"content":{"rendered":"\n<h3 class=\"wp-block-heading\"><strong>2<sup>e<\/sup> CYCLE SUP\u00c9RIEUR<\/strong><\/h3>\n\n\n\n<h4 class=\"wp-block-heading\"><strong>Pr\u00e9paration au Dipl\u00f4me de 2<sup>e<\/sup> cycle sup\u00e9rieur<\/strong><\/h4>\n\n\n\n<p>La pr\u00e9paration du dipl\u00f4me de 2<sup>e<\/sup> cycle sup\u00e9rieur se d\u00e9roule sur une \u00e0 trois ann\u00e9es.<\/p>\n\n\n\n<p><strong>CONDITIONS D\u2019ACC\u00c8S<\/strong><\/p>\n\n\n\n<ul class=\"wp-block-list\">\n<li>\u00catre pianiste&nbsp; titulaire d\u2019un niveau minimum de 2e ann\u00e9e du 2e cycle sup\u00e9rieur (ou \u00e9quivalent) et avoir des connaissances suffisantes de solf\u00e8ge (minimum niveau certificat) et d\u2019analyse harmonique<\/li>\n<\/ul>\n\n\n\n<p><strong>ADMISSION<\/strong><\/p>\n\n\n\n<p>L\u2019admission&nbsp; se fait sur audition constitu\u00e9e de:<\/p>\n\n\n\n<ul class=\"wp-block-list\">\n<li>Une ex\u00e9cution au piano (programme de deux \u0153uvres comprenant un pr\u00e9lude et fugue de Bach et 1 extrait d\u2019op\u00e9ra \u2013 ouverture, interm\u00e8de)<\/li>\n\n\n\n<li>Une \u00e9preuve de&nbsp; lecture \u00e0 vue<\/li>\n\n\n\n<li>Un entretien<\/li>\n\n\n\n<li>Des tests portant sur la formation musicale g\u00e9n\u00e9rale, solf\u00e8ge et analyse harmonique, de l\u2019\u00e9tudiant.<\/li>\n<\/ul>\n","protected":false},"excerpt":{"rendered":"<p>2e CYCLE SUP\u00c9RIEUR Pr\u00e9paration au Dipl\u00f4me de 2e cycle sup\u00e9rieur La pr\u00e9paration du dipl\u00f4me de 2e cycle sup\u00e9rieur se d\u00e9roule [&hellip;]<\/p>\n","protected":false},"author":1,"featured_media":723,"parent":0,"menu_order":0,"comment_status":"closed","ping_status":"closed","template":"","meta":{"_acf_changed":false,"footnotes":""},"class_list":["post-1465","page","type-page","status-publish","has-post-thumbnail","hentry"],"acf":[],"yoast_head":"<!-- This site is optimized with the Yoast SEO plugin v27.5 - https:\/\/yoast.com\/product\/yoast-seo-wordpress\/ -->\n<title>Vocal Coach - Ecole Normale de Musique de Paris<\/title>\n<meta name=\"robots\" content=\"index, follow, max-snippet:-1, max-image-preview:large, max-video-preview:-1\" \/>\n<link rel=\"canonical\" href=\"https:\/\/www.ecolenormalecortot.com\/en\/singing-direction\/\" \/>\n<meta property=\"og:locale\" content=\"en_US\" \/>\n<meta property=\"og:type\" content=\"article\" \/>\n<meta property=\"og:title\" content=\"Vocal Coach - Ecole Normale de Musique de Paris\" \/>\n<meta property=\"og:description\" content=\"2e CYCLE SUP\u00c9RIEUR Pr\u00e9paration au Dipl\u00f4me de 2e cycle sup\u00e9rieur La pr\u00e9paration du dipl\u00f4me de 2e cycle sup\u00e9rieur se d\u00e9roule [&hellip;]\" \/>\n<meta property=\"og:url\" content=\"https:\/\/www.ecolenormalecortot.com\/en\/singing-direction\/\" \/>\n<meta property=\"og:site_name\" content=\"Ecole Normale de Musique de Paris\" \/>\n<meta property=\"article:modified_time\" content=\"2023-04-06T12:08:47+00:00\" \/>\n<meta property=\"og:image\" content=\"https:\/\/www.ecolenormalecortot.com\/wp-content\/uploads\/2023\/04\/Header-7.jpg\" \/>\n\t<meta property=\"og:image:width\" content=\"1100\" \/>\n\t<meta property=\"og:image:height\" content=\"600\" \/>\n\t<meta property=\"og:image:type\" content=\"image\/jpeg\" \/>\n<meta name=\"twitter:card\" content=\"summary_large_image\" \/>\n<meta name=\"twitter:label1\" content=\"Est. reading time\" \/>\n\t<meta name=\"twitter:data1\" content=\"1 minute\" \/>\n<script type=\"application\/ld+json\" class=\"yoast-schema-graph\">{\"@context\":\"https:\\\/\\\/schema.org\",\"@graph\":[{\"@type\":\"WebPage\",\"@id\":\"https:\\\/\\\/www.ecolenormalecortot.com\\\/en\\\/singing-direction\\\/\",\"url\":\"https:\\\/\\\/www.ecolenormalecortot.com\\\/en\\\/singing-direction\\\/\",\"name\":\"Vocal Coach - Ecole Normale de Musique de Paris\",\"isPartOf\":{\"@id\":\"https:\\\/\\\/www.ecolenormalecortot.com\\\/en\\\/#website\"},\"primaryImageOfPage\":{\"@id\":\"https:\\\/\\\/www.ecolenormalecortot.com\\\/en\\\/singing-direction\\\/#primaryimage\"},\"image\":{\"@id\":\"https:\\\/\\\/www.ecolenormalecortot.com\\\/en\\\/singing-direction\\\/#primaryimage\"},\"thumbnailUrl\":\"https:\\\/\\\/www.ecolenormalecortot.com\\\/wp-content\\\/uploads\\\/2023\\\/04\\\/Header-7.jpg\",\"datePublished\":\"2023-04-04T11:49:17+00:00\",\"dateModified\":\"2023-04-06T12:08:47+00:00\",\"breadcrumb\":{\"@id\":\"https:\\\/\\\/www.ecolenormalecortot.com\\\/en\\\/singing-direction\\\/#breadcrumb\"},\"inLanguage\":\"en-US\",\"potentialAction\":[{\"@type\":\"ReadAction\",\"target\":[\"https:\\\/\\\/www.ecolenormalecortot.com\\\/en\\\/singing-direction\\\/\"]}]},{\"@type\":\"ImageObject\",\"inLanguage\":\"en-US\",\"@id\":\"https:\\\/\\\/www.ecolenormalecortot.com\\\/en\\\/singing-direction\\\/#primaryimage\",\"url\":\"https:\\\/\\\/www.ecolenormalecortot.com\\\/wp-content\\\/uploads\\\/2023\\\/04\\\/Header-7.jpg\",\"contentUrl\":\"https:\\\/\\\/www.ecolenormalecortot.com\\\/wp-content\\\/uploads\\\/2023\\\/04\\\/Header-7.jpg\",\"width\":1100,\"height\":600},{\"@type\":\"BreadcrumbList\",\"@id\":\"https:\\\/\\\/www.ecolenormalecortot.com\\\/en\\\/singing-direction\\\/#breadcrumb\",\"itemListElement\":[{\"@type\":\"ListItem\",\"position\":1,\"name\":\"Accueil\",\"item\":\"https:\\\/\\\/www.ecolenormalecortot.com\\\/en\\\/\"},{\"@type\":\"ListItem\",\"position\":2,\"name\":\"Vocal Coach\"}]},{\"@type\":\"WebSite\",\"@id\":\"https:\\\/\\\/www.ecolenormalecortot.com\\\/en\\\/#website\",\"url\":\"https:\\\/\\\/www.ecolenormalecortot.com\\\/en\\\/\",\"name\":\"Ecole Normale de Musique de Paris\",\"description\":\"\",\"publisher\":{\"@id\":\"https:\\\/\\\/www.ecolenormalecortot.com\\\/en\\\/#organization\"},\"potentialAction\":[{\"@type\":\"SearchAction\",\"target\":{\"@type\":\"EntryPoint\",\"urlTemplate\":\"https:\\\/\\\/www.ecolenormalecortot.com\\\/en\\\/?s={search_term_string}\"},\"query-input\":{\"@type\":\"PropertyValueSpecification\",\"valueRequired\":true,\"valueName\":\"search_term_string\"}}],\"inLanguage\":\"en-US\"},{\"@type\":\"Organization\",\"@id\":\"https:\\\/\\\/www.ecolenormalecortot.com\\\/en\\\/#organization\",\"name\":\"Ecole Normale de Musique de Paris\",\"url\":\"https:\\\/\\\/www.ecolenormalecortot.com\\\/en\\\/\",\"logo\":{\"@type\":\"ImageObject\",\"inLanguage\":\"en-US\",\"@id\":\"https:\\\/\\\/www.ecolenormalecortot.com\\\/en\\\/#\\\/schema\\\/logo\\\/image\\\/\",\"url\":\"https:\\\/\\\/www.ecolenormalecortot.com\\\/wp-content\\\/uploads\\\/2023\\\/02\\\/android-chrome-512x512-1.png\",\"contentUrl\":\"https:\\\/\\\/www.ecolenormalecortot.com\\\/wp-content\\\/uploads\\\/2023\\\/02\\\/android-chrome-512x512-1.png\",\"width\":512,\"height\":512,\"caption\":\"Ecole Normale de Musique de Paris\"},\"image\":{\"@id\":\"https:\\\/\\\/www.ecolenormalecortot.com\\\/en\\\/#\\\/schema\\\/logo\\\/image\\\/\"}}]}<\/script>\n<!-- \/ Yoast SEO plugin. -->","yoast_head_json":{"title":"Vocal Coach - Ecole Normale de Musique de Paris","robots":{"index":"index","follow":"follow","max-snippet":"max-snippet:-1","max-image-preview":"max-image-preview:large","max-video-preview":"max-video-preview:-1"},"canonical":"https:\/\/www.ecolenormalecortot.com\/en\/singing-direction\/","og_locale":"en_US","og_type":"article","og_title":"Vocal Coach - Ecole Normale de Musique de Paris","og_description":"2e CYCLE SUP\u00c9RIEUR Pr\u00e9paration au Dipl\u00f4me de 2e cycle sup\u00e9rieur La pr\u00e9paration du dipl\u00f4me de 2e cycle sup\u00e9rieur se d\u00e9roule [&hellip;]","og_url":"https:\/\/www.ecolenormalecortot.com\/en\/singing-direction\/","og_site_name":"Ecole Normale de Musique de Paris","article_modified_time":"2023-04-06T12:08:47+00:00","og_image":[{"width":1100,"height":600,"url":"https:\/\/www.ecolenormalecortot.com\/wp-content\/uploads\/2023\/04\/Header-7.jpg","type":"image\/jpeg"}],"twitter_card":"summary_large_image","twitter_misc":{"Est. reading time":"1 minute"},"schema":{"@context":"https:\/\/schema.org","@graph":[{"@type":"WebPage","@id":"https:\/\/www.ecolenormalecortot.com\/en\/singing-direction\/","url":"https:\/\/www.ecolenormalecortot.com\/en\/singing-direction\/","name":"Vocal Coach - Ecole Normale de Musique de Paris","isPartOf":{"@id":"https:\/\/www.ecolenormalecortot.com\/en\/#website"},"primaryImageOfPage":{"@id":"https:\/\/www.ecolenormalecortot.com\/en\/singing-direction\/#primaryimage"},"image":{"@id":"https:\/\/www.ecolenormalecortot.com\/en\/singing-direction\/#primaryimage"},"thumbnailUrl":"https:\/\/www.ecolenormalecortot.com\/wp-content\/uploads\/2023\/04\/Header-7.jpg","datePublished":"2023-04-04T11:49:17+00:00","dateModified":"2023-04-06T12:08:47+00:00","breadcrumb":{"@id":"https:\/\/www.ecolenormalecortot.com\/en\/singing-direction\/#breadcrumb"},"inLanguage":"en-US","potentialAction":[{"@type":"ReadAction","target":["https:\/\/www.ecolenormalecortot.com\/en\/singing-direction\/"]}]},{"@type":"ImageObject","inLanguage":"en-US","@id":"https:\/\/www.ecolenormalecortot.com\/en\/singing-direction\/#primaryimage","url":"https:\/\/www.ecolenormalecortot.com\/wp-content\/uploads\/2023\/04\/Header-7.jpg","contentUrl":"https:\/\/www.ecolenormalecortot.com\/wp-content\/uploads\/2023\/04\/Header-7.jpg","width":1100,"height":600},{"@type":"BreadcrumbList","@id":"https:\/\/www.ecolenormalecortot.com\/en\/singing-direction\/#breadcrumb","itemListElement":[{"@type":"ListItem","position":1,"name":"Accueil","item":"https:\/\/www.ecolenormalecortot.com\/en\/"},{"@type":"ListItem","position":2,"name":"Vocal Coach"}]},{"@type":"WebSite","@id":"https:\/\/www.ecolenormalecortot.com\/en\/#website","url":"https:\/\/www.ecolenormalecortot.com\/en\/","name":"Ecole Normale de Musique de Paris","description":"","publisher":{"@id":"https:\/\/www.ecolenormalecortot.com\/en\/#organization"},"potentialAction":[{"@type":"SearchAction","target":{"@type":"EntryPoint","urlTemplate":"https:\/\/www.ecolenormalecortot.com\/en\/?s={search_term_string}"},"query-input":{"@type":"PropertyValueSpecification","valueRequired":true,"valueName":"search_term_string"}}],"inLanguage":"en-US"},{"@type":"Organization","@id":"https:\/\/www.ecolenormalecortot.com\/en\/#organization","name":"Ecole Normale de Musique de Paris","url":"https:\/\/www.ecolenormalecortot.com\/en\/","logo":{"@type":"ImageObject","inLanguage":"en-US","@id":"https:\/\/www.ecolenormalecortot.com\/en\/#\/schema\/logo\/image\/","url":"https:\/\/www.ecolenormalecortot.com\/wp-content\/uploads\/2023\/02\/android-chrome-512x512-1.png","contentUrl":"https:\/\/www.ecolenormalecortot.com\/wp-content\/uploads\/2023\/02\/android-chrome-512x512-1.png","width":512,"height":512,"caption":"Ecole Normale de Musique de Paris"},"image":{"@id":"https:\/\/www.ecolenormalecortot.com\/en\/#\/schema\/logo\/image\/"}}]}},"_links":{"self":[{"href":"https:\/\/www.ecolenormalecortot.com\/en\/wp-json\/wp\/v2\/pages\/1465","targetHints":{"allow":["GET"]}}],"collection":[{"href":"https:\/\/www.ecolenormalecortot.com\/en\/wp-json\/wp\/v2\/pages"}],"about":[{"href":"https:\/\/www.ecolenormalecortot.com\/en\/wp-json\/wp\/v2\/types\/page"}],"author":[{"embeddable":true,"href":"https:\/\/www.ecolenormalecortot.com\/en\/wp-json\/wp\/v2\/users\/1"}],"replies":[{"embeddable":true,"href":"https:\/\/www.ecolenormalecortot.com\/en\/wp-json\/wp\/v2\/comments?post=1465"}],"version-history":[{"count":2,"href":"https:\/\/www.ecolenormalecortot.com\/en\/wp-json\/wp\/v2\/pages\/1465\/revisions"}],"predecessor-version":[{"id":1521,"href":"https:\/\/www.ecolenormalecortot.com\/en\/wp-json\/wp\/v2\/pages\/1465\/revisions\/1521"}],"wp:featuredmedia":[{"embeddable":true,"href":"https:\/\/www.ecolenormalecortot.com\/en\/wp-json\/wp\/v2\/media\/723"}],"wp:attachment":[{"href":"https:\/\/www.ecolenormalecortot.com\/en\/wp-json\/wp\/v2\/media?parent=1465"}],"curies":[{"name":"wp","href":"https:\/\/api.w.org\/{rel}","templated":true}]}}