{"id":9902,"date":"2025-04-07T17:52:57","date_gmt":"2025-04-07T15:52:57","guid":{"rendered":"https:\/\/www.ecolenormalecortot.com\/event\/artist-diploma-2025-piano\/"},"modified":"2025-04-07T17:52:57","modified_gmt":"2025-04-07T15:52:57","slug":"artist-diploma-2025-piano","status":"publish","type":"event","link":"https:\/\/www.ecolenormalecortot.com\/en\/event\/artist-diploma-2025-piano\/","title":{"rendered":"Artist Diploma 2025 (Piano)"},"content":{"rendered":"\n<p>L\u2019\u00c9cole Normale de Musique de Paris vous invite \u00e0 venir d\u00e9couvrir ses \u00e9tudiants en <strong>Artist Diploma<\/strong>. Une occasion unique d\u2019\u00e9couter ces jeunes musiciens passionn\u00e9s et prometteurs, au sommet de leur parcours artistique. Chaque \u00e9tudiant joue 45mn.<\/p>\n\n\n\n<p>Attention, l\u2019entr\u00e9e du public s\u2019effectue par l\u2019\u00c9cole Normale de Musique de Paris, au 114bis Boulevard Malesherbes.<\/p>\n\n\n\n<p><\/p>\n\n\n\n<p><\/p>\n\n\n\n<h3 class=\"wp-block-heading\">Programme lundi 19 mai<\/h3>\n\n\n\n<p>09h00 : OVCHARENKO Illia&nbsp;<\/p>\n\n\n\n<p>10h45 : PERISSINOTTO Tiago&nbsp;<\/p>\n\n\n\n<p>11h30 : RAKOTO Ilo tsara nambinina&nbsp;<\/p>\n\n\n\n<p>14h00 : RAMAMONJISOA Elian&nbsp;<\/p>\n\n\n\n<p>14h45 : SHCHERBINA Marina&nbsp;<\/p>\n\n\n\n<p>15h45 : SHKRELI Alba&nbsp;<\/p>\n\n\n\n<p>16h30 : SHIM Sohyun&nbsp;<\/p>\n\n\n\n<p>17h30 : SHIN Ju young&nbsp;<\/p>\n\n\n\n<p><\/p>\n\n\n\n<h3 class=\"wp-block-heading\">Programme mardi 20 mai<\/h3>\n\n\n\n<p>09h00 : SHOJI Mimi&nbsp;<\/p>\n\n\n\n<p>09:45 : SUN Youl&nbsp;<\/p>\n\n\n\n<p>10h45 : TOMASZEWSKA Karolina aleksandra&nbsp;<\/p>\n\n\n\n<p>11h30 : UENO Yukiko&nbsp;<\/p>\n\n\n\n<p>14h00 : WANG Lixuan&nbsp;<\/p>\n\n\n\n<p>14h45 : YAMASHITA Hibiki&nbsp;<\/p>\n\n\n\n<p>15h45&nbsp;: YU Jingjing&nbsp;<\/p>\n\n\n\n<p>16h30 : YUSIFZADA Javid&nbsp;<\/p>\n\n\n\n<p>17h30 : ZHAO Yuan&nbsp;<\/p>\n\n\n\n<p>18h15 : ZHENG Zhao-kai&nbsp;<\/p>\n\n\n\n<p><\/p>\n\n\n\n<h3 class=\"wp-block-heading\">Programme mercredi 21 mai<\/h3>\n\n\n\n<p>09h00 : ABE Natsuki&nbsp;<\/p>\n\n\n\n<p>09h45 : ALAKBARZADE Eldaniz&nbsp;<\/p>\n\n\n\n<p>10h45 : CHARRIERE Edouard&nbsp;<\/p>\n\n\n\n<p>11h30 : DE STEFANO Ester&nbsp;<\/p>\n\n\n\n<p>14h00 : DU Jingrun&nbsp;<\/p>\n\n\n\n<p>14h45 : FONT ESPINOZA Elena&nbsp;<\/p>\n\n\n\n<p>15h45 : FUJISAWA Arisa&nbsp;<\/p>\n\n\n\n<p>16h30 : HARIJAN Cristobal lewis&nbsp;<\/p>\n\n\n\n<p>17h30 : HE Dawei&nbsp;<\/p>\n\n\n\n<p>18h15 : HIRABAYASHI<\/p>\n\n\n\n<p><\/p>\n\n\n\n<h3 class=\"wp-block-heading\">Programme jeudi 22 mai<\/h3>\n\n\n\n<p>09h00 : ILIASOVA Guzel&nbsp;<\/p>\n\n\n\n<p>09h45 : IWANAMI Yukako&nbsp;<\/p>\n\n\n\n<p>10h45 : KIMURA Shizuka&nbsp;<\/p>\n\n\n\n<p>11h30 : KLYETSUN Maximo&nbsp;<\/p>\n\n\n\n<p>14h00 : LEE Kisang&nbsp;<\/p>\n\n\n\n<p>14h45 : LEE Hyun-hee&nbsp;<\/p>\n\n\n\n<p>15h45 : MAEDA Saki&nbsp;<\/p>\n\n\n\n<p>16h30 : CHEN Chengyi&nbsp;<\/p>\n","protected":false},"excerpt":{"rendered":"<p>L\u2019\u00c9cole Normale de Musique de Paris vous invite \u00e0 venir d\u00e9couvrir ses \u00e9tudiants en Artist Diploma. Une occasion unique d\u2019\u00e9couter [&hellip;]<\/p>\n","protected":false},"featured_media":9900,"template":"","meta":{"_acf_changed":false},"event_category":[168],"class_list":["post-9902","event","type-event","status-publish","has-post-thumbnail","hentry","event_category-concerts-de-midi-et-demi"],"acf":{"presentation":"","musicians":"","program":"","host":"","date":"2025-05-19 09:00:00","time_start":"09:00","time_end":null,"end_date":null,"location_name":"","location_address":"","phone":"","link":null,"booking_link":"","price_from":"<p>Entr\u00e9e libre<\/p>\n","hide_price":false,"teachers":null,"event_type":"","datetime":"2025-05-19 09:00:00","end_datetime":"2025-05-22 17:15:00","booking_infos":"","source_post_id":"4271"},"yoast_head":"<!-- This site is optimized with the Yoast SEO plugin v27.5 - https:\/\/yoast.com\/product\/yoast-seo-wordpress\/ -->\n<title>Artist Diploma 2025 (Piano) - Ecole Normale de Musique de Paris<\/title>\n<meta name=\"robots\" content=\"index, follow, max-snippet:-1, max-image-preview:large, max-video-preview:-1\" \/>\n<link rel=\"canonical\" href=\"https:\/\/www.ecolenormalecortot.com\/en\/event\/artist-diploma-2025-piano\/\" \/>\n<meta property=\"og:locale\" content=\"en_US\" \/>\n<meta property=\"og:type\" content=\"article\" \/>\n<meta property=\"og:title\" content=\"Artist Diploma 2025 (Piano) - Ecole Normale de Musique de Paris\" \/>\n<meta property=\"og:description\" content=\"L\u2019\u00c9cole Normale de Musique de Paris vous invite \u00e0 venir d\u00e9couvrir ses \u00e9tudiants en Artist Diploma. Une occasion unique d\u2019\u00e9couter [&hellip;]\" \/>\n<meta property=\"og:url\" content=\"https:\/\/www.ecolenormalecortot.com\/en\/event\/artist-diploma-2025-piano\/\" \/>\n<meta property=\"og:site_name\" content=\"Ecole Normale de Musique de Paris\" \/>\n<meta name=\"twitter:card\" content=\"summary_large_image\" \/>\n<meta name=\"twitter:label1\" content=\"Est. reading time\" \/>\n\t<meta name=\"twitter:data1\" content=\"1 minute\" \/>\n<script type=\"application\/ld+json\" class=\"yoast-schema-graph\">{\"@context\":\"https:\\\/\\\/schema.org\",\"@graph\":[{\"@type\":\"WebPage\",\"@id\":\"https:\\\/\\\/www.ecolenormalecortot.com\\\/en\\\/event\\\/artist-diploma-2025-piano\\\/\",\"url\":\"https:\\\/\\\/www.ecolenormalecortot.com\\\/en\\\/event\\\/artist-diploma-2025-piano\\\/\",\"name\":\"Artist Diploma 2025 (Piano) - Ecole Normale de Musique de Paris\",\"isPartOf\":{\"@id\":\"https:\\\/\\\/www.ecolenormalecortot.com\\\/en\\\/#website\"},\"primaryImageOfPage\":{\"@id\":\"https:\\\/\\\/www.ecolenormalecortot.com\\\/en\\\/event\\\/artist-diploma-2025-piano\\\/#primaryimage\"},\"image\":{\"@id\":\"https:\\\/\\\/www.ecolenormalecortot.com\\\/en\\\/event\\\/artist-diploma-2025-piano\\\/#primaryimage\"},\"thumbnailUrl\":\"https:\\\/\\\/www.ecolenormalecortot.com\\\/wp-content\\\/uploads\\\/2025\\\/04\\\/LD-20250116-0055-scaled-3.jpg\",\"datePublished\":\"2025-04-07T15:52:57+00:00\",\"breadcrumb\":{\"@id\":\"https:\\\/\\\/www.ecolenormalecortot.com\\\/en\\\/event\\\/artist-diploma-2025-piano\\\/#breadcrumb\"},\"inLanguage\":\"en-US\",\"potentialAction\":[{\"@type\":\"ReadAction\",\"target\":[\"https:\\\/\\\/www.ecolenormalecortot.com\\\/en\\\/event\\\/artist-diploma-2025-piano\\\/\"]}]},{\"@type\":\"ImageObject\",\"inLanguage\":\"en-US\",\"@id\":\"https:\\\/\\\/www.ecolenormalecortot.com\\\/en\\\/event\\\/artist-diploma-2025-piano\\\/#primaryimage\",\"url\":\"https:\\\/\\\/www.ecolenormalecortot.com\\\/wp-content\\\/uploads\\\/2025\\\/04\\\/LD-20250116-0055-scaled-3.jpg\",\"contentUrl\":\"https:\\\/\\\/www.ecolenormalecortot.com\\\/wp-content\\\/uploads\\\/2025\\\/04\\\/LD-20250116-0055-scaled-3.jpg\",\"width\":2560,\"height\":1707},{\"@type\":\"BreadcrumbList\",\"@id\":\"https:\\\/\\\/www.ecolenormalecortot.com\\\/en\\\/event\\\/artist-diploma-2025-piano\\\/#breadcrumb\",\"itemListElement\":[{\"@type\":\"ListItem\",\"position\":1,\"name\":\"Accueil\",\"item\":\"https:\\\/\\\/www.ecolenormalecortot.com\\\/en\\\/\"},{\"@type\":\"ListItem\",\"position\":2,\"name\":\"\u00c9v\u00e8nements\",\"item\":\"https:\\\/\\\/www.ecolenormalecortot.com\\\/en\\\/event\\\/\"},{\"@type\":\"ListItem\",\"position\":3,\"name\":\"Artist Diploma 2025 (Piano)\"}]},{\"@type\":\"WebSite\",\"@id\":\"https:\\\/\\\/www.ecolenormalecortot.com\\\/en\\\/#website\",\"url\":\"https:\\\/\\\/www.ecolenormalecortot.com\\\/en\\\/\",\"name\":\"Ecole Normale de Musique de Paris\",\"description\":\"\",\"publisher\":{\"@id\":\"https:\\\/\\\/www.ecolenormalecortot.com\\\/en\\\/#organization\"},\"potentialAction\":[{\"@type\":\"SearchAction\",\"target\":{\"@type\":\"EntryPoint\",\"urlTemplate\":\"https:\\\/\\\/www.ecolenormalecortot.com\\\/en\\\/?s={search_term_string}\"},\"query-input\":{\"@type\":\"PropertyValueSpecification\",\"valueRequired\":true,\"valueName\":\"search_term_string\"}}],\"inLanguage\":\"en-US\"},{\"@type\":\"Organization\",\"@id\":\"https:\\\/\\\/www.ecolenormalecortot.com\\\/en\\\/#organization\",\"name\":\"Ecole Normale de Musique de Paris\",\"url\":\"https:\\\/\\\/www.ecolenormalecortot.com\\\/en\\\/\",\"logo\":{\"@type\":\"ImageObject\",\"inLanguage\":\"en-US\",\"@id\":\"https:\\\/\\\/www.ecolenormalecortot.com\\\/en\\\/#\\\/schema\\\/logo\\\/image\\\/\",\"url\":\"https:\\\/\\\/www.ecolenormalecortot.com\\\/wp-content\\\/uploads\\\/2023\\\/02\\\/android-chrome-512x512-1.png\",\"contentUrl\":\"https:\\\/\\\/www.ecolenormalecortot.com\\\/wp-content\\\/uploads\\\/2023\\\/02\\\/android-chrome-512x512-1.png\",\"width\":512,\"height\":512,\"caption\":\"Ecole Normale de Musique de Paris\"},\"image\":{\"@id\":\"https:\\\/\\\/www.ecolenormalecortot.com\\\/en\\\/#\\\/schema\\\/logo\\\/image\\\/\"}}]}<\/script>\n<!-- \/ Yoast SEO plugin. -->","yoast_head_json":{"title":"Artist Diploma 2025 (Piano) - Ecole Normale de Musique de Paris","robots":{"index":"index","follow":"follow","max-snippet":"max-snippet:-1","max-image-preview":"max-image-preview:large","max-video-preview":"max-video-preview:-1"},"canonical":"https:\/\/www.ecolenormalecortot.com\/en\/event\/artist-diploma-2025-piano\/","og_locale":"en_US","og_type":"article","og_title":"Artist Diploma 2025 (Piano) - Ecole Normale de Musique de Paris","og_description":"L\u2019\u00c9cole Normale de Musique de Paris vous invite \u00e0 venir d\u00e9couvrir ses \u00e9tudiants en Artist Diploma. Une occasion unique d\u2019\u00e9couter [&hellip;]","og_url":"https:\/\/www.ecolenormalecortot.com\/en\/event\/artist-diploma-2025-piano\/","og_site_name":"Ecole Normale de Musique de Paris","twitter_card":"summary_large_image","twitter_misc":{"Est. reading time":"1 minute"},"schema":{"@context":"https:\/\/schema.org","@graph":[{"@type":"WebPage","@id":"https:\/\/www.ecolenormalecortot.com\/en\/event\/artist-diploma-2025-piano\/","url":"https:\/\/www.ecolenormalecortot.com\/en\/event\/artist-diploma-2025-piano\/","name":"Artist Diploma 2025 (Piano) - Ecole Normale de Musique de Paris","isPartOf":{"@id":"https:\/\/www.ecolenormalecortot.com\/en\/#website"},"primaryImageOfPage":{"@id":"https:\/\/www.ecolenormalecortot.com\/en\/event\/artist-diploma-2025-piano\/#primaryimage"},"image":{"@id":"https:\/\/www.ecolenormalecortot.com\/en\/event\/artist-diploma-2025-piano\/#primaryimage"},"thumbnailUrl":"https:\/\/www.ecolenormalecortot.com\/wp-content\/uploads\/2025\/04\/LD-20250116-0055-scaled-3.jpg","datePublished":"2025-04-07T15:52:57+00:00","breadcrumb":{"@id":"https:\/\/www.ecolenormalecortot.com\/en\/event\/artist-diploma-2025-piano\/#breadcrumb"},"inLanguage":"en-US","potentialAction":[{"@type":"ReadAction","target":["https:\/\/www.ecolenormalecortot.com\/en\/event\/artist-diploma-2025-piano\/"]}]},{"@type":"ImageObject","inLanguage":"en-US","@id":"https:\/\/www.ecolenormalecortot.com\/en\/event\/artist-diploma-2025-piano\/#primaryimage","url":"https:\/\/www.ecolenormalecortot.com\/wp-content\/uploads\/2025\/04\/LD-20250116-0055-scaled-3.jpg","contentUrl":"https:\/\/www.ecolenormalecortot.com\/wp-content\/uploads\/2025\/04\/LD-20250116-0055-scaled-3.jpg","width":2560,"height":1707},{"@type":"BreadcrumbList","@id":"https:\/\/www.ecolenormalecortot.com\/en\/event\/artist-diploma-2025-piano\/#breadcrumb","itemListElement":[{"@type":"ListItem","position":1,"name":"Accueil","item":"https:\/\/www.ecolenormalecortot.com\/en\/"},{"@type":"ListItem","position":2,"name":"\u00c9v\u00e8nements","item":"https:\/\/www.ecolenormalecortot.com\/en\/event\/"},{"@type":"ListItem","position":3,"name":"Artist Diploma 2025 (Piano)"}]},{"@type":"WebSite","@id":"https:\/\/www.ecolenormalecortot.com\/en\/#website","url":"https:\/\/www.ecolenormalecortot.com\/en\/","name":"Ecole Normale de Musique de Paris","description":"","publisher":{"@id":"https:\/\/www.ecolenormalecortot.com\/en\/#organization"},"potentialAction":[{"@type":"SearchAction","target":{"@type":"EntryPoint","urlTemplate":"https:\/\/www.ecolenormalecortot.com\/en\/?s={search_term_string}"},"query-input":{"@type":"PropertyValueSpecification","valueRequired":true,"valueName":"search_term_string"}}],"inLanguage":"en-US"},{"@type":"Organization","@id":"https:\/\/www.ecolenormalecortot.com\/en\/#organization","name":"Ecole Normale de Musique de Paris","url":"https:\/\/www.ecolenormalecortot.com\/en\/","logo":{"@type":"ImageObject","inLanguage":"en-US","@id":"https:\/\/www.ecolenormalecortot.com\/en\/#\/schema\/logo\/image\/","url":"https:\/\/www.ecolenormalecortot.com\/wp-content\/uploads\/2023\/02\/android-chrome-512x512-1.png","contentUrl":"https:\/\/www.ecolenormalecortot.com\/wp-content\/uploads\/2023\/02\/android-chrome-512x512-1.png","width":512,"height":512,"caption":"Ecole Normale de Musique de Paris"},"image":{"@id":"https:\/\/www.ecolenormalecortot.com\/en\/#\/schema\/logo\/image\/"}}]}},"_links":{"self":[{"href":"https:\/\/www.ecolenormalecortot.com\/en\/wp-json\/wp\/v2\/event\/9902","targetHints":{"allow":["GET"]}}],"collection":[{"href":"https:\/\/www.ecolenormalecortot.com\/en\/wp-json\/wp\/v2\/event"}],"about":[{"href":"https:\/\/www.ecolenormalecortot.com\/en\/wp-json\/wp\/v2\/types\/event"}],"wp:featuredmedia":[{"embeddable":true,"href":"https:\/\/www.ecolenormalecortot.com\/en\/wp-json\/wp\/v2\/media\/9900"}],"wp:attachment":[{"href":"https:\/\/www.ecolenormalecortot.com\/en\/wp-json\/wp\/v2\/media?parent=9902"}],"wp:term":[{"taxonomy":"event_category","embeddable":true,"href":"https:\/\/www.ecolenormalecortot.com\/en\/wp-json\/wp\/v2\/event_category?post=9902"}],"curies":[{"name":"wp","href":"https:\/\/api.w.org\/{rel}","templated":true}]}}