{"id":9814,"date":"2025-03-31T14:10:26","date_gmt":"2025-03-31T12:10:26","guid":{"rendered":"https:\/\/www.ecolenormalecortot.com\/event\/concert-de-midi-et-demi-avec-clement-coron-dian-yu-et-zoe-hoybel\/"},"modified":"2025-03-31T14:10:26","modified_gmt":"2025-03-31T12:10:26","slug":"concert-de-midi-et-demi-avec-clement-coron-dian-yu-et-zoe-hoybel","status":"publish","type":"event","link":"https:\/\/www.ecolenormalecortot.com\/en\/event\/concert-de-midi-et-demi-avec-clement-coron-dian-yu-et-zoe-hoybel\/","title":{"rendered":"Concert de midi et demi avec Cl\u00e9ment CORON, Dian YU et Zo\u00e9 HOYBEL"},"content":{"rendered":"\n<p class=\"has-medium-font-size\"><strong>Concert de midi et demi avec Cl\u00e9ment CORON, Dian YU et Zo\u00e9 HOYBEL<\/strong><\/p>\n\n\n\n<p class=\"has-medium-font-size\">Les Concerts de Midi et Demi sont donn\u00e9s par les dipl\u00f4m\u00e9s, les \u00e9tudiants des niveaux sup\u00e9rieurs et les professeurs de l\u2019\u00c9cole Normale de Musique de Paris.<\/p>\n\n\n\n<p>Ils sont coordonn\u00e9s et pr\u00e9sent\u00e9s par St\u00e9phane Fri\u00e9d\u00e9rich.<\/p>\n\n\n\n<p class=\"has-medium-font-size\"><em>Entr\u00e9e libre sous r\u00e9serve des places disponibles.<\/em><\/p>\n\n\n\n\n\n<div style=\"height:11px\" aria-hidden=\"true\" class=\"wp-block-spacer\"><\/div>\n\n\n\n<h3 class=\"wp-block-heading\">Le programme<\/h3>\n\n\n\n<p><strong>Cl\u00e9ment CORON, piano<\/strong><\/p>\n\n\n\n<p>Wolfgang Amadeus Mozart&nbsp;: Fantaisie en ut mineur K.475<\/p>\n\n\n\n<p>Franz Liszt&nbsp;: Sposalizio, extrait des Ann\u00e9es de P\u00e9lerinage (Italie)<\/p>\n\n\n\n<div style=\"height:41px\" aria-hidden=\"true\" class=\"wp-block-spacer\"><\/div>\n\n\n\n<p><strong>Dian YU, soprano<\/strong><\/p>\n\n\n\n<p><strong>Zo\u00e9 HOYBEL, piano<\/strong><\/p>\n\n\n\n<p>Henri Duparc&nbsp;: Chanson triste<\/p>\n\n\n\n<p>Anton Dvorak&nbsp;: \u00ab&nbsp;Mesicku na nebi hlubokem \u00bb extrait de Rusalka<\/p>\n\n\n\n<p>Giacomo Puccini&nbsp;: \u00ab&nbsp;Quando m\u2019en vo \u00bb extrait de La Boh\u00e8me &#8211; \u00ab&nbsp;Chi il bel sogno di Doretta \u00bb extrait de La Rondine<\/p>\n\n\n\n<p>Jules Massenet&nbsp;: \u00ab&nbsp;Suis-je gentil ainsi\u2026 je marche sur tous les chemins \u00bb extrait de Manon<\/p>\n\n\n\n<p>Qing Liu&nbsp;: Barcarolle<\/p>\n\n\n\n<p>Jiaqing Lin&nbsp;; Au bord de l\u2019eau<\/p>\n\n\n\n<div style=\"height:64px\" aria-hidden=\"true\" class=\"wp-block-spacer\"><\/div>\n\n\n\n<h3 class=\"wp-block-heading\">Distribution<\/h3>\n\n\n\n<h2 class=\"wp-block-heading has-large-font-size\"><strong>Cl\u00e9ment CORON, piano<\/strong><\/h2>\n\n\n\n<p><\/p>\n\n\n\n<div style=\"height:15px\" aria-hidden=\"true\" class=\"wp-block-spacer\"><\/div>\n\n\n\n<h2 class=\"wp-block-heading has-large-font-size\"><strong>Dian YU, soprano<\/strong><\/h2>\n\n\n\n<figure class=\"wp-block-image size-full is-resized\"><a href=\"https:\/\/www.instagram.com\/dian.vaultier\/\"><img decoding=\"async\" src=\"https:\/\/sallecortot.com\/wp-content\/uploads\/2024\/11\/pngtree-instagram-icon-png-image_6315974.png\" alt=\"\" class=\"wp-image-2227\" style=\"width:32px;height:auto\"\/><\/a><\/figure>\n\n\n\n<div style=\"height:15px\" aria-hidden=\"true\" class=\"wp-block-spacer\"><\/div>\n\n\n\n<h2 class=\"wp-block-heading has-large-font-size\"><strong>Zo\u00e9 HOYBEL, piano<\/strong><\/h2>\n\n\n<div class=\"wp-block-image\">\n<figure class=\"alignleft size-full is-resized\"><img decoding=\"async\" src=\"https:\/\/sallecortot.com\/wp-content\/uploads\/2025\/03\/zoe-hoybel.jpg\" alt=\"Concert de midi et demi avec Cl\u00e9ment CORON Dian YU et Zo\u00e9 HOYBEL\" class=\"wp-image-4141\" style=\"width:167px;height:auto\"\/><\/figure>\n<\/div>\n\n\n<p><strong>Zo\u00e9 Hoybe<\/strong>l d\u00e9bute l\u2019\u00e9tude du piano \u00e0 l\u2019\u00e2ge de six ans dans la classe d\u2019Olivier Peyrebrune au Conservatoire \u00e0 rayonnement r\u00e9gional de Caen, y obtient dix ans plus tard la m\u00e9daille d\u2019or et cl\u00f4t son cursus caennais en interpr\u00e9tant le&nbsp;Concerto pour piano Op. 54&nbsp;de Robert Schumann sous la direction de Jean-Louis Basset. Elle poursuit ensuite ses \u00e9tudes au Conservatoire \u00e0 rayonnement r\u00e9gional de Paris (classe de Carine Zarifian) et se voit attribuer en 2009 le D.E.M. avec mention \u00ab&nbsp;Tr\u00e8s bien&nbsp;\u00bb \u00e0 l\u2019unanimit\u00e9 et avec les f\u00e9licitations du jury. Elle a \u00e9galement le privil\u00e8ge de se perfectionner durant huit ann\u00e9es aux c\u00f4t\u00e9s du pianiste argentin Carlos Roqu\u00e9 Alsina. Par la suite, elle int\u00e8gre le Conservatoire royal de Bruxelles (classe de Jean-Claude Vanden Eynden) et y termine un premier Master sp\u00e9cialis\u00e9 avec Grande Distinction en 2013 dans la classe de Johan Schmidt.<\/p>\n\n\n\n<p>Parall\u00e8lement \u00e0 son activit\u00e9 de pianiste soliste, Zo\u00e9 Hoybel se passionne tr\u00e8s rapidement pour la musique de chambre et pour l\u2019accompagnement de chanteurs. Elle d\u00e9cide alors d\u2019entamer un deuxi\u00e8me Master sp\u00e9cialis\u00e9 en piano d\u2019accompagnement (CRB, classe de Philippe Riga) et a tr\u00e8s vite l\u2019opportunit\u00e9 de faire ses premiers pas en tant que pianiste accompagnatrice, d\u2019abord dans le&nbsp;Don Giovanni&nbsp;de Wolfgang Amadeus Mozart (Nei St\u00ebmmen 2014) et ensuite dans&nbsp;Le nozze di Figaro&nbsp;du m\u00eame compositeur (Opera Studio internazionale \u201cSilvio Varviso\u201d edizione 2015), tous deux sous la direction du chef d\u2019orchestre italien Umberto Finazzi (Accademia Teatro alla Scala di Milano). Lors d\u2019une classe de ma\u00eetre au Luxembourg, elle a la chance d\u2019affiner son apprentissage aupr\u00e8s de la cheffe de chant et pianiste italienne Enza Ferrari.<\/p>\n\n\n\n<div style=\"height:41px\" aria-hidden=\"true\" class=\"wp-block-spacer\"><\/div>\n\n\n\n<h3 class=\"wp-block-heading\">\u00c0 propos : <\/h3>\n\n\n\n<p class=\"has-medium-font-size\">Pr\u00e8s de 70 Concerts de Midi et Demi sont donn\u00e9s chaque ann\u00e9e \u00e0 la <a href=\"https:\/\/sallecortot.com\/\">Salle Cortot<\/a> par les \u00e9tudiants des niveaux sup\u00e9rieurs de l\u2019\u00c9cole normale de musique de Paris.<br><br>Apr\u00e8s plus de 40 ans d\u2019existence, ces concerts sont une v\u00e9ritable institution et attirent leur propre public d\u2019habitu\u00e9s. Ils sont pr\u00e9sent\u00e9 par le journaliste musical St\u00e9phane Fri\u00e9d\u00e9rich.<\/p>\n\n\n\n<p><em>Entr\u00e9e libre sous r\u00e9serve des places disponibles.<\/em><\/p>\n\n\n\n\n\n<h3 class=\"wp-block-heading\">Organisateur<\/h3>\n\n\n\n<figure class=\"wp-block-image size-large is-resized\"><a href=\"https:\/\/www.ecolenormalecortot.com\/\"><img decoding=\"async\" src=\"https:\/\/sallecortot.com\/wp-content\/uploads\/2023\/12\/LOGO-4-LIGNES-BLANC-1-1024x382.png\" alt=\"\" class=\"wp-image-338\" style=\"width:218px;height:auto\"\/><\/a><\/figure>\n\n\n\n\n\n<p><\/p>\n","protected":false},"excerpt":{"rendered":"<p>Concert de midi et demi avec Cl\u00e9ment CORON, Dian YU et Zo\u00e9 HOYBEL Les Concerts de Midi et Demi sont [&hellip;]<\/p>\n","protected":false},"featured_media":9812,"template":"","meta":{"_acf_changed":false},"event_category":[168],"class_list":["post-9814","event","type-event","status-publish","has-post-thumbnail","hentry","event_category-concerts-de-midi-et-demi"],"acf":{"presentation":"","musicians":"","program":"","host":"","date":"2025-04-08 12:30:00","time_start":"12:30","time_end":null,"end_date":null,"location_name":"","location_address":"","phone":"","link":null,"booking_link":"","price_from":"<p>Entr\u00e9e libre.<\/p>\n","hide_price":false,"teachers":null,"event_type":"","datetime":"2025-04-08 12:30:00","end_datetime":"","booking_infos":"","source_post_id":"4033"},"yoast_head":"<!-- This site is optimized with the Yoast SEO plugin v27.5 - https:\/\/yoast.com\/product\/yoast-seo-wordpress\/ -->\n<title>Concert de midi et demi avec Cl\u00e9ment CORON, Dian YU et Zo\u00e9 HOYBEL - Ecole Normale de Musique de Paris<\/title>\n<meta name=\"robots\" content=\"index, follow, max-snippet:-1, max-image-preview:large, max-video-preview:-1\" \/>\n<link rel=\"canonical\" href=\"https:\/\/www.ecolenormalecortot.com\/en\/event\/concert-de-midi-et-demi-avec-clement-coron-dian-yu-et-zoe-hoybel\/\" \/>\n<meta property=\"og:locale\" content=\"en_US\" \/>\n<meta property=\"og:type\" content=\"article\" \/>\n<meta property=\"og:title\" content=\"Concert de midi et demi avec Cl\u00e9ment CORON, Dian YU et Zo\u00e9 HOYBEL - Ecole Normale de Musique de Paris\" \/>\n<meta property=\"og:description\" content=\"Concert de midi et demi avec Cl\u00e9ment CORON, Dian YU et Zo\u00e9 HOYBEL Les Concerts de Midi et Demi sont [&hellip;]\" \/>\n<meta property=\"og:url\" content=\"https:\/\/www.ecolenormalecortot.com\/en\/event\/concert-de-midi-et-demi-avec-clement-coron-dian-yu-et-zoe-hoybel\/\" \/>\n<meta property=\"og:site_name\" content=\"Ecole Normale de Musique de Paris\" \/>\n<meta property=\"og:image\" content=\"https:\/\/www.ecolenormalecortot.com\/wp-content\/uploads\/2023\/04\/photo-Orgue_St_Etienne_du_Mont-recadre-1.jpg\" \/>\n\t<meta property=\"og:image:width\" content=\"1318\" \/>\n\t<meta property=\"og:image:height\" content=\"1148\" \/>\n\t<meta property=\"og:image:type\" content=\"image\/jpeg\" \/>\n<meta name=\"twitter:card\" content=\"summary_large_image\" \/>\n<meta name=\"twitter:label1\" content=\"Est. reading time\" \/>\n\t<meta name=\"twitter:data1\" content=\"3 minutes\" \/>\n<script type=\"application\/ld+json\" class=\"yoast-schema-graph\">{\"@context\":\"https:\\\/\\\/schema.org\",\"@graph\":[{\"@type\":\"WebPage\",\"@id\":\"https:\\\/\\\/www.ecolenormalecortot.com\\\/en\\\/event\\\/concert-de-midi-et-demi-avec-clement-coron-dian-yu-et-zoe-hoybel\\\/\",\"url\":\"https:\\\/\\\/www.ecolenormalecortot.com\\\/en\\\/event\\\/concert-de-midi-et-demi-avec-clement-coron-dian-yu-et-zoe-hoybel\\\/\",\"name\":\"Concert de midi et demi avec Cl\u00e9ment CORON, Dian YU et Zo\u00e9 HOYBEL - Ecole Normale de Musique de Paris\",\"isPartOf\":{\"@id\":\"https:\\\/\\\/www.ecolenormalecortot.com\\\/en\\\/#website\"},\"primaryImageOfPage\":{\"@id\":\"https:\\\/\\\/www.ecolenormalecortot.com\\\/en\\\/event\\\/concert-de-midi-et-demi-avec-clement-coron-dian-yu-et-zoe-hoybel\\\/#primaryimage\"},\"image\":{\"@id\":\"https:\\\/\\\/www.ecolenormalecortot.com\\\/en\\\/event\\\/concert-de-midi-et-demi-avec-clement-coron-dian-yu-et-zoe-hoybel\\\/#primaryimage\"},\"thumbnailUrl\":\"https:\\\/\\\/www.ecolenormalecortot.com\\\/wp-content\\\/uploads\\\/2025\\\/03\\\/LD-20250116-0094-scaled-2.jpg\",\"datePublished\":\"2025-03-31T12:10:26+00:00\",\"breadcrumb\":{\"@id\":\"https:\\\/\\\/www.ecolenormalecortot.com\\\/en\\\/event\\\/concert-de-midi-et-demi-avec-clement-coron-dian-yu-et-zoe-hoybel\\\/#breadcrumb\"},\"inLanguage\":\"en-US\",\"potentialAction\":[{\"@type\":\"ReadAction\",\"target\":[\"https:\\\/\\\/www.ecolenormalecortot.com\\\/en\\\/event\\\/concert-de-midi-et-demi-avec-clement-coron-dian-yu-et-zoe-hoybel\\\/\"]}]},{\"@type\":\"ImageObject\",\"inLanguage\":\"en-US\",\"@id\":\"https:\\\/\\\/www.ecolenormalecortot.com\\\/en\\\/event\\\/concert-de-midi-et-demi-avec-clement-coron-dian-yu-et-zoe-hoybel\\\/#primaryimage\",\"url\":\"https:\\\/\\\/www.ecolenormalecortot.com\\\/wp-content\\\/uploads\\\/2025\\\/03\\\/LD-20250116-0094-scaled-2.jpg\",\"contentUrl\":\"https:\\\/\\\/www.ecolenormalecortot.com\\\/wp-content\\\/uploads\\\/2025\\\/03\\\/LD-20250116-0094-scaled-2.jpg\",\"width\":2560,\"height\":1707},{\"@type\":\"BreadcrumbList\",\"@id\":\"https:\\\/\\\/www.ecolenormalecortot.com\\\/en\\\/event\\\/concert-de-midi-et-demi-avec-clement-coron-dian-yu-et-zoe-hoybel\\\/#breadcrumb\",\"itemListElement\":[{\"@type\":\"ListItem\",\"position\":1,\"name\":\"Accueil\",\"item\":\"https:\\\/\\\/www.ecolenormalecortot.com\\\/en\\\/\"},{\"@type\":\"ListItem\",\"position\":2,\"name\":\"\u00c9v\u00e8nements\",\"item\":\"https:\\\/\\\/www.ecolenormalecortot.com\\\/en\\\/event\\\/\"},{\"@type\":\"ListItem\",\"position\":3,\"name\":\"Concert de midi et demi avec Cl\u00e9ment CORON, Dian YU et Zo\u00e9 HOYBEL\"}]},{\"@type\":\"WebSite\",\"@id\":\"https:\\\/\\\/www.ecolenormalecortot.com\\\/en\\\/#website\",\"url\":\"https:\\\/\\\/www.ecolenormalecortot.com\\\/en\\\/\",\"name\":\"Ecole Normale de Musique de Paris\",\"description\":\"\",\"publisher\":{\"@id\":\"https:\\\/\\\/www.ecolenormalecortot.com\\\/en\\\/#organization\"},\"potentialAction\":[{\"@type\":\"SearchAction\",\"target\":{\"@type\":\"EntryPoint\",\"urlTemplate\":\"https:\\\/\\\/www.ecolenormalecortot.com\\\/en\\\/?s={search_term_string}\"},\"query-input\":{\"@type\":\"PropertyValueSpecification\",\"valueRequired\":true,\"valueName\":\"search_term_string\"}}],\"inLanguage\":\"en-US\"},{\"@type\":\"Organization\",\"@id\":\"https:\\\/\\\/www.ecolenormalecortot.com\\\/en\\\/#organization\",\"name\":\"Ecole Normale de Musique de Paris\",\"url\":\"https:\\\/\\\/www.ecolenormalecortot.com\\\/en\\\/\",\"logo\":{\"@type\":\"ImageObject\",\"inLanguage\":\"en-US\",\"@id\":\"https:\\\/\\\/www.ecolenormalecortot.com\\\/en\\\/#\\\/schema\\\/logo\\\/image\\\/\",\"url\":\"https:\\\/\\\/www.ecolenormalecortot.com\\\/wp-content\\\/uploads\\\/2023\\\/02\\\/android-chrome-512x512-1.png\",\"contentUrl\":\"https:\\\/\\\/www.ecolenormalecortot.com\\\/wp-content\\\/uploads\\\/2023\\\/02\\\/android-chrome-512x512-1.png\",\"width\":512,\"height\":512,\"caption\":\"Ecole Normale de Musique de Paris\"},\"image\":{\"@id\":\"https:\\\/\\\/www.ecolenormalecortot.com\\\/en\\\/#\\\/schema\\\/logo\\\/image\\\/\"}}]}<\/script>\n<!-- \/ Yoast SEO plugin. -->","yoast_head_json":{"title":"Concert de midi et demi avec Cl\u00e9ment CORON, Dian YU et Zo\u00e9 HOYBEL - Ecole Normale de Musique de Paris","robots":{"index":"index","follow":"follow","max-snippet":"max-snippet:-1","max-image-preview":"max-image-preview:large","max-video-preview":"max-video-preview:-1"},"canonical":"https:\/\/www.ecolenormalecortot.com\/en\/event\/concert-de-midi-et-demi-avec-clement-coron-dian-yu-et-zoe-hoybel\/","og_locale":"en_US","og_type":"article","og_title":"Concert de midi et demi avec Cl\u00e9ment CORON, Dian YU et Zo\u00e9 HOYBEL - Ecole Normale de Musique de Paris","og_description":"Concert de midi et demi avec Cl\u00e9ment CORON, Dian YU et Zo\u00e9 HOYBEL Les Concerts de Midi et Demi sont [&hellip;]","og_url":"https:\/\/www.ecolenormalecortot.com\/en\/event\/concert-de-midi-et-demi-avec-clement-coron-dian-yu-et-zoe-hoybel\/","og_site_name":"Ecole Normale de Musique de Paris","og_image":[{"width":1318,"height":1148,"url":"https:\/\/www.ecolenormalecortot.com\/wp-content\/uploads\/2023\/04\/photo-Orgue_St_Etienne_du_Mont-recadre-1.jpg","type":"image\/jpeg"}],"twitter_card":"summary_large_image","twitter_misc":{"Est. reading time":"3 minutes"},"schema":{"@context":"https:\/\/schema.org","@graph":[{"@type":"WebPage","@id":"https:\/\/www.ecolenormalecortot.com\/en\/event\/concert-de-midi-et-demi-avec-clement-coron-dian-yu-et-zoe-hoybel\/","url":"https:\/\/www.ecolenormalecortot.com\/en\/event\/concert-de-midi-et-demi-avec-clement-coron-dian-yu-et-zoe-hoybel\/","name":"Concert de midi et demi avec Cl\u00e9ment CORON, Dian YU et Zo\u00e9 HOYBEL - Ecole Normale de Musique de Paris","isPartOf":{"@id":"https:\/\/www.ecolenormalecortot.com\/en\/#website"},"primaryImageOfPage":{"@id":"https:\/\/www.ecolenormalecortot.com\/en\/event\/concert-de-midi-et-demi-avec-clement-coron-dian-yu-et-zoe-hoybel\/#primaryimage"},"image":{"@id":"https:\/\/www.ecolenormalecortot.com\/en\/event\/concert-de-midi-et-demi-avec-clement-coron-dian-yu-et-zoe-hoybel\/#primaryimage"},"thumbnailUrl":"https:\/\/www.ecolenormalecortot.com\/wp-content\/uploads\/2025\/03\/LD-20250116-0094-scaled-2.jpg","datePublished":"2025-03-31T12:10:26+00:00","breadcrumb":{"@id":"https:\/\/www.ecolenormalecortot.com\/en\/event\/concert-de-midi-et-demi-avec-clement-coron-dian-yu-et-zoe-hoybel\/#breadcrumb"},"inLanguage":"en-US","potentialAction":[{"@type":"ReadAction","target":["https:\/\/www.ecolenormalecortot.com\/en\/event\/concert-de-midi-et-demi-avec-clement-coron-dian-yu-et-zoe-hoybel\/"]}]},{"@type":"ImageObject","inLanguage":"en-US","@id":"https:\/\/www.ecolenormalecortot.com\/en\/event\/concert-de-midi-et-demi-avec-clement-coron-dian-yu-et-zoe-hoybel\/#primaryimage","url":"https:\/\/www.ecolenormalecortot.com\/wp-content\/uploads\/2025\/03\/LD-20250116-0094-scaled-2.jpg","contentUrl":"https:\/\/www.ecolenormalecortot.com\/wp-content\/uploads\/2025\/03\/LD-20250116-0094-scaled-2.jpg","width":2560,"height":1707},{"@type":"BreadcrumbList","@id":"https:\/\/www.ecolenormalecortot.com\/en\/event\/concert-de-midi-et-demi-avec-clement-coron-dian-yu-et-zoe-hoybel\/#breadcrumb","itemListElement":[{"@type":"ListItem","position":1,"name":"Accueil","item":"https:\/\/www.ecolenormalecortot.com\/en\/"},{"@type":"ListItem","position":2,"name":"\u00c9v\u00e8nements","item":"https:\/\/www.ecolenormalecortot.com\/en\/event\/"},{"@type":"ListItem","position":3,"name":"Concert de midi et demi avec Cl\u00e9ment CORON, Dian YU et Zo\u00e9 HOYBEL"}]},{"@type":"WebSite","@id":"https:\/\/www.ecolenormalecortot.com\/en\/#website","url":"https:\/\/www.ecolenormalecortot.com\/en\/","name":"Ecole Normale de Musique de Paris","description":"","publisher":{"@id":"https:\/\/www.ecolenormalecortot.com\/en\/#organization"},"potentialAction":[{"@type":"SearchAction","target":{"@type":"EntryPoint","urlTemplate":"https:\/\/www.ecolenormalecortot.com\/en\/?s={search_term_string}"},"query-input":{"@type":"PropertyValueSpecification","valueRequired":true,"valueName":"search_term_string"}}],"inLanguage":"en-US"},{"@type":"Organization","@id":"https:\/\/www.ecolenormalecortot.com\/en\/#organization","name":"Ecole Normale de Musique de Paris","url":"https:\/\/www.ecolenormalecortot.com\/en\/","logo":{"@type":"ImageObject","inLanguage":"en-US","@id":"https:\/\/www.ecolenormalecortot.com\/en\/#\/schema\/logo\/image\/","url":"https:\/\/www.ecolenormalecortot.com\/wp-content\/uploads\/2023\/02\/android-chrome-512x512-1.png","contentUrl":"https:\/\/www.ecolenormalecortot.com\/wp-content\/uploads\/2023\/02\/android-chrome-512x512-1.png","width":512,"height":512,"caption":"Ecole Normale de Musique de Paris"},"image":{"@id":"https:\/\/www.ecolenormalecortot.com\/en\/#\/schema\/logo\/image\/"}}]}},"_links":{"self":[{"href":"https:\/\/www.ecolenormalecortot.com\/en\/wp-json\/wp\/v2\/event\/9814","targetHints":{"allow":["GET"]}}],"collection":[{"href":"https:\/\/www.ecolenormalecortot.com\/en\/wp-json\/wp\/v2\/event"}],"about":[{"href":"https:\/\/www.ecolenormalecortot.com\/en\/wp-json\/wp\/v2\/types\/event"}],"wp:featuredmedia":[{"embeddable":true,"href":"https:\/\/www.ecolenormalecortot.com\/en\/wp-json\/wp\/v2\/media\/9812"}],"wp:attachment":[{"href":"https:\/\/www.ecolenormalecortot.com\/en\/wp-json\/wp\/v2\/media?parent=9814"}],"wp:term":[{"taxonomy":"event_category","embeddable":true,"href":"https:\/\/www.ecolenormalecortot.com\/en\/wp-json\/wp\/v2\/event_category?post=9814"}],"curies":[{"name":"wp","href":"https:\/\/api.w.org\/{rel}","templated":true}]}}