{"id":9538,"date":"2025-02-27T12:38:27","date_gmt":"2025-02-27T11:38:27","guid":{"rendered":"https:\/\/www.ecolenormalecortot.com\/event\/concert-de-midi-et-demi-avec-yilin-wu-et-galina-umanskaia\/"},"modified":"2025-03-04T17:30:11","modified_gmt":"2025-03-04T16:30:11","slug":"concert-de-midi-et-demi-avec-yilin-wu-et-galina-umanskaia","status":"publish","type":"event","link":"https:\/\/www.ecolenormalecortot.com\/en\/event\/concert-de-midi-et-demi-avec-yilin-wu-et-galina-umanskaia\/","title":{"rendered":"Concert de Midi et Demi avec Yilin WU et Galina UMANSKAIA"},"content":{"rendered":"\n<p><\/p>\n\n\n\n<p class=\"has-medium-font-size\">Les Concerts de Midi et Demi sont donn\u00e9s par les dipl\u00f4m\u00e9s, les \u00e9tudiants des niveaux sup\u00e9rieurs et les professeurs de l\u2019\u00c9cole Normale de Musique de Paris.<\/p>\n\n\n\n<p>Ils sont coordonn\u00e9s et pr\u00e9sent\u00e9s par St\u00e9phane Fri\u00e9d\u00e9rich.<\/p>\n\n\n\n<p class=\"has-medium-font-size\"><em>Entr\u00e9e libre sous r\u00e9serve des places disponibles.<\/em><\/p>\n\n\n\n\n\n<h3 class=\"wp-block-heading\">Le programme<\/h3>\n\n\n\n<p><strong>Yilin WU, piano<\/strong><\/p>\n\n\n\n<p>Maurice Ravel&nbsp;: Valses nobles et sentimentales<\/p>\n\n\n\n<p>Franz Liszt&nbsp;: B\u00e9n\u00e9diction de Dieu dans la solitude.<\/p>\n\n\n\n<div style=\"height:12px\" aria-hidden=\"true\" class=\"wp-block-spacer\"><\/div>\n\n\n\n<p><strong>Galina UMANSKAIA, piano<\/strong><\/p>\n\n\n\n<p>Alexandre Scriabine&nbsp;: Sonate n\u00b09 op.68 \u201cMesse noire\u201d \u2013 Po\u00e8mes op.32.<br>Serge Prokofiev&nbsp;: Sonate n\u00b02 op.14<\/p>\n\n\n\n<div style=\"height:11px\" aria-hidden=\"true\" class=\"wp-block-spacer\"><\/div>\n\n\n\n<h3 class=\"wp-block-heading\">Les Artistes<\/h3>\n\n\n\n<h3 class=\"wp-block-heading has-large-font-size\">Yilin WU, piano<\/h3>\n\n\n<div class=\"wp-block-image\">\n<figure class=\"alignleft size-large is-resized\"><img decoding=\"async\" src=\"https:\/\/sallecortot.com\/wp-content\/uploads\/2025\/02\/WU-Yilin-Photo-1024x785.jpg\" alt=\"\" class=\"wp-image-3910\" style=\"width:214px;height:auto\"\/><\/figure>\n<\/div>\n\n\n<p><strong>Yilin WU<\/strong>, pianiste ta\u00efwanaise, est dipl\u00f4m\u00e9e du d\u00e9partement de musique de l&#8217;Universit\u00e9 Nationale des Arts de Taipei. Elle poursuit ses \u00e9tudes en Allemagne et obtient un master \u00e0 la Hochschule f\u00fcr Musik und Theater de Munich. Elle int\u00e8gre ensuite l&#8217;\u00c9cole Normale de Musique de Paris, o\u00f9 elle obtient le Dipl\u00f4me Sup\u00e9rieur de Concertiste dans la classe de Michael Wladkowski. Actuellement, elle poursuit son perfectionnement sous la direction de Pascal Rog\u00e9.<\/p>\n\n\n\n<div style=\"height:33px\" aria-hidden=\"true\" class=\"wp-block-spacer\"><\/div>\n\n\n\n<h3 class=\"wp-block-heading has-large-font-size\"><strong>Galina UMANSKAIA<\/strong>, piano<\/h3>\n\n\n<div class=\"wp-block-image\">\n<figure class=\"alignleft size-large is-resized\"><img decoding=\"async\" src=\"https:\/\/sallecortot.com\/wp-content\/uploads\/2025\/02\/06_03-edited.jpg\" alt=\"\" class=\"wp-image-3742\" style=\"width:147px;height:auto\"\/><\/figure>\n<\/div>\n\n\n<p><strong>Galina Umanskaya<\/strong>, \u00e9l\u00e8ve \u00e0 l&#8217;Ecole de Piano de Moscou, a re\u00e7u une \u00e9ducation musicale de la part de Dmitry Lyudkov, professeur au Conservatoire d&#8217;\u00c9tat Tchaikovsky de Moscou. Elle poursuivit ses \u00e9tudes \u00e0 Londres, o\u00f9 elle re\u00e7oit son dipl\u00f4me de licence avec les f\u00e9licitations du jury, et est r\u00e9compens\u00e9e d&#8217;une Bourse TLC. <\/p>\n\n\n\n<p>Actuellement, Galina est en Master au Conservatoire de Musique et de Danse Trinity Laban, sous la direction de Mikhail Kazakevich. Elle se perfectionne  lors de masterclasses donn\u00e9es par des musiciens renomm\u00e9s, comme les Professeurs Margarita Fedorova et Dmitri Alexeev.<\/p>\n\n\n\n<p>Galina a remport\u00e9 de nombreux concours en Espagne, Russie, Hong-Kong, Allemagne, Turquie, Bi\u00e9lorussie, Cor\u00e9e du Sud. La pianiste a pris part \u00e0 de nombreux festivals de musique en Russie, en Espagne et en Gr\u00e8ce, et a collabor\u00e9 plusieurs fois avec des orchestres au Royaume-Uni, en Espagne et en Russie.<\/p>\n\n\n\n<p>Son r\u00e9pertoire comprend de la musique d&#8217;\u00e9poques tr\u00e8s vari\u00e9es, allant de Bach, Haydn, Mozart, Beethoven en passant par Chopin, Schumann, Liszt, Brahms, Scriabin, Prokofiev, Stravinsky, Messiaen.<\/p>\n\n\n\n<div style=\"height:13px\" aria-hidden=\"true\" class=\"wp-block-spacer\"><\/div>\n\n\n\n<h3 class=\"wp-block-heading\">\u00c0 propos : <\/h3>\n\n\n\n<p class=\"has-medium-font-size\">Pr\u00e8s de 70 Concerts de Midi et Demi sont donn\u00e9s chaque ann\u00e9e \u00e0 la Salle Cortot par les \u00e9tudiants des niveaux sup\u00e9rieurs de l\u2019\u00c9cole normale de musique de Paris.<br><br>Apr\u00e8s plus de 40 ans d\u2019existence, ces concerts sont une v\u00e9ritable institution et attirent leur propre public d\u2019habitu\u00e9s. Ils sont pr\u00e9sent\u00e9 par le journaliste musical St\u00e9phane Fri\u00e9d\u00e9rich.<\/p>\n\n\n\n<p><em>Entr\u00e9e libre sous r\u00e9serve des places disponibles.<\/em><\/p>\n\n\n\n\n\n<h3 class=\"wp-block-heading\">Organisateur<\/h3>\n\n\n\n<figure class=\"wp-block-image size-large is-resized\"><img decoding=\"async\" src=\"https:\/\/sallecortot.com\/wp-content\/uploads\/2023\/12\/LOGO-4-LIGNES-BLANC-1-1024x382.png\" alt=\"\" class=\"wp-image-338\" style=\"width:218px;height:auto\"\/><\/figure>\n\n\n","protected":false},"excerpt":{"rendered":"<p>Les Concerts de Midi et Demi sont donn\u00e9s par les dipl\u00f4m\u00e9s, les \u00e9tudiants des niveaux sup\u00e9rieurs et les professeurs de [&hellip;]<\/p>\n","protected":false},"featured_media":9536,"template":"","meta":{"_acf_changed":false},"event_category":[168],"class_list":["post-9538","event","type-event","status-publish","has-post-thumbnail","hentry","event_category-concerts-de-midi-et-demi"],"acf":{"presentation":"","musicians":"","program":"","host":"","date":"2025-03-06 12:30:00","time_start":"12:30","time_end":null,"end_date":null,"location_name":"","location_address":"","phone":"","link":null,"booking_link":"","price_from":"<p>Entr\u00e9e libre.<\/p>\n","hide_price":false,"teachers":null,"event_type":"","datetime":"2025-03-06 12:30:00","end_datetime":"","booking_infos":"","source_post_id":"3694"},"yoast_head":"<!-- This site is optimized with the Yoast SEO plugin v27.5 - https:\/\/yoast.com\/product\/yoast-seo-wordpress\/ -->\n<title>Concert de Midi et Demi avec Yilin WU et Galina UMANSKAIA - Ecole Normale de Musique de Paris<\/title>\n<meta name=\"robots\" content=\"index, follow, max-snippet:-1, max-image-preview:large, max-video-preview:-1\" \/>\n<link rel=\"canonical\" href=\"https:\/\/www.ecolenormalecortot.com\/en\/event\/concert-de-midi-et-demi-avec-yilin-wu-et-galina-umanskaia\/\" \/>\n<meta property=\"og:locale\" content=\"en_US\" \/>\n<meta property=\"og:type\" content=\"article\" \/>\n<meta property=\"og:title\" content=\"Concert de Midi et Demi avec Yilin WU et Galina UMANSKAIA - Ecole Normale de Musique de Paris\" \/>\n<meta property=\"og:description\" content=\"Les Concerts de Midi et Demi sont donn\u00e9s par les dipl\u00f4m\u00e9s, les \u00e9tudiants des niveaux sup\u00e9rieurs et les professeurs de [&hellip;]\" \/>\n<meta property=\"og:url\" content=\"https:\/\/www.ecolenormalecortot.com\/en\/event\/concert-de-midi-et-demi-avec-yilin-wu-et-galina-umanskaia\/\" \/>\n<meta property=\"og:site_name\" content=\"Ecole Normale de Musique de Paris\" \/>\n<meta property=\"article:modified_time\" content=\"2025-03-04T16:30:11+00:00\" \/>\n<meta property=\"og:image\" content=\"https:\/\/www.ecolenormalecortot.com\/wp-content\/uploads\/2025\/02\/06_03.jpg\" \/>\n\t<meta property=\"og:image:width\" content=\"2000\" \/>\n\t<meta property=\"og:image:height\" content=\"1414\" \/>\n\t<meta property=\"og:image:type\" content=\"image\/jpeg\" \/>\n<meta name=\"twitter:card\" content=\"summary_large_image\" \/>\n<meta name=\"twitter:label1\" content=\"Est. reading time\" \/>\n\t<meta name=\"twitter:data1\" content=\"2 minutes\" \/>\n<script type=\"application\/ld+json\" class=\"yoast-schema-graph\">{\"@context\":\"https:\\\/\\\/schema.org\",\"@graph\":[{\"@type\":\"WebPage\",\"@id\":\"https:\\\/\\\/www.ecolenormalecortot.com\\\/en\\\/event\\\/concert-de-midi-et-demi-avec-yilin-wu-et-galina-umanskaia\\\/\",\"url\":\"https:\\\/\\\/www.ecolenormalecortot.com\\\/en\\\/event\\\/concert-de-midi-et-demi-avec-yilin-wu-et-galina-umanskaia\\\/\",\"name\":\"Concert de Midi et Demi avec Yilin WU et Galina UMANSKAIA - Ecole Normale de Musique de Paris\",\"isPartOf\":{\"@id\":\"https:\\\/\\\/www.ecolenormalecortot.com\\\/en\\\/#website\"},\"primaryImageOfPage\":{\"@id\":\"https:\\\/\\\/www.ecolenormalecortot.com\\\/en\\\/event\\\/concert-de-midi-et-demi-avec-yilin-wu-et-galina-umanskaia\\\/#primaryimage\"},\"image\":{\"@id\":\"https:\\\/\\\/www.ecolenormalecortot.com\\\/en\\\/event\\\/concert-de-midi-et-demi-avec-yilin-wu-et-galina-umanskaia\\\/#primaryimage\"},\"thumbnailUrl\":\"https:\\\/\\\/www.ecolenormalecortot.com\\\/wp-content\\\/uploads\\\/2025\\\/02\\\/06_03.jpg\",\"datePublished\":\"2025-02-27T11:38:27+00:00\",\"dateModified\":\"2025-03-04T16:30:11+00:00\",\"breadcrumb\":{\"@id\":\"https:\\\/\\\/www.ecolenormalecortot.com\\\/en\\\/event\\\/concert-de-midi-et-demi-avec-yilin-wu-et-galina-umanskaia\\\/#breadcrumb\"},\"inLanguage\":\"en-US\",\"potentialAction\":[{\"@type\":\"ReadAction\",\"target\":[\"https:\\\/\\\/www.ecolenormalecortot.com\\\/en\\\/event\\\/concert-de-midi-et-demi-avec-yilin-wu-et-galina-umanskaia\\\/\"]}]},{\"@type\":\"ImageObject\",\"inLanguage\":\"en-US\",\"@id\":\"https:\\\/\\\/www.ecolenormalecortot.com\\\/en\\\/event\\\/concert-de-midi-et-demi-avec-yilin-wu-et-galina-umanskaia\\\/#primaryimage\",\"url\":\"https:\\\/\\\/www.ecolenormalecortot.com\\\/wp-content\\\/uploads\\\/2025\\\/02\\\/06_03.jpg\",\"contentUrl\":\"https:\\\/\\\/www.ecolenormalecortot.com\\\/wp-content\\\/uploads\\\/2025\\\/02\\\/06_03.jpg\",\"width\":2000,\"height\":1414},{\"@type\":\"BreadcrumbList\",\"@id\":\"https:\\\/\\\/www.ecolenormalecortot.com\\\/en\\\/event\\\/concert-de-midi-et-demi-avec-yilin-wu-et-galina-umanskaia\\\/#breadcrumb\",\"itemListElement\":[{\"@type\":\"ListItem\",\"position\":1,\"name\":\"Accueil\",\"item\":\"https:\\\/\\\/www.ecolenormalecortot.com\\\/en\\\/\"},{\"@type\":\"ListItem\",\"position\":2,\"name\":\"\u00c9v\u00e8nements\",\"item\":\"https:\\\/\\\/www.ecolenormalecortot.com\\\/en\\\/event\\\/\"},{\"@type\":\"ListItem\",\"position\":3,\"name\":\"Concert de Midi et Demi avec Yilin WU et Galina UMANSKAIA\"}]},{\"@type\":\"WebSite\",\"@id\":\"https:\\\/\\\/www.ecolenormalecortot.com\\\/en\\\/#website\",\"url\":\"https:\\\/\\\/www.ecolenormalecortot.com\\\/en\\\/\",\"name\":\"Ecole Normale de Musique de Paris\",\"description\":\"\",\"publisher\":{\"@id\":\"https:\\\/\\\/www.ecolenormalecortot.com\\\/en\\\/#organization\"},\"potentialAction\":[{\"@type\":\"SearchAction\",\"target\":{\"@type\":\"EntryPoint\",\"urlTemplate\":\"https:\\\/\\\/www.ecolenormalecortot.com\\\/en\\\/?s={search_term_string}\"},\"query-input\":{\"@type\":\"PropertyValueSpecification\",\"valueRequired\":true,\"valueName\":\"search_term_string\"}}],\"inLanguage\":\"en-US\"},{\"@type\":\"Organization\",\"@id\":\"https:\\\/\\\/www.ecolenormalecortot.com\\\/en\\\/#organization\",\"name\":\"Ecole Normale de Musique de Paris\",\"url\":\"https:\\\/\\\/www.ecolenormalecortot.com\\\/en\\\/\",\"logo\":{\"@type\":\"ImageObject\",\"inLanguage\":\"en-US\",\"@id\":\"https:\\\/\\\/www.ecolenormalecortot.com\\\/en\\\/#\\\/schema\\\/logo\\\/image\\\/\",\"url\":\"https:\\\/\\\/www.ecolenormalecortot.com\\\/wp-content\\\/uploads\\\/2023\\\/02\\\/android-chrome-512x512-1.png\",\"contentUrl\":\"https:\\\/\\\/www.ecolenormalecortot.com\\\/wp-content\\\/uploads\\\/2023\\\/02\\\/android-chrome-512x512-1.png\",\"width\":512,\"height\":512,\"caption\":\"Ecole Normale de Musique de Paris\"},\"image\":{\"@id\":\"https:\\\/\\\/www.ecolenormalecortot.com\\\/en\\\/#\\\/schema\\\/logo\\\/image\\\/\"}}]}<\/script>\n<!-- \/ Yoast SEO plugin. -->","yoast_head_json":{"title":"Concert de Midi et Demi avec Yilin WU et Galina UMANSKAIA - Ecole Normale de Musique de Paris","robots":{"index":"index","follow":"follow","max-snippet":"max-snippet:-1","max-image-preview":"max-image-preview:large","max-video-preview":"max-video-preview:-1"},"canonical":"https:\/\/www.ecolenormalecortot.com\/en\/event\/concert-de-midi-et-demi-avec-yilin-wu-et-galina-umanskaia\/","og_locale":"en_US","og_type":"article","og_title":"Concert de Midi et Demi avec Yilin WU et Galina UMANSKAIA - Ecole Normale de Musique de Paris","og_description":"Les Concerts de Midi et Demi sont donn\u00e9s par les dipl\u00f4m\u00e9s, les \u00e9tudiants des niveaux sup\u00e9rieurs et les professeurs de [&hellip;]","og_url":"https:\/\/www.ecolenormalecortot.com\/en\/event\/concert-de-midi-et-demi-avec-yilin-wu-et-galina-umanskaia\/","og_site_name":"Ecole Normale de Musique de Paris","article_modified_time":"2025-03-04T16:30:11+00:00","og_image":[{"width":2000,"height":1414,"url":"https:\/\/www.ecolenormalecortot.com\/wp-content\/uploads\/2025\/02\/06_03.jpg","type":"image\/jpeg"}],"twitter_card":"summary_large_image","twitter_misc":{"Est. reading time":"2 minutes"},"schema":{"@context":"https:\/\/schema.org","@graph":[{"@type":"WebPage","@id":"https:\/\/www.ecolenormalecortot.com\/en\/event\/concert-de-midi-et-demi-avec-yilin-wu-et-galina-umanskaia\/","url":"https:\/\/www.ecolenormalecortot.com\/en\/event\/concert-de-midi-et-demi-avec-yilin-wu-et-galina-umanskaia\/","name":"Concert de Midi et Demi avec Yilin WU et Galina UMANSKAIA - Ecole Normale de Musique de Paris","isPartOf":{"@id":"https:\/\/www.ecolenormalecortot.com\/en\/#website"},"primaryImageOfPage":{"@id":"https:\/\/www.ecolenormalecortot.com\/en\/event\/concert-de-midi-et-demi-avec-yilin-wu-et-galina-umanskaia\/#primaryimage"},"image":{"@id":"https:\/\/www.ecolenormalecortot.com\/en\/event\/concert-de-midi-et-demi-avec-yilin-wu-et-galina-umanskaia\/#primaryimage"},"thumbnailUrl":"https:\/\/www.ecolenormalecortot.com\/wp-content\/uploads\/2025\/02\/06_03.jpg","datePublished":"2025-02-27T11:38:27+00:00","dateModified":"2025-03-04T16:30:11+00:00","breadcrumb":{"@id":"https:\/\/www.ecolenormalecortot.com\/en\/event\/concert-de-midi-et-demi-avec-yilin-wu-et-galina-umanskaia\/#breadcrumb"},"inLanguage":"en-US","potentialAction":[{"@type":"ReadAction","target":["https:\/\/www.ecolenormalecortot.com\/en\/event\/concert-de-midi-et-demi-avec-yilin-wu-et-galina-umanskaia\/"]}]},{"@type":"ImageObject","inLanguage":"en-US","@id":"https:\/\/www.ecolenormalecortot.com\/en\/event\/concert-de-midi-et-demi-avec-yilin-wu-et-galina-umanskaia\/#primaryimage","url":"https:\/\/www.ecolenormalecortot.com\/wp-content\/uploads\/2025\/02\/06_03.jpg","contentUrl":"https:\/\/www.ecolenormalecortot.com\/wp-content\/uploads\/2025\/02\/06_03.jpg","width":2000,"height":1414},{"@type":"BreadcrumbList","@id":"https:\/\/www.ecolenormalecortot.com\/en\/event\/concert-de-midi-et-demi-avec-yilin-wu-et-galina-umanskaia\/#breadcrumb","itemListElement":[{"@type":"ListItem","position":1,"name":"Accueil","item":"https:\/\/www.ecolenormalecortot.com\/en\/"},{"@type":"ListItem","position":2,"name":"\u00c9v\u00e8nements","item":"https:\/\/www.ecolenormalecortot.com\/en\/event\/"},{"@type":"ListItem","position":3,"name":"Concert de Midi et Demi avec Yilin WU et Galina UMANSKAIA"}]},{"@type":"WebSite","@id":"https:\/\/www.ecolenormalecortot.com\/en\/#website","url":"https:\/\/www.ecolenormalecortot.com\/en\/","name":"Ecole Normale de Musique de Paris","description":"","publisher":{"@id":"https:\/\/www.ecolenormalecortot.com\/en\/#organization"},"potentialAction":[{"@type":"SearchAction","target":{"@type":"EntryPoint","urlTemplate":"https:\/\/www.ecolenormalecortot.com\/en\/?s={search_term_string}"},"query-input":{"@type":"PropertyValueSpecification","valueRequired":true,"valueName":"search_term_string"}}],"inLanguage":"en-US"},{"@type":"Organization","@id":"https:\/\/www.ecolenormalecortot.com\/en\/#organization","name":"Ecole Normale de Musique de Paris","url":"https:\/\/www.ecolenormalecortot.com\/en\/","logo":{"@type":"ImageObject","inLanguage":"en-US","@id":"https:\/\/www.ecolenormalecortot.com\/en\/#\/schema\/logo\/image\/","url":"https:\/\/www.ecolenormalecortot.com\/wp-content\/uploads\/2023\/02\/android-chrome-512x512-1.png","contentUrl":"https:\/\/www.ecolenormalecortot.com\/wp-content\/uploads\/2023\/02\/android-chrome-512x512-1.png","width":512,"height":512,"caption":"Ecole Normale de Musique de Paris"},"image":{"@id":"https:\/\/www.ecolenormalecortot.com\/en\/#\/schema\/logo\/image\/"}}]}},"_links":{"self":[{"href":"https:\/\/www.ecolenormalecortot.com\/en\/wp-json\/wp\/v2\/event\/9538","targetHints":{"allow":["GET"]}}],"collection":[{"href":"https:\/\/www.ecolenormalecortot.com\/en\/wp-json\/wp\/v2\/event"}],"about":[{"href":"https:\/\/www.ecolenormalecortot.com\/en\/wp-json\/wp\/v2\/types\/event"}],"wp:featuredmedia":[{"embeddable":true,"href":"https:\/\/www.ecolenormalecortot.com\/en\/wp-json\/wp\/v2\/media\/9536"}],"wp:attachment":[{"href":"https:\/\/www.ecolenormalecortot.com\/en\/wp-json\/wp\/v2\/media?parent=9538"}],"wp:term":[{"taxonomy":"event_category","embeddable":true,"href":"https:\/\/www.ecolenormalecortot.com\/en\/wp-json\/wp\/v2\/event_category?post=9538"}],"curies":[{"name":"wp","href":"https:\/\/api.w.org\/{rel}","templated":true}]}}