{"id":9526,"date":"2025-02-27T12:37:04","date_gmt":"2025-02-27T11:37:04","guid":{"rendered":"https:\/\/www.ecolenormalecortot.com\/event\/concert-de-midi-et-demi-avec-luis-dias-canali-alexandra-matvievskaya-et-anna-weber\/"},"modified":"2025-02-27T18:09:48","modified_gmt":"2025-02-27T17:09:48","slug":"concert-de-midi-et-demi-avec-luis-dias-canali-alexandra-matvievskaya-et-anna-weber","status":"publish","type":"event","link":"https:\/\/www.ecolenormalecortot.com\/en\/event\/concert-de-midi-et-demi-avec-luis-dias-canali-alexandra-matvievskaya-et-anna-weber\/","title":{"rendered":"Concert de Midi et demi avec Luis Dias CANALI, Alexandra MATVIEVSKAYA et Anna WEBER"},"content":{"rendered":"\n<p class=\"has-medium-font-size\">Les Concerts de Midi et Demi sont donn\u00e9s par les dipl\u00f4m\u00e9s, les \u00e9tudiants des niveaux sup\u00e9rieurs et les professeurs de l\u2019\u00c9cole Normale de Musique de Paris.<\/p>\n\n\n\n<p>Ils sont coordonn\u00e9s et pr\u00e9sent\u00e9s par St\u00e9phane Fri\u00e9d\u00e9rich.<\/p>\n\n\n\n<p class=\"has-medium-font-size\"><em>Entr\u00e9e libre sous r\u00e9serve des places disponibles.<\/em><\/p>\n\n\n\n\n\n<div style=\"height:11px\" aria-hidden=\"true\" class=\"wp-block-spacer\"><\/div>\n\n\n\n<h3 class=\"wp-block-heading\">Le programme<\/h3>\n\n\n\n<p><strong>Luis Dias CANALI, violoncelle<\/strong> &#8211; AENA Special Prize du Pablo Casals International Award for Young Cellists 2024<\/p>\n\n\n\n<p><strong>Alexandra MATVIEVSKAYA, piano<\/strong><\/p>\n\n\n\n<p>Ludwig van Beethoven&nbsp;: Sonate pour violoncelle et piano n\u00b03 op. 69<\/p>\n\n\n\n<p>Niccolo Paganini&nbsp;: Variations sur un th\u00e8me de Rossini<\/p>\n\n\n\n<div style=\"height:40px\" aria-hidden=\"true\" class=\"wp-block-spacer\"><\/div>\n\n\n\n<p><strong>Anna WEBER, piano<\/strong><\/p>\n\n\n\n<p>B\u00e9la Bart\u00f3k&nbsp;:&nbsp;15 Chants Paysans Hongrois Sz. 71<\/p>\n\n\n\n<p>Zolt\u00e1n Kod\u00e1ly&nbsp;: Danses de Marossz\u00e9k<\/p>\n\n\n\n<p>Sergei Lyapunov&nbsp;:&nbsp;\u00c9tude d\u2019ex\u00e9cution transcendante op. 11 n\u00b010 \u201cLesghinka\u201d<\/p>\n\n\n\n<div style=\"height:11px\" aria-hidden=\"true\" class=\"wp-block-spacer\"><\/div>\n\n\n\n<h3 class=\"wp-block-heading\">Les Artistes<\/h3>\n\n\n\n<h3 class=\"wp-block-heading has-large-font-size\"><strong><strong>Luis Dias CANALI, violoncelle<\/strong><\/strong><\/h3>\n\n\n\n<p style=\"font-size:25px\"><strong>AENA Special Prize du Pablo Casals International Award for Young Cellists 2024<\/strong><\/p>\n\n\n<div class=\"wp-block-image\">\n<figure class=\"alignleft size-large is-resized\"><img decoding=\"async\" src=\"https:\/\/sallecortot.com\/wp-content\/uploads\/2025\/02\/Luis-Dias-Canali-2048x1365-1-1024x683.jpg\" alt=\"\" class=\"wp-image-3721\" style=\"width:247px;height:auto\"\/><\/figure>\n<\/div>\n\n\n<p><strong>Lu\u00eds <\/strong>d\u00e9couvre le violoncelle en \u00e9coutant sa s\u0153ur qui d\u00e9bute l\u2019instrument. Il est alors \u00e2g\u00e9 de quatre ans et r\u00e9clame de jouer lui aussi. Il d\u00e9bute avec Alba Page \u00e0 Las Palmas (Canaries, Espagne) puis est admis au Conservatoire Emanuel Feuermann de Kronberg (Allemagne) dans la classe d\u2019Erik Richter.<\/p>\n\n\n\n<p>En 2021, \u00e2g\u00e9 de 11 ans, il int\u00e8gre l\u2019\u00c9cole Normale de Musique de Paris Alfred Cortot dans le cadre du \u00ab&nbsp;Programme Vocations&nbsp;\u00bb, o\u00f9 il \u00e9tudie avec Henri Demarquette.<\/p>\n\n\n\n<p>Lu\u00eds a b\u00e9n\u00e9fici\u00e9 des master class de Joris van den Berg, Jos\u00e9 Enrique Bouch\u00e9, Marc Coppey, Frans Helmerson, Gary Hoffman, Johan van lersel, Maria de Macedo, Jens Peter Maintz, Philippe Muller, Nadine Pierre, Troels Svane et Agn\u00e8s Vesterman. Il a effectu\u00e9 \u00e9galement de nombreux stages d\u2019\u00e9t\u00e9 en Espagne, au Portugal, et en France (MusicAlp 2020 et 2021 \u00e0 Tignes, Musicalta 2022 \u00e0 Rouffach).<\/p>\n\n\n\n<p>Lu\u00eds a remport\u00e9 successivement six premiers prix :<\/p>\n\n\n\n<ul class=\"wp-block-list\">\n<li>1<sup>er<\/sup>&nbsp;prix au concours Vatelot-Rampal Prodige Art\/Sup\u00e9rieur, Paris 2024 (avec f\u00e9licitations du Jury et 1<sup>\u00e8re<\/sup>&nbsp;mention tr\u00e8s bien)&nbsp;;<\/li>\n\n\n\n<li>1<sup>er<\/sup>&nbsp;prix au concours Vatelot-Rampal Prodige Art\/Cycle 3, Paris 2023 (avec f\u00e9licitations du Jury et 1<sup>\u00e8re<\/sup>&nbsp;mention tr\u00e8s bien)&nbsp;;<\/li>\n\n\n\n<li>1<sup>er<\/sup>&nbsp;prix au concours Vatelot-Rampal Prodige\/Cycle 2 \u2013 niveau 4 (Paris 2021)&nbsp;;<\/li>\n\n\n\n<li>1<sup>er<\/sup>&nbsp;prix au concours Vatelot-Rampal Prodige\/Cycle 2 \u2013 niveau 1 (Cannes 2020)&nbsp;;<\/li>\n\n\n\n<li>1<sup>er<\/sup>&nbsp;prix (violoncelle et musique de chambre) \u00e0 la Stars at Tenerife International Competition (2019)&nbsp;;<\/li>\n\n\n\n<li>1<sup>er<\/sup>&nbsp;prix \u00e0 l\u2019International Bach Festival for Young Musicians (Las Palmas de Gran Canaria, Espagne, 2018).<\/li>\n<\/ul>\n\n\n\n<p>Il se produit r\u00e9guli\u00e8rement comme soliste et en musique de chambre depuis 2018 (Espagne, Allemagne, France, Pays-Bas et Portugal). Il a donn\u00e9 son premier r\u00e9cital en mars 2019.<\/p>\n\n\n\n<p>Plus r\u00e9cemment, il s\u2019est produit&nbsp;:<\/p>\n\n\n\n<ul class=\"wp-block-list\">\n<li>en r\u00e9cital \u00e0 la Salle Cortot,<\/li>\n\n\n\n<li>comme soliste avec le Sorbisches National-Ensemble au Triangel Festival 2023 \u00e0 Bautzen (Allemagne),<\/li>\n\n\n\n<li>comme soliste avec l\u2019Orquesta Filarm\u00f3nica de Gran Canaria au Concierto Solidario de Navidad 2023 (Auditorio Alfredo Kraus, Las Palmas de Gran Canaria).<\/li>\n<\/ul>\n\n\n\n<div style=\"height:12px\" aria-hidden=\"true\" class=\"wp-block-spacer\"><\/div>\n\n\n\n<h3 class=\"wp-block-heading has-large-font-size\"><strong>Alexandra MATVIEVSKAYA, piano<\/strong><\/h3>\n\n\n<div class=\"wp-block-image\">\n<figure class=\"alignleft size-full is-resized\"><img decoding=\"async\" src=\"https:\/\/sallecortot.com\/wp-content\/uploads\/2024\/08\/amatvievskaya_piano.jpg\" alt=\"\" class=\"wp-image-3055\" style=\"width:172px;height:auto\"\/><\/figure>\n<\/div>\n\n\n<p>N\u00e9e \u00e0 Moscou (Russie), <strong>Alexandra <\/strong>commence le piano \u00e0 l&#8217;\u00e2ge de 5 ans.<\/p>\n\n\n\n<p>Pendant ses \u00e9tudes au Conservatoire Tcha\u00efkovski de Moscou dans la classe de Yuri A\u00efrapetian, \u00e9l\u00e8ve de Iakov Flier, elle rencontre Mstislav Rostropovitch et participe aux concerts de sa fondation pour de jeunes musiciens en tant que soliste et pianiste de musique de chambre. Jouant dans un duo piano-violoncelle, elle obtient plusieurs prix aux concours internationaux de musique de chambre: Swedish International Duo Competition, Katrineholm, Su\u00e8de (1er prix), International Chamber Music Competition, New-York, Etats-Unis d&#8217;Am\u00e9rique (Grand Prix et concert au Carnegie Hall).<\/p>\n\n\n\n<p>Elle travaille \u00e9galement comme assistante de son professeur de piano au Conservatoire Tcha\u00efkovski de Moscou.<\/p>\n\n\n\n<p>Ensuite elle obtient \u00e0 l\u2019unanimit\u00e9 son dipl\u00f4me sup\u00e9rieur d&#8217;Ex\u00e9cution de piano ainsi que le dipl\u00f4me sup\u00e9rieur de Pianiste-Concertiste \u00e0 l&#8217;\u00c9cole Normale de Paris Alfred Cortot dans la classe du c\u00e9l\u00e8bre pianiste fran\u00e7ais Jean Marc Luisada, s\u2019int\u00e9ressant beaucoup aux traditions de l&#8217;\u00e9cole fran\u00e7aise de piano, \u00e9cole tr\u00e8s diff\u00e9rente de l&#8217;\u00e9cole de piano russe.<\/p>\n\n\n\n<p>En d\u00e9cembre 2012 elle obtient le 2\u00e8me prix et le prix sp\u00e9cial pour la meilleure interpr\u00e9tation d&#8217;oeuvre romantique au 6\u00e8me Concours International de Piano Claude Bonneton \u00e0 S\u00e8te, France.<\/p>\n\n\n\n<p>Actuellement, elle se perfectionne toujours \u00e0 l\u2019Ecole Normale de Paris dans la classe de Jean Marc Luisada et Caroline Sageman.<\/p>\n\n\n\n<p>Alexandra donne des concerts dans les diff\u00e9rentes salles du monde, participe aux festivals et passe des concours comme soliste et pianiste de musique de chambre en France, Russie, Ukraine, Luxembourg, Italie, Espagne, Su\u00e8de, Croatie, Serbie, Chine, Etats-Unis d&#8217;Am\u00e9rique et R\u00e9publique d&#8217;Afrique du Sud.<\/p>\n\n\n\n<div style=\"height:15px\" aria-hidden=\"true\" class=\"wp-block-spacer\"><\/div>\n\n\n\n<h3 class=\"wp-block-heading has-large-font-size\"><strong><strong>Anna WEBER, piano<\/strong><\/strong><\/h3>\n\n\n\n<figure class=\"wp-block-image size-large is-resized\"><img decoding=\"async\" src=\"https:\/\/sallecortot.com\/wp-content\/uploads\/2025\/02\/27_03-edited.jpg\" alt=\"\" class=\"wp-image-3723\" style=\"width:137px;height:auto\"\/><\/figure>\n\n\n\n<div style=\"height:15px\" aria-hidden=\"true\" class=\"wp-block-spacer\"><\/div>\n\n\n\n<h3 class=\"wp-block-heading\">\u00c0 propos : <\/h3>\n\n\n\n<p class=\"has-medium-font-size\">Pr\u00e8s de 70 Concerts de Midi et Demi sont donn\u00e9s chaque ann\u00e9e \u00e0 la Salle Cortot par les \u00e9tudiants des niveaux sup\u00e9rieurs de l\u2019\u00c9cole normale de musique de Paris.<br><br>Apr\u00e8s plus de 40 ans d\u2019existence, ces concerts sont une v\u00e9ritable institution et attirent leur propre public d\u2019habitu\u00e9s. Ils sont pr\u00e9sent\u00e9 par le journaliste musical St\u00e9phane Fri\u00e9d\u00e9rich.<\/p>\n\n\n\n<p><em>Entr\u00e9e libre sous r\u00e9serve des places disponibles.<\/em><\/p>\n\n\n\n\n\n<h3 class=\"wp-block-heading\">Organisateur<\/h3>\n\n\n\n<figure class=\"wp-block-image size-large is-resized\"><img decoding=\"async\" src=\"https:\/\/sallecortot.com\/wp-content\/uploads\/2023\/12\/LOGO-4-LIGNES-BLANC-1-1024x382.png\" alt=\"\" class=\"wp-image-338\" style=\"width:218px;height:auto\"\/><\/figure>\n\n\n\n\n\n<p><\/p>\n","protected":false},"excerpt":{"rendered":"<p>Les Concerts de Midi et Demi sont donn\u00e9s par les dipl\u00f4m\u00e9s, les \u00e9tudiants des niveaux sup\u00e9rieurs et les professeurs de [&hellip;]<\/p>\n","protected":false},"featured_media":9524,"template":"","meta":{"_acf_changed":false},"event_category":[168],"class_list":["post-9526","event","type-event","status-publish","has-post-thumbnail","hentry","event_category-concerts-de-midi-et-demi"],"acf":{"presentation":"","musicians":"","program":"","host":"","date":"2025-03-27 12:30:00","time_start":"12:30","time_end":null,"end_date":null,"location_name":"","location_address":"","phone":"","link":null,"booking_link":"","price_from":"<p>Entr\u00e9e libre.<\/p>\n","hide_price":false,"teachers":null,"event_type":"","datetime":"2025-03-27 12:30:00","end_datetime":"","booking_infos":"","source_post_id":"3718"},"yoast_head":"<!-- This site is optimized with the Yoast SEO plugin v27.5 - https:\/\/yoast.com\/product\/yoast-seo-wordpress\/ -->\n<title>Concert de Midi et demi avec Luis Dias CANALI, Alexandra MATVIEVSKAYA et Anna WEBER - Ecole Normale de Musique de Paris<\/title>\n<meta name=\"robots\" content=\"index, follow, max-snippet:-1, max-image-preview:large, max-video-preview:-1\" \/>\n<link rel=\"canonical\" href=\"https:\/\/www.ecolenormalecortot.com\/en\/event\/concert-de-midi-et-demi-avec-luis-dias-canali-alexandra-matvievskaya-et-anna-weber\/\" \/>\n<meta property=\"og:locale\" content=\"en_US\" \/>\n<meta property=\"og:type\" content=\"article\" \/>\n<meta property=\"og:title\" content=\"Concert de Midi et demi avec Luis Dias CANALI, Alexandra MATVIEVSKAYA et Anna WEBER - Ecole Normale de Musique de Paris\" \/>\n<meta property=\"og:description\" content=\"Les Concerts de Midi et Demi sont donn\u00e9s par les dipl\u00f4m\u00e9s, les \u00e9tudiants des niveaux sup\u00e9rieurs et les professeurs de [&hellip;]\" \/>\n<meta property=\"og:url\" content=\"https:\/\/www.ecolenormalecortot.com\/en\/event\/concert-de-midi-et-demi-avec-luis-dias-canali-alexandra-matvievskaya-et-anna-weber\/\" \/>\n<meta property=\"og:site_name\" content=\"Ecole Normale de Musique de Paris\" \/>\n<meta property=\"article:modified_time\" content=\"2025-02-27T17:09:48+00:00\" \/>\n<meta property=\"og:image\" content=\"https:\/\/www.ecolenormalecortot.com\/wp-content\/uploads\/2025\/02\/27_03.jpg\" \/>\n\t<meta property=\"og:image:width\" content=\"2000\" \/>\n\t<meta property=\"og:image:height\" content=\"1414\" \/>\n\t<meta property=\"og:image:type\" content=\"image\/jpeg\" \/>\n<meta name=\"twitter:card\" content=\"summary_large_image\" \/>\n<meta name=\"twitter:label1\" content=\"Est. reading time\" \/>\n\t<meta name=\"twitter:data1\" content=\"4 minutes\" \/>\n<script type=\"application\/ld+json\" class=\"yoast-schema-graph\">{\"@context\":\"https:\\\/\\\/schema.org\",\"@graph\":[{\"@type\":\"WebPage\",\"@id\":\"https:\\\/\\\/www.ecolenormalecortot.com\\\/en\\\/event\\\/concert-de-midi-et-demi-avec-luis-dias-canali-alexandra-matvievskaya-et-anna-weber\\\/\",\"url\":\"https:\\\/\\\/www.ecolenormalecortot.com\\\/en\\\/event\\\/concert-de-midi-et-demi-avec-luis-dias-canali-alexandra-matvievskaya-et-anna-weber\\\/\",\"name\":\"Concert de Midi et demi avec Luis Dias CANALI, Alexandra MATVIEVSKAYA et Anna WEBER - Ecole Normale de Musique de Paris\",\"isPartOf\":{\"@id\":\"https:\\\/\\\/www.ecolenormalecortot.com\\\/en\\\/#website\"},\"primaryImageOfPage\":{\"@id\":\"https:\\\/\\\/www.ecolenormalecortot.com\\\/en\\\/event\\\/concert-de-midi-et-demi-avec-luis-dias-canali-alexandra-matvievskaya-et-anna-weber\\\/#primaryimage\"},\"image\":{\"@id\":\"https:\\\/\\\/www.ecolenormalecortot.com\\\/en\\\/event\\\/concert-de-midi-et-demi-avec-luis-dias-canali-alexandra-matvievskaya-et-anna-weber\\\/#primaryimage\"},\"thumbnailUrl\":\"https:\\\/\\\/www.ecolenormalecortot.com\\\/wp-content\\\/uploads\\\/2025\\\/02\\\/27_03.jpg\",\"datePublished\":\"2025-02-27T11:37:04+00:00\",\"dateModified\":\"2025-02-27T17:09:48+00:00\",\"breadcrumb\":{\"@id\":\"https:\\\/\\\/www.ecolenormalecortot.com\\\/en\\\/event\\\/concert-de-midi-et-demi-avec-luis-dias-canali-alexandra-matvievskaya-et-anna-weber\\\/#breadcrumb\"},\"inLanguage\":\"en-US\",\"potentialAction\":[{\"@type\":\"ReadAction\",\"target\":[\"https:\\\/\\\/www.ecolenormalecortot.com\\\/en\\\/event\\\/concert-de-midi-et-demi-avec-luis-dias-canali-alexandra-matvievskaya-et-anna-weber\\\/\"]}]},{\"@type\":\"ImageObject\",\"inLanguage\":\"en-US\",\"@id\":\"https:\\\/\\\/www.ecolenormalecortot.com\\\/en\\\/event\\\/concert-de-midi-et-demi-avec-luis-dias-canali-alexandra-matvievskaya-et-anna-weber\\\/#primaryimage\",\"url\":\"https:\\\/\\\/www.ecolenormalecortot.com\\\/wp-content\\\/uploads\\\/2025\\\/02\\\/27_03.jpg\",\"contentUrl\":\"https:\\\/\\\/www.ecolenormalecortot.com\\\/wp-content\\\/uploads\\\/2025\\\/02\\\/27_03.jpg\",\"width\":2000,\"height\":1414},{\"@type\":\"BreadcrumbList\",\"@id\":\"https:\\\/\\\/www.ecolenormalecortot.com\\\/en\\\/event\\\/concert-de-midi-et-demi-avec-luis-dias-canali-alexandra-matvievskaya-et-anna-weber\\\/#breadcrumb\",\"itemListElement\":[{\"@type\":\"ListItem\",\"position\":1,\"name\":\"Accueil\",\"item\":\"https:\\\/\\\/www.ecolenormalecortot.com\\\/en\\\/\"},{\"@type\":\"ListItem\",\"position\":2,\"name\":\"\u00c9v\u00e8nements\",\"item\":\"https:\\\/\\\/www.ecolenormalecortot.com\\\/en\\\/event\\\/\"},{\"@type\":\"ListItem\",\"position\":3,\"name\":\"Concert de Midi et demi avec Luis Dias CANALI, Alexandra MATVIEVSKAYA et Anna WEBER\"}]},{\"@type\":\"WebSite\",\"@id\":\"https:\\\/\\\/www.ecolenormalecortot.com\\\/en\\\/#website\",\"url\":\"https:\\\/\\\/www.ecolenormalecortot.com\\\/en\\\/\",\"name\":\"Ecole Normale de Musique de Paris\",\"description\":\"\",\"publisher\":{\"@id\":\"https:\\\/\\\/www.ecolenormalecortot.com\\\/en\\\/#organization\"},\"potentialAction\":[{\"@type\":\"SearchAction\",\"target\":{\"@type\":\"EntryPoint\",\"urlTemplate\":\"https:\\\/\\\/www.ecolenormalecortot.com\\\/en\\\/?s={search_term_string}\"},\"query-input\":{\"@type\":\"PropertyValueSpecification\",\"valueRequired\":true,\"valueName\":\"search_term_string\"}}],\"inLanguage\":\"en-US\"},{\"@type\":\"Organization\",\"@id\":\"https:\\\/\\\/www.ecolenormalecortot.com\\\/en\\\/#organization\",\"name\":\"Ecole Normale de Musique de Paris\",\"url\":\"https:\\\/\\\/www.ecolenormalecortot.com\\\/en\\\/\",\"logo\":{\"@type\":\"ImageObject\",\"inLanguage\":\"en-US\",\"@id\":\"https:\\\/\\\/www.ecolenormalecortot.com\\\/en\\\/#\\\/schema\\\/logo\\\/image\\\/\",\"url\":\"https:\\\/\\\/www.ecolenormalecortot.com\\\/wp-content\\\/uploads\\\/2023\\\/02\\\/android-chrome-512x512-1.png\",\"contentUrl\":\"https:\\\/\\\/www.ecolenormalecortot.com\\\/wp-content\\\/uploads\\\/2023\\\/02\\\/android-chrome-512x512-1.png\",\"width\":512,\"height\":512,\"caption\":\"Ecole Normale de Musique de Paris\"},\"image\":{\"@id\":\"https:\\\/\\\/www.ecolenormalecortot.com\\\/en\\\/#\\\/schema\\\/logo\\\/image\\\/\"}}]}<\/script>\n<!-- \/ Yoast SEO plugin. -->","yoast_head_json":{"title":"Concert de Midi et demi avec Luis Dias CANALI, Alexandra MATVIEVSKAYA et Anna WEBER - Ecole Normale de Musique de Paris","robots":{"index":"index","follow":"follow","max-snippet":"max-snippet:-1","max-image-preview":"max-image-preview:large","max-video-preview":"max-video-preview:-1"},"canonical":"https:\/\/www.ecolenormalecortot.com\/en\/event\/concert-de-midi-et-demi-avec-luis-dias-canali-alexandra-matvievskaya-et-anna-weber\/","og_locale":"en_US","og_type":"article","og_title":"Concert de Midi et demi avec Luis Dias CANALI, Alexandra MATVIEVSKAYA et Anna WEBER - Ecole Normale de Musique de Paris","og_description":"Les Concerts de Midi et Demi sont donn\u00e9s par les dipl\u00f4m\u00e9s, les \u00e9tudiants des niveaux sup\u00e9rieurs et les professeurs de [&hellip;]","og_url":"https:\/\/www.ecolenormalecortot.com\/en\/event\/concert-de-midi-et-demi-avec-luis-dias-canali-alexandra-matvievskaya-et-anna-weber\/","og_site_name":"Ecole Normale de Musique de Paris","article_modified_time":"2025-02-27T17:09:48+00:00","og_image":[{"width":2000,"height":1414,"url":"https:\/\/www.ecolenormalecortot.com\/wp-content\/uploads\/2025\/02\/27_03.jpg","type":"image\/jpeg"}],"twitter_card":"summary_large_image","twitter_misc":{"Est. reading time":"4 minutes"},"schema":{"@context":"https:\/\/schema.org","@graph":[{"@type":"WebPage","@id":"https:\/\/www.ecolenormalecortot.com\/en\/event\/concert-de-midi-et-demi-avec-luis-dias-canali-alexandra-matvievskaya-et-anna-weber\/","url":"https:\/\/www.ecolenormalecortot.com\/en\/event\/concert-de-midi-et-demi-avec-luis-dias-canali-alexandra-matvievskaya-et-anna-weber\/","name":"Concert de Midi et demi avec Luis Dias CANALI, Alexandra MATVIEVSKAYA et Anna WEBER - Ecole Normale de Musique de Paris","isPartOf":{"@id":"https:\/\/www.ecolenormalecortot.com\/en\/#website"},"primaryImageOfPage":{"@id":"https:\/\/www.ecolenormalecortot.com\/en\/event\/concert-de-midi-et-demi-avec-luis-dias-canali-alexandra-matvievskaya-et-anna-weber\/#primaryimage"},"image":{"@id":"https:\/\/www.ecolenormalecortot.com\/en\/event\/concert-de-midi-et-demi-avec-luis-dias-canali-alexandra-matvievskaya-et-anna-weber\/#primaryimage"},"thumbnailUrl":"https:\/\/www.ecolenormalecortot.com\/wp-content\/uploads\/2025\/02\/27_03.jpg","datePublished":"2025-02-27T11:37:04+00:00","dateModified":"2025-02-27T17:09:48+00:00","breadcrumb":{"@id":"https:\/\/www.ecolenormalecortot.com\/en\/event\/concert-de-midi-et-demi-avec-luis-dias-canali-alexandra-matvievskaya-et-anna-weber\/#breadcrumb"},"inLanguage":"en-US","potentialAction":[{"@type":"ReadAction","target":["https:\/\/www.ecolenormalecortot.com\/en\/event\/concert-de-midi-et-demi-avec-luis-dias-canali-alexandra-matvievskaya-et-anna-weber\/"]}]},{"@type":"ImageObject","inLanguage":"en-US","@id":"https:\/\/www.ecolenormalecortot.com\/en\/event\/concert-de-midi-et-demi-avec-luis-dias-canali-alexandra-matvievskaya-et-anna-weber\/#primaryimage","url":"https:\/\/www.ecolenormalecortot.com\/wp-content\/uploads\/2025\/02\/27_03.jpg","contentUrl":"https:\/\/www.ecolenormalecortot.com\/wp-content\/uploads\/2025\/02\/27_03.jpg","width":2000,"height":1414},{"@type":"BreadcrumbList","@id":"https:\/\/www.ecolenormalecortot.com\/en\/event\/concert-de-midi-et-demi-avec-luis-dias-canali-alexandra-matvievskaya-et-anna-weber\/#breadcrumb","itemListElement":[{"@type":"ListItem","position":1,"name":"Accueil","item":"https:\/\/www.ecolenormalecortot.com\/en\/"},{"@type":"ListItem","position":2,"name":"\u00c9v\u00e8nements","item":"https:\/\/www.ecolenormalecortot.com\/en\/event\/"},{"@type":"ListItem","position":3,"name":"Concert de Midi et demi avec Luis Dias CANALI, Alexandra MATVIEVSKAYA et Anna WEBER"}]},{"@type":"WebSite","@id":"https:\/\/www.ecolenormalecortot.com\/en\/#website","url":"https:\/\/www.ecolenormalecortot.com\/en\/","name":"Ecole Normale de Musique de Paris","description":"","publisher":{"@id":"https:\/\/www.ecolenormalecortot.com\/en\/#organization"},"potentialAction":[{"@type":"SearchAction","target":{"@type":"EntryPoint","urlTemplate":"https:\/\/www.ecolenormalecortot.com\/en\/?s={search_term_string}"},"query-input":{"@type":"PropertyValueSpecification","valueRequired":true,"valueName":"search_term_string"}}],"inLanguage":"en-US"},{"@type":"Organization","@id":"https:\/\/www.ecolenormalecortot.com\/en\/#organization","name":"Ecole Normale de Musique de Paris","url":"https:\/\/www.ecolenormalecortot.com\/en\/","logo":{"@type":"ImageObject","inLanguage":"en-US","@id":"https:\/\/www.ecolenormalecortot.com\/en\/#\/schema\/logo\/image\/","url":"https:\/\/www.ecolenormalecortot.com\/wp-content\/uploads\/2023\/02\/android-chrome-512x512-1.png","contentUrl":"https:\/\/www.ecolenormalecortot.com\/wp-content\/uploads\/2023\/02\/android-chrome-512x512-1.png","width":512,"height":512,"caption":"Ecole Normale de Musique de Paris"},"image":{"@id":"https:\/\/www.ecolenormalecortot.com\/en\/#\/schema\/logo\/image\/"}}]}},"_links":{"self":[{"href":"https:\/\/www.ecolenormalecortot.com\/en\/wp-json\/wp\/v2\/event\/9526","targetHints":{"allow":["GET"]}}],"collection":[{"href":"https:\/\/www.ecolenormalecortot.com\/en\/wp-json\/wp\/v2\/event"}],"about":[{"href":"https:\/\/www.ecolenormalecortot.com\/en\/wp-json\/wp\/v2\/types\/event"}],"wp:featuredmedia":[{"embeddable":true,"href":"https:\/\/www.ecolenormalecortot.com\/en\/wp-json\/wp\/v2\/media\/9524"}],"wp:attachment":[{"href":"https:\/\/www.ecolenormalecortot.com\/en\/wp-json\/wp\/v2\/media?parent=9526"}],"wp:term":[{"taxonomy":"event_category","embeddable":true,"href":"https:\/\/www.ecolenormalecortot.com\/en\/wp-json\/wp\/v2\/event_category?post=9526"}],"curies":[{"name":"wp","href":"https:\/\/api.w.org\/{rel}","templated":true}]}}