{"id":8010,"date":"2024-12-18T15:55:42","date_gmt":"2024-12-18T14:55:42","guid":{"rendered":"https:\/\/www.ecolenormalecortot.com\/?post_type=event&#038;p=8010"},"modified":"2025-01-07T17:05:32","modified_gmt":"2025-01-07T16:05:32","slug":"concert-de-midi-avec-les-etudiants-de-la-classe-de-sylvie-valayre-de-broadway-a-hollywood","status":"publish","type":"event","link":"https:\/\/www.ecolenormalecortot.com\/en\/event\/concert-de-midi-avec-les-etudiants-de-la-classe-de-sylvie-valayre-de-broadway-a-hollywood\/","title":{"rendered":"Concert de midi avec les \u00e9tudiants de la classe de Sylvie Valayre : \u00ab\u00a0de Broadway \u00e0 Hollywood\u00a0\u00bb"},"content":{"rendered":"","protected":false},"excerpt":{"rendered":"","protected":false},"featured_media":6744,"template":"","meta":{"_acf_changed":false},"event_category":[168],"class_list":["post-8010","event","type-event","status-publish","has-post-thumbnail","hentry","event_category-concerts-de-midi-et-demi"],"acf":{"presentation":"Les Concerts de Midi et Demi sont donn\u00e9s par les dipl\u00f4m\u00e9s, les \u00e9tudiants des niveaux sup\u00e9rieurs et les professeurs de l\u2019\u00c9cole Normale de Musique de Paris.\r\n\r\nIls sont coordonn\u00e9s et pr\u00e9sent\u00e9s par St\u00e9phane Fri\u00e9d\u00e9rich.\r\n\r\n<em>Entr\u00e9e libre sous r\u00e9serve des places disponibles.<\/em>","musicians":"<h4><strong>______________<\/strong><\/h4>\r\n<h4 style=\"font-weight: 400;\"><strong>les \u00e9tudiants de la classe de Sylvie Valayre<\/strong><\/h4>\r\n<h4 style=\"font-weight: 400;\"><\/h4>","program":"<p style=\"font-weight: 400;\"><strong>Autour de la Com\u00e9die musicale<\/strong><\/p>","host":"\u00c9cole Normale de Musique de Paris","date":"2025-01-14 12:30:00","time_start":"12:30:00","time_end":"","end_date":"","location_name":"Salle Cortot","location_address":"78 rue Cardinet 75017 Paris","phone":"","link":"","booking_link":"","price_from":"","hide_price":true,"teachers":"","event_type":"","datetime":"","end_datetime":"","booking_infos":"","source_post_id":""},"yoast_head":"<!-- This site is optimized with the Yoast SEO plugin v27.5 - https:\/\/yoast.com\/product\/yoast-seo-wordpress\/ -->\n<title>Concert de midi avec les \u00e9tudiants de la classe de Sylvie Valayre : \u00ab\u00a0de Broadway \u00e0 Hollywood\u00a0\u00bb - Ecole Normale de Musique de Paris<\/title>\n<meta name=\"description\" content=\"Les Concerts de Midi et Demi sont donn\u00e9s par les dipl\u00f4m\u00e9s, les \u00e9tudiants des niveaux sup\u00e9rieurs et les professeurs de l\u2019ENMP.\" \/>\n<meta name=\"robots\" content=\"index, follow, max-snippet:-1, max-image-preview:large, max-video-preview:-1\" \/>\n<link rel=\"canonical\" href=\"https:\/\/www.ecolenormalecortot.com\/en\/event\/concert-de-midi-avec-les-etudiants-de-la-classe-de-sylvie-valayre-de-broadway-a-hollywood\/\" \/>\n<meta property=\"og:locale\" content=\"en_US\" \/>\n<meta property=\"og:type\" content=\"article\" \/>\n<meta property=\"og:title\" content=\"Concert de midi avec les \u00e9tudiants de la classe de Sylvie Valayre : \u00ab\u00a0de Broadway \u00e0 Hollywood\u00a0\u00bb - Ecole Normale de Musique de Paris\" \/>\n<meta property=\"og:description\" content=\"Les Concerts de Midi et Demi sont donn\u00e9s par les dipl\u00f4m\u00e9s, les \u00e9tudiants des niveaux sup\u00e9rieurs et les professeurs de l\u2019ENMP.\" \/>\n<meta property=\"og:url\" content=\"https:\/\/www.ecolenormalecortot.com\/en\/event\/concert-de-midi-avec-les-etudiants-de-la-classe-de-sylvie-valayre-de-broadway-a-hollywood\/\" \/>\n<meta property=\"og:site_name\" content=\"Ecole Normale de Musique de Paris\" \/>\n<meta property=\"article:modified_time\" content=\"2025-01-07T16:05:32+00:00\" \/>\n<meta property=\"og:image\" content=\"https:\/\/www.ecolenormalecortot.com\/wp-content\/uploads\/2024\/06\/ENMP-CORTOT-12-scaled.jpg\" \/>\n\t<meta property=\"og:image:width\" content=\"2560\" \/>\n\t<meta property=\"og:image:height\" content=\"1709\" \/>\n\t<meta property=\"og:image:type\" content=\"image\/jpeg\" \/>\n<meta name=\"twitter:card\" content=\"summary_large_image\" \/>\n<meta name=\"twitter:label1\" content=\"Est. reading time\" \/>\n\t<meta name=\"twitter:data1\" content=\"1 minute\" \/>\n<script type=\"application\/ld+json\" class=\"yoast-schema-graph\">{\"@context\":\"https:\\\/\\\/schema.org\",\"@graph\":[{\"@type\":\"WebPage\",\"@id\":\"https:\\\/\\\/www.ecolenormalecortot.com\\\/en\\\/event\\\/concert-de-midi-avec-les-etudiants-de-la-classe-de-sylvie-valayre-de-broadway-a-hollywood\\\/\",\"url\":\"https:\\\/\\\/www.ecolenormalecortot.com\\\/en\\\/event\\\/concert-de-midi-avec-les-etudiants-de-la-classe-de-sylvie-valayre-de-broadway-a-hollywood\\\/\",\"name\":\"Concert de midi avec les \u00e9tudiants de la classe de Sylvie Valayre : \u00ab\u00a0de Broadway \u00e0 Hollywood\u00a0\u00bb - Ecole Normale de Musique de Paris\",\"isPartOf\":{\"@id\":\"https:\\\/\\\/www.ecolenormalecortot.com\\\/en\\\/#website\"},\"primaryImageOfPage\":{\"@id\":\"https:\\\/\\\/www.ecolenormalecortot.com\\\/en\\\/event\\\/concert-de-midi-avec-les-etudiants-de-la-classe-de-sylvie-valayre-de-broadway-a-hollywood\\\/#primaryimage\"},\"image\":{\"@id\":\"https:\\\/\\\/www.ecolenormalecortot.com\\\/en\\\/event\\\/concert-de-midi-avec-les-etudiants-de-la-classe-de-sylvie-valayre-de-broadway-a-hollywood\\\/#primaryimage\"},\"thumbnailUrl\":\"https:\\\/\\\/www.ecolenormalecortot.com\\\/wp-content\\\/uploads\\\/2024\\\/06\\\/ENMP-CORTOT-12-scaled.jpg\",\"datePublished\":\"2024-12-18T14:55:42+00:00\",\"dateModified\":\"2025-01-07T16:05:32+00:00\",\"description\":\"Les Concerts de Midi et Demi sont donn\u00e9s par les dipl\u00f4m\u00e9s, les \u00e9tudiants des niveaux sup\u00e9rieurs et les professeurs de l\u2019ENMP.\",\"breadcrumb\":{\"@id\":\"https:\\\/\\\/www.ecolenormalecortot.com\\\/en\\\/event\\\/concert-de-midi-avec-les-etudiants-de-la-classe-de-sylvie-valayre-de-broadway-a-hollywood\\\/#breadcrumb\"},\"inLanguage\":\"en-US\",\"potentialAction\":[{\"@type\":\"ReadAction\",\"target\":[\"https:\\\/\\\/www.ecolenormalecortot.com\\\/en\\\/event\\\/concert-de-midi-avec-les-etudiants-de-la-classe-de-sylvie-valayre-de-broadway-a-hollywood\\\/\"]}]},{\"@type\":\"ImageObject\",\"inLanguage\":\"en-US\",\"@id\":\"https:\\\/\\\/www.ecolenormalecortot.com\\\/en\\\/event\\\/concert-de-midi-avec-les-etudiants-de-la-classe-de-sylvie-valayre-de-broadway-a-hollywood\\\/#primaryimage\",\"url\":\"https:\\\/\\\/www.ecolenormalecortot.com\\\/wp-content\\\/uploads\\\/2024\\\/06\\\/ENMP-CORTOT-12-scaled.jpg\",\"contentUrl\":\"https:\\\/\\\/www.ecolenormalecortot.com\\\/wp-content\\\/uploads\\\/2024\\\/06\\\/ENMP-CORTOT-12-scaled.jpg\",\"width\":2560,\"height\":1709},{\"@type\":\"BreadcrumbList\",\"@id\":\"https:\\\/\\\/www.ecolenormalecortot.com\\\/en\\\/event\\\/concert-de-midi-avec-les-etudiants-de-la-classe-de-sylvie-valayre-de-broadway-a-hollywood\\\/#breadcrumb\",\"itemListElement\":[{\"@type\":\"ListItem\",\"position\":1,\"name\":\"Accueil\",\"item\":\"https:\\\/\\\/www.ecolenormalecortot.com\\\/en\\\/\"},{\"@type\":\"ListItem\",\"position\":2,\"name\":\"\u00c9v\u00e8nements\",\"item\":\"https:\\\/\\\/www.ecolenormalecortot.com\\\/en\\\/event\\\/\"},{\"@type\":\"ListItem\",\"position\":3,\"name\":\"Concert de midi avec les \u00e9tudiants de la classe de Sylvie Valayre : \u00ab\u00a0de Broadway \u00e0 Hollywood\u00a0\u00bb\"}]},{\"@type\":\"WebSite\",\"@id\":\"https:\\\/\\\/www.ecolenormalecortot.com\\\/en\\\/#website\",\"url\":\"https:\\\/\\\/www.ecolenormalecortot.com\\\/en\\\/\",\"name\":\"Ecole Normale de Musique de Paris\",\"description\":\"\",\"publisher\":{\"@id\":\"https:\\\/\\\/www.ecolenormalecortot.com\\\/en\\\/#organization\"},\"potentialAction\":[{\"@type\":\"SearchAction\",\"target\":{\"@type\":\"EntryPoint\",\"urlTemplate\":\"https:\\\/\\\/www.ecolenormalecortot.com\\\/en\\\/?s={search_term_string}\"},\"query-input\":{\"@type\":\"PropertyValueSpecification\",\"valueRequired\":true,\"valueName\":\"search_term_string\"}}],\"inLanguage\":\"en-US\"},{\"@type\":\"Organization\",\"@id\":\"https:\\\/\\\/www.ecolenormalecortot.com\\\/en\\\/#organization\",\"name\":\"Ecole Normale de Musique de Paris\",\"url\":\"https:\\\/\\\/www.ecolenormalecortot.com\\\/en\\\/\",\"logo\":{\"@type\":\"ImageObject\",\"inLanguage\":\"en-US\",\"@id\":\"https:\\\/\\\/www.ecolenormalecortot.com\\\/en\\\/#\\\/schema\\\/logo\\\/image\\\/\",\"url\":\"https:\\\/\\\/www.ecolenormalecortot.com\\\/wp-content\\\/uploads\\\/2023\\\/02\\\/android-chrome-512x512-1.png\",\"contentUrl\":\"https:\\\/\\\/www.ecolenormalecortot.com\\\/wp-content\\\/uploads\\\/2023\\\/02\\\/android-chrome-512x512-1.png\",\"width\":512,\"height\":512,\"caption\":\"Ecole Normale de Musique de Paris\"},\"image\":{\"@id\":\"https:\\\/\\\/www.ecolenormalecortot.com\\\/en\\\/#\\\/schema\\\/logo\\\/image\\\/\"}}]}<\/script>\n<!-- \/ Yoast SEO plugin. -->","yoast_head_json":{"title":"Concert de midi avec les \u00e9tudiants de la classe de Sylvie Valayre : \u00ab\u00a0de Broadway \u00e0 Hollywood\u00a0\u00bb - Ecole Normale de Musique de Paris","description":"Les Concerts de Midi et Demi sont donn\u00e9s par les dipl\u00f4m\u00e9s, les \u00e9tudiants des niveaux sup\u00e9rieurs et les professeurs de l\u2019ENMP.","robots":{"index":"index","follow":"follow","max-snippet":"max-snippet:-1","max-image-preview":"max-image-preview:large","max-video-preview":"max-video-preview:-1"},"canonical":"https:\/\/www.ecolenormalecortot.com\/en\/event\/concert-de-midi-avec-les-etudiants-de-la-classe-de-sylvie-valayre-de-broadway-a-hollywood\/","og_locale":"en_US","og_type":"article","og_title":"Concert de midi avec les \u00e9tudiants de la classe de Sylvie Valayre : \u00ab\u00a0de Broadway \u00e0 Hollywood\u00a0\u00bb - Ecole Normale de Musique de Paris","og_description":"Les Concerts de Midi et Demi sont donn\u00e9s par les dipl\u00f4m\u00e9s, les \u00e9tudiants des niveaux sup\u00e9rieurs et les professeurs de l\u2019ENMP.","og_url":"https:\/\/www.ecolenormalecortot.com\/en\/event\/concert-de-midi-avec-les-etudiants-de-la-classe-de-sylvie-valayre-de-broadway-a-hollywood\/","og_site_name":"Ecole Normale de Musique de Paris","article_modified_time":"2025-01-07T16:05:32+00:00","og_image":[{"width":2560,"height":1709,"url":"https:\/\/www.ecolenormalecortot.com\/wp-content\/uploads\/2024\/06\/ENMP-CORTOT-12-scaled.jpg","type":"image\/jpeg"}],"twitter_card":"summary_large_image","twitter_misc":{"Est. reading time":"1 minute"},"schema":{"@context":"https:\/\/schema.org","@graph":[{"@type":"WebPage","@id":"https:\/\/www.ecolenormalecortot.com\/en\/event\/concert-de-midi-avec-les-etudiants-de-la-classe-de-sylvie-valayre-de-broadway-a-hollywood\/","url":"https:\/\/www.ecolenormalecortot.com\/en\/event\/concert-de-midi-avec-les-etudiants-de-la-classe-de-sylvie-valayre-de-broadway-a-hollywood\/","name":"Concert de midi avec les \u00e9tudiants de la classe de Sylvie Valayre : \u00ab\u00a0de Broadway \u00e0 Hollywood\u00a0\u00bb - Ecole Normale de Musique de Paris","isPartOf":{"@id":"https:\/\/www.ecolenormalecortot.com\/en\/#website"},"primaryImageOfPage":{"@id":"https:\/\/www.ecolenormalecortot.com\/en\/event\/concert-de-midi-avec-les-etudiants-de-la-classe-de-sylvie-valayre-de-broadway-a-hollywood\/#primaryimage"},"image":{"@id":"https:\/\/www.ecolenormalecortot.com\/en\/event\/concert-de-midi-avec-les-etudiants-de-la-classe-de-sylvie-valayre-de-broadway-a-hollywood\/#primaryimage"},"thumbnailUrl":"https:\/\/www.ecolenormalecortot.com\/wp-content\/uploads\/2024\/06\/ENMP-CORTOT-12-scaled.jpg","datePublished":"2024-12-18T14:55:42+00:00","dateModified":"2025-01-07T16:05:32+00:00","description":"Les Concerts de Midi et Demi sont donn\u00e9s par les dipl\u00f4m\u00e9s, les \u00e9tudiants des niveaux sup\u00e9rieurs et les professeurs de l\u2019ENMP.","breadcrumb":{"@id":"https:\/\/www.ecolenormalecortot.com\/en\/event\/concert-de-midi-avec-les-etudiants-de-la-classe-de-sylvie-valayre-de-broadway-a-hollywood\/#breadcrumb"},"inLanguage":"en-US","potentialAction":[{"@type":"ReadAction","target":["https:\/\/www.ecolenormalecortot.com\/en\/event\/concert-de-midi-avec-les-etudiants-de-la-classe-de-sylvie-valayre-de-broadway-a-hollywood\/"]}]},{"@type":"ImageObject","inLanguage":"en-US","@id":"https:\/\/www.ecolenormalecortot.com\/en\/event\/concert-de-midi-avec-les-etudiants-de-la-classe-de-sylvie-valayre-de-broadway-a-hollywood\/#primaryimage","url":"https:\/\/www.ecolenormalecortot.com\/wp-content\/uploads\/2024\/06\/ENMP-CORTOT-12-scaled.jpg","contentUrl":"https:\/\/www.ecolenormalecortot.com\/wp-content\/uploads\/2024\/06\/ENMP-CORTOT-12-scaled.jpg","width":2560,"height":1709},{"@type":"BreadcrumbList","@id":"https:\/\/www.ecolenormalecortot.com\/en\/event\/concert-de-midi-avec-les-etudiants-de-la-classe-de-sylvie-valayre-de-broadway-a-hollywood\/#breadcrumb","itemListElement":[{"@type":"ListItem","position":1,"name":"Accueil","item":"https:\/\/www.ecolenormalecortot.com\/en\/"},{"@type":"ListItem","position":2,"name":"\u00c9v\u00e8nements","item":"https:\/\/www.ecolenormalecortot.com\/en\/event\/"},{"@type":"ListItem","position":3,"name":"Concert de midi avec les \u00e9tudiants de la classe de Sylvie Valayre : \u00ab\u00a0de Broadway \u00e0 Hollywood\u00a0\u00bb"}]},{"@type":"WebSite","@id":"https:\/\/www.ecolenormalecortot.com\/en\/#website","url":"https:\/\/www.ecolenormalecortot.com\/en\/","name":"Ecole Normale de Musique de Paris","description":"","publisher":{"@id":"https:\/\/www.ecolenormalecortot.com\/en\/#organization"},"potentialAction":[{"@type":"SearchAction","target":{"@type":"EntryPoint","urlTemplate":"https:\/\/www.ecolenormalecortot.com\/en\/?s={search_term_string}"},"query-input":{"@type":"PropertyValueSpecification","valueRequired":true,"valueName":"search_term_string"}}],"inLanguage":"en-US"},{"@type":"Organization","@id":"https:\/\/www.ecolenormalecortot.com\/en\/#organization","name":"Ecole Normale de Musique de Paris","url":"https:\/\/www.ecolenormalecortot.com\/en\/","logo":{"@type":"ImageObject","inLanguage":"en-US","@id":"https:\/\/www.ecolenormalecortot.com\/en\/#\/schema\/logo\/image\/","url":"https:\/\/www.ecolenormalecortot.com\/wp-content\/uploads\/2023\/02\/android-chrome-512x512-1.png","contentUrl":"https:\/\/www.ecolenormalecortot.com\/wp-content\/uploads\/2023\/02\/android-chrome-512x512-1.png","width":512,"height":512,"caption":"Ecole Normale de Musique de Paris"},"image":{"@id":"https:\/\/www.ecolenormalecortot.com\/en\/#\/schema\/logo\/image\/"}}]}},"_links":{"self":[{"href":"https:\/\/www.ecolenormalecortot.com\/en\/wp-json\/wp\/v2\/event\/8010","targetHints":{"allow":["GET"]}}],"collection":[{"href":"https:\/\/www.ecolenormalecortot.com\/en\/wp-json\/wp\/v2\/event"}],"about":[{"href":"https:\/\/www.ecolenormalecortot.com\/en\/wp-json\/wp\/v2\/types\/event"}],"wp:featuredmedia":[{"embeddable":true,"href":"https:\/\/www.ecolenormalecortot.com\/en\/wp-json\/wp\/v2\/media\/6744"}],"wp:attachment":[{"href":"https:\/\/www.ecolenormalecortot.com\/en\/wp-json\/wp\/v2\/media?parent=8010"}],"wp:term":[{"taxonomy":"event_category","embeddable":true,"href":"https:\/\/www.ecolenormalecortot.com\/en\/wp-json\/wp\/v2\/event_category?post=8010"}],"curies":[{"name":"wp","href":"https:\/\/api.w.org\/{rel}","templated":true}]}}