{"id":8006,"date":"2024-12-18T15:46:56","date_gmt":"2024-12-18T14:46:56","guid":{"rendered":"https:\/\/www.ecolenormalecortot.com\/?post_type=event&#038;p=8006"},"modified":"2025-01-23T09:26:53","modified_gmt":"2025-01-23T08:26:53","slug":"concert-de-midi-avec-cristo-harijan-timothee-moser-et-benjamin-brunet","status":"publish","type":"event","link":"https:\/\/www.ecolenormalecortot.com\/en\/event\/concert-de-midi-avec-cristo-harijan-timothee-moser-et-benjamin-brunet\/","title":{"rendered":"Concert de midi avec Timoth\u00e9e MOSER, Benjamin BRUNET, In-Rak SON et Qiaochu LI"},"content":{"rendered":"","protected":false},"excerpt":{"rendered":"","protected":false},"featured_media":8229,"template":"","meta":{"_acf_changed":true},"event_category":[168],"class_list":["post-8006","event","type-event","status-publish","has-post-thumbnail","hentry","event_category-concerts-de-midi-et-demi"],"acf":{"presentation":"Les Concerts de Midi et Demi sont donn\u00e9s par les dipl\u00f4m\u00e9s, les \u00e9tudiants des niveaux sup\u00e9rieurs et les professeurs de l\u2019\u00c9cole Normale de Musique de Paris.\r\n\r\nIls sont coordonn\u00e9s et pr\u00e9sent\u00e9s par St\u00e9phane Fri\u00e9d\u00e9rich.\r\n\r\n<em>Entr\u00e9e libre sous r\u00e9serve des places disponibles.<\/em>","musicians":"<h4><strong>______________<\/strong><\/h4>\r\n<h4 style=\"font-weight: 400;\"><strong>Timoth\u00e9e MOSER, t\u00e9nor<\/strong><\/h4>\r\n<p class=\"s7\"><span class=\"s5\">Apr\u00e8s des \u00e9tudes de clarinette en Bavi\u00e8re, et un master \u00e0 Sciences Po Paris, Timoth\u00e9e d\u00e9cide de se consacrer au chant lyrique en 2021. \u00a0\u00c0 l\u2019\u00e2ge de 27 ans, il int\u00e8gre la classe de Daniel Ottevaere \u00e0 l\u2019\u00c9cole Normale de Musique de Paris Alfred Cortot, tout en suivant les enseignements de Claudine Le Coz au Conservatoire Hector Berlioz (CMA10). <\/span><span class=\"s5\">Timoth\u00e9e<\/span><span class=\"s5\"> poursuit actuellement son <\/span><span class=\"s6\">Artist Diploma <\/span><span class=\"s5\">\u00e0 l\u2019ENMP, o\u00f9 il affine sa technique vocale et sc\u00e9nique. <\/span><\/p>\r\n<p class=\"s7\"><span class=\"s5\">D\u00e8s 2022, ses progr\u00e8s prometteurs lui permettent de faire ses d\u00e9buts sur sc\u00e8ne en tant que choriste : d\u2019abord dans <\/span><span class=\"s6\">I Due Foscari <\/span><span class=\"s5\">de Verdi aux c\u00f4t\u00e9s de Pl\u00e1cido Domingo (Salle Gaveau) puis dans l\u2019op\u00e9rette <\/span><span class=\"s8\">Les Saltimbanques<\/span><span class=\"s5\"> de Ganne avec la Compagnie Herse IV (Th\u00e9\u00e2tre de l\u2019Embarcad\u00e8re).<\/span><\/p>\r\n<p class=\"s7\"><span class=\"s5\">La m\u00eame ann\u00e9e, il commence \u00e0 se faire remarquer en tant que soliste avec le r\u00f4le de Pomponnet dans <\/span><span class=\"s6\">La Fille de Madame Angot <\/span><span class=\"s5\">de Lecocq (CMA10) et dans <\/span><span class=\"s6\">Le Messie <\/span><span class=\"s5\">de Haendel (CMA<\/span><span class=\"s5\">1<\/span><span class=\"s5\">0). Sa prestation dans le r\u00f4le d\u2019Arist\u00e9e-Pluton dans <\/span><span class=\"s8\">Orph\u00e9e aux Enfers<\/span><span class=\"s5\">d\u2019Offenbach (CMA12) est salu\u00e9e par la critique qui loue un \u00ab\u00a0Pluton plein de duplicit\u00e9 comme il se doit, campant parfaitement le personnage, tant sc\u00e9niquement que vocalement \u00bb (Forum Op\u00e9ra, 18 avril 2023). Il participe aussi au festival Nancyphonies. <\/span><\/p>\r\n<p class=\"s7\"><span class=\"s5\">En 2024, Timoth\u00e9e aborde des r\u00f4les plus exigeants, notamment celui <\/span><span class=\"s9\">d\u2019<\/span><span class=\"s9\">Uriel<\/span><span class=\"s5\"> dans <\/span><span class=\"s8\">La Cr\u00e9ation<\/span> <span class=\"s9\">de Haydn (Espace Cziffra \u00e0 Senlis), de <\/span><span class=\"s9\">Don Ottavio<\/span><span class=\"s9\"> dans <\/span><span class=\"s8\">Don Giovanni<\/span><span class=\"s9\"> de Mozart (CR<\/span><span class=\"s9\">D<\/span><span class=\"s9\"> de Valenciennes), ou encore de <\/span><span class=\"s9\">Loti<\/span><span class=\"s9\"> dans <\/span><span class=\"s8\">L\u2019\u00cele du R\u00eave<\/span><span class=\"s9\"> de Hahn (CMA10). Il se produit \u00e9galement \u00e0 la Salle Cortot dans le cadre du Festival de l\u2019Acad\u00e9mie Internationale de Musique \u00e0 Paris. Toujours \u00e0 la Salle Cortot, il a eu l\u2019occasion de participer \u00e0 la cr\u00e9ation mondiale des<\/span><span class=\"s8\"> Trois Figaros <\/span><span class=\"s9\">de Vincent Bouchot.<\/span> <span class=\"s9\">Parmi ses projets \u00e0 venir, citons le r\u00f4le de <\/span><span class=\"s9\">Nemorino<\/span><span class=\"s9\"> dans <\/span><span class=\"s8\">L'Elixir d'amour<\/span><span class=\"s9\"> d<\/span><span class=\"s5\">e Donizetti (CMA11), un r\u00f4le qui lui tient particuli\u00e8rement \u00e0 c\u0153ur, et des concerts avec l\u2019octuor \u201cLes Gars Sons\u201d dirig\u00e9 par Adam Vidovic.<\/span><a name=\"__DdeLink__402_3020561408\"><\/a><\/p>\r\n<p class=\"s7\"><span class=\"s5\">En parall\u00e8le de sa formation lyrique, son parcours \u00e0 Sciences Po Paris et dans des organisations internationales et humanitaires lui a permis de se sp\u00e9cialiser dans la r\u00e9solution de conflits au Moyen-Orient. Il reste li\u00e9 \u00e0 ce domaine d\u2019expertise aujourd\u2019hui. En effet, afin de financer sa reconversion professionnelle, il intervient dans des institutions renomm\u00e9es comme l\u2019ESSEC, l'Universit\u00e9 de Rouen, l\u2019emlyon et l'\u00c9cole de Guerre, en tant que formateur et coach en techniques de n\u00e9gociation<\/span><\/p>\r\n\r\n<h4><strong>______________<\/strong><\/h4>\r\n<h4 style=\"font-weight: 400;\"><strong>Benjamin BRUNET, piano<\/strong><\/h4>\r\n<h4 style=\"font-weight: 400;\"><strong>______________<\/strong><\/h4>\r\n<h4 style=\"font-weight: 400;\"><b>In-Rak SON, fl\u00fbte<\/b><\/h4>\r\nDipl\u00f4m\u00e9 en musique (sp\u00e9cialisation fl\u00fbte) de l\u2019Universit\u00e9 nationale d\u2019Andong\r\n\r\nDipl\u00f4m\u00e9 du master en musique de l\u2019Universit\u00e9 nationale d\u2019Andong\r\n\r\n2011 : Collaboration avec l\u2019Orchestre symphonique d\u2019Andong\r\n\r\n2017 : Collaboration \u00e0 la \u00ab Nuit des Concertos \u00bb de l\u2019Universit\u00e9 d\u2019Andong\r\n\r\n2017 : Collaboration avec l\u2019ensemble de fl\u00fbtes de l\u2019Universit\u00e9 d\u2019Andong\r\n\r\n2018 : Collaboration avec l\u2019Orchestre de l\u2019Acad\u00e9mie des Jeunes Artistes de Cor\u00e9e\r\n\r\n2018 : Collaboration avec l\u2019Orchestre symphonique Western au \u00ab Concert du Nouvel An \u00bb\r\n\r\nActuellement : \u00c9tudiant au programme Artist Diploma de l\u2019\u00c9cole Normale de Musique de Paris (classe de Jean Ferrandis)\r\n<h4 style=\"font-weight: 400;\"><strong>______________<\/strong><\/h4>\r\n<h4 style=\"font-weight: 400;\"><b>Qiaochu LI, piano\u00a0<\/b><\/h4>\r\nQiaochu LI d\u00e9bute ses \u00e9tudes musicales au \u00ab\u00a0Central Conservatory of Music\u00a0\u00bb de P\u00e9kin avec Ma\u00eetre Zhang Jin et Ma\u00eetre Xu Zhong. Elle remporte plusieurs concours, dont le Prix Bart\u00f3k \u00e0 Hong Kong et le Grand Prix Xinghai \u00e0 P\u00e9kin. \u00c0 15 ans, elle joue en concerto \u00e0 la Cit\u00e9 Interdite de P\u00e9kin.\r\n\r\nEn 2006, elle gagne le Premier Prix de la\u00a0<em>Lisma International Music Competition<\/em>\u00a0\u00e0 New York et poursuit ses \u00e9tudes \u00e0 l\u2019\u00c9cole Normale de Musique de Paris. Elle obtient en 2009 le Dipl\u00f4me Sup\u00e9rieur d\u2019Ex\u00e9cution de piano et de musique de chambre, ainsi que plusieurs prix prestigieux, dont la M\u00e9daille d\u2019or du concours\u00a0<em>Les Rencontres du Piano de Lagny-sur-Marne<\/em>.\r\n\r\nEn 2010, elle d\u00e9croche le DEM en piano au CRR de Paris avec f\u00e9licitations et part \u00e9tudier \u00e0 l\u2019Universit\u00e9 des Arts de Berlin puis en 2012, elle obtient le DEM d\u2019accompagnement et remporte le Prix d\u2019Honneur en Trio au Concours L\u00e9opold Bellan.\r\n\r\nenfin 2013, elle int\u00e8gre le CNSM de Paris, remporte le Premier Prix en accompagnement au Concours L\u00e9opold Bellan, et obtient le Dipl\u00f4me Sup\u00e9rieur de Concertiste de l\u2019\u00c9cole Normale de Paris et celui de l\u2019Universit\u00e9 des Arts de Berlin. Elle devient \u00e9galement accompagnatrice au festival Musicalp de Tignes.\r\n\r\nQiaochu LI continue \u00e0 se produire en soliste et accompagnatrice, affirmant son talent sur la sc\u00e8ne internationale.\r\n\r\n&nbsp;\r\n<h4 style=\"font-weight: 400;\"><\/h4>","program":"<strong>Timoth\u00e9e MOSER, t\u00e9nor <\/strong>\r\n<p style=\"font-weight: 400;\"><strong>Benjamin BRUNET, piano<\/strong><\/p>\r\n\r\n<ul>\r\n \t<li style=\"font-weight: 400;\">Ludwig van Beethoven\u00a0: An die ferne Geliebte<\/li>\r\n \t<li style=\"font-weight: 400;\">Wolfgang Amadeus Mozart\u00a0: \u00ab\u00a0Se il tuo duol \u00bb extrait d\u2019Idom\u00e9n\u00e9e<\/li>\r\n \t<li style=\"font-weight: 400;\">Benjamin Britten\u00a0: Prologue du Narrateur extrait de The Turn of the Screw<\/li>\r\n \t<li style=\"font-weight: 400;\">Igor Stravinsky\u00a0: \u00ab Here I Stand\u2026since it is not by merit \u00bb extrait de The Rake\u2019s Progress,<\/li>\r\n \t<li style=\"font-weight: 400;\">Pierre Landy\u00a0: Chanson Dada<\/li>\r\n<\/ul>\r\n&nbsp;\r\n<div class=\"elementToProof\" data-ogsc=\"rgb(0, 0, 0)\"><b>In-Rak SON, fl\u00fbte\u00a0<\/b><\/div>\r\n<div class=\"elementToProof\" data-ogsc=\"rgb(0, 0, 0)\"><b>Qiaochu LI, piano<\/b><\/div>\r\n<ul>\r\n \t<li class=\"elementToProof\" data-ogsc=\"rgb(0, 0, 0)\">Pierre Sancan : Sonatine pour fl\u00fbte et piano<\/li>\r\n \t<li class=\"elementToProof\" data-ogsc=\"rgb(0, 0, 0)\">Johann Joachim Quantz : Capriccio en r\u00e9 majeur n\u00b08 pour fl\u00fbte seule<\/li>\r\n \t<li class=\"elementToProof\" data-ogsc=\"rgb(0, 0, 0)\">Samuel Zyman - Sonatine pour fl\u00fbte et piano n\u00b01<\/li>\r\n<\/ul>","host":"\u00c9cole Normale de Musique de Paris","date":"2025-01-30 12:30:00","time_start":"12:30:00","time_end":"","end_date":"","location_name":"Salle Cortot","location_address":"78 rue Cardinet 75017 Paris","phone":"","link":"","booking_link":"","price_from":"","hide_price":true,"teachers":"","event_type":"","datetime":"","end_datetime":"","booking_infos":"","source_post_id":""},"yoast_head":"<!-- This site is optimized with the Yoast SEO plugin v27.5 - https:\/\/yoast.com\/product\/yoast-seo-wordpress\/ -->\n<title>Concert de midi avec Timoth\u00e9e MOSER, Benjamin BRUNET, In-Rak SON et Qiaochu LI - Ecole Normale de Musique de Paris<\/title>\n<meta name=\"description\" content=\"Les Concerts de Midi et Demi sont donn\u00e9s par les dipl\u00f4m\u00e9s, les \u00e9tudiants des niveaux sup\u00e9rieurs et les professeurs de l\u2019ENMP.\" \/>\n<meta name=\"robots\" content=\"index, follow, max-snippet:-1, max-image-preview:large, max-video-preview:-1\" \/>\n<link rel=\"canonical\" href=\"https:\/\/www.ecolenormalecortot.com\/en\/event\/concert-de-midi-avec-cristo-harijan-timothee-moser-et-benjamin-brunet\/\" \/>\n<meta property=\"og:locale\" content=\"en_US\" \/>\n<meta property=\"og:type\" content=\"article\" \/>\n<meta property=\"og:title\" content=\"Concert de midi avec Timoth\u00e9e MOSER, Benjamin BRUNET, In-Rak SON et Qiaochu LI - Ecole Normale de Musique de Paris\" \/>\n<meta property=\"og:description\" content=\"Les Concerts de Midi et Demi sont donn\u00e9s par les dipl\u00f4m\u00e9s, les \u00e9tudiants des niveaux sup\u00e9rieurs et les professeurs de l\u2019ENMP.\" \/>\n<meta property=\"og:url\" content=\"https:\/\/www.ecolenormalecortot.com\/en\/event\/concert-de-midi-avec-cristo-harijan-timothee-moser-et-benjamin-brunet\/\" \/>\n<meta property=\"og:site_name\" content=\"Ecole Normale de Musique de Paris\" \/>\n<meta property=\"article:modified_time\" content=\"2025-01-23T08:26:53+00:00\" \/>\n<meta property=\"og:image\" content=\"https:\/\/www.ecolenormalecortot.com\/wp-content\/uploads\/2024\/12\/SITE-1.png\" \/>\n\t<meta property=\"og:image:width\" content=\"2000\" \/>\n\t<meta property=\"og:image:height\" content=\"1414\" \/>\n\t<meta property=\"og:image:type\" content=\"image\/png\" \/>\n<meta name=\"twitter:card\" content=\"summary_large_image\" \/>\n<meta name=\"twitter:label1\" content=\"Est. reading time\" \/>\n\t<meta name=\"twitter:data1\" content=\"5 minutes\" \/>\n<script type=\"application\/ld+json\" class=\"yoast-schema-graph\">{\"@context\":\"https:\\\/\\\/schema.org\",\"@graph\":[{\"@type\":\"WebPage\",\"@id\":\"https:\\\/\\\/www.ecolenormalecortot.com\\\/en\\\/event\\\/concert-de-midi-avec-cristo-harijan-timothee-moser-et-benjamin-brunet\\\/\",\"url\":\"https:\\\/\\\/www.ecolenormalecortot.com\\\/en\\\/event\\\/concert-de-midi-avec-cristo-harijan-timothee-moser-et-benjamin-brunet\\\/\",\"name\":\"Concert de midi avec Timoth\u00e9e MOSER, Benjamin BRUNET, In-Rak SON et Qiaochu LI - Ecole Normale de Musique de Paris\",\"isPartOf\":{\"@id\":\"https:\\\/\\\/www.ecolenormalecortot.com\\\/en\\\/#website\"},\"primaryImageOfPage\":{\"@id\":\"https:\\\/\\\/www.ecolenormalecortot.com\\\/en\\\/event\\\/concert-de-midi-avec-cristo-harijan-timothee-moser-et-benjamin-brunet\\\/#primaryimage\"},\"image\":{\"@id\":\"https:\\\/\\\/www.ecolenormalecortot.com\\\/en\\\/event\\\/concert-de-midi-avec-cristo-harijan-timothee-moser-et-benjamin-brunet\\\/#primaryimage\"},\"thumbnailUrl\":\"https:\\\/\\\/www.ecolenormalecortot.com\\\/wp-content\\\/uploads\\\/2024\\\/12\\\/SITE-1.png\",\"datePublished\":\"2024-12-18T14:46:56+00:00\",\"dateModified\":\"2025-01-23T08:26:53+00:00\",\"description\":\"Les Concerts de Midi et Demi sont donn\u00e9s par les dipl\u00f4m\u00e9s, les \u00e9tudiants des niveaux sup\u00e9rieurs et les professeurs de l\u2019ENMP.\",\"breadcrumb\":{\"@id\":\"https:\\\/\\\/www.ecolenormalecortot.com\\\/en\\\/event\\\/concert-de-midi-avec-cristo-harijan-timothee-moser-et-benjamin-brunet\\\/#breadcrumb\"},\"inLanguage\":\"en-US\",\"potentialAction\":[{\"@type\":\"ReadAction\",\"target\":[\"https:\\\/\\\/www.ecolenormalecortot.com\\\/en\\\/event\\\/concert-de-midi-avec-cristo-harijan-timothee-moser-et-benjamin-brunet\\\/\"]}]},{\"@type\":\"ImageObject\",\"inLanguage\":\"en-US\",\"@id\":\"https:\\\/\\\/www.ecolenormalecortot.com\\\/en\\\/event\\\/concert-de-midi-avec-cristo-harijan-timothee-moser-et-benjamin-brunet\\\/#primaryimage\",\"url\":\"https:\\\/\\\/www.ecolenormalecortot.com\\\/wp-content\\\/uploads\\\/2024\\\/12\\\/SITE-1.png\",\"contentUrl\":\"https:\\\/\\\/www.ecolenormalecortot.com\\\/wp-content\\\/uploads\\\/2024\\\/12\\\/SITE-1.png\",\"width\":2000,\"height\":1414},{\"@type\":\"BreadcrumbList\",\"@id\":\"https:\\\/\\\/www.ecolenormalecortot.com\\\/en\\\/event\\\/concert-de-midi-avec-cristo-harijan-timothee-moser-et-benjamin-brunet\\\/#breadcrumb\",\"itemListElement\":[{\"@type\":\"ListItem\",\"position\":1,\"name\":\"Accueil\",\"item\":\"https:\\\/\\\/www.ecolenormalecortot.com\\\/en\\\/\"},{\"@type\":\"ListItem\",\"position\":2,\"name\":\"\u00c9v\u00e8nements\",\"item\":\"https:\\\/\\\/www.ecolenormalecortot.com\\\/en\\\/event\\\/\"},{\"@type\":\"ListItem\",\"position\":3,\"name\":\"Concert de midi avec Timoth\u00e9e MOSER, Benjamin BRUNET, In-Rak SON et Qiaochu LI\"}]},{\"@type\":\"WebSite\",\"@id\":\"https:\\\/\\\/www.ecolenormalecortot.com\\\/en\\\/#website\",\"url\":\"https:\\\/\\\/www.ecolenormalecortot.com\\\/en\\\/\",\"name\":\"Ecole Normale de Musique de Paris\",\"description\":\"\",\"publisher\":{\"@id\":\"https:\\\/\\\/www.ecolenormalecortot.com\\\/en\\\/#organization\"},\"potentialAction\":[{\"@type\":\"SearchAction\",\"target\":{\"@type\":\"EntryPoint\",\"urlTemplate\":\"https:\\\/\\\/www.ecolenormalecortot.com\\\/en\\\/?s={search_term_string}\"},\"query-input\":{\"@type\":\"PropertyValueSpecification\",\"valueRequired\":true,\"valueName\":\"search_term_string\"}}],\"inLanguage\":\"en-US\"},{\"@type\":\"Organization\",\"@id\":\"https:\\\/\\\/www.ecolenormalecortot.com\\\/en\\\/#organization\",\"name\":\"Ecole Normale de Musique de Paris\",\"url\":\"https:\\\/\\\/www.ecolenormalecortot.com\\\/en\\\/\",\"logo\":{\"@type\":\"ImageObject\",\"inLanguage\":\"en-US\",\"@id\":\"https:\\\/\\\/www.ecolenormalecortot.com\\\/en\\\/#\\\/schema\\\/logo\\\/image\\\/\",\"url\":\"https:\\\/\\\/www.ecolenormalecortot.com\\\/wp-content\\\/uploads\\\/2023\\\/02\\\/android-chrome-512x512-1.png\",\"contentUrl\":\"https:\\\/\\\/www.ecolenormalecortot.com\\\/wp-content\\\/uploads\\\/2023\\\/02\\\/android-chrome-512x512-1.png\",\"width\":512,\"height\":512,\"caption\":\"Ecole Normale de Musique de Paris\"},\"image\":{\"@id\":\"https:\\\/\\\/www.ecolenormalecortot.com\\\/en\\\/#\\\/schema\\\/logo\\\/image\\\/\"}}]}<\/script>\n<!-- \/ Yoast SEO plugin. -->","yoast_head_json":{"title":"Concert de midi avec Timoth\u00e9e MOSER, Benjamin BRUNET, In-Rak SON et Qiaochu LI - Ecole Normale de Musique de Paris","description":"Les Concerts de Midi et Demi sont donn\u00e9s par les dipl\u00f4m\u00e9s, les \u00e9tudiants des niveaux sup\u00e9rieurs et les professeurs de l\u2019ENMP.","robots":{"index":"index","follow":"follow","max-snippet":"max-snippet:-1","max-image-preview":"max-image-preview:large","max-video-preview":"max-video-preview:-1"},"canonical":"https:\/\/www.ecolenormalecortot.com\/en\/event\/concert-de-midi-avec-cristo-harijan-timothee-moser-et-benjamin-brunet\/","og_locale":"en_US","og_type":"article","og_title":"Concert de midi avec Timoth\u00e9e MOSER, Benjamin BRUNET, In-Rak SON et Qiaochu LI - Ecole Normale de Musique de Paris","og_description":"Les Concerts de Midi et Demi sont donn\u00e9s par les dipl\u00f4m\u00e9s, les \u00e9tudiants des niveaux sup\u00e9rieurs et les professeurs de l\u2019ENMP.","og_url":"https:\/\/www.ecolenormalecortot.com\/en\/event\/concert-de-midi-avec-cristo-harijan-timothee-moser-et-benjamin-brunet\/","og_site_name":"Ecole Normale de Musique de Paris","article_modified_time":"2025-01-23T08:26:53+00:00","og_image":[{"width":2000,"height":1414,"url":"https:\/\/www.ecolenormalecortot.com\/wp-content\/uploads\/2024\/12\/SITE-1.png","type":"image\/png"}],"twitter_card":"summary_large_image","twitter_misc":{"Est. reading time":"5 minutes"},"schema":{"@context":"https:\/\/schema.org","@graph":[{"@type":"WebPage","@id":"https:\/\/www.ecolenormalecortot.com\/en\/event\/concert-de-midi-avec-cristo-harijan-timothee-moser-et-benjamin-brunet\/","url":"https:\/\/www.ecolenormalecortot.com\/en\/event\/concert-de-midi-avec-cristo-harijan-timothee-moser-et-benjamin-brunet\/","name":"Concert de midi avec Timoth\u00e9e MOSER, Benjamin BRUNET, In-Rak SON et Qiaochu LI - Ecole Normale de Musique de Paris","isPartOf":{"@id":"https:\/\/www.ecolenormalecortot.com\/en\/#website"},"primaryImageOfPage":{"@id":"https:\/\/www.ecolenormalecortot.com\/en\/event\/concert-de-midi-avec-cristo-harijan-timothee-moser-et-benjamin-brunet\/#primaryimage"},"image":{"@id":"https:\/\/www.ecolenormalecortot.com\/en\/event\/concert-de-midi-avec-cristo-harijan-timothee-moser-et-benjamin-brunet\/#primaryimage"},"thumbnailUrl":"https:\/\/www.ecolenormalecortot.com\/wp-content\/uploads\/2024\/12\/SITE-1.png","datePublished":"2024-12-18T14:46:56+00:00","dateModified":"2025-01-23T08:26:53+00:00","description":"Les Concerts de Midi et Demi sont donn\u00e9s par les dipl\u00f4m\u00e9s, les \u00e9tudiants des niveaux sup\u00e9rieurs et les professeurs de l\u2019ENMP.","breadcrumb":{"@id":"https:\/\/www.ecolenormalecortot.com\/en\/event\/concert-de-midi-avec-cristo-harijan-timothee-moser-et-benjamin-brunet\/#breadcrumb"},"inLanguage":"en-US","potentialAction":[{"@type":"ReadAction","target":["https:\/\/www.ecolenormalecortot.com\/en\/event\/concert-de-midi-avec-cristo-harijan-timothee-moser-et-benjamin-brunet\/"]}]},{"@type":"ImageObject","inLanguage":"en-US","@id":"https:\/\/www.ecolenormalecortot.com\/en\/event\/concert-de-midi-avec-cristo-harijan-timothee-moser-et-benjamin-brunet\/#primaryimage","url":"https:\/\/www.ecolenormalecortot.com\/wp-content\/uploads\/2024\/12\/SITE-1.png","contentUrl":"https:\/\/www.ecolenormalecortot.com\/wp-content\/uploads\/2024\/12\/SITE-1.png","width":2000,"height":1414},{"@type":"BreadcrumbList","@id":"https:\/\/www.ecolenormalecortot.com\/en\/event\/concert-de-midi-avec-cristo-harijan-timothee-moser-et-benjamin-brunet\/#breadcrumb","itemListElement":[{"@type":"ListItem","position":1,"name":"Accueil","item":"https:\/\/www.ecolenormalecortot.com\/en\/"},{"@type":"ListItem","position":2,"name":"\u00c9v\u00e8nements","item":"https:\/\/www.ecolenormalecortot.com\/en\/event\/"},{"@type":"ListItem","position":3,"name":"Concert de midi avec Timoth\u00e9e MOSER, Benjamin BRUNET, In-Rak SON et Qiaochu LI"}]},{"@type":"WebSite","@id":"https:\/\/www.ecolenormalecortot.com\/en\/#website","url":"https:\/\/www.ecolenormalecortot.com\/en\/","name":"Ecole Normale de Musique de Paris","description":"","publisher":{"@id":"https:\/\/www.ecolenormalecortot.com\/en\/#organization"},"potentialAction":[{"@type":"SearchAction","target":{"@type":"EntryPoint","urlTemplate":"https:\/\/www.ecolenormalecortot.com\/en\/?s={search_term_string}"},"query-input":{"@type":"PropertyValueSpecification","valueRequired":true,"valueName":"search_term_string"}}],"inLanguage":"en-US"},{"@type":"Organization","@id":"https:\/\/www.ecolenormalecortot.com\/en\/#organization","name":"Ecole Normale de Musique de Paris","url":"https:\/\/www.ecolenormalecortot.com\/en\/","logo":{"@type":"ImageObject","inLanguage":"en-US","@id":"https:\/\/www.ecolenormalecortot.com\/en\/#\/schema\/logo\/image\/","url":"https:\/\/www.ecolenormalecortot.com\/wp-content\/uploads\/2023\/02\/android-chrome-512x512-1.png","contentUrl":"https:\/\/www.ecolenormalecortot.com\/wp-content\/uploads\/2023\/02\/android-chrome-512x512-1.png","width":512,"height":512,"caption":"Ecole Normale de Musique de Paris"},"image":{"@id":"https:\/\/www.ecolenormalecortot.com\/en\/#\/schema\/logo\/image\/"}}]}},"_links":{"self":[{"href":"https:\/\/www.ecolenormalecortot.com\/en\/wp-json\/wp\/v2\/event\/8006","targetHints":{"allow":["GET"]}}],"collection":[{"href":"https:\/\/www.ecolenormalecortot.com\/en\/wp-json\/wp\/v2\/event"}],"about":[{"href":"https:\/\/www.ecolenormalecortot.com\/en\/wp-json\/wp\/v2\/types\/event"}],"wp:featuredmedia":[{"embeddable":true,"href":"https:\/\/www.ecolenormalecortot.com\/en\/wp-json\/wp\/v2\/media\/8229"}],"wp:attachment":[{"href":"https:\/\/www.ecolenormalecortot.com\/en\/wp-json\/wp\/v2\/media?parent=8006"}],"wp:term":[{"taxonomy":"event_category","embeddable":true,"href":"https:\/\/www.ecolenormalecortot.com\/en\/wp-json\/wp\/v2\/event_category?post=8006"}],"curies":[{"name":"wp","href":"https:\/\/api.w.org\/{rel}","templated":true}]}}