{"id":7855,"date":"2024-11-27T14:58:13","date_gmt":"2024-11-27T13:58:13","guid":{"rendered":"https:\/\/www.ecolenormalecortot.com\/?post_type=event&#038;p=7855"},"modified":"2024-11-27T14:58:13","modified_gmt":"2024-11-27T13:58:13","slug":"concert-de-midi-avec-yeosong-chang-et-julie-delbart","status":"publish","type":"event","link":"https:\/\/www.ecolenormalecortot.com\/en\/event\/concert-de-midi-avec-yeosong-chang-et-julie-delbart\/","title":{"rendered":"Concert de midi avec Yeosong CHANG et Julie DELBART"},"content":{"rendered":"","protected":false},"excerpt":{"rendered":"","protected":false},"featured_media":7883,"template":"","meta":{"_acf_changed":false},"event_category":[168],"class_list":["post-7855","event","type-event","status-publish","has-post-thumbnail","hentry","event_category-concerts-de-midi-et-demi"],"acf":{"presentation":"Les Concerts de Midi et Demi sont donn\u00e9s par les dipl\u00f4m\u00e9s, les \u00e9tudiants des niveaux sup\u00e9rieurs et les professeurs de l\u2019\u00c9cole Normale de Musique de Paris.\r\n\r\nIls sont coordonn\u00e9s et pr\u00e9sent\u00e9s par St\u00e9phane Fri\u00e9d\u00e9rich.\r\n\r\n<em>Entr\u00e9e libre sous r\u00e9serve des places disponibles.<\/em>","musicians":"<h4><strong>______________<\/strong><\/h4>\r\n<h4><strong>Yeosong CHANG, clarinette<\/strong><\/h4>\r\n&nbsp;\r\n<h4><strong>______________<\/strong><\/h4>\r\n<h4><strong>Julie DELBART, piano<\/strong><\/h4>\r\n<div class=\"flex max-w-full flex-col flex-grow\">\r\n<div class=\"min-h-8 text-message flex w-full flex-col items-end gap-2 whitespace-normal break-words [.text-message+&amp;]:mt-5\" dir=\"auto\" data-message-author-role=\"assistant\" data-message-id=\"f263e50e-e310-499a-805e-a35306f8b352\" data-message-model-slug=\"gpt-4o\">\r\n<div class=\"flex w-full flex-col gap-1 empty:hidden first:pt-[3px]\">\r\n<div class=\"markdown prose w-full break-words dark:prose-invert light\">\r\n\r\nN\u00e9e \u00e0 Tournai en 1987, Julie Delbart d\u00e9bute la musique \u00e0 4 ans. \u00c0 14 ans, elle obtient un Premier Prix de solf\u00e8ge au Conservatoire Royal de Bruxelles et poursuit ses \u00e9tudes pianistiques avec Dominique Cornil. En 2009, elle termine son Master Sp\u00e9cialis\u00e9 en Piano avec Grande Distinction et remporte le Premier Prix du Concours des Concerti du Conservatoire, jouant en soliste sous la direction de Guy Van Waas.\r\n\r\nLaur\u00e9ate de nombreux prix, Julie se produit en soliste, chambriste ou avec orchestre dans des festivals renomm\u00e9s en Belgique, France, Chine, \u00c9tats-Unis, et autres pays. Depuis 2014, elle est pianiste et assistante musicale sur des com\u00e9dies musicales comme <em>Cabaret<\/em>, <em>Evita<\/em> et <em>Sunset Boulevard<\/em>. Depuis 2017, elle accompagne le d\u00e9partement Chant de la Chapelle Musicale Reine Elisabeth aux c\u00f4t\u00e9s de Jos\u00e9 Van Dam.\r\n\r\n<\/div>\r\n<\/div>\r\n<\/div>\r\n<\/div>","program":"<p style=\"font-weight: 400;\"><strong>Yeosong CHANG, clarinette<\/strong><\/p>\r\n<p style=\"font-weight: 400;\"><strong>Julie DELBART, piano<\/strong><\/p>\r\n\r\n<ul>\r\n \t<li style=\"font-weight: 400;\">Robert Schumann\u00a0: Trois\u00a0Romances op.94<\/li>\r\n \t<li style=\"font-weight: 400;\">B\u00e9la Kov\u00e1cs Hommage \u00e0 Manuel de Falla<\/li>\r\n \t<li style=\"font-weight: 400;\">Carl Maria von Weber\u00a0: Concertino op.26<\/li>\r\n \t<li style=\"font-weight: 400;\">Francis Poulenc\u00a0: Sonate pour\u00a0clarinette et piano<\/li>\r\n \t<li style=\"font-weight: 400;\">Alexis Ciesla\u00a0: Fantaisie\u00a0pour\u00a0clarinette et piano<\/li>\r\n<\/ul>","host":"\u00c9cole Normale de Musique de Paris","date":"2024-12-17 12:30:00","time_start":"12:30:00","time_end":"","end_date":"","location_name":"Salle Cortot","location_address":"78 rue Cardinet 75017 Paris","phone":"","link":"","booking_link":"","price_from":"","hide_price":true,"teachers":"","event_type":"","datetime":null,"end_datetime":null,"booking_infos":"","source_post_id":""},"yoast_head":"<!-- This site is optimized with the Yoast SEO plugin v27.5 - https:\/\/yoast.com\/product\/yoast-seo-wordpress\/ -->\n<title>Concert de midi avec Yeosong CHANG et Julie DELBART - Ecole Normale de Musique de Paris<\/title>\n<meta name=\"description\" content=\"Les Concerts de Midi et Demi sont donn\u00e9s par les dipl\u00f4m\u00e9s, les \u00e9tudiants des niveaux sup\u00e9rieurs et les professeurs de l\u2019ENMP.\" \/>\n<meta name=\"robots\" content=\"index, follow, max-snippet:-1, max-image-preview:large, max-video-preview:-1\" \/>\n<link rel=\"canonical\" href=\"https:\/\/www.ecolenormalecortot.com\/en\/event\/concert-de-midi-avec-yeosong-chang-et-julie-delbart\/\" \/>\n<meta property=\"og:locale\" content=\"en_US\" \/>\n<meta property=\"og:type\" content=\"article\" \/>\n<meta property=\"og:title\" content=\"Concert de midi avec Yeosong CHANG et Julie DELBART - Ecole Normale de Musique de Paris\" \/>\n<meta property=\"og:description\" content=\"Les Concerts de Midi et Demi sont donn\u00e9s par les dipl\u00f4m\u00e9s, les \u00e9tudiants des niveaux sup\u00e9rieurs et les professeurs de l\u2019ENMP.\" \/>\n<meta property=\"og:url\" content=\"https:\/\/www.ecolenormalecortot.com\/en\/event\/concert-de-midi-avec-yeosong-chang-et-julie-delbart\/\" \/>\n<meta property=\"og:site_name\" content=\"Ecole Normale de Musique de Paris\" \/>\n<meta property=\"og:image\" content=\"https:\/\/www.ecolenormalecortot.com\/wp-content\/uploads\/2024\/11\/SITE-1024x724.png\" \/>\n\t<meta property=\"og:image:width\" content=\"1024\" \/>\n\t<meta property=\"og:image:height\" content=\"724\" \/>\n\t<meta property=\"og:image:type\" content=\"image\/png\" \/>\n<meta name=\"twitter:card\" content=\"summary_large_image\" \/>\n<meta name=\"twitter:label1\" content=\"Est. reading time\" \/>\n\t<meta name=\"twitter:data1\" content=\"2 minutes\" \/>\n<script type=\"application\/ld+json\" class=\"yoast-schema-graph\">{\"@context\":\"https:\\\/\\\/schema.org\",\"@graph\":[{\"@type\":\"WebPage\",\"@id\":\"https:\\\/\\\/www.ecolenormalecortot.com\\\/en\\\/event\\\/concert-de-midi-avec-yeosong-chang-et-julie-delbart\\\/\",\"url\":\"https:\\\/\\\/www.ecolenormalecortot.com\\\/en\\\/event\\\/concert-de-midi-avec-yeosong-chang-et-julie-delbart\\\/\",\"name\":\"Concert de midi avec Yeosong CHANG et Julie DELBART - Ecole Normale de Musique de Paris\",\"isPartOf\":{\"@id\":\"https:\\\/\\\/www.ecolenormalecortot.com\\\/en\\\/#website\"},\"primaryImageOfPage\":{\"@id\":\"https:\\\/\\\/www.ecolenormalecortot.com\\\/en\\\/event\\\/concert-de-midi-avec-yeosong-chang-et-julie-delbart\\\/#primaryimage\"},\"image\":{\"@id\":\"https:\\\/\\\/www.ecolenormalecortot.com\\\/en\\\/event\\\/concert-de-midi-avec-yeosong-chang-et-julie-delbart\\\/#primaryimage\"},\"thumbnailUrl\":\"https:\\\/\\\/www.ecolenormalecortot.com\\\/wp-content\\\/uploads\\\/2024\\\/11\\\/SITE.png\",\"datePublished\":\"2024-11-27T13:58:13+00:00\",\"description\":\"Les Concerts de Midi et Demi sont donn\u00e9s par les dipl\u00f4m\u00e9s, les \u00e9tudiants des niveaux sup\u00e9rieurs et les professeurs de l\u2019ENMP.\",\"breadcrumb\":{\"@id\":\"https:\\\/\\\/www.ecolenormalecortot.com\\\/en\\\/event\\\/concert-de-midi-avec-yeosong-chang-et-julie-delbart\\\/#breadcrumb\"},\"inLanguage\":\"en-US\",\"potentialAction\":[{\"@type\":\"ReadAction\",\"target\":[\"https:\\\/\\\/www.ecolenormalecortot.com\\\/en\\\/event\\\/concert-de-midi-avec-yeosong-chang-et-julie-delbart\\\/\"]}]},{\"@type\":\"ImageObject\",\"inLanguage\":\"en-US\",\"@id\":\"https:\\\/\\\/www.ecolenormalecortot.com\\\/en\\\/event\\\/concert-de-midi-avec-yeosong-chang-et-julie-delbart\\\/#primaryimage\",\"url\":\"https:\\\/\\\/www.ecolenormalecortot.com\\\/wp-content\\\/uploads\\\/2024\\\/11\\\/SITE.png\",\"contentUrl\":\"https:\\\/\\\/www.ecolenormalecortot.com\\\/wp-content\\\/uploads\\\/2024\\\/11\\\/SITE.png\",\"width\":2000,\"height\":1414},{\"@type\":\"BreadcrumbList\",\"@id\":\"https:\\\/\\\/www.ecolenormalecortot.com\\\/en\\\/event\\\/concert-de-midi-avec-yeosong-chang-et-julie-delbart\\\/#breadcrumb\",\"itemListElement\":[{\"@type\":\"ListItem\",\"position\":1,\"name\":\"Accueil\",\"item\":\"https:\\\/\\\/www.ecolenormalecortot.com\\\/en\\\/\"},{\"@type\":\"ListItem\",\"position\":2,\"name\":\"\u00c9v\u00e8nements\",\"item\":\"https:\\\/\\\/www.ecolenormalecortot.com\\\/en\\\/event\\\/\"},{\"@type\":\"ListItem\",\"position\":3,\"name\":\"Concert de midi avec Yeosong CHANG et Julie DELBART\"}]},{\"@type\":\"WebSite\",\"@id\":\"https:\\\/\\\/www.ecolenormalecortot.com\\\/en\\\/#website\",\"url\":\"https:\\\/\\\/www.ecolenormalecortot.com\\\/en\\\/\",\"name\":\"Ecole Normale de Musique de Paris\",\"description\":\"\",\"publisher\":{\"@id\":\"https:\\\/\\\/www.ecolenormalecortot.com\\\/en\\\/#organization\"},\"potentialAction\":[{\"@type\":\"SearchAction\",\"target\":{\"@type\":\"EntryPoint\",\"urlTemplate\":\"https:\\\/\\\/www.ecolenormalecortot.com\\\/en\\\/?s={search_term_string}\"},\"query-input\":{\"@type\":\"PropertyValueSpecification\",\"valueRequired\":true,\"valueName\":\"search_term_string\"}}],\"inLanguage\":\"en-US\"},{\"@type\":\"Organization\",\"@id\":\"https:\\\/\\\/www.ecolenormalecortot.com\\\/en\\\/#organization\",\"name\":\"Ecole Normale de Musique de Paris\",\"url\":\"https:\\\/\\\/www.ecolenormalecortot.com\\\/en\\\/\",\"logo\":{\"@type\":\"ImageObject\",\"inLanguage\":\"en-US\",\"@id\":\"https:\\\/\\\/www.ecolenormalecortot.com\\\/en\\\/#\\\/schema\\\/logo\\\/image\\\/\",\"url\":\"https:\\\/\\\/www.ecolenormalecortot.com\\\/wp-content\\\/uploads\\\/2023\\\/02\\\/android-chrome-512x512-1.png\",\"contentUrl\":\"https:\\\/\\\/www.ecolenormalecortot.com\\\/wp-content\\\/uploads\\\/2023\\\/02\\\/android-chrome-512x512-1.png\",\"width\":512,\"height\":512,\"caption\":\"Ecole Normale de Musique de Paris\"},\"image\":{\"@id\":\"https:\\\/\\\/www.ecolenormalecortot.com\\\/en\\\/#\\\/schema\\\/logo\\\/image\\\/\"}}]}<\/script>\n<!-- \/ Yoast SEO plugin. -->","yoast_head_json":{"title":"Concert de midi avec Yeosong CHANG et Julie DELBART - Ecole Normale de Musique de Paris","description":"Les Concerts de Midi et Demi sont donn\u00e9s par les dipl\u00f4m\u00e9s, les \u00e9tudiants des niveaux sup\u00e9rieurs et les professeurs de l\u2019ENMP.","robots":{"index":"index","follow":"follow","max-snippet":"max-snippet:-1","max-image-preview":"max-image-preview:large","max-video-preview":"max-video-preview:-1"},"canonical":"https:\/\/www.ecolenormalecortot.com\/en\/event\/concert-de-midi-avec-yeosong-chang-et-julie-delbart\/","og_locale":"en_US","og_type":"article","og_title":"Concert de midi avec Yeosong CHANG et Julie DELBART - Ecole Normale de Musique de Paris","og_description":"Les Concerts de Midi et Demi sont donn\u00e9s par les dipl\u00f4m\u00e9s, les \u00e9tudiants des niveaux sup\u00e9rieurs et les professeurs de l\u2019ENMP.","og_url":"https:\/\/www.ecolenormalecortot.com\/en\/event\/concert-de-midi-avec-yeosong-chang-et-julie-delbart\/","og_site_name":"Ecole Normale de Musique de Paris","og_image":[{"width":1024,"height":724,"url":"https:\/\/www.ecolenormalecortot.com\/wp-content\/uploads\/2024\/11\/SITE-1024x724.png","type":"image\/png"}],"twitter_card":"summary_large_image","twitter_misc":{"Est. reading time":"2 minutes"},"schema":{"@context":"https:\/\/schema.org","@graph":[{"@type":"WebPage","@id":"https:\/\/www.ecolenormalecortot.com\/en\/event\/concert-de-midi-avec-yeosong-chang-et-julie-delbart\/","url":"https:\/\/www.ecolenormalecortot.com\/en\/event\/concert-de-midi-avec-yeosong-chang-et-julie-delbart\/","name":"Concert de midi avec Yeosong CHANG et Julie DELBART - Ecole Normale de Musique de Paris","isPartOf":{"@id":"https:\/\/www.ecolenormalecortot.com\/en\/#website"},"primaryImageOfPage":{"@id":"https:\/\/www.ecolenormalecortot.com\/en\/event\/concert-de-midi-avec-yeosong-chang-et-julie-delbart\/#primaryimage"},"image":{"@id":"https:\/\/www.ecolenormalecortot.com\/en\/event\/concert-de-midi-avec-yeosong-chang-et-julie-delbart\/#primaryimage"},"thumbnailUrl":"https:\/\/www.ecolenormalecortot.com\/wp-content\/uploads\/2024\/11\/SITE.png","datePublished":"2024-11-27T13:58:13+00:00","description":"Les Concerts de Midi et Demi sont donn\u00e9s par les dipl\u00f4m\u00e9s, les \u00e9tudiants des niveaux sup\u00e9rieurs et les professeurs de l\u2019ENMP.","breadcrumb":{"@id":"https:\/\/www.ecolenormalecortot.com\/en\/event\/concert-de-midi-avec-yeosong-chang-et-julie-delbart\/#breadcrumb"},"inLanguage":"en-US","potentialAction":[{"@type":"ReadAction","target":["https:\/\/www.ecolenormalecortot.com\/en\/event\/concert-de-midi-avec-yeosong-chang-et-julie-delbart\/"]}]},{"@type":"ImageObject","inLanguage":"en-US","@id":"https:\/\/www.ecolenormalecortot.com\/en\/event\/concert-de-midi-avec-yeosong-chang-et-julie-delbart\/#primaryimage","url":"https:\/\/www.ecolenormalecortot.com\/wp-content\/uploads\/2024\/11\/SITE.png","contentUrl":"https:\/\/www.ecolenormalecortot.com\/wp-content\/uploads\/2024\/11\/SITE.png","width":2000,"height":1414},{"@type":"BreadcrumbList","@id":"https:\/\/www.ecolenormalecortot.com\/en\/event\/concert-de-midi-avec-yeosong-chang-et-julie-delbart\/#breadcrumb","itemListElement":[{"@type":"ListItem","position":1,"name":"Accueil","item":"https:\/\/www.ecolenormalecortot.com\/en\/"},{"@type":"ListItem","position":2,"name":"\u00c9v\u00e8nements","item":"https:\/\/www.ecolenormalecortot.com\/en\/event\/"},{"@type":"ListItem","position":3,"name":"Concert de midi avec Yeosong CHANG et Julie DELBART"}]},{"@type":"WebSite","@id":"https:\/\/www.ecolenormalecortot.com\/en\/#website","url":"https:\/\/www.ecolenormalecortot.com\/en\/","name":"Ecole Normale de Musique de Paris","description":"","publisher":{"@id":"https:\/\/www.ecolenormalecortot.com\/en\/#organization"},"potentialAction":[{"@type":"SearchAction","target":{"@type":"EntryPoint","urlTemplate":"https:\/\/www.ecolenormalecortot.com\/en\/?s={search_term_string}"},"query-input":{"@type":"PropertyValueSpecification","valueRequired":true,"valueName":"search_term_string"}}],"inLanguage":"en-US"},{"@type":"Organization","@id":"https:\/\/www.ecolenormalecortot.com\/en\/#organization","name":"Ecole Normale de Musique de Paris","url":"https:\/\/www.ecolenormalecortot.com\/en\/","logo":{"@type":"ImageObject","inLanguage":"en-US","@id":"https:\/\/www.ecolenormalecortot.com\/en\/#\/schema\/logo\/image\/","url":"https:\/\/www.ecolenormalecortot.com\/wp-content\/uploads\/2023\/02\/android-chrome-512x512-1.png","contentUrl":"https:\/\/www.ecolenormalecortot.com\/wp-content\/uploads\/2023\/02\/android-chrome-512x512-1.png","width":512,"height":512,"caption":"Ecole Normale de Musique de Paris"},"image":{"@id":"https:\/\/www.ecolenormalecortot.com\/en\/#\/schema\/logo\/image\/"}}]}},"_links":{"self":[{"href":"https:\/\/www.ecolenormalecortot.com\/en\/wp-json\/wp\/v2\/event\/7855","targetHints":{"allow":["GET"]}}],"collection":[{"href":"https:\/\/www.ecolenormalecortot.com\/en\/wp-json\/wp\/v2\/event"}],"about":[{"href":"https:\/\/www.ecolenormalecortot.com\/en\/wp-json\/wp\/v2\/types\/event"}],"wp:featuredmedia":[{"embeddable":true,"href":"https:\/\/www.ecolenormalecortot.com\/en\/wp-json\/wp\/v2\/media\/7883"}],"wp:attachment":[{"href":"https:\/\/www.ecolenormalecortot.com\/en\/wp-json\/wp\/v2\/media?parent=7855"}],"wp:term":[{"taxonomy":"event_category","embeddable":true,"href":"https:\/\/www.ecolenormalecortot.com\/en\/wp-json\/wp\/v2\/event_category?post=7855"}],"curies":[{"name":"wp","href":"https:\/\/api.w.org\/{rel}","templated":true}]}}