{"id":7850,"date":"2024-11-27T14:39:43","date_gmt":"2024-11-27T13:39:43","guid":{"rendered":"https:\/\/www.ecolenormalecortot.com\/?post_type=event&#038;p=7850"},"modified":"2024-11-27T14:39:47","modified_gmt":"2024-11-27T13:39:47","slug":"concert-de-midi-avec-mitsumi-kuki-qiaochu-li-et-nino-modebadze","status":"publish","type":"event","link":"https:\/\/www.ecolenormalecortot.com\/en\/event\/concert-de-midi-avec-mitsumi-kuki-qiaochu-li-et-nino-modebadze\/","title":{"rendered":"Concert de midi avec Mitsumi KUKI, Qiaochu LI et Nino MODEBADZE"},"content":{"rendered":"","protected":false},"excerpt":{"rendered":"","protected":false},"featured_media":7860,"template":"","meta":{"_acf_changed":false},"event_category":[168],"class_list":["post-7850","event","type-event","status-publish","has-post-thumbnail","hentry","event_category-concerts-de-midi-et-demi"],"acf":{"presentation":"Les Concerts de Midi et Demi sont donn\u00e9s par les dipl\u00f4m\u00e9s, les \u00e9tudiants des niveaux sup\u00e9rieurs et les professeurs de l\u2019\u00c9cole Normale de Musique de Paris.\r\n\r\nIls sont coordonn\u00e9s et pr\u00e9sent\u00e9s par St\u00e9phane Fri\u00e9d\u00e9rich.\r\n\r\n<em>Entr\u00e9e libre sous r\u00e9serve des places disponibles.<\/em>","musicians":"<h4><strong>______________<\/strong><\/h4>\r\n<h4>Mitsumi KUKI,\u00a0fl\u00fbte<\/h4>\r\n<h4><strong>______________<\/strong><\/h4>\r\n<h4>Qiaochu LI, piano<\/h4>\r\nQiaochu LI d\u00e9bute ses \u00e9tudes musicales au \"Central Conservatory of Music\" de P\u00e9kin avec Ma\u00eetre Zhang Jin et Ma\u00eetre Xu Zhong. Elle remporte plusieurs concours, dont le Prix Bart\u00f3k \u00e0 Hong Kong et le Grand Prix Xinghai \u00e0 P\u00e9kin. \u00c0 15 ans, elle joue en concerto \u00e0 la Cit\u00e9 Interdite de P\u00e9kin.\r\n\r\nEn 2006, elle gagne le Premier Prix de la <em>Lisma International Music Competition<\/em> \u00e0 New York et poursuit ses \u00e9tudes \u00e0 l\u2019\u00c9cole Normale de Musique de Paris. Elle obtient en 2009 le Dipl\u00f4me Sup\u00e9rieur d\u2019Ex\u00e9cution de piano et de musique de chambre, ainsi que plusieurs prix prestigieux, dont la M\u00e9daille d\u2019or du concours <em>Les Rencontres du Piano de Lagny-sur-Marne<\/em>.\r\n\r\nEn 2010, elle d\u00e9croche le DEM en piano au CRR de Paris avec f\u00e9licitations et part \u00e9tudier \u00e0 l\u2019Universit\u00e9 des Arts de Berlin puis en 2012, elle obtient le DEM d\u2019accompagnement et remporte le Prix d\u2019Honneur en Trio au Concours L\u00e9opold Bellan.\r\n\r\nenfin 2013, elle int\u00e8gre le CNSM de Paris, remporte le Premier Prix en accompagnement au Concours L\u00e9opold Bellan, et obtient le Dipl\u00f4me Sup\u00e9rieur de Concertiste de l\u2019\u00c9cole Normale de Paris et celui de l\u2019Universit\u00e9 des Arts de Berlin. Elle devient \u00e9galement accompagnatrice au festival Musicalp de Tignes.\r\n\r\nQiaochu LI continue \u00e0 se produire en soliste et accompagnatrice, affirmant son talent sur la sc\u00e8ne internationale.\r\n\r\n<strong>______________<\/strong>\r\n<h4>Nino MODEBADZE, piano<\/h4>\r\nNino Modebadze arrive en France il y a six ans \u00e0 l\u2019invitation de Gabriel Tacchino, pianiste exceptionnel et unique disciple de Francis Poulenc. Sous sa direction, elle obtient le dipl\u00f4me de virtuosit\u00e9 \u00e0 la Schola Cantorum de Paris. Elle d\u00e9croche \u00e9galement le dipl\u00f4me de pianiste de concert sous la direction de Philippe Entremont, pianiste et chef d\u2019orchestre fran\u00e7ais de renom, auteur de plus de 6 000 concerts.\r\n\r\nAvec le temps, elle affine sa virtuosit\u00e9 et d\u00e9veloppe une libert\u00e9 de geste ma\u00eetris\u00e9e par la partition. Pour elle, chaque concert est une forme de communication directe avec le public et le compositeur. \u00ab En concert, si je suis libre, mon public l\u2019est aussi. Je ne parle jamais sur sc\u00e8ne ; ma musique raconte mon histoire. \u00bb","program":"<p style=\"font-weight: 400;\"><strong>Mitsumi KUKI, fl\u00fbte<\/strong><\/p>\r\n<p style=\"font-weight: 400;\"><strong>Qiaochu LI, piano<\/strong><\/p>\r\n\r\n<ul>\r\n \t<li style=\"font-weight: 400;\">Hisatada Otaka\u00a0: Concerto pour fl\u00fbte<\/li>\r\n \t<li style=\"font-weight: 400;\">Franz Doppler\u00a0: Airs Valaques<\/li>\r\n<\/ul>\r\n<p style=\"font-weight: 400;\"><strong>Nino MODEBADZE, piano<\/strong><\/p>\r\n\r\n<ul>\r\n \t<li style=\"font-weight: 400;\">Felix Mendelssohn\u00a0: Variations s\u00e9rieuses op.54<\/li>\r\n \t<li style=\"font-weight: 400;\">Alexandre Scriabine\u00a0: Sonate op.6 n\u00b01<\/li>\r\n<\/ul>\r\n<p style=\"font-weight: 400;\"><\/p>","host":"\u00c9cole Normale de Musique de Paris","date":"2024-12-04 12:30:00","time_start":"12:30:00","time_end":"","end_date":"","location_name":"Salle Cortot","location_address":"78 rue Cardinet 75017 Paris","phone":"","link":"","booking_link":"","price_from":"","hide_price":true,"teachers":"","event_type":"","datetime":null,"end_datetime":null,"booking_infos":"","source_post_id":""},"yoast_head":"<!-- This site is optimized with the Yoast SEO plugin v27.5 - https:\/\/yoast.com\/product\/yoast-seo-wordpress\/ -->\n<title>Concert de midi avec Mitsumi KUKI, Qiaochu LI et Nino MODEBADZE - Ecole Normale de Musique de Paris<\/title>\n<meta name=\"description\" content=\"Les Concerts de Midi et Demi sont donn\u00e9s par les dipl\u00f4m\u00e9s, les \u00e9tudiants des niveaux sup\u00e9rieurs et les professeurs de l\u2019ENMP.\" \/>\n<meta name=\"robots\" content=\"index, follow, max-snippet:-1, max-image-preview:large, max-video-preview:-1\" \/>\n<link rel=\"canonical\" href=\"https:\/\/www.ecolenormalecortot.com\/en\/event\/concert-de-midi-avec-mitsumi-kuki-qiaochu-li-et-nino-modebadze\/\" \/>\n<meta property=\"og:locale\" content=\"en_US\" \/>\n<meta property=\"og:type\" content=\"article\" \/>\n<meta property=\"og:title\" content=\"Concert de midi avec Mitsumi KUKI, Qiaochu LI et Nino MODEBADZE - Ecole Normale de Musique de Paris\" \/>\n<meta property=\"og:description\" content=\"Les Concerts de Midi et Demi sont donn\u00e9s par les dipl\u00f4m\u00e9s, les \u00e9tudiants des niveaux sup\u00e9rieurs et les professeurs de l\u2019ENMP.\" \/>\n<meta property=\"og:url\" content=\"https:\/\/www.ecolenormalecortot.com\/en\/event\/concert-de-midi-avec-mitsumi-kuki-qiaochu-li-et-nino-modebadze\/\" \/>\n<meta property=\"og:site_name\" content=\"Ecole Normale de Musique de Paris\" \/>\n<meta property=\"article:modified_time\" content=\"2024-11-27T13:39:47+00:00\" \/>\n<meta property=\"og:image\" content=\"https:\/\/www.ecolenormalecortot.com\/wp-content\/uploads\/2024\/11\/7-5-1024x724.png\" \/>\n\t<meta property=\"og:image:width\" content=\"1024\" \/>\n\t<meta property=\"og:image:height\" content=\"724\" \/>\n\t<meta property=\"og:image:type\" content=\"image\/png\" \/>\n<meta name=\"twitter:card\" content=\"summary_large_image\" \/>\n<meta name=\"twitter:label1\" content=\"Est. reading time\" \/>\n\t<meta name=\"twitter:data1\" content=\"3 minutes\" \/>\n<script type=\"application\/ld+json\" class=\"yoast-schema-graph\">{\"@context\":\"https:\\\/\\\/schema.org\",\"@graph\":[{\"@type\":\"WebPage\",\"@id\":\"https:\\\/\\\/www.ecolenormalecortot.com\\\/en\\\/event\\\/concert-de-midi-avec-mitsumi-kuki-qiaochu-li-et-nino-modebadze\\\/\",\"url\":\"https:\\\/\\\/www.ecolenormalecortot.com\\\/en\\\/event\\\/concert-de-midi-avec-mitsumi-kuki-qiaochu-li-et-nino-modebadze\\\/\",\"name\":\"Concert de midi avec Mitsumi KUKI, Qiaochu LI et Nino MODEBADZE - Ecole Normale de Musique de Paris\",\"isPartOf\":{\"@id\":\"https:\\\/\\\/www.ecolenormalecortot.com\\\/en\\\/#website\"},\"primaryImageOfPage\":{\"@id\":\"https:\\\/\\\/www.ecolenormalecortot.com\\\/en\\\/event\\\/concert-de-midi-avec-mitsumi-kuki-qiaochu-li-et-nino-modebadze\\\/#primaryimage\"},\"image\":{\"@id\":\"https:\\\/\\\/www.ecolenormalecortot.com\\\/en\\\/event\\\/concert-de-midi-avec-mitsumi-kuki-qiaochu-li-et-nino-modebadze\\\/#primaryimage\"},\"thumbnailUrl\":\"https:\\\/\\\/www.ecolenormalecortot.com\\\/wp-content\\\/uploads\\\/2024\\\/11\\\/7-5.png\",\"datePublished\":\"2024-11-27T13:39:43+00:00\",\"dateModified\":\"2024-11-27T13:39:47+00:00\",\"description\":\"Les Concerts de Midi et Demi sont donn\u00e9s par les dipl\u00f4m\u00e9s, les \u00e9tudiants des niveaux sup\u00e9rieurs et les professeurs de l\u2019ENMP.\",\"breadcrumb\":{\"@id\":\"https:\\\/\\\/www.ecolenormalecortot.com\\\/en\\\/event\\\/concert-de-midi-avec-mitsumi-kuki-qiaochu-li-et-nino-modebadze\\\/#breadcrumb\"},\"inLanguage\":\"en-US\",\"potentialAction\":[{\"@type\":\"ReadAction\",\"target\":[\"https:\\\/\\\/www.ecolenormalecortot.com\\\/en\\\/event\\\/concert-de-midi-avec-mitsumi-kuki-qiaochu-li-et-nino-modebadze\\\/\"]}]},{\"@type\":\"ImageObject\",\"inLanguage\":\"en-US\",\"@id\":\"https:\\\/\\\/www.ecolenormalecortot.com\\\/en\\\/event\\\/concert-de-midi-avec-mitsumi-kuki-qiaochu-li-et-nino-modebadze\\\/#primaryimage\",\"url\":\"https:\\\/\\\/www.ecolenormalecortot.com\\\/wp-content\\\/uploads\\\/2024\\\/11\\\/7-5.png\",\"contentUrl\":\"https:\\\/\\\/www.ecolenormalecortot.com\\\/wp-content\\\/uploads\\\/2024\\\/11\\\/7-5.png\",\"width\":2000,\"height\":1414},{\"@type\":\"BreadcrumbList\",\"@id\":\"https:\\\/\\\/www.ecolenormalecortot.com\\\/en\\\/event\\\/concert-de-midi-avec-mitsumi-kuki-qiaochu-li-et-nino-modebadze\\\/#breadcrumb\",\"itemListElement\":[{\"@type\":\"ListItem\",\"position\":1,\"name\":\"Accueil\",\"item\":\"https:\\\/\\\/www.ecolenormalecortot.com\\\/en\\\/\"},{\"@type\":\"ListItem\",\"position\":2,\"name\":\"\u00c9v\u00e8nements\",\"item\":\"https:\\\/\\\/www.ecolenormalecortot.com\\\/en\\\/event\\\/\"},{\"@type\":\"ListItem\",\"position\":3,\"name\":\"Concert de midi avec Mitsumi KUKI, Qiaochu LI et Nino MODEBADZE\"}]},{\"@type\":\"WebSite\",\"@id\":\"https:\\\/\\\/www.ecolenormalecortot.com\\\/en\\\/#website\",\"url\":\"https:\\\/\\\/www.ecolenormalecortot.com\\\/en\\\/\",\"name\":\"Ecole Normale de Musique de Paris\",\"description\":\"\",\"publisher\":{\"@id\":\"https:\\\/\\\/www.ecolenormalecortot.com\\\/en\\\/#organization\"},\"potentialAction\":[{\"@type\":\"SearchAction\",\"target\":{\"@type\":\"EntryPoint\",\"urlTemplate\":\"https:\\\/\\\/www.ecolenormalecortot.com\\\/en\\\/?s={search_term_string}\"},\"query-input\":{\"@type\":\"PropertyValueSpecification\",\"valueRequired\":true,\"valueName\":\"search_term_string\"}}],\"inLanguage\":\"en-US\"},{\"@type\":\"Organization\",\"@id\":\"https:\\\/\\\/www.ecolenormalecortot.com\\\/en\\\/#organization\",\"name\":\"Ecole Normale de Musique de Paris\",\"url\":\"https:\\\/\\\/www.ecolenormalecortot.com\\\/en\\\/\",\"logo\":{\"@type\":\"ImageObject\",\"inLanguage\":\"en-US\",\"@id\":\"https:\\\/\\\/www.ecolenormalecortot.com\\\/en\\\/#\\\/schema\\\/logo\\\/image\\\/\",\"url\":\"https:\\\/\\\/www.ecolenormalecortot.com\\\/wp-content\\\/uploads\\\/2023\\\/02\\\/android-chrome-512x512-1.png\",\"contentUrl\":\"https:\\\/\\\/www.ecolenormalecortot.com\\\/wp-content\\\/uploads\\\/2023\\\/02\\\/android-chrome-512x512-1.png\",\"width\":512,\"height\":512,\"caption\":\"Ecole Normale de Musique de Paris\"},\"image\":{\"@id\":\"https:\\\/\\\/www.ecolenormalecortot.com\\\/en\\\/#\\\/schema\\\/logo\\\/image\\\/\"}}]}<\/script>\n<!-- \/ Yoast SEO plugin. -->","yoast_head_json":{"title":"Concert de midi avec Mitsumi KUKI, Qiaochu LI et Nino MODEBADZE - Ecole Normale de Musique de Paris","description":"Les Concerts de Midi et Demi sont donn\u00e9s par les dipl\u00f4m\u00e9s, les \u00e9tudiants des niveaux sup\u00e9rieurs et les professeurs de l\u2019ENMP.","robots":{"index":"index","follow":"follow","max-snippet":"max-snippet:-1","max-image-preview":"max-image-preview:large","max-video-preview":"max-video-preview:-1"},"canonical":"https:\/\/www.ecolenormalecortot.com\/en\/event\/concert-de-midi-avec-mitsumi-kuki-qiaochu-li-et-nino-modebadze\/","og_locale":"en_US","og_type":"article","og_title":"Concert de midi avec Mitsumi KUKI, Qiaochu LI et Nino MODEBADZE - Ecole Normale de Musique de Paris","og_description":"Les Concerts de Midi et Demi sont donn\u00e9s par les dipl\u00f4m\u00e9s, les \u00e9tudiants des niveaux sup\u00e9rieurs et les professeurs de l\u2019ENMP.","og_url":"https:\/\/www.ecolenormalecortot.com\/en\/event\/concert-de-midi-avec-mitsumi-kuki-qiaochu-li-et-nino-modebadze\/","og_site_name":"Ecole Normale de Musique de Paris","article_modified_time":"2024-11-27T13:39:47+00:00","og_image":[{"width":1024,"height":724,"url":"https:\/\/www.ecolenormalecortot.com\/wp-content\/uploads\/2024\/11\/7-5-1024x724.png","type":"image\/png"}],"twitter_card":"summary_large_image","twitter_misc":{"Est. reading time":"3 minutes"},"schema":{"@context":"https:\/\/schema.org","@graph":[{"@type":"WebPage","@id":"https:\/\/www.ecolenormalecortot.com\/en\/event\/concert-de-midi-avec-mitsumi-kuki-qiaochu-li-et-nino-modebadze\/","url":"https:\/\/www.ecolenormalecortot.com\/en\/event\/concert-de-midi-avec-mitsumi-kuki-qiaochu-li-et-nino-modebadze\/","name":"Concert de midi avec Mitsumi KUKI, Qiaochu LI et Nino MODEBADZE - Ecole Normale de Musique de Paris","isPartOf":{"@id":"https:\/\/www.ecolenormalecortot.com\/en\/#website"},"primaryImageOfPage":{"@id":"https:\/\/www.ecolenormalecortot.com\/en\/event\/concert-de-midi-avec-mitsumi-kuki-qiaochu-li-et-nino-modebadze\/#primaryimage"},"image":{"@id":"https:\/\/www.ecolenormalecortot.com\/en\/event\/concert-de-midi-avec-mitsumi-kuki-qiaochu-li-et-nino-modebadze\/#primaryimage"},"thumbnailUrl":"https:\/\/www.ecolenormalecortot.com\/wp-content\/uploads\/2024\/11\/7-5.png","datePublished":"2024-11-27T13:39:43+00:00","dateModified":"2024-11-27T13:39:47+00:00","description":"Les Concerts de Midi et Demi sont donn\u00e9s par les dipl\u00f4m\u00e9s, les \u00e9tudiants des niveaux sup\u00e9rieurs et les professeurs de l\u2019ENMP.","breadcrumb":{"@id":"https:\/\/www.ecolenormalecortot.com\/en\/event\/concert-de-midi-avec-mitsumi-kuki-qiaochu-li-et-nino-modebadze\/#breadcrumb"},"inLanguage":"en-US","potentialAction":[{"@type":"ReadAction","target":["https:\/\/www.ecolenormalecortot.com\/en\/event\/concert-de-midi-avec-mitsumi-kuki-qiaochu-li-et-nino-modebadze\/"]}]},{"@type":"ImageObject","inLanguage":"en-US","@id":"https:\/\/www.ecolenormalecortot.com\/en\/event\/concert-de-midi-avec-mitsumi-kuki-qiaochu-li-et-nino-modebadze\/#primaryimage","url":"https:\/\/www.ecolenormalecortot.com\/wp-content\/uploads\/2024\/11\/7-5.png","contentUrl":"https:\/\/www.ecolenormalecortot.com\/wp-content\/uploads\/2024\/11\/7-5.png","width":2000,"height":1414},{"@type":"BreadcrumbList","@id":"https:\/\/www.ecolenormalecortot.com\/en\/event\/concert-de-midi-avec-mitsumi-kuki-qiaochu-li-et-nino-modebadze\/#breadcrumb","itemListElement":[{"@type":"ListItem","position":1,"name":"Accueil","item":"https:\/\/www.ecolenormalecortot.com\/en\/"},{"@type":"ListItem","position":2,"name":"\u00c9v\u00e8nements","item":"https:\/\/www.ecolenormalecortot.com\/en\/event\/"},{"@type":"ListItem","position":3,"name":"Concert de midi avec Mitsumi KUKI, Qiaochu LI et Nino MODEBADZE"}]},{"@type":"WebSite","@id":"https:\/\/www.ecolenormalecortot.com\/en\/#website","url":"https:\/\/www.ecolenormalecortot.com\/en\/","name":"Ecole Normale de Musique de Paris","description":"","publisher":{"@id":"https:\/\/www.ecolenormalecortot.com\/en\/#organization"},"potentialAction":[{"@type":"SearchAction","target":{"@type":"EntryPoint","urlTemplate":"https:\/\/www.ecolenormalecortot.com\/en\/?s={search_term_string}"},"query-input":{"@type":"PropertyValueSpecification","valueRequired":true,"valueName":"search_term_string"}}],"inLanguage":"en-US"},{"@type":"Organization","@id":"https:\/\/www.ecolenormalecortot.com\/en\/#organization","name":"Ecole Normale de Musique de Paris","url":"https:\/\/www.ecolenormalecortot.com\/en\/","logo":{"@type":"ImageObject","inLanguage":"en-US","@id":"https:\/\/www.ecolenormalecortot.com\/en\/#\/schema\/logo\/image\/","url":"https:\/\/www.ecolenormalecortot.com\/wp-content\/uploads\/2023\/02\/android-chrome-512x512-1.png","contentUrl":"https:\/\/www.ecolenormalecortot.com\/wp-content\/uploads\/2023\/02\/android-chrome-512x512-1.png","width":512,"height":512,"caption":"Ecole Normale de Musique de Paris"},"image":{"@id":"https:\/\/www.ecolenormalecortot.com\/en\/#\/schema\/logo\/image\/"}}]}},"_links":{"self":[{"href":"https:\/\/www.ecolenormalecortot.com\/en\/wp-json\/wp\/v2\/event\/7850","targetHints":{"allow":["GET"]}}],"collection":[{"href":"https:\/\/www.ecolenormalecortot.com\/en\/wp-json\/wp\/v2\/event"}],"about":[{"href":"https:\/\/www.ecolenormalecortot.com\/en\/wp-json\/wp\/v2\/types\/event"}],"wp:featuredmedia":[{"embeddable":true,"href":"https:\/\/www.ecolenormalecortot.com\/en\/wp-json\/wp\/v2\/media\/7860"}],"wp:attachment":[{"href":"https:\/\/www.ecolenormalecortot.com\/en\/wp-json\/wp\/v2\/media?parent=7850"}],"wp:term":[{"taxonomy":"event_category","embeddable":true,"href":"https:\/\/www.ecolenormalecortot.com\/en\/wp-json\/wp\/v2\/event_category?post=7850"}],"curies":[{"name":"wp","href":"https:\/\/api.w.org\/{rel}","templated":true}]}}