{"id":7559,"date":"2024-10-29T13:12:32","date_gmt":"2024-10-29T12:12:32","guid":{"rendered":"https:\/\/www.ecolenormalecortot.com\/?post_type=event&#038;p=7559"},"modified":"2024-10-29T13:14:20","modified_gmt":"2024-10-29T12:14:20","slug":"concerts-de-midi-et-demi-avec-cheng-jung-wu-et-youl-sun","status":"publish","type":"event","link":"https:\/\/www.ecolenormalecortot.com\/en\/event\/concerts-de-midi-et-demi-avec-cheng-jung-wu-et-youl-sun\/","title":{"rendered":"Concerts de Midi et Demi avec Cheng-Jung WU et Youl SUN"},"content":{"rendered":"","protected":false},"excerpt":{"rendered":"","protected":false},"featured_media":7560,"template":"","meta":{"_acf_changed":false},"event_category":[168],"class_list":["post-7559","event","type-event","status-publish","has-post-thumbnail","hentry","event_category-concerts-de-midi-et-demi"],"acf":{"presentation":"Les Concerts de Midi et Demi sont donn\u00e9s par les dipl\u00f4m\u00e9s, les \u00e9tudiants des niveaux sup\u00e9rieurs et les professeurs de l\u2019\u00c9cole Normale de Musique de Paris.\r\n\r\nIls sont coordonn\u00e9s et pr\u00e9sent\u00e9s par St\u00e9phane Fri\u00e9d\u00e9rich.\r\n\r\n<em>Entr\u00e9e libre sous r\u00e9serve des places disponibles.<\/em>","musicians":"<h4>______<\/h4>\r\n<h4><strong>Cheng-Jung WU, piano<\/strong><\/h4>\r\n<h4><\/h4>\r\n<h4>______<\/h4>\r\n<h4><strong>Youl SUN, piano<\/strong><\/h4>\r\nN\u00e9 en 2000 en Cor\u00e9e,\u00a0<b>Youl Sun<\/b>\u00a0\u00e9tudie avec Dae-jin Kim \u00e0 l\u2019Universit\u00e9 Nationale des Arts de Cor\u00e9e.<span class=\"Apple-converted-space\">\u00a0<\/span>\r\n\r\nEn 2023, il est dipl\u00f4m\u00e9 de la Schola Cantorum de Paris avec le Cycle de Perfectionnement et \u00e9tudie actuellement \u00e0 l\u2019Ecole Normale de Musique de Paris avec Oliver Gardon.\r\n\r\nYoul Sun est laur\u00e9at 2024 du Concours International de Piano d\u2019Istanbul et du prestigieux Concours Gina Bachauer. Il a remport\u00e9 le 5e Prix au Concours International de Musique Maria Canals, le 2e Prix et le Prix du Public au Concours International de Piano de Viseu 2023, ainsi que la m\u00eame ann\u00e9e le 3e Prix au Concours Isangyun.\r\n\r\nIl a obtenu \u00e9galement le 1<sup>er<\/sup>\u00a0Prix au Concours International de piano Fryderyk Chopin d\u2019Asie-Pacifique, ainsi que le 2<sup>\u00e8me<\/sup>\u00a0Prix et le Prix Schubert au Concours Piano Junior aux \u00c9tats-Unis.<span class=\"Apple-converted-space\">\u00a0<\/span>\r\n\r\nYoul Sun s\u2019est d\u00e9j\u00e0 produit avec de nombreux chefs d\u2019orchestre, dont Antoni Wit, Massimo Zanetti, Mark Russell Smith, Adrien Perruchon, Jonggi Lee, Jooyoung Jeong et Seokwon Hong.<span class=\"Apple-converted-space\">\u00a0<\/span>\r\n\r\nIl a collabor\u00e9 avec l\u2019Orchestre Philharmonique de Gyeonggi, le Philharmonie Korea, le Minnesota Orchestra, le Hankyung Philharmonic Orchestra, l\u2019Orchestre Symphonique de Korail, l\u2019orchestre Symphonique de Kniga et le Yewon School Orchestra<span class=\"Apple-converted-space\">\u00a0<\/span>\r\n\r\nIl a jou\u00e9 dans de nombreuses salles de concert telles que la Salle Cortot \u00e0 Paris, le Yamaha Hall \u00e0 Ginza (Japon), le Seoul Arts Center, le Lotte Concert Hall, le Keimyung Arts Center, le Gyeonggi Arts Center, le Gwangju Bitgoeul Citizen Culture Hall, le Kumho Art Hall et l\u2019Andong Culture &amp; Arts Hall.<span class=\"Apple-converted-space\">\u00a0<\/span>\r\n\r\nEn 2023, il s\u2019est produit au Seoul Arts Center en juin pour un r\u00e9cital en solo et en septembre pour un concert avec le Philharmonie Korea et le chef d\u2019orchestre Adrien Perruchon.<span class=\"Apple-converted-space\">\u00a0<\/span>","program":"<strong>Cheng-Jung WU, piano<\/strong>\r\n<ul>\r\n \t<li>Fr\u00e9d\u00e9ric Chopin : Pr\u00e9ludes n\u00b01 \u00e0 8 op.28<\/li>\r\n \t<li>Federico Mompou : Variations sur un th\u00e8me de Chopin<\/li>\r\n<\/ul>\r\n<strong>Youl SUN, piano<\/strong>\r\n<ul>\r\n \t<li>Muzio Clementi : Sonate op.37 n\u00b02<\/li>\r\n \t<li>Ludwig van Beethoven : Sonate op.10 n\u00b02<\/li>\r\n \t<li>Francis Poulenc : 10 Improvisations<\/li>\r\n \t<li>Claude Debussy : L\u2019Isle joyeuse<\/li>\r\n<\/ul>","host":"\u00c9cole Normale de Musique de Paris","date":"2024-11-14 12:30:00","time_start":"12:30:00","time_end":"","end_date":"","location_name":"Salle Cortot","location_address":"78 rue Cardinet 75017 Paris","phone":"","link":"","booking_link":"","price_from":"","hide_price":true,"teachers":"","event_type":"","datetime":null,"end_datetime":null,"booking_infos":"","source_post_id":""},"yoast_head":"<!-- This site is optimized with the Yoast SEO plugin v27.5 - https:\/\/yoast.com\/product\/yoast-seo-wordpress\/ -->\n<title>Concerts de Midi et Demi avec Cheng-Jung WU et Youl SUN - Ecole Normale de Musique de Paris<\/title>\n<meta name=\"description\" content=\"Les Concerts de Midi et Demi sont donn\u00e9s par les dipl\u00f4m\u00e9s, les \u00e9tudiants des niveaux sup\u00e9rieurs et les professeurs de l\u2019ENMP.\" \/>\n<meta name=\"robots\" content=\"index, follow, max-snippet:-1, max-image-preview:large, max-video-preview:-1\" \/>\n<link rel=\"canonical\" href=\"https:\/\/www.ecolenormalecortot.com\/en\/event\/concerts-de-midi-et-demi-avec-cheng-jung-wu-et-youl-sun\/\" \/>\n<meta property=\"og:locale\" content=\"en_US\" \/>\n<meta property=\"og:type\" content=\"article\" \/>\n<meta property=\"og:title\" content=\"Concerts de Midi et Demi avec Cheng-Jung WU et Youl SUN - Ecole Normale de Musique de Paris\" \/>\n<meta property=\"og:description\" content=\"Les Concerts de Midi et Demi sont donn\u00e9s par les dipl\u00f4m\u00e9s, les \u00e9tudiants des niveaux sup\u00e9rieurs et les professeurs de l\u2019ENMP.\" \/>\n<meta property=\"og:url\" content=\"https:\/\/www.ecolenormalecortot.com\/en\/event\/concerts-de-midi-et-demi-avec-cheng-jung-wu-et-youl-sun\/\" \/>\n<meta property=\"og:site_name\" content=\"Ecole Normale de Musique de Paris\" \/>\n<meta property=\"article:modified_time\" content=\"2024-10-29T12:14:20+00:00\" \/>\n<meta property=\"og:image\" content=\"https:\/\/www.ecolenormalecortot.com\/wp-content\/uploads\/2024\/10\/Design-sans-titre-33.png\" \/>\n\t<meta property=\"og:image:width\" content=\"2000\" \/>\n\t<meta property=\"og:image:height\" content=\"1414\" \/>\n\t<meta property=\"og:image:type\" content=\"image\/png\" \/>\n<meta name=\"twitter:card\" content=\"summary_large_image\" \/>\n<meta name=\"twitter:label1\" content=\"Est. reading time\" \/>\n\t<meta name=\"twitter:data1\" content=\"3 minutes\" \/>\n<script type=\"application\/ld+json\" class=\"yoast-schema-graph\">{\"@context\":\"https:\\\/\\\/schema.org\",\"@graph\":[{\"@type\":\"WebPage\",\"@id\":\"https:\\\/\\\/www.ecolenormalecortot.com\\\/en\\\/event\\\/concerts-de-midi-et-demi-avec-cheng-jung-wu-et-youl-sun\\\/\",\"url\":\"https:\\\/\\\/www.ecolenormalecortot.com\\\/en\\\/event\\\/concerts-de-midi-et-demi-avec-cheng-jung-wu-et-youl-sun\\\/\",\"name\":\"Concerts de Midi et Demi avec Cheng-Jung WU et Youl SUN - Ecole Normale de Musique de Paris\",\"isPartOf\":{\"@id\":\"https:\\\/\\\/www.ecolenormalecortot.com\\\/en\\\/#website\"},\"primaryImageOfPage\":{\"@id\":\"https:\\\/\\\/www.ecolenormalecortot.com\\\/en\\\/event\\\/concerts-de-midi-et-demi-avec-cheng-jung-wu-et-youl-sun\\\/#primaryimage\"},\"image\":{\"@id\":\"https:\\\/\\\/www.ecolenormalecortot.com\\\/en\\\/event\\\/concerts-de-midi-et-demi-avec-cheng-jung-wu-et-youl-sun\\\/#primaryimage\"},\"thumbnailUrl\":\"https:\\\/\\\/www.ecolenormalecortot.com\\\/wp-content\\\/uploads\\\/2024\\\/10\\\/Design-sans-titre-33.png\",\"datePublished\":\"2024-10-29T12:12:32+00:00\",\"dateModified\":\"2024-10-29T12:14:20+00:00\",\"description\":\"Les Concerts de Midi et Demi sont donn\u00e9s par les dipl\u00f4m\u00e9s, les \u00e9tudiants des niveaux sup\u00e9rieurs et les professeurs de l\u2019ENMP.\",\"breadcrumb\":{\"@id\":\"https:\\\/\\\/www.ecolenormalecortot.com\\\/en\\\/event\\\/concerts-de-midi-et-demi-avec-cheng-jung-wu-et-youl-sun\\\/#breadcrumb\"},\"inLanguage\":\"en-US\",\"potentialAction\":[{\"@type\":\"ReadAction\",\"target\":[\"https:\\\/\\\/www.ecolenormalecortot.com\\\/en\\\/event\\\/concerts-de-midi-et-demi-avec-cheng-jung-wu-et-youl-sun\\\/\"]}]},{\"@type\":\"ImageObject\",\"inLanguage\":\"en-US\",\"@id\":\"https:\\\/\\\/www.ecolenormalecortot.com\\\/en\\\/event\\\/concerts-de-midi-et-demi-avec-cheng-jung-wu-et-youl-sun\\\/#primaryimage\",\"url\":\"https:\\\/\\\/www.ecolenormalecortot.com\\\/wp-content\\\/uploads\\\/2024\\\/10\\\/Design-sans-titre-33.png\",\"contentUrl\":\"https:\\\/\\\/www.ecolenormalecortot.com\\\/wp-content\\\/uploads\\\/2024\\\/10\\\/Design-sans-titre-33.png\",\"width\":2000,\"height\":1414},{\"@type\":\"BreadcrumbList\",\"@id\":\"https:\\\/\\\/www.ecolenormalecortot.com\\\/en\\\/event\\\/concerts-de-midi-et-demi-avec-cheng-jung-wu-et-youl-sun\\\/#breadcrumb\",\"itemListElement\":[{\"@type\":\"ListItem\",\"position\":1,\"name\":\"Accueil\",\"item\":\"https:\\\/\\\/www.ecolenormalecortot.com\\\/en\\\/\"},{\"@type\":\"ListItem\",\"position\":2,\"name\":\"\u00c9v\u00e8nements\",\"item\":\"https:\\\/\\\/www.ecolenormalecortot.com\\\/en\\\/event\\\/\"},{\"@type\":\"ListItem\",\"position\":3,\"name\":\"Concerts de Midi et Demi avec Cheng-Jung WU et Youl SUN\"}]},{\"@type\":\"WebSite\",\"@id\":\"https:\\\/\\\/www.ecolenormalecortot.com\\\/en\\\/#website\",\"url\":\"https:\\\/\\\/www.ecolenormalecortot.com\\\/en\\\/\",\"name\":\"Ecole Normale de Musique de Paris\",\"description\":\"\",\"publisher\":{\"@id\":\"https:\\\/\\\/www.ecolenormalecortot.com\\\/en\\\/#organization\"},\"potentialAction\":[{\"@type\":\"SearchAction\",\"target\":{\"@type\":\"EntryPoint\",\"urlTemplate\":\"https:\\\/\\\/www.ecolenormalecortot.com\\\/en\\\/?s={search_term_string}\"},\"query-input\":{\"@type\":\"PropertyValueSpecification\",\"valueRequired\":true,\"valueName\":\"search_term_string\"}}],\"inLanguage\":\"en-US\"},{\"@type\":\"Organization\",\"@id\":\"https:\\\/\\\/www.ecolenormalecortot.com\\\/en\\\/#organization\",\"name\":\"Ecole Normale de Musique de Paris\",\"url\":\"https:\\\/\\\/www.ecolenormalecortot.com\\\/en\\\/\",\"logo\":{\"@type\":\"ImageObject\",\"inLanguage\":\"en-US\",\"@id\":\"https:\\\/\\\/www.ecolenormalecortot.com\\\/en\\\/#\\\/schema\\\/logo\\\/image\\\/\",\"url\":\"https:\\\/\\\/www.ecolenormalecortot.com\\\/wp-content\\\/uploads\\\/2023\\\/02\\\/android-chrome-512x512-1.png\",\"contentUrl\":\"https:\\\/\\\/www.ecolenormalecortot.com\\\/wp-content\\\/uploads\\\/2023\\\/02\\\/android-chrome-512x512-1.png\",\"width\":512,\"height\":512,\"caption\":\"Ecole Normale de Musique de Paris\"},\"image\":{\"@id\":\"https:\\\/\\\/www.ecolenormalecortot.com\\\/en\\\/#\\\/schema\\\/logo\\\/image\\\/\"}}]}<\/script>\n<!-- \/ Yoast SEO plugin. -->","yoast_head_json":{"title":"Concerts de Midi et Demi avec Cheng-Jung WU et Youl SUN - Ecole Normale de Musique de Paris","description":"Les Concerts de Midi et Demi sont donn\u00e9s par les dipl\u00f4m\u00e9s, les \u00e9tudiants des niveaux sup\u00e9rieurs et les professeurs de l\u2019ENMP.","robots":{"index":"index","follow":"follow","max-snippet":"max-snippet:-1","max-image-preview":"max-image-preview:large","max-video-preview":"max-video-preview:-1"},"canonical":"https:\/\/www.ecolenormalecortot.com\/en\/event\/concerts-de-midi-et-demi-avec-cheng-jung-wu-et-youl-sun\/","og_locale":"en_US","og_type":"article","og_title":"Concerts de Midi et Demi avec Cheng-Jung WU et Youl SUN - Ecole Normale de Musique de Paris","og_description":"Les Concerts de Midi et Demi sont donn\u00e9s par les dipl\u00f4m\u00e9s, les \u00e9tudiants des niveaux sup\u00e9rieurs et les professeurs de l\u2019ENMP.","og_url":"https:\/\/www.ecolenormalecortot.com\/en\/event\/concerts-de-midi-et-demi-avec-cheng-jung-wu-et-youl-sun\/","og_site_name":"Ecole Normale de Musique de Paris","article_modified_time":"2024-10-29T12:14:20+00:00","og_image":[{"width":2000,"height":1414,"url":"https:\/\/www.ecolenormalecortot.com\/wp-content\/uploads\/2024\/10\/Design-sans-titre-33.png","type":"image\/png"}],"twitter_card":"summary_large_image","twitter_misc":{"Est. reading time":"3 minutes"},"schema":{"@context":"https:\/\/schema.org","@graph":[{"@type":"WebPage","@id":"https:\/\/www.ecolenormalecortot.com\/en\/event\/concerts-de-midi-et-demi-avec-cheng-jung-wu-et-youl-sun\/","url":"https:\/\/www.ecolenormalecortot.com\/en\/event\/concerts-de-midi-et-demi-avec-cheng-jung-wu-et-youl-sun\/","name":"Concerts de Midi et Demi avec Cheng-Jung WU et Youl SUN - Ecole Normale de Musique de Paris","isPartOf":{"@id":"https:\/\/www.ecolenormalecortot.com\/en\/#website"},"primaryImageOfPage":{"@id":"https:\/\/www.ecolenormalecortot.com\/en\/event\/concerts-de-midi-et-demi-avec-cheng-jung-wu-et-youl-sun\/#primaryimage"},"image":{"@id":"https:\/\/www.ecolenormalecortot.com\/en\/event\/concerts-de-midi-et-demi-avec-cheng-jung-wu-et-youl-sun\/#primaryimage"},"thumbnailUrl":"https:\/\/www.ecolenormalecortot.com\/wp-content\/uploads\/2024\/10\/Design-sans-titre-33.png","datePublished":"2024-10-29T12:12:32+00:00","dateModified":"2024-10-29T12:14:20+00:00","description":"Les Concerts de Midi et Demi sont donn\u00e9s par les dipl\u00f4m\u00e9s, les \u00e9tudiants des niveaux sup\u00e9rieurs et les professeurs de l\u2019ENMP.","breadcrumb":{"@id":"https:\/\/www.ecolenormalecortot.com\/en\/event\/concerts-de-midi-et-demi-avec-cheng-jung-wu-et-youl-sun\/#breadcrumb"},"inLanguage":"en-US","potentialAction":[{"@type":"ReadAction","target":["https:\/\/www.ecolenormalecortot.com\/en\/event\/concerts-de-midi-et-demi-avec-cheng-jung-wu-et-youl-sun\/"]}]},{"@type":"ImageObject","inLanguage":"en-US","@id":"https:\/\/www.ecolenormalecortot.com\/en\/event\/concerts-de-midi-et-demi-avec-cheng-jung-wu-et-youl-sun\/#primaryimage","url":"https:\/\/www.ecolenormalecortot.com\/wp-content\/uploads\/2024\/10\/Design-sans-titre-33.png","contentUrl":"https:\/\/www.ecolenormalecortot.com\/wp-content\/uploads\/2024\/10\/Design-sans-titre-33.png","width":2000,"height":1414},{"@type":"BreadcrumbList","@id":"https:\/\/www.ecolenormalecortot.com\/en\/event\/concerts-de-midi-et-demi-avec-cheng-jung-wu-et-youl-sun\/#breadcrumb","itemListElement":[{"@type":"ListItem","position":1,"name":"Accueil","item":"https:\/\/www.ecolenormalecortot.com\/en\/"},{"@type":"ListItem","position":2,"name":"\u00c9v\u00e8nements","item":"https:\/\/www.ecolenormalecortot.com\/en\/event\/"},{"@type":"ListItem","position":3,"name":"Concerts de Midi et Demi avec Cheng-Jung WU et Youl SUN"}]},{"@type":"WebSite","@id":"https:\/\/www.ecolenormalecortot.com\/en\/#website","url":"https:\/\/www.ecolenormalecortot.com\/en\/","name":"Ecole Normale de Musique de Paris","description":"","publisher":{"@id":"https:\/\/www.ecolenormalecortot.com\/en\/#organization"},"potentialAction":[{"@type":"SearchAction","target":{"@type":"EntryPoint","urlTemplate":"https:\/\/www.ecolenormalecortot.com\/en\/?s={search_term_string}"},"query-input":{"@type":"PropertyValueSpecification","valueRequired":true,"valueName":"search_term_string"}}],"inLanguage":"en-US"},{"@type":"Organization","@id":"https:\/\/www.ecolenormalecortot.com\/en\/#organization","name":"Ecole Normale de Musique de Paris","url":"https:\/\/www.ecolenormalecortot.com\/en\/","logo":{"@type":"ImageObject","inLanguage":"en-US","@id":"https:\/\/www.ecolenormalecortot.com\/en\/#\/schema\/logo\/image\/","url":"https:\/\/www.ecolenormalecortot.com\/wp-content\/uploads\/2023\/02\/android-chrome-512x512-1.png","contentUrl":"https:\/\/www.ecolenormalecortot.com\/wp-content\/uploads\/2023\/02\/android-chrome-512x512-1.png","width":512,"height":512,"caption":"Ecole Normale de Musique de Paris"},"image":{"@id":"https:\/\/www.ecolenormalecortot.com\/en\/#\/schema\/logo\/image\/"}}]}},"_links":{"self":[{"href":"https:\/\/www.ecolenormalecortot.com\/en\/wp-json\/wp\/v2\/event\/7559","targetHints":{"allow":["GET"]}}],"collection":[{"href":"https:\/\/www.ecolenormalecortot.com\/en\/wp-json\/wp\/v2\/event"}],"about":[{"href":"https:\/\/www.ecolenormalecortot.com\/en\/wp-json\/wp\/v2\/types\/event"}],"wp:featuredmedia":[{"embeddable":true,"href":"https:\/\/www.ecolenormalecortot.com\/en\/wp-json\/wp\/v2\/media\/7560"}],"wp:attachment":[{"href":"https:\/\/www.ecolenormalecortot.com\/en\/wp-json\/wp\/v2\/media?parent=7559"}],"wp:term":[{"taxonomy":"event_category","embeddable":true,"href":"https:\/\/www.ecolenormalecortot.com\/en\/wp-json\/wp\/v2\/event_category?post=7559"}],"curies":[{"name":"wp","href":"https:\/\/api.w.org\/{rel}","templated":true}]}}