{"id":7524,"date":"2024-10-29T11:59:54","date_gmt":"2024-10-29T10:59:54","guid":{"rendered":"https:\/\/www.ecolenormalecortot.com\/?post_type=event&#038;p=7524"},"modified":"2024-10-29T11:59:54","modified_gmt":"2024-10-29T10:59:54","slug":"concerts-de-midi-et-demi-avec-zu-an-shen-claire-gourmanel-et-alexandra-matvievskaya","status":"publish","type":"event","link":"https:\/\/www.ecolenormalecortot.com\/en\/event\/concerts-de-midi-et-demi-avec-zu-an-shen-claire-gourmanel-et-alexandra-matvievskaya\/","title":{"rendered":"Concerts de Midi et Demi avec Zu-An SHEN, Claire GOURMANEL et Alexandra MATVIEVSKAYA"},"content":{"rendered":"","protected":false},"excerpt":{"rendered":"","protected":false},"featured_media":7527,"template":"","meta":{"_acf_changed":false},"event_category":[168],"class_list":["post-7524","event","type-event","status-publish","has-post-thumbnail","hentry","event_category-concerts-de-midi-et-demi"],"acf":{"presentation":"Les Concerts de Midi et Demi sont donn\u00e9s par les dipl\u00f4m\u00e9s, les \u00e9tudiants des niveaux sup\u00e9rieurs et les professeurs de l\u2019\u00c9cole Normale de Musique de Paris.\r\n\r\nIls sont coordonn\u00e9s et pr\u00e9sent\u00e9s par St\u00e9phane Fri\u00e9d\u00e9rich.\r\n\r\n<em>Entr\u00e9e libre sous r\u00e9serve des places disponibles.<\/em>","musicians":"<h4>______<\/h4>\r\n<h4><strong>Zu-An SHEN, piano<\/strong><\/h4>\r\nN\u00e9 en 1994 \u00e0 Taipei, (Ta\u00efwan), Zu-An Shen commence le piano \u00e0 six ans. Arriv\u00e9 en France en 2011, il suit les cours d\u2019Erik Berchot \u00e0 l\u2019\u00c9cole normale de musique de Paris, et y obtient en 2015 le dipl\u00f4me sup\u00e9rieur d\u2019ex\u00e9cution, \u00e0 l\u2019unanimit\u00e9. Entr\u00e9 au Conservatoire national sup\u00e9rieur de musique de Paris en 2015, il travaille aupr\u00e8s de Roger Muraro, Frank Braley et Michel Dalberto et obtient en 2020 son dipl\u00f4me de master (mention tr\u00e8s bien).\r\n\r\nIl continue ses \u00e9tudes en cycle de concertiste \u00e0 l\u2019\u00c9cole normale de musique de Paris sous la direction de Philippe Bianconi. En mai 2022, il re\u00e7oit son dipl\u00f4me sup\u00e9rieur de concertiste (mention tr\u00e8s bien et f\u00e9licitations du jury). Entre 2017 et 2023, il se produit en France, Espagne, Allemagne et Italie, dans des r\u00e9citals et des concerts. Il a jou\u00e9 avec l'Orchestre national de Cannes sous la direction de Benjamin Levy, et a donn\u00e9 un r\u00e9cital au Festival Chopin \u00e0 Nohant.\r\n<h4>______<\/h4>\r\n<h4><strong>Claire GOURMANEL, violoncelle<\/strong><\/h4>\r\n&nbsp;\r\n<h4>______<\/h4>\r\n<h4><strong>Alexandra MATVIEVSKAYA, piano<\/strong><\/h4>\r\n<div class=\"flex-shrink-0 flex flex-col relative items-end\">\r\n<div>\r\n<div class=\"pt-0\">\r\n<div class=\"gizmo-bot-avatar flex h-8 w-8 items-center justify-center overflow-hidden rounded-full\">\r\n<div class=\"relative p-1 rounded-sm flex items-center justify-center bg-token-main-surface-primary text-token-text-primary h-8 w-8\">\r\n\r\nAlexandra MATVIEVSKAYA, n\u00e9e \u00e0 Moscou, commence le piano \u00e0 l\u2019\u00e2ge de 4 ans. Pendant ses \u00e9tudes au Conservatoire Tcha\u00efkovski, elle rencontre Mstislav Rostropovitch et participe aux concerts de sa fondation pour les jeunes musiciens comme soliste et pianiste de musique de chambre. Elle obtient plusieurs prix aux concours internationaux de musique de chambre : Swe- dish International Duo Competition, Katrine- holm (1er Prix), International Chamber Music Competition, New-York (Grand Prix et concert au Carnegie Hall). Elle travaille \u00e9galement comme assistante de son professeur Yuri Airapetyan au Conservatoire de Moscou.\r\n\r\nEnsuite, elle obtient \u00e0 l\u2019unanimit\u00e9 son Dipl\u00f4me sup\u00e9rieur d\u2019ex\u00e9cution ainsi que le Dipl\u00f4me sup\u00e9rieur de pianiste-concertiste \u00e0 l\u2019\u00c9cole Normale de Paris dans la classe de Jean-Marc Luisada, s\u2019int\u00e9ressant beaucoup aux traditions de l\u2019\u00e9cole fran\u00e7aise du piano, tr\u00e8s diff\u00e9rente de l\u2019\u00e9cole du piano russe. En d\u00e9cembre 2012 elle obtient le 2e Prix et le Prix sp\u00e9cial pour la meilleure interpr\u00e9tation d\u2019une \u0153uvre romantique au Concours Claude Bonneton de S\u00e8te (France). Aujourd\u2019hui elle se perfectionne toujours \u00e0 l\u2019\u00c9cole Normale de Paris avec Jean-Marc Luisada et Caroline Sageman, donne des concerts \u00e0 travers le monde, participe \u00e0 de nombreux festivals et passe des concours comme soliste et pianiste de musique de chambre tant en Europe qu\u2019en Russie et en Chine, aux \u00c9tats-Unis et en Afrique du Sud.\r\n\r\n<\/div>\r\n<\/div>\r\n<\/div>\r\n<\/div>\r\n<\/div>","program":"<strong>Zu-An SHEN, piano<\/strong>\r\n<ul>\r\n \t<li>Claude Debussy : Les sons et les parfums tournent dans l\u2019air du soir<\/li>\r\n \t<li>Gabriel Faur\u00e9 : Impromptu n\u00b02 op.31<\/li>\r\n \t<li>Fr\u00e9d\u00e9ric Chopin : Etude op.25 n\u00b06<\/li>\r\n \t<li>Ludwig van Beethoven : Sonate n\u00b031 op.110<\/li>\r\n<\/ul>\r\n&nbsp;\r\n\r\n<strong>Claire GOURMANEL, violoncelle<\/strong>\r\n\r\n<strong>Alexandra MATVIEVSKAYA, piano<\/strong>\r\n<ul>\r\n \t<li>Joseph Haydn : Allegro moderato du Concerto pour violoncelle n\u00b02<\/li>\r\n \t<li>Franz Schubert : Allegro moderato de la Sonate pour Arpeggione D.821<\/li>\r\n \t<li>Ludwig van Beethoven : Finale de la Sonate pour violoncelle et piano n\u00b04 op.120 n\u00b01<\/li>\r\n \t<li>Camille Saint-Sa\u00ebns : Le Cygne<\/li>\r\n \t<li>Anton Dvorak : Allegro du Concerto pour violoncelle op.104<\/li>\r\n \t<li><\/li>\r\n<\/ul>","host":"\u00c9cole Normale de Musique de Paris","date":"2024-11-07 12:30:00","time_start":"12:30:00","time_end":"","end_date":"","location_name":"Salle Cortot","location_address":"78 rue Cardinet 75017 Paris","phone":"","link":"","booking_link":"","price_from":"","hide_price":true,"teachers":"","event_type":"","datetime":null,"end_datetime":null,"booking_infos":"","source_post_id":""},"yoast_head":"<!-- This site is optimized with the Yoast SEO plugin v27.5 - https:\/\/yoast.com\/product\/yoast-seo-wordpress\/ -->\n<title>Concerts de Midi et Demi avec Zu-An SHEN, Claire GOURMANEL et Alexandra MATVIEVSKAYA - Ecole Normale de Musique de Paris<\/title>\n<meta name=\"description\" content=\"Les Concerts de Midi et Demi sont donn\u00e9s par les dipl\u00f4m\u00e9s, les \u00e9tudiants des niveaux sup\u00e9rieurs et les professeurs de l\u2019ENMP.\" \/>\n<meta name=\"robots\" content=\"index, follow, max-snippet:-1, max-image-preview:large, max-video-preview:-1\" \/>\n<link rel=\"canonical\" href=\"https:\/\/www.ecolenormalecortot.com\/en\/event\/concerts-de-midi-et-demi-avec-zu-an-shen-claire-gourmanel-et-alexandra-matvievskaya\/\" \/>\n<meta property=\"og:locale\" content=\"en_US\" \/>\n<meta property=\"og:type\" content=\"article\" \/>\n<meta property=\"og:title\" content=\"Concerts de Midi et Demi avec Zu-An SHEN, Claire GOURMANEL et Alexandra MATVIEVSKAYA - Ecole Normale de Musique de Paris\" \/>\n<meta property=\"og:description\" content=\"Les Concerts de Midi et Demi sont donn\u00e9s par les dipl\u00f4m\u00e9s, les \u00e9tudiants des niveaux sup\u00e9rieurs et les professeurs de l\u2019ENMP.\" \/>\n<meta property=\"og:url\" content=\"https:\/\/www.ecolenormalecortot.com\/en\/event\/concerts-de-midi-et-demi-avec-zu-an-shen-claire-gourmanel-et-alexandra-matvievskaya\/\" \/>\n<meta property=\"og:site_name\" content=\"Ecole Normale de Musique de Paris\" \/>\n<meta property=\"og:image\" content=\"https:\/\/www.ecolenormalecortot.com\/wp-content\/uploads\/2024\/10\/Design-sans-titre-1-1024x724.png\" \/>\n\t<meta property=\"og:image:width\" content=\"1024\" \/>\n\t<meta property=\"og:image:height\" content=\"724\" \/>\n\t<meta property=\"og:image:type\" content=\"image\/png\" \/>\n<meta name=\"twitter:card\" content=\"summary_large_image\" \/>\n<meta name=\"twitter:label1\" content=\"Est. reading time\" \/>\n\t<meta name=\"twitter:data1\" content=\"3 minutes\" \/>\n<script type=\"application\/ld+json\" class=\"yoast-schema-graph\">{\"@context\":\"https:\\\/\\\/schema.org\",\"@graph\":[{\"@type\":\"WebPage\",\"@id\":\"https:\\\/\\\/www.ecolenormalecortot.com\\\/en\\\/event\\\/concerts-de-midi-et-demi-avec-zu-an-shen-claire-gourmanel-et-alexandra-matvievskaya\\\/\",\"url\":\"https:\\\/\\\/www.ecolenormalecortot.com\\\/en\\\/event\\\/concerts-de-midi-et-demi-avec-zu-an-shen-claire-gourmanel-et-alexandra-matvievskaya\\\/\",\"name\":\"Concerts de Midi et Demi avec Zu-An SHEN, Claire GOURMANEL et Alexandra MATVIEVSKAYA - Ecole Normale de Musique de Paris\",\"isPartOf\":{\"@id\":\"https:\\\/\\\/www.ecolenormalecortot.com\\\/en\\\/#website\"},\"primaryImageOfPage\":{\"@id\":\"https:\\\/\\\/www.ecolenormalecortot.com\\\/en\\\/event\\\/concerts-de-midi-et-demi-avec-zu-an-shen-claire-gourmanel-et-alexandra-matvievskaya\\\/#primaryimage\"},\"image\":{\"@id\":\"https:\\\/\\\/www.ecolenormalecortot.com\\\/en\\\/event\\\/concerts-de-midi-et-demi-avec-zu-an-shen-claire-gourmanel-et-alexandra-matvievskaya\\\/#primaryimage\"},\"thumbnailUrl\":\"https:\\\/\\\/www.ecolenormalecortot.com\\\/wp-content\\\/uploads\\\/2024\\\/10\\\/Design-sans-titre-1.png\",\"datePublished\":\"2024-10-29T10:59:54+00:00\",\"description\":\"Les Concerts de Midi et Demi sont donn\u00e9s par les dipl\u00f4m\u00e9s, les \u00e9tudiants des niveaux sup\u00e9rieurs et les professeurs de l\u2019ENMP.\",\"breadcrumb\":{\"@id\":\"https:\\\/\\\/www.ecolenormalecortot.com\\\/en\\\/event\\\/concerts-de-midi-et-demi-avec-zu-an-shen-claire-gourmanel-et-alexandra-matvievskaya\\\/#breadcrumb\"},\"inLanguage\":\"en-US\",\"potentialAction\":[{\"@type\":\"ReadAction\",\"target\":[\"https:\\\/\\\/www.ecolenormalecortot.com\\\/en\\\/event\\\/concerts-de-midi-et-demi-avec-zu-an-shen-claire-gourmanel-et-alexandra-matvievskaya\\\/\"]}]},{\"@type\":\"ImageObject\",\"inLanguage\":\"en-US\",\"@id\":\"https:\\\/\\\/www.ecolenormalecortot.com\\\/en\\\/event\\\/concerts-de-midi-et-demi-avec-zu-an-shen-claire-gourmanel-et-alexandra-matvievskaya\\\/#primaryimage\",\"url\":\"https:\\\/\\\/www.ecolenormalecortot.com\\\/wp-content\\\/uploads\\\/2024\\\/10\\\/Design-sans-titre-1.png\",\"contentUrl\":\"https:\\\/\\\/www.ecolenormalecortot.com\\\/wp-content\\\/uploads\\\/2024\\\/10\\\/Design-sans-titre-1.png\",\"width\":2000,\"height\":1414},{\"@type\":\"BreadcrumbList\",\"@id\":\"https:\\\/\\\/www.ecolenormalecortot.com\\\/en\\\/event\\\/concerts-de-midi-et-demi-avec-zu-an-shen-claire-gourmanel-et-alexandra-matvievskaya\\\/#breadcrumb\",\"itemListElement\":[{\"@type\":\"ListItem\",\"position\":1,\"name\":\"Accueil\",\"item\":\"https:\\\/\\\/www.ecolenormalecortot.com\\\/en\\\/\"},{\"@type\":\"ListItem\",\"position\":2,\"name\":\"\u00c9v\u00e8nements\",\"item\":\"https:\\\/\\\/www.ecolenormalecortot.com\\\/en\\\/event\\\/\"},{\"@type\":\"ListItem\",\"position\":3,\"name\":\"Concerts de Midi et Demi avec Zu-An SHEN, Claire GOURMANEL et Alexandra MATVIEVSKAYA\"}]},{\"@type\":\"WebSite\",\"@id\":\"https:\\\/\\\/www.ecolenormalecortot.com\\\/en\\\/#website\",\"url\":\"https:\\\/\\\/www.ecolenormalecortot.com\\\/en\\\/\",\"name\":\"Ecole Normale de Musique de Paris\",\"description\":\"\",\"publisher\":{\"@id\":\"https:\\\/\\\/www.ecolenormalecortot.com\\\/en\\\/#organization\"},\"potentialAction\":[{\"@type\":\"SearchAction\",\"target\":{\"@type\":\"EntryPoint\",\"urlTemplate\":\"https:\\\/\\\/www.ecolenormalecortot.com\\\/en\\\/?s={search_term_string}\"},\"query-input\":{\"@type\":\"PropertyValueSpecification\",\"valueRequired\":true,\"valueName\":\"search_term_string\"}}],\"inLanguage\":\"en-US\"},{\"@type\":\"Organization\",\"@id\":\"https:\\\/\\\/www.ecolenormalecortot.com\\\/en\\\/#organization\",\"name\":\"Ecole Normale de Musique de Paris\",\"url\":\"https:\\\/\\\/www.ecolenormalecortot.com\\\/en\\\/\",\"logo\":{\"@type\":\"ImageObject\",\"inLanguage\":\"en-US\",\"@id\":\"https:\\\/\\\/www.ecolenormalecortot.com\\\/en\\\/#\\\/schema\\\/logo\\\/image\\\/\",\"url\":\"https:\\\/\\\/www.ecolenormalecortot.com\\\/wp-content\\\/uploads\\\/2023\\\/02\\\/android-chrome-512x512-1.png\",\"contentUrl\":\"https:\\\/\\\/www.ecolenormalecortot.com\\\/wp-content\\\/uploads\\\/2023\\\/02\\\/android-chrome-512x512-1.png\",\"width\":512,\"height\":512,\"caption\":\"Ecole Normale de Musique de Paris\"},\"image\":{\"@id\":\"https:\\\/\\\/www.ecolenormalecortot.com\\\/en\\\/#\\\/schema\\\/logo\\\/image\\\/\"}}]}<\/script>\n<!-- \/ Yoast SEO plugin. -->","yoast_head_json":{"title":"Concerts de Midi et Demi avec Zu-An SHEN, Claire GOURMANEL et Alexandra MATVIEVSKAYA - Ecole Normale de Musique de Paris","description":"Les Concerts de Midi et Demi sont donn\u00e9s par les dipl\u00f4m\u00e9s, les \u00e9tudiants des niveaux sup\u00e9rieurs et les professeurs de l\u2019ENMP.","robots":{"index":"index","follow":"follow","max-snippet":"max-snippet:-1","max-image-preview":"max-image-preview:large","max-video-preview":"max-video-preview:-1"},"canonical":"https:\/\/www.ecolenormalecortot.com\/en\/event\/concerts-de-midi-et-demi-avec-zu-an-shen-claire-gourmanel-et-alexandra-matvievskaya\/","og_locale":"en_US","og_type":"article","og_title":"Concerts de Midi et Demi avec Zu-An SHEN, Claire GOURMANEL et Alexandra MATVIEVSKAYA - Ecole Normale de Musique de Paris","og_description":"Les Concerts de Midi et Demi sont donn\u00e9s par les dipl\u00f4m\u00e9s, les \u00e9tudiants des niveaux sup\u00e9rieurs et les professeurs de l\u2019ENMP.","og_url":"https:\/\/www.ecolenormalecortot.com\/en\/event\/concerts-de-midi-et-demi-avec-zu-an-shen-claire-gourmanel-et-alexandra-matvievskaya\/","og_site_name":"Ecole Normale de Musique de Paris","og_image":[{"width":1024,"height":724,"url":"https:\/\/www.ecolenormalecortot.com\/wp-content\/uploads\/2024\/10\/Design-sans-titre-1-1024x724.png","type":"image\/png"}],"twitter_card":"summary_large_image","twitter_misc":{"Est. reading time":"3 minutes"},"schema":{"@context":"https:\/\/schema.org","@graph":[{"@type":"WebPage","@id":"https:\/\/www.ecolenormalecortot.com\/en\/event\/concerts-de-midi-et-demi-avec-zu-an-shen-claire-gourmanel-et-alexandra-matvievskaya\/","url":"https:\/\/www.ecolenormalecortot.com\/en\/event\/concerts-de-midi-et-demi-avec-zu-an-shen-claire-gourmanel-et-alexandra-matvievskaya\/","name":"Concerts de Midi et Demi avec Zu-An SHEN, Claire GOURMANEL et Alexandra MATVIEVSKAYA - Ecole Normale de Musique de Paris","isPartOf":{"@id":"https:\/\/www.ecolenormalecortot.com\/en\/#website"},"primaryImageOfPage":{"@id":"https:\/\/www.ecolenormalecortot.com\/en\/event\/concerts-de-midi-et-demi-avec-zu-an-shen-claire-gourmanel-et-alexandra-matvievskaya\/#primaryimage"},"image":{"@id":"https:\/\/www.ecolenormalecortot.com\/en\/event\/concerts-de-midi-et-demi-avec-zu-an-shen-claire-gourmanel-et-alexandra-matvievskaya\/#primaryimage"},"thumbnailUrl":"https:\/\/www.ecolenormalecortot.com\/wp-content\/uploads\/2024\/10\/Design-sans-titre-1.png","datePublished":"2024-10-29T10:59:54+00:00","description":"Les Concerts de Midi et Demi sont donn\u00e9s par les dipl\u00f4m\u00e9s, les \u00e9tudiants des niveaux sup\u00e9rieurs et les professeurs de l\u2019ENMP.","breadcrumb":{"@id":"https:\/\/www.ecolenormalecortot.com\/en\/event\/concerts-de-midi-et-demi-avec-zu-an-shen-claire-gourmanel-et-alexandra-matvievskaya\/#breadcrumb"},"inLanguage":"en-US","potentialAction":[{"@type":"ReadAction","target":["https:\/\/www.ecolenormalecortot.com\/en\/event\/concerts-de-midi-et-demi-avec-zu-an-shen-claire-gourmanel-et-alexandra-matvievskaya\/"]}]},{"@type":"ImageObject","inLanguage":"en-US","@id":"https:\/\/www.ecolenormalecortot.com\/en\/event\/concerts-de-midi-et-demi-avec-zu-an-shen-claire-gourmanel-et-alexandra-matvievskaya\/#primaryimage","url":"https:\/\/www.ecolenormalecortot.com\/wp-content\/uploads\/2024\/10\/Design-sans-titre-1.png","contentUrl":"https:\/\/www.ecolenormalecortot.com\/wp-content\/uploads\/2024\/10\/Design-sans-titre-1.png","width":2000,"height":1414},{"@type":"BreadcrumbList","@id":"https:\/\/www.ecolenormalecortot.com\/en\/event\/concerts-de-midi-et-demi-avec-zu-an-shen-claire-gourmanel-et-alexandra-matvievskaya\/#breadcrumb","itemListElement":[{"@type":"ListItem","position":1,"name":"Accueil","item":"https:\/\/www.ecolenormalecortot.com\/en\/"},{"@type":"ListItem","position":2,"name":"\u00c9v\u00e8nements","item":"https:\/\/www.ecolenormalecortot.com\/en\/event\/"},{"@type":"ListItem","position":3,"name":"Concerts de Midi et Demi avec Zu-An SHEN, Claire GOURMANEL et Alexandra MATVIEVSKAYA"}]},{"@type":"WebSite","@id":"https:\/\/www.ecolenormalecortot.com\/en\/#website","url":"https:\/\/www.ecolenormalecortot.com\/en\/","name":"Ecole Normale de Musique de Paris","description":"","publisher":{"@id":"https:\/\/www.ecolenormalecortot.com\/en\/#organization"},"potentialAction":[{"@type":"SearchAction","target":{"@type":"EntryPoint","urlTemplate":"https:\/\/www.ecolenormalecortot.com\/en\/?s={search_term_string}"},"query-input":{"@type":"PropertyValueSpecification","valueRequired":true,"valueName":"search_term_string"}}],"inLanguage":"en-US"},{"@type":"Organization","@id":"https:\/\/www.ecolenormalecortot.com\/en\/#organization","name":"Ecole Normale de Musique de Paris","url":"https:\/\/www.ecolenormalecortot.com\/en\/","logo":{"@type":"ImageObject","inLanguage":"en-US","@id":"https:\/\/www.ecolenormalecortot.com\/en\/#\/schema\/logo\/image\/","url":"https:\/\/www.ecolenormalecortot.com\/wp-content\/uploads\/2023\/02\/android-chrome-512x512-1.png","contentUrl":"https:\/\/www.ecolenormalecortot.com\/wp-content\/uploads\/2023\/02\/android-chrome-512x512-1.png","width":512,"height":512,"caption":"Ecole Normale de Musique de Paris"},"image":{"@id":"https:\/\/www.ecolenormalecortot.com\/en\/#\/schema\/logo\/image\/"}}]}},"_links":{"self":[{"href":"https:\/\/www.ecolenormalecortot.com\/en\/wp-json\/wp\/v2\/event\/7524","targetHints":{"allow":["GET"]}}],"collection":[{"href":"https:\/\/www.ecolenormalecortot.com\/en\/wp-json\/wp\/v2\/event"}],"about":[{"href":"https:\/\/www.ecolenormalecortot.com\/en\/wp-json\/wp\/v2\/types\/event"}],"wp:featuredmedia":[{"embeddable":true,"href":"https:\/\/www.ecolenormalecortot.com\/en\/wp-json\/wp\/v2\/media\/7527"}],"wp:attachment":[{"href":"https:\/\/www.ecolenormalecortot.com\/en\/wp-json\/wp\/v2\/media?parent=7524"}],"wp:term":[{"taxonomy":"event_category","embeddable":true,"href":"https:\/\/www.ecolenormalecortot.com\/en\/wp-json\/wp\/v2\/event_category?post=7524"}],"curies":[{"name":"wp","href":"https:\/\/api.w.org\/{rel}","templated":true}]}}