{"id":7020,"date":"2024-09-17T12:21:12","date_gmt":"2024-09-17T10:21:12","guid":{"rendered":"https:\/\/www.ecolenormalecortot.com\/?post_type=event&#038;p=7020"},"modified":"2024-09-17T12:22:56","modified_gmt":"2024-09-17T10:22:56","slug":"concerts-alice-power-dominic-chamot","status":"publish","type":"event","link":"https:\/\/www.ecolenormalecortot.com\/en\/event\/concerts-alice-power-dominic-chamot\/","title":{"rendered":"Alice Power et Dominic Chamot (Piano)"},"content":{"rendered":"","protected":false},"excerpt":{"rendered":"","protected":false},"featured_media":7021,"template":"","meta":{"_acf_changed":false},"event_category":[168],"class_list":["post-7020","event","type-event","status-publish","has-post-thumbnail","hentry","event_category-concerts-de-midi-et-demi"],"acf":{"presentation":"Les Concerts de Midi et Demi sont donn\u00e9s par les dipl\u00f4m\u00e9s, les \u00e9tudiants des niveaux sup\u00e9rieurs et les professeurs de l\u2019\u00c9cole Normale de Musique de Paris.\r\n\r\nIls sont coordonn\u00e9s et pr\u00e9sent\u00e9s par St\u00e9phane Fri\u00e9d\u00e9rich.\r\n\r\n<em>Entr\u00e9e libre sous r\u00e9serve des places disponibles.<\/em>","musicians":"<h4>______<\/h4>\r\n<h4>Alice Power<\/h4>\r\nAlice Power est une jeune pianiste su\u00e9doise, que certains d\u2019entre nous ont eu le plaisir d\u2019\u00e9couter lorsqu\u2019elle s\u2019est produite avec ses amis Rahma Bel Haj Yahya et Bruno Camargo devant la Princesse Royale \u00e0 l\u2019occasion du 90e anniversaire de la Maison des Etudiants Su\u00e9dois en d\u00e9cembre 2022.\r\n\r\nAlice Power \u00e9tudie avec la c\u00e9l\u00e8bre Rena Shereshevskaya \u00e0 l\u2019\u00c9cole Normale de Musique de Paris Alfred Cortot.\r\n<h4>______<\/h4>\r\n<h4>Dominic Chamot<\/h4>\r\nLe pianiste Dominic Chamot est n\u00e9 \u00e0 Cologne en 1995. Il a remport\u00e9 plus de trente prix et r\u00e9compenses \u00e0 ce jour, ce qui fait de lui l'un des pianistes les plus performants de sa g\u00e9n\u00e9ration. Plus r\u00e9cemment, il a remport\u00e9 le premier prix et le prix du public au concours Viotti en 2023.\r\n\r\nSa carri\u00e8re a commenc\u00e9 tr\u00e8s t\u00f4t lorsque, \u00e0 l'\u00e2ge de 12 ans, il a \u00e9t\u00e9 admis dans la classe du professeur Sheila Arnold au Pre-College-Cologne du HfMT de Cologne, ce qui lui a donn\u00e9 des impulsions musicales cruciales. Peu apr\u00e8s, il re\u00e7oit des prix internationaux \u00e0 Berlin, Zwickau, Enschede, Weimar, Cologne, etc., et se produit dans des salles prestigieuses telles que les Philharmonies de Berlin et de Cologne, le Wiener Musikverein, le Palau de la Musica Catalana de Barcelone, et bien d'autres.\r\n\r\nChamot a ensuite approfondi ses \u00e9tudes avec le c\u00e9l\u00e8bre p\u00e9dagogue Claudio Martinez-Mehner \u00e0 B\u00e2le. Il obtient ses dipl\u00f4mes de Bachelor et de Master en interpr\u00e9tation sp\u00e9cialis\u00e9e (soliste) avec les meilleures notes et distinctions, et \u00e0 la fin de ses \u00e9tudes de p\u00e9dagogie avec Zoltan Fejervari, il remporte \u00e9galement le prix du meilleur r\u00e9cital de l'ann\u00e9e \u00e0 la c\u00e9l\u00e8bre Acad\u00e9mie de musique de B\u00e2le.\r\n\r\nPendant cette p\u00e9riode, sa r\u00e9putation de musicien polyvalent s'est d\u00e9velopp\u00e9e, ce qui l'a amen\u00e9 \u00e0 se produire dans le monde entier. Il a donn\u00e9 des concerts dans plus de 15 pays sur 4 continents, s'est r\u00e9cemment produit plusieurs fois \u00e0 la Philharmonie de Berlin, a obtenu certaines des bourses les plus prestigieuses de Suisse pendant ses \u00e9tudes et a \u00e9t\u00e9 invit\u00e9 par l'orchestre symphonique de la WDR en tant que soliste pour un concert \u00e0 la Philharmonie de Cologne. Apr\u00e8s ces succ\u00e8s, d'autres invitations ont suivi de la part d'orchestres de toute l'Allemagne, ainsi que de l'Orchestra Sinfonica di Milano, de l'ORF Symphony Orchestra Vienna, de l'Orchestre symphonique de B\u00e2le, et de bien d'autres encore. \u00c0 New York, il a captiv\u00e9 le public lors de sa prestation au Steinway Hall dans le cadre du \u00ab Classical Bridge Festival \u00bb. Il a collabor\u00e9 avec des chefs d'orchestre tels que Jukka-Pekka Saraste, Cornelius Meister, Joseph Bastian et bien d'autres.\r\n\r\nIl est \u00e9galement tr\u00e8s demand\u00e9 en tant que musicien de chambre : il est r\u00e9guli\u00e8rement invit\u00e9 \u00e0 des festivals (Gstaad, Davos, Schwetzingen Mozart Festival, Mecklenburg-Vorpommern Festival), se produit r\u00e9guli\u00e8rement avec des musiciens des meilleurs orchestres de Suisse (Tonhalle Zurich, Orchestre symphonique de Lucerne, Orchestre symphonique de B\u00e2le, entre autres) et a publi\u00e9 un CD en duo avec Sergio Pires, clarinettiste principal de l'Orchestre symphonique de Londres. Parmi ses autres partenaires de musique de chambre figurent Kian Soltani, Sirena Huang, Lisa Jacobs, Joe Christophe, Anna Agafia Egholm et bien d'autres.\r\n\r\nDe 2011 \u00e0 2014, Dominic Chamot a \u00e9t\u00e9 boursier de la \u00ab J\u00fcrgen Ponto Foundation \u00bb et de la \u00ab Deutsche Stiftung Musikleben \u00bb. De 2018 \u00e0 2020, il a obtenu le prix d'\u00e9tude Migros Kulturprozent et en 2020, il a \u00e9t\u00e9 s\u00e9lectionn\u00e9 pour la bourse de la Lieven Piano Foundation.","program":"<strong>Alice Power<\/strong>\r\n<ul>\r\n \t<li>Jean-S\u00e9bastien Bach : Toccata ut mineur BWV911<\/li>\r\n \t<li>Maurice Ravel : Valses nobles et sentimentale<\/li>\r\n \t<li>Serge Rachmaninov-Volodos : transcription de l\u2019andante de la Sonate pour violoncelle et piano<\/li>\r\n<\/ul>\r\n<strong>Dominic Chamot<\/strong>\r\n<ul>\r\n \t<li>Serge Rachmaninov : Variations sur un th\u00e8me de Corelli op.42<\/li>\r\n \t<li>Maurice Ravel : La Valse<\/li>\r\n<\/ul>","host":"\u00c9cole Normale de Musique de Paris","date":"2024-10-19 00:00:00","time_start":"12:30:00","time_end":"13:30:00","end_date":"","location_name":"Salle Cortot","location_address":"78 rue Cardinet 75017 Paris","phone":"","link":"","booking_link":"","price_from":"","hide_price":true,"teachers":"","event_type":"","datetime":null,"end_datetime":null,"booking_infos":"","source_post_id":""},"yoast_head":"<!-- This site is optimized with the Yoast SEO plugin v27.5 - https:\/\/yoast.com\/product\/yoast-seo-wordpress\/ -->\n<title>Alice Power et Dominic Chamot (Piano) - Ecole Normale de Musique de Paris<\/title>\n<meta name=\"description\" content=\"Les Concerts de Midi et Demi sont donn\u00e9s par les dipl\u00f4m\u00e9s, les \u00e9tudiants des niveaux sup\u00e9rieurs et les professeurs de l\u2019\u00c9cole. Entr\u00e9e libre.\" \/>\n<meta name=\"robots\" content=\"index, follow, max-snippet:-1, max-image-preview:large, max-video-preview:-1\" \/>\n<link rel=\"canonical\" href=\"https:\/\/www.ecolenormalecortot.com\/en\/event\/concerts-alice-power-dominic-chamot\/\" \/>\n<meta property=\"og:locale\" content=\"en_US\" \/>\n<meta property=\"og:type\" content=\"article\" \/>\n<meta property=\"og:title\" content=\"Alice Power et Dominic Chamot (Piano) - Ecole Normale de Musique de Paris\" \/>\n<meta property=\"og:description\" content=\"Les Concerts de Midi et Demi sont donn\u00e9s par les dipl\u00f4m\u00e9s, les \u00e9tudiants des niveaux sup\u00e9rieurs et les professeurs de l\u2019\u00c9cole. Entr\u00e9e libre.\" \/>\n<meta property=\"og:url\" content=\"https:\/\/www.ecolenormalecortot.com\/en\/event\/concerts-alice-power-dominic-chamot\/\" \/>\n<meta property=\"og:site_name\" content=\"Ecole Normale de Musique de Paris\" \/>\n<meta property=\"article:modified_time\" content=\"2024-09-17T10:22:56+00:00\" \/>\n<meta property=\"og:image\" content=\"https:\/\/www.ecolenormalecortot.com\/wp-content\/uploads\/2024\/09\/FORMAT-SITE-WEB-1024x576.png\" \/>\n\t<meta property=\"og:image:width\" content=\"1024\" \/>\n\t<meta property=\"og:image:height\" content=\"576\" \/>\n\t<meta property=\"og:image:type\" content=\"image\/png\" \/>\n<meta name=\"twitter:card\" content=\"summary_large_image\" \/>\n<meta name=\"twitter:label1\" content=\"Est. reading time\" \/>\n\t<meta name=\"twitter:data1\" content=\"4 minutes\" \/>\n<script type=\"application\/ld+json\" class=\"yoast-schema-graph\">{\"@context\":\"https:\\\/\\\/schema.org\",\"@graph\":[{\"@type\":\"WebPage\",\"@id\":\"https:\\\/\\\/www.ecolenormalecortot.com\\\/en\\\/event\\\/concerts-alice-power-dominic-chamot\\\/\",\"url\":\"https:\\\/\\\/www.ecolenormalecortot.com\\\/en\\\/event\\\/concerts-alice-power-dominic-chamot\\\/\",\"name\":\"Alice Power et Dominic Chamot (Piano) - Ecole Normale de Musique de Paris\",\"isPartOf\":{\"@id\":\"https:\\\/\\\/www.ecolenormalecortot.com\\\/en\\\/#website\"},\"primaryImageOfPage\":{\"@id\":\"https:\\\/\\\/www.ecolenormalecortot.com\\\/en\\\/event\\\/concerts-alice-power-dominic-chamot\\\/#primaryimage\"},\"image\":{\"@id\":\"https:\\\/\\\/www.ecolenormalecortot.com\\\/en\\\/event\\\/concerts-alice-power-dominic-chamot\\\/#primaryimage\"},\"thumbnailUrl\":\"https:\\\/\\\/www.ecolenormalecortot.com\\\/wp-content\\\/uploads\\\/2024\\\/09\\\/FORMAT-SITE-WEB.png\",\"datePublished\":\"2024-09-17T10:21:12+00:00\",\"dateModified\":\"2024-09-17T10:22:56+00:00\",\"description\":\"Les Concerts de Midi et Demi sont donn\u00e9s par les dipl\u00f4m\u00e9s, les \u00e9tudiants des niveaux sup\u00e9rieurs et les professeurs de l\u2019\u00c9cole. Entr\u00e9e libre.\",\"breadcrumb\":{\"@id\":\"https:\\\/\\\/www.ecolenormalecortot.com\\\/en\\\/event\\\/concerts-alice-power-dominic-chamot\\\/#breadcrumb\"},\"inLanguage\":\"en-US\",\"potentialAction\":[{\"@type\":\"ReadAction\",\"target\":[\"https:\\\/\\\/www.ecolenormalecortot.com\\\/en\\\/event\\\/concerts-alice-power-dominic-chamot\\\/\"]}]},{\"@type\":\"ImageObject\",\"inLanguage\":\"en-US\",\"@id\":\"https:\\\/\\\/www.ecolenormalecortot.com\\\/en\\\/event\\\/concerts-alice-power-dominic-chamot\\\/#primaryimage\",\"url\":\"https:\\\/\\\/www.ecolenormalecortot.com\\\/wp-content\\\/uploads\\\/2024\\\/09\\\/FORMAT-SITE-WEB.png\",\"contentUrl\":\"https:\\\/\\\/www.ecolenormalecortot.com\\\/wp-content\\\/uploads\\\/2024\\\/09\\\/FORMAT-SITE-WEB.png\",\"width\":1920,\"height\":1080,\"caption\":\"Alice Power & Dominic Chamot\"},{\"@type\":\"BreadcrumbList\",\"@id\":\"https:\\\/\\\/www.ecolenormalecortot.com\\\/en\\\/event\\\/concerts-alice-power-dominic-chamot\\\/#breadcrumb\",\"itemListElement\":[{\"@type\":\"ListItem\",\"position\":1,\"name\":\"Accueil\",\"item\":\"https:\\\/\\\/www.ecolenormalecortot.com\\\/en\\\/\"},{\"@type\":\"ListItem\",\"position\":2,\"name\":\"\u00c9v\u00e8nements\",\"item\":\"https:\\\/\\\/www.ecolenormalecortot.com\\\/en\\\/event\\\/\"},{\"@type\":\"ListItem\",\"position\":3,\"name\":\"Alice Power et Dominic Chamot (Piano)\"}]},{\"@type\":\"WebSite\",\"@id\":\"https:\\\/\\\/www.ecolenormalecortot.com\\\/en\\\/#website\",\"url\":\"https:\\\/\\\/www.ecolenormalecortot.com\\\/en\\\/\",\"name\":\"Ecole Normale de Musique de Paris\",\"description\":\"\",\"publisher\":{\"@id\":\"https:\\\/\\\/www.ecolenormalecortot.com\\\/en\\\/#organization\"},\"potentialAction\":[{\"@type\":\"SearchAction\",\"target\":{\"@type\":\"EntryPoint\",\"urlTemplate\":\"https:\\\/\\\/www.ecolenormalecortot.com\\\/en\\\/?s={search_term_string}\"},\"query-input\":{\"@type\":\"PropertyValueSpecification\",\"valueRequired\":true,\"valueName\":\"search_term_string\"}}],\"inLanguage\":\"en-US\"},{\"@type\":\"Organization\",\"@id\":\"https:\\\/\\\/www.ecolenormalecortot.com\\\/en\\\/#organization\",\"name\":\"Ecole Normale de Musique de Paris\",\"url\":\"https:\\\/\\\/www.ecolenormalecortot.com\\\/en\\\/\",\"logo\":{\"@type\":\"ImageObject\",\"inLanguage\":\"en-US\",\"@id\":\"https:\\\/\\\/www.ecolenormalecortot.com\\\/en\\\/#\\\/schema\\\/logo\\\/image\\\/\",\"url\":\"https:\\\/\\\/www.ecolenormalecortot.com\\\/wp-content\\\/uploads\\\/2023\\\/02\\\/android-chrome-512x512-1.png\",\"contentUrl\":\"https:\\\/\\\/www.ecolenormalecortot.com\\\/wp-content\\\/uploads\\\/2023\\\/02\\\/android-chrome-512x512-1.png\",\"width\":512,\"height\":512,\"caption\":\"Ecole Normale de Musique de Paris\"},\"image\":{\"@id\":\"https:\\\/\\\/www.ecolenormalecortot.com\\\/en\\\/#\\\/schema\\\/logo\\\/image\\\/\"}}]}<\/script>\n<!-- \/ Yoast SEO plugin. -->","yoast_head_json":{"title":"Alice Power et Dominic Chamot (Piano) - Ecole Normale de Musique de Paris","description":"Les Concerts de Midi et Demi sont donn\u00e9s par les dipl\u00f4m\u00e9s, les \u00e9tudiants des niveaux sup\u00e9rieurs et les professeurs de l\u2019\u00c9cole. Entr\u00e9e libre.","robots":{"index":"index","follow":"follow","max-snippet":"max-snippet:-1","max-image-preview":"max-image-preview:large","max-video-preview":"max-video-preview:-1"},"canonical":"https:\/\/www.ecolenormalecortot.com\/en\/event\/concerts-alice-power-dominic-chamot\/","og_locale":"en_US","og_type":"article","og_title":"Alice Power et Dominic Chamot (Piano) - Ecole Normale de Musique de Paris","og_description":"Les Concerts de Midi et Demi sont donn\u00e9s par les dipl\u00f4m\u00e9s, les \u00e9tudiants des niveaux sup\u00e9rieurs et les professeurs de l\u2019\u00c9cole. Entr\u00e9e libre.","og_url":"https:\/\/www.ecolenormalecortot.com\/en\/event\/concerts-alice-power-dominic-chamot\/","og_site_name":"Ecole Normale de Musique de Paris","article_modified_time":"2024-09-17T10:22:56+00:00","og_image":[{"width":1024,"height":576,"url":"https:\/\/www.ecolenormalecortot.com\/wp-content\/uploads\/2024\/09\/FORMAT-SITE-WEB-1024x576.png","type":"image\/png"}],"twitter_card":"summary_large_image","twitter_misc":{"Est. reading time":"4 minutes"},"schema":{"@context":"https:\/\/schema.org","@graph":[{"@type":"WebPage","@id":"https:\/\/www.ecolenormalecortot.com\/en\/event\/concerts-alice-power-dominic-chamot\/","url":"https:\/\/www.ecolenormalecortot.com\/en\/event\/concerts-alice-power-dominic-chamot\/","name":"Alice Power et Dominic Chamot (Piano) - Ecole Normale de Musique de Paris","isPartOf":{"@id":"https:\/\/www.ecolenormalecortot.com\/en\/#website"},"primaryImageOfPage":{"@id":"https:\/\/www.ecolenormalecortot.com\/en\/event\/concerts-alice-power-dominic-chamot\/#primaryimage"},"image":{"@id":"https:\/\/www.ecolenormalecortot.com\/en\/event\/concerts-alice-power-dominic-chamot\/#primaryimage"},"thumbnailUrl":"https:\/\/www.ecolenormalecortot.com\/wp-content\/uploads\/2024\/09\/FORMAT-SITE-WEB.png","datePublished":"2024-09-17T10:21:12+00:00","dateModified":"2024-09-17T10:22:56+00:00","description":"Les Concerts de Midi et Demi sont donn\u00e9s par les dipl\u00f4m\u00e9s, les \u00e9tudiants des niveaux sup\u00e9rieurs et les professeurs de l\u2019\u00c9cole. Entr\u00e9e libre.","breadcrumb":{"@id":"https:\/\/www.ecolenormalecortot.com\/en\/event\/concerts-alice-power-dominic-chamot\/#breadcrumb"},"inLanguage":"en-US","potentialAction":[{"@type":"ReadAction","target":["https:\/\/www.ecolenormalecortot.com\/en\/event\/concerts-alice-power-dominic-chamot\/"]}]},{"@type":"ImageObject","inLanguage":"en-US","@id":"https:\/\/www.ecolenormalecortot.com\/en\/event\/concerts-alice-power-dominic-chamot\/#primaryimage","url":"https:\/\/www.ecolenormalecortot.com\/wp-content\/uploads\/2024\/09\/FORMAT-SITE-WEB.png","contentUrl":"https:\/\/www.ecolenormalecortot.com\/wp-content\/uploads\/2024\/09\/FORMAT-SITE-WEB.png","width":1920,"height":1080,"caption":"Alice Power & Dominic Chamot"},{"@type":"BreadcrumbList","@id":"https:\/\/www.ecolenormalecortot.com\/en\/event\/concerts-alice-power-dominic-chamot\/#breadcrumb","itemListElement":[{"@type":"ListItem","position":1,"name":"Accueil","item":"https:\/\/www.ecolenormalecortot.com\/en\/"},{"@type":"ListItem","position":2,"name":"\u00c9v\u00e8nements","item":"https:\/\/www.ecolenormalecortot.com\/en\/event\/"},{"@type":"ListItem","position":3,"name":"Alice Power et Dominic Chamot (Piano)"}]},{"@type":"WebSite","@id":"https:\/\/www.ecolenormalecortot.com\/en\/#website","url":"https:\/\/www.ecolenormalecortot.com\/en\/","name":"Ecole Normale de Musique de Paris","description":"","publisher":{"@id":"https:\/\/www.ecolenormalecortot.com\/en\/#organization"},"potentialAction":[{"@type":"SearchAction","target":{"@type":"EntryPoint","urlTemplate":"https:\/\/www.ecolenormalecortot.com\/en\/?s={search_term_string}"},"query-input":{"@type":"PropertyValueSpecification","valueRequired":true,"valueName":"search_term_string"}}],"inLanguage":"en-US"},{"@type":"Organization","@id":"https:\/\/www.ecolenormalecortot.com\/en\/#organization","name":"Ecole Normale de Musique de Paris","url":"https:\/\/www.ecolenormalecortot.com\/en\/","logo":{"@type":"ImageObject","inLanguage":"en-US","@id":"https:\/\/www.ecolenormalecortot.com\/en\/#\/schema\/logo\/image\/","url":"https:\/\/www.ecolenormalecortot.com\/wp-content\/uploads\/2023\/02\/android-chrome-512x512-1.png","contentUrl":"https:\/\/www.ecolenormalecortot.com\/wp-content\/uploads\/2023\/02\/android-chrome-512x512-1.png","width":512,"height":512,"caption":"Ecole Normale de Musique de Paris"},"image":{"@id":"https:\/\/www.ecolenormalecortot.com\/en\/#\/schema\/logo\/image\/"}}]}},"_links":{"self":[{"href":"https:\/\/www.ecolenormalecortot.com\/en\/wp-json\/wp\/v2\/event\/7020","targetHints":{"allow":["GET"]}}],"collection":[{"href":"https:\/\/www.ecolenormalecortot.com\/en\/wp-json\/wp\/v2\/event"}],"about":[{"href":"https:\/\/www.ecolenormalecortot.com\/en\/wp-json\/wp\/v2\/types\/event"}],"wp:featuredmedia":[{"embeddable":true,"href":"https:\/\/www.ecolenormalecortot.com\/en\/wp-json\/wp\/v2\/media\/7021"}],"wp:attachment":[{"href":"https:\/\/www.ecolenormalecortot.com\/en\/wp-json\/wp\/v2\/media?parent=7020"}],"wp:term":[{"taxonomy":"event_category","embeddable":true,"href":"https:\/\/www.ecolenormalecortot.com\/en\/wp-json\/wp\/v2\/event_category?post=7020"}],"curies":[{"name":"wp","href":"https:\/\/api.w.org\/{rel}","templated":true}]}}