{"id":7009,"date":"2024-09-17T11:46:01","date_gmt":"2024-09-17T09:46:01","guid":{"rendered":"https:\/\/www.ecolenormalecortot.com\/?post_type=event&#038;p=7009"},"modified":"2024-09-17T11:57:11","modified_gmt":"2024-09-17T09:57:11","slug":"concert-victor-demarquette","status":"publish","type":"event","link":"https:\/\/www.ecolenormalecortot.com\/en\/event\/concert-victor-demarquette\/","title":{"rendered":"Victor Demarquette (Piano)"},"content":{"rendered":"","protected":false},"excerpt":{"rendered":"","protected":false},"featured_media":7010,"template":"","meta":{"_acf_changed":false},"event_category":[168],"class_list":["post-7009","event","type-event","status-publish","has-post-thumbnail","hentry","event_category-concerts-de-midi-et-demi"],"acf":{"presentation":"Les Concerts de Midi et Demi sont donn\u00e9s par les dipl\u00f4m\u00e9s, les \u00e9tudiants des niveaux sup\u00e9rieurs et les professeurs de l\u2019\u00c9cole Normale de Musique de Paris.\r\n\r\nIls sont coordonn\u00e9s et pr\u00e9sent\u00e9s par St\u00e9phane Fri\u00e9d\u00e9rich.\r\n\r\n<em>Entr\u00e9e libre sous r\u00e9serve des places disponibles.<\/em>","musicians":"<h4>______<\/h4>\r\n<h4>Victor Demarquette<\/h4>\r\nN\u00e9 en 2004, Victor Demarquette commence le piano \u00e0 l\u2019\u00e2ge de cinq ans et entre dans la classe de Rena Shereshevskaya \u00e0 l\u2019\u00c9cole normale de musique de Paris \u00e0 six ans.\r\n\r\nVictor Demarquette a travaill\u00e9 en parall\u00e8le avec Jean-Bernard Pommier \u00e0 l\u2019occasion des master-class d\u2019Enghien en Belgique. Derni\u00e8rement, il a particip\u00e9 aux master-class du Festival Ravel de Saint-Jean-de-Luz aupr\u00e8s de Jean-Fr\u00e9d\u00e9ric Neuburger.\r\n\r\nAyant fait partie du programme \u00ab Vocation \u00bb de l\u2019\u00c9cole normale de musique destin\u00e9 aux jeunes \u00e9tudiants, il est d\u00e9sormais en cycle sup\u00e9rieur de concertiste. \u00c9tudiant actif de l\u2019\u00c9cole, il participe \u00e0 l\u2019\u00e9mission G\u00e9n\u00e9ration France Musique d\u00e9di\u00e9e \u00e0 l\u2019\u00c9cole normale aupr\u00e8s d\u2019autres \u00e9l\u00e8ves et professeurs.\r\n\r\nVictor Demarquette s\u2019est produit dans de nombreuses saisons et festivals fran\u00e7ais en r\u00e9cital ou en musique de chambre notamment \u00e0 la Salle Cortot, au Th\u00e9\u00e2tre Saint-Bonnet de Bourges, au Festival des Grands Crus musicaux, des Musicales du Golfe, du P\u00e9rigord Noir, de Corsica Cantabile, au mus\u00e9e Estrine de Saint-R\u00e9my-de-Provence et prochainement au Festival Septembre musical de L\u2019Orne. En Octobre 2022, il rend hommage au pianiste Nicholas Angelich avec un r\u00e9cital dans la saison de la SMAC \u00e0 Marseille.\r\n\r\nVictor Demarquette donnera un r\u00e9cital au Sommets Musicaux de Gstaad en 2024. Il partage la sc\u00e8ne en musique de chambre avec le violoncelliste Marc Tchalik, avec le quatuor Tchalik, ainsi qu\u2019avec le t\u00e9nor Paul Germanaz avec qui il poursuit de nombreux projets. Il se produit aussi r\u00e9guli\u00e8rement avec son p\u00e8re, le violoncelliste Henri Demarquette.","program":"<strong>Johannes Brahms :<\/strong> Sonate n\u00b02 op.2\r\n\r\n<strong>Fr\u00e9d\u00e9ric Chopin :<\/strong> Pr\u00e9lude n\u00b017 op.28 - Ballade n\u00b03 op.47 - Polonaise n\u00b06 op.53\r\n\r\n<strong>Robert Schumann :<\/strong> Carnaval de Vienne op.26","host":"\u00c9cole Normale de Musique de Paris","date":"2024-10-02 00:00:00","time_start":"12:30:00","time_end":"13:30:00","end_date":"","location_name":"Salle Cortot","location_address":"78 rue Cardinet 75017 Paris","phone":"","link":"","booking_link":"","price_from":"","hide_price":true,"teachers":"","event_type":"","datetime":null,"end_datetime":null,"booking_infos":"","source_post_id":""},"yoast_head":"<!-- This site is optimized with the Yoast SEO plugin v27.5 - https:\/\/yoast.com\/product\/yoast-seo-wordpress\/ -->\n<title>Victor Demarquette (Piano) - Ecole Normale de Musique de Paris<\/title>\n<meta name=\"description\" content=\"Les Concerts de Midi et Demi sont donn\u00e9s par les dipl\u00f4m\u00e9s, les \u00e9tudiants des niveaux sup\u00e9rieurs et les professeurs de l\u2019\u00c9cole. Entr\u00e9e libre.\" \/>\n<meta name=\"robots\" content=\"index, follow, max-snippet:-1, max-image-preview:large, max-video-preview:-1\" \/>\n<link rel=\"canonical\" href=\"https:\/\/www.ecolenormalecortot.com\/en\/event\/concert-victor-demarquette\/\" \/>\n<meta property=\"og:locale\" content=\"en_US\" \/>\n<meta property=\"og:type\" content=\"article\" \/>\n<meta property=\"og:title\" content=\"Victor Demarquette (Piano) - Ecole Normale de Musique de Paris\" \/>\n<meta property=\"og:description\" content=\"Les Concerts de Midi et Demi sont donn\u00e9s par les dipl\u00f4m\u00e9s, les \u00e9tudiants des niveaux sup\u00e9rieurs et les professeurs de l\u2019\u00c9cole. Entr\u00e9e libre.\" \/>\n<meta property=\"og:url\" content=\"https:\/\/www.ecolenormalecortot.com\/en\/event\/concert-victor-demarquette\/\" \/>\n<meta property=\"og:site_name\" content=\"Ecole Normale de Musique de Paris\" \/>\n<meta property=\"article:modified_time\" content=\"2024-09-17T09:57:11+00:00\" \/>\n<meta property=\"og:image\" content=\"https:\/\/www.ecolenormalecortot.com\/wp-content\/uploads\/2024\/09\/DEMARQUETTE-Victor.png\" \/>\n\t<meta property=\"og:image:width\" content=\"640\" \/>\n\t<meta property=\"og:image:height\" content=\"427\" \/>\n\t<meta property=\"og:image:type\" content=\"image\/png\" \/>\n<meta name=\"twitter:card\" content=\"summary_large_image\" \/>\n<meta name=\"twitter:label1\" content=\"Est. reading time\" \/>\n\t<meta name=\"twitter:data1\" content=\"2 minutes\" \/>\n<script type=\"application\/ld+json\" class=\"yoast-schema-graph\">{\"@context\":\"https:\\\/\\\/schema.org\",\"@graph\":[{\"@type\":\"WebPage\",\"@id\":\"https:\\\/\\\/www.ecolenormalecortot.com\\\/en\\\/event\\\/concert-victor-demarquette\\\/\",\"url\":\"https:\\\/\\\/www.ecolenormalecortot.com\\\/en\\\/event\\\/concert-victor-demarquette\\\/\",\"name\":\"Victor Demarquette (Piano) - Ecole Normale de Musique de Paris\",\"isPartOf\":{\"@id\":\"https:\\\/\\\/www.ecolenormalecortot.com\\\/en\\\/#website\"},\"primaryImageOfPage\":{\"@id\":\"https:\\\/\\\/www.ecolenormalecortot.com\\\/en\\\/event\\\/concert-victor-demarquette\\\/#primaryimage\"},\"image\":{\"@id\":\"https:\\\/\\\/www.ecolenormalecortot.com\\\/en\\\/event\\\/concert-victor-demarquette\\\/#primaryimage\"},\"thumbnailUrl\":\"https:\\\/\\\/www.ecolenormalecortot.com\\\/wp-content\\\/uploads\\\/2024\\\/09\\\/DEMARQUETTE-Victor.png\",\"datePublished\":\"2024-09-17T09:46:01+00:00\",\"dateModified\":\"2024-09-17T09:57:11+00:00\",\"description\":\"Les Concerts de Midi et Demi sont donn\u00e9s par les dipl\u00f4m\u00e9s, les \u00e9tudiants des niveaux sup\u00e9rieurs et les professeurs de l\u2019\u00c9cole. Entr\u00e9e libre.\",\"breadcrumb\":{\"@id\":\"https:\\\/\\\/www.ecolenormalecortot.com\\\/en\\\/event\\\/concert-victor-demarquette\\\/#breadcrumb\"},\"inLanguage\":\"en-US\",\"potentialAction\":[{\"@type\":\"ReadAction\",\"target\":[\"https:\\\/\\\/www.ecolenormalecortot.com\\\/en\\\/event\\\/concert-victor-demarquette\\\/\"]}]},{\"@type\":\"ImageObject\",\"inLanguage\":\"en-US\",\"@id\":\"https:\\\/\\\/www.ecolenormalecortot.com\\\/en\\\/event\\\/concert-victor-demarquette\\\/#primaryimage\",\"url\":\"https:\\\/\\\/www.ecolenormalecortot.com\\\/wp-content\\\/uploads\\\/2024\\\/09\\\/DEMARQUETTE-Victor.png\",\"contentUrl\":\"https:\\\/\\\/www.ecolenormalecortot.com\\\/wp-content\\\/uploads\\\/2024\\\/09\\\/DEMARQUETTE-Victor.png\",\"width\":640,\"height\":427,\"caption\":\"DEMARQUETTE Victor\"},{\"@type\":\"BreadcrumbList\",\"@id\":\"https:\\\/\\\/www.ecolenormalecortot.com\\\/en\\\/event\\\/concert-victor-demarquette\\\/#breadcrumb\",\"itemListElement\":[{\"@type\":\"ListItem\",\"position\":1,\"name\":\"Accueil\",\"item\":\"https:\\\/\\\/www.ecolenormalecortot.com\\\/en\\\/\"},{\"@type\":\"ListItem\",\"position\":2,\"name\":\"\u00c9v\u00e8nements\",\"item\":\"https:\\\/\\\/www.ecolenormalecortot.com\\\/en\\\/event\\\/\"},{\"@type\":\"ListItem\",\"position\":3,\"name\":\"Victor Demarquette (Piano)\"}]},{\"@type\":\"WebSite\",\"@id\":\"https:\\\/\\\/www.ecolenormalecortot.com\\\/en\\\/#website\",\"url\":\"https:\\\/\\\/www.ecolenormalecortot.com\\\/en\\\/\",\"name\":\"Ecole Normale de Musique de Paris\",\"description\":\"\",\"publisher\":{\"@id\":\"https:\\\/\\\/www.ecolenormalecortot.com\\\/en\\\/#organization\"},\"potentialAction\":[{\"@type\":\"SearchAction\",\"target\":{\"@type\":\"EntryPoint\",\"urlTemplate\":\"https:\\\/\\\/www.ecolenormalecortot.com\\\/en\\\/?s={search_term_string}\"},\"query-input\":{\"@type\":\"PropertyValueSpecification\",\"valueRequired\":true,\"valueName\":\"search_term_string\"}}],\"inLanguage\":\"en-US\"},{\"@type\":\"Organization\",\"@id\":\"https:\\\/\\\/www.ecolenormalecortot.com\\\/en\\\/#organization\",\"name\":\"Ecole Normale de Musique de Paris\",\"url\":\"https:\\\/\\\/www.ecolenormalecortot.com\\\/en\\\/\",\"logo\":{\"@type\":\"ImageObject\",\"inLanguage\":\"en-US\",\"@id\":\"https:\\\/\\\/www.ecolenormalecortot.com\\\/en\\\/#\\\/schema\\\/logo\\\/image\\\/\",\"url\":\"https:\\\/\\\/www.ecolenormalecortot.com\\\/wp-content\\\/uploads\\\/2023\\\/02\\\/android-chrome-512x512-1.png\",\"contentUrl\":\"https:\\\/\\\/www.ecolenormalecortot.com\\\/wp-content\\\/uploads\\\/2023\\\/02\\\/android-chrome-512x512-1.png\",\"width\":512,\"height\":512,\"caption\":\"Ecole Normale de Musique de Paris\"},\"image\":{\"@id\":\"https:\\\/\\\/www.ecolenormalecortot.com\\\/en\\\/#\\\/schema\\\/logo\\\/image\\\/\"}}]}<\/script>\n<!-- \/ Yoast SEO plugin. -->","yoast_head_json":{"title":"Victor Demarquette (Piano) - Ecole Normale de Musique de Paris","description":"Les Concerts de Midi et Demi sont donn\u00e9s par les dipl\u00f4m\u00e9s, les \u00e9tudiants des niveaux sup\u00e9rieurs et les professeurs de l\u2019\u00c9cole. Entr\u00e9e libre.","robots":{"index":"index","follow":"follow","max-snippet":"max-snippet:-1","max-image-preview":"max-image-preview:large","max-video-preview":"max-video-preview:-1"},"canonical":"https:\/\/www.ecolenormalecortot.com\/en\/event\/concert-victor-demarquette\/","og_locale":"en_US","og_type":"article","og_title":"Victor Demarquette (Piano) - Ecole Normale de Musique de Paris","og_description":"Les Concerts de Midi et Demi sont donn\u00e9s par les dipl\u00f4m\u00e9s, les \u00e9tudiants des niveaux sup\u00e9rieurs et les professeurs de l\u2019\u00c9cole. Entr\u00e9e libre.","og_url":"https:\/\/www.ecolenormalecortot.com\/en\/event\/concert-victor-demarquette\/","og_site_name":"Ecole Normale de Musique de Paris","article_modified_time":"2024-09-17T09:57:11+00:00","og_image":[{"width":640,"height":427,"url":"https:\/\/www.ecolenormalecortot.com\/wp-content\/uploads\/2024\/09\/DEMARQUETTE-Victor.png","type":"image\/png"}],"twitter_card":"summary_large_image","twitter_misc":{"Est. reading time":"2 minutes"},"schema":{"@context":"https:\/\/schema.org","@graph":[{"@type":"WebPage","@id":"https:\/\/www.ecolenormalecortot.com\/en\/event\/concert-victor-demarquette\/","url":"https:\/\/www.ecolenormalecortot.com\/en\/event\/concert-victor-demarquette\/","name":"Victor Demarquette (Piano) - Ecole Normale de Musique de Paris","isPartOf":{"@id":"https:\/\/www.ecolenormalecortot.com\/en\/#website"},"primaryImageOfPage":{"@id":"https:\/\/www.ecolenormalecortot.com\/en\/event\/concert-victor-demarquette\/#primaryimage"},"image":{"@id":"https:\/\/www.ecolenormalecortot.com\/en\/event\/concert-victor-demarquette\/#primaryimage"},"thumbnailUrl":"https:\/\/www.ecolenormalecortot.com\/wp-content\/uploads\/2024\/09\/DEMARQUETTE-Victor.png","datePublished":"2024-09-17T09:46:01+00:00","dateModified":"2024-09-17T09:57:11+00:00","description":"Les Concerts de Midi et Demi sont donn\u00e9s par les dipl\u00f4m\u00e9s, les \u00e9tudiants des niveaux sup\u00e9rieurs et les professeurs de l\u2019\u00c9cole. Entr\u00e9e libre.","breadcrumb":{"@id":"https:\/\/www.ecolenormalecortot.com\/en\/event\/concert-victor-demarquette\/#breadcrumb"},"inLanguage":"en-US","potentialAction":[{"@type":"ReadAction","target":["https:\/\/www.ecolenormalecortot.com\/en\/event\/concert-victor-demarquette\/"]}]},{"@type":"ImageObject","inLanguage":"en-US","@id":"https:\/\/www.ecolenormalecortot.com\/en\/event\/concert-victor-demarquette\/#primaryimage","url":"https:\/\/www.ecolenormalecortot.com\/wp-content\/uploads\/2024\/09\/DEMARQUETTE-Victor.png","contentUrl":"https:\/\/www.ecolenormalecortot.com\/wp-content\/uploads\/2024\/09\/DEMARQUETTE-Victor.png","width":640,"height":427,"caption":"DEMARQUETTE Victor"},{"@type":"BreadcrumbList","@id":"https:\/\/www.ecolenormalecortot.com\/en\/event\/concert-victor-demarquette\/#breadcrumb","itemListElement":[{"@type":"ListItem","position":1,"name":"Accueil","item":"https:\/\/www.ecolenormalecortot.com\/en\/"},{"@type":"ListItem","position":2,"name":"\u00c9v\u00e8nements","item":"https:\/\/www.ecolenormalecortot.com\/en\/event\/"},{"@type":"ListItem","position":3,"name":"Victor Demarquette (Piano)"}]},{"@type":"WebSite","@id":"https:\/\/www.ecolenormalecortot.com\/en\/#website","url":"https:\/\/www.ecolenormalecortot.com\/en\/","name":"Ecole Normale de Musique de Paris","description":"","publisher":{"@id":"https:\/\/www.ecolenormalecortot.com\/en\/#organization"},"potentialAction":[{"@type":"SearchAction","target":{"@type":"EntryPoint","urlTemplate":"https:\/\/www.ecolenormalecortot.com\/en\/?s={search_term_string}"},"query-input":{"@type":"PropertyValueSpecification","valueRequired":true,"valueName":"search_term_string"}}],"inLanguage":"en-US"},{"@type":"Organization","@id":"https:\/\/www.ecolenormalecortot.com\/en\/#organization","name":"Ecole Normale de Musique de Paris","url":"https:\/\/www.ecolenormalecortot.com\/en\/","logo":{"@type":"ImageObject","inLanguage":"en-US","@id":"https:\/\/www.ecolenormalecortot.com\/en\/#\/schema\/logo\/image\/","url":"https:\/\/www.ecolenormalecortot.com\/wp-content\/uploads\/2023\/02\/android-chrome-512x512-1.png","contentUrl":"https:\/\/www.ecolenormalecortot.com\/wp-content\/uploads\/2023\/02\/android-chrome-512x512-1.png","width":512,"height":512,"caption":"Ecole Normale de Musique de Paris"},"image":{"@id":"https:\/\/www.ecolenormalecortot.com\/en\/#\/schema\/logo\/image\/"}}]}},"_links":{"self":[{"href":"https:\/\/www.ecolenormalecortot.com\/en\/wp-json\/wp\/v2\/event\/7009","targetHints":{"allow":["GET"]}}],"collection":[{"href":"https:\/\/www.ecolenormalecortot.com\/en\/wp-json\/wp\/v2\/event"}],"about":[{"href":"https:\/\/www.ecolenormalecortot.com\/en\/wp-json\/wp\/v2\/types\/event"}],"wp:featuredmedia":[{"embeddable":true,"href":"https:\/\/www.ecolenormalecortot.com\/en\/wp-json\/wp\/v2\/media\/7010"}],"wp:attachment":[{"href":"https:\/\/www.ecolenormalecortot.com\/en\/wp-json\/wp\/v2\/media?parent=7009"}],"wp:term":[{"taxonomy":"event_category","embeddable":true,"href":"https:\/\/www.ecolenormalecortot.com\/en\/wp-json\/wp\/v2\/event_category?post=7009"}],"curies":[{"name":"wp","href":"https:\/\/api.w.org\/{rel}","templated":true}]}}