{"id":7007,"date":"2024-09-16T10:52:36","date_gmt":"2024-09-16T08:52:36","guid":{"rendered":"https:\/\/www.ecolenormalecortot.com\/?post_type=event&#038;p=7007"},"modified":"2024-09-17T11:42:27","modified_gmt":"2024-09-17T09:42:27","slug":"concert-de-midi-et-demi-70","status":"publish","type":"event","link":"https:\/\/www.ecolenormalecortot.com\/en\/event\/concert-de-midi-et-demi-70\/","title":{"rendered":"Ryan Wang (Piano)"},"content":{"rendered":"","protected":false},"excerpt":{"rendered":"","protected":false},"featured_media":6816,"template":"","meta":{"_acf_changed":false},"event_category":[168],"class_list":["post-7007","event","type-event","status-publish","has-post-thumbnail","hentry","event_category-concerts-de-midi-et-demi"],"acf":{"presentation":"Les Concerts de Midi et Demi sont donn\u00e9s par les dipl\u00f4m\u00e9s, les \u00e9tudiants des niveaux sup\u00e9rieurs et les professeurs de l\u2019\u00c9cole Normale de Musique de Paris.\r\n\r\nIls sont coordonn\u00e9s et pr\u00e9sent\u00e9s par St\u00e9phane Fri\u00e9d\u00e9rich.\r\n\r\n<em>Entr\u00e9e libre sous r\u00e9serve des places disponibles.<\/em>","musicians":"<h4>______<\/h4>\r\n<h4>Ryan Wang<\/h4>\r\nRyan Wang, 16 ans, originaire de Vancouver au Canada, a commenc\u00e9 \u00e0 jouer du piano \u00e0 l\u2019\u00e2ge de quatre ans et a donn\u00e9 son premier r\u00e9cital solo \u00e0 l\u2019\u00e2ge de six ans. En 2013, il a commenc\u00e9 ses \u00e9tudes musicales sous la tutelle du professeur Lee Kum Sing et du Dr Sunsung Kong. Il \u00e9tudie actuellement gr\u00e2ce \u00e0 une bourse de musique avec M. Gareth Owen au coll\u00e8ge Eton au Royaume-Uni, et il a obtenu son dipl\u00f4me d\u2019artiste sous la direction du professeur Marian Rybicki \u00e0 l\u2019\u00c9cole Normale de Musique de Paris en France en mai 2024, devenant ainsi le plus jeune \u00e0 remporter le Prix Cortot.\r\n\r\n<span style=\"color: initial; font-size: initial;\">Ryan m\u00e8ne une carri\u00e8re de concertiste bien remplie, \u00e0 la fois en solo et avec des orchestres \u00e0 travers le monde, notamment en Europe, en Asie et en Am\u00e9rique du Nord. Il s\u2019est produit dans de nombreux lieux importants et prestigieux tels que le Carnegie Hall, la Fondation Louis Vuitton, la\u00a0<\/span><a style=\"font-size: initial; background-color: #fcf7f1;\" href=\"https:\/\/sallecortot.com\/\">Salle Cortot<\/a><span style=\"color: initial; font-size: initial;\">, le Ellen DeGeneres Show, le Fazioli Concert Hall, RTHK radio 4 (Hong Kong), CCTV 4 (Chine), CBC Music, en direct sur la station de radio FM96.3 de Toronto \u00e0 Zoomer Hall, et Radio Classique en France. Il a \u00e9t\u00e9 invit\u00e9 \u00e0 se produire dans le cadre de la composante culturelle de la participation du Canada au Sommet de l\u2019APEC \u00e0 P\u00e9kin en 2014, et il a \u00e9galement \u00e9t\u00e9 invit\u00e9 \u00e0 donner un r\u00e9cital priv\u00e9 chez le Premier ministre canadien Steven Harper. Ses apparitions orchestrales incluent celles avec le Singapore Symphony Orchestra, le Toronto Festival Orchestra, le Xiamen Philharmonic Orchestra, le Vancouver Metropolitan Orchestra, le West Coast Symphony Orchestra, le Helsingborg Symphony Orchestra et bien d\u2019autres.<\/span>\r\n\r\n<span style=\"color: initial; font-size: initial;\">Parmi ses r\u00e9compenses figurent des victoires au Concours international de piano \u2018SAMSON FRANCOIS\u2019 en 2022, au Concours international de piano Jeune Chopin en Suisse en 2023, au Concours international de piano de Cleveland pour jeunes artistes (groupe senior) en 2023, au 18e Concours international de piano Animato \u00e0 Paris \u00e9dition Frederic Chopin en 2023, et au Prix du Piano Bern en 2024. En 2017 et 2019, Ryan a re\u00e7u la bourse de l\u2019artiste \u00e9mergent de l\u2019Acad\u00e9mie de musique de Vancouver. En mars 2023, Ryan est devenu \u00e0 l\u2019\u00e2ge de 15 ans le plus jeune musicien \u00e0 \u00eatre inclus dans la liste des 30 brillantes \u00e9toiles montantes de moins de 30 ans par la station de radio britannique Classic FM. Ryan a \u00e9galement \u00e9t\u00e9 inclus dans la s\u00e9rie New Generation Piano 2022-2023 avec 3 autres pianistes (Bruce Liu, Alim Beisembayev et Yunchan Lim) par la Fondation Louis Vuitton, et il a \u00e9t\u00e9 invit\u00e9 \u00e0 donner un r\u00e9cital solo dans la salle de concert de la Fondation \u00e0 Paris en 2023<\/span>","program":"<strong>Fr\u00e9d\u00e9ric Chopin<\/strong>\r\n\r\n\u2022 Polonaise-Fantaisie op.61\r\n\r\n\u2022 Scherzo n\u00b03 op 39\r\n\r\n\u2022 Sonate n\u00b02 op 35 \u201cFun\u00e8bre\u201d\r\n\r\n\u2022 Variations sur \u00ab La ci darem la mano \u00bb op.2","host":"\u00c9cole Normale de Musique de Paris","date":"2024-10-01 00:00:00","time_start":"12:30:00","time_end":"13:30:00","end_date":"","location_name":"Salle Cortot","location_address":"78 rue Cardinet 75017 Paris","phone":"","link":"","booking_link":"","price_from":"","hide_price":true,"teachers":"","event_type":"","datetime":null,"end_datetime":null,"booking_infos":"","source_post_id":""},"yoast_head":"<!-- This site is optimized with the Yoast SEO plugin v27.5 - https:\/\/yoast.com\/product\/yoast-seo-wordpress\/ -->\n<title>Ryan Wang (Piano) - Ecole Normale de Musique de Paris<\/title>\n<meta name=\"description\" content=\"Les Concerts de Midi et Demi sont donn\u00e9s par les dipl\u00f4m\u00e9s, les \u00e9tudiants des niveaux sup\u00e9rieurs et les professeurs de l\u2019\u00c9cole. Entr\u00e9e libre.\" \/>\n<meta name=\"robots\" content=\"index, follow, max-snippet:-1, max-image-preview:large, max-video-preview:-1\" \/>\n<link rel=\"canonical\" href=\"https:\/\/www.ecolenormalecortot.com\/en\/event\/concert-de-midi-et-demi-70\/\" \/>\n<meta property=\"og:locale\" content=\"en_US\" \/>\n<meta property=\"og:type\" content=\"article\" \/>\n<meta property=\"og:title\" content=\"Ryan Wang (Piano) - Ecole Normale de Musique de Paris\" \/>\n<meta property=\"og:description\" content=\"Les Concerts de Midi et Demi sont donn\u00e9s par les dipl\u00f4m\u00e9s, les \u00e9tudiants des niveaux sup\u00e9rieurs et les professeurs de l\u2019\u00c9cole. Entr\u00e9e libre.\" \/>\n<meta property=\"og:url\" content=\"https:\/\/www.ecolenormalecortot.com\/en\/event\/concert-de-midi-et-demi-70\/\" \/>\n<meta property=\"og:site_name\" content=\"Ecole Normale de Musique de Paris\" \/>\n<meta property=\"article:modified_time\" content=\"2024-09-17T09:42:27+00:00\" \/>\n<meta property=\"og:image\" content=\"https:\/\/www.ecolenormalecortot.com\/wp-content\/uploads\/2024\/06\/unnamed-file-1024x724.png\" \/>\n\t<meta property=\"og:image:width\" content=\"1024\" \/>\n\t<meta property=\"og:image:height\" content=\"724\" \/>\n\t<meta property=\"og:image:type\" content=\"image\/png\" \/>\n<meta name=\"twitter:card\" content=\"summary_large_image\" \/>\n<meta name=\"twitter:label1\" content=\"Est. reading time\" \/>\n\t<meta name=\"twitter:data1\" content=\"3 minutes\" \/>\n<script type=\"application\/ld+json\" class=\"yoast-schema-graph\">{\"@context\":\"https:\\\/\\\/schema.org\",\"@graph\":[{\"@type\":\"WebPage\",\"@id\":\"https:\\\/\\\/www.ecolenormalecortot.com\\\/en\\\/event\\\/concert-de-midi-et-demi-70\\\/\",\"url\":\"https:\\\/\\\/www.ecolenormalecortot.com\\\/en\\\/event\\\/concert-de-midi-et-demi-70\\\/\",\"name\":\"Ryan Wang (Piano) - Ecole Normale de Musique de Paris\",\"isPartOf\":{\"@id\":\"https:\\\/\\\/www.ecolenormalecortot.com\\\/en\\\/#website\"},\"primaryImageOfPage\":{\"@id\":\"https:\\\/\\\/www.ecolenormalecortot.com\\\/en\\\/event\\\/concert-de-midi-et-demi-70\\\/#primaryimage\"},\"image\":{\"@id\":\"https:\\\/\\\/www.ecolenormalecortot.com\\\/en\\\/event\\\/concert-de-midi-et-demi-70\\\/#primaryimage\"},\"thumbnailUrl\":\"https:\\\/\\\/www.ecolenormalecortot.com\\\/wp-content\\\/uploads\\\/2024\\\/06\\\/unnamed-file.png\",\"datePublished\":\"2024-09-16T08:52:36+00:00\",\"dateModified\":\"2024-09-17T09:42:27+00:00\",\"description\":\"Les Concerts de Midi et Demi sont donn\u00e9s par les dipl\u00f4m\u00e9s, les \u00e9tudiants des niveaux sup\u00e9rieurs et les professeurs de l\u2019\u00c9cole. Entr\u00e9e libre.\",\"breadcrumb\":{\"@id\":\"https:\\\/\\\/www.ecolenormalecortot.com\\\/en\\\/event\\\/concert-de-midi-et-demi-70\\\/#breadcrumb\"},\"inLanguage\":\"en-US\",\"potentialAction\":[{\"@type\":\"ReadAction\",\"target\":[\"https:\\\/\\\/www.ecolenormalecortot.com\\\/en\\\/event\\\/concert-de-midi-et-demi-70\\\/\"]}]},{\"@type\":\"ImageObject\",\"inLanguage\":\"en-US\",\"@id\":\"https:\\\/\\\/www.ecolenormalecortot.com\\\/en\\\/event\\\/concert-de-midi-et-demi-70\\\/#primaryimage\",\"url\":\"https:\\\/\\\/www.ecolenormalecortot.com\\\/wp-content\\\/uploads\\\/2024\\\/06\\\/unnamed-file.png\",\"contentUrl\":\"https:\\\/\\\/www.ecolenormalecortot.com\\\/wp-content\\\/uploads\\\/2024\\\/06\\\/unnamed-file.png\",\"width\":2000,\"height\":1414,\"caption\":\"Ryan Wang\"},{\"@type\":\"BreadcrumbList\",\"@id\":\"https:\\\/\\\/www.ecolenormalecortot.com\\\/en\\\/event\\\/concert-de-midi-et-demi-70\\\/#breadcrumb\",\"itemListElement\":[{\"@type\":\"ListItem\",\"position\":1,\"name\":\"Accueil\",\"item\":\"https:\\\/\\\/www.ecolenormalecortot.com\\\/en\\\/\"},{\"@type\":\"ListItem\",\"position\":2,\"name\":\"\u00c9v\u00e8nements\",\"item\":\"https:\\\/\\\/www.ecolenormalecortot.com\\\/en\\\/event\\\/\"},{\"@type\":\"ListItem\",\"position\":3,\"name\":\"Ryan Wang (Piano)\"}]},{\"@type\":\"WebSite\",\"@id\":\"https:\\\/\\\/www.ecolenormalecortot.com\\\/en\\\/#website\",\"url\":\"https:\\\/\\\/www.ecolenormalecortot.com\\\/en\\\/\",\"name\":\"Ecole Normale de Musique de Paris\",\"description\":\"\",\"publisher\":{\"@id\":\"https:\\\/\\\/www.ecolenormalecortot.com\\\/en\\\/#organization\"},\"potentialAction\":[{\"@type\":\"SearchAction\",\"target\":{\"@type\":\"EntryPoint\",\"urlTemplate\":\"https:\\\/\\\/www.ecolenormalecortot.com\\\/en\\\/?s={search_term_string}\"},\"query-input\":{\"@type\":\"PropertyValueSpecification\",\"valueRequired\":true,\"valueName\":\"search_term_string\"}}],\"inLanguage\":\"en-US\"},{\"@type\":\"Organization\",\"@id\":\"https:\\\/\\\/www.ecolenormalecortot.com\\\/en\\\/#organization\",\"name\":\"Ecole Normale de Musique de Paris\",\"url\":\"https:\\\/\\\/www.ecolenormalecortot.com\\\/en\\\/\",\"logo\":{\"@type\":\"ImageObject\",\"inLanguage\":\"en-US\",\"@id\":\"https:\\\/\\\/www.ecolenormalecortot.com\\\/en\\\/#\\\/schema\\\/logo\\\/image\\\/\",\"url\":\"https:\\\/\\\/www.ecolenormalecortot.com\\\/wp-content\\\/uploads\\\/2023\\\/02\\\/android-chrome-512x512-1.png\",\"contentUrl\":\"https:\\\/\\\/www.ecolenormalecortot.com\\\/wp-content\\\/uploads\\\/2023\\\/02\\\/android-chrome-512x512-1.png\",\"width\":512,\"height\":512,\"caption\":\"Ecole Normale de Musique de Paris\"},\"image\":{\"@id\":\"https:\\\/\\\/www.ecolenormalecortot.com\\\/en\\\/#\\\/schema\\\/logo\\\/image\\\/\"}}]}<\/script>\n<!-- \/ Yoast SEO plugin. -->","yoast_head_json":{"title":"Ryan Wang (Piano) - Ecole Normale de Musique de Paris","description":"Les Concerts de Midi et Demi sont donn\u00e9s par les dipl\u00f4m\u00e9s, les \u00e9tudiants des niveaux sup\u00e9rieurs et les professeurs de l\u2019\u00c9cole. Entr\u00e9e libre.","robots":{"index":"index","follow":"follow","max-snippet":"max-snippet:-1","max-image-preview":"max-image-preview:large","max-video-preview":"max-video-preview:-1"},"canonical":"https:\/\/www.ecolenormalecortot.com\/en\/event\/concert-de-midi-et-demi-70\/","og_locale":"en_US","og_type":"article","og_title":"Ryan Wang (Piano) - Ecole Normale de Musique de Paris","og_description":"Les Concerts de Midi et Demi sont donn\u00e9s par les dipl\u00f4m\u00e9s, les \u00e9tudiants des niveaux sup\u00e9rieurs et les professeurs de l\u2019\u00c9cole. Entr\u00e9e libre.","og_url":"https:\/\/www.ecolenormalecortot.com\/en\/event\/concert-de-midi-et-demi-70\/","og_site_name":"Ecole Normale de Musique de Paris","article_modified_time":"2024-09-17T09:42:27+00:00","og_image":[{"width":1024,"height":724,"url":"https:\/\/www.ecolenormalecortot.com\/wp-content\/uploads\/2024\/06\/unnamed-file-1024x724.png","type":"image\/png"}],"twitter_card":"summary_large_image","twitter_misc":{"Est. reading time":"3 minutes"},"schema":{"@context":"https:\/\/schema.org","@graph":[{"@type":"WebPage","@id":"https:\/\/www.ecolenormalecortot.com\/en\/event\/concert-de-midi-et-demi-70\/","url":"https:\/\/www.ecolenormalecortot.com\/en\/event\/concert-de-midi-et-demi-70\/","name":"Ryan Wang (Piano) - Ecole Normale de Musique de Paris","isPartOf":{"@id":"https:\/\/www.ecolenormalecortot.com\/en\/#website"},"primaryImageOfPage":{"@id":"https:\/\/www.ecolenormalecortot.com\/en\/event\/concert-de-midi-et-demi-70\/#primaryimage"},"image":{"@id":"https:\/\/www.ecolenormalecortot.com\/en\/event\/concert-de-midi-et-demi-70\/#primaryimage"},"thumbnailUrl":"https:\/\/www.ecolenormalecortot.com\/wp-content\/uploads\/2024\/06\/unnamed-file.png","datePublished":"2024-09-16T08:52:36+00:00","dateModified":"2024-09-17T09:42:27+00:00","description":"Les Concerts de Midi et Demi sont donn\u00e9s par les dipl\u00f4m\u00e9s, les \u00e9tudiants des niveaux sup\u00e9rieurs et les professeurs de l\u2019\u00c9cole. Entr\u00e9e libre.","breadcrumb":{"@id":"https:\/\/www.ecolenormalecortot.com\/en\/event\/concert-de-midi-et-demi-70\/#breadcrumb"},"inLanguage":"en-US","potentialAction":[{"@type":"ReadAction","target":["https:\/\/www.ecolenormalecortot.com\/en\/event\/concert-de-midi-et-demi-70\/"]}]},{"@type":"ImageObject","inLanguage":"en-US","@id":"https:\/\/www.ecolenormalecortot.com\/en\/event\/concert-de-midi-et-demi-70\/#primaryimage","url":"https:\/\/www.ecolenormalecortot.com\/wp-content\/uploads\/2024\/06\/unnamed-file.png","contentUrl":"https:\/\/www.ecolenormalecortot.com\/wp-content\/uploads\/2024\/06\/unnamed-file.png","width":2000,"height":1414,"caption":"Ryan Wang"},{"@type":"BreadcrumbList","@id":"https:\/\/www.ecolenormalecortot.com\/en\/event\/concert-de-midi-et-demi-70\/#breadcrumb","itemListElement":[{"@type":"ListItem","position":1,"name":"Accueil","item":"https:\/\/www.ecolenormalecortot.com\/en\/"},{"@type":"ListItem","position":2,"name":"\u00c9v\u00e8nements","item":"https:\/\/www.ecolenormalecortot.com\/en\/event\/"},{"@type":"ListItem","position":3,"name":"Ryan Wang (Piano)"}]},{"@type":"WebSite","@id":"https:\/\/www.ecolenormalecortot.com\/en\/#website","url":"https:\/\/www.ecolenormalecortot.com\/en\/","name":"Ecole Normale de Musique de Paris","description":"","publisher":{"@id":"https:\/\/www.ecolenormalecortot.com\/en\/#organization"},"potentialAction":[{"@type":"SearchAction","target":{"@type":"EntryPoint","urlTemplate":"https:\/\/www.ecolenormalecortot.com\/en\/?s={search_term_string}"},"query-input":{"@type":"PropertyValueSpecification","valueRequired":true,"valueName":"search_term_string"}}],"inLanguage":"en-US"},{"@type":"Organization","@id":"https:\/\/www.ecolenormalecortot.com\/en\/#organization","name":"Ecole Normale de Musique de Paris","url":"https:\/\/www.ecolenormalecortot.com\/en\/","logo":{"@type":"ImageObject","inLanguage":"en-US","@id":"https:\/\/www.ecolenormalecortot.com\/en\/#\/schema\/logo\/image\/","url":"https:\/\/www.ecolenormalecortot.com\/wp-content\/uploads\/2023\/02\/android-chrome-512x512-1.png","contentUrl":"https:\/\/www.ecolenormalecortot.com\/wp-content\/uploads\/2023\/02\/android-chrome-512x512-1.png","width":512,"height":512,"caption":"Ecole Normale de Musique de Paris"},"image":{"@id":"https:\/\/www.ecolenormalecortot.com\/en\/#\/schema\/logo\/image\/"}}]}},"_links":{"self":[{"href":"https:\/\/www.ecolenormalecortot.com\/en\/wp-json\/wp\/v2\/event\/7007","targetHints":{"allow":["GET"]}}],"collection":[{"href":"https:\/\/www.ecolenormalecortot.com\/en\/wp-json\/wp\/v2\/event"}],"about":[{"href":"https:\/\/www.ecolenormalecortot.com\/en\/wp-json\/wp\/v2\/types\/event"}],"wp:featuredmedia":[{"embeddable":true,"href":"https:\/\/www.ecolenormalecortot.com\/en\/wp-json\/wp\/v2\/media\/6816"}],"wp:attachment":[{"href":"https:\/\/www.ecolenormalecortot.com\/en\/wp-json\/wp\/v2\/media?parent=7007"}],"wp:term":[{"taxonomy":"event_category","embeddable":true,"href":"https:\/\/www.ecolenormalecortot.com\/en\/wp-json\/wp\/v2\/event_category?post=7007"}],"curies":[{"name":"wp","href":"https:\/\/api.w.org\/{rel}","templated":true}]}}