{"id":6918,"date":"2024-07-23T11:55:08","date_gmt":"2024-07-23T09:55:08","guid":{"rendered":"https:\/\/www.ecolenormalecortot.com\/?post_type=event&#038;p=6918"},"modified":"2024-09-17T14:22:52","modified_gmt":"2024-09-17T12:22:52","slug":"masterclasse-de-violon-avec-nemanja-radulovic","status":"publish","type":"event","link":"https:\/\/www.ecolenormalecortot.com\/en\/event\/masterclasse-de-violon-avec-nemanja-radulovic\/","title":{"rendered":"Masterclasse de violon avec Nemanja Radulovic"},"content":{"rendered":"","protected":false},"excerpt":{"rendered":"","protected":false},"featured_media":6919,"template":"","meta":{"_acf_changed":false},"event_category":[65],"class_list":["post-6918","event","type-event","status-publish","has-post-thumbnail","hentry","event_category-les-rencontres-musicales-de-cortot"],"acf":{"presentation":"<h4><strong>LES RENCONTRES MUSICALES DE CORTOT<\/strong><\/h4>\r\n<strong>La saison de l\u2019\u00c9cole Normale de Musique de Paris<\/strong>\r\n<strong>o\u00f9 se c\u00f4toient grands solistes d\u2019aujourd\u2019hui et \u00e9toiles de demain.<\/strong>\r\n\r\nL\u2019\u00c9cole Normale de Musique de Paris accueille <a href=\"https:\/\/www.nemanjaviolin.com\/\"><strong>Nemanja Radulovic<\/strong><\/a><b>\u00a0<\/b>pour une masterclasse de violon.\r\n<div class=\"flex flex-grow flex-col max-w-full\">\r\n<div class=\"min-h-[20px] text-message flex w-full flex-col items-end gap-2 whitespace-pre-wrap break-words [.text-message+&amp;]:mt-5 overflow-x-auto\" dir=\"auto\" data-message-author-role=\"assistant\" data-message-id=\"b4d61e01-62be-4ae0-b137-c8270d414641\">\r\n<div class=\"flex w-full flex-col gap-1 empty:hidden first:pt-[3px]\">\r\n<div class=\"markdown prose w-full break-words dark:prose-invert dark\">\r\n<h4>______<\/h4>\r\n<h4>Nemanja Radulovic<\/h4>\r\nLe violoniste franco-serbe Nemanja Radulovi\u0107 d\u00e9fend le pouvoir de la musique de rassembler les gens avec son \u00e9nergie et sa franchise uniques, sa virtuosit\u00e9 palpitante, sa profondeur d'expression et sa programmation aventureuse. Ses d\u00e9buts tr\u00e8s attendus aux BBC Proms en 2019 avec l'Orchestre symphonique de Bournemouth et Kirill Karabits ont \u00e9t\u00e9 marqu\u00e9s par un Concerto pour violon de Barber jou\u00e9 avec \u00ab d\u00e9licatesse lyrique et... super-virtuosit\u00e9 \u00bb (The Times).\r\n\r\nSign\u00e9 exclusivement avec Warner Classics en 2021, le premier album de Nemanja Radulovi\u0107 sur le label - ROOTS - repr\u00e9sente un voyage sonore envo\u00fbtant \u00e9voqu\u00e9 par ses nombreuses influences et inspirations \u00e0 ce jour. Son pr\u00e9c\u00e9dent album, Ba\u00efka, qui fait partie d'une s\u00e9rie de neuf enregistrements r\u00e9ussis sur les labels Deutsche Grammophon et Universal Music Group, a \u00e9t\u00e9 qualifi\u00e9 de \u00ab tourbillon ardent d'un album... \u00bb par le BBC Music Magazine, qui lui a d\u00e9cern\u00e9 5 \u00e9toiles et le tr\u00e8s convoit\u00e9 Critics' Choice Award. Gramophone Magazine a fait l'\u00e9loge des \u00ab associations imaginatives \u00bb de Ba\u00efka, d\u00e9clarant que \u00ab ...Radulovi\u0107 exp\u00e9die [le Concerto pour violon de Khachaturian] avec \u00e9nergie et puissance de feu... \u00bb et que \u00ab ...avec Radulovi\u0107 en tant que narrateur, c'est un album qui a des histoires fascinantes \u00e0 raconter... \u00bb.\r\n\r\n<\/div>\r\n<\/div>\r\n<\/div>\r\n<\/div>","musicians":"","program":"<strong>Programme et Tarifs \u00e0 venir.<\/strong>\r\n<em>Gratuit pour les \u00e9l\u00e8ves et les professeurs de l\u2019\u00c9cole<\/em>","host":"\u00c9cole Normale de Musique de Paris","date":"2025-02-17 20:00:00","time_start":"20:00:00","time_end":"22:00:00","end_date":"","location_name":"Salle Cortot","location_address":"78 rue Cardinet 75017 Paris","phone":"","link":"","booking_link":"https:\/\/fb-fest.tickandlive.com\/reserver\/masterclass-de-violon-avec-nemanja-radulovic\/98863?idwl=12","price_from":"10","hide_price":false,"teachers":"","event_type":"","datetime":null,"end_datetime":null,"booking_infos":"","source_post_id":""},"yoast_head":"<!-- This site is optimized with the Yoast SEO plugin v27.5 - https:\/\/yoast.com\/product\/yoast-seo-wordpress\/ -->\n<title>Masterclasse de violon avec Nemanja Radulovic<\/title>\n<meta name=\"description\" content=\"L\u2019\u00c9cole Normale de Musique de Paris accueille le violoniste franco-serbe Nemanja Radulovic\u00a0pour une masterclasse de violon.\" \/>\n<meta name=\"robots\" content=\"index, follow, max-snippet:-1, max-image-preview:large, max-video-preview:-1\" \/>\n<link rel=\"canonical\" href=\"https:\/\/www.ecolenormalecortot.com\/en\/event\/masterclasse-de-violon-avec-nemanja-radulovic\/\" \/>\n<meta property=\"og:locale\" content=\"en_US\" \/>\n<meta property=\"og:type\" content=\"article\" \/>\n<meta property=\"og:title\" content=\"Masterclasse de violon avec Nemanja Radulovic\" \/>\n<meta property=\"og:description\" content=\"L\u2019\u00c9cole Normale de Musique de Paris accueille le violoniste franco-serbe Nemanja Radulovic\u00a0pour une masterclasse de violon.\" \/>\n<meta property=\"og:url\" content=\"https:\/\/www.ecolenormalecortot.com\/en\/event\/masterclasse-de-violon-avec-nemanja-radulovic\/\" \/>\n<meta property=\"og:site_name\" content=\"Ecole Normale de Musique de Paris\" \/>\n<meta property=\"article:modified_time\" content=\"2024-09-17T12:22:52+00:00\" \/>\n<meta property=\"og:image\" content=\"https:\/\/www.ecolenormalecortot.com\/wp-content\/uploads\/2024\/07\/RADULOVIC-Nemanja-.jpg\" \/>\n\t<meta property=\"og:image:width\" content=\"1920\" \/>\n\t<meta property=\"og:image:height\" content=\"1080\" \/>\n\t<meta property=\"og:image:type\" content=\"image\/jpeg\" \/>\n<meta name=\"twitter:card\" content=\"summary_large_image\" \/>\n<meta name=\"twitter:label1\" content=\"Est. reading time\" \/>\n\t<meta name=\"twitter:data1\" content=\"2 minutes\" \/>\n<script type=\"application\/ld+json\" class=\"yoast-schema-graph\">{\"@context\":\"https:\\\/\\\/schema.org\",\"@graph\":[{\"@type\":\"WebPage\",\"@id\":\"https:\\\/\\\/www.ecolenormalecortot.com\\\/en\\\/event\\\/masterclasse-de-violon-avec-nemanja-radulovic\\\/\",\"url\":\"https:\\\/\\\/www.ecolenormalecortot.com\\\/en\\\/event\\\/masterclasse-de-violon-avec-nemanja-radulovic\\\/\",\"name\":\"Masterclasse de violon avec Nemanja Radulovic\",\"isPartOf\":{\"@id\":\"https:\\\/\\\/www.ecolenormalecortot.com\\\/en\\\/#website\"},\"primaryImageOfPage\":{\"@id\":\"https:\\\/\\\/www.ecolenormalecortot.com\\\/en\\\/event\\\/masterclasse-de-violon-avec-nemanja-radulovic\\\/#primaryimage\"},\"image\":{\"@id\":\"https:\\\/\\\/www.ecolenormalecortot.com\\\/en\\\/event\\\/masterclasse-de-violon-avec-nemanja-radulovic\\\/#primaryimage\"},\"thumbnailUrl\":\"https:\\\/\\\/www.ecolenormalecortot.com\\\/wp-content\\\/uploads\\\/2024\\\/07\\\/RADULOVIC-Nemanja-.jpg\",\"datePublished\":\"2024-07-23T09:55:08+00:00\",\"dateModified\":\"2024-09-17T12:22:52+00:00\",\"description\":\"L\u2019\u00c9cole Normale de Musique de Paris accueille le violoniste franco-serbe Nemanja Radulovic\u00a0pour une masterclasse de violon.\",\"breadcrumb\":{\"@id\":\"https:\\\/\\\/www.ecolenormalecortot.com\\\/en\\\/event\\\/masterclasse-de-violon-avec-nemanja-radulovic\\\/#breadcrumb\"},\"inLanguage\":\"en-US\",\"potentialAction\":[{\"@type\":\"ReadAction\",\"target\":[\"https:\\\/\\\/www.ecolenormalecortot.com\\\/en\\\/event\\\/masterclasse-de-violon-avec-nemanja-radulovic\\\/\"]}]},{\"@type\":\"ImageObject\",\"inLanguage\":\"en-US\",\"@id\":\"https:\\\/\\\/www.ecolenormalecortot.com\\\/en\\\/event\\\/masterclasse-de-violon-avec-nemanja-radulovic\\\/#primaryimage\",\"url\":\"https:\\\/\\\/www.ecolenormalecortot.com\\\/wp-content\\\/uploads\\\/2024\\\/07\\\/RADULOVIC-Nemanja-.jpg\",\"contentUrl\":\"https:\\\/\\\/www.ecolenormalecortot.com\\\/wp-content\\\/uploads\\\/2024\\\/07\\\/RADULOVIC-Nemanja-.jpg\",\"width\":1920,\"height\":1080,\"caption\":\"RADULOVIC Nemanja\"},{\"@type\":\"BreadcrumbList\",\"@id\":\"https:\\\/\\\/www.ecolenormalecortot.com\\\/en\\\/event\\\/masterclasse-de-violon-avec-nemanja-radulovic\\\/#breadcrumb\",\"itemListElement\":[{\"@type\":\"ListItem\",\"position\":1,\"name\":\"Accueil\",\"item\":\"https:\\\/\\\/www.ecolenormalecortot.com\\\/en\\\/\"},{\"@type\":\"ListItem\",\"position\":2,\"name\":\"\u00c9v\u00e8nements\",\"item\":\"https:\\\/\\\/www.ecolenormalecortot.com\\\/en\\\/event\\\/\"},{\"@type\":\"ListItem\",\"position\":3,\"name\":\"Masterclasse de violon avec Nemanja Radulovic\"}]},{\"@type\":\"WebSite\",\"@id\":\"https:\\\/\\\/www.ecolenormalecortot.com\\\/en\\\/#website\",\"url\":\"https:\\\/\\\/www.ecolenormalecortot.com\\\/en\\\/\",\"name\":\"Ecole Normale de Musique de Paris\",\"description\":\"\",\"publisher\":{\"@id\":\"https:\\\/\\\/www.ecolenormalecortot.com\\\/en\\\/#organization\"},\"potentialAction\":[{\"@type\":\"SearchAction\",\"target\":{\"@type\":\"EntryPoint\",\"urlTemplate\":\"https:\\\/\\\/www.ecolenormalecortot.com\\\/en\\\/?s={search_term_string}\"},\"query-input\":{\"@type\":\"PropertyValueSpecification\",\"valueRequired\":true,\"valueName\":\"search_term_string\"}}],\"inLanguage\":\"en-US\"},{\"@type\":\"Organization\",\"@id\":\"https:\\\/\\\/www.ecolenormalecortot.com\\\/en\\\/#organization\",\"name\":\"Ecole Normale de Musique de Paris\",\"url\":\"https:\\\/\\\/www.ecolenormalecortot.com\\\/en\\\/\",\"logo\":{\"@type\":\"ImageObject\",\"inLanguage\":\"en-US\",\"@id\":\"https:\\\/\\\/www.ecolenormalecortot.com\\\/en\\\/#\\\/schema\\\/logo\\\/image\\\/\",\"url\":\"https:\\\/\\\/www.ecolenormalecortot.com\\\/wp-content\\\/uploads\\\/2023\\\/02\\\/android-chrome-512x512-1.png\",\"contentUrl\":\"https:\\\/\\\/www.ecolenormalecortot.com\\\/wp-content\\\/uploads\\\/2023\\\/02\\\/android-chrome-512x512-1.png\",\"width\":512,\"height\":512,\"caption\":\"Ecole Normale de Musique de Paris\"},\"image\":{\"@id\":\"https:\\\/\\\/www.ecolenormalecortot.com\\\/en\\\/#\\\/schema\\\/logo\\\/image\\\/\"}}]}<\/script>\n<!-- \/ Yoast SEO plugin. -->","yoast_head_json":{"title":"Masterclasse de violon avec Nemanja Radulovic","description":"L\u2019\u00c9cole Normale de Musique de Paris accueille le violoniste franco-serbe Nemanja Radulovic\u00a0pour une masterclasse de violon.","robots":{"index":"index","follow":"follow","max-snippet":"max-snippet:-1","max-image-preview":"max-image-preview:large","max-video-preview":"max-video-preview:-1"},"canonical":"https:\/\/www.ecolenormalecortot.com\/en\/event\/masterclasse-de-violon-avec-nemanja-radulovic\/","og_locale":"en_US","og_type":"article","og_title":"Masterclasse de violon avec Nemanja Radulovic","og_description":"L\u2019\u00c9cole Normale de Musique de Paris accueille le violoniste franco-serbe Nemanja Radulovic\u00a0pour une masterclasse de violon.","og_url":"https:\/\/www.ecolenormalecortot.com\/en\/event\/masterclasse-de-violon-avec-nemanja-radulovic\/","og_site_name":"Ecole Normale de Musique de Paris","article_modified_time":"2024-09-17T12:22:52+00:00","og_image":[{"width":1920,"height":1080,"url":"https:\/\/www.ecolenormalecortot.com\/wp-content\/uploads\/2024\/07\/RADULOVIC-Nemanja-.jpg","type":"image\/jpeg"}],"twitter_card":"summary_large_image","twitter_misc":{"Est. reading time":"2 minutes"},"schema":{"@context":"https:\/\/schema.org","@graph":[{"@type":"WebPage","@id":"https:\/\/www.ecolenormalecortot.com\/en\/event\/masterclasse-de-violon-avec-nemanja-radulovic\/","url":"https:\/\/www.ecolenormalecortot.com\/en\/event\/masterclasse-de-violon-avec-nemanja-radulovic\/","name":"Masterclasse de violon avec Nemanja Radulovic","isPartOf":{"@id":"https:\/\/www.ecolenormalecortot.com\/en\/#website"},"primaryImageOfPage":{"@id":"https:\/\/www.ecolenormalecortot.com\/en\/event\/masterclasse-de-violon-avec-nemanja-radulovic\/#primaryimage"},"image":{"@id":"https:\/\/www.ecolenormalecortot.com\/en\/event\/masterclasse-de-violon-avec-nemanja-radulovic\/#primaryimage"},"thumbnailUrl":"https:\/\/www.ecolenormalecortot.com\/wp-content\/uploads\/2024\/07\/RADULOVIC-Nemanja-.jpg","datePublished":"2024-07-23T09:55:08+00:00","dateModified":"2024-09-17T12:22:52+00:00","description":"L\u2019\u00c9cole Normale de Musique de Paris accueille le violoniste franco-serbe Nemanja Radulovic\u00a0pour une masterclasse de violon.","breadcrumb":{"@id":"https:\/\/www.ecolenormalecortot.com\/en\/event\/masterclasse-de-violon-avec-nemanja-radulovic\/#breadcrumb"},"inLanguage":"en-US","potentialAction":[{"@type":"ReadAction","target":["https:\/\/www.ecolenormalecortot.com\/en\/event\/masterclasse-de-violon-avec-nemanja-radulovic\/"]}]},{"@type":"ImageObject","inLanguage":"en-US","@id":"https:\/\/www.ecolenormalecortot.com\/en\/event\/masterclasse-de-violon-avec-nemanja-radulovic\/#primaryimage","url":"https:\/\/www.ecolenormalecortot.com\/wp-content\/uploads\/2024\/07\/RADULOVIC-Nemanja-.jpg","contentUrl":"https:\/\/www.ecolenormalecortot.com\/wp-content\/uploads\/2024\/07\/RADULOVIC-Nemanja-.jpg","width":1920,"height":1080,"caption":"RADULOVIC Nemanja"},{"@type":"BreadcrumbList","@id":"https:\/\/www.ecolenormalecortot.com\/en\/event\/masterclasse-de-violon-avec-nemanja-radulovic\/#breadcrumb","itemListElement":[{"@type":"ListItem","position":1,"name":"Accueil","item":"https:\/\/www.ecolenormalecortot.com\/en\/"},{"@type":"ListItem","position":2,"name":"\u00c9v\u00e8nements","item":"https:\/\/www.ecolenormalecortot.com\/en\/event\/"},{"@type":"ListItem","position":3,"name":"Masterclasse de violon avec Nemanja Radulovic"}]},{"@type":"WebSite","@id":"https:\/\/www.ecolenormalecortot.com\/en\/#website","url":"https:\/\/www.ecolenormalecortot.com\/en\/","name":"Ecole Normale de Musique de Paris","description":"","publisher":{"@id":"https:\/\/www.ecolenormalecortot.com\/en\/#organization"},"potentialAction":[{"@type":"SearchAction","target":{"@type":"EntryPoint","urlTemplate":"https:\/\/www.ecolenormalecortot.com\/en\/?s={search_term_string}"},"query-input":{"@type":"PropertyValueSpecification","valueRequired":true,"valueName":"search_term_string"}}],"inLanguage":"en-US"},{"@type":"Organization","@id":"https:\/\/www.ecolenormalecortot.com\/en\/#organization","name":"Ecole Normale de Musique de Paris","url":"https:\/\/www.ecolenormalecortot.com\/en\/","logo":{"@type":"ImageObject","inLanguage":"en-US","@id":"https:\/\/www.ecolenormalecortot.com\/en\/#\/schema\/logo\/image\/","url":"https:\/\/www.ecolenormalecortot.com\/wp-content\/uploads\/2023\/02\/android-chrome-512x512-1.png","contentUrl":"https:\/\/www.ecolenormalecortot.com\/wp-content\/uploads\/2023\/02\/android-chrome-512x512-1.png","width":512,"height":512,"caption":"Ecole Normale de Musique de Paris"},"image":{"@id":"https:\/\/www.ecolenormalecortot.com\/en\/#\/schema\/logo\/image\/"}}]}},"_links":{"self":[{"href":"https:\/\/www.ecolenormalecortot.com\/en\/wp-json\/wp\/v2\/event\/6918","targetHints":{"allow":["GET"]}}],"collection":[{"href":"https:\/\/www.ecolenormalecortot.com\/en\/wp-json\/wp\/v2\/event"}],"about":[{"href":"https:\/\/www.ecolenormalecortot.com\/en\/wp-json\/wp\/v2\/types\/event"}],"wp:featuredmedia":[{"embeddable":true,"href":"https:\/\/www.ecolenormalecortot.com\/en\/wp-json\/wp\/v2\/media\/6919"}],"wp:attachment":[{"href":"https:\/\/www.ecolenormalecortot.com\/en\/wp-json\/wp\/v2\/media?parent=6918"}],"wp:term":[{"taxonomy":"event_category","embeddable":true,"href":"https:\/\/www.ecolenormalecortot.com\/en\/wp-json\/wp\/v2\/event_category?post=6918"}],"curies":[{"name":"wp","href":"https:\/\/api.w.org\/{rel}","templated":true}]}}