{"id":6905,"date":"2024-07-22T14:46:25","date_gmt":"2024-07-22T12:46:25","guid":{"rendered":"https:\/\/www.ecolenormalecortot.com\/?post_type=event&#038;p=6905"},"modified":"2024-11-06T15:05:22","modified_gmt":"2024-11-06T14:05:22","slug":"recital-de-veronique-gens-autour-des-melodies-de-gabriel-faure","status":"publish","type":"event","link":"https:\/\/www.ecolenormalecortot.com\/en\/event\/recital-de-veronique-gens-autour-des-melodies-de-gabriel-faure\/","title":{"rendered":"R\u00e9cital de V\u00e9ronique Gens autour des m\u00e9lodies de Gabriel Faur\u00e9"},"content":{"rendered":"","protected":false},"excerpt":{"rendered":"","protected":false},"featured_media":6906,"template":"","meta":{"_acf_changed":false},"event_category":[65],"class_list":["post-6905","event","type-event","status-publish","has-post-thumbnail","hentry","event_category-les-rencontres-musicales-de-cortot"],"acf":{"presentation":"<h4><strong>LES RENCONTRES MUSICALES DE CORTOT<\/strong><\/h4>\r\n<strong>La saison de l\u2019\u00c9cole Normale de Musique de Paris<\/strong>\r\n<strong>o\u00f9 se c\u00f4toient grands solistes d\u2019aujourd\u2019hui et \u00e9toiles de demain.<\/strong>\r\n\r\nL\u2019\u00c9cole Normale de Musique de Paris accueille <a href=\"https:\/\/www.veroniquegens.com\/\" target=\"_blank\" rel=\"noopener\"><b>V\u00e9ronique Gens <\/b><\/a>(soprano) avec <a href=\"https:\/\/8demontcabrier.fr\/Morgane-Fauchois-Prado\" target=\"_blank\" rel=\"noopener\"><strong>Morgane Fauchois-Prado<\/strong><\/a> (piano), pour un r\u00e9cital autour des m\u00e9lodies de Gabriel Faur\u00e9.\r\n<div class=\"flex flex-grow flex-col max-w-full\">\r\n<div class=\"min-h-[20px] text-message flex w-full flex-col items-end gap-2 whitespace-pre-wrap break-words [.text-message+&amp;]:mt-5 overflow-x-auto\" dir=\"auto\" data-message-author-role=\"assistant\" data-message-id=\"b4d61e01-62be-4ae0-b137-c8270d414641\">\r\n<div class=\"flex w-full flex-col gap-1 empty:hidden first:pt-[3px]\">\r\n<div class=\"markdown prose w-full break-words dark:prose-invert dark\">\r\n<h4>______<\/h4>\r\n<h4>V\u00e9ronique Gens<\/h4>\r\nApr\u00e8s avoir domin\u00e9 la sc\u00e8ne baroque, V\u00e9ronique Gens est devenue l'une des meilleures interpr\u00e8tes de Mozart, notamment gr\u00e2ce \u00e0 son r\u00f4le de Donna Elvira dans \"Don Giovanni\" au Festival d'Aix-en-Provence. Son r\u00e9pertoire comprend les grands r\u00f4les mozartiens, de la Trag\u00e9die Lyrique et des \u0153uvres plus tardives comme Alice Ford dans \"Falstaff\".\r\n\r\nElle se produit sur les plus grandes sc\u00e8nes lyriques et sous la direction de chefs prestigieux tels que Claudio Abbado et Daniel Harding. En concert, elle interpr\u00e8te un large r\u00e9pertoire de m\u00e9lodies fran\u00e7aises et d'\u0153uvres de compositeurs classiques. Ses enregistrements ont re\u00e7u de nombreuses distinctions, dont un Gramophone Award. Tr\u00e8s investie dans la transmission de son art, elle donne r\u00e9guli\u00e8rement des masterclasses et enseigne \u00e0 l'Acad\u00e9mie Orsay-Royaumont. V\u00e9ronique Gens est \u00e9galement Chevalier de la L\u00e9gion d\u2019Honneur, Officier de l'Ordre du M\u00e9rite et Commandeur des Arts et des Lettres.\r\n<h4>______<\/h4>\r\n<h4>Morgane Fauchois<\/h4>\r\n<div class=\"w-full text-token-text-primary\" dir=\"auto\" data-testid=\"conversation-turn-8\" data-scroll-anchor=\"false\">\r\n<div class=\"text-base py-[18px] px-3 md:px-4 m-auto md:px-5 lg:px-1 xl:px-5\">\r\n<div class=\"mx-auto flex flex-1 gap-4 text-base md:gap-5 lg:gap-6 md:max-w-3xl lg:max-w-[40rem] xl:max-w-[48rem]\">\r\n<div class=\"group\/conversation-turn relative flex w-full min-w-0 flex-col\">\r\n<div class=\"flex-col gap-1 md:gap-3\">\r\n<div class=\"flex flex-grow flex-col max-w-full\">\r\n<div class=\"min-h-[20px] text-message flex w-full flex-col items-end gap-2 whitespace-pre-wrap break-words [.text-message+&amp;]:mt-5 overflow-x-auto\" dir=\"auto\" data-message-author-role=\"user\" data-message-id=\"aaa2af46-2432-4462-8e17-e26b1e918243\">\r\n<div class=\"flex w-full flex-col gap-1 empty:hidden items-end rtl:items-start\">\r\n<div class=\"relative max-w-[70%] rounded-3xl bg-[#f4f4f4] px-5 py-2.5 dark:bg-token-main-surface-secondary\"><\/div>\r\n<\/div>\r\n<\/div>\r\n<\/div>\r\n<\/div>\r\n<\/div>\r\n<\/div>\r\n<\/div>\r\n<\/div>\r\n<div class=\"w-full text-token-text-primary\" dir=\"auto\" data-testid=\"conversation-turn-9\" data-scroll-anchor=\"true\">\r\n<div class=\"text-base py-[18px] px-3 md:px-4 m-auto md:px-5 lg:px-1 xl:px-5\">\r\n<div class=\"mx-auto flex flex-1 gap-4 text-base md:gap-5 lg:gap-6 md:max-w-3xl lg:max-w-[40rem] xl:max-w-[48rem]\">\r\n<div class=\"group\/conversation-turn relative flex w-full min-w-0 flex-col agent-turn\">\r\n<div class=\"flex-col gap-1 md:gap-3\">\r\n<div class=\"flex flex-grow flex-col max-w-full\">\r\n<div class=\"min-h-[20px] text-message flex w-full flex-col items-end gap-2 whitespace-pre-wrap break-words [.text-message+&amp;]:mt-5 overflow-x-auto\" dir=\"auto\" data-message-author-role=\"assistant\" data-message-id=\"4b070a7d-e17e-4c42-9f41-4b10994725ca\">\r\n<div class=\"flex w-full flex-col gap-1 empty:hidden first:pt-[3px]\">\r\n<div class=\"markdown prose w-full break-words dark:prose-invert dark\">\r\n\r\nLa pianiste Morgane Fauchois m\u00e8ne une carri\u00e8re vari\u00e9e, se produisant aussi bien en maisons d\u2019op\u00e9ra qu\u2019en concert, en r\u00e9cital avec chanteurs ou en musique de chambre. Elle collabore avec des artistes renomm\u00e9s tels que Roberto Alagna, Natalie Dessay et Karine Deshayes, et travaille comme cheffe de chant pour de prestigieux th\u00e9\u00e2tres et festivals internationaux, notamment \u00e0 l'Op\u00e9ra de Paris, Salzbourg et Aix-en-Provence.\r\n\r\nDipl\u00f4m\u00e9e du Conservatoire de Paris et du Conservatoire de Gen\u00e8ve, elle est \u00e9galement laur\u00e9ate du Concours international du Belvedere. Parall\u00e8lement \u00e0 sa carri\u00e8re sur sc\u00e8ne, Morgane Fauchois enseigne au Conservatoire de Paris, o\u00f9 elle est cheffe de chant responsable des \u00e9tudes musicales pour les productions.\r\n\r\n<\/div>\r\n<\/div>\r\n<\/div>\r\n<\/div>\r\n<\/div>\r\n<\/div>\r\n<\/div>\r\n<\/div>\r\n<\/div>\r\n<\/div>\r\n<\/div>\r\n<\/div>\r\n<\/div>","musicians":"","program":"<p class=\"x_MsoNormal\" data-olk-copy-source=\"MessageBody\"><strong>Gabriel Faur\u00e9<\/strong><\/p>\r\n\r\n<ul>\r\n \t<li class=\"x_MsoNormal\">Le papillon et la fleur 2,2\u2019<\/li>\r\n \t<li class=\"x_MsoNormal\">Lydia 2,22\u2019<\/li>\r\n \t<li class=\"x_MsoNormal\">Au bord de l\u2019eau 2,10\u2019<\/li>\r\n \t<li class=\"x_MsoNormal\">Sylvie 2,3\u2019<\/li>\r\n<\/ul>\r\n<p class=\"x_MsoNormal\"><strong>Reynaldo Hahn<\/strong><\/p>\r\n\r\n<ul>\r\n \t<li class=\"x_MsoNormal\">Trois jours de vendanges 1891 3\u2019<\/li>\r\n \t<li class=\"x_MsoNormal\">Le rossignol des lilas 1913. 1,45\u2019<\/li>\r\n<\/ul>\r\n<p class=\"x_MsoNormal\"><strong>Gabriel Faur\u00e9<\/strong><\/p>\r\n<p class=\"x_MsoNormal\"><strong>Trois extraits des Pi\u00e8ces br\u00e8ves op. 84 pour piano :<\/strong><\/p>\r\n\r\n<ul>\r\n \t<li class=\"x_MsoNormal\">Capriccio<\/li>\r\n \t<li class=\"x_MsoNormal\">Fantaisie<\/li>\r\n \t<li class=\"x_MsoNormal\">Improvisation<\/li>\r\n<\/ul>\r\n&nbsp;\r\n<ul>\r\n \t<li class=\"x_MsoNormal\">Les berceaux 2,4\u2019<\/li>\r\n \t<li class=\"x_MsoNormal\">Les roses d\u2019Ispahan 3\u2019<\/li>\r\n \t<li class=\"x_MsoNormal\">Spleen 2,3\u2019<\/li>\r\n \t<li class=\"x_MsoNormal\">Green 1,5\u2019<\/li>\r\n<\/ul>\r\n&nbsp;\r\n<p class=\"x_MsoNormal\"><strong>Reynaldo Hahn<\/strong><\/p>\r\n\r\n<ul>\r\n \t<li class=\"x_MsoNormal\">S\u00e9raphine\u00a0 2\u2019<\/li>\r\n \t<li class=\"x_MsoNormal\">Paysage 2,5\u2019<\/li>\r\n \t<li class=\"x_MsoNormal\">Les cygnes\u00a0\u00a0 3,5\u2019<\/li>\r\n \t<li class=\"x_MsoNormal\">Aimons-nous 2,15\u2019<\/li>\r\n<\/ul>\r\n<p class=\"x_MsoNormal\"><strong>Reynaldo Hahn<\/strong><\/p>\r\n<p class=\"x_MsoNormal\"><strong>Deux extraits des Portraits de peintre (1894) :<\/strong><\/p>\r\n\r\n<ul>\r\n \t<li class=\"x_MsoNormal\">Anton Van Dyck<\/li>\r\n \t<li class=\"x_MsoNormal\">Antoine Watteau<\/li>\r\n<\/ul>\r\n&nbsp;\r\n<p class=\"x_MsoNormal\"><strong>Gabriel Faur\u00e9<\/strong><\/p>\r\n\r\n<ul>\r\n \t<li class=\"x_MsoNormal\">La lune blanche luit dans les bois (extrait de \u00ab La Bonne Chanson \u00bb)<\/li>\r\n<\/ul>\r\n&nbsp;\r\n<p class=\"x_MsoNormal\"><strong>Reynaldo Hahn<\/strong><\/p>\r\n\r\n<ul>\r\n \t<li class=\"x_MsoNormal\">N\u00e9\u00e8re 1899-1900. 2,5\u2019<\/li>\r\n \t<li class=\"x_MsoNormal\">Tyndaris 1899-1900 1,40\u2019<\/li>\r\n \t<li class=\"x_MsoNormal\">Le printemps 1899 1,40\u2019<\/li>\r\n<\/ul>","host":"\u00c9cole Normale de Musique de Paris","date":"2024-11-15 20:00:00","time_start":"20:00:00","time_end":"22:00:00","end_date":"","location_name":"Salle Cortot","location_address":"78 rue Cardinet 75017 Paris","phone":"","link":"","booking_link":"https:\/\/fb-fest.tickandlive.com\/reserver\/recital-de-veronique-gens\/98818?idwl=12","price_from":"20","hide_price":false,"teachers":"","event_type":"","datetime":null,"end_datetime":null,"booking_infos":"","source_post_id":""},"yoast_head":"<!-- This site is optimized with the Yoast SEO plugin v27.5 - https:\/\/yoast.com\/product\/yoast-seo-wordpress\/ -->\n<title>R\u00e9cital de V\u00e9ronique Gens autour des m\u00e9lodies de Gabriel Faur\u00e9<\/title>\n<meta name=\"description\" content=\"L\u2019ENMP accueille V\u00e9ronique Gens (soprano) avec Morgane Fauchois-Prado (piano), pour un r\u00e9cital autour des m\u00e9lodies de Gabriel Faur\u00e9.\" \/>\n<meta name=\"robots\" content=\"index, follow, max-snippet:-1, max-image-preview:large, max-video-preview:-1\" \/>\n<link rel=\"canonical\" href=\"https:\/\/www.ecolenormalecortot.com\/en\/event\/recital-de-veronique-gens-autour-des-melodies-de-gabriel-faure\/\" \/>\n<meta property=\"og:locale\" content=\"en_US\" \/>\n<meta property=\"og:type\" content=\"article\" \/>\n<meta property=\"og:title\" content=\"R\u00e9cital de V\u00e9ronique Gens autour des m\u00e9lodies de Gabriel Faur\u00e9\" \/>\n<meta property=\"og:description\" content=\"L\u2019ENMP accueille V\u00e9ronique Gens (soprano) avec Morgane Fauchois-Prado (piano), pour un r\u00e9cital autour des m\u00e9lodies de Gabriel Faur\u00e9.\" \/>\n<meta property=\"og:url\" content=\"https:\/\/www.ecolenormalecortot.com\/en\/event\/recital-de-veronique-gens-autour-des-melodies-de-gabriel-faure\/\" \/>\n<meta property=\"og:site_name\" content=\"Ecole Normale de Musique de Paris\" \/>\n<meta property=\"article:modified_time\" content=\"2024-11-06T14:05:22+00:00\" \/>\n<meta property=\"og:image\" content=\"https:\/\/www.ecolenormalecortot.com\/wp-content\/uploads\/2024\/07\/GENS-Veronique.webp\" \/>\n\t<meta property=\"og:image:width\" content=\"2196\" \/>\n\t<meta property=\"og:image:height\" content=\"1464\" \/>\n\t<meta property=\"og:image:type\" content=\"image\/webp\" \/>\n<meta name=\"twitter:card\" content=\"summary_large_image\" \/>\n<meta name=\"twitter:label1\" content=\"Est. reading time\" \/>\n\t<meta name=\"twitter:data1\" content=\"3 minutes\" \/>\n<script type=\"application\/ld+json\" class=\"yoast-schema-graph\">{\"@context\":\"https:\\\/\\\/schema.org\",\"@graph\":[{\"@type\":\"WebPage\",\"@id\":\"https:\\\/\\\/www.ecolenormalecortot.com\\\/en\\\/event\\\/recital-de-veronique-gens-autour-des-melodies-de-gabriel-faure\\\/\",\"url\":\"https:\\\/\\\/www.ecolenormalecortot.com\\\/en\\\/event\\\/recital-de-veronique-gens-autour-des-melodies-de-gabriel-faure\\\/\",\"name\":\"R\u00e9cital de V\u00e9ronique Gens autour des m\u00e9lodies de Gabriel Faur\u00e9\",\"isPartOf\":{\"@id\":\"https:\\\/\\\/www.ecolenormalecortot.com\\\/en\\\/#website\"},\"primaryImageOfPage\":{\"@id\":\"https:\\\/\\\/www.ecolenormalecortot.com\\\/en\\\/event\\\/recital-de-veronique-gens-autour-des-melodies-de-gabriel-faure\\\/#primaryimage\"},\"image\":{\"@id\":\"https:\\\/\\\/www.ecolenormalecortot.com\\\/en\\\/event\\\/recital-de-veronique-gens-autour-des-melodies-de-gabriel-faure\\\/#primaryimage\"},\"thumbnailUrl\":\"https:\\\/\\\/www.ecolenormalecortot.com\\\/wp-content\\\/uploads\\\/2024\\\/07\\\/GENS-Veronique.webp\",\"datePublished\":\"2024-07-22T12:46:25+00:00\",\"dateModified\":\"2024-11-06T14:05:22+00:00\",\"description\":\"L\u2019ENMP accueille V\u00e9ronique Gens (soprano) avec Morgane Fauchois-Prado (piano), pour un r\u00e9cital autour des m\u00e9lodies de Gabriel Faur\u00e9.\",\"breadcrumb\":{\"@id\":\"https:\\\/\\\/www.ecolenormalecortot.com\\\/en\\\/event\\\/recital-de-veronique-gens-autour-des-melodies-de-gabriel-faure\\\/#breadcrumb\"},\"inLanguage\":\"en-US\",\"potentialAction\":[{\"@type\":\"ReadAction\",\"target\":[\"https:\\\/\\\/www.ecolenormalecortot.com\\\/en\\\/event\\\/recital-de-veronique-gens-autour-des-melodies-de-gabriel-faure\\\/\"]}]},{\"@type\":\"ImageObject\",\"inLanguage\":\"en-US\",\"@id\":\"https:\\\/\\\/www.ecolenormalecortot.com\\\/en\\\/event\\\/recital-de-veronique-gens-autour-des-melodies-de-gabriel-faure\\\/#primaryimage\",\"url\":\"https:\\\/\\\/www.ecolenormalecortot.com\\\/wp-content\\\/uploads\\\/2024\\\/07\\\/GENS-Veronique.webp\",\"contentUrl\":\"https:\\\/\\\/www.ecolenormalecortot.com\\\/wp-content\\\/uploads\\\/2024\\\/07\\\/GENS-Veronique.webp\",\"width\":2196,\"height\":1464,\"caption\":\"Sandrine Expilly\"},{\"@type\":\"BreadcrumbList\",\"@id\":\"https:\\\/\\\/www.ecolenormalecortot.com\\\/en\\\/event\\\/recital-de-veronique-gens-autour-des-melodies-de-gabriel-faure\\\/#breadcrumb\",\"itemListElement\":[{\"@type\":\"ListItem\",\"position\":1,\"name\":\"Accueil\",\"item\":\"https:\\\/\\\/www.ecolenormalecortot.com\\\/en\\\/\"},{\"@type\":\"ListItem\",\"position\":2,\"name\":\"\u00c9v\u00e8nements\",\"item\":\"https:\\\/\\\/www.ecolenormalecortot.com\\\/en\\\/event\\\/\"},{\"@type\":\"ListItem\",\"position\":3,\"name\":\"R\u00e9cital de V\u00e9ronique Gens autour des m\u00e9lodies de Gabriel Faur\u00e9\"}]},{\"@type\":\"WebSite\",\"@id\":\"https:\\\/\\\/www.ecolenormalecortot.com\\\/en\\\/#website\",\"url\":\"https:\\\/\\\/www.ecolenormalecortot.com\\\/en\\\/\",\"name\":\"Ecole Normale de Musique de Paris\",\"description\":\"\",\"publisher\":{\"@id\":\"https:\\\/\\\/www.ecolenormalecortot.com\\\/en\\\/#organization\"},\"potentialAction\":[{\"@type\":\"SearchAction\",\"target\":{\"@type\":\"EntryPoint\",\"urlTemplate\":\"https:\\\/\\\/www.ecolenormalecortot.com\\\/en\\\/?s={search_term_string}\"},\"query-input\":{\"@type\":\"PropertyValueSpecification\",\"valueRequired\":true,\"valueName\":\"search_term_string\"}}],\"inLanguage\":\"en-US\"},{\"@type\":\"Organization\",\"@id\":\"https:\\\/\\\/www.ecolenormalecortot.com\\\/en\\\/#organization\",\"name\":\"Ecole Normale de Musique de Paris\",\"url\":\"https:\\\/\\\/www.ecolenormalecortot.com\\\/en\\\/\",\"logo\":{\"@type\":\"ImageObject\",\"inLanguage\":\"en-US\",\"@id\":\"https:\\\/\\\/www.ecolenormalecortot.com\\\/en\\\/#\\\/schema\\\/logo\\\/image\\\/\",\"url\":\"https:\\\/\\\/www.ecolenormalecortot.com\\\/wp-content\\\/uploads\\\/2023\\\/02\\\/android-chrome-512x512-1.png\",\"contentUrl\":\"https:\\\/\\\/www.ecolenormalecortot.com\\\/wp-content\\\/uploads\\\/2023\\\/02\\\/android-chrome-512x512-1.png\",\"width\":512,\"height\":512,\"caption\":\"Ecole Normale de Musique de Paris\"},\"image\":{\"@id\":\"https:\\\/\\\/www.ecolenormalecortot.com\\\/en\\\/#\\\/schema\\\/logo\\\/image\\\/\"}}]}<\/script>\n<!-- \/ Yoast SEO plugin. -->","yoast_head_json":{"title":"R\u00e9cital de V\u00e9ronique Gens autour des m\u00e9lodies de Gabriel Faur\u00e9","description":"L\u2019ENMP accueille V\u00e9ronique Gens (soprano) avec Morgane Fauchois-Prado (piano), pour un r\u00e9cital autour des m\u00e9lodies de Gabriel Faur\u00e9.","robots":{"index":"index","follow":"follow","max-snippet":"max-snippet:-1","max-image-preview":"max-image-preview:large","max-video-preview":"max-video-preview:-1"},"canonical":"https:\/\/www.ecolenormalecortot.com\/en\/event\/recital-de-veronique-gens-autour-des-melodies-de-gabriel-faure\/","og_locale":"en_US","og_type":"article","og_title":"R\u00e9cital de V\u00e9ronique Gens autour des m\u00e9lodies de Gabriel Faur\u00e9","og_description":"L\u2019ENMP accueille V\u00e9ronique Gens (soprano) avec Morgane Fauchois-Prado (piano), pour un r\u00e9cital autour des m\u00e9lodies de Gabriel Faur\u00e9.","og_url":"https:\/\/www.ecolenormalecortot.com\/en\/event\/recital-de-veronique-gens-autour-des-melodies-de-gabriel-faure\/","og_site_name":"Ecole Normale de Musique de Paris","article_modified_time":"2024-11-06T14:05:22+00:00","og_image":[{"width":2196,"height":1464,"url":"https:\/\/www.ecolenormalecortot.com\/wp-content\/uploads\/2024\/07\/GENS-Veronique.webp","type":"image\/webp"}],"twitter_card":"summary_large_image","twitter_misc":{"Est. reading time":"3 minutes"},"schema":{"@context":"https:\/\/schema.org","@graph":[{"@type":"WebPage","@id":"https:\/\/www.ecolenormalecortot.com\/en\/event\/recital-de-veronique-gens-autour-des-melodies-de-gabriel-faure\/","url":"https:\/\/www.ecolenormalecortot.com\/en\/event\/recital-de-veronique-gens-autour-des-melodies-de-gabriel-faure\/","name":"R\u00e9cital de V\u00e9ronique Gens autour des m\u00e9lodies de Gabriel Faur\u00e9","isPartOf":{"@id":"https:\/\/www.ecolenormalecortot.com\/en\/#website"},"primaryImageOfPage":{"@id":"https:\/\/www.ecolenormalecortot.com\/en\/event\/recital-de-veronique-gens-autour-des-melodies-de-gabriel-faure\/#primaryimage"},"image":{"@id":"https:\/\/www.ecolenormalecortot.com\/en\/event\/recital-de-veronique-gens-autour-des-melodies-de-gabriel-faure\/#primaryimage"},"thumbnailUrl":"https:\/\/www.ecolenormalecortot.com\/wp-content\/uploads\/2024\/07\/GENS-Veronique.webp","datePublished":"2024-07-22T12:46:25+00:00","dateModified":"2024-11-06T14:05:22+00:00","description":"L\u2019ENMP accueille V\u00e9ronique Gens (soprano) avec Morgane Fauchois-Prado (piano), pour un r\u00e9cital autour des m\u00e9lodies de Gabriel Faur\u00e9.","breadcrumb":{"@id":"https:\/\/www.ecolenormalecortot.com\/en\/event\/recital-de-veronique-gens-autour-des-melodies-de-gabriel-faure\/#breadcrumb"},"inLanguage":"en-US","potentialAction":[{"@type":"ReadAction","target":["https:\/\/www.ecolenormalecortot.com\/en\/event\/recital-de-veronique-gens-autour-des-melodies-de-gabriel-faure\/"]}]},{"@type":"ImageObject","inLanguage":"en-US","@id":"https:\/\/www.ecolenormalecortot.com\/en\/event\/recital-de-veronique-gens-autour-des-melodies-de-gabriel-faure\/#primaryimage","url":"https:\/\/www.ecolenormalecortot.com\/wp-content\/uploads\/2024\/07\/GENS-Veronique.webp","contentUrl":"https:\/\/www.ecolenormalecortot.com\/wp-content\/uploads\/2024\/07\/GENS-Veronique.webp","width":2196,"height":1464,"caption":"Sandrine Expilly"},{"@type":"BreadcrumbList","@id":"https:\/\/www.ecolenormalecortot.com\/en\/event\/recital-de-veronique-gens-autour-des-melodies-de-gabriel-faure\/#breadcrumb","itemListElement":[{"@type":"ListItem","position":1,"name":"Accueil","item":"https:\/\/www.ecolenormalecortot.com\/en\/"},{"@type":"ListItem","position":2,"name":"\u00c9v\u00e8nements","item":"https:\/\/www.ecolenormalecortot.com\/en\/event\/"},{"@type":"ListItem","position":3,"name":"R\u00e9cital de V\u00e9ronique Gens autour des m\u00e9lodies de Gabriel Faur\u00e9"}]},{"@type":"WebSite","@id":"https:\/\/www.ecolenormalecortot.com\/en\/#website","url":"https:\/\/www.ecolenormalecortot.com\/en\/","name":"Ecole Normale de Musique de Paris","description":"","publisher":{"@id":"https:\/\/www.ecolenormalecortot.com\/en\/#organization"},"potentialAction":[{"@type":"SearchAction","target":{"@type":"EntryPoint","urlTemplate":"https:\/\/www.ecolenormalecortot.com\/en\/?s={search_term_string}"},"query-input":{"@type":"PropertyValueSpecification","valueRequired":true,"valueName":"search_term_string"}}],"inLanguage":"en-US"},{"@type":"Organization","@id":"https:\/\/www.ecolenormalecortot.com\/en\/#organization","name":"Ecole Normale de Musique de Paris","url":"https:\/\/www.ecolenormalecortot.com\/en\/","logo":{"@type":"ImageObject","inLanguage":"en-US","@id":"https:\/\/www.ecolenormalecortot.com\/en\/#\/schema\/logo\/image\/","url":"https:\/\/www.ecolenormalecortot.com\/wp-content\/uploads\/2023\/02\/android-chrome-512x512-1.png","contentUrl":"https:\/\/www.ecolenormalecortot.com\/wp-content\/uploads\/2023\/02\/android-chrome-512x512-1.png","width":512,"height":512,"caption":"Ecole Normale de Musique de Paris"},"image":{"@id":"https:\/\/www.ecolenormalecortot.com\/en\/#\/schema\/logo\/image\/"}}]}},"_links":{"self":[{"href":"https:\/\/www.ecolenormalecortot.com\/en\/wp-json\/wp\/v2\/event\/6905","targetHints":{"allow":["GET"]}}],"collection":[{"href":"https:\/\/www.ecolenormalecortot.com\/en\/wp-json\/wp\/v2\/event"}],"about":[{"href":"https:\/\/www.ecolenormalecortot.com\/en\/wp-json\/wp\/v2\/types\/event"}],"wp:featuredmedia":[{"embeddable":true,"href":"https:\/\/www.ecolenormalecortot.com\/en\/wp-json\/wp\/v2\/media\/6906"}],"wp:attachment":[{"href":"https:\/\/www.ecolenormalecortot.com\/en\/wp-json\/wp\/v2\/media?parent=6905"}],"wp:term":[{"taxonomy":"event_category","embeddable":true,"href":"https:\/\/www.ecolenormalecortot.com\/en\/wp-json\/wp\/v2\/event_category?post=6905"}],"curies":[{"name":"wp","href":"https:\/\/api.w.org\/{rel}","templated":true}]}}