{"id":6608,"date":"2024-05-27T18:06:35","date_gmt":"2024-05-27T16:06:35","guid":{"rendered":"https:\/\/www.ecolenormalecortot.com\/?post_type=event&#038;p=6608"},"modified":"2024-06-11T12:31:22","modified_gmt":"2024-06-11T10:31:22","slug":"academie-de-musique-francaise-pour-piano-2024","status":"publish","type":"event","link":"https:\/\/www.ecolenormalecortot.com\/en\/event\/academie-de-musique-francaise-pour-piano-2024\/","title":{"rendered":"Acad\u00e9mie de Musique Fran\u00e7aise pour Piano 2024"},"content":{"rendered":"","protected":false},"excerpt":{"rendered":"","protected":false},"featured_media":6609,"template":"","meta":{"_acf_changed":false},"event_category":[],"class_list":["post-6608","event","type-event","status-publish","has-post-thumbnail","hentry"],"acf":{"presentation":"<strong>DATE\r\n<\/strong>Du 3 au 7 juillet 2024\r\n<div class=\"wp-block-columns is-layout-flex wp-container-core-columns-is-layout-1 wp-block-columns-is-layout-flex\">\r\n<div class=\"wp-block-column is-layout-flow wp-block-column-is-layout-flow\">\r\n<p class=\"has-text-align-left\"><strong>LIEU\r\n<\/strong>\u00c9cole Normale de Musique de Paris \/ Salle Cortot<\/p>\r\n<p class=\"has-text-align-left\"><strong>JEAN-PHILIPPE COLLARD<\/strong><\/p>\r\n<p class=\"has-text-align-left\">Pianiste de renom et interpr\u00e8te r\u00e9put\u00e9 de la musique fran\u00e7aise, Jean-Philippe Collard est le directeur artistique de l\u2019Acad\u00e9mie de musique fran\u00e7aise pour piano.<\/p>\r\n<p class=\"has-text-align-left\">Entour\u00e9 d\u2019\u00e9minents interpr\u00e8tes de ce r\u00e9pertoire, il offre une occasion unique d\u2019approfondir la musique fran\u00e7aise pour piano.<\/p>\r\n<strong>PROFESSEURS<\/strong>\r\n\r\n<\/div>\r\n<div class=\"wp-block-column is-layout-flow wp-block-column-is-layout-flow\"><\/div>\r\n<\/div>\r\n<strong>Jean-Efflam BAVOUZET<\/strong>\u00a0<strong>\u2013 Michel B\u00c9ROFF \u2013 Hortense CARTIER BRESSON\u00a0\u2013\u00a0Jean-Philippe COLLARD\u00a0\u2013\u00a0Claire D\u00c9SERT\u00a0\u2013\u00a0Claire-Marie LE GUAY \u2013 David LIVELY\u00a0\u2013\u00a0Jean-Claude PENNETIER -Bruno RIGUTTO\u00a0\u2013\u00a0Pascal ROG\u00c9\u00a0\u2013\u00a0Emmanuel STROSSER\u00a0\u2013\u00a0Fran\u00e7oise THINAT<\/strong>\r\n\r\n<strong>PR\u00c9SENTATION<\/strong>\r\n\r\nL\u2019Acad\u00e9mie de Musique Fran\u00e7aise pour Piano s\u2019adresse aux pianistes fran\u00e7ais et internationaux de haut niveau d\u00e9sireux d\u2019approfondir le r\u00e9pertoire de musique fran\u00e7aise pour piano.\r\n\r\nL\u2019Acad\u00e9mie propose une formation compl\u00e8te avec :\r\n<ul>\r\n \t<li>1 heure de cours individuel par jour avec diff\u00e9rents professeurs (soit 5h au total)<\/li>\r\n \t<li>Des\u00a0<em>masterclasses\u00a0<\/em>publiques<\/li>\r\n \t<li>Des conf\u00e9rences autour de la musique fran\u00e7aise<\/li>\r\n \t<li>Une visite au Mus\u00e9e Marmottan<\/li>\r\n \t<li>Un concert final des participants, \u00e9l\u00e8ves et professeurs, \u00e0 la Salle Cortot<\/li>\r\n<\/ul>\r\n<strong>TARIF<\/strong>\u00a0<strong>: 350\u20ac<\/strong>*\r\n*<em>Gratuit pour les \u00e9tudiants de l\u2019\u00c9cole inscrits en pr\u00e9paration de l\u2019Artist Diploma ou en perfectionnement<\/em>\r\n\r\n<strong>ADMISSION<\/strong>\r\nL\u2019admission se fait sur dossier<em>(sauf pour les \u00e9tudiants de\u00a0l\u2019\u00c9cole\u00a0d\u00e9j\u00e0 inscrits pr\u00e9paration de l\u2019Artist Diploma ou en perfectionnement : admis d\u2019office, dans la limite des places disponibles)<\/em>\r\n\r\nMerci d\u2019adresser votre demande d\u2019inscription accompagn\u00e9e d\u2019un CV et d\u2019un enregistrement d\u2019environ 30 minutes (fichier MP3, lien YouTube) \u00e0 :\u00a0<a href=\"mailto:communication@enmp.fr\">communication@enmp.fr<\/a>\u00a0en pr\u00e9cisant dans l\u2019objet\u00a0<strong>\u201cAMFP 2024 - NOM Pr\u00e9nom\u201d<\/strong>\r\n<div class=\"wp-block-columns is-layout-flex wp-container-core-columns-is-layout-2 wp-block-columns-is-layout-flex\"><\/div>\r\n<div class=\"wp-block-columns is-layout-flex wp-container-core-columns-is-layout-3 wp-block-columns-is-layout-flex\"><\/div>\r\n<strong>FORFAIT \u00ab\u00a0AUDITEURS<\/strong>\u00ab\r\n\r\nLe forfait \u00ab\u00a0auditeur\u00a0\u00bb permet \u00e0 tous ceux int\u00e9ress\u00e9s par ce r\u00e9pertoire\u00a0d\u2019assister aux masterclasses, aux conf\u00e9rences, \u00e0 la visite du mus\u00e9e et au concert final sans \u00eatre un\u00a0 participant actif.\r\n\r\n<strong>Tarif forfait auditeur : 75\u20ac<\/strong>*\r\n<em>* Gratuit pour les \u00e9tudiants de l\u2019\u00c9cole.<\/em>\r\n\r\n<strong>FORFAIT \u00ab\u00a0GRAND PUBLIC<\/strong>\u00ab\r\n\r\nLe forfait \u00ab\u00a0grand public\u00a0\u00bb permet \u00e0 tous ceux int\u00e9ress\u00e9s par ce r\u00e9pertoire\u00a0d\u2019assister aux masterclasses et au concert final sans \u00eatre un\u00a0participant actif.\r\n\r\n<strong>Tarif forfait grand public : 50\u20ac<\/strong>*\r\n<em>* Gratuit pour les \u00e9tudiants de l\u2019\u00c9cole.<\/em>\r\n<div class=\"wp-block-columns is-layout-flex wp-container-core-columns-is-layout-2 wp-block-columns-is-layout-flex\"><\/div>","musicians":"","program":"","host":"\u00c9cole Normale de Musique de Paris","date":"2024-07-03 00:00:00","time_start":"","time_end":"","end_date":"2024-07-07 00:00:00","location_name":"\u00c9cole Normale de Musique ","location_address":"114 bis Bd Malesherbes, 75017 Paris","phone":"","link":"","booking_link":"https:\/\/my.weezevent.com\/academie-de-musique-francaise-pour-piano-2024","price_from":"50","hide_price":false,"teachers":"","event_type":"","datetime":null,"end_datetime":null,"booking_infos":"","source_post_id":""},"yoast_head":"<!-- This site is optimized with the Yoast SEO plugin v27.5 - https:\/\/yoast.com\/product\/yoast-seo-wordpress\/ -->\n<title>Acad\u00e9mie de Musique Fran\u00e7aise pour Piano 2024 - Ecole Normale de Musique de Paris<\/title>\n<meta name=\"description\" content=\"L\u2019AMFP s\u2019adresse aux pianistes fran\u00e7ais et internationaux de haut niveau d\u00e9sireux d\u2019approfondir le r\u00e9pertoire de musique fran\u00e7aise pour piano.\" \/>\n<meta name=\"robots\" content=\"index, follow, max-snippet:-1, max-image-preview:large, max-video-preview:-1\" \/>\n<link rel=\"canonical\" href=\"https:\/\/www.ecolenormalecortot.com\/en\/event\/academie-de-musique-francaise-pour-piano-2024\/\" \/>\n<meta property=\"og:locale\" content=\"en_US\" \/>\n<meta property=\"og:type\" content=\"article\" \/>\n<meta property=\"og:title\" content=\"Acad\u00e9mie de Musique Fran\u00e7aise pour Piano 2024 - Ecole Normale de Musique de Paris\" \/>\n<meta property=\"og:description\" content=\"L\u2019AMFP s\u2019adresse aux pianistes fran\u00e7ais et internationaux de haut niveau d\u00e9sireux d\u2019approfondir le r\u00e9pertoire de musique fran\u00e7aise pour piano.\" \/>\n<meta property=\"og:url\" content=\"https:\/\/www.ecolenormalecortot.com\/en\/event\/academie-de-musique-francaise-pour-piano-2024\/\" \/>\n<meta property=\"og:site_name\" content=\"Ecole Normale de Musique de Paris\" \/>\n<meta property=\"article:modified_time\" content=\"2024-06-11T10:31:22+00:00\" \/>\n<meta property=\"og:image\" content=\"https:\/\/www.ecolenormalecortot.com\/wp-content\/uploads\/2024\/05\/mains-piano_web-1110x600-2.jpg\" \/>\n\t<meta property=\"og:image:width\" content=\"1110\" \/>\n\t<meta property=\"og:image:height\" content=\"600\" \/>\n\t<meta property=\"og:image:type\" content=\"image\/jpeg\" \/>\n<meta name=\"twitter:card\" content=\"summary_large_image\" \/>\n<meta name=\"twitter:label1\" content=\"Est. reading time\" \/>\n\t<meta name=\"twitter:data1\" content=\"2 minutes\" \/>\n<script type=\"application\/ld+json\" class=\"yoast-schema-graph\">{\"@context\":\"https:\\\/\\\/schema.org\",\"@graph\":[{\"@type\":\"WebPage\",\"@id\":\"https:\\\/\\\/www.ecolenormalecortot.com\\\/en\\\/event\\\/academie-de-musique-francaise-pour-piano-2024\\\/\",\"url\":\"https:\\\/\\\/www.ecolenormalecortot.com\\\/en\\\/event\\\/academie-de-musique-francaise-pour-piano-2024\\\/\",\"name\":\"Acad\u00e9mie de Musique Fran\u00e7aise pour Piano 2024 - Ecole Normale de Musique de Paris\",\"isPartOf\":{\"@id\":\"https:\\\/\\\/www.ecolenormalecortot.com\\\/en\\\/#website\"},\"primaryImageOfPage\":{\"@id\":\"https:\\\/\\\/www.ecolenormalecortot.com\\\/en\\\/event\\\/academie-de-musique-francaise-pour-piano-2024\\\/#primaryimage\"},\"image\":{\"@id\":\"https:\\\/\\\/www.ecolenormalecortot.com\\\/en\\\/event\\\/academie-de-musique-francaise-pour-piano-2024\\\/#primaryimage\"},\"thumbnailUrl\":\"https:\\\/\\\/www.ecolenormalecortot.com\\\/wp-content\\\/uploads\\\/2024\\\/05\\\/mains-piano_web-1110x600-2.jpg\",\"datePublished\":\"2024-05-27T16:06:35+00:00\",\"dateModified\":\"2024-06-11T10:31:22+00:00\",\"description\":\"L\u2019AMFP s\u2019adresse aux pianistes fran\u00e7ais et internationaux de haut niveau d\u00e9sireux d\u2019approfondir le r\u00e9pertoire de musique fran\u00e7aise pour piano.\",\"breadcrumb\":{\"@id\":\"https:\\\/\\\/www.ecolenormalecortot.com\\\/en\\\/event\\\/academie-de-musique-francaise-pour-piano-2024\\\/#breadcrumb\"},\"inLanguage\":\"en-US\",\"potentialAction\":[{\"@type\":\"ReadAction\",\"target\":[\"https:\\\/\\\/www.ecolenormalecortot.com\\\/en\\\/event\\\/academie-de-musique-francaise-pour-piano-2024\\\/\"]}]},{\"@type\":\"ImageObject\",\"inLanguage\":\"en-US\",\"@id\":\"https:\\\/\\\/www.ecolenormalecortot.com\\\/en\\\/event\\\/academie-de-musique-francaise-pour-piano-2024\\\/#primaryimage\",\"url\":\"https:\\\/\\\/www.ecolenormalecortot.com\\\/wp-content\\\/uploads\\\/2024\\\/05\\\/mains-piano_web-1110x600-2.jpg\",\"contentUrl\":\"https:\\\/\\\/www.ecolenormalecortot.com\\\/wp-content\\\/uploads\\\/2024\\\/05\\\/mains-piano_web-1110x600-2.jpg\",\"width\":1110,\"height\":600,\"caption\":\"Acad\u00e9mie de Musique Fran\u00e7aise pour Piano 2024\"},{\"@type\":\"BreadcrumbList\",\"@id\":\"https:\\\/\\\/www.ecolenormalecortot.com\\\/en\\\/event\\\/academie-de-musique-francaise-pour-piano-2024\\\/#breadcrumb\",\"itemListElement\":[{\"@type\":\"ListItem\",\"position\":1,\"name\":\"Accueil\",\"item\":\"https:\\\/\\\/www.ecolenormalecortot.com\\\/en\\\/\"},{\"@type\":\"ListItem\",\"position\":2,\"name\":\"\u00c9v\u00e8nements\",\"item\":\"https:\\\/\\\/www.ecolenormalecortot.com\\\/en\\\/event\\\/\"},{\"@type\":\"ListItem\",\"position\":3,\"name\":\"Acad\u00e9mie de Musique Fran\u00e7aise pour Piano 2024\"}]},{\"@type\":\"WebSite\",\"@id\":\"https:\\\/\\\/www.ecolenormalecortot.com\\\/en\\\/#website\",\"url\":\"https:\\\/\\\/www.ecolenormalecortot.com\\\/en\\\/\",\"name\":\"Ecole Normale de Musique de Paris\",\"description\":\"\",\"publisher\":{\"@id\":\"https:\\\/\\\/www.ecolenormalecortot.com\\\/en\\\/#organization\"},\"potentialAction\":[{\"@type\":\"SearchAction\",\"target\":{\"@type\":\"EntryPoint\",\"urlTemplate\":\"https:\\\/\\\/www.ecolenormalecortot.com\\\/en\\\/?s={search_term_string}\"},\"query-input\":{\"@type\":\"PropertyValueSpecification\",\"valueRequired\":true,\"valueName\":\"search_term_string\"}}],\"inLanguage\":\"en-US\"},{\"@type\":\"Organization\",\"@id\":\"https:\\\/\\\/www.ecolenormalecortot.com\\\/en\\\/#organization\",\"name\":\"Ecole Normale de Musique de Paris\",\"url\":\"https:\\\/\\\/www.ecolenormalecortot.com\\\/en\\\/\",\"logo\":{\"@type\":\"ImageObject\",\"inLanguage\":\"en-US\",\"@id\":\"https:\\\/\\\/www.ecolenormalecortot.com\\\/en\\\/#\\\/schema\\\/logo\\\/image\\\/\",\"url\":\"https:\\\/\\\/www.ecolenormalecortot.com\\\/wp-content\\\/uploads\\\/2023\\\/02\\\/android-chrome-512x512-1.png\",\"contentUrl\":\"https:\\\/\\\/www.ecolenormalecortot.com\\\/wp-content\\\/uploads\\\/2023\\\/02\\\/android-chrome-512x512-1.png\",\"width\":512,\"height\":512,\"caption\":\"Ecole Normale de Musique de Paris\"},\"image\":{\"@id\":\"https:\\\/\\\/www.ecolenormalecortot.com\\\/en\\\/#\\\/schema\\\/logo\\\/image\\\/\"}}]}<\/script>\n<!-- \/ Yoast SEO plugin. -->","yoast_head_json":{"title":"Acad\u00e9mie de Musique Fran\u00e7aise pour Piano 2024 - Ecole Normale de Musique de Paris","description":"L\u2019AMFP s\u2019adresse aux pianistes fran\u00e7ais et internationaux de haut niveau d\u00e9sireux d\u2019approfondir le r\u00e9pertoire de musique fran\u00e7aise pour piano.","robots":{"index":"index","follow":"follow","max-snippet":"max-snippet:-1","max-image-preview":"max-image-preview:large","max-video-preview":"max-video-preview:-1"},"canonical":"https:\/\/www.ecolenormalecortot.com\/en\/event\/academie-de-musique-francaise-pour-piano-2024\/","og_locale":"en_US","og_type":"article","og_title":"Acad\u00e9mie de Musique Fran\u00e7aise pour Piano 2024 - Ecole Normale de Musique de Paris","og_description":"L\u2019AMFP s\u2019adresse aux pianistes fran\u00e7ais et internationaux de haut niveau d\u00e9sireux d\u2019approfondir le r\u00e9pertoire de musique fran\u00e7aise pour piano.","og_url":"https:\/\/www.ecolenormalecortot.com\/en\/event\/academie-de-musique-francaise-pour-piano-2024\/","og_site_name":"Ecole Normale de Musique de Paris","article_modified_time":"2024-06-11T10:31:22+00:00","og_image":[{"width":1110,"height":600,"url":"https:\/\/www.ecolenormalecortot.com\/wp-content\/uploads\/2024\/05\/mains-piano_web-1110x600-2.jpg","type":"image\/jpeg"}],"twitter_card":"summary_large_image","twitter_misc":{"Est. reading time":"2 minutes"},"schema":{"@context":"https:\/\/schema.org","@graph":[{"@type":"WebPage","@id":"https:\/\/www.ecolenormalecortot.com\/en\/event\/academie-de-musique-francaise-pour-piano-2024\/","url":"https:\/\/www.ecolenormalecortot.com\/en\/event\/academie-de-musique-francaise-pour-piano-2024\/","name":"Acad\u00e9mie de Musique Fran\u00e7aise pour Piano 2024 - Ecole Normale de Musique de Paris","isPartOf":{"@id":"https:\/\/www.ecolenormalecortot.com\/en\/#website"},"primaryImageOfPage":{"@id":"https:\/\/www.ecolenormalecortot.com\/en\/event\/academie-de-musique-francaise-pour-piano-2024\/#primaryimage"},"image":{"@id":"https:\/\/www.ecolenormalecortot.com\/en\/event\/academie-de-musique-francaise-pour-piano-2024\/#primaryimage"},"thumbnailUrl":"https:\/\/www.ecolenormalecortot.com\/wp-content\/uploads\/2024\/05\/mains-piano_web-1110x600-2.jpg","datePublished":"2024-05-27T16:06:35+00:00","dateModified":"2024-06-11T10:31:22+00:00","description":"L\u2019AMFP s\u2019adresse aux pianistes fran\u00e7ais et internationaux de haut niveau d\u00e9sireux d\u2019approfondir le r\u00e9pertoire de musique fran\u00e7aise pour piano.","breadcrumb":{"@id":"https:\/\/www.ecolenormalecortot.com\/en\/event\/academie-de-musique-francaise-pour-piano-2024\/#breadcrumb"},"inLanguage":"en-US","potentialAction":[{"@type":"ReadAction","target":["https:\/\/www.ecolenormalecortot.com\/en\/event\/academie-de-musique-francaise-pour-piano-2024\/"]}]},{"@type":"ImageObject","inLanguage":"en-US","@id":"https:\/\/www.ecolenormalecortot.com\/en\/event\/academie-de-musique-francaise-pour-piano-2024\/#primaryimage","url":"https:\/\/www.ecolenormalecortot.com\/wp-content\/uploads\/2024\/05\/mains-piano_web-1110x600-2.jpg","contentUrl":"https:\/\/www.ecolenormalecortot.com\/wp-content\/uploads\/2024\/05\/mains-piano_web-1110x600-2.jpg","width":1110,"height":600,"caption":"Acad\u00e9mie de Musique Fran\u00e7aise pour Piano 2024"},{"@type":"BreadcrumbList","@id":"https:\/\/www.ecolenormalecortot.com\/en\/event\/academie-de-musique-francaise-pour-piano-2024\/#breadcrumb","itemListElement":[{"@type":"ListItem","position":1,"name":"Accueil","item":"https:\/\/www.ecolenormalecortot.com\/en\/"},{"@type":"ListItem","position":2,"name":"\u00c9v\u00e8nements","item":"https:\/\/www.ecolenormalecortot.com\/en\/event\/"},{"@type":"ListItem","position":3,"name":"Acad\u00e9mie de Musique Fran\u00e7aise pour Piano 2024"}]},{"@type":"WebSite","@id":"https:\/\/www.ecolenormalecortot.com\/en\/#website","url":"https:\/\/www.ecolenormalecortot.com\/en\/","name":"Ecole Normale de Musique de Paris","description":"","publisher":{"@id":"https:\/\/www.ecolenormalecortot.com\/en\/#organization"},"potentialAction":[{"@type":"SearchAction","target":{"@type":"EntryPoint","urlTemplate":"https:\/\/www.ecolenormalecortot.com\/en\/?s={search_term_string}"},"query-input":{"@type":"PropertyValueSpecification","valueRequired":true,"valueName":"search_term_string"}}],"inLanguage":"en-US"},{"@type":"Organization","@id":"https:\/\/www.ecolenormalecortot.com\/en\/#organization","name":"Ecole Normale de Musique de Paris","url":"https:\/\/www.ecolenormalecortot.com\/en\/","logo":{"@type":"ImageObject","inLanguage":"en-US","@id":"https:\/\/www.ecolenormalecortot.com\/en\/#\/schema\/logo\/image\/","url":"https:\/\/www.ecolenormalecortot.com\/wp-content\/uploads\/2023\/02\/android-chrome-512x512-1.png","contentUrl":"https:\/\/www.ecolenormalecortot.com\/wp-content\/uploads\/2023\/02\/android-chrome-512x512-1.png","width":512,"height":512,"caption":"Ecole Normale de Musique de Paris"},"image":{"@id":"https:\/\/www.ecolenormalecortot.com\/en\/#\/schema\/logo\/image\/"}}]}},"_links":{"self":[{"href":"https:\/\/www.ecolenormalecortot.com\/en\/wp-json\/wp\/v2\/event\/6608","targetHints":{"allow":["GET"]}}],"collection":[{"href":"https:\/\/www.ecolenormalecortot.com\/en\/wp-json\/wp\/v2\/event"}],"about":[{"href":"https:\/\/www.ecolenormalecortot.com\/en\/wp-json\/wp\/v2\/types\/event"}],"wp:featuredmedia":[{"embeddable":true,"href":"https:\/\/www.ecolenormalecortot.com\/en\/wp-json\/wp\/v2\/media\/6609"}],"wp:attachment":[{"href":"https:\/\/www.ecolenormalecortot.com\/en\/wp-json\/wp\/v2\/media?parent=6608"}],"wp:term":[{"taxonomy":"event_category","embeddable":true,"href":"https:\/\/www.ecolenormalecortot.com\/en\/wp-json\/wp\/v2\/event_category?post=6608"}],"curies":[{"name":"wp","href":"https:\/\/api.w.org\/{rel}","templated":true}]}}