{"id":6158,"date":"2024-04-09T17:14:38","date_gmt":"2024-04-09T15:14:38","guid":{"rendered":"https:\/\/www.ecolenormalecortot.com\/?post_type=event&#038;p=6158"},"modified":"2024-05-16T09:45:16","modified_gmt":"2024-05-16T07:45:16","slug":"midi-demi-concert-49","status":"publish","type":"event","link":"https:\/\/www.ecolenormalecortot.com\/en\/event\/midi-demi-concert-49\/","title":{"rendered":"Midi &#038; Demi Concert"},"content":{"rendered":"","protected":false},"excerpt":{"rendered":"<p>First part: Jiwan Kim, piano (as part of the Gifted Young Musicians Programme of the \u00c9cole Normale de musique de Paris) | MOZART, CHOPIN<br \/>\nSecond part: Daniil Bogdanovski, piano (as part of the Gifted Young Musicians Programme of the \u00c9cole Normale de musique de Paris) | MOZART, CHOPIN<br \/>\nThird part: Trystan AGUERRE, baryton; Benjamin BRUNET, piano | MENDELSSOHN, MASSENET, WAGNER, SCHUBERT, BRITTEN, ROSSINI<\/p>\n","protected":false},"featured_media":6160,"template":"","meta":{"_acf_changed":false},"event_category":[],"class_list":["post-6158","event","type-event","status-publish","has-post-thumbnail","hentry"],"acf":{"presentation":"Midi &amp; Demi Concerts are given by the graduates, students from the upper levels and teachers of the \u00c9cole Normale de Musique de Paris.\r\n\r\nThey are organized\u00a0 and introduced by St\u00e9phane Fri\u00e9d\u00e9rich.\r\n\r\n<em>Admission free, no reservation<\/em>","musicians":"","program":"<strong>Jiwan KIM, piano\r\n<\/strong><em>As part of the Gifted Young Musicians Program of the \u00c9cole Normale de musique de Paris<\/em>\r\n<p style=\"padding-left: 40px;\">Wolfgang Amadeus MOZART : 1<sup>er<\/sup>\u00a0mouvement de la Sonate K.283\r\nFr\u00e9d\u00e9ric CHOPIN\u00a0: Scherzo n\u00b01<\/p>\r\n<strong>Daniil BOGDANOVSKI, piano\r\n<\/strong><em>As part of the Gifted Young Musicians Program of the \u00c9cole Normale de musique de Paris<\/em>\r\n<p style=\"padding-left: 40px;\">Wolfgang Amadeus MOZART\u00a0: 1<sup>er<\/sup>\u00a0mouvement de la Sonate K.332\r\nFr\u00e9d\u00e9ric CHOPIN : Ballade n\u00b01 op.23<\/p>\r\n<strong>Trystan AGUERRE, baryton\r\n<\/strong><strong>Benjamin BRUNET, piano\u00a0<\/strong>\r\n<p style=\"padding-left: 40px;\">Felix MENDELSSOHN : \u00ab Es ist genug \u00bb, extrait d\u2019<em>Elias<\/em> op.70\r\nJules MASSENET : \u00ab Voil\u00e0 donc la terrible cit\u00e9 \u00bb, extrait de <em>Tha\u00efs<\/em>\r\nRichard WAGNER : \u00ab O du mein holder Abendstern \u00bb extrait de <em>Tannh\u00e4user<\/em>\r\nFranz SCHUBERT : \u00a0Auf dem Flusse - Fr\u00fchlingstraum - Die Post, extraits du <em>Winterreise<\/em>\r\nBenjamin BRITTEN : \u00ab When my cue comes \u00bb extrait de <em>Midsummer Night's Dream<\/em>\r\nGioachino ROSSINI : \u00ab Come un\u2019ape ne\u2019giorni d\u2019aprile \u00bb extrait de La <em>Cenerentola\u00a0<\/em><\/p>\r\n&nbsp;","host":"\u00c9cole Normale de Musique de Paris","date":"2024-04-27 12:30:00","time_start":"12:30:00","time_end":"13:30:00","end_date":null,"location_name":"Salle Cortot","location_address":"78 rue Cardinet 75017 Paris","phone":"","link":[""],"booking_link":"https:\/\/my.weezevent.com\/concerts-de-midi-et-demi","price_from":"0","hide_price":true,"teachers":null,"event_type":"","datetime":null,"end_datetime":null,"booking_infos":"","source_post_id":""},"yoast_head":"<!-- This site is optimized with the Yoast SEO plugin v27.5 - https:\/\/yoast.com\/product\/yoast-seo-wordpress\/ -->\n<title>Midi &amp; Demi Concert - Ecole Normale de Musique de Paris<\/title>\n<meta name=\"robots\" content=\"index, follow, max-snippet:-1, max-image-preview:large, max-video-preview:-1\" \/>\n<link rel=\"canonical\" href=\"https:\/\/www.ecolenormalecortot.com\/en\/event\/midi-demi-concert-49\/\" \/>\n<meta property=\"og:locale\" content=\"en_US\" \/>\n<meta property=\"og:type\" content=\"article\" \/>\n<meta property=\"og:title\" content=\"Midi &amp; Demi Concert - Ecole Normale de Musique de Paris\" \/>\n<meta property=\"og:description\" content=\"First part: Jiwan Kim, piano (as part of the Gifted Young Musicians Programme of the \u00c9cole Normale de musique de Paris) | MOZART, CHOPIN Second part: Daniil Bogdanovski, piano (as part of the Gifted Young Musicians Programme of the \u00c9cole Normale de musique de Paris) | MOZART, CHOPIN Third part: Trystan AGUERRE, baryton; Benjamin BRUNET, piano | MENDELSSOHN, MASSENET, WAGNER, SCHUBERT, BRITTEN, ROSSINI\" \/>\n<meta property=\"og:url\" content=\"https:\/\/www.ecolenormalecortot.com\/en\/event\/midi-demi-concert-49\/\" \/>\n<meta property=\"og:site_name\" content=\"Ecole Normale de Musique de Paris\" \/>\n<meta property=\"article:modified_time\" content=\"2024-05-16T07:45:16+00:00\" \/>\n<meta property=\"og:image\" content=\"https:\/\/www.ecolenormalecortot.com\/wp-content\/uploads\/2024\/04\/Concert-classe-de-composition-de-musiques-de-film-1110x643-1.jpg\" \/>\n\t<meta property=\"og:image:width\" content=\"1110\" \/>\n\t<meta property=\"og:image:height\" content=\"643\" \/>\n\t<meta property=\"og:image:type\" content=\"image\/jpeg\" \/>\n<meta name=\"twitter:card\" content=\"summary_large_image\" \/>\n<script type=\"application\/ld+json\" class=\"yoast-schema-graph\">{\"@context\":\"https:\\\/\\\/schema.org\",\"@graph\":[{\"@type\":\"WebPage\",\"@id\":\"https:\\\/\\\/www.ecolenormalecortot.com\\\/en\\\/event\\\/midi-demi-concert-49\\\/\",\"url\":\"https:\\\/\\\/www.ecolenormalecortot.com\\\/en\\\/event\\\/midi-demi-concert-49\\\/\",\"name\":\"Midi & Demi Concert - Ecole Normale de Musique de Paris\",\"isPartOf\":{\"@id\":\"https:\\\/\\\/www.ecolenormalecortot.com\\\/en\\\/#website\"},\"primaryImageOfPage\":{\"@id\":\"https:\\\/\\\/www.ecolenormalecortot.com\\\/en\\\/event\\\/midi-demi-concert-49\\\/#primaryimage\"},\"image\":{\"@id\":\"https:\\\/\\\/www.ecolenormalecortot.com\\\/en\\\/event\\\/midi-demi-concert-49\\\/#primaryimage\"},\"thumbnailUrl\":\"https:\\\/\\\/www.ecolenormalecortot.com\\\/wp-content\\\/uploads\\\/2024\\\/04\\\/Concert-classe-de-composition-de-musiques-de-film-1110x643-1.jpg\",\"datePublished\":\"2024-04-09T15:14:38+00:00\",\"dateModified\":\"2024-05-16T07:45:16+00:00\",\"breadcrumb\":{\"@id\":\"https:\\\/\\\/www.ecolenormalecortot.com\\\/en\\\/event\\\/midi-demi-concert-49\\\/#breadcrumb\"},\"inLanguage\":\"en-US\",\"potentialAction\":[{\"@type\":\"ReadAction\",\"target\":[\"https:\\\/\\\/www.ecolenormalecortot.com\\\/en\\\/event\\\/midi-demi-concert-49\\\/\"]}]},{\"@type\":\"ImageObject\",\"inLanguage\":\"en-US\",\"@id\":\"https:\\\/\\\/www.ecolenormalecortot.com\\\/en\\\/event\\\/midi-demi-concert-49\\\/#primaryimage\",\"url\":\"https:\\\/\\\/www.ecolenormalecortot.com\\\/wp-content\\\/uploads\\\/2024\\\/04\\\/Concert-classe-de-composition-de-musiques-de-film-1110x643-1.jpg\",\"contentUrl\":\"https:\\\/\\\/www.ecolenormalecortot.com\\\/wp-content\\\/uploads\\\/2024\\\/04\\\/Concert-classe-de-composition-de-musiques-de-film-1110x643-1.jpg\",\"width\":1110,\"height\":643},{\"@type\":\"BreadcrumbList\",\"@id\":\"https:\\\/\\\/www.ecolenormalecortot.com\\\/en\\\/event\\\/midi-demi-concert-49\\\/#breadcrumb\",\"itemListElement\":[{\"@type\":\"ListItem\",\"position\":1,\"name\":\"Accueil\",\"item\":\"https:\\\/\\\/www.ecolenormalecortot.com\\\/en\\\/\"},{\"@type\":\"ListItem\",\"position\":2,\"name\":\"\u00c9v\u00e8nements\",\"item\":\"https:\\\/\\\/www.ecolenormalecortot.com\\\/en\\\/event\\\/\"},{\"@type\":\"ListItem\",\"position\":3,\"name\":\"Midi &#038; Demi Concert\"}]},{\"@type\":\"WebSite\",\"@id\":\"https:\\\/\\\/www.ecolenormalecortot.com\\\/en\\\/#website\",\"url\":\"https:\\\/\\\/www.ecolenormalecortot.com\\\/en\\\/\",\"name\":\"Ecole Normale de Musique de Paris\",\"description\":\"\",\"publisher\":{\"@id\":\"https:\\\/\\\/www.ecolenormalecortot.com\\\/en\\\/#organization\"},\"potentialAction\":[{\"@type\":\"SearchAction\",\"target\":{\"@type\":\"EntryPoint\",\"urlTemplate\":\"https:\\\/\\\/www.ecolenormalecortot.com\\\/en\\\/?s={search_term_string}\"},\"query-input\":{\"@type\":\"PropertyValueSpecification\",\"valueRequired\":true,\"valueName\":\"search_term_string\"}}],\"inLanguage\":\"en-US\"},{\"@type\":\"Organization\",\"@id\":\"https:\\\/\\\/www.ecolenormalecortot.com\\\/en\\\/#organization\",\"name\":\"Ecole Normale de Musique de Paris\",\"url\":\"https:\\\/\\\/www.ecolenormalecortot.com\\\/en\\\/\",\"logo\":{\"@type\":\"ImageObject\",\"inLanguage\":\"en-US\",\"@id\":\"https:\\\/\\\/www.ecolenormalecortot.com\\\/en\\\/#\\\/schema\\\/logo\\\/image\\\/\",\"url\":\"https:\\\/\\\/www.ecolenormalecortot.com\\\/wp-content\\\/uploads\\\/2023\\\/02\\\/android-chrome-512x512-1.png\",\"contentUrl\":\"https:\\\/\\\/www.ecolenormalecortot.com\\\/wp-content\\\/uploads\\\/2023\\\/02\\\/android-chrome-512x512-1.png\",\"width\":512,\"height\":512,\"caption\":\"Ecole Normale de Musique de Paris\"},\"image\":{\"@id\":\"https:\\\/\\\/www.ecolenormalecortot.com\\\/en\\\/#\\\/schema\\\/logo\\\/image\\\/\"}}]}<\/script>\n<!-- \/ Yoast SEO plugin. -->","yoast_head_json":{"title":"Midi & Demi Concert - Ecole Normale de Musique de Paris","robots":{"index":"index","follow":"follow","max-snippet":"max-snippet:-1","max-image-preview":"max-image-preview:large","max-video-preview":"max-video-preview:-1"},"canonical":"https:\/\/www.ecolenormalecortot.com\/en\/event\/midi-demi-concert-49\/","og_locale":"en_US","og_type":"article","og_title":"Midi & Demi Concert - Ecole Normale de Musique de Paris","og_description":"First part: Jiwan Kim, piano (as part of the Gifted Young Musicians Programme of the \u00c9cole Normale de musique de Paris) | MOZART, CHOPIN Second part: Daniil Bogdanovski, piano (as part of the Gifted Young Musicians Programme of the \u00c9cole Normale de musique de Paris) | MOZART, CHOPIN Third part: Trystan AGUERRE, baryton; Benjamin BRUNET, piano | MENDELSSOHN, MASSENET, WAGNER, SCHUBERT, BRITTEN, ROSSINI","og_url":"https:\/\/www.ecolenormalecortot.com\/en\/event\/midi-demi-concert-49\/","og_site_name":"Ecole Normale de Musique de Paris","article_modified_time":"2024-05-16T07:45:16+00:00","og_image":[{"width":1110,"height":643,"url":"https:\/\/www.ecolenormalecortot.com\/wp-content\/uploads\/2024\/04\/Concert-classe-de-composition-de-musiques-de-film-1110x643-1.jpg","type":"image\/jpeg"}],"twitter_card":"summary_large_image","schema":{"@context":"https:\/\/schema.org","@graph":[{"@type":"WebPage","@id":"https:\/\/www.ecolenormalecortot.com\/en\/event\/midi-demi-concert-49\/","url":"https:\/\/www.ecolenormalecortot.com\/en\/event\/midi-demi-concert-49\/","name":"Midi & Demi Concert - Ecole Normale de Musique de Paris","isPartOf":{"@id":"https:\/\/www.ecolenormalecortot.com\/en\/#website"},"primaryImageOfPage":{"@id":"https:\/\/www.ecolenormalecortot.com\/en\/event\/midi-demi-concert-49\/#primaryimage"},"image":{"@id":"https:\/\/www.ecolenormalecortot.com\/en\/event\/midi-demi-concert-49\/#primaryimage"},"thumbnailUrl":"https:\/\/www.ecolenormalecortot.com\/wp-content\/uploads\/2024\/04\/Concert-classe-de-composition-de-musiques-de-film-1110x643-1.jpg","datePublished":"2024-04-09T15:14:38+00:00","dateModified":"2024-05-16T07:45:16+00:00","breadcrumb":{"@id":"https:\/\/www.ecolenormalecortot.com\/en\/event\/midi-demi-concert-49\/#breadcrumb"},"inLanguage":"en-US","potentialAction":[{"@type":"ReadAction","target":["https:\/\/www.ecolenormalecortot.com\/en\/event\/midi-demi-concert-49\/"]}]},{"@type":"ImageObject","inLanguage":"en-US","@id":"https:\/\/www.ecolenormalecortot.com\/en\/event\/midi-demi-concert-49\/#primaryimage","url":"https:\/\/www.ecolenormalecortot.com\/wp-content\/uploads\/2024\/04\/Concert-classe-de-composition-de-musiques-de-film-1110x643-1.jpg","contentUrl":"https:\/\/www.ecolenormalecortot.com\/wp-content\/uploads\/2024\/04\/Concert-classe-de-composition-de-musiques-de-film-1110x643-1.jpg","width":1110,"height":643},{"@type":"BreadcrumbList","@id":"https:\/\/www.ecolenormalecortot.com\/en\/event\/midi-demi-concert-49\/#breadcrumb","itemListElement":[{"@type":"ListItem","position":1,"name":"Accueil","item":"https:\/\/www.ecolenormalecortot.com\/en\/"},{"@type":"ListItem","position":2,"name":"\u00c9v\u00e8nements","item":"https:\/\/www.ecolenormalecortot.com\/en\/event\/"},{"@type":"ListItem","position":3,"name":"Midi &#038; Demi Concert"}]},{"@type":"WebSite","@id":"https:\/\/www.ecolenormalecortot.com\/en\/#website","url":"https:\/\/www.ecolenormalecortot.com\/en\/","name":"Ecole Normale de Musique de Paris","description":"","publisher":{"@id":"https:\/\/www.ecolenormalecortot.com\/en\/#organization"},"potentialAction":[{"@type":"SearchAction","target":{"@type":"EntryPoint","urlTemplate":"https:\/\/www.ecolenormalecortot.com\/en\/?s={search_term_string}"},"query-input":{"@type":"PropertyValueSpecification","valueRequired":true,"valueName":"search_term_string"}}],"inLanguage":"en-US"},{"@type":"Organization","@id":"https:\/\/www.ecolenormalecortot.com\/en\/#organization","name":"Ecole Normale de Musique de Paris","url":"https:\/\/www.ecolenormalecortot.com\/en\/","logo":{"@type":"ImageObject","inLanguage":"en-US","@id":"https:\/\/www.ecolenormalecortot.com\/en\/#\/schema\/logo\/image\/","url":"https:\/\/www.ecolenormalecortot.com\/wp-content\/uploads\/2023\/02\/android-chrome-512x512-1.png","contentUrl":"https:\/\/www.ecolenormalecortot.com\/wp-content\/uploads\/2023\/02\/android-chrome-512x512-1.png","width":512,"height":512,"caption":"Ecole Normale de Musique de Paris"},"image":{"@id":"https:\/\/www.ecolenormalecortot.com\/en\/#\/schema\/logo\/image\/"}}]}},"_links":{"self":[{"href":"https:\/\/www.ecolenormalecortot.com\/en\/wp-json\/wp\/v2\/event\/6158","targetHints":{"allow":["GET"]}}],"collection":[{"href":"https:\/\/www.ecolenormalecortot.com\/en\/wp-json\/wp\/v2\/event"}],"about":[{"href":"https:\/\/www.ecolenormalecortot.com\/en\/wp-json\/wp\/v2\/types\/event"}],"wp:featuredmedia":[{"embeddable":true,"href":"https:\/\/www.ecolenormalecortot.com\/en\/wp-json\/wp\/v2\/media\/6160"}],"wp:attachment":[{"href":"https:\/\/www.ecolenormalecortot.com\/en\/wp-json\/wp\/v2\/media?parent=6158"}],"wp:term":[{"taxonomy":"event_category","embeddable":true,"href":"https:\/\/www.ecolenormalecortot.com\/en\/wp-json\/wp\/v2\/event_category?post=6158"}],"curies":[{"name":"wp","href":"https:\/\/api.w.org\/{rel}","templated":true}]}}