{"id":12574,"date":"2026-04-27T19:34:03","date_gmt":"2026-04-27T17:34:03","guid":{"rendered":"https:\/\/www.ecolenormalecortot.com\/event\/seoyeon-kim-matheus-oshiro-corelli-rachmaninov-scriabine\/"},"modified":"2026-04-27T19:38:15","modified_gmt":"2026-04-27T17:38:15","slug":"seoyeon-kim-matheus-oshiro-corelli-rachmaninov-scriabine","status":"publish","type":"event","link":"https:\/\/www.ecolenormalecortot.com\/en\/event\/seoyeon-kim-matheus-oshiro-corelli-rachmaninov-scriabine\/","title":{"rendered":"Seoyeon Kim &#8211; Matheus Oshiro | Corelli, Rachmaninov, Scriabine&#8230;"},"content":{"rendered":"\n<h2 class=\"wp-block-heading has-large-font-size\">Seoyeon Kim &#8211; Matheus Oshiro | Corelli, Rachmaninov, Scriabine&#8230;<\/h2>\n\n\n\n<p class=\"has-medium-font-size\">Les Concerts de Midi et Demi sont donn\u00e9s par les dipl\u00f4m\u00e9s, les \u00e9tudiants des niveaux sup\u00e9rieurs et les professeurs de l\u2019\u00c9cole Normale de Musique de Paris.<\/p>\n\n\n\n<p class=\"has-medium-font-size\">Ils sont coordonn\u00e9s et pr\u00e9sent\u00e9s par St\u00e9phane Fri\u00e9d\u00e9rich.<\/p>\n\n\n\n<p class=\"has-medium-font-size\"><em>Entr\u00e9e libre sous r\u00e9serve des places disponibles.<\/em><\/p>\n\n\n\n<div style=\"height:45px\" aria-hidden=\"true\" class=\"wp-block-spacer\"><\/div>\n\n\n\n<h3 class=\"wp-block-heading\">Programme<\/h3>\n\n\n\n<p class=\"has-medium-font-size\"><strong>Seoyeon KIM, piano<\/strong><\/p>\n\n\n\n<p class=\"has-medium-font-size\">Arcangelo Corelli : La Folia di Spagna (transcription pour piano)<\/p>\n\n\n\n<p class=\"has-medium-font-size\">Serge Rachmaninov : Variations sur un th\u00e8me de Corelli op.42<\/p>\n\n\n\n<div style=\"height:26px\" aria-hidden=\"true\" class=\"wp-block-spacer\"><\/div>\n\n\n\n<p class=\"has-medium-font-size\"><strong>Matheus OSHIRO, piano<\/strong><\/p>\n\n\n\n<p class=\"has-medium-font-size\">Alexandre Scriabine : Sonate n\u00b04 op.30<\/p>\n\n\n\n<p class=\"has-medium-font-size\">Heitor Villa-Lobos : Impressoes Seresteiras<\/p>\n\n\n\n<p class=\"has-medium-font-size\">Franz Liszt : R\u00e9miniscences de Norma<\/p>\n\n\n\n<div style=\"height:57px\" aria-hidden=\"true\" class=\"wp-block-spacer\"><\/div>\n\n\n\n<h3 class=\"wp-block-heading\">\u00c0 propos<\/h3>\n\n\n\n<p class=\"has-medium-font-size\">Pr\u00e8s de 100 Concerts de Midi et Demi sont donn\u00e9s chaque ann\u00e9e \u00e0 la&nbsp;<a href=\"https:\/\/sallecortot.com\/\">Salle Cortot<\/a>&nbsp;par les \u00e9tudiants des niveaux sup\u00e9rieurs de l\u2019\u00c9cole normale de musique de Paris.<br><br>Apr\u00e8s plus de 40 ans d\u2019existence, ces concerts sont une v\u00e9ritable institution et attirent leur propre public d\u2019habitu\u00e9s. Ils sont pr\u00e9sent\u00e9s par le journaliste musical St\u00e9phane Fri\u00e9d\u00e9rich.<\/p>\n\n\n\n<p class=\"has-medium-font-size\"><em>Entr\u00e9e libre sous r\u00e9serve des places disponibles.<\/em><\/p>\n\n\n\n<div style=\"height:45px\" aria-hidden=\"true\" class=\"wp-block-spacer\"><\/div>\n\n\n\n\n\n<h3 class=\"wp-block-heading\">Organisateur<\/h3>\n\n\n\n\n\n<figure class=\"wp-block-image size-large is-resized\"><img decoding=\"async\" src=\"https:\/\/sallecortot.com\/wp-content\/uploads\/2024\/08\/LOGO-3-LIGNES-BLANC-1024x251.png\" alt=\"\u00c9cole normale de Musique de Paris Alfred Cortot\" class=\"wp-image-1353\" style=\"width:254px;height:auto\"\/><\/figure>\n\n\n\n<p><\/p>\n","protected":false},"excerpt":{"rendered":"<p>Seoyeon Kim &#8211; Matheus Oshiro | Corelli, Rachmaninov, Scriabine&#8230; Les Concerts de Midi et Demi sont donn\u00e9s par les dipl\u00f4m\u00e9s, [&hellip;]<\/p>\n","protected":false},"featured_media":12572,"template":"","meta":{"_acf_changed":false},"event_category":[168],"class_list":["post-12574","event","type-event","status-publish","has-post-thumbnail","hentry","event_category-concerts-de-midi-et-demi"],"acf":{"presentation":"","musicians":"","program":"","host":"","date":"2026-05-05 12:30:00","time_start":"12:30","time_end":null,"end_date":null,"location_name":"","location_address":"","phone":"","link":null,"booking_link":"","price_from":"<p>Entr\u00e9e libre.<\/p>\n","hide_price":false,"teachers":null,"event_type":"Concert de midi et demi","datetime":"2026-05-05 12:30:00","end_datetime":"","booking_infos":"","source_post_id":"9560"},"yoast_head":"<!-- This site is optimized with the Yoast SEO plugin v27.5 - https:\/\/yoast.com\/product\/yoast-seo-wordpress\/ -->\n<title>Seoyeon Kim - Matheus Oshiro | Corelli, Rachmaninov, Scriabine... - Ecole Normale de Musique de Paris<\/title>\n<meta name=\"robots\" content=\"index, follow, max-snippet:-1, max-image-preview:large, max-video-preview:-1\" \/>\n<link rel=\"canonical\" href=\"https:\/\/www.ecolenormalecortot.com\/en\/event\/seoyeon-kim-matheus-oshiro-corelli-rachmaninov-scriabine\/\" \/>\n<meta property=\"og:locale\" content=\"en_US\" \/>\n<meta property=\"og:type\" content=\"article\" \/>\n<meta property=\"og:title\" content=\"Seoyeon Kim - Matheus Oshiro | Corelli, Rachmaninov, Scriabine... - Ecole Normale de Musique de Paris\" \/>\n<meta property=\"og:description\" content=\"Seoyeon Kim &#8211; Matheus Oshiro | Corelli, Rachmaninov, Scriabine&#8230; Les Concerts de Midi et Demi sont donn\u00e9s par les dipl\u00f4m\u00e9s, [&hellip;]\" \/>\n<meta property=\"og:url\" content=\"https:\/\/www.ecolenormalecortot.com\/en\/event\/seoyeon-kim-matheus-oshiro-corelli-rachmaninov-scriabine\/\" \/>\n<meta property=\"og:site_name\" content=\"Ecole Normale de Musique de Paris\" \/>\n<meta property=\"article:modified_time\" content=\"2026-04-27T17:38:15+00:00\" \/>\n<meta property=\"og:image\" content=\"https:\/\/www.ecolenormalecortot.com\/wp-content\/uploads\/2026\/04\/05.05.png\" \/>\n\t<meta property=\"og:image:width\" content=\"1110\" \/>\n\t<meta property=\"og:image:height\" content=\"643\" \/>\n\t<meta property=\"og:image:type\" content=\"image\/png\" \/>\n<meta name=\"twitter:card\" content=\"summary_large_image\" \/>\n<meta name=\"twitter:label1\" content=\"Est. reading time\" \/>\n\t<meta name=\"twitter:data1\" content=\"1 minute\" \/>\n<script type=\"application\/ld+json\" class=\"yoast-schema-graph\">{\"@context\":\"https:\\\/\\\/schema.org\",\"@graph\":[{\"@type\":\"WebPage\",\"@id\":\"https:\\\/\\\/www.ecolenormalecortot.com\\\/en\\\/event\\\/seoyeon-kim-matheus-oshiro-corelli-rachmaninov-scriabine\\\/\",\"url\":\"https:\\\/\\\/www.ecolenormalecortot.com\\\/en\\\/event\\\/seoyeon-kim-matheus-oshiro-corelli-rachmaninov-scriabine\\\/\",\"name\":\"Seoyeon Kim - Matheus Oshiro | Corelli, Rachmaninov, Scriabine... - Ecole Normale de Musique de Paris\",\"isPartOf\":{\"@id\":\"https:\\\/\\\/www.ecolenormalecortot.com\\\/en\\\/#website\"},\"primaryImageOfPage\":{\"@id\":\"https:\\\/\\\/www.ecolenormalecortot.com\\\/en\\\/event\\\/seoyeon-kim-matheus-oshiro-corelli-rachmaninov-scriabine\\\/#primaryimage\"},\"image\":{\"@id\":\"https:\\\/\\\/www.ecolenormalecortot.com\\\/en\\\/event\\\/seoyeon-kim-matheus-oshiro-corelli-rachmaninov-scriabine\\\/#primaryimage\"},\"thumbnailUrl\":\"https:\\\/\\\/www.ecolenormalecortot.com\\\/wp-content\\\/uploads\\\/2026\\\/04\\\/05.05.png\",\"datePublished\":\"2026-04-27T17:34:03+00:00\",\"dateModified\":\"2026-04-27T17:38:15+00:00\",\"breadcrumb\":{\"@id\":\"https:\\\/\\\/www.ecolenormalecortot.com\\\/en\\\/event\\\/seoyeon-kim-matheus-oshiro-corelli-rachmaninov-scriabine\\\/#breadcrumb\"},\"inLanguage\":\"en-US\",\"potentialAction\":[{\"@type\":\"ReadAction\",\"target\":[\"https:\\\/\\\/www.ecolenormalecortot.com\\\/en\\\/event\\\/seoyeon-kim-matheus-oshiro-corelli-rachmaninov-scriabine\\\/\"]}]},{\"@type\":\"ImageObject\",\"inLanguage\":\"en-US\",\"@id\":\"https:\\\/\\\/www.ecolenormalecortot.com\\\/en\\\/event\\\/seoyeon-kim-matheus-oshiro-corelli-rachmaninov-scriabine\\\/#primaryimage\",\"url\":\"https:\\\/\\\/www.ecolenormalecortot.com\\\/wp-content\\\/uploads\\\/2026\\\/04\\\/05.05.png\",\"contentUrl\":\"https:\\\/\\\/www.ecolenormalecortot.com\\\/wp-content\\\/uploads\\\/2026\\\/04\\\/05.05.png\",\"width\":1110,\"height\":643},{\"@type\":\"BreadcrumbList\",\"@id\":\"https:\\\/\\\/www.ecolenormalecortot.com\\\/en\\\/event\\\/seoyeon-kim-matheus-oshiro-corelli-rachmaninov-scriabine\\\/#breadcrumb\",\"itemListElement\":[{\"@type\":\"ListItem\",\"position\":1,\"name\":\"Accueil\",\"item\":\"https:\\\/\\\/www.ecolenormalecortot.com\\\/en\\\/\"},{\"@type\":\"ListItem\",\"position\":2,\"name\":\"\u00c9v\u00e8nements\",\"item\":\"https:\\\/\\\/www.ecolenormalecortot.com\\\/en\\\/event\\\/\"},{\"@type\":\"ListItem\",\"position\":3,\"name\":\"Seoyeon Kim &#8211; Matheus Oshiro | Corelli, Rachmaninov, Scriabine&#8230;\"}]},{\"@type\":\"WebSite\",\"@id\":\"https:\\\/\\\/www.ecolenormalecortot.com\\\/en\\\/#website\",\"url\":\"https:\\\/\\\/www.ecolenormalecortot.com\\\/en\\\/\",\"name\":\"Ecole Normale de Musique de Paris\",\"description\":\"\",\"publisher\":{\"@id\":\"https:\\\/\\\/www.ecolenormalecortot.com\\\/en\\\/#organization\"},\"potentialAction\":[{\"@type\":\"SearchAction\",\"target\":{\"@type\":\"EntryPoint\",\"urlTemplate\":\"https:\\\/\\\/www.ecolenormalecortot.com\\\/en\\\/?s={search_term_string}\"},\"query-input\":{\"@type\":\"PropertyValueSpecification\",\"valueRequired\":true,\"valueName\":\"search_term_string\"}}],\"inLanguage\":\"en-US\"},{\"@type\":\"Organization\",\"@id\":\"https:\\\/\\\/www.ecolenormalecortot.com\\\/en\\\/#organization\",\"name\":\"Ecole Normale de Musique de Paris\",\"url\":\"https:\\\/\\\/www.ecolenormalecortot.com\\\/en\\\/\",\"logo\":{\"@type\":\"ImageObject\",\"inLanguage\":\"en-US\",\"@id\":\"https:\\\/\\\/www.ecolenormalecortot.com\\\/en\\\/#\\\/schema\\\/logo\\\/image\\\/\",\"url\":\"https:\\\/\\\/www.ecolenormalecortot.com\\\/wp-content\\\/uploads\\\/2023\\\/02\\\/android-chrome-512x512-1.png\",\"contentUrl\":\"https:\\\/\\\/www.ecolenormalecortot.com\\\/wp-content\\\/uploads\\\/2023\\\/02\\\/android-chrome-512x512-1.png\",\"width\":512,\"height\":512,\"caption\":\"Ecole Normale de Musique de Paris\"},\"image\":{\"@id\":\"https:\\\/\\\/www.ecolenormalecortot.com\\\/en\\\/#\\\/schema\\\/logo\\\/image\\\/\"}}]}<\/script>\n<!-- \/ Yoast SEO plugin. -->","yoast_head_json":{"title":"Seoyeon Kim - Matheus Oshiro | Corelli, Rachmaninov, Scriabine... - Ecole Normale de Musique de Paris","robots":{"index":"index","follow":"follow","max-snippet":"max-snippet:-1","max-image-preview":"max-image-preview:large","max-video-preview":"max-video-preview:-1"},"canonical":"https:\/\/www.ecolenormalecortot.com\/en\/event\/seoyeon-kim-matheus-oshiro-corelli-rachmaninov-scriabine\/","og_locale":"en_US","og_type":"article","og_title":"Seoyeon Kim - Matheus Oshiro | Corelli, Rachmaninov, Scriabine... - Ecole Normale de Musique de Paris","og_description":"Seoyeon Kim &#8211; Matheus Oshiro | Corelli, Rachmaninov, Scriabine&#8230; Les Concerts de Midi et Demi sont donn\u00e9s par les dipl\u00f4m\u00e9s, [&hellip;]","og_url":"https:\/\/www.ecolenormalecortot.com\/en\/event\/seoyeon-kim-matheus-oshiro-corelli-rachmaninov-scriabine\/","og_site_name":"Ecole Normale de Musique de Paris","article_modified_time":"2026-04-27T17:38:15+00:00","og_image":[{"width":1110,"height":643,"url":"https:\/\/www.ecolenormalecortot.com\/wp-content\/uploads\/2026\/04\/05.05.png","type":"image\/png"}],"twitter_card":"summary_large_image","twitter_misc":{"Est. reading time":"1 minute"},"schema":{"@context":"https:\/\/schema.org","@graph":[{"@type":"WebPage","@id":"https:\/\/www.ecolenormalecortot.com\/en\/event\/seoyeon-kim-matheus-oshiro-corelli-rachmaninov-scriabine\/","url":"https:\/\/www.ecolenormalecortot.com\/en\/event\/seoyeon-kim-matheus-oshiro-corelli-rachmaninov-scriabine\/","name":"Seoyeon Kim - Matheus Oshiro | Corelli, Rachmaninov, Scriabine... - Ecole Normale de Musique de Paris","isPartOf":{"@id":"https:\/\/www.ecolenormalecortot.com\/en\/#website"},"primaryImageOfPage":{"@id":"https:\/\/www.ecolenormalecortot.com\/en\/event\/seoyeon-kim-matheus-oshiro-corelli-rachmaninov-scriabine\/#primaryimage"},"image":{"@id":"https:\/\/www.ecolenormalecortot.com\/en\/event\/seoyeon-kim-matheus-oshiro-corelli-rachmaninov-scriabine\/#primaryimage"},"thumbnailUrl":"https:\/\/www.ecolenormalecortot.com\/wp-content\/uploads\/2026\/04\/05.05.png","datePublished":"2026-04-27T17:34:03+00:00","dateModified":"2026-04-27T17:38:15+00:00","breadcrumb":{"@id":"https:\/\/www.ecolenormalecortot.com\/en\/event\/seoyeon-kim-matheus-oshiro-corelli-rachmaninov-scriabine\/#breadcrumb"},"inLanguage":"en-US","potentialAction":[{"@type":"ReadAction","target":["https:\/\/www.ecolenormalecortot.com\/en\/event\/seoyeon-kim-matheus-oshiro-corelli-rachmaninov-scriabine\/"]}]},{"@type":"ImageObject","inLanguage":"en-US","@id":"https:\/\/www.ecolenormalecortot.com\/en\/event\/seoyeon-kim-matheus-oshiro-corelli-rachmaninov-scriabine\/#primaryimage","url":"https:\/\/www.ecolenormalecortot.com\/wp-content\/uploads\/2026\/04\/05.05.png","contentUrl":"https:\/\/www.ecolenormalecortot.com\/wp-content\/uploads\/2026\/04\/05.05.png","width":1110,"height":643},{"@type":"BreadcrumbList","@id":"https:\/\/www.ecolenormalecortot.com\/en\/event\/seoyeon-kim-matheus-oshiro-corelli-rachmaninov-scriabine\/#breadcrumb","itemListElement":[{"@type":"ListItem","position":1,"name":"Accueil","item":"https:\/\/www.ecolenormalecortot.com\/en\/"},{"@type":"ListItem","position":2,"name":"\u00c9v\u00e8nements","item":"https:\/\/www.ecolenormalecortot.com\/en\/event\/"},{"@type":"ListItem","position":3,"name":"Seoyeon Kim &#8211; Matheus Oshiro | Corelli, Rachmaninov, Scriabine&#8230;"}]},{"@type":"WebSite","@id":"https:\/\/www.ecolenormalecortot.com\/en\/#website","url":"https:\/\/www.ecolenormalecortot.com\/en\/","name":"Ecole Normale de Musique de Paris","description":"","publisher":{"@id":"https:\/\/www.ecolenormalecortot.com\/en\/#organization"},"potentialAction":[{"@type":"SearchAction","target":{"@type":"EntryPoint","urlTemplate":"https:\/\/www.ecolenormalecortot.com\/en\/?s={search_term_string}"},"query-input":{"@type":"PropertyValueSpecification","valueRequired":true,"valueName":"search_term_string"}}],"inLanguage":"en-US"},{"@type":"Organization","@id":"https:\/\/www.ecolenormalecortot.com\/en\/#organization","name":"Ecole Normale de Musique de Paris","url":"https:\/\/www.ecolenormalecortot.com\/en\/","logo":{"@type":"ImageObject","inLanguage":"en-US","@id":"https:\/\/www.ecolenormalecortot.com\/en\/#\/schema\/logo\/image\/","url":"https:\/\/www.ecolenormalecortot.com\/wp-content\/uploads\/2023\/02\/android-chrome-512x512-1.png","contentUrl":"https:\/\/www.ecolenormalecortot.com\/wp-content\/uploads\/2023\/02\/android-chrome-512x512-1.png","width":512,"height":512,"caption":"Ecole Normale de Musique de Paris"},"image":{"@id":"https:\/\/www.ecolenormalecortot.com\/en\/#\/schema\/logo\/image\/"}}]}},"_links":{"self":[{"href":"https:\/\/www.ecolenormalecortot.com\/en\/wp-json\/wp\/v2\/event\/12574","targetHints":{"allow":["GET"]}}],"collection":[{"href":"https:\/\/www.ecolenormalecortot.com\/en\/wp-json\/wp\/v2\/event"}],"about":[{"href":"https:\/\/www.ecolenormalecortot.com\/en\/wp-json\/wp\/v2\/types\/event"}],"wp:featuredmedia":[{"embeddable":true,"href":"https:\/\/www.ecolenormalecortot.com\/en\/wp-json\/wp\/v2\/media\/12572"}],"wp:attachment":[{"href":"https:\/\/www.ecolenormalecortot.com\/en\/wp-json\/wp\/v2\/media?parent=12574"}],"wp:term":[{"taxonomy":"event_category","embeddable":true,"href":"https:\/\/www.ecolenormalecortot.com\/en\/wp-json\/wp\/v2\/event_category?post=12574"}],"curies":[{"name":"wp","href":"https:\/\/api.w.org\/{rel}","templated":true}]}}