{"id":12205,"date":"2026-03-16T15:24:37","date_gmt":"2026-03-16T14:24:37","guid":{"rendered":"https:\/\/www.ecolenormalecortot.com\/event\/table-ronde-avec-philippe-hersant-sandra-chamoux-le-trio-parrhesia\/"},"modified":"2026-04-02T11:52:20","modified_gmt":"2026-04-02T09:52:20","slug":"table-ronde-avec-philippe-hersant-sandra-chamoux-le-trio-parrhesia","status":"publish","type":"event","link":"https:\/\/www.ecolenormalecortot.com\/en\/event\/table-ronde-avec-philippe-hersant-sandra-chamoux-le-trio-parrhesia\/","title":{"rendered":"Table ronde avec Philippe Hersant, Sandra Chamoux &amp; le Trio Parrh\u00e8sia"},"content":{"rendered":"\n<p class=\"has-large-font-size\"><strong>Table ronde avec Philippe Hersant, Sandra Chamoux &amp; le Trio Parrh\u00e8sia<\/strong><\/p>\n\n\n\n<p class=\"has-medium-font-size\">Philippe Hersant est l\u2019un des grands compositeurs d\u2019aujourd\u2019hui. A l\u2019occasion de la cr\u00e9ation de son <em>Trio pour piano<\/em>, violon et violoncelle \u201cChants de la Lagune\u201d &#8211; \u0153uvre command\u00e9e par le Trio Parrh\u00e9sia et financ\u00e9e par le dispositif Proarti-Sacemt &#8211; l\u2019Ecole normale de musique de Paris vous convie, le 11 avril \u00e0 18h30, \u00e0 la Salle Cortot, \u00e0 une table ronde.<\/p>\n\n\n\n<p class=\"has-medium-font-size\">Elle r\u00e9unira le compositeur Philippe Hersant, la pianiste Sandra Chamoux et le Trio Parrh\u00e9sia. St\u00e9phane Fri\u00e9d\u00e9rich en sera le mod\u00e9rateur.<\/p>\n\n\n\n<p class=\"has-medium-font-size\">Venez partager ce moment d\u2019\u00e9changes suivi d\u2019un concert \u00e0 20h00 avec ces m\u00eames interpr\u00e8tes.<\/p>\n\n\n\n<div style=\"height:25px\" aria-hidden=\"true\" class=\"wp-block-spacer\"><\/div>\n\n\n\n<p class=\"has-medium-font-size\">La table ronde sera suivie d&#8217;un concert \u00e0 20h00, qui fait l&#8217;objet d&#8217;une r\u00e9servation s\u00e9par\u00e9e.<\/p>\n\n\n\n<p style=\"font-size:17px\">Production de ProQuartet \u2013 Centre europ\u00e9en de musique de chambre. Ce projet b\u00e9n\u00e9ficie du financement de la R\u00e9gion \u00cele-de-France dans le cadre du projet FoRTE. <br>ProQuartet est soutenu par la DRAC \u00cele-de-France, la R\u00e9gion \u00cele-de-France et le Centre national de la musique. <\/p>\n\n\n\n<figure class=\"wp-block-image size-large is-resized\"><img decoding=\"async\" src=\"https:\/\/sallecortot.com\/wp-content\/uploads\/2026\/03\/LOGO_RIDF_2019_HD-1024x374.jpg\" alt=\"\" class=\"wp-image-9188\" style=\"aspect-ratio:2.7380742735795307;width:114px;height:auto\"\/><\/figure>\n\n\n\r\n    <a href=\"https:\/\/sallecortot.com\/event\/concert-autour-de-philippe-hersant-avec-sandra-chamoux-le-trio-parrhesia\/\" target=\"_blank\" class=\"block-cta style-link\">\r\n        Plus d&#8217;infos sur le concert    <\/a>\r\n\n\n\n<div style=\"height:72px\" aria-hidden=\"true\" class=\"wp-block-spacer\"><\/div>\n\n\n\n<h3 class=\"wp-block-heading\">Avec la participation de<\/h3>\n\n\n<div class=\"wp-block-image\">\n<figure class=\"alignleft size-large is-resized\"><a href=\"https:\/\/philippehersant.fr\/\" target=\"_blank\" rel=\" noreferrer noopener\"><img decoding=\"async\" src=\"https:\/\/sallecortot.com\/wp-content\/uploads\/2026\/03\/XVM1df72dde-10e2-11e5-bd70-4a31b1293659-682x1024.jpg\" alt=\"\" class=\"wp-image-9031\" style=\"aspect-ratio:0.6660633484162896;width:118px;height:auto\"\/><\/a><figcaption class=\"wp-element-caption\"><strong>Philippe Hersant<\/strong>, compositeur<\/figcaption><\/figure>\n<\/div>\n\n<div class=\"wp-block-image\">\n<figure class=\"alignleft size-large is-resized\"><a href=\"https:\/\/www.sandrachamoux.com\/\" target=\"_blank\" rel=\" noreferrer noopener\"><img decoding=\"async\" src=\"https:\/\/sallecortot.com\/wp-content\/uploads\/2025\/11\/MG_1822-edited-scaled.jpg\" alt=\"\" class=\"wp-image-7545\" style=\"aspect-ratio:0.7496414342629482;width:133px;height:auto\"\/><\/a><figcaption class=\"wp-element-caption\"><strong>Sandra Chamoux<\/strong>, piano<\/figcaption><\/figure>\n<\/div>\n\n<div class=\"wp-block-image\">\n<figure class=\"alignleft size-large is-resized\"><a href=\"https:\/\/trioparrhesia.com\/\" target=\"_blank\" rel=\" noreferrer noopener\"><img decoding=\"async\" src=\"https:\/\/sallecortot.com\/wp-content\/uploads\/2026\/01\/Trio-Parrhesia-credit-Amandine-Lauriol-edited.jpeg\" alt=\"\" class=\"wp-image-8379\" style=\"aspect-ratio:1.3342756183745583;width:239px;height:auto\"\/><\/a><figcaption class=\"wp-element-caption\"><strong>Trio Parrh\u00e8sia<\/strong> : <strong>Alcide Menetrier<\/strong>,&nbsp;violon,<br><strong>Ir\u00e8ne Jolys,&nbsp;<\/strong>violoncelle &amp; <strong>Melvil Chapoutot<\/strong>,&nbsp;piano<\/figcaption><\/figure>\n<\/div>\n\n<div class=\"wp-block-image\">\n<figure class=\"alignleft size-full is-resized\"><img decoding=\"async\" src=\"https:\/\/sallecortot.com\/wp-content\/uploads\/2026\/03\/A-1966242-1607540202-7008.jpg\" alt=\"\" class=\"wp-image-9033\" style=\"aspect-ratio:0.7401177460050462;width:133px;height:auto\"\/><figcaption class=\"wp-element-caption\"><strong>St\u00e9phane Fri\u00e9d\u00e9rich<\/strong>, mod\u00e9rateur<\/figcaption><\/figure>\n<\/div>\n\n\n<p><\/p>\n\n\n\n<p><\/p>\n\n\n\n<div style=\"height:100px\" aria-hidden=\"true\" class=\"wp-block-spacer\"><\/div>\n\n\n\n<h3 class=\"wp-block-heading\">Organisateurs<\/h3>\n\n\n<div class=\"wp-block-image\">\n<figure class=\"alignleft size-large is-resized\"><img decoding=\"async\" src=\"https:\/\/sallecortot.com\/wp-content\/uploads\/2024\/08\/LOGO-3-LIGNES-BLANC-1024x251.png\" alt=\"\u00c9cole normale de Musique de Paris Alfred Cortot\" class=\"wp-image-1353\" style=\"aspect-ratio:4.079836078014723;width:218px;height:auto\"\/><\/figure>\n<\/div>\n\n<div class=\"wp-block-image\">\n<figure class=\"alignleft size-large is-resized\"><img decoding=\"async\" src=\"https:\/\/sallecortot.com\/wp-content\/uploads\/2025\/03\/LOGO-SALLE-CORTOT-RVB-edited-1024x631.png\" alt=\"\" class=\"wp-image-3931\" style=\"aspect-ratio:1.6228396009209516;width:80px;height:auto\"\/><\/figure>\n<\/div>\n\n\n<div style=\"height:110px\" aria-hidden=\"true\" class=\"wp-block-spacer\"><\/div>\n\n\n\r\n    <a href=\"https:\/\/sallecortot.com\/la-programmation\/\" target=\"_blank\" class=\"block-cta style-link\">\r\n        Toute la Programmation    <\/a>\r\n","protected":false},"excerpt":{"rendered":"<p>Table ronde avec Philippe Hersant, Sandra Chamoux &amp; le Trio Parrh\u00e8sia Philippe Hersant est l\u2019un des grands compositeurs d\u2019aujourd\u2019hui. A [&hellip;]<\/p>\n","protected":false},"featured_media":12203,"template":"","meta":{"_acf_changed":false},"event_category":[65],"class_list":["post-12205","event","type-event","status-publish","has-post-thumbnail","hentry","event_category-les-rencontres-musicales-de-cortot"],"acf":{"presentation":"","musicians":"","program":"","host":"","date":"2026-04-11 18:30:00","time_start":"18:30","time_end":null,"end_date":null,"location_name":"","location_address":"","phone":"","link":null,"booking_link":"https:\/\/my.weezevent.com\/concert-autour-de-philippe-hersant-avec-sandra-chamoux-le-trio-parrhesia?_gl=1*1b3hcmg*_gcl_au*NTQyNTIyOTYzLjE3NzE5NDU3NjcuOTAwMjkyOTcuMTc3MzMwOTM2NC4xNzczMzA5MzY0*_ga*ODI1MTE5MDIwLjE3NzA5MDM0NjQ.*_ga_39H9VBFX7G*czE3NzM2NTYwMDAkbzM2MyRnMSR0MTc3MzY1Njg5NiRqMjkkbDAkaDQ0MTg2OTA2MA..","price_from":"<p>Entr\u00e9e libre sur r\u00e9servation.<\/p>\n","hide_price":false,"teachers":null,"event_type":"Rencontres Musicales Cortot","datetime":"2026-04-11 18:30:00","end_datetime":"","booking_infos":"","source_post_id":"9030"},"yoast_head":"<!-- This site is optimized with the Yoast SEO plugin v27.5 - https:\/\/yoast.com\/product\/yoast-seo-wordpress\/ -->\n<title>Table ronde avec Philippe Hersant, Sandra Chamoux &amp; le Trio Parrh\u00e8sia - Ecole Normale de Musique de Paris<\/title>\n<meta name=\"robots\" content=\"index, follow, max-snippet:-1, max-image-preview:large, max-video-preview:-1\" \/>\n<link rel=\"canonical\" href=\"https:\/\/www.ecolenormalecortot.com\/en\/event\/table-ronde-avec-philippe-hersant-sandra-chamoux-le-trio-parrhesia\/\" \/>\n<meta property=\"og:locale\" content=\"en_US\" \/>\n<meta property=\"og:type\" content=\"article\" \/>\n<meta property=\"og:title\" content=\"Table ronde avec Philippe Hersant, Sandra Chamoux &amp; le Trio Parrh\u00e8sia - Ecole Normale de Musique de Paris\" \/>\n<meta property=\"og:description\" content=\"Table ronde avec Philippe Hersant, Sandra Chamoux &amp; le Trio Parrh\u00e8sia Philippe Hersant est l\u2019un des grands compositeurs d\u2019aujourd\u2019hui. A [&hellip;]\" \/>\n<meta property=\"og:url\" content=\"https:\/\/www.ecolenormalecortot.com\/en\/event\/table-ronde-avec-philippe-hersant-sandra-chamoux-le-trio-parrhesia\/\" \/>\n<meta property=\"og:site_name\" content=\"Ecole Normale de Musique de Paris\" \/>\n<meta property=\"article:modified_time\" content=\"2026-04-02T09:52:20+00:00\" \/>\n<meta property=\"og:image\" content=\"https:\/\/www.ecolenormalecortot.com\/wp-content\/uploads\/2026\/03\/Philippe-Hersant-1.png\" \/>\n\t<meta property=\"og:image:width\" content=\"1110\" \/>\n\t<meta property=\"og:image:height\" content=\"643\" \/>\n\t<meta property=\"og:image:type\" content=\"image\/png\" \/>\n<meta name=\"twitter:card\" content=\"summary_large_image\" \/>\n<meta name=\"twitter:label1\" content=\"Est. reading time\" \/>\n\t<meta name=\"twitter:data1\" content=\"1 minute\" \/>\n<script type=\"application\/ld+json\" class=\"yoast-schema-graph\">{\"@context\":\"https:\\\/\\\/schema.org\",\"@graph\":[{\"@type\":\"WebPage\",\"@id\":\"https:\\\/\\\/www.ecolenormalecortot.com\\\/en\\\/event\\\/table-ronde-avec-philippe-hersant-sandra-chamoux-le-trio-parrhesia\\\/\",\"url\":\"https:\\\/\\\/www.ecolenormalecortot.com\\\/en\\\/event\\\/table-ronde-avec-philippe-hersant-sandra-chamoux-le-trio-parrhesia\\\/\",\"name\":\"Table ronde avec Philippe Hersant, Sandra Chamoux &amp; le Trio Parrh\u00e8sia - Ecole Normale de Musique de Paris\",\"isPartOf\":{\"@id\":\"https:\\\/\\\/www.ecolenormalecortot.com\\\/en\\\/#website\"},\"primaryImageOfPage\":{\"@id\":\"https:\\\/\\\/www.ecolenormalecortot.com\\\/en\\\/event\\\/table-ronde-avec-philippe-hersant-sandra-chamoux-le-trio-parrhesia\\\/#primaryimage\"},\"image\":{\"@id\":\"https:\\\/\\\/www.ecolenormalecortot.com\\\/en\\\/event\\\/table-ronde-avec-philippe-hersant-sandra-chamoux-le-trio-parrhesia\\\/#primaryimage\"},\"thumbnailUrl\":\"https:\\\/\\\/www.ecolenormalecortot.com\\\/wp-content\\\/uploads\\\/2026\\\/03\\\/Philippe-Hersant-1.png\",\"datePublished\":\"2026-03-16T14:24:37+00:00\",\"dateModified\":\"2026-04-02T09:52:20+00:00\",\"breadcrumb\":{\"@id\":\"https:\\\/\\\/www.ecolenormalecortot.com\\\/en\\\/event\\\/table-ronde-avec-philippe-hersant-sandra-chamoux-le-trio-parrhesia\\\/#breadcrumb\"},\"inLanguage\":\"en-US\",\"potentialAction\":[{\"@type\":\"ReadAction\",\"target\":[\"https:\\\/\\\/www.ecolenormalecortot.com\\\/en\\\/event\\\/table-ronde-avec-philippe-hersant-sandra-chamoux-le-trio-parrhesia\\\/\"]}]},{\"@type\":\"ImageObject\",\"inLanguage\":\"en-US\",\"@id\":\"https:\\\/\\\/www.ecolenormalecortot.com\\\/en\\\/event\\\/table-ronde-avec-philippe-hersant-sandra-chamoux-le-trio-parrhesia\\\/#primaryimage\",\"url\":\"https:\\\/\\\/www.ecolenormalecortot.com\\\/wp-content\\\/uploads\\\/2026\\\/03\\\/Philippe-Hersant-1.png\",\"contentUrl\":\"https:\\\/\\\/www.ecolenormalecortot.com\\\/wp-content\\\/uploads\\\/2026\\\/03\\\/Philippe-Hersant-1.png\",\"width\":1110,\"height\":643},{\"@type\":\"BreadcrumbList\",\"@id\":\"https:\\\/\\\/www.ecolenormalecortot.com\\\/en\\\/event\\\/table-ronde-avec-philippe-hersant-sandra-chamoux-le-trio-parrhesia\\\/#breadcrumb\",\"itemListElement\":[{\"@type\":\"ListItem\",\"position\":1,\"name\":\"Accueil\",\"item\":\"https:\\\/\\\/www.ecolenormalecortot.com\\\/en\\\/\"},{\"@type\":\"ListItem\",\"position\":2,\"name\":\"\u00c9v\u00e8nements\",\"item\":\"https:\\\/\\\/www.ecolenormalecortot.com\\\/en\\\/event\\\/\"},{\"@type\":\"ListItem\",\"position\":3,\"name\":\"Table ronde avec Philippe Hersant, Sandra Chamoux &amp; le Trio Parrh\u00e8sia\"}]},{\"@type\":\"WebSite\",\"@id\":\"https:\\\/\\\/www.ecolenormalecortot.com\\\/en\\\/#website\",\"url\":\"https:\\\/\\\/www.ecolenormalecortot.com\\\/en\\\/\",\"name\":\"Ecole Normale de Musique de Paris\",\"description\":\"\",\"publisher\":{\"@id\":\"https:\\\/\\\/www.ecolenormalecortot.com\\\/en\\\/#organization\"},\"potentialAction\":[{\"@type\":\"SearchAction\",\"target\":{\"@type\":\"EntryPoint\",\"urlTemplate\":\"https:\\\/\\\/www.ecolenormalecortot.com\\\/en\\\/?s={search_term_string}\"},\"query-input\":{\"@type\":\"PropertyValueSpecification\",\"valueRequired\":true,\"valueName\":\"search_term_string\"}}],\"inLanguage\":\"en-US\"},{\"@type\":\"Organization\",\"@id\":\"https:\\\/\\\/www.ecolenormalecortot.com\\\/en\\\/#organization\",\"name\":\"Ecole Normale de Musique de Paris\",\"url\":\"https:\\\/\\\/www.ecolenormalecortot.com\\\/en\\\/\",\"logo\":{\"@type\":\"ImageObject\",\"inLanguage\":\"en-US\",\"@id\":\"https:\\\/\\\/www.ecolenormalecortot.com\\\/en\\\/#\\\/schema\\\/logo\\\/image\\\/\",\"url\":\"https:\\\/\\\/www.ecolenormalecortot.com\\\/wp-content\\\/uploads\\\/2023\\\/02\\\/android-chrome-512x512-1.png\",\"contentUrl\":\"https:\\\/\\\/www.ecolenormalecortot.com\\\/wp-content\\\/uploads\\\/2023\\\/02\\\/android-chrome-512x512-1.png\",\"width\":512,\"height\":512,\"caption\":\"Ecole Normale de Musique de Paris\"},\"image\":{\"@id\":\"https:\\\/\\\/www.ecolenormalecortot.com\\\/en\\\/#\\\/schema\\\/logo\\\/image\\\/\"}}]}<\/script>\n<!-- \/ Yoast SEO plugin. -->","yoast_head_json":{"title":"Table ronde avec Philippe Hersant, Sandra Chamoux &amp; le Trio Parrh\u00e8sia - Ecole Normale de Musique de Paris","robots":{"index":"index","follow":"follow","max-snippet":"max-snippet:-1","max-image-preview":"max-image-preview:large","max-video-preview":"max-video-preview:-1"},"canonical":"https:\/\/www.ecolenormalecortot.com\/en\/event\/table-ronde-avec-philippe-hersant-sandra-chamoux-le-trio-parrhesia\/","og_locale":"en_US","og_type":"article","og_title":"Table ronde avec Philippe Hersant, Sandra Chamoux &amp; le Trio Parrh\u00e8sia - Ecole Normale de Musique de Paris","og_description":"Table ronde avec Philippe Hersant, Sandra Chamoux &amp; le Trio Parrh\u00e8sia Philippe Hersant est l\u2019un des grands compositeurs d\u2019aujourd\u2019hui. A [&hellip;]","og_url":"https:\/\/www.ecolenormalecortot.com\/en\/event\/table-ronde-avec-philippe-hersant-sandra-chamoux-le-trio-parrhesia\/","og_site_name":"Ecole Normale de Musique de Paris","article_modified_time":"2026-04-02T09:52:20+00:00","og_image":[{"width":1110,"height":643,"url":"https:\/\/www.ecolenormalecortot.com\/wp-content\/uploads\/2026\/03\/Philippe-Hersant-1.png","type":"image\/png"}],"twitter_card":"summary_large_image","twitter_misc":{"Est. reading time":"1 minute"},"schema":{"@context":"https:\/\/schema.org","@graph":[{"@type":"WebPage","@id":"https:\/\/www.ecolenormalecortot.com\/en\/event\/table-ronde-avec-philippe-hersant-sandra-chamoux-le-trio-parrhesia\/","url":"https:\/\/www.ecolenormalecortot.com\/en\/event\/table-ronde-avec-philippe-hersant-sandra-chamoux-le-trio-parrhesia\/","name":"Table ronde avec Philippe Hersant, Sandra Chamoux &amp; le Trio Parrh\u00e8sia - Ecole Normale de Musique de Paris","isPartOf":{"@id":"https:\/\/www.ecolenormalecortot.com\/en\/#website"},"primaryImageOfPage":{"@id":"https:\/\/www.ecolenormalecortot.com\/en\/event\/table-ronde-avec-philippe-hersant-sandra-chamoux-le-trio-parrhesia\/#primaryimage"},"image":{"@id":"https:\/\/www.ecolenormalecortot.com\/en\/event\/table-ronde-avec-philippe-hersant-sandra-chamoux-le-trio-parrhesia\/#primaryimage"},"thumbnailUrl":"https:\/\/www.ecolenormalecortot.com\/wp-content\/uploads\/2026\/03\/Philippe-Hersant-1.png","datePublished":"2026-03-16T14:24:37+00:00","dateModified":"2026-04-02T09:52:20+00:00","breadcrumb":{"@id":"https:\/\/www.ecolenormalecortot.com\/en\/event\/table-ronde-avec-philippe-hersant-sandra-chamoux-le-trio-parrhesia\/#breadcrumb"},"inLanguage":"en-US","potentialAction":[{"@type":"ReadAction","target":["https:\/\/www.ecolenormalecortot.com\/en\/event\/table-ronde-avec-philippe-hersant-sandra-chamoux-le-trio-parrhesia\/"]}]},{"@type":"ImageObject","inLanguage":"en-US","@id":"https:\/\/www.ecolenormalecortot.com\/en\/event\/table-ronde-avec-philippe-hersant-sandra-chamoux-le-trio-parrhesia\/#primaryimage","url":"https:\/\/www.ecolenormalecortot.com\/wp-content\/uploads\/2026\/03\/Philippe-Hersant-1.png","contentUrl":"https:\/\/www.ecolenormalecortot.com\/wp-content\/uploads\/2026\/03\/Philippe-Hersant-1.png","width":1110,"height":643},{"@type":"BreadcrumbList","@id":"https:\/\/www.ecolenormalecortot.com\/en\/event\/table-ronde-avec-philippe-hersant-sandra-chamoux-le-trio-parrhesia\/#breadcrumb","itemListElement":[{"@type":"ListItem","position":1,"name":"Accueil","item":"https:\/\/www.ecolenormalecortot.com\/en\/"},{"@type":"ListItem","position":2,"name":"\u00c9v\u00e8nements","item":"https:\/\/www.ecolenormalecortot.com\/en\/event\/"},{"@type":"ListItem","position":3,"name":"Table ronde avec Philippe Hersant, Sandra Chamoux &amp; le Trio Parrh\u00e8sia"}]},{"@type":"WebSite","@id":"https:\/\/www.ecolenormalecortot.com\/en\/#website","url":"https:\/\/www.ecolenormalecortot.com\/en\/","name":"Ecole Normale de Musique de Paris","description":"","publisher":{"@id":"https:\/\/www.ecolenormalecortot.com\/en\/#organization"},"potentialAction":[{"@type":"SearchAction","target":{"@type":"EntryPoint","urlTemplate":"https:\/\/www.ecolenormalecortot.com\/en\/?s={search_term_string}"},"query-input":{"@type":"PropertyValueSpecification","valueRequired":true,"valueName":"search_term_string"}}],"inLanguage":"en-US"},{"@type":"Organization","@id":"https:\/\/www.ecolenormalecortot.com\/en\/#organization","name":"Ecole Normale de Musique de Paris","url":"https:\/\/www.ecolenormalecortot.com\/en\/","logo":{"@type":"ImageObject","inLanguage":"en-US","@id":"https:\/\/www.ecolenormalecortot.com\/en\/#\/schema\/logo\/image\/","url":"https:\/\/www.ecolenormalecortot.com\/wp-content\/uploads\/2023\/02\/android-chrome-512x512-1.png","contentUrl":"https:\/\/www.ecolenormalecortot.com\/wp-content\/uploads\/2023\/02\/android-chrome-512x512-1.png","width":512,"height":512,"caption":"Ecole Normale de Musique de Paris"},"image":{"@id":"https:\/\/www.ecolenormalecortot.com\/en\/#\/schema\/logo\/image\/"}}]}},"_links":{"self":[{"href":"https:\/\/www.ecolenormalecortot.com\/en\/wp-json\/wp\/v2\/event\/12205","targetHints":{"allow":["GET"]}}],"collection":[{"href":"https:\/\/www.ecolenormalecortot.com\/en\/wp-json\/wp\/v2\/event"}],"about":[{"href":"https:\/\/www.ecolenormalecortot.com\/en\/wp-json\/wp\/v2\/types\/event"}],"wp:featuredmedia":[{"embeddable":true,"href":"https:\/\/www.ecolenormalecortot.com\/en\/wp-json\/wp\/v2\/media\/12203"}],"wp:attachment":[{"href":"https:\/\/www.ecolenormalecortot.com\/en\/wp-json\/wp\/v2\/media?parent=12205"}],"wp:term":[{"taxonomy":"event_category","embeddable":true,"href":"https:\/\/www.ecolenormalecortot.com\/en\/wp-json\/wp\/v2\/event_category?post=12205"}],"curies":[{"name":"wp","href":"https:\/\/api.w.org\/{rel}","templated":true}]}}