{"id":12202,"date":"2026-03-12T18:08:07","date_gmt":"2026-03-12T17:08:07","guid":{"rendered":"https:\/\/www.ecolenormalecortot.com\/event\/resonances-george-sand-frederic-chopin-2\/"},"modified":"2026-03-12T18:08:07","modified_gmt":"2026-03-12T17:08:07","slug":"resonances-george-sand-frederic-chopin-2","status":"publish","type":"event","link":"https:\/\/www.ecolenormalecortot.com\/en\/event\/resonances-george-sand-frederic-chopin-2\/","title":{"rendered":"R\u00e9sonances | George Sand \/ Fr\u00e9d\u00e9ric Chopin"},"content":{"rendered":"\n<p class=\"has-large-font-size\"><strong>R\u00e9sonances &#8211; George Sand \/ Fr\u00e9d\u00e9ric Chopin<\/strong><\/p>\n\n\n\n<p class=\"has-medium-font-size\">Avec le soutien de la <strong><a href=\"https:\/\/www.fondation-signature.org\/\" target=\"_blank\" rel=\"noreferrer noopener\">Fondation Signature<\/a><\/strong>, m\u00e9c\u00e8ne fondateur, l\u2019<strong><a href=\"https:\/\/www.ecolenormalecortot.com\/\" target=\"_blank\" rel=\"noreferrer noopener\">\u00c9cole Normale de Musique de Paris<\/a>\u00a0<\/strong>lance\u00a0<strong>R\u00e9sonances<\/strong>, une nouvelle s\u00e9rie de concerts pluridisciplinaires qui invite de jeunes artistes \u00e0 cr\u00e9er des formes in\u00e9dites m\u00ealant musique, th\u00e9\u00e2tre et litt\u00e9rature.<\/p>\n\n\n\n<p class=\"has-medium-font-size\">La premi\u00e8re \u00e9dition rend hommage \u00e0 George Sand et Fr\u00e9d\u00e9ric Chopin, \u00e0 travers une cr\u00e9ation originale con\u00e7ue, adapt\u00e9e et mise en sc\u00e8ne par Anne-Laure Li\u00e9geois. L\u2019interpr\u00e8te de Chopin Marc Lafor\u00eat, professeur \u00e0 l\u2019\u00c9cole Normale de Musique de Paris, est \u00e0 la direction musicale du projet.<\/p>\n\n\n\n<p class=\"has-medium-font-size\">Ce projet s\u2019inspire du roman&nbsp;<em>Lucrezia Floriani<\/em>&nbsp;de George Sand, \u00e9crit \u00e0 Nohant, dans la maison o\u00f9 l\u2019autrice et Chopin v\u00e9curent c\u00f4te \u00e0 c\u00f4te. Sans aucun doute Sand entendait Chopin quand elle composait Lucrezia et que lui composait quelques&nbsp;<em>Mazurkas&nbsp;<\/em>ou&nbsp;<em>Nocturnes<\/em>.&nbsp;<\/p>\n\n\n\n<p class=\"has-medium-font-size\"><em>Lucrezia Floriani<\/em>&nbsp;raconte la rencontre d\u2019une com\u00e9dienne accomplie et ind\u00e9pendante avec un jeune noble fragile et passionn\u00e9. De cette relation na\u00eet une histoire d\u2019amour intense, faite de d\u00e9vouement, de jalousie, de conflits et de sacrifices.<\/p>\n\n\n\n<p class=\"has-medium-font-size\">La mise en forme propos\u00e9e m\u00eale texte et musique et met en dialogue les voix de George Sand et de Fr\u00e9d\u00e9ric Chopin. Sept musiciens et autant de com\u00e9diens raconteront l\u2019histoire de Lucrezia et Karol, tout en c\u00e9l\u00e9brant, \u00e0 travers cette \u0153uvre, la m\u00e9moire de George Sand dont nous comm\u00e9morons les 150 ans de la disparition.<\/p>\n\n\n\n<div style=\"height:72px\" aria-hidden=\"true\" class=\"wp-block-spacer\"><\/div>\n\n\n\n<h3 class=\"wp-block-heading\">Programme<\/h3>\n\n\n\n<p>A venir.<\/p>\n\n\n\n<div style=\"height:72px\" aria-hidden=\"true\" class=\"wp-block-spacer\"><\/div>\n\n\n\n<h3 class=\"wp-block-heading\">Distribution<\/h3>\n\n\n\n<p class=\"has-medium-font-size\"><strong>Anne-Laure Li\u00e9geois<\/strong>, mise en sc\u00e8ne<\/p>\n\n\n\n<p class=\"has-medium-font-size\"><strong>Marc Lafor\u00eat<\/strong>, direction musicale<\/p>\n\n\n\n<p class=\"has-medium-font-size\">D\u00e9tails \u00e0 venir.<\/p>\n\n\n\n<div style=\"height:100px\" aria-hidden=\"true\" class=\"wp-block-spacer\"><\/div>\n\n\n\n<h3 class=\"wp-block-heading\">Organisateurs<\/h3>\n\n\n<div class=\"wp-block-image\">\n<figure class=\"alignleft size-large is-resized\"><img decoding=\"async\" src=\"https:\/\/sallecortot.com\/wp-content\/uploads\/2024\/08\/LOGO-3-LIGNES-BLANC-1024x251.png\" alt=\"\u00c9cole normale de Musique de Paris Alfred Cortot\" class=\"wp-image-1353\" style=\"aspect-ratio:4.079956780118855;width:239px;height:auto\"\/><\/figure>\n<\/div>\n\n<div class=\"wp-block-image\">\n<figure class=\"alignleft size-large is-resized\"><a href=\"https:\/\/www.fondation-signature.org\/\" target=\"_blank\" rel=\" noreferrer noopener\"><img decoding=\"async\" src=\"https:\/\/sallecortot.com\/wp-content\/uploads\/2026\/03\/Logo_FondSignature2024-Large-POSI-1024x309.png\" alt=\"\" class=\"wp-image-9017\" style=\"aspect-ratio:3.3139418254764292;width:203px;height:auto\"\/><\/a><\/figure>\n<\/div>\n\n\n<div style=\"height:110px\" aria-hidden=\"true\" class=\"wp-block-spacer\"><\/div>\n\n\n\r\n    <a href=\"https:\/\/sallecortot.com\/la-programmation\/\" target=\"_blank\" class=\"block-cta style-link\">\r\n        Toute la Programmation    <\/a>\r\n","protected":false},"excerpt":{"rendered":"<p>R\u00e9sonances &#8211; George Sand \/ Fr\u00e9d\u00e9ric Chopin Avec le soutien de la Fondation Signature, m\u00e9c\u00e8ne fondateur, l\u2019\u00c9cole Normale de Musique [&hellip;]<\/p>\n","protected":false},"featured_media":12200,"template":"","meta":{"_acf_changed":false},"event_category":[65],"class_list":["post-12202","event","type-event","status-publish","has-post-thumbnail","hentry","event_category-les-rencontres-musicales-de-cortot"],"acf":{"presentation":"","musicians":"","program":"","host":"","date":"2026-04-22 20:00:00","time_start":"20:00","time_end":null,"end_date":null,"location_name":"","location_address":"","phone":"","link":null,"booking_link":"https:\/\/my.weezevent.com\/resonances-autour-de-george-sand-et-frederic-chopin?_gl=1*1p6opwo*_gcl_au*NTQyNTIyOTYzLjE3NzE5NDU3NjcuMTMyMjM4MTk2OC4xNzcyNjM2OTU1LjE3NzI2MzY5NTQ.*_ga*ODI1MTE5MDIwLjE3NzA5MDM0NjQ.*_ga_39H9VBFX7G*czE3NzI2MzY5NTIkbzM0MCRnMSR0MTc3MjYzODY1NyRqOCRsMCRoMjMyMzg5NDM2","price_from":"<p>Entr\u00e9e libre sur r\u00e9servation.<\/p>\n","hide_price":false,"teachers":null,"event_type":"Rencontres Musicales Cortot","datetime":"2026-04-22 20:00:00","end_datetime":"","booking_infos":"","source_post_id":"6632"},"yoast_head":"<!-- This site is optimized with the Yoast SEO plugin v27.5 - https:\/\/yoast.com\/product\/yoast-seo-wordpress\/ -->\n<title>R\u00e9sonances | George Sand \/ Fr\u00e9d\u00e9ric Chopin - Ecole Normale de Musique de Paris<\/title>\n<meta name=\"robots\" content=\"index, follow, max-snippet:-1, max-image-preview:large, max-video-preview:-1\" \/>\n<link rel=\"canonical\" href=\"https:\/\/www.ecolenormalecortot.com\/en\/event\/resonances-george-sand-frederic-chopin-2\/\" \/>\n<meta property=\"og:locale\" content=\"en_US\" \/>\n<meta property=\"og:type\" content=\"article\" \/>\n<meta property=\"og:title\" content=\"R\u00e9sonances | George Sand \/ Fr\u00e9d\u00e9ric Chopin - Ecole Normale de Musique de Paris\" \/>\n<meta property=\"og:description\" content=\"R\u00e9sonances &#8211; George Sand \/ Fr\u00e9d\u00e9ric Chopin Avec le soutien de la Fondation Signature, m\u00e9c\u00e8ne fondateur, l\u2019\u00c9cole Normale de Musique [&hellip;]\" \/>\n<meta property=\"og:url\" content=\"https:\/\/www.ecolenormalecortot.com\/en\/event\/resonances-george-sand-frederic-chopin-2\/\" \/>\n<meta property=\"og:site_name\" content=\"Ecole Normale de Musique de Paris\" \/>\n<meta name=\"twitter:card\" content=\"summary_large_image\" \/>\n<meta name=\"twitter:label1\" content=\"Est. reading time\" \/>\n\t<meta name=\"twitter:data1\" content=\"1 minute\" \/>\n<script type=\"application\/ld+json\" class=\"yoast-schema-graph\">{\"@context\":\"https:\\\/\\\/schema.org\",\"@graph\":[{\"@type\":\"WebPage\",\"@id\":\"https:\\\/\\\/www.ecolenormalecortot.com\\\/en\\\/event\\\/resonances-george-sand-frederic-chopin-2\\\/\",\"url\":\"https:\\\/\\\/www.ecolenormalecortot.com\\\/en\\\/event\\\/resonances-george-sand-frederic-chopin-2\\\/\",\"name\":\"R\u00e9sonances | George Sand \\\/ Fr\u00e9d\u00e9ric Chopin - Ecole Normale de Musique de Paris\",\"isPartOf\":{\"@id\":\"https:\\\/\\\/www.ecolenormalecortot.com\\\/en\\\/#website\"},\"primaryImageOfPage\":{\"@id\":\"https:\\\/\\\/www.ecolenormalecortot.com\\\/en\\\/event\\\/resonances-george-sand-frederic-chopin-2\\\/#primaryimage\"},\"image\":{\"@id\":\"https:\\\/\\\/www.ecolenormalecortot.com\\\/en\\\/event\\\/resonances-george-sand-frederic-chopin-2\\\/#primaryimage\"},\"thumbnailUrl\":\"https:\\\/\\\/www.ecolenormalecortot.com\\\/wp-content\\\/uploads\\\/2026\\\/03\\\/RESONANCES-VISUEL-SITE-1.png\",\"datePublished\":\"2026-03-12T17:08:07+00:00\",\"breadcrumb\":{\"@id\":\"https:\\\/\\\/www.ecolenormalecortot.com\\\/en\\\/event\\\/resonances-george-sand-frederic-chopin-2\\\/#breadcrumb\"},\"inLanguage\":\"en-US\",\"potentialAction\":[{\"@type\":\"ReadAction\",\"target\":[\"https:\\\/\\\/www.ecolenormalecortot.com\\\/en\\\/event\\\/resonances-george-sand-frederic-chopin-2\\\/\"]}]},{\"@type\":\"ImageObject\",\"inLanguage\":\"en-US\",\"@id\":\"https:\\\/\\\/www.ecolenormalecortot.com\\\/en\\\/event\\\/resonances-george-sand-frederic-chopin-2\\\/#primaryimage\",\"url\":\"https:\\\/\\\/www.ecolenormalecortot.com\\\/wp-content\\\/uploads\\\/2026\\\/03\\\/RESONANCES-VISUEL-SITE-1.png\",\"contentUrl\":\"https:\\\/\\\/www.ecolenormalecortot.com\\\/wp-content\\\/uploads\\\/2026\\\/03\\\/RESONANCES-VISUEL-SITE-1.png\",\"width\":2220,\"height\":1286},{\"@type\":\"BreadcrumbList\",\"@id\":\"https:\\\/\\\/www.ecolenormalecortot.com\\\/en\\\/event\\\/resonances-george-sand-frederic-chopin-2\\\/#breadcrumb\",\"itemListElement\":[{\"@type\":\"ListItem\",\"position\":1,\"name\":\"Accueil\",\"item\":\"https:\\\/\\\/www.ecolenormalecortot.com\\\/en\\\/\"},{\"@type\":\"ListItem\",\"position\":2,\"name\":\"\u00c9v\u00e8nements\",\"item\":\"https:\\\/\\\/www.ecolenormalecortot.com\\\/en\\\/event\\\/\"},{\"@type\":\"ListItem\",\"position\":3,\"name\":\"R\u00e9sonances | George Sand \\\/ Fr\u00e9d\u00e9ric Chopin\"}]},{\"@type\":\"WebSite\",\"@id\":\"https:\\\/\\\/www.ecolenormalecortot.com\\\/en\\\/#website\",\"url\":\"https:\\\/\\\/www.ecolenormalecortot.com\\\/en\\\/\",\"name\":\"Ecole Normale de Musique de Paris\",\"description\":\"\",\"publisher\":{\"@id\":\"https:\\\/\\\/www.ecolenormalecortot.com\\\/en\\\/#organization\"},\"potentialAction\":[{\"@type\":\"SearchAction\",\"target\":{\"@type\":\"EntryPoint\",\"urlTemplate\":\"https:\\\/\\\/www.ecolenormalecortot.com\\\/en\\\/?s={search_term_string}\"},\"query-input\":{\"@type\":\"PropertyValueSpecification\",\"valueRequired\":true,\"valueName\":\"search_term_string\"}}],\"inLanguage\":\"en-US\"},{\"@type\":\"Organization\",\"@id\":\"https:\\\/\\\/www.ecolenormalecortot.com\\\/en\\\/#organization\",\"name\":\"Ecole Normale de Musique de Paris\",\"url\":\"https:\\\/\\\/www.ecolenormalecortot.com\\\/en\\\/\",\"logo\":{\"@type\":\"ImageObject\",\"inLanguage\":\"en-US\",\"@id\":\"https:\\\/\\\/www.ecolenormalecortot.com\\\/en\\\/#\\\/schema\\\/logo\\\/image\\\/\",\"url\":\"https:\\\/\\\/www.ecolenormalecortot.com\\\/wp-content\\\/uploads\\\/2023\\\/02\\\/android-chrome-512x512-1.png\",\"contentUrl\":\"https:\\\/\\\/www.ecolenormalecortot.com\\\/wp-content\\\/uploads\\\/2023\\\/02\\\/android-chrome-512x512-1.png\",\"width\":512,\"height\":512,\"caption\":\"Ecole Normale de Musique de Paris\"},\"image\":{\"@id\":\"https:\\\/\\\/www.ecolenormalecortot.com\\\/en\\\/#\\\/schema\\\/logo\\\/image\\\/\"}}]}<\/script>\n<!-- \/ Yoast SEO plugin. -->","yoast_head_json":{"title":"R\u00e9sonances | George Sand \/ Fr\u00e9d\u00e9ric Chopin - Ecole Normale de Musique de Paris","robots":{"index":"index","follow":"follow","max-snippet":"max-snippet:-1","max-image-preview":"max-image-preview:large","max-video-preview":"max-video-preview:-1"},"canonical":"https:\/\/www.ecolenormalecortot.com\/en\/event\/resonances-george-sand-frederic-chopin-2\/","og_locale":"en_US","og_type":"article","og_title":"R\u00e9sonances | George Sand \/ Fr\u00e9d\u00e9ric Chopin - Ecole Normale de Musique de Paris","og_description":"R\u00e9sonances &#8211; George Sand \/ Fr\u00e9d\u00e9ric Chopin Avec le soutien de la Fondation Signature, m\u00e9c\u00e8ne fondateur, l\u2019\u00c9cole Normale de Musique [&hellip;]","og_url":"https:\/\/www.ecolenormalecortot.com\/en\/event\/resonances-george-sand-frederic-chopin-2\/","og_site_name":"Ecole Normale de Musique de Paris","twitter_card":"summary_large_image","twitter_misc":{"Est. reading time":"1 minute"},"schema":{"@context":"https:\/\/schema.org","@graph":[{"@type":"WebPage","@id":"https:\/\/www.ecolenormalecortot.com\/en\/event\/resonances-george-sand-frederic-chopin-2\/","url":"https:\/\/www.ecolenormalecortot.com\/en\/event\/resonances-george-sand-frederic-chopin-2\/","name":"R\u00e9sonances | George Sand \/ Fr\u00e9d\u00e9ric Chopin - Ecole Normale de Musique de Paris","isPartOf":{"@id":"https:\/\/www.ecolenormalecortot.com\/en\/#website"},"primaryImageOfPage":{"@id":"https:\/\/www.ecolenormalecortot.com\/en\/event\/resonances-george-sand-frederic-chopin-2\/#primaryimage"},"image":{"@id":"https:\/\/www.ecolenormalecortot.com\/en\/event\/resonances-george-sand-frederic-chopin-2\/#primaryimage"},"thumbnailUrl":"https:\/\/www.ecolenormalecortot.com\/wp-content\/uploads\/2026\/03\/RESONANCES-VISUEL-SITE-1.png","datePublished":"2026-03-12T17:08:07+00:00","breadcrumb":{"@id":"https:\/\/www.ecolenormalecortot.com\/en\/event\/resonances-george-sand-frederic-chopin-2\/#breadcrumb"},"inLanguage":"en-US","potentialAction":[{"@type":"ReadAction","target":["https:\/\/www.ecolenormalecortot.com\/en\/event\/resonances-george-sand-frederic-chopin-2\/"]}]},{"@type":"ImageObject","inLanguage":"en-US","@id":"https:\/\/www.ecolenormalecortot.com\/en\/event\/resonances-george-sand-frederic-chopin-2\/#primaryimage","url":"https:\/\/www.ecolenormalecortot.com\/wp-content\/uploads\/2026\/03\/RESONANCES-VISUEL-SITE-1.png","contentUrl":"https:\/\/www.ecolenormalecortot.com\/wp-content\/uploads\/2026\/03\/RESONANCES-VISUEL-SITE-1.png","width":2220,"height":1286},{"@type":"BreadcrumbList","@id":"https:\/\/www.ecolenormalecortot.com\/en\/event\/resonances-george-sand-frederic-chopin-2\/#breadcrumb","itemListElement":[{"@type":"ListItem","position":1,"name":"Accueil","item":"https:\/\/www.ecolenormalecortot.com\/en\/"},{"@type":"ListItem","position":2,"name":"\u00c9v\u00e8nements","item":"https:\/\/www.ecolenormalecortot.com\/en\/event\/"},{"@type":"ListItem","position":3,"name":"R\u00e9sonances | George Sand \/ Fr\u00e9d\u00e9ric Chopin"}]},{"@type":"WebSite","@id":"https:\/\/www.ecolenormalecortot.com\/en\/#website","url":"https:\/\/www.ecolenormalecortot.com\/en\/","name":"Ecole Normale de Musique de Paris","description":"","publisher":{"@id":"https:\/\/www.ecolenormalecortot.com\/en\/#organization"},"potentialAction":[{"@type":"SearchAction","target":{"@type":"EntryPoint","urlTemplate":"https:\/\/www.ecolenormalecortot.com\/en\/?s={search_term_string}"},"query-input":{"@type":"PropertyValueSpecification","valueRequired":true,"valueName":"search_term_string"}}],"inLanguage":"en-US"},{"@type":"Organization","@id":"https:\/\/www.ecolenormalecortot.com\/en\/#organization","name":"Ecole Normale de Musique de Paris","url":"https:\/\/www.ecolenormalecortot.com\/en\/","logo":{"@type":"ImageObject","inLanguage":"en-US","@id":"https:\/\/www.ecolenormalecortot.com\/en\/#\/schema\/logo\/image\/","url":"https:\/\/www.ecolenormalecortot.com\/wp-content\/uploads\/2023\/02\/android-chrome-512x512-1.png","contentUrl":"https:\/\/www.ecolenormalecortot.com\/wp-content\/uploads\/2023\/02\/android-chrome-512x512-1.png","width":512,"height":512,"caption":"Ecole Normale de Musique de Paris"},"image":{"@id":"https:\/\/www.ecolenormalecortot.com\/en\/#\/schema\/logo\/image\/"}}]}},"_links":{"self":[{"href":"https:\/\/www.ecolenormalecortot.com\/en\/wp-json\/wp\/v2\/event\/12202","targetHints":{"allow":["GET"]}}],"collection":[{"href":"https:\/\/www.ecolenormalecortot.com\/en\/wp-json\/wp\/v2\/event"}],"about":[{"href":"https:\/\/www.ecolenormalecortot.com\/en\/wp-json\/wp\/v2\/types\/event"}],"wp:featuredmedia":[{"embeddable":true,"href":"https:\/\/www.ecolenormalecortot.com\/en\/wp-json\/wp\/v2\/media\/12200"}],"wp:attachment":[{"href":"https:\/\/www.ecolenormalecortot.com\/en\/wp-json\/wp\/v2\/media?parent=12202"}],"wp:term":[{"taxonomy":"event_category","embeddable":true,"href":"https:\/\/www.ecolenormalecortot.com\/en\/wp-json\/wp\/v2\/event_category?post=12202"}],"curies":[{"name":"wp","href":"https:\/\/api.w.org\/{rel}","templated":true}]}}