{"id":12166,"date":"2026-03-09T17:37:21","date_gmt":"2026-03-09T16:37:21","guid":{"rendered":"https:\/\/www.ecolenormalecortot.com\/event\/festival-jazz-a-cortot-david-linx-gautier-garrigue-nelson-veras-hermon-mehari-ben-van-gelder\/"},"modified":"2026-04-13T19:20:01","modified_gmt":"2026-04-13T17:20:01","slug":"festival-jazz-a-cortot-david-linx-gautier-garrigue-nelson-veras-hermon-mehari-ben-van-gelder","status":"publish","type":"event","link":"https:\/\/www.ecolenormalecortot.com\/en\/event\/festival-jazz-a-cortot-david-linx-gautier-garrigue-nelson-veras-hermon-mehari-ben-van-gelder\/","title":{"rendered":"Festival Jazz \u00e0 Cortot &#8211; Emile Parisien, Yaron Herman, David Linx, Gautier Garrigue, Nelson Veras, Hermon Mehari, Ben Van Gelder"},"content":{"rendered":"\n<p class=\"has-large-font-size\"><strong>Festival Jazz \u00e0 Cortot &#8211; Emile Parisien, Yaron Herman, David Linx, Gautier Garrigue, Nelson Veras, Hermon Mehari, Ben Van Gelder<\/strong><\/p>\n\n\n\n<p class=\"has-medium-font-size\"><strong>NOUVEAU FESTIVAL DE JAZZ A PARIS !<\/strong><\/p>\n\n\n\n<p class=\"has-medium-font-size\">Apr\u00e8s 100 ans consacr\u00e9s presqu&#8217;exclusivement \u00e0 la musique classique, la Salle Cortot renoue avec son h\u00e9ritage jazz. N\u00e9 de l\u2019\u00e9lan donn\u00e9 par le nouveau d\u00e9partement de jazz de l\u2019\u00c9cole Normale de Musique de Paris, le festival r\u00e9unira pour se premi\u00e8re \u00e9dition un casting exceptionnel mettant en valeur des projets d\u2019actualit\u00e9 ou in\u00e9dits des artistes-professeurs de l\u2019\u00e9cole. Deux soir\u00e9es immanquables !<\/p>\n\n\n\n<div style=\"height:60px\" aria-hidden=\"true\" class=\"wp-block-spacer\"><\/div>\n\n\n\n<h3 class=\"wp-block-heading\">Line Up<\/h3>\n\n\n\n<figure class=\"wp-block-gallery has-nested-images columns-5 is-cropped wp-block-gallery-1 is-layout-flex wp-block-gallery-is-layout-flex\">\n<figure class=\"wp-block-image size-large\"><img decoding=\"async\" data-id=\"9054\" src=\"https:\/\/sallecortot.com\/wp-content\/uploads\/2026\/03\/Emile-PARISIEN-1024x1024.jpg\" alt=\"\" class=\"wp-image-9054\" style=\"aspect-ratio:3\/4\"\/><figcaption class=\"wp-element-caption\"><strong>\u00c9mile Parisien<\/strong><\/figcaption><\/figure>\n\n\n\n<figure class=\"wp-block-image size-large\"><img decoding=\"async\" data-id=\"9059\" src=\"https:\/\/sallecortot.com\/wp-content\/uploads\/2026\/03\/yaron-herman-1-1024x683.jpg\" alt=\"\" class=\"wp-image-9059\" style=\"aspect-ratio:3\/4\"\/><figcaption class=\"wp-element-caption\"><strong>Yaron Herman<\/strong><\/figcaption><\/figure>\n\n\n\n<figure class=\"wp-block-image size-full\"><img decoding=\"async\" data-id=\"8881\" src=\"https:\/\/sallecortot.com\/wp-content\/uploads\/2026\/03\/David-Linx.jpg\" alt=\"\" class=\"wp-image-8881\" style=\"aspect-ratio:3\/4\"\/><figcaption class=\"wp-element-caption\"><strong>David Linx<\/strong><\/figcaption><\/figure>\n\n\n\n<figure class=\"wp-block-image size-large\"><img decoding=\"async\" data-id=\"8839\" src=\"https:\/\/sallecortot.com\/wp-content\/uploads\/2026\/03\/Hermon-Mehari-1024x580.jpg\" alt=\"\" class=\"wp-image-8839\" style=\"aspect-ratio:3\/4\"\/><figcaption class=\"wp-element-caption\"><strong>Hermon Mehari<\/strong><\/figcaption><\/figure>\n\n\n\n<figure class=\"wp-block-image size-large\"><img decoding=\"async\" data-id=\"8904\" src=\"https:\/\/sallecortot.com\/wp-content\/uploads\/2026\/03\/Leonardo-Montana-\u00a9-Laetitia-Dumez-1024x972.jpg\" alt=\"\" class=\"wp-image-8904\" style=\"aspect-ratio:3\/4\"\/><figcaption class=\"wp-element-caption\"><strong>Leonardo Montana<\/strong> <br>\u00a9 Lae\u0308titia Dumez<\/figcaption><\/figure>\n\n\n\n<figure class=\"wp-block-image size-large\"><img decoding=\"async\" data-id=\"8835\" src=\"https:\/\/sallecortot.com\/wp-content\/uploads\/2026\/03\/gautier-garrigue.jpg\" alt=\"\" class=\"wp-image-8835\" style=\"aspect-ratio:3\/4\"\/><figcaption class=\"wp-element-caption\"><strong>Gautier Garrigue<\/strong><\/figcaption><\/figure>\n\n\n\n<figure class=\"wp-block-image size-large\"><img decoding=\"async\" data-id=\"8898\" src=\"https:\/\/sallecortot.com\/wp-content\/uploads\/2026\/03\/459067013_1069419841853702_6977624883358888051_n-1-683x1024.jpg\" alt=\"\" class=\"wp-image-8898\" style=\"aspect-ratio:3\/4\"\/><figcaption class=\"wp-element-caption\"><strong>Ben Van Gelder<\/strong><\/figcaption><\/figure>\n\n\n\n<figure class=\"wp-block-image size-large\"><img decoding=\"async\" data-id=\"8847\" src=\"https:\/\/sallecortot.com\/wp-content\/uploads\/2026\/03\/Encarts-NL-Mars-26-5-819x1024.png\" alt=\"\" class=\"wp-image-8847\" style=\"aspect-ratio:3\/4\"\/><figcaption class=\"wp-element-caption\"><strong>Nelson Veras<\/strong><\/figcaption><\/figure>\n\n\n\n<figure class=\"wp-block-image size-full\"><img decoding=\"async\" data-id=\"8906\" src=\"https:\/\/sallecortot.com\/wp-content\/uploads\/2026\/03\/Sylvain-Romano-\u00a9-Gildas-Bocle.png\" alt=\"\" class=\"wp-image-8906\" style=\"aspect-ratio:3\/4\"\/><figcaption class=\"wp-element-caption\"><strong>Sylvain Romano<br><\/strong>\u00a9 Gildas Bocl\u00e9<\/figcaption><\/figure>\n<\/figure>\n\n\n\n<div style=\"height:60px\" aria-hidden=\"true\" class=\"wp-block-spacer\"><\/div>\n\n\n\n<h3 class=\"wp-block-heading\">Programme<\/h3>\n\n\n\n<p class=\"has-medium-font-size\"><strong>DAVID LINX &#8211; Real Men Cry acoustique&nbsp;<\/strong><\/p>\n\n\n\n<p class=\"has-medium-font-size\"><strong>David Linx <\/strong>&#8211; voix<\/p>\n\n\n\n<p class=\"has-medium-font-size\"><strong>Hermon Mehari<\/strong> &#8211; trompette<\/p>\n\n\n\n<p class=\"has-medium-font-size\"><strong>Leonardo Montana<\/strong> &#8211; piano<\/p>\n\n\n\n<p style=\"font-size:18px\">David Linx n&#8217;a cess\u00e9 d&#8217;affirmer que la sensibilit\u00e9 est une force et a fait para\u00eetre en mars 2025, pour son 60e anniversaire, l\u2019album \u00ab Real Men Cry \u00bb o\u00f9 il excelle en songwriter accompli &#8211; album nomm\u00e9 au prix Jazz Vocal de l&#8217;Acad\u00e9mie du Jazz qui r\u00e9compense le meilleur album de jazz vocal de l&#8217;ann\u00e9e !<\/p>\n\n\n\n<p style=\"font-size:18px\">&#8220;Dans <em>Real Men Cry <\/em>transpara\u00eet \u00e0 merveille la mani\u00e8re linxienne, nette, vive et espi\u00e8gle, sans \u00e2ge &#8211; \u00e0 l\u2019image du jazz&#8221;. dira T\u00e9l\u00e9rama, tandis que Qobuz d&#8217;un &#8220;authentique petit chef d\u2019oeuvre de musicalit\u00e9 et de sensibilit\u00e9 qui s\u2019inscrit sans conteste parmi ses plus belles r\u00e9ussites&#8221;. Pour Jazz Magazine, c&#8217;est &#8220;un tableau surr\u00e9aliste et po\u00e9tique, o\u00f9 la po\u00e9sie est l\u00e0, partout.&#8221;<\/p>\n\n\n\n<p>*<\/p>\n\n\n\n<p class=\"has-medium-font-size\"><strong>Yaron Herman &amp; Emile Parisien &#8211; Floating Duo<\/strong><\/p>\n\n\n\n<p class=\"has-medium-font-size\"><strong>Yaron Herman <\/strong>&#8211; piano<\/p>\n\n\n\n<p class=\"has-medium-font-size\"><strong>Emile Parisien<\/strong> &#8211; saxophone<\/p>\n\n\n\n<p>*<\/p>\n\n\n\n<p class=\"has-medium-font-size\"><strong>GAUTIER GARRIGUE<\/strong>&nbsp;&#8211;&nbsp;<strong>Cr\u00e9ation pour le festival &#8211; in\u00e9dit !<\/strong><\/p>\n\n\n\n<p class=\"has-medium-font-size\"><strong>Gautier Garrigue<\/strong> &#8211; batterie, composition<\/p>\n\n\n\n<p style=\"font-size:18px\"><a href=\"https:\/\/www.instagram.com\/gautiergarrigue\/?hl=fr\" target=\"_blank\" rel=\"noreferrer noopener\">Gautier Garrigue<\/a>\u00a0est un batteur, guitariste et compositeur n\u00e9 en 1987 et originaire du sud de la France. Dipl\u00f4m\u00e9 du Conservatoire en 2002, il se fait rapidement un nom sur la sc\u00e8ne jazz en collaborant\u00a0avec de prestigieux artistes tels que Henri Texier, Michel Portal, Seamus Blake, Christian Scott, Emile Parisien, Baptiste Trotignon, Kyle Eastwood ou encore Enrico Pieranunzi. Il est co-leader du groupe Flash Pig, laur\u00e9at du prix du Disque de l\u2019Ann\u00e9e 2024 de l\u2019Acad\u00e9mie du Jazz.\u00a0Son premier album sous son nom\u00a0La Travers\u00e9e,\u00a0paru \u00e0 l\u2019automne 2024 a re\u00e7u une critique unanime. D\u00e9crit par Jazz Mag comme l\u2019un des batteurs les plus sensitifs\u00a0et fins de la sc\u00e8ne actuelle il est finaliste en 2025 dans la cat\u00e9gorie \u00ab\u00a0R\u00e9v\u00e9lation de l\u2019ann\u00e9e\u00a0\u00bb des Victoires du Jazz et remporte l\u2019ann\u00e9e suivante le c\u00e9l\u00e8bre Prix Django Reinhardt de l\u2019Acad\u00e9mie du jazz qui r\u00e9compense le meilleur musicien de l\u2019ann\u00e9e.\u00a0<\/p>\n\n\n\n<p class=\"has-medium-font-size\"><strong>Ben van Gelder <\/strong>&#8211; saxophone alto<\/p>\n\n\n\n<p class=\"has-medium-font-size\"><strong>Nelson Veras<\/strong> &#8211; guitare<\/p>\n\n\n\n<p class=\"has-medium-font-size\"><strong>Sylvain Romano <\/strong>&#8211; contrebasse<\/p>\n\n\n\n<p class=\"has-medium-font-size\"><strong>Yaron Herman<\/strong> &#8211; piano<\/p>\n\n\n\n<p style=\"font-size:18px\">Laur\u00e9at du Prix Django Reinhardt 2025 de l&#8217;Acad\u00e9mie du Jazz qui r\u00e9compensera le 9 mars 2026 le ou la meilleur.e&nbsp;musicien.ne&nbsp;de l&#8217;ann\u00e9e, finaliste aux Victoires du Jazz 2025 dans la cat\u00e9gorie R\u00e9v\u00e9lation, Prix Charles Cros, nomm\u00e9 meilleur batteur de l&#8217;ann\u00e9e en 2024 et 2025 par les r\u00e9dactions Jazz Mag et Jazz News, Gautier Garrigue ne cesse de faire parler de lui depuis la sortie \u00e0 l&#8217;automne 2024 de son premier album en tant que leader La Travers\u00e9e, album qui a fait&nbsp;<em>exploser au grand jour son talent de compositeur (<\/em>Jazz News).<\/p>\n\n\n\n<p style=\"font-size:18px\">D\u00e9j\u00e0 multi-r\u00e9compens\u00e9 \u00e0 travers le groupe Flash Pig qu&#8217;il co-leade depuis 15 ans, et en tant que batteur de grands musiciens tels que Henri Texier, Enrico Pieranunzi, Yaron Herman, les fr\u00e8res Belmondo, Seamus Blake, Hermon Mehari ou encore David et Thomas Enhco, il se distingue par&nbsp;<em>un jeu des plus sensitifs et fins de la sc\u00e8ne jazz actuelle<\/em>&nbsp;(Jazz Magazine).<br>Il nous pr\u00e9sentera sur la sc\u00e8ne de la salle Cortot une cr\u00e9ation sp\u00e9cialement imagin\u00e9e pour l&#8217;occasion, avec un nouveau r\u00e9pertoire et un tout nouveau casting des plus all\u00e9chants !<\/p>\n\n\n\n<div style=\"height:28px\" aria-hidden=\"true\" class=\"wp-block-spacer\"><\/div>\n\n\n\n<p><em>Concert en trois sets &#8211; Dur\u00e9e totale : 2h<\/em><\/p>\n\n\n\n<div style=\"height:60px\" aria-hidden=\"true\" class=\"wp-block-spacer\"><\/div>\n\n\n\n<h3 class=\"wp-block-heading\">Organisateurs<\/h3>\n\n\n<div class=\"wp-block-image\">\n<figure class=\"alignleft size-large is-resized\"><img decoding=\"async\" src=\"https:\/\/sallecortot.com\/wp-content\/uploads\/2024\/08\/LOGO-3-LIGNES-BLANC-1024x251.png\" alt=\"\u00c9cole normale de Musique de Paris Alfred Cortot\" class=\"wp-image-1353\" style=\"aspect-ratio:4.079836078014723;width:229px;height:auto\"\/><\/figure>\n<\/div>\n\n<div class=\"wp-block-image\">\n<figure class=\"alignleft size-large is-resized\"><img decoding=\"async\" src=\"https:\/\/sallecortot.com\/wp-content\/uploads\/2026\/03\/LOGO-4-LIGNES-RVB.pdf-1024x381.png\" alt=\"\" class=\"wp-image-8944\" style=\"aspect-ratio:2.6878177750660974;width:152px;height:auto\"\/><\/figure>\n<\/div>\n\n<div class=\"wp-block-image\">\n<figure class=\"alignleft size-full is-resized\"><img decoding=\"async\" src=\"https:\/\/sallecortot.com\/wp-content\/uploads\/2026\/03\/NARDIS-blanc-logo-2024-1.png\" alt=\"\" class=\"wp-image-8942\" style=\"width:60px;height:auto\"\/><\/figure>\n<\/div>\n\n\n<div style=\"height:60px\" aria-hidden=\"true\" class=\"wp-block-spacer\"><\/div>\n\n\n\r\n    <a href=\"https:\/\/sallecortot.com\/la-programmation\/\" target=\"_blank\" class=\"block-cta style-link\">\r\n        Toute la Programmation    <\/a>\r\n","protected":false},"excerpt":{"rendered":"<p>Festival Jazz \u00e0 Cortot &#8211; Emile Parisien, Yaron Herman, David Linx, Gautier Garrigue, Nelson Veras, Hermon Mehari, Ben Van Gelder [&hellip;]<\/p>\n","protected":false},"featured_media":12164,"template":"","meta":{"_acf_changed":false},"event_category":[],"class_list":["post-12166","event","type-event","status-publish","has-post-thumbnail","hentry"],"acf":{"presentation":"","musicians":"","program":"","host":"","date":"2026-04-29 20:00:00","time_start":"20:00","time_end":null,"end_date":null,"location_name":"","location_address":"","phone":"","link":null,"booking_link":"https:\/\/indiv.themisweb.fr\/0768\/fEventChoiceIsMade.aspx?idstructure=0768&idevent=75","price_from":"<p>Plein Tarif : 28\u20ac<\/p>\n<p>Tarif Adh\u00e9rent Paris Jazz Club : 25\u20ac<\/p>\n<p>Tarif r\u00e9duit* : 18\u20ac<\/p>\n<p>Pass 17 : 15\u20ac<\/p>\n<p><a href=\"https:\/\/docs.google.com\/forms\/d\/e\/1FAIpQLSdwJMYUlqJn8SSZHVJHG8fvoqYFFoejoX9hgFxTK9oemg5xAw\/viewform?usp=header\"><strong>R\u00e9servations \u00e9tudiants ENMP<\/strong><\/a><\/p>\n<p>&nbsp;<\/p>\n<p><em>*Jeunes -26 ans, demandeurs d&#8217;emploi, \u00e9tudiants<\/em><\/p>\n","hide_price":false,"teachers":null,"event_type":"Festival Jazz \u00e0 Cortot","datetime":"2026-04-29 20:00:00","end_datetime":"","booking_infos":"<p>01 48 24 40 63<br \/>\nbilletterie@sallecortot.fr<\/p>\n","source_post_id":"8787"},"yoast_head":"<!-- This site is optimized with the Yoast SEO plugin v27.5 - https:\/\/yoast.com\/product\/yoast-seo-wordpress\/ -->\n<title>Festival Jazz \u00e0 Cortot - Emile Parisien, Yaron Herman, David Linx, Gautier Garrigue, Nelson Veras, Hermon Mehari, Ben Van Gelder - Ecole Normale de Musique de Paris<\/title>\n<meta name=\"robots\" content=\"index, follow, max-snippet:-1, max-image-preview:large, max-video-preview:-1\" \/>\n<link rel=\"canonical\" href=\"https:\/\/www.ecolenormalecortot.com\/en\/event\/festival-jazz-a-cortot-david-linx-gautier-garrigue-nelson-veras-hermon-mehari-ben-van-gelder\/\" \/>\n<meta property=\"og:locale\" content=\"en_US\" \/>\n<meta property=\"og:type\" content=\"article\" \/>\n<meta property=\"og:title\" content=\"Festival Jazz \u00e0 Cortot - Emile Parisien, Yaron Herman, David Linx, Gautier Garrigue, Nelson Veras, Hermon Mehari, Ben Van Gelder - Ecole Normale de Musique de Paris\" \/>\n<meta property=\"og:description\" content=\"Festival Jazz \u00e0 Cortot &#8211; Emile Parisien, Yaron Herman, David Linx, Gautier Garrigue, Nelson Veras, Hermon Mehari, Ben Van Gelder [&hellip;]\" \/>\n<meta property=\"og:url\" content=\"https:\/\/www.ecolenormalecortot.com\/en\/event\/festival-jazz-a-cortot-david-linx-gautier-garrigue-nelson-veras-hermon-mehari-ben-van-gelder\/\" \/>\n<meta property=\"og:site_name\" content=\"Ecole Normale de Musique de Paris\" \/>\n<meta property=\"article:modified_time\" content=\"2026-04-13T17:20:01+00:00\" \/>\n<meta property=\"og:image\" content=\"https:\/\/www.ecolenormalecortot.com\/wp-content\/uploads\/2026\/03\/Festival-de-Jazz-2-1-1024x593.png\" \/>\n\t<meta property=\"og:image:width\" content=\"1024\" \/>\n\t<meta property=\"og:image:height\" content=\"593\" \/>\n\t<meta property=\"og:image:type\" content=\"image\/png\" \/>\n<meta name=\"twitter:card\" content=\"summary_large_image\" \/>\n<meta name=\"twitter:label1\" content=\"Est. reading time\" \/>\n\t<meta name=\"twitter:data1\" content=\"3 minutes\" \/>\n<script type=\"application\/ld+json\" class=\"yoast-schema-graph\">{\"@context\":\"https:\\\/\\\/schema.org\",\"@graph\":[{\"@type\":\"WebPage\",\"@id\":\"https:\\\/\\\/www.ecolenormalecortot.com\\\/en\\\/event\\\/festival-jazz-a-cortot-david-linx-gautier-garrigue-nelson-veras-hermon-mehari-ben-van-gelder\\\/\",\"url\":\"https:\\\/\\\/www.ecolenormalecortot.com\\\/en\\\/event\\\/festival-jazz-a-cortot-david-linx-gautier-garrigue-nelson-veras-hermon-mehari-ben-van-gelder\\\/\",\"name\":\"Festival Jazz \u00e0 Cortot - Emile Parisien, Yaron Herman, David Linx, Gautier Garrigue, Nelson Veras, Hermon Mehari, Ben Van Gelder - Ecole Normale de Musique de Paris\",\"isPartOf\":{\"@id\":\"https:\\\/\\\/www.ecolenormalecortot.com\\\/en\\\/#website\"},\"primaryImageOfPage\":{\"@id\":\"https:\\\/\\\/www.ecolenormalecortot.com\\\/en\\\/event\\\/festival-jazz-a-cortot-david-linx-gautier-garrigue-nelson-veras-hermon-mehari-ben-van-gelder\\\/#primaryimage\"},\"image\":{\"@id\":\"https:\\\/\\\/www.ecolenormalecortot.com\\\/en\\\/event\\\/festival-jazz-a-cortot-david-linx-gautier-garrigue-nelson-veras-hermon-mehari-ben-van-gelder\\\/#primaryimage\"},\"thumbnailUrl\":\"https:\\\/\\\/www.ecolenormalecortot.com\\\/wp-content\\\/uploads\\\/2026\\\/03\\\/Festival-de-Jazz-2-1.png\",\"datePublished\":\"2026-03-09T16:37:21+00:00\",\"dateModified\":\"2026-04-13T17:20:01+00:00\",\"breadcrumb\":{\"@id\":\"https:\\\/\\\/www.ecolenormalecortot.com\\\/en\\\/event\\\/festival-jazz-a-cortot-david-linx-gautier-garrigue-nelson-veras-hermon-mehari-ben-van-gelder\\\/#breadcrumb\"},\"inLanguage\":\"en-US\",\"potentialAction\":[{\"@type\":\"ReadAction\",\"target\":[\"https:\\\/\\\/www.ecolenormalecortot.com\\\/en\\\/event\\\/festival-jazz-a-cortot-david-linx-gautier-garrigue-nelson-veras-hermon-mehari-ben-van-gelder\\\/\"]}]},{\"@type\":\"ImageObject\",\"inLanguage\":\"en-US\",\"@id\":\"https:\\\/\\\/www.ecolenormalecortot.com\\\/en\\\/event\\\/festival-jazz-a-cortot-david-linx-gautier-garrigue-nelson-veras-hermon-mehari-ben-van-gelder\\\/#primaryimage\",\"url\":\"https:\\\/\\\/www.ecolenormalecortot.com\\\/wp-content\\\/uploads\\\/2026\\\/03\\\/Festival-de-Jazz-2-1.png\",\"contentUrl\":\"https:\\\/\\\/www.ecolenormalecortot.com\\\/wp-content\\\/uploads\\\/2026\\\/03\\\/Festival-de-Jazz-2-1.png\",\"width\":2220,\"height\":1286},{\"@type\":\"BreadcrumbList\",\"@id\":\"https:\\\/\\\/www.ecolenormalecortot.com\\\/en\\\/event\\\/festival-jazz-a-cortot-david-linx-gautier-garrigue-nelson-veras-hermon-mehari-ben-van-gelder\\\/#breadcrumb\",\"itemListElement\":[{\"@type\":\"ListItem\",\"position\":1,\"name\":\"Accueil\",\"item\":\"https:\\\/\\\/www.ecolenormalecortot.com\\\/en\\\/\"},{\"@type\":\"ListItem\",\"position\":2,\"name\":\"\u00c9v\u00e8nements\",\"item\":\"https:\\\/\\\/www.ecolenormalecortot.com\\\/en\\\/event\\\/\"},{\"@type\":\"ListItem\",\"position\":3,\"name\":\"Festival Jazz \u00e0 Cortot &#8211; Emile Parisien, Yaron Herman, David Linx, Gautier Garrigue, Nelson Veras, Hermon Mehari, Ben Van Gelder\"}]},{\"@type\":\"WebSite\",\"@id\":\"https:\\\/\\\/www.ecolenormalecortot.com\\\/en\\\/#website\",\"url\":\"https:\\\/\\\/www.ecolenormalecortot.com\\\/en\\\/\",\"name\":\"Ecole Normale de Musique de Paris\",\"description\":\"\",\"publisher\":{\"@id\":\"https:\\\/\\\/www.ecolenormalecortot.com\\\/en\\\/#organization\"},\"potentialAction\":[{\"@type\":\"SearchAction\",\"target\":{\"@type\":\"EntryPoint\",\"urlTemplate\":\"https:\\\/\\\/www.ecolenormalecortot.com\\\/en\\\/?s={search_term_string}\"},\"query-input\":{\"@type\":\"PropertyValueSpecification\",\"valueRequired\":true,\"valueName\":\"search_term_string\"}}],\"inLanguage\":\"en-US\"},{\"@type\":\"Organization\",\"@id\":\"https:\\\/\\\/www.ecolenormalecortot.com\\\/en\\\/#organization\",\"name\":\"Ecole Normale de Musique de Paris\",\"url\":\"https:\\\/\\\/www.ecolenormalecortot.com\\\/en\\\/\",\"logo\":{\"@type\":\"ImageObject\",\"inLanguage\":\"en-US\",\"@id\":\"https:\\\/\\\/www.ecolenormalecortot.com\\\/en\\\/#\\\/schema\\\/logo\\\/image\\\/\",\"url\":\"https:\\\/\\\/www.ecolenormalecortot.com\\\/wp-content\\\/uploads\\\/2023\\\/02\\\/android-chrome-512x512-1.png\",\"contentUrl\":\"https:\\\/\\\/www.ecolenormalecortot.com\\\/wp-content\\\/uploads\\\/2023\\\/02\\\/android-chrome-512x512-1.png\",\"width\":512,\"height\":512,\"caption\":\"Ecole Normale de Musique de Paris\"},\"image\":{\"@id\":\"https:\\\/\\\/www.ecolenormalecortot.com\\\/en\\\/#\\\/schema\\\/logo\\\/image\\\/\"}}]}<\/script>\n<!-- \/ Yoast SEO plugin. -->","yoast_head_json":{"title":"Festival Jazz \u00e0 Cortot - Emile Parisien, Yaron Herman, David Linx, Gautier Garrigue, Nelson Veras, Hermon Mehari, Ben Van Gelder - Ecole Normale de Musique de Paris","robots":{"index":"index","follow":"follow","max-snippet":"max-snippet:-1","max-image-preview":"max-image-preview:large","max-video-preview":"max-video-preview:-1"},"canonical":"https:\/\/www.ecolenormalecortot.com\/en\/event\/festival-jazz-a-cortot-david-linx-gautier-garrigue-nelson-veras-hermon-mehari-ben-van-gelder\/","og_locale":"en_US","og_type":"article","og_title":"Festival Jazz \u00e0 Cortot - Emile Parisien, Yaron Herman, David Linx, Gautier Garrigue, Nelson Veras, Hermon Mehari, Ben Van Gelder - Ecole Normale de Musique de Paris","og_description":"Festival Jazz \u00e0 Cortot &#8211; Emile Parisien, Yaron Herman, David Linx, Gautier Garrigue, Nelson Veras, Hermon Mehari, Ben Van Gelder [&hellip;]","og_url":"https:\/\/www.ecolenormalecortot.com\/en\/event\/festival-jazz-a-cortot-david-linx-gautier-garrigue-nelson-veras-hermon-mehari-ben-van-gelder\/","og_site_name":"Ecole Normale de Musique de Paris","article_modified_time":"2026-04-13T17:20:01+00:00","og_image":[{"width":1024,"height":593,"url":"https:\/\/www.ecolenormalecortot.com\/wp-content\/uploads\/2026\/03\/Festival-de-Jazz-2-1-1024x593.png","type":"image\/png"}],"twitter_card":"summary_large_image","twitter_misc":{"Est. reading time":"3 minutes"},"schema":{"@context":"https:\/\/schema.org","@graph":[{"@type":"WebPage","@id":"https:\/\/www.ecolenormalecortot.com\/en\/event\/festival-jazz-a-cortot-david-linx-gautier-garrigue-nelson-veras-hermon-mehari-ben-van-gelder\/","url":"https:\/\/www.ecolenormalecortot.com\/en\/event\/festival-jazz-a-cortot-david-linx-gautier-garrigue-nelson-veras-hermon-mehari-ben-van-gelder\/","name":"Festival Jazz \u00e0 Cortot - Emile Parisien, Yaron Herman, David Linx, Gautier Garrigue, Nelson Veras, Hermon Mehari, Ben Van Gelder - Ecole Normale de Musique de Paris","isPartOf":{"@id":"https:\/\/www.ecolenormalecortot.com\/en\/#website"},"primaryImageOfPage":{"@id":"https:\/\/www.ecolenormalecortot.com\/en\/event\/festival-jazz-a-cortot-david-linx-gautier-garrigue-nelson-veras-hermon-mehari-ben-van-gelder\/#primaryimage"},"image":{"@id":"https:\/\/www.ecolenormalecortot.com\/en\/event\/festival-jazz-a-cortot-david-linx-gautier-garrigue-nelson-veras-hermon-mehari-ben-van-gelder\/#primaryimage"},"thumbnailUrl":"https:\/\/www.ecolenormalecortot.com\/wp-content\/uploads\/2026\/03\/Festival-de-Jazz-2-1.png","datePublished":"2026-03-09T16:37:21+00:00","dateModified":"2026-04-13T17:20:01+00:00","breadcrumb":{"@id":"https:\/\/www.ecolenormalecortot.com\/en\/event\/festival-jazz-a-cortot-david-linx-gautier-garrigue-nelson-veras-hermon-mehari-ben-van-gelder\/#breadcrumb"},"inLanguage":"en-US","potentialAction":[{"@type":"ReadAction","target":["https:\/\/www.ecolenormalecortot.com\/en\/event\/festival-jazz-a-cortot-david-linx-gautier-garrigue-nelson-veras-hermon-mehari-ben-van-gelder\/"]}]},{"@type":"ImageObject","inLanguage":"en-US","@id":"https:\/\/www.ecolenormalecortot.com\/en\/event\/festival-jazz-a-cortot-david-linx-gautier-garrigue-nelson-veras-hermon-mehari-ben-van-gelder\/#primaryimage","url":"https:\/\/www.ecolenormalecortot.com\/wp-content\/uploads\/2026\/03\/Festival-de-Jazz-2-1.png","contentUrl":"https:\/\/www.ecolenormalecortot.com\/wp-content\/uploads\/2026\/03\/Festival-de-Jazz-2-1.png","width":2220,"height":1286},{"@type":"BreadcrumbList","@id":"https:\/\/www.ecolenormalecortot.com\/en\/event\/festival-jazz-a-cortot-david-linx-gautier-garrigue-nelson-veras-hermon-mehari-ben-van-gelder\/#breadcrumb","itemListElement":[{"@type":"ListItem","position":1,"name":"Accueil","item":"https:\/\/www.ecolenormalecortot.com\/en\/"},{"@type":"ListItem","position":2,"name":"\u00c9v\u00e8nements","item":"https:\/\/www.ecolenormalecortot.com\/en\/event\/"},{"@type":"ListItem","position":3,"name":"Festival Jazz \u00e0 Cortot &#8211; Emile Parisien, Yaron Herman, David Linx, Gautier Garrigue, Nelson Veras, Hermon Mehari, Ben Van Gelder"}]},{"@type":"WebSite","@id":"https:\/\/www.ecolenormalecortot.com\/en\/#website","url":"https:\/\/www.ecolenormalecortot.com\/en\/","name":"Ecole Normale de Musique de Paris","description":"","publisher":{"@id":"https:\/\/www.ecolenormalecortot.com\/en\/#organization"},"potentialAction":[{"@type":"SearchAction","target":{"@type":"EntryPoint","urlTemplate":"https:\/\/www.ecolenormalecortot.com\/en\/?s={search_term_string}"},"query-input":{"@type":"PropertyValueSpecification","valueRequired":true,"valueName":"search_term_string"}}],"inLanguage":"en-US"},{"@type":"Organization","@id":"https:\/\/www.ecolenormalecortot.com\/en\/#organization","name":"Ecole Normale de Musique de Paris","url":"https:\/\/www.ecolenormalecortot.com\/en\/","logo":{"@type":"ImageObject","inLanguage":"en-US","@id":"https:\/\/www.ecolenormalecortot.com\/en\/#\/schema\/logo\/image\/","url":"https:\/\/www.ecolenormalecortot.com\/wp-content\/uploads\/2023\/02\/android-chrome-512x512-1.png","contentUrl":"https:\/\/www.ecolenormalecortot.com\/wp-content\/uploads\/2023\/02\/android-chrome-512x512-1.png","width":512,"height":512,"caption":"Ecole Normale de Musique de Paris"},"image":{"@id":"https:\/\/www.ecolenormalecortot.com\/en\/#\/schema\/logo\/image\/"}}]}},"_links":{"self":[{"href":"https:\/\/www.ecolenormalecortot.com\/en\/wp-json\/wp\/v2\/event\/12166","targetHints":{"allow":["GET"]}}],"collection":[{"href":"https:\/\/www.ecolenormalecortot.com\/en\/wp-json\/wp\/v2\/event"}],"about":[{"href":"https:\/\/www.ecolenormalecortot.com\/en\/wp-json\/wp\/v2\/types\/event"}],"wp:featuredmedia":[{"embeddable":true,"href":"https:\/\/www.ecolenormalecortot.com\/en\/wp-json\/wp\/v2\/media\/12164"}],"wp:attachment":[{"href":"https:\/\/www.ecolenormalecortot.com\/en\/wp-json\/wp\/v2\/media?parent=12166"}],"wp:term":[{"taxonomy":"event_category","embeddable":true,"href":"https:\/\/www.ecolenormalecortot.com\/en\/wp-json\/wp\/v2\/event_category?post=12166"}],"curies":[{"name":"wp","href":"https:\/\/api.w.org\/{rel}","templated":true}]}}