{"id":12163,"date":"2026-03-09T16:00:41","date_gmt":"2026-03-09T15:00:41","guid":{"rendered":"https:\/\/www.ecolenormalecortot.com\/event\/orchestre-et-choeur-etesias-le-programme-elite-de-lecole-normale-de-musique-de-paris\/"},"modified":"2026-03-09T16:00:41","modified_gmt":"2026-03-09T15:00:41","slug":"orchestre-et-choeur-etesias-le-programme-elite-de-lecole-normale-de-musique-de-paris","status":"publish","type":"event","link":"https:\/\/www.ecolenormalecortot.com\/en\/event\/orchestre-et-choeur-etesias-le-programme-elite-de-lecole-normale-de-musique-de-paris\/","title":{"rendered":"Orchestre et Ch\u0153ur \u00c9t\u00e9sias &amp; le Programme \u00c9lite de l&#8217;\u00c9cole Normale de Musique de Paris"},"content":{"rendered":"\n<p class=\"has-large-font-size\"><strong>Orchestre et Ch\u0153ur \u00c9t\u00e9sias &amp; le Programme \u00c9lite de l&#8217;\u00c9cole Normale de Musique de Paris<\/strong><\/p>\n\n\n\n<p class=\"has-medium-font-size\"><strong>L\u2019Orchestre \u00c9t\u00e9sias s\u2019associe au programme \u00c9lite de l\u2019ENMP pour permettre \u00e0 un \u00e9tudiant de jouer un concerto de son choix dans la <a href=\"https:\/\/sallecortot.com\/\" target=\"_blank\" rel=\"noreferrer noopener\">Salle Cortot<\/a>. Le programme sera communiqu\u00e9 une fois l\u2019\u00e9tudiant du Programme Elite s\u00e9lectionn\u00e9.<\/strong><\/p>\n\n\n\n<div style=\"height:52px\" aria-hidden=\"true\" class=\"wp-block-spacer\"><\/div>\n\n\n\r\n    <a href=\"https:\/\/www.ecolenormalecortot.com\/nos-programmes\/programme-elite\/\" target=\"_blank\" class=\"block-cta style-link\">\r\n        En savoir plus sur le Programme \u00c9lite    <\/a>\r\n\n\n\n<div style=\"height:100px\" aria-hidden=\"true\" class=\"wp-block-spacer\"><\/div>\n\n\n\n<h3 class=\"wp-block-heading\">Programme<\/h3>\n\n\n\n<p class=\"has-medium-font-size\"><strong> Andr\u00e9-Modeste Gr\u00e9try<\/strong> &#8211; Ouverture,\u00a0<em>Z\u00e9mire et Azor<\/em>, 1771<\/p>\n\n\n\n<p class=\"has-medium-font-size\"><strong>Fran\u00e7ois-Adrien Boeildieu<\/strong> &#8211; Concerto pour harpe en ut majeur, 1800<\/p>\n\n\n\n<p class=\"has-medium-font-size\"><strong>Johannes Brahms<\/strong> &#8211;<em>Vier Ges\u00e4nge<\/em>, op.17, 1860<\/p>\n\n\n\n<p class=\"has-medium-font-size\"><strong>Franz Schubert<\/strong> &#8211; <em>Psaume 23<\/em>, D.706, 1820<\/p>\n\n\n\n<div style=\"height:70px\" aria-hidden=\"true\" class=\"wp-block-spacer\"><\/div>\n\n\n\n<h3 class=\"wp-block-heading\">Distribution<\/h3>\n\n\n\n<h3 class=\"wp-block-heading has-large-font-size\">Orchestre &amp; Ch\u0153ur \u00c9t\u00e9sias<\/h3>\n\n\n<div class=\"wp-block-image\">\n<figure class=\"alignleft size-large is-resized\"><a href=\"https:\/\/www.orchestre-choeur-etesias.com\/\" target=\"_blank\" rel=\" noreferrer noopener\"><img decoding=\"async\" src=\"https:\/\/sallecortot.com\/wp-content\/uploads\/2025\/07\/504277006_122153554034443996_1008255212009458298_n-edited.jpg\" alt=\"Ensemble \u00c9t\u00e9sias et Victor Demarquette\" class=\"wp-image-6277\" style=\"aspect-ratio:1.7786151672162034;width:147px;height:auto\"\/><\/a><\/figure>\n<\/div>\n\n\n<p class=\"has-medium-font-size\"><strong>Notre histoire<\/strong><\/p>\n\n\n\n<p style=\"font-size:17px\">Fond\u00e9 sous l\u2019impulsion de&nbsp;<a href=\"https:\/\/www.orchestre-choeur-etesias.com\/direction-musicale\" target=\"_blank\" rel=\"noreferrer noopener\"><strong>Cl\u00e9ment Pottier<\/strong><\/a>&nbsp;en octobre 2023 et inaugur\u00e9 lors d\u2019un premier concert en f\u00e9vrier 2024, l\u2019Orchestre \u00c9t\u00e9sias est rejoint en novembre 2024 par le Choeur \u00c9t\u00e9sias, cr\u00e9\u00e9 sous par&nbsp;<a href=\"https:\/\/www.orchestre-choeur-etesias.com\/direction-musicale\" target=\"_blank\" rel=\"noreferrer noopener\"><strong>Romane Belliot<\/strong><\/a>.<\/p>\n\n\n\n<h2 class=\"wp-block-heading has-medium-font-size\"><strong>Origine du nom<\/strong><\/h2>\n\n\n\n<p style=\"font-size:17px\">Le nom &#8220;\u00c9t\u00e9sias&#8221; ayant donn\u00e9 \u201c\u00e9t\u00e9sien\u201d en fran\u00e7ais d\u00e9signe les vents qui, dans la mythologie grecque, \u00e9taient envoy\u00e9s ponctuellement par Zeus sur la M\u00e9diterran\u00e9e Orientale lors des p\u00e9riodes de fortes chaleurs afin de rendre l\u2019atmosph\u00e8re plus supportable. Ce nom est une fusion des passions et curiosit\u00e9s de son directeur musical : la musique, la m\u00e9t\u00e9orologie et l\u2019histoire antique.<\/p>\n\n\n\n<h2 class=\"wp-block-heading has-medium-font-size\"><strong>Quels sont nos objectifs ?<\/strong><\/h2>\n\n\n\n<p style=\"font-size:17px\">R\u00e9unir des&nbsp;musicien.nes volontaires et passionn\u00e9.es&nbsp;lors de sessions autour de&nbsp;programmes riches et exigeants&nbsp;d\u00e9bouchant sur un ou plusieurs concerts afin d\u2019amener un vent de fra\u00eecheur et de&nbsp;rajeunir le paysage musical fran\u00e7ais.<\/p>\n\n\n\n<p style=\"font-size:17px\">L\u2019ensemble veut devenir un porte-\u00e9tendard de la simplexit\u00e9 :&nbsp;<em>d\u00e9mocratiser en facilitant la compr\u00e9hension et le rapport \u00e0 la musique classique<\/em>&nbsp;avec pour devise : \u00ab La simplicit\u00e9 est la sophistication supr\u00eame \u00bb.<\/p>\n\n\n\n<p class=\"has-small-font-size\"><strong><a href=\"https:\/\/www.orchestre-choeur-etesias.com\/\" target=\"_blank\" rel=\"noreferrer noopener\">En savoir plus<\/a><\/strong><\/p>\n\n\n\n<ul class=\"wp-block-social-links has-small-icon-size has-icon-color has-icon-background-color is-layout-flex wp-block-social-links-is-layout-flex\"><li style=\"color:#000000;background-color:#ffffff;\" class=\"wp-social-link wp-social-link-facebook has-black-color has-white-background-color wp-block-social-link\"><a rel=\"noopener nofollow\" target=\"_blank\" href=\"https:\/\/www.facebook.com\/people\/Orchestre-%C3%89t%C3%A9sias\/61563319907246\/\" class=\"wp-block-social-link-anchor\"><svg width=\"24\" height=\"24\" viewBox=\"0 0 24 24\" version=\"1.1\" xmlns=\"http:\/\/www.w3.org\/2000\/svg\" aria-hidden=\"true\" focusable=\"false\"><path d=\"M12 2C6.5 2 2 6.5 2 12c0 5 3.7 9.1 8.4 9.9v-7H7.9V12h2.5V9.8c0-2.5 1.5-3.9 3.8-3.9 1.1 0 2.2.2 2.2.2v2.5h-1.3c-1.2 0-1.6.8-1.6 1.6V12h2.8l-.4 2.9h-2.3v7C18.3 21.1 22 17 22 12c0-5.5-4.5-10-10-10z\"><\/path><\/svg><span class=\"wp-block-social-link-label screen-reader-text\">Facebook<\/span><\/a><\/li>\n\n<li style=\"color:#000000;background-color:#ffffff;\" class=\"wp-social-link wp-social-link-instagram has-black-color has-white-background-color wp-block-social-link\"><a rel=\"noopener nofollow\" target=\"_blank\" href=\"https:\/\/www.instagram.com\/orchestre.choeur.etesias\/?igsh=MTkyb3lkNm5meWxyOQ%3D%3D&#038;utm_source=qr#\" class=\"wp-block-social-link-anchor\"><svg width=\"24\" height=\"24\" viewBox=\"0 0 24 24\" version=\"1.1\" xmlns=\"http:\/\/www.w3.org\/2000\/svg\" aria-hidden=\"true\" focusable=\"false\"><path d=\"M12,4.622c2.403,0,2.688,0.009,3.637,0.052c0.877,0.04,1.354,0.187,1.671,0.31c0.42,0.163,0.72,0.358,1.035,0.673 c0.315,0.315,0.51,0.615,0.673,1.035c0.123,0.317,0.27,0.794,0.31,1.671c0.043,0.949,0.052,1.234,0.052,3.637 s-0.009,2.688-0.052,3.637c-0.04,0.877-0.187,1.354-0.31,1.671c-0.163,0.42-0.358,0.72-0.673,1.035 c-0.315,0.315-0.615,0.51-1.035,0.673c-0.317,0.123-0.794,0.27-1.671,0.31c-0.949,0.043-1.233,0.052-3.637,0.052 s-2.688-0.009-3.637-0.052c-0.877-0.04-1.354-0.187-1.671-0.31c-0.42-0.163-0.72-0.358-1.035-0.673 c-0.315-0.315-0.51-0.615-0.673-1.035c-0.123-0.317-0.27-0.794-0.31-1.671C4.631,14.688,4.622,14.403,4.622,12 s0.009-2.688,0.052-3.637c0.04-0.877,0.187-1.354,0.31-1.671c0.163-0.42,0.358-0.72,0.673-1.035 c0.315-0.315,0.615-0.51,1.035-0.673c0.317-0.123,0.794-0.27,1.671-0.31C9.312,4.631,9.597,4.622,12,4.622 M12,3 C9.556,3,9.249,3.01,8.289,3.054C7.331,3.098,6.677,3.25,6.105,3.472C5.513,3.702,5.011,4.01,4.511,4.511 c-0.5,0.5-0.808,1.002-1.038,1.594C3.25,6.677,3.098,7.331,3.054,8.289C3.01,9.249,3,9.556,3,12c0,2.444,0.01,2.751,0.054,3.711 c0.044,0.958,0.196,1.612,0.418,2.185c0.23,0.592,0.538,1.094,1.038,1.594c0.5,0.5,1.002,0.808,1.594,1.038 c0.572,0.222,1.227,0.375,2.185,0.418C9.249,20.99,9.556,21,12,21s2.751-0.01,3.711-0.054c0.958-0.044,1.612-0.196,2.185-0.418 c0.592-0.23,1.094-0.538,1.594-1.038c0.5-0.5,0.808-1.002,1.038-1.594c0.222-0.572,0.375-1.227,0.418-2.185 C20.99,14.751,21,14.444,21,12s-0.01-2.751-0.054-3.711c-0.044-0.958-0.196-1.612-0.418-2.185c-0.23-0.592-0.538-1.094-1.038-1.594 c-0.5-0.5-1.002-0.808-1.594-1.038c-0.572-0.222-1.227-0.375-2.185-0.418C14.751,3.01,14.444,3,12,3L12,3z M12,7.378 c-2.552,0-4.622,2.069-4.622,4.622S9.448,16.622,12,16.622s4.622-2.069,4.622-4.622S14.552,7.378,12,7.378z M12,15 c-1.657,0-3-1.343-3-3s1.343-3,3-3s3,1.343,3,3S13.657,15,12,15z M16.804,6.116c-0.596,0-1.08,0.484-1.08,1.08 s0.484,1.08,1.08,1.08c0.596,0,1.08-0.484,1.08-1.08S17.401,6.116,16.804,6.116z\"><\/path><\/svg><span class=\"wp-block-social-link-label screen-reader-text\">Instagram<\/span><\/a><\/li><\/ul>\n\n\n\n<div style=\"height:69px\" aria-hidden=\"true\" class=\"wp-block-spacer\"><\/div>\n\n\n\n<h3 class=\"wp-block-heading has-large-font-size\">Cl\u00e9ment Pottier, direction orchestre <\/h3>\n\n\n<div class=\"wp-block-image\">\n<figure class=\"alignleft size-large is-resized\"><img decoding=\"async\" src=\"https:\/\/sallecortot.com\/wp-content\/uploads\/2025\/07\/clement-pottier-1024x681.png\" alt=\"\" class=\"wp-image-6273\" style=\"width:215px;height:auto\"\/><figcaption class=\"wp-element-caption\">\u00a9 Photo : Les Apaches !<\/figcaption><\/figure>\n<\/div>\n\n\n<details class=\"wp-block-details is-layout-flow wp-block-details-is-layout-flow\"><summary>N\u00e9 en 2002, Cl\u00e9ment Pottier commence la musique par le violon, avant de commencer le piano et le chant. Il devient choriste au sein de la Jeune Acad\u00e9mie Vocale d&#8217;Aquitaine dirig\u00e9e par Marie Chavanel en 2012. C&#8217;est au cours de l&#8217;ann\u00e9e 2014 qu&#8217;il commence sa carri\u00e8re de chanteur soliste \u00e0 l&#8217;Op\u00e9ra National de Bordeaux.<br>De ses 12 ans \u00e0 ses 17 ans, il multiplie les productions comme pour le Pie Jesu du Requiem de Gabriel Faur\u00e9 (2014, 2015, 2016, 2017), la Boh\u00e8me (2014), le r\u00f4le de Miles dans \u201cThe turn of the Screw\u201d de Benjamin Britten (2016), le truchement dans \u201cEl Retablo de Maese Pedro\u201d de Manuel de Falla (2016) ou bien dans \u201cMiranda\u201d (2019). Ces exp\u00e9riences lui ont permis de partager la sc\u00e8ne avec des chanteurs tels que Mireille Delunsch ainsi que de chanter en compagnie de l&#8217;Orchestre National de Bordeaux Aquitaine et l&#8217;Ensemble Pygmalion, sous la direction de Paul Daniel, Pierre Dumoussaud, Roberto Gonzalez-Monjas ainsi que Raph\u00e4el Pichon.<\/summary>\n<p><\/p>\n\n\n\n<p>Form\u00e9 \u00e0 la direction de choeur par Marie Chavanel d\u00e8s son plus jeune \u00e2ge, il entre, \u00e0 15 ans, par d\u00e9rogation exceptionnelle, dans la Classe de direction d&#8217;orchestre du Conservatoire \u00e0 Rayonnement R\u00e9gional de Bordeaux avant d&#8217;int\u00e9grer la classe de direction d&#8217;orchestre de l&#8217;Ecole Normale de Musique de Paris &#8211; Alfred Cortot en 2020.<\/p>\n\n\n\n<p style=\"font-size:17px\">Cl\u00e9ment Potter b\u00e9n\u00e9ficie des enseignements de Roberto Gatto, Julien Masmondet et Dominique Rouits. Il suit \u00e9galement des masterclasses aupr\u00e8s de Louis Langr\u00e9e, Bertrand de Billy, Adrien Perruchon et Lionel Sow. De plus, il continue sa formation en direction de ch\u0153ur, rempla\u00e7ant des chefs de choeurs amateurs parisiens et \u00e9tant invit\u00e9 au &#8220;Student Program&#8221; par l&#8217;Europ\u00e4isches Jugendchorfestival de B\u00e2le (Suisse) en mai 2023. Il prend en septembre 2024, la direction musicale de l\u2019Ensemble Vocal de Neuilly-sur-Seine. Au cours de ses \u00e9tudes et de ses engagements, il a pu travailler avec de nombreux ensembles de premier plan comme le Guerzenich-Orchester K\u00f6ln, Les Musiciens du Louvre, l&#8217;Orchestre de l&#8217;Op\u00e9ra de Massy, l&#8217;Ensemble Les Apaches!, l&#8217;Orchestre Lamoureux ou le Choeur de Radio France.<\/p>\n\n\n\n<p>Depuis ses 14 ans, il est conseill\u00e9 par le chef d&#8217;orchestre Marc Minkowski qui l&#8217;invite \u00e0 suivre des productions comme Plat\u00e9e de Rameau en 2022 (Op\u00e9ra de Paris), La P\u00e9richole d&#8217;Offenbach en 2022 (Th\u00e9\u00e2tre des Champs-Elys\u00e9es) et \u00e0 l&#8217;assister sur des productions telles que la Trilogie Mozart\/Da Ponte en 2023 (Op\u00e9ra Royal de Versailles) ou Alcina de H\u00e4ndel en 2023 (Philharmonie de Paris), La Resurrezione de H\u00e4ndel en mars 2024 (Grand Th\u00e9\u00e2tre de Provence et Elbphilharmonie) ou encore sur un R\u00e9cital H\u00e4ndel\/Marina Viotti en juin 2024 (Th\u00e9\u00e2tre des Champs-Elys\u00e9es et Abbaye de St Martin en Thi\u00e9rache).<\/p>\n\n\n\n<p style=\"font-size:17px\">Apr\u00e8s&nbsp;une&nbsp;saison riche, Cl\u00e9ment Pottier aura le plaisir de retrouver les Musiciens du Louvre au Th\u00e9\u00e2tre des Champs-Elys\u00e9es ainsi que son&nbsp;Orchestre&nbsp;et Choeur \u00c9t\u00e9sias. Il fera ses d\u00e9buts avec l&#8217;Orquestra de la Comunitat Valenciana et avec le Choeur de l&#8217;Orchestre de Paris et dans des maisons comme le Palau de les Arts Reina Sof\u00eda (Val\u00e8ncia) ; Grand Teatre del Lic\u00e9u (Barcelone) ; Teatro R\u00e9al (Madrid) ; Die Glocke (Bremen) ou encore \u00e0 Auvers-sur-Oise&#8230;<\/p>\n\n\n\n<p style=\"font-size:17px\">En parall\u00e8le de son cursus musical, Cl\u00e9ment Pottier a suivi un cursus universitaire en G\u00e9ographie-Histoire \u00e0 Sorbonne Universit\u00e9. Il obtient sa licence Majeure G\u00e9ographie-mineure histoire avec mention tr\u00e8s bien en 2023. Ce cursus lui permet de continuer sa pratique vocale au sein du Choeur de Sorbonne Universit\u00e9 avec lequel il participe \u00e0 de nombreux projets comme le Concert du 14 juillet 2022 (Missa Solemnis de Beethoven) des Chor\u00e9gies d&#8217;Orange ou bien au choeur du d\u00e9fil\u00e9 du 14 juillet 2024 sur l\u2019Avenue Foch. Curieux d\u2019apprentissage, il a suivi un master en \u201cGouvernance Europ\u00e9enne\u201d \u00e0 Sciences Po Grenoble.<\/p>\n\n\n\n<p>Cl\u00e9ment Pottier est titulaire d\u2019un Mast\u00e8re\/Second Cycle Sup\u00e9rieur de Direction d\u2019orchestre \u00e0 l\u2019\u00c9cole Normale de Musique de Paris-Alfred Cortot, obtenu mention tr\u00e8s bien avec les f\u00e9licitations du jury en juin 2024.<\/p>\n<\/details>\n\n\n\n<p class=\"has-small-font-size\"><strong><a href=\"https:\/\/www.clement-pottier.com\/\" target=\"_blank\" rel=\"noreferrer noopener\">En savoir plus<\/a><\/strong><\/p>\n\n\n\n<ul class=\"wp-block-social-links has-small-icon-size has-icon-color has-icon-background-color is-layout-flex wp-block-social-links-is-layout-flex\"><li style=\"color:#000000;background-color:#ffffff;\" class=\"wp-social-link wp-social-link-facebook has-black-color has-white-background-color wp-block-social-link\"><a rel=\"noopener nofollow\" target=\"_blank\" href=\"https:\/\/www.facebook.com\/clementpottierconductor\/\" class=\"wp-block-social-link-anchor\"><svg width=\"24\" height=\"24\" viewBox=\"0 0 24 24\" version=\"1.1\" xmlns=\"http:\/\/www.w3.org\/2000\/svg\" aria-hidden=\"true\" focusable=\"false\"><path d=\"M12 2C6.5 2 2 6.5 2 12c0 5 3.7 9.1 8.4 9.9v-7H7.9V12h2.5V9.8c0-2.5 1.5-3.9 3.8-3.9 1.1 0 2.2.2 2.2.2v2.5h-1.3c-1.2 0-1.6.8-1.6 1.6V12h2.8l-.4 2.9h-2.3v7C18.3 21.1 22 17 22 12c0-5.5-4.5-10-10-10z\"><\/path><\/svg><span class=\"wp-block-social-link-label screen-reader-text\">Facebook<\/span><\/a><\/li>\n\n<li style=\"color:#000000;background-color:#ffffff;\" class=\"wp-social-link wp-social-link-instagram has-black-color has-white-background-color wp-block-social-link\"><a rel=\"noopener nofollow\" target=\"_blank\" href=\"https:\/\/www.instagram.com\/clementpottierconductor\/\" class=\"wp-block-social-link-anchor\"><svg width=\"24\" height=\"24\" viewBox=\"0 0 24 24\" version=\"1.1\" xmlns=\"http:\/\/www.w3.org\/2000\/svg\" aria-hidden=\"true\" focusable=\"false\"><path d=\"M12,4.622c2.403,0,2.688,0.009,3.637,0.052c0.877,0.04,1.354,0.187,1.671,0.31c0.42,0.163,0.72,0.358,1.035,0.673 c0.315,0.315,0.51,0.615,0.673,1.035c0.123,0.317,0.27,0.794,0.31,1.671c0.043,0.949,0.052,1.234,0.052,3.637 s-0.009,2.688-0.052,3.637c-0.04,0.877-0.187,1.354-0.31,1.671c-0.163,0.42-0.358,0.72-0.673,1.035 c-0.315,0.315-0.615,0.51-1.035,0.673c-0.317,0.123-0.794,0.27-1.671,0.31c-0.949,0.043-1.233,0.052-3.637,0.052 s-2.688-0.009-3.637-0.052c-0.877-0.04-1.354-0.187-1.671-0.31c-0.42-0.163-0.72-0.358-1.035-0.673 c-0.315-0.315-0.51-0.615-0.673-1.035c-0.123-0.317-0.27-0.794-0.31-1.671C4.631,14.688,4.622,14.403,4.622,12 s0.009-2.688,0.052-3.637c0.04-0.877,0.187-1.354,0.31-1.671c0.163-0.42,0.358-0.72,0.673-1.035 c0.315-0.315,0.615-0.51,1.035-0.673c0.317-0.123,0.794-0.27,1.671-0.31C9.312,4.631,9.597,4.622,12,4.622 M12,3 C9.556,3,9.249,3.01,8.289,3.054C7.331,3.098,6.677,3.25,6.105,3.472C5.513,3.702,5.011,4.01,4.511,4.511 c-0.5,0.5-0.808,1.002-1.038,1.594C3.25,6.677,3.098,7.331,3.054,8.289C3.01,9.249,3,9.556,3,12c0,2.444,0.01,2.751,0.054,3.711 c0.044,0.958,0.196,1.612,0.418,2.185c0.23,0.592,0.538,1.094,1.038,1.594c0.5,0.5,1.002,0.808,1.594,1.038 c0.572,0.222,1.227,0.375,2.185,0.418C9.249,20.99,9.556,21,12,21s2.751-0.01,3.711-0.054c0.958-0.044,1.612-0.196,2.185-0.418 c0.592-0.23,1.094-0.538,1.594-1.038c0.5-0.5,0.808-1.002,1.038-1.594c0.222-0.572,0.375-1.227,0.418-2.185 C20.99,14.751,21,14.444,21,12s-0.01-2.751-0.054-3.711c-0.044-0.958-0.196-1.612-0.418-2.185c-0.23-0.592-0.538-1.094-1.038-1.594 c-0.5-0.5-1.002-0.808-1.594-1.038c-0.572-0.222-1.227-0.375-2.185-0.418C14.751,3.01,14.444,3,12,3L12,3z M12,7.378 c-2.552,0-4.622,2.069-4.622,4.622S9.448,16.622,12,16.622s4.622-2.069,4.622-4.622S14.552,7.378,12,7.378z M12,15 c-1.657,0-3-1.343-3-3s1.343-3,3-3s3,1.343,3,3S13.657,15,12,15z M16.804,6.116c-0.596,0-1.08,0.484-1.08,1.08 s0.484,1.08,1.08,1.08c0.596,0,1.08-0.484,1.08-1.08S17.401,6.116,16.804,6.116z\"><\/path><\/svg><span class=\"wp-block-social-link-label screen-reader-text\">Instagram<\/span><\/a><\/li><\/ul>\n\n\n\n<div style=\"height:61px\" aria-hidden=\"true\" class=\"wp-block-spacer\"><\/div>\n\n\n\n<h3 class=\"wp-block-heading has-large-font-size\">Romane Belliot, direction ch\u0153ur<\/h3>\n\n\n<div class=\"wp-block-image\">\n<figure class=\"alignleft size-large is-resized\"><img decoding=\"async\" src=\"https:\/\/sallecortot.com\/wp-content\/uploads\/2025\/07\/466975012_1767337860679036_5992361961408275257_n-1024x1024.jpg\" alt=\"\" class=\"wp-image-6287\" style=\"width:178px;height:auto\"\/><\/figure>\n<\/div>\n\n\n<p style=\"font-size:17px\">Romane Belliot est originaire du Morbihan. Elle s\u2019initie au chant choral \u00e0 la Ma\u00eetrise de Sainte-Anne-d\u2019Auray tout en apprenant le violoncelle au Conservatoire de Vannes dans la classe de V\u00e9ronique Bourlet. Elle obtient un Dipl\u00f4me d\u2019\u00c9tudes Musicales de violoncelle au Conservatoire de Meudon dans la classe d\u2019Arthur Lamarre ainsi qu\u2019une licence de musique et musicologie \u00e0 Sorbonne-Universit\u00e9 en 2024. Durant sa licence, Romane a chant\u00e9 au Ch\u0153ur Sorbonne-Universit\u00e9 et a particip\u00e9 \u00e0 de nombreux projets enthousiasmants (concert aux Chor\u00e9gies d\u2019Orange, cr\u00e9ation \u00e0 l\u2019Abbaye Royale de Fontevraud, tourn\u00e9e au Mexique\u2026). <\/p>\n\n\n\n<p style=\"font-size:17px\">Apr\u00e8s avoir \u00e9tudi\u00e9 la direction de choeur aupr\u00e8s d\u2019Ariel Alonso au Conservatoire du 18e arrondissement de Paris, elle poursuit son cursus musical au Conservatoire \u00e0 Rayonnement R\u00e9gional de Paris dans la classe de Pierre-Louis Delaporte. Au sein de cette formation, elle \u00e9tudie \u00e9galement le chant lyrique, le piano, l\u2019\u00e9criture et l\u2019analyse. \u00c0 la rentr\u00e9e 2023, elle rejoint l\u2019\u00e9quipe p\u00e9dagogique de la Ma\u00eetrise de Saint-Christophe en tant que cheffe de la Pr\u00e9-Ma\u00eetrise. Elle co-dirige la Pr\u00e9-Ma\u00eetrise de Notre-Dame-de-Paris depuis septembre 2024. <\/p>\n\n\n\n<p style=\"font-size:17px\">Elle dirige le Ch\u0153ur de l\u2019Orchestre \u00c9t\u00e9sias et l\u2019ensemble \u00c9VN\u00c2 dont elle est la fondatrice. Souhaitant relancer les stages d\u2019\u00e9t\u00e9 de l\u2019Acad\u00e9mie de Musique et d\u2019Arts Sacr\u00e9s de Sainte-Anne-d\u2019Auray, elle participe comme cheffe de ch\u0153ur au stage d\u2019\u00e9t\u00e9 Soli Deo Gloria. Romane se produit en tant que violoncelliste et chanteuse au sein du Duo Rh\u00e9nane avec la pianiste et organiste B\u00e9r\u00e9nice Nuss ainsi qu\u2019en duo avec le violoncelliste Marc Tchalik.<\/p>\n\n\n\n<ul class=\"wp-block-social-links has-small-icon-size has-icon-color has-icon-background-color is-layout-flex wp-block-social-links-is-layout-flex\"><li style=\"color:#000000;background-color:#ffffff;\" class=\"wp-social-link wp-social-link-facebook has-black-color has-white-background-color wp-block-social-link\"><a rel=\"noopener nofollow\" target=\"_blank\" href=\"https:\/\/www.facebook.com\/romane.belliot\/\" class=\"wp-block-social-link-anchor\"><svg width=\"24\" height=\"24\" viewBox=\"0 0 24 24\" version=\"1.1\" xmlns=\"http:\/\/www.w3.org\/2000\/svg\" aria-hidden=\"true\" focusable=\"false\"><path d=\"M12 2C6.5 2 2 6.5 2 12c0 5 3.7 9.1 8.4 9.9v-7H7.9V12h2.5V9.8c0-2.5 1.5-3.9 3.8-3.9 1.1 0 2.2.2 2.2.2v2.5h-1.3c-1.2 0-1.6.8-1.6 1.6V12h2.8l-.4 2.9h-2.3v7C18.3 21.1 22 17 22 12c0-5.5-4.5-10-10-10z\"><\/path><\/svg><span class=\"wp-block-social-link-label screen-reader-text\">Facebook<\/span><\/a><\/li>\n\n<li style=\"color:#000000;background-color:#ffffff;\" class=\"wp-social-link wp-social-link-instagram has-black-color has-white-background-color wp-block-social-link\"><a rel=\"noopener nofollow\" target=\"_blank\" href=\"https:\/\/www.instagram.com\/romane.belliot\/\" class=\"wp-block-social-link-anchor\"><svg width=\"24\" height=\"24\" viewBox=\"0 0 24 24\" version=\"1.1\" xmlns=\"http:\/\/www.w3.org\/2000\/svg\" aria-hidden=\"true\" focusable=\"false\"><path d=\"M12,4.622c2.403,0,2.688,0.009,3.637,0.052c0.877,0.04,1.354,0.187,1.671,0.31c0.42,0.163,0.72,0.358,1.035,0.673 c0.315,0.315,0.51,0.615,0.673,1.035c0.123,0.317,0.27,0.794,0.31,1.671c0.043,0.949,0.052,1.234,0.052,3.637 s-0.009,2.688-0.052,3.637c-0.04,0.877-0.187,1.354-0.31,1.671c-0.163,0.42-0.358,0.72-0.673,1.035 c-0.315,0.315-0.615,0.51-1.035,0.673c-0.317,0.123-0.794,0.27-1.671,0.31c-0.949,0.043-1.233,0.052-3.637,0.052 s-2.688-0.009-3.637-0.052c-0.877-0.04-1.354-0.187-1.671-0.31c-0.42-0.163-0.72-0.358-1.035-0.673 c-0.315-0.315-0.51-0.615-0.673-1.035c-0.123-0.317-0.27-0.794-0.31-1.671C4.631,14.688,4.622,14.403,4.622,12 s0.009-2.688,0.052-3.637c0.04-0.877,0.187-1.354,0.31-1.671c0.163-0.42,0.358-0.72,0.673-1.035 c0.315-0.315,0.615-0.51,1.035-0.673c0.317-0.123,0.794-0.27,1.671-0.31C9.312,4.631,9.597,4.622,12,4.622 M12,3 C9.556,3,9.249,3.01,8.289,3.054C7.331,3.098,6.677,3.25,6.105,3.472C5.513,3.702,5.011,4.01,4.511,4.511 c-0.5,0.5-0.808,1.002-1.038,1.594C3.25,6.677,3.098,7.331,3.054,8.289C3.01,9.249,3,9.556,3,12c0,2.444,0.01,2.751,0.054,3.711 c0.044,0.958,0.196,1.612,0.418,2.185c0.23,0.592,0.538,1.094,1.038,1.594c0.5,0.5,1.002,0.808,1.594,1.038 c0.572,0.222,1.227,0.375,2.185,0.418C9.249,20.99,9.556,21,12,21s2.751-0.01,3.711-0.054c0.958-0.044,1.612-0.196,2.185-0.418 c0.592-0.23,1.094-0.538,1.594-1.038c0.5-0.5,0.808-1.002,1.038-1.594c0.222-0.572,0.375-1.227,0.418-2.185 C20.99,14.751,21,14.444,21,12s-0.01-2.751-0.054-3.711c-0.044-0.958-0.196-1.612-0.418-2.185c-0.23-0.592-0.538-1.094-1.038-1.594 c-0.5-0.5-1.002-0.808-1.594-1.038c-0.572-0.222-1.227-0.375-2.185-0.418C14.751,3.01,14.444,3,12,3L12,3z M12,7.378 c-2.552,0-4.622,2.069-4.622,4.622S9.448,16.622,12,16.622s4.622-2.069,4.622-4.622S14.552,7.378,12,7.378z M12,15 c-1.657,0-3-1.343-3-3s1.343-3,3-3s3,1.343,3,3S13.657,15,12,15z M16.804,6.116c-0.596,0-1.08,0.484-1.08,1.08 s0.484,1.08,1.08,1.08c0.596,0,1.08-0.484,1.08-1.08S17.401,6.116,16.804,6.116z\"><\/path><\/svg><span class=\"wp-block-social-link-label screen-reader-text\">Instagram<\/span><\/a><\/li><\/ul>\n\n\n\n<div style=\"height:53px\" aria-hidden=\"true\" class=\"wp-block-spacer\"><\/div>\n\n\n\n<h3 class=\"wp-block-heading\">Organisateurs<\/h3>\n\n\n\n<p>Ecole Normale de Musique de Paris, Orchestre Ch\u0153ur \u00c9t\u00e9sias<\/p>\n\n\n<div class=\"wp-block-image\">\n<figure class=\"alignleft size-large is-resized\"><a href=\"https:\/\/www.ecolenormalecortot.com\/\" target=\"_blank\" rel=\" noreferrer noopener\"><img decoding=\"async\" src=\"https:\/\/sallecortot.com\/wp-content\/uploads\/2024\/08\/LOGO-3-LIGNES-BLANC-1024x251.png\" alt=\"\" class=\"wp-image-1353\" style=\"width:252px;height:auto\"\/><\/a><\/figure>\n<\/div>\n\n<div class=\"wp-block-image\">\n<figure class=\"alignleft size-full is-resized\"><a href=\"https:\/\/www.orchestre-choeur-etesias.com\/\" target=\"_blank\" rel=\" noreferrer noopener\"><img decoding=\"async\" src=\"https:\/\/sallecortot.com\/wp-content\/uploads\/2025\/07\/504277006_122153554034443996_1008255212009458298_n-edited.jpg\" alt=\"\" class=\"wp-image-6277\" style=\"width:125px;height:auto\"\/><\/a><\/figure>\n<\/div>\n\n\n<div style=\"height:57px\" aria-hidden=\"true\" class=\"wp-block-spacer\"><\/div>\n\n\n\r\n    <a href=\"https:\/\/sallecortot.com\/la-programmation\/\" target=\"_blank\" class=\"block-cta style-link\">\r\n        Toute la Programmation    <\/a>\r\n\n\n\n<p><\/p>\n","protected":false},"excerpt":{"rendered":"<p>Orchestre et Ch\u0153ur \u00c9t\u00e9sias &amp; le Programme \u00c9lite de l&#8217;\u00c9cole Normale de Musique de Paris L\u2019Orchestre \u00c9t\u00e9sias s\u2019associe au programme [&hellip;]<\/p>\n","protected":false},"featured_media":12161,"template":"","meta":{"_acf_changed":false},"event_category":[169],"class_list":["post-12163","event","type-event","status-publish","has-post-thumbnail","hentry","event_category-les-grands-concerts"],"acf":{"presentation":"","musicians":"","program":"","host":"","date":"2026-04-11 15:00:00","time_start":"15:00","time_end":null,"end_date":null,"location_name":"","location_address":"","phone":"","link":null,"booking_link":"https:\/\/my.weezevent.com\/concert-322?_gl=1*1ofs48c*_gcl_au*NTQyNTIyOTYzLjE3NzE5NDU3NjcuMTMyMjM4MTk2OC4xNzcyNjM2OTU1LjE3NzI2MzY5NTQ.*_ga*ODI1MTE5MDIwLjE3NzA5MDM0NjQ.*_ga_39H9VBFX7G*czE3NzMwNjIyMjYkbzM0OCRnMSR0MTc3MzA2MzU1NyRqNDIkbDAkaDEzODIwOTIzNTQ.","price_from":"<p>Entr\u00e9e libre sur r\u00e9servation.<\/p>\n","hide_price":false,"teachers":null,"event_type":"Orchestre & Ch\u0153ur \u00c9t\u00e9sias","datetime":"2026-04-11 15:00:00","end_datetime":"2026-04-11 16:30:00","booking_infos":"","source_post_id":"6859"},"yoast_head":"<!-- This site is optimized with the Yoast SEO plugin v27.5 - https:\/\/yoast.com\/product\/yoast-seo-wordpress\/ -->\n<title>Orchestre et Ch\u0153ur \u00c9t\u00e9sias &amp; le Programme \u00c9lite de l&#039;\u00c9cole Normale de Musique de Paris - Ecole Normale de Musique de Paris<\/title>\n<meta name=\"robots\" content=\"index, follow, max-snippet:-1, max-image-preview:large, max-video-preview:-1\" \/>\n<link rel=\"canonical\" href=\"https:\/\/www.ecolenormalecortot.com\/en\/event\/orchestre-et-choeur-etesias-le-programme-elite-de-lecole-normale-de-musique-de-paris\/\" \/>\n<meta property=\"og:locale\" content=\"en_US\" \/>\n<meta property=\"og:type\" content=\"article\" \/>\n<meta property=\"og:title\" content=\"Orchestre et Ch\u0153ur \u00c9t\u00e9sias &amp; le Programme \u00c9lite de l&#039;\u00c9cole Normale de Musique de Paris - Ecole Normale de Musique de Paris\" \/>\n<meta property=\"og:description\" content=\"Orchestre et Ch\u0153ur \u00c9t\u00e9sias &amp; le Programme \u00c9lite de l&#8217;\u00c9cole Normale de Musique de Paris L\u2019Orchestre \u00c9t\u00e9sias s\u2019associe au programme [&hellip;]\" \/>\n<meta property=\"og:url\" content=\"https:\/\/www.ecolenormalecortot.com\/en\/event\/orchestre-et-choeur-etesias-le-programme-elite-de-lecole-normale-de-musique-de-paris\/\" \/>\n<meta property=\"og:site_name\" content=\"Ecole Normale de Musique de Paris\" \/>\n<meta name=\"twitter:card\" content=\"summary_large_image\" \/>\n<meta name=\"twitter:label1\" content=\"Est. reading time\" \/>\n\t<meta name=\"twitter:data1\" content=\"6 minutes\" \/>\n<script type=\"application\/ld+json\" class=\"yoast-schema-graph\">{\"@context\":\"https:\\\/\\\/schema.org\",\"@graph\":[{\"@type\":\"WebPage\",\"@id\":\"https:\\\/\\\/www.ecolenormalecortot.com\\\/en\\\/event\\\/orchestre-et-choeur-etesias-le-programme-elite-de-lecole-normale-de-musique-de-paris\\\/\",\"url\":\"https:\\\/\\\/www.ecolenormalecortot.com\\\/en\\\/event\\\/orchestre-et-choeur-etesias-le-programme-elite-de-lecole-normale-de-musique-de-paris\\\/\",\"name\":\"Orchestre et Ch\u0153ur \u00c9t\u00e9sias &amp; le Programme \u00c9lite de l'\u00c9cole Normale de Musique de Paris - Ecole Normale de Musique de Paris\",\"isPartOf\":{\"@id\":\"https:\\\/\\\/www.ecolenormalecortot.com\\\/en\\\/#website\"},\"primaryImageOfPage\":{\"@id\":\"https:\\\/\\\/www.ecolenormalecortot.com\\\/en\\\/event\\\/orchestre-et-choeur-etesias-le-programme-elite-de-lecole-normale-de-musique-de-paris\\\/#primaryimage\"},\"image\":{\"@id\":\"https:\\\/\\\/www.ecolenormalecortot.com\\\/en\\\/event\\\/orchestre-et-choeur-etesias-le-programme-elite-de-lecole-normale-de-musique-de-paris\\\/#primaryimage\"},\"thumbnailUrl\":\"https:\\\/\\\/www.ecolenormalecortot.com\\\/wp-content\\\/uploads\\\/2026\\\/03\\\/etesias-11-avril.png\",\"datePublished\":\"2026-03-09T15:00:41+00:00\",\"breadcrumb\":{\"@id\":\"https:\\\/\\\/www.ecolenormalecortot.com\\\/en\\\/event\\\/orchestre-et-choeur-etesias-le-programme-elite-de-lecole-normale-de-musique-de-paris\\\/#breadcrumb\"},\"inLanguage\":\"en-US\",\"potentialAction\":[{\"@type\":\"ReadAction\",\"target\":[\"https:\\\/\\\/www.ecolenormalecortot.com\\\/en\\\/event\\\/orchestre-et-choeur-etesias-le-programme-elite-de-lecole-normale-de-musique-de-paris\\\/\"]}]},{\"@type\":\"ImageObject\",\"inLanguage\":\"en-US\",\"@id\":\"https:\\\/\\\/www.ecolenormalecortot.com\\\/en\\\/event\\\/orchestre-et-choeur-etesias-le-programme-elite-de-lecole-normale-de-musique-de-paris\\\/#primaryimage\",\"url\":\"https:\\\/\\\/www.ecolenormalecortot.com\\\/wp-content\\\/uploads\\\/2026\\\/03\\\/etesias-11-avril.png\",\"contentUrl\":\"https:\\\/\\\/www.ecolenormalecortot.com\\\/wp-content\\\/uploads\\\/2026\\\/03\\\/etesias-11-avril.png\",\"width\":1110,\"height\":643},{\"@type\":\"BreadcrumbList\",\"@id\":\"https:\\\/\\\/www.ecolenormalecortot.com\\\/en\\\/event\\\/orchestre-et-choeur-etesias-le-programme-elite-de-lecole-normale-de-musique-de-paris\\\/#breadcrumb\",\"itemListElement\":[{\"@type\":\"ListItem\",\"position\":1,\"name\":\"Accueil\",\"item\":\"https:\\\/\\\/www.ecolenormalecortot.com\\\/en\\\/\"},{\"@type\":\"ListItem\",\"position\":2,\"name\":\"\u00c9v\u00e8nements\",\"item\":\"https:\\\/\\\/www.ecolenormalecortot.com\\\/en\\\/event\\\/\"},{\"@type\":\"ListItem\",\"position\":3,\"name\":\"Orchestre et Ch\u0153ur \u00c9t\u00e9sias &amp; le Programme \u00c9lite de l&rsquo;\u00c9cole Normale de Musique de Paris\"}]},{\"@type\":\"WebSite\",\"@id\":\"https:\\\/\\\/www.ecolenormalecortot.com\\\/en\\\/#website\",\"url\":\"https:\\\/\\\/www.ecolenormalecortot.com\\\/en\\\/\",\"name\":\"Ecole Normale de Musique de Paris\",\"description\":\"\",\"publisher\":{\"@id\":\"https:\\\/\\\/www.ecolenormalecortot.com\\\/en\\\/#organization\"},\"potentialAction\":[{\"@type\":\"SearchAction\",\"target\":{\"@type\":\"EntryPoint\",\"urlTemplate\":\"https:\\\/\\\/www.ecolenormalecortot.com\\\/en\\\/?s={search_term_string}\"},\"query-input\":{\"@type\":\"PropertyValueSpecification\",\"valueRequired\":true,\"valueName\":\"search_term_string\"}}],\"inLanguage\":\"en-US\"},{\"@type\":\"Organization\",\"@id\":\"https:\\\/\\\/www.ecolenormalecortot.com\\\/en\\\/#organization\",\"name\":\"Ecole Normale de Musique de Paris\",\"url\":\"https:\\\/\\\/www.ecolenormalecortot.com\\\/en\\\/\",\"logo\":{\"@type\":\"ImageObject\",\"inLanguage\":\"en-US\",\"@id\":\"https:\\\/\\\/www.ecolenormalecortot.com\\\/en\\\/#\\\/schema\\\/logo\\\/image\\\/\",\"url\":\"https:\\\/\\\/www.ecolenormalecortot.com\\\/wp-content\\\/uploads\\\/2023\\\/02\\\/android-chrome-512x512-1.png\",\"contentUrl\":\"https:\\\/\\\/www.ecolenormalecortot.com\\\/wp-content\\\/uploads\\\/2023\\\/02\\\/android-chrome-512x512-1.png\",\"width\":512,\"height\":512,\"caption\":\"Ecole Normale de Musique de Paris\"},\"image\":{\"@id\":\"https:\\\/\\\/www.ecolenormalecortot.com\\\/en\\\/#\\\/schema\\\/logo\\\/image\\\/\"}}]}<\/script>\n<!-- \/ Yoast SEO plugin. -->","yoast_head_json":{"title":"Orchestre et Ch\u0153ur \u00c9t\u00e9sias &amp; le Programme \u00c9lite de l'\u00c9cole Normale de Musique de Paris - Ecole Normale de Musique de Paris","robots":{"index":"index","follow":"follow","max-snippet":"max-snippet:-1","max-image-preview":"max-image-preview:large","max-video-preview":"max-video-preview:-1"},"canonical":"https:\/\/www.ecolenormalecortot.com\/en\/event\/orchestre-et-choeur-etesias-le-programme-elite-de-lecole-normale-de-musique-de-paris\/","og_locale":"en_US","og_type":"article","og_title":"Orchestre et Ch\u0153ur \u00c9t\u00e9sias &amp; le Programme \u00c9lite de l'\u00c9cole Normale de Musique de Paris - Ecole Normale de Musique de Paris","og_description":"Orchestre et Ch\u0153ur \u00c9t\u00e9sias &amp; le Programme \u00c9lite de l&#8217;\u00c9cole Normale de Musique de Paris L\u2019Orchestre \u00c9t\u00e9sias s\u2019associe au programme [&hellip;]","og_url":"https:\/\/www.ecolenormalecortot.com\/en\/event\/orchestre-et-choeur-etesias-le-programme-elite-de-lecole-normale-de-musique-de-paris\/","og_site_name":"Ecole Normale de Musique de Paris","twitter_card":"summary_large_image","twitter_misc":{"Est. reading time":"6 minutes"},"schema":{"@context":"https:\/\/schema.org","@graph":[{"@type":"WebPage","@id":"https:\/\/www.ecolenormalecortot.com\/en\/event\/orchestre-et-choeur-etesias-le-programme-elite-de-lecole-normale-de-musique-de-paris\/","url":"https:\/\/www.ecolenormalecortot.com\/en\/event\/orchestre-et-choeur-etesias-le-programme-elite-de-lecole-normale-de-musique-de-paris\/","name":"Orchestre et Ch\u0153ur \u00c9t\u00e9sias &amp; le Programme \u00c9lite de l'\u00c9cole Normale de Musique de Paris - Ecole Normale de Musique de Paris","isPartOf":{"@id":"https:\/\/www.ecolenormalecortot.com\/en\/#website"},"primaryImageOfPage":{"@id":"https:\/\/www.ecolenormalecortot.com\/en\/event\/orchestre-et-choeur-etesias-le-programme-elite-de-lecole-normale-de-musique-de-paris\/#primaryimage"},"image":{"@id":"https:\/\/www.ecolenormalecortot.com\/en\/event\/orchestre-et-choeur-etesias-le-programme-elite-de-lecole-normale-de-musique-de-paris\/#primaryimage"},"thumbnailUrl":"https:\/\/www.ecolenormalecortot.com\/wp-content\/uploads\/2026\/03\/etesias-11-avril.png","datePublished":"2026-03-09T15:00:41+00:00","breadcrumb":{"@id":"https:\/\/www.ecolenormalecortot.com\/en\/event\/orchestre-et-choeur-etesias-le-programme-elite-de-lecole-normale-de-musique-de-paris\/#breadcrumb"},"inLanguage":"en-US","potentialAction":[{"@type":"ReadAction","target":["https:\/\/www.ecolenormalecortot.com\/en\/event\/orchestre-et-choeur-etesias-le-programme-elite-de-lecole-normale-de-musique-de-paris\/"]}]},{"@type":"ImageObject","inLanguage":"en-US","@id":"https:\/\/www.ecolenormalecortot.com\/en\/event\/orchestre-et-choeur-etesias-le-programme-elite-de-lecole-normale-de-musique-de-paris\/#primaryimage","url":"https:\/\/www.ecolenormalecortot.com\/wp-content\/uploads\/2026\/03\/etesias-11-avril.png","contentUrl":"https:\/\/www.ecolenormalecortot.com\/wp-content\/uploads\/2026\/03\/etesias-11-avril.png","width":1110,"height":643},{"@type":"BreadcrumbList","@id":"https:\/\/www.ecolenormalecortot.com\/en\/event\/orchestre-et-choeur-etesias-le-programme-elite-de-lecole-normale-de-musique-de-paris\/#breadcrumb","itemListElement":[{"@type":"ListItem","position":1,"name":"Accueil","item":"https:\/\/www.ecolenormalecortot.com\/en\/"},{"@type":"ListItem","position":2,"name":"\u00c9v\u00e8nements","item":"https:\/\/www.ecolenormalecortot.com\/en\/event\/"},{"@type":"ListItem","position":3,"name":"Orchestre et Ch\u0153ur \u00c9t\u00e9sias &amp; le Programme \u00c9lite de l&rsquo;\u00c9cole Normale de Musique de Paris"}]},{"@type":"WebSite","@id":"https:\/\/www.ecolenormalecortot.com\/en\/#website","url":"https:\/\/www.ecolenormalecortot.com\/en\/","name":"Ecole Normale de Musique de Paris","description":"","publisher":{"@id":"https:\/\/www.ecolenormalecortot.com\/en\/#organization"},"potentialAction":[{"@type":"SearchAction","target":{"@type":"EntryPoint","urlTemplate":"https:\/\/www.ecolenormalecortot.com\/en\/?s={search_term_string}"},"query-input":{"@type":"PropertyValueSpecification","valueRequired":true,"valueName":"search_term_string"}}],"inLanguage":"en-US"},{"@type":"Organization","@id":"https:\/\/www.ecolenormalecortot.com\/en\/#organization","name":"Ecole Normale de Musique de Paris","url":"https:\/\/www.ecolenormalecortot.com\/en\/","logo":{"@type":"ImageObject","inLanguage":"en-US","@id":"https:\/\/www.ecolenormalecortot.com\/en\/#\/schema\/logo\/image\/","url":"https:\/\/www.ecolenormalecortot.com\/wp-content\/uploads\/2023\/02\/android-chrome-512x512-1.png","contentUrl":"https:\/\/www.ecolenormalecortot.com\/wp-content\/uploads\/2023\/02\/android-chrome-512x512-1.png","width":512,"height":512,"caption":"Ecole Normale de Musique de Paris"},"image":{"@id":"https:\/\/www.ecolenormalecortot.com\/en\/#\/schema\/logo\/image\/"}}]}},"_links":{"self":[{"href":"https:\/\/www.ecolenormalecortot.com\/en\/wp-json\/wp\/v2\/event\/12163","targetHints":{"allow":["GET"]}}],"collection":[{"href":"https:\/\/www.ecolenormalecortot.com\/en\/wp-json\/wp\/v2\/event"}],"about":[{"href":"https:\/\/www.ecolenormalecortot.com\/en\/wp-json\/wp\/v2\/types\/event"}],"wp:featuredmedia":[{"embeddable":true,"href":"https:\/\/www.ecolenormalecortot.com\/en\/wp-json\/wp\/v2\/media\/12161"}],"wp:attachment":[{"href":"https:\/\/www.ecolenormalecortot.com\/en\/wp-json\/wp\/v2\/media?parent=12163"}],"wp:term":[{"taxonomy":"event_category","embeddable":true,"href":"https:\/\/www.ecolenormalecortot.com\/en\/wp-json\/wp\/v2\/event_category?post=12163"}],"curies":[{"name":"wp","href":"https:\/\/api.w.org\/{rel}","templated":true}]}}