{"id":12140,"date":"2026-03-06T17:18:08","date_gmt":"2026-03-06T16:18:08","guid":{"rendered":"https:\/\/www.ecolenormalecortot.com\/event\/festival-jazz-a-cortot-masterclass-de-david-linx-voix\/"},"modified":"2026-03-06T17:18:08","modified_gmt":"2026-03-06T16:18:08","slug":"festival-jazz-a-cortot-masterclass-de-david-linx-voix","status":"publish","type":"event","link":"https:\/\/www.ecolenormalecortot.com\/en\/event\/festival-jazz-a-cortot-masterclass-de-david-linx-voix\/","title":{"rendered":"Festival Jazz \u00e0 Cortot | Masterclass de David Linx, voix"},"content":{"rendered":"\n<p class=\"has-large-font-size\"><strong>Festival Jazz \u00e0 Cortot &#8211; Masterclass de David Linx, voix<\/strong><\/p>\n\n\n\n<p class=\"has-medium-font-size\">Comment \u00eatre un\u00b7e&nbsp;vocaliste de jazz sans tomber dans la nostalgie ?<\/p>\n\n\n\n<p class=\"has-medium-font-size\">R\u00e9ponse par un travail sur le positionnement rythmique et une vraie connaissance approfondie de la tradition qui nous permet de fonctionner au pr\u00e9sent.<\/p>\n\n\n\n<div style=\"height:60px\" aria-hidden=\"true\" class=\"wp-block-spacer\"><\/div>\n\n\n\n<h3 class=\"wp-block-heading\">David Linx, voix<\/h3>\n\n\n<div class=\"wp-block-image\">\n<figure class=\"alignleft size-full is-resized\"><img decoding=\"async\" src=\"https:\/\/sallecortot.com\/wp-content\/uploads\/2026\/03\/David-Linx-1.jpg\" alt=\"\" class=\"wp-image-8890\" style=\"width:174px;height:auto\"\/><\/figure>\n<\/div>\n\n\n<p style=\"font-size:18px\">N\u00e9 \u00e0 Bruxelles en 1965, David Linx&nbsp;est chanteur, compositeur, parolier, producteur et multi-instrumentaliste. Il est reconnu comme l\u2019une des grandes voix du jazz vocal europ\u00e9en. Son \u0153uvre, riche de plus de 30 albums en tant que leader ou co-leader, l\u2019a amen\u00e9 \u00e0 collaborer avec des artistes majeurs du jazz (Toots Thielemans, Steve Coleman, Paolo Fresu, Diederik Wissels, Maria Jo\u00e3o, Ivan Lins, Gregory Porter\u2026), de la musique classique et des musiques du monde.<\/p>\n\n\n\n<p style=\"font-size:18px\">R\u00e9v\u00e9l\u00e9 par son&nbsp;<strong>James Baldwin Project<\/strong>&nbsp;en 1986 r\u00e9alis\u00e9 avec James Baldwin, il forme d\u00e8s 1992 un duo marquant avec le pianiste&nbsp;<strong>Diederik Wissels<\/strong>, avec lequel il enregistre plusieurs albums salu\u00e9s par la critique. Ce duo a propos\u00e9 quelque chose de nouveau dans le jazz vocal, europ\u00e9en et mondial. Il est \u00e9galement \u00e0 l\u2019initiative de projets comme&nbsp;<em>One Heart, Three Voices<\/em>&nbsp;et&nbsp;<em>Follow the Songlines<\/em>.<\/p>\n\n\n\n<p style=\"font-size:18px\">En tourn\u00e9e ou en studio, il a travaill\u00e9 avec de nombreuses figures marquantes :&nbsp;<strong>Nathalie Dessay<\/strong>,&nbsp;<strong>Philippe Catherine<\/strong>,&nbsp;<strong>Charlotte Rampling<\/strong>,&nbsp;<strong>Claude Nougaro<\/strong>,&nbsp;<strong>Richard Galliano<\/strong>,&nbsp;<strong>Michel Portal<\/strong>,&nbsp;<strong>Mino Cinelu<\/strong>,&nbsp;<strong>Marc Ribot<\/strong>,&nbsp;<strong>Sheila Jordan<\/strong>,&nbsp;<strong>Minino Garay<\/strong>, ou encore&nbsp;<strong>The Dutch Metropole Orchestra<\/strong>, parmi beaucoup d\u2019autres.<\/p>\n\n\n\n<p style=\"font-size:18px\">Parmi ses&nbsp;<strong>nombreuses distinctions<\/strong>&nbsp;: Victoires du Jazz (2011, 2019), plusieurs Grands Prix de l\u2019Acad\u00e9mie du Jazz et de l\u2019Acad\u00e9mie Charles Cros, Edison Jazz Award (NL), JazzIt Award (IT), Octave d\u2019honneur (BE), Choc Jazz Magazine, etc. Il a \u00e9t\u00e9 nomm\u00e9&nbsp;<strong>Chevalier des Arts et des Lettres<\/strong>&nbsp;en France et&nbsp;<strong>Chevalier de la Couronne<\/strong>&nbsp;en Belgique.<\/p>\n\n\n\n<p style=\"font-size:18px\">Professeur au&nbsp;<strong>Conservatoire Royal de Bruxelles<\/strong>&nbsp;depuis 1995 et enseignant \u00e0 la Jazz University \u00e0 Sienne, il donne des masterclasses \u00e0 travers le monde. Il a \u00e9galement compos\u00e9 pour la danse, le cin\u00e9ma (<em>O Heroi<\/em>, prim\u00e9 \u00e0 Sundance), et dirig\u00e9 des projets orchestraux ambitieux <em>(Changing Faces<\/em>,&nbsp;<em>O Grande Kilapy)<\/em>.<\/p>\n\n\n\n<div style=\"height:60px\" aria-hidden=\"true\" class=\"wp-block-spacer\"><\/div>\n\n\n\n<h3 class=\"wp-block-heading\">L\u00e9onardo Montana, piano<\/h3>\n\n\n<div class=\"wp-block-image\">\n<figure class=\"alignleft size-large is-resized\"><img decoding=\"async\" src=\"https:\/\/sallecortot.com\/wp-content\/uploads\/2026\/03\/Leonardo-Montana-\u00a9-Laetitia-Dumez-1-1024x972.jpg\" alt=\"\" class=\"wp-image-8908\" style=\"aspect-ratio:1.0535084397855676;width:180px;height:auto\"\/><figcaption class=\"wp-element-caption\">\u00a9 Lae\u0308titia Dumez<\/figcaption><\/figure>\n<\/div>\n\n\n<ul class=\"wp-block-social-links has-small-icon-size has-icon-color has-icon-background-color is-layout-flex wp-block-social-links-is-layout-flex\"><li style=\"color:#000000;background-color:#ffffff;\" class=\"wp-social-link wp-social-link-youtube has-black-color has-white-background-color wp-block-social-link\"><a rel=\"noopener nofollow\" target=\"_blank\" href=\"https:\/\/www.youtube.com\/channel\/UCgvWpGJ-lsGHn9ITiNHUsnw\" class=\"wp-block-social-link-anchor\"><svg width=\"24\" height=\"24\" viewBox=\"0 0 24 24\" version=\"1.1\" xmlns=\"http:\/\/www.w3.org\/2000\/svg\" aria-hidden=\"true\" focusable=\"false\"><path d=\"M21.8,8.001c0,0-0.195-1.378-0.795-1.985c-0.76-0.797-1.613-0.801-2.004-0.847c-2.799-0.202-6.997-0.202-6.997-0.202 h-0.009c0,0-4.198,0-6.997,0.202C4.608,5.216,3.756,5.22,2.995,6.016C2.395,6.623,2.2,8.001,2.2,8.001S2,9.62,2,11.238v1.517 c0,1.618,0.2,3.237,0.2,3.237s0.195,1.378,0.795,1.985c0.761,0.797,1.76,0.771,2.205,0.855c1.6,0.153,6.8,0.201,6.8,0.201 s4.203-0.006,7.001-0.209c0.391-0.047,1.243-0.051,2.004-0.847c0.6-0.607,0.795-1.985,0.795-1.985s0.2-1.618,0.2-3.237v-1.517 C22,9.62,21.8,8.001,21.8,8.001z M9.935,14.594l-0.001-5.62l5.404,2.82L9.935,14.594z\"><\/path><\/svg><span class=\"wp-block-social-link-label screen-reader-text\">YouTube<\/span><\/a><\/li>\n\n<li style=\"color:#000000;background-color:#ffffff;\" class=\"wp-social-link wp-social-link-spotify has-black-color has-white-background-color wp-block-social-link\"><a rel=\"noopener nofollow\" target=\"_blank\" href=\"https:\/\/open.spotify.com\/intl-fr\/artist\/3gDlpPLEXHWNlCZ3CO0Sx7?autoplay=true\" class=\"wp-block-social-link-anchor\"><svg width=\"24\" height=\"24\" viewBox=\"0 0 24 24\" version=\"1.1\" xmlns=\"http:\/\/www.w3.org\/2000\/svg\" aria-hidden=\"true\" focusable=\"false\"><path d=\"M12,2C6.477,2,2,6.477,2,12c0,5.523,4.477,10,10,10c5.523,0,10-4.477,10-10C22,6.477,17.523,2,12,2 M16.586,16.424 c-0.18,0.295-0.563,0.387-0.857,0.207c-2.348-1.435-5.304-1.76-8.785-0.964c-0.335,0.077-0.67-0.133-0.746-0.469 c-0.077-0.335,0.132-0.67,0.469-0.746c3.809-0.871,7.077-0.496,9.713,1.115C16.673,15.746,16.766,16.13,16.586,16.424 M17.81,13.7 c-0.226,0.367-0.706,0.482-1.072,0.257c-2.687-1.652-6.785-2.131-9.965-1.166C6.36,12.917,5.925,12.684,5.8,12.273 C5.675,11.86,5.908,11.425,6.32,11.3c3.632-1.102,8.147-0.568,11.234,1.328C17.92,12.854,18.035,13.335,17.81,13.7 M17.915,10.865 c-3.223-1.914-8.54-2.09-11.618-1.156C5.804,9.859,5.281,9.58,5.131,9.086C4.982,8.591,5.26,8.069,5.755,7.919 c3.532-1.072,9.404-0.865,13.115,1.338c0.445,0.264,0.59,0.838,0.327,1.282C18.933,10.983,18.359,11.129,17.915,10.865\"><\/path><\/svg><span class=\"wp-block-social-link-label screen-reader-text\">Spotify<\/span><\/a><\/li><\/ul>\n\n\n\n<div style=\"height:60px\" aria-hidden=\"true\" class=\"wp-block-spacer\"><\/div>\n\n\n\n<h3 class=\"wp-block-heading\">Organisateurs<\/h3>\n\n\n<div class=\"wp-block-image\">\n<figure class=\"alignleft size-large is-resized\"><img decoding=\"async\" src=\"https:\/\/sallecortot.com\/wp-content\/uploads\/2024\/08\/LOGO-3-LIGNES-BLANC-1024x251.png\" alt=\"\u00c9cole normale de Musique de Paris Alfred Cortot\" class=\"wp-image-1353\" style=\"aspect-ratio:4.080846968238691;width:209px;height:auto\"\/><\/figure>\n<\/div>\n\n<div class=\"wp-block-image\">\n<figure class=\"alignleft size-large is-resized\"><img decoding=\"async\" src=\"https:\/\/sallecortot.com\/wp-content\/uploads\/2026\/03\/LOGO-4-LIGNES-RVB.pdf-1024x381.png\" alt=\"\" class=\"wp-image-8944\" style=\"aspect-ratio:2.6878177750660974;width:153px;height:auto\"\/><\/figure>\n<\/div>\n\n<div class=\"wp-block-image\">\n<figure class=\"alignleft size-full is-resized\"><img decoding=\"async\" src=\"https:\/\/sallecortot.com\/wp-content\/uploads\/2026\/03\/NARDIS-blanc-logo-2024-1.png\" alt=\"\" class=\"wp-image-8942\" style=\"width:62px;height:auto\"\/><\/figure>\n<\/div>\n\n\n<div style=\"height:60px\" aria-hidden=\"true\" class=\"wp-block-spacer\"><\/div>\n\n\n\r\n    <a href=\"https:\/\/sallecortot.com\/la-programmation\/\" target=\"_blank\" class=\"block-cta style-link\">\r\n        Toute la Programmation    <\/a>\r\n","protected":false},"excerpt":{"rendered":"<p>Festival Jazz \u00e0 Cortot &#8211; Masterclass de David Linx, voix Comment \u00eatre un\u00b7e&nbsp;vocaliste de jazz sans tomber dans la nostalgie [&hellip;]<\/p>\n","protected":false},"featured_media":12138,"template":"","meta":{"_acf_changed":false},"event_category":[169],"class_list":["post-12140","event","type-event","status-publish","has-post-thumbnail","hentry","event_category-les-grands-concerts"],"acf":{"presentation":"","musicians":"","program":"","host":"","date":"2026-04-29 12:30:00","time_start":"12:30","time_end":null,"end_date":null,"location_name":"","location_address":"","phone":"","link":null,"booking_link":"https:\/\/my.weezevent.com\/festival-jazz?_gl=1*1tfh772*_gcl_au*NTQyNTIyOTYzLjE3NzE5NDU3NjcuMTMyMjM4MTk2OC4xNzcyNjM2OTU1LjE3NzI2MzY5NTQ.*_ga*ODI1MTE5MDIwLjE3NzA5MDM0NjQ.*_ga_39H9VBFX7G*czE3NzI3OTQ2MTgkbzM0NiRnMSR0MTc3Mjc5NzM5NCRqMiRsMCRoMTY3NjU5MTU5Ng..","price_from":"<p>Entr\u00e9e libre sur r\u00e9servation.<\/p>\n","hide_price":false,"teachers":null,"event_type":"Festival Jazz \u00e0 Cortot","datetime":"2026-04-29 12:30:00","end_datetime":"","booking_infos":"","source_post_id":"8889"},"yoast_head":"<!-- This site is optimized with the Yoast SEO plugin v27.5 - https:\/\/yoast.com\/product\/yoast-seo-wordpress\/ -->\n<title>Festival Jazz \u00e0 Cortot | Masterclass de David Linx, voix - Ecole Normale de Musique de Paris<\/title>\n<meta name=\"robots\" content=\"index, follow, max-snippet:-1, max-image-preview:large, max-video-preview:-1\" \/>\n<link rel=\"canonical\" href=\"https:\/\/www.ecolenormalecortot.com\/en\/event\/festival-jazz-a-cortot-masterclass-de-david-linx-voix\/\" \/>\n<meta property=\"og:locale\" content=\"en_US\" \/>\n<meta property=\"og:type\" content=\"article\" \/>\n<meta property=\"og:title\" content=\"Festival Jazz \u00e0 Cortot | Masterclass de David Linx, voix - Ecole Normale de Musique de Paris\" \/>\n<meta property=\"og:description\" content=\"Festival Jazz \u00e0 Cortot &#8211; Masterclass de David Linx, voix Comment \u00eatre un\u00b7e&nbsp;vocaliste de jazz sans tomber dans la nostalgie [&hellip;]\" \/>\n<meta property=\"og:url\" content=\"https:\/\/www.ecolenormalecortot.com\/en\/event\/festival-jazz-a-cortot-masterclass-de-david-linx-voix\/\" \/>\n<meta property=\"og:site_name\" content=\"Ecole Normale de Musique de Paris\" \/>\n<meta property=\"og:image\" content=\"https:\/\/www.ecolenormalecortot.com\/wp-content\/uploads\/2025\/02\/ENMP-CORTOT-26-scaled.jpg\" \/>\n\t<meta property=\"og:image:width\" content=\"2560\" \/>\n\t<meta property=\"og:image:height\" content=\"1709\" \/>\n\t<meta property=\"og:image:type\" content=\"image\/jpeg\" \/>\n<meta name=\"twitter:card\" content=\"summary_large_image\" \/>\n<meta name=\"twitter:label1\" content=\"Est. reading time\" \/>\n\t<meta name=\"twitter:data1\" content=\"2 minutes\" \/>\n<script type=\"application\/ld+json\" class=\"yoast-schema-graph\">{\"@context\":\"https:\\\/\\\/schema.org\",\"@graph\":[{\"@type\":\"WebPage\",\"@id\":\"https:\\\/\\\/www.ecolenormalecortot.com\\\/en\\\/event\\\/festival-jazz-a-cortot-masterclass-de-david-linx-voix\\\/\",\"url\":\"https:\\\/\\\/www.ecolenormalecortot.com\\\/en\\\/event\\\/festival-jazz-a-cortot-masterclass-de-david-linx-voix\\\/\",\"name\":\"Festival Jazz \u00e0 Cortot | Masterclass de David Linx, voix - Ecole Normale de Musique de Paris\",\"isPartOf\":{\"@id\":\"https:\\\/\\\/www.ecolenormalecortot.com\\\/en\\\/#website\"},\"primaryImageOfPage\":{\"@id\":\"https:\\\/\\\/www.ecolenormalecortot.com\\\/en\\\/event\\\/festival-jazz-a-cortot-masterclass-de-david-linx-voix\\\/#primaryimage\"},\"image\":{\"@id\":\"https:\\\/\\\/www.ecolenormalecortot.com\\\/en\\\/event\\\/festival-jazz-a-cortot-masterclass-de-david-linx-voix\\\/#primaryimage\"},\"thumbnailUrl\":\"https:\\\/\\\/www.ecolenormalecortot.com\\\/wp-content\\\/uploads\\\/2026\\\/03\\\/Masterclass-David-Linx.png\",\"datePublished\":\"2026-03-06T16:18:08+00:00\",\"breadcrumb\":{\"@id\":\"https:\\\/\\\/www.ecolenormalecortot.com\\\/en\\\/event\\\/festival-jazz-a-cortot-masterclass-de-david-linx-voix\\\/#breadcrumb\"},\"inLanguage\":\"en-US\",\"potentialAction\":[{\"@type\":\"ReadAction\",\"target\":[\"https:\\\/\\\/www.ecolenormalecortot.com\\\/en\\\/event\\\/festival-jazz-a-cortot-masterclass-de-david-linx-voix\\\/\"]}]},{\"@type\":\"ImageObject\",\"inLanguage\":\"en-US\",\"@id\":\"https:\\\/\\\/www.ecolenormalecortot.com\\\/en\\\/event\\\/festival-jazz-a-cortot-masterclass-de-david-linx-voix\\\/#primaryimage\",\"url\":\"https:\\\/\\\/www.ecolenormalecortot.com\\\/wp-content\\\/uploads\\\/2026\\\/03\\\/Masterclass-David-Linx.png\",\"contentUrl\":\"https:\\\/\\\/www.ecolenormalecortot.com\\\/wp-content\\\/uploads\\\/2026\\\/03\\\/Masterclass-David-Linx.png\",\"width\":1110,\"height\":643},{\"@type\":\"BreadcrumbList\",\"@id\":\"https:\\\/\\\/www.ecolenormalecortot.com\\\/en\\\/event\\\/festival-jazz-a-cortot-masterclass-de-david-linx-voix\\\/#breadcrumb\",\"itemListElement\":[{\"@type\":\"ListItem\",\"position\":1,\"name\":\"Accueil\",\"item\":\"https:\\\/\\\/www.ecolenormalecortot.com\\\/en\\\/\"},{\"@type\":\"ListItem\",\"position\":2,\"name\":\"\u00c9v\u00e8nements\",\"item\":\"https:\\\/\\\/www.ecolenormalecortot.com\\\/en\\\/event\\\/\"},{\"@type\":\"ListItem\",\"position\":3,\"name\":\"Festival Jazz \u00e0 Cortot | Masterclass de David Linx, voix\"}]},{\"@type\":\"WebSite\",\"@id\":\"https:\\\/\\\/www.ecolenormalecortot.com\\\/en\\\/#website\",\"url\":\"https:\\\/\\\/www.ecolenormalecortot.com\\\/en\\\/\",\"name\":\"Ecole Normale de Musique de Paris\",\"description\":\"\",\"publisher\":{\"@id\":\"https:\\\/\\\/www.ecolenormalecortot.com\\\/en\\\/#organization\"},\"potentialAction\":[{\"@type\":\"SearchAction\",\"target\":{\"@type\":\"EntryPoint\",\"urlTemplate\":\"https:\\\/\\\/www.ecolenormalecortot.com\\\/en\\\/?s={search_term_string}\"},\"query-input\":{\"@type\":\"PropertyValueSpecification\",\"valueRequired\":true,\"valueName\":\"search_term_string\"}}],\"inLanguage\":\"en-US\"},{\"@type\":\"Organization\",\"@id\":\"https:\\\/\\\/www.ecolenormalecortot.com\\\/en\\\/#organization\",\"name\":\"Ecole Normale de Musique de Paris\",\"url\":\"https:\\\/\\\/www.ecolenormalecortot.com\\\/en\\\/\",\"logo\":{\"@type\":\"ImageObject\",\"inLanguage\":\"en-US\",\"@id\":\"https:\\\/\\\/www.ecolenormalecortot.com\\\/en\\\/#\\\/schema\\\/logo\\\/image\\\/\",\"url\":\"https:\\\/\\\/www.ecolenormalecortot.com\\\/wp-content\\\/uploads\\\/2023\\\/02\\\/android-chrome-512x512-1.png\",\"contentUrl\":\"https:\\\/\\\/www.ecolenormalecortot.com\\\/wp-content\\\/uploads\\\/2023\\\/02\\\/android-chrome-512x512-1.png\",\"width\":512,\"height\":512,\"caption\":\"Ecole Normale de Musique de Paris\"},\"image\":{\"@id\":\"https:\\\/\\\/www.ecolenormalecortot.com\\\/en\\\/#\\\/schema\\\/logo\\\/image\\\/\"}}]}<\/script>\n<!-- \/ Yoast SEO plugin. -->","yoast_head_json":{"title":"Festival Jazz \u00e0 Cortot | Masterclass de David Linx, voix - Ecole Normale de Musique de Paris","robots":{"index":"index","follow":"follow","max-snippet":"max-snippet:-1","max-image-preview":"max-image-preview:large","max-video-preview":"max-video-preview:-1"},"canonical":"https:\/\/www.ecolenormalecortot.com\/en\/event\/festival-jazz-a-cortot-masterclass-de-david-linx-voix\/","og_locale":"en_US","og_type":"article","og_title":"Festival Jazz \u00e0 Cortot | Masterclass de David Linx, voix - Ecole Normale de Musique de Paris","og_description":"Festival Jazz \u00e0 Cortot &#8211; Masterclass de David Linx, voix Comment \u00eatre un\u00b7e&nbsp;vocaliste de jazz sans tomber dans la nostalgie [&hellip;]","og_url":"https:\/\/www.ecolenormalecortot.com\/en\/event\/festival-jazz-a-cortot-masterclass-de-david-linx-voix\/","og_site_name":"Ecole Normale de Musique de Paris","og_image":[{"width":2560,"height":1709,"url":"https:\/\/www.ecolenormalecortot.com\/wp-content\/uploads\/2025\/02\/ENMP-CORTOT-26-scaled.jpg","type":"image\/jpeg"}],"twitter_card":"summary_large_image","twitter_misc":{"Est. reading time":"2 minutes"},"schema":{"@context":"https:\/\/schema.org","@graph":[{"@type":"WebPage","@id":"https:\/\/www.ecolenormalecortot.com\/en\/event\/festival-jazz-a-cortot-masterclass-de-david-linx-voix\/","url":"https:\/\/www.ecolenormalecortot.com\/en\/event\/festival-jazz-a-cortot-masterclass-de-david-linx-voix\/","name":"Festival Jazz \u00e0 Cortot | Masterclass de David Linx, voix - Ecole Normale de Musique de Paris","isPartOf":{"@id":"https:\/\/www.ecolenormalecortot.com\/en\/#website"},"primaryImageOfPage":{"@id":"https:\/\/www.ecolenormalecortot.com\/en\/event\/festival-jazz-a-cortot-masterclass-de-david-linx-voix\/#primaryimage"},"image":{"@id":"https:\/\/www.ecolenormalecortot.com\/en\/event\/festival-jazz-a-cortot-masterclass-de-david-linx-voix\/#primaryimage"},"thumbnailUrl":"https:\/\/www.ecolenormalecortot.com\/wp-content\/uploads\/2026\/03\/Masterclass-David-Linx.png","datePublished":"2026-03-06T16:18:08+00:00","breadcrumb":{"@id":"https:\/\/www.ecolenormalecortot.com\/en\/event\/festival-jazz-a-cortot-masterclass-de-david-linx-voix\/#breadcrumb"},"inLanguage":"en-US","potentialAction":[{"@type":"ReadAction","target":["https:\/\/www.ecolenormalecortot.com\/en\/event\/festival-jazz-a-cortot-masterclass-de-david-linx-voix\/"]}]},{"@type":"ImageObject","inLanguage":"en-US","@id":"https:\/\/www.ecolenormalecortot.com\/en\/event\/festival-jazz-a-cortot-masterclass-de-david-linx-voix\/#primaryimage","url":"https:\/\/www.ecolenormalecortot.com\/wp-content\/uploads\/2026\/03\/Masterclass-David-Linx.png","contentUrl":"https:\/\/www.ecolenormalecortot.com\/wp-content\/uploads\/2026\/03\/Masterclass-David-Linx.png","width":1110,"height":643},{"@type":"BreadcrumbList","@id":"https:\/\/www.ecolenormalecortot.com\/en\/event\/festival-jazz-a-cortot-masterclass-de-david-linx-voix\/#breadcrumb","itemListElement":[{"@type":"ListItem","position":1,"name":"Accueil","item":"https:\/\/www.ecolenormalecortot.com\/en\/"},{"@type":"ListItem","position":2,"name":"\u00c9v\u00e8nements","item":"https:\/\/www.ecolenormalecortot.com\/en\/event\/"},{"@type":"ListItem","position":3,"name":"Festival Jazz \u00e0 Cortot | Masterclass de David Linx, voix"}]},{"@type":"WebSite","@id":"https:\/\/www.ecolenormalecortot.com\/en\/#website","url":"https:\/\/www.ecolenormalecortot.com\/en\/","name":"Ecole Normale de Musique de Paris","description":"","publisher":{"@id":"https:\/\/www.ecolenormalecortot.com\/en\/#organization"},"potentialAction":[{"@type":"SearchAction","target":{"@type":"EntryPoint","urlTemplate":"https:\/\/www.ecolenormalecortot.com\/en\/?s={search_term_string}"},"query-input":{"@type":"PropertyValueSpecification","valueRequired":true,"valueName":"search_term_string"}}],"inLanguage":"en-US"},{"@type":"Organization","@id":"https:\/\/www.ecolenormalecortot.com\/en\/#organization","name":"Ecole Normale de Musique de Paris","url":"https:\/\/www.ecolenormalecortot.com\/en\/","logo":{"@type":"ImageObject","inLanguage":"en-US","@id":"https:\/\/www.ecolenormalecortot.com\/en\/#\/schema\/logo\/image\/","url":"https:\/\/www.ecolenormalecortot.com\/wp-content\/uploads\/2023\/02\/android-chrome-512x512-1.png","contentUrl":"https:\/\/www.ecolenormalecortot.com\/wp-content\/uploads\/2023\/02\/android-chrome-512x512-1.png","width":512,"height":512,"caption":"Ecole Normale de Musique de Paris"},"image":{"@id":"https:\/\/www.ecolenormalecortot.com\/en\/#\/schema\/logo\/image\/"}}]}},"_links":{"self":[{"href":"https:\/\/www.ecolenormalecortot.com\/en\/wp-json\/wp\/v2\/event\/12140","targetHints":{"allow":["GET"]}}],"collection":[{"href":"https:\/\/www.ecolenormalecortot.com\/en\/wp-json\/wp\/v2\/event"}],"about":[{"href":"https:\/\/www.ecolenormalecortot.com\/en\/wp-json\/wp\/v2\/types\/event"}],"wp:featuredmedia":[{"embeddable":true,"href":"https:\/\/www.ecolenormalecortot.com\/en\/wp-json\/wp\/v2\/media\/12138"}],"wp:attachment":[{"href":"https:\/\/www.ecolenormalecortot.com\/en\/wp-json\/wp\/v2\/media?parent=12140"}],"wp:term":[{"taxonomy":"event_category","embeddable":true,"href":"https:\/\/www.ecolenormalecortot.com\/en\/wp-json\/wp\/v2\/event_category?post=12140"}],"curies":[{"name":"wp","href":"https:\/\/api.w.org\/{rel}","templated":true}]}}