{"id":12105,"date":"2026-03-05T16:00:46","date_gmt":"2026-03-05T15:00:46","guid":{"rendered":"https:\/\/www.ecolenormalecortot.com\/event\/concert-de-midi-et-demi-avec-ichiro-nodaira\/"},"modified":"2026-03-31T12:26:30","modified_gmt":"2026-03-31T10:26:30","slug":"concert-de-midi-et-demi-avec-ichiro-nodaira","status":"publish","type":"event","link":"https:\/\/www.ecolenormalecortot.com\/en\/event\/concert-de-midi-et-demi-avec-ichiro-nodaira\/","title":{"rendered":"Concert de midi et demi en pr\u00e9sence du compositeur Ichiro Nodaira"},"content":{"rendered":"\n<p class=\"has-large-font-size\"><strong>Concert de midi et demi en pr\u00e9sence du compositeur Ichiro Nodaira<\/strong><\/p>\n\n\n\n<p class=\"has-medium-font-size\">L\u2019\u00c9cole Normale de Musique de Paris a la grande joie d\u2019accueillir le pianiste et compositeur Ichiro Nodaira lors d\u2019une masterclass autour de la composition suivie d\u2019un concert \u00e0 12h30.<\/p>\n\n\n\n<div style=\"height:60px\" aria-hidden=\"true\" class=\"wp-block-spacer\"><\/div>\n\n\n\n<h3 class=\"wp-block-heading\">Programme<\/h3>\n\n\n\n<p class=\"has-medium-font-size\"><em>Le concert de 12h30 sera pr\u00e9c\u00e9d\u00e9 d&#8217;une Masterclass de composition \u00e0 11h.<\/em><\/p>\n\n\n\r\n    <a href=\"https:\/\/sallecortot.com\/event\/ichiro-nodaira-conference\/\" target=\"_blank\" class=\"block-cta style-link\">\r\n        En savoir plus sur la Masterclass    <\/a>\r\n\n\n\n<p class=\"has-medium-font-size\"><strong>PREMIERE PARTIE<\/strong><\/p>\n\n\n\n<p class=\"has-medium-font-size\"><strong>Ichiro Nodaira &#8211; \u00ab Le tourbillon du Labyrinthe \u00bb<\/strong><\/p>\n\n\n\n<p class=\"has-medium-font-size\">Misaki Hamaguchi, fl\u00fbte<\/p>\n\n\n\n<p class=\"has-medium-font-size\">Julian Trevelyan, piano<\/p>\n\n\n<div class=\"wp-block-image\">\n<figure class=\"alignleft size-full is-resized\"><img decoding=\"async\" src=\"https:\/\/sallecortot.com\/wp-content\/uploads\/2026\/03\/label-musique.png\" alt=\"\" class=\"wp-image-9169\" style=\"width:137px;height:auto\"\/><\/figure>\n<\/div>\n\n\n<div style=\"height:19px\" aria-hidden=\"true\" class=\"wp-block-spacer\"><\/div>\n\n\n\n<p class=\"has-medium-font-size\"><strong>Ichiro Nodaira &#8211; \u00ab Deux Images \u00bb<\/strong><\/p>\n\n\n\n<p class=\"has-medium-font-size\">Cyprien Lengagne, violoncelle<\/p>\n\n\n\n<p class=\"has-medium-font-size\">Julian Trevelyan, piano<\/p>\n\n\n\n<div style=\"height:19px\" aria-hidden=\"true\" class=\"wp-block-spacer\"><\/div>\n\n\n\n<p class=\"has-medium-font-size\"><strong>DEUXIEME PARTIE &#8211; \u00ab Iki no Michi \u00bb<\/strong><\/p>\n\n\n\n<p class=\"has-medium-font-size\">Claude Delangle, saxophone<\/p>\n\n\n\n<p class=\"has-medium-font-size\">Jose Miguel Fernandez, \u00e9lectronique (IRCAM)<\/p>\n\n\n<div class=\"wp-block-image\">\n<figure class=\"alignleft size-large is-resized\"><img decoding=\"async\" src=\"https:\/\/sallecortot.com\/wp-content\/uploads\/2026\/03\/LOGO-SV-MUSIQUE.pdf-4-edited.png\" alt=\"\" class=\"wp-image-9124\" style=\"aspect-ratio:1.4144848690921454;width:136px;height:auto\"\/><\/figure>\n<\/div>\n\n\n<div style=\"height:60px\" aria-hidden=\"true\" class=\"wp-block-spacer\"><\/div>\n\n\n\n<h3 class=\"wp-block-heading\">Ichiro Nodaira, pianiste &amp; compositeur<\/h3>\n\n\n\n<p style=\"font-size:18px\">Actuel directeur musical du Tokyo Bunka Kaikan, Ichiro Noda\u00efra poursuit une double carri\u00e8re de compositeur et de pianiste. N\u00e9 \u00e0 Tokyo en 1953, il d\u00e9bute sa formation en composition au sein de l\u2019universit\u00e9 de sa ville natale. Une bourse d\u00e9cern\u00e9e par le gouvernement fran\u00e7ais lui permet d\u2019\u00e9tudier \u00e0 Paris avec Henriette Puig-Roget, Betsy Jolas, Serge Nigg, Michel Philippot et Jean Koerner. Apr\u00e8s l\u2019obtention d\u2019un premier prix de composition, d\u2019analyse et d\u2019accompagnement, il suit encore l\u2019enseignement de Gy\u00f6rgy Ligeti, Franco Donatoni, Peter E\u00f6tv\u00f6s et Brian Ferneyhough, ainsi qu\u2019un cours d\u2019informatique musicale \u00e0 l\u2019IRCAM.<\/p>\n\n\n\n<p style=\"font-size:18px\">Fondateur du Tokyo Sinfonietta, il est professeur \u00e0 l\u2019University of Fine Arts and Music de Tokyo de 1990 \u00e0 2002. En France, il re\u00e7oit notamment des commandes du Minist\u00e8re des Arts et de l\u2019Ensemble intercontemporain. Principalement jou\u00e9e en Europe et au Japon, sa musique est r\u00e9guli\u00e8rement prim\u00e9e. Il est notamment laur\u00e9at du prix pour l&#8217;encouragement de l&#8217;art du minist\u00e8re de la culture du Japon.<\/p>\n\n\n\n<p style=\"font-size:18px\">Auteur d\u2019une centaine de partitions pour tous les effectifs, il utilise aussi bien des instruments anciens japonais que des instruments \u00e9lectroniques qu\u2019il m\u00eale parfois aux instruments traditionnels. Il compose un grand nombre d\u2019\u0153uvres vocales dont un op\u00e9ra, Madrugada, cr\u00e9\u00e9 en 2005 sous la direction de Kent Nagano. Actuellement, il est pr\u00e9sident du Tokyo College of Music, en partenariat avec l&#8217;\u00c9cole Normale de Musique de Paris..<\/p>\n\n\n\n<ul class=\"wp-block-social-links has-small-icon-size has-icon-color has-icon-background-color is-layout-flex wp-block-social-links-is-layout-flex\"><li style=\"color:#000000;background-color:#ffffff;\" class=\"wp-social-link wp-social-link-facebook has-black-color has-white-background-color wp-block-social-link\"><a rel=\"noopener nofollow\" target=\"_blank\" href=\"https:\/\/www.facebook.com\/IchiroNodaira\/\" class=\"wp-block-social-link-anchor\"><svg width=\"24\" height=\"24\" viewBox=\"0 0 24 24\" version=\"1.1\" xmlns=\"http:\/\/www.w3.org\/2000\/svg\" aria-hidden=\"true\" focusable=\"false\"><path d=\"M12 2C6.5 2 2 6.5 2 12c0 5 3.7 9.1 8.4 9.9v-7H7.9V12h2.5V9.8c0-2.5 1.5-3.9 3.8-3.9 1.1 0 2.2.2 2.2.2v2.5h-1.3c-1.2 0-1.6.8-1.6 1.6V12h2.8l-.4 2.9h-2.3v7C18.3 21.1 22 17 22 12c0-5.5-4.5-10-10-10z\"><\/path><\/svg><span class=\"wp-block-social-link-label screen-reader-text\">Facebook<\/span><\/a><\/li>\n\n<li style=\"color:#000000;background-color:#ffffff;\" class=\"wp-social-link wp-social-link-youtube has-black-color has-white-background-color wp-block-social-link\"><a rel=\"noopener nofollow\" target=\"_blank\" href=\"https:\/\/www.youtube.com\/channel\/UCe2-8UNkaBep3wfpc76dVog\" class=\"wp-block-social-link-anchor\"><svg width=\"24\" height=\"24\" viewBox=\"0 0 24 24\" version=\"1.1\" xmlns=\"http:\/\/www.w3.org\/2000\/svg\" aria-hidden=\"true\" focusable=\"false\"><path d=\"M21.8,8.001c0,0-0.195-1.378-0.795-1.985c-0.76-0.797-1.613-0.801-2.004-0.847c-2.799-0.202-6.997-0.202-6.997-0.202 h-0.009c0,0-4.198,0-6.997,0.202C4.608,5.216,3.756,5.22,2.995,6.016C2.395,6.623,2.2,8.001,2.2,8.001S2,9.62,2,11.238v1.517 c0,1.618,0.2,3.237,0.2,3.237s0.195,1.378,0.795,1.985c0.761,0.797,1.76,0.771,2.205,0.855c1.6,0.153,6.8,0.201,6.8,0.201 s4.203-0.006,7.001-0.209c0.391-0.047,1.243-0.051,2.004-0.847c0.6-0.607,0.795-1.985,0.795-1.985s0.2-1.618,0.2-3.237v-1.517 C22,9.62,21.8,8.001,21.8,8.001z M9.935,14.594l-0.001-5.62l5.404,2.82L9.935,14.594z\"><\/path><\/svg><span class=\"wp-block-social-link-label screen-reader-text\">YouTube<\/span><\/a><\/li>\n\n<li style=\"color:#000000;background-color:#ffffff;\" class=\"wp-social-link wp-social-link-spotify has-black-color has-white-background-color wp-block-social-link\"><a rel=\"noopener nofollow\" target=\"_blank\" href=\"https:\/\/open.spotify.com\/intl-fr\/artist\/39nyOGvCwKXca64asf4nXx?autoplay=true\" class=\"wp-block-social-link-anchor\"><svg width=\"24\" height=\"24\" viewBox=\"0 0 24 24\" version=\"1.1\" xmlns=\"http:\/\/www.w3.org\/2000\/svg\" aria-hidden=\"true\" focusable=\"false\"><path d=\"M12,2C6.477,2,2,6.477,2,12c0,5.523,4.477,10,10,10c5.523,0,10-4.477,10-10C22,6.477,17.523,2,12,2 M16.586,16.424 c-0.18,0.295-0.563,0.387-0.857,0.207c-2.348-1.435-5.304-1.76-8.785-0.964c-0.335,0.077-0.67-0.133-0.746-0.469 c-0.077-0.335,0.132-0.67,0.469-0.746c3.809-0.871,7.077-0.496,9.713,1.115C16.673,15.746,16.766,16.13,16.586,16.424 M17.81,13.7 c-0.226,0.367-0.706,0.482-1.072,0.257c-2.687-1.652-6.785-2.131-9.965-1.166C6.36,12.917,5.925,12.684,5.8,12.273 C5.675,11.86,5.908,11.425,6.32,11.3c3.632-1.102,8.147-0.568,11.234,1.328C17.92,12.854,18.035,13.335,17.81,13.7 M17.915,10.865 c-3.223-1.914-8.54-2.09-11.618-1.156C5.804,9.859,5.281,9.58,5.131,9.086C4.982,8.591,5.26,8.069,5.755,7.919 c3.532-1.072,9.404-0.865,13.115,1.338c0.445,0.264,0.59,0.838,0.327,1.282C18.933,10.983,18.359,11.129,17.915,10.865\"><\/path><\/svg><span class=\"wp-block-social-link-label screen-reader-text\">Spotify<\/span><\/a><\/li><\/ul>\n\n\n\n<div style=\"height:60px\" aria-hidden=\"true\" class=\"wp-block-spacer\"><\/div>\n\n\n\n<h3 class=\"wp-block-heading\">Organisateur<\/h3>\n\n\n\n<figure class=\"wp-block-image size-large is-resized\"><img decoding=\"async\" src=\"https:\/\/sallecortot.com\/wp-content\/uploads\/2024\/08\/LOGO-3-LIGNES-BLANC-1024x251.png\" alt=\"\u00c9cole normale de Musique de Paris Alfred Cortot\" class=\"wp-image-1353\" style=\"aspect-ratio:4.080145719489982;width:224px;height:auto\"\/><\/figure>\n\n\n\n<div style=\"height:60px\" aria-hidden=\"true\" class=\"wp-block-spacer\"><\/div>\n\n\n\r\n    <a href=\"https:\/\/sallecortot.com\/la-programmation\/\" target=\"_blank\" class=\"block-cta style-link\">\r\n        Toute la Programmation    <\/a>\r\n","protected":false},"excerpt":{"rendered":"<p>Concert de midi et demi en pr\u00e9sence du compositeur Ichiro Nodaira L\u2019\u00c9cole Normale de Musique de Paris a la grande [&hellip;]<\/p>\n","protected":false},"featured_media":12103,"template":"","meta":{"_acf_changed":false},"event_category":[168],"class_list":["post-12105","event","type-event","status-publish","has-post-thumbnail","hentry","event_category-concerts-de-midi-et-demi"],"acf":{"presentation":"","musicians":"","program":"","host":"","date":"2026-04-14 12:30:00","time_start":"12:30","time_end":null,"end_date":null,"location_name":"","location_address":"","phone":"","link":null,"booking_link":"","price_from":"<p>Entr\u00e9e libre.<\/p>\n","hide_price":false,"teachers":null,"event_type":"Concert de midi et demi","datetime":"2026-04-14 12:30:00","end_datetime":"","booking_infos":"","source_post_id":"8834"},"yoast_head":"<!-- This site is optimized with the Yoast SEO plugin v27.5 - https:\/\/yoast.com\/product\/yoast-seo-wordpress\/ -->\n<title>Concert de midi et demi en pr\u00e9sence du compositeur Ichiro Nodaira - Ecole Normale de Musique de Paris<\/title>\n<meta name=\"robots\" content=\"index, follow, max-snippet:-1, max-image-preview:large, max-video-preview:-1\" \/>\n<link rel=\"canonical\" href=\"https:\/\/www.ecolenormalecortot.com\/en\/event\/concert-de-midi-et-demi-avec-ichiro-nodaira\/\" \/>\n<meta property=\"og:locale\" content=\"en_US\" \/>\n<meta property=\"og:type\" content=\"article\" \/>\n<meta property=\"og:title\" content=\"Concert de midi et demi en pr\u00e9sence du compositeur Ichiro Nodaira - Ecole Normale de Musique de Paris\" \/>\n<meta property=\"og:description\" content=\"Concert de midi et demi en pr\u00e9sence du compositeur Ichiro Nodaira L\u2019\u00c9cole Normale de Musique de Paris a la grande [&hellip;]\" \/>\n<meta property=\"og:url\" content=\"https:\/\/www.ecolenormalecortot.com\/en\/event\/concert-de-midi-et-demi-avec-ichiro-nodaira\/\" \/>\n<meta property=\"og:site_name\" content=\"Ecole Normale de Musique de Paris\" \/>\n<meta property=\"article:modified_time\" content=\"2026-03-31T10:26:30+00:00\" \/>\n<meta property=\"og:image\" content=\"https:\/\/www.ecolenormalecortot.com\/wp-content\/uploads\/2026\/03\/Ichiro-Nodaira-1.png\" \/>\n\t<meta property=\"og:image:width\" content=\"2220\" \/>\n\t<meta property=\"og:image:height\" content=\"1286\" \/>\n\t<meta property=\"og:image:type\" content=\"image\/png\" \/>\n<meta name=\"twitter:card\" content=\"summary_large_image\" \/>\n<meta name=\"twitter:label1\" content=\"Est. reading time\" \/>\n\t<meta name=\"twitter:data1\" content=\"2 minutes\" \/>\n<script type=\"application\/ld+json\" class=\"yoast-schema-graph\">{\"@context\":\"https:\\\/\\\/schema.org\",\"@graph\":[{\"@type\":\"WebPage\",\"@id\":\"https:\\\/\\\/www.ecolenormalecortot.com\\\/en\\\/event\\\/concert-de-midi-et-demi-avec-ichiro-nodaira\\\/\",\"url\":\"https:\\\/\\\/www.ecolenormalecortot.com\\\/en\\\/event\\\/concert-de-midi-et-demi-avec-ichiro-nodaira\\\/\",\"name\":\"Concert de midi et demi en pr\u00e9sence du compositeur Ichiro Nodaira - Ecole Normale de Musique de Paris\",\"isPartOf\":{\"@id\":\"https:\\\/\\\/www.ecolenormalecortot.com\\\/en\\\/#website\"},\"primaryImageOfPage\":{\"@id\":\"https:\\\/\\\/www.ecolenormalecortot.com\\\/en\\\/event\\\/concert-de-midi-et-demi-avec-ichiro-nodaira\\\/#primaryimage\"},\"image\":{\"@id\":\"https:\\\/\\\/www.ecolenormalecortot.com\\\/en\\\/event\\\/concert-de-midi-et-demi-avec-ichiro-nodaira\\\/#primaryimage\"},\"thumbnailUrl\":\"https:\\\/\\\/www.ecolenormalecortot.com\\\/wp-content\\\/uploads\\\/2026\\\/03\\\/Ichiro-Nodaira-1.png\",\"datePublished\":\"2026-03-05T15:00:46+00:00\",\"dateModified\":\"2026-03-31T10:26:30+00:00\",\"breadcrumb\":{\"@id\":\"https:\\\/\\\/www.ecolenormalecortot.com\\\/en\\\/event\\\/concert-de-midi-et-demi-avec-ichiro-nodaira\\\/#breadcrumb\"},\"inLanguage\":\"en-US\",\"potentialAction\":[{\"@type\":\"ReadAction\",\"target\":[\"https:\\\/\\\/www.ecolenormalecortot.com\\\/en\\\/event\\\/concert-de-midi-et-demi-avec-ichiro-nodaira\\\/\"]}]},{\"@type\":\"ImageObject\",\"inLanguage\":\"en-US\",\"@id\":\"https:\\\/\\\/www.ecolenormalecortot.com\\\/en\\\/event\\\/concert-de-midi-et-demi-avec-ichiro-nodaira\\\/#primaryimage\",\"url\":\"https:\\\/\\\/www.ecolenormalecortot.com\\\/wp-content\\\/uploads\\\/2026\\\/03\\\/Ichiro-Nodaira-1.png\",\"contentUrl\":\"https:\\\/\\\/www.ecolenormalecortot.com\\\/wp-content\\\/uploads\\\/2026\\\/03\\\/Ichiro-Nodaira-1.png\",\"width\":2220,\"height\":1286},{\"@type\":\"BreadcrumbList\",\"@id\":\"https:\\\/\\\/www.ecolenormalecortot.com\\\/en\\\/event\\\/concert-de-midi-et-demi-avec-ichiro-nodaira\\\/#breadcrumb\",\"itemListElement\":[{\"@type\":\"ListItem\",\"position\":1,\"name\":\"Accueil\",\"item\":\"https:\\\/\\\/www.ecolenormalecortot.com\\\/en\\\/\"},{\"@type\":\"ListItem\",\"position\":2,\"name\":\"\u00c9v\u00e8nements\",\"item\":\"https:\\\/\\\/www.ecolenormalecortot.com\\\/en\\\/event\\\/\"},{\"@type\":\"ListItem\",\"position\":3,\"name\":\"Concert de midi et demi en pr\u00e9sence du compositeur Ichiro Nodaira\"}]},{\"@type\":\"WebSite\",\"@id\":\"https:\\\/\\\/www.ecolenormalecortot.com\\\/en\\\/#website\",\"url\":\"https:\\\/\\\/www.ecolenormalecortot.com\\\/en\\\/\",\"name\":\"Ecole Normale de Musique de Paris\",\"description\":\"\",\"publisher\":{\"@id\":\"https:\\\/\\\/www.ecolenormalecortot.com\\\/en\\\/#organization\"},\"potentialAction\":[{\"@type\":\"SearchAction\",\"target\":{\"@type\":\"EntryPoint\",\"urlTemplate\":\"https:\\\/\\\/www.ecolenormalecortot.com\\\/en\\\/?s={search_term_string}\"},\"query-input\":{\"@type\":\"PropertyValueSpecification\",\"valueRequired\":true,\"valueName\":\"search_term_string\"}}],\"inLanguage\":\"en-US\"},{\"@type\":\"Organization\",\"@id\":\"https:\\\/\\\/www.ecolenormalecortot.com\\\/en\\\/#organization\",\"name\":\"Ecole Normale de Musique de Paris\",\"url\":\"https:\\\/\\\/www.ecolenormalecortot.com\\\/en\\\/\",\"logo\":{\"@type\":\"ImageObject\",\"inLanguage\":\"en-US\",\"@id\":\"https:\\\/\\\/www.ecolenormalecortot.com\\\/en\\\/#\\\/schema\\\/logo\\\/image\\\/\",\"url\":\"https:\\\/\\\/www.ecolenormalecortot.com\\\/wp-content\\\/uploads\\\/2023\\\/02\\\/android-chrome-512x512-1.png\",\"contentUrl\":\"https:\\\/\\\/www.ecolenormalecortot.com\\\/wp-content\\\/uploads\\\/2023\\\/02\\\/android-chrome-512x512-1.png\",\"width\":512,\"height\":512,\"caption\":\"Ecole Normale de Musique de Paris\"},\"image\":{\"@id\":\"https:\\\/\\\/www.ecolenormalecortot.com\\\/en\\\/#\\\/schema\\\/logo\\\/image\\\/\"}}]}<\/script>\n<!-- \/ Yoast SEO plugin. -->","yoast_head_json":{"title":"Concert de midi et demi en pr\u00e9sence du compositeur Ichiro Nodaira - Ecole Normale de Musique de Paris","robots":{"index":"index","follow":"follow","max-snippet":"max-snippet:-1","max-image-preview":"max-image-preview:large","max-video-preview":"max-video-preview:-1"},"canonical":"https:\/\/www.ecolenormalecortot.com\/en\/event\/concert-de-midi-et-demi-avec-ichiro-nodaira\/","og_locale":"en_US","og_type":"article","og_title":"Concert de midi et demi en pr\u00e9sence du compositeur Ichiro Nodaira - Ecole Normale de Musique de Paris","og_description":"Concert de midi et demi en pr\u00e9sence du compositeur Ichiro Nodaira L\u2019\u00c9cole Normale de Musique de Paris a la grande [&hellip;]","og_url":"https:\/\/www.ecolenormalecortot.com\/en\/event\/concert-de-midi-et-demi-avec-ichiro-nodaira\/","og_site_name":"Ecole Normale de Musique de Paris","article_modified_time":"2026-03-31T10:26:30+00:00","og_image":[{"width":2220,"height":1286,"url":"https:\/\/www.ecolenormalecortot.com\/wp-content\/uploads\/2026\/03\/Ichiro-Nodaira-1.png","type":"image\/png"}],"twitter_card":"summary_large_image","twitter_misc":{"Est. reading time":"2 minutes"},"schema":{"@context":"https:\/\/schema.org","@graph":[{"@type":"WebPage","@id":"https:\/\/www.ecolenormalecortot.com\/en\/event\/concert-de-midi-et-demi-avec-ichiro-nodaira\/","url":"https:\/\/www.ecolenormalecortot.com\/en\/event\/concert-de-midi-et-demi-avec-ichiro-nodaira\/","name":"Concert de midi et demi en pr\u00e9sence du compositeur Ichiro Nodaira - Ecole Normale de Musique de Paris","isPartOf":{"@id":"https:\/\/www.ecolenormalecortot.com\/en\/#website"},"primaryImageOfPage":{"@id":"https:\/\/www.ecolenormalecortot.com\/en\/event\/concert-de-midi-et-demi-avec-ichiro-nodaira\/#primaryimage"},"image":{"@id":"https:\/\/www.ecolenormalecortot.com\/en\/event\/concert-de-midi-et-demi-avec-ichiro-nodaira\/#primaryimage"},"thumbnailUrl":"https:\/\/www.ecolenormalecortot.com\/wp-content\/uploads\/2026\/03\/Ichiro-Nodaira-1.png","datePublished":"2026-03-05T15:00:46+00:00","dateModified":"2026-03-31T10:26:30+00:00","breadcrumb":{"@id":"https:\/\/www.ecolenormalecortot.com\/en\/event\/concert-de-midi-et-demi-avec-ichiro-nodaira\/#breadcrumb"},"inLanguage":"en-US","potentialAction":[{"@type":"ReadAction","target":["https:\/\/www.ecolenormalecortot.com\/en\/event\/concert-de-midi-et-demi-avec-ichiro-nodaira\/"]}]},{"@type":"ImageObject","inLanguage":"en-US","@id":"https:\/\/www.ecolenormalecortot.com\/en\/event\/concert-de-midi-et-demi-avec-ichiro-nodaira\/#primaryimage","url":"https:\/\/www.ecolenormalecortot.com\/wp-content\/uploads\/2026\/03\/Ichiro-Nodaira-1.png","contentUrl":"https:\/\/www.ecolenormalecortot.com\/wp-content\/uploads\/2026\/03\/Ichiro-Nodaira-1.png","width":2220,"height":1286},{"@type":"BreadcrumbList","@id":"https:\/\/www.ecolenormalecortot.com\/en\/event\/concert-de-midi-et-demi-avec-ichiro-nodaira\/#breadcrumb","itemListElement":[{"@type":"ListItem","position":1,"name":"Accueil","item":"https:\/\/www.ecolenormalecortot.com\/en\/"},{"@type":"ListItem","position":2,"name":"\u00c9v\u00e8nements","item":"https:\/\/www.ecolenormalecortot.com\/en\/event\/"},{"@type":"ListItem","position":3,"name":"Concert de midi et demi en pr\u00e9sence du compositeur Ichiro Nodaira"}]},{"@type":"WebSite","@id":"https:\/\/www.ecolenormalecortot.com\/en\/#website","url":"https:\/\/www.ecolenormalecortot.com\/en\/","name":"Ecole Normale de Musique de Paris","description":"","publisher":{"@id":"https:\/\/www.ecolenormalecortot.com\/en\/#organization"},"potentialAction":[{"@type":"SearchAction","target":{"@type":"EntryPoint","urlTemplate":"https:\/\/www.ecolenormalecortot.com\/en\/?s={search_term_string}"},"query-input":{"@type":"PropertyValueSpecification","valueRequired":true,"valueName":"search_term_string"}}],"inLanguage":"en-US"},{"@type":"Organization","@id":"https:\/\/www.ecolenormalecortot.com\/en\/#organization","name":"Ecole Normale de Musique de Paris","url":"https:\/\/www.ecolenormalecortot.com\/en\/","logo":{"@type":"ImageObject","inLanguage":"en-US","@id":"https:\/\/www.ecolenormalecortot.com\/en\/#\/schema\/logo\/image\/","url":"https:\/\/www.ecolenormalecortot.com\/wp-content\/uploads\/2023\/02\/android-chrome-512x512-1.png","contentUrl":"https:\/\/www.ecolenormalecortot.com\/wp-content\/uploads\/2023\/02\/android-chrome-512x512-1.png","width":512,"height":512,"caption":"Ecole Normale de Musique de Paris"},"image":{"@id":"https:\/\/www.ecolenormalecortot.com\/en\/#\/schema\/logo\/image\/"}}]}},"_links":{"self":[{"href":"https:\/\/www.ecolenormalecortot.com\/en\/wp-json\/wp\/v2\/event\/12105","targetHints":{"allow":["GET"]}}],"collection":[{"href":"https:\/\/www.ecolenormalecortot.com\/en\/wp-json\/wp\/v2\/event"}],"about":[{"href":"https:\/\/www.ecolenormalecortot.com\/en\/wp-json\/wp\/v2\/types\/event"}],"wp:featuredmedia":[{"embeddable":true,"href":"https:\/\/www.ecolenormalecortot.com\/en\/wp-json\/wp\/v2\/media\/12103"}],"wp:attachment":[{"href":"https:\/\/www.ecolenormalecortot.com\/en\/wp-json\/wp\/v2\/media?parent=12105"}],"wp:term":[{"taxonomy":"event_category","embeddable":true,"href":"https:\/\/www.ecolenormalecortot.com\/en\/wp-json\/wp\/v2\/event_category?post=12105"}],"curies":[{"name":"wp","href":"https:\/\/api.w.org\/{rel}","templated":true}]}}