{"id":12098,"date":"2026-03-05T15:56:49","date_gmt":"2026-03-05T14:56:49","guid":{"rendered":"https:\/\/www.ecolenormalecortot.com\/event\/rituels-ensemble-variances-thierry-pecou\/"},"modified":"2026-03-05T15:56:49","modified_gmt":"2026-03-05T14:56:49","slug":"rituels-ensemble-variances-thierry-pecou","status":"publish","type":"event","link":"https:\/\/www.ecolenormalecortot.com\/en\/event\/rituels-ensemble-variances-thierry-pecou\/","title":{"rendered":"RITUELS | Ensemble Variances &#8211; Thierry P\u00e9cou"},"content":{"rendered":"\n<p class=\"has-large-font-size\"><strong>Voyage musical initiatique de l\u2019Amazonie au Grand Nord<\/strong><\/p>\n\n\n\n<p class=\"has-text-align-left has-medium-font-size\"><em>Passeurs d\u2019eau<\/em> est une partition de Thierry P\u00e9cou cr\u00e9\u00e9e en 2004 qui initiait sa collaboration avec le duo de musique Am\u00e9rindienne Yaki Kandru (Sylvie Blasco et Jorge Lopez Palacio) et s\u2019inscrivait dans un dialogue po\u00e9tique et f\u00e9cond avec les traditions de nombreuses cultures autochtones des Am\u00e9riques. Mythes et rituels viennent \u00e9veiller des images inconscientes ou pr\u00e9conscientes ancr\u00e9es en nous, et viennent toucher une part universelle d\u2019arch\u00e9types que l\u2019on retrouve \u00e0 travers toutes les cultures. La musique a ce pouvoir de r\u00e9v\u00e9ler, de raconter au del\u00e0 des mots ce que ces mythes transportent, et c\u2019est sans doute pourquoi ils sous-tendent souvent la cr\u00e9ation musicale. &nbsp;<\/p>\n\n\n\n<p class=\"has-text-align-left has-medium-font-size\">Cette pens\u00e9e inspire ce programme au cours duquel on entendra trois autres pi\u00e8ces de Thierry P\u00e9cou li\u00e9es aux musiques am\u00e9rindiennes : <em>Lolohi <\/em>pour fl\u00fbte qui reprend trois chants intimes de vie quotidienne, <em>Manoa<\/em> qui \u00e9voque la l\u00e9gende d\u2019El Dorado et <em>Nanook Trio<\/em> qui nous emm\u00e8ne dans le monde des inuits du Grand Nord canadien. Cette pi\u00e8ce est d\u00e9riv\u00e9e d\u2019une musique compos\u00e9e \u00e0 l\u2019origine pour le film muet de Robert Flaherty \u00ab Nanook l\u2019Esquimau \u00bb qui mettait en sc\u00e8ne l\u2019histoire tragique d\u2019une famille inuit dans les ann\u00e9es 1920.&nbsp;En forme de clin d\u2019oeil au monde aquatique, <em>The Song of a Fish <\/em>de l\u2019ukrainienne Anna Korsun pr\u00e9c\u00e9dera <em>Nanook<\/em>. Une traditionnelle respiration, lors des concerts de l\u2019Ensemble Variances salle Cortot, permettra d\u2019entendre la cr\u00e9ation d\u2019un \u00e9tudiant de l\u2019Ecole Normale de Musique.&nbsp; <\/p>\n\n\n\n<p class=\"has-text-align-left has-medium-font-size\">Enfin, la musicienne et cheffe de ch\u0153ur v\u00e9n\u00e9zu\u00e9lienne Anna Maria Raga a collect\u00e9 et arrang\u00e9 des chants P\u00e9mons et Warao, deux cultures issues de l\u2019Amazonie v\u00e9n\u00e9zu\u00e9lienne. R\u00e9arrang\u00e9 par l\u2019ensemble Variances, cette courte pi\u00e8ce sera un \u00e9cho final \u00e0 <em>Passeurs d\u2019eau <\/em>pour cl\u00f4turer le concert.&nbsp;&nbsp;<\/p>\n\n\n\n<div style=\"height:72px\" aria-hidden=\"true\" class=\"wp-block-spacer\"><\/div>\n\n\n\n<h3 class=\"wp-block-heading\">Programme<\/h3>\n\n\n\n<p class=\"has-medium-font-size\"><strong>Thierry P\u00e9cou<\/strong> <em>Passeurs d\u2019eau<\/em> (extraits)<\/p>\n\n\n\n<p class=\"has-medium-font-size\">Chants fun\u00e9raires&nbsp;&#8211; Chant n\u00b015&nbsp; Chant n\u00b018&nbsp;&nbsp;<\/p>\n\n\n\n<p class=\"has-medium-font-size\"><em>Lolohi <\/em>pour traverso<\/p>\n\n\n\n<p class=\"has-medium-font-size\"><em>Manoa<\/em> pour fl\u00fbte-basse, clarinette-basse et violoncelle <\/p>\n\n\n\n<p class=\"has-medium-font-size\"><strong>Anna Korsun<\/strong> <em>The Song of a Fish<\/em> pour voix seule <\/p>\n\n\n\n<p class=\"has-medium-font-size\"><strong>Thierry P\u00e9cou<\/strong> <em>Nanook Trio<\/em> pour clarinette, saxophone et piano <\/p>\n\n\n\n<p class=\"has-medium-font-size\"><strong>Ana Maria Raga<\/strong> <em>Entre Pemones y Waraos<\/em><\/p>\n\n\n\n<p class=\"has-medium-font-size\">et Cr\u00e9ation d\u2019\u0153uvres d\u2019\u00e9l\u00e8ves de l\u2019ENMP&nbsp;<\/p>\n\n\n\n<div style=\"height:60px\" aria-hidden=\"true\" class=\"wp-block-spacer\"><\/div>\n\n\n\n<h3 class=\"wp-block-heading\">Distribution<\/h3>\n\n\n\n<p class=\"has-medium-font-size\"><strong>Ensemble Variances<\/strong><\/p>\n\n\n\n<p class=\"has-medium-font-size\"><strong>Anne Warthmann<\/strong>, soprano&nbsp; <\/p>\n\n\n\n<p class=\"has-medium-font-size\"><strong>Anne Cartel<\/strong>, fl\u00fbte <\/p>\n\n\n\n<p class=\"has-medium-font-size\"><strong>Carjez Gerretsen,<\/strong> clarinette&nbsp;<\/p>\n\n\n\n<p class=\"has-medium-font-size\"><strong>Nicolas Prost<\/strong>, saxophone&nbsp;<\/p>\n\n\n\n<p class=\"has-medium-font-size\"><strong>Romuald Grimbert-Barr\u00e9<\/strong>, violon &nbsp;<\/p>\n\n\n\n<p class=\"has-medium-font-size\"><strong>David Louwerse,<\/strong> violoncelle&nbsp; <\/p>\n\n\n\n<p class=\"has-medium-font-size\"><strong>Elisa Humanes<\/strong>, percussions&nbsp; <\/p>\n\n\n\n<p class=\"has-medium-font-size\"><strong>Thierry P\u00e9cou,<\/strong> direction&nbsp;<\/p>\n\n\n\n<div style=\"height:91px\" aria-hidden=\"true\" class=\"wp-block-spacer\"><\/div>\n\n\n\n<h3 class=\"wp-block-heading\">Organisateurs<\/h3>\n\n\n<div class=\"wp-block-image\">\n<figure class=\"alignleft size-large is-resized\"><img decoding=\"async\" src=\"https:\/\/sallecortot.com\/wp-content\/uploads\/2026\/02\/Ensemble-Variances_logoHD-_Blanc-1024x665.png\" alt=\"\" class=\"wp-image-8639\" style=\"aspect-ratio:1.539877658025051;width:142px;height:auto\"\/><\/figure>\n<\/div>\n\n\n<div style=\"height:90px\" aria-hidden=\"true\" class=\"wp-block-spacer\"><\/div>\n\n\n\r\n    <a href=\"https:\/\/sallecortot.com\/la-programmation\/\" target=\"_blank\" class=\"block-cta style-link\">\r\n        Toute la Programmation    <\/a>\r\n","protected":false},"excerpt":{"rendered":"<p>Voyage musical initiatique de l\u2019Amazonie au Grand Nord Passeurs d\u2019eau est une partition de Thierry P\u00e9cou cr\u00e9\u00e9e en 2004 qui [&hellip;]<\/p>\n","protected":false},"featured_media":12096,"template":"","meta":{"_acf_changed":false},"event_category":[169],"class_list":["post-12098","event","type-event","status-publish","has-post-thumbnail","hentry","event_category-les-grands-concerts"],"acf":{"presentation":"","musicians":"","program":"","host":"","date":"2026-04-07 20:00:00","time_start":"20:00","time_end":null,"end_date":null,"location_name":"","location_address":"","phone":"","link":null,"booking_link":"https:\/\/www.helloasso.com\/associations\/ensemble-variances\/evenements\/concert-rituels-ensemble-variances","price_from":"<p>Plein tarif : 25\u20ac<\/p>\n<p>Tarif r\u00e9duit* : 12\u20ac<\/p>\n<p>Gratuit pour les -12 ans et \u00e9l\u00e8ves ENMP<\/p>\n<p>&nbsp;<\/p>\n<p><em>*Demandeurs d&#8217;emploi, \u00e9tudiants (hors ENMP), lyc\u00e9ens, coll\u00e9giens<\/em><\/p>\n<p>&nbsp;<\/p>\n<p>Billetterie sur place (ch\u00e8que ou esp\u00e8ces)<\/p>\n","hide_price":false,"teachers":null,"event_type":"Ensemble Variances","datetime":"2026-04-07 20:00:00","end_datetime":"","booking_infos":"<p><span data-olk-copy-source=\"MessageBody\">06 63 45 31 36<\/span><\/p>\n","source_post_id":"8643"},"yoast_head":"<!-- This site is optimized with the Yoast SEO plugin v27.5 - https:\/\/yoast.com\/product\/yoast-seo-wordpress\/ -->\n<title>RITUELS | Ensemble Variances - Thierry P\u00e9cou - Ecole Normale de Musique de Paris<\/title>\n<meta name=\"robots\" content=\"index, follow, max-snippet:-1, max-image-preview:large, max-video-preview:-1\" \/>\n<link rel=\"canonical\" href=\"https:\/\/www.ecolenormalecortot.com\/en\/event\/rituels-ensemble-variances-thierry-pecou\/\" \/>\n<meta property=\"og:locale\" content=\"en_US\" \/>\n<meta property=\"og:type\" content=\"article\" \/>\n<meta property=\"og:title\" content=\"RITUELS | Ensemble Variances - Thierry P\u00e9cou - Ecole Normale de Musique de Paris\" \/>\n<meta property=\"og:description\" content=\"Voyage musical initiatique de l\u2019Amazonie au Grand Nord Passeurs d\u2019eau est une partition de Thierry P\u00e9cou cr\u00e9\u00e9e en 2004 qui [&hellip;]\" \/>\n<meta property=\"og:url\" content=\"https:\/\/www.ecolenormalecortot.com\/en\/event\/rituels-ensemble-variances-thierry-pecou\/\" \/>\n<meta property=\"og:site_name\" content=\"Ecole Normale de Musique de Paris\" \/>\n<meta name=\"twitter:card\" content=\"summary_large_image\" \/>\n<meta name=\"twitter:label1\" content=\"Est. reading time\" \/>\n\t<meta name=\"twitter:data1\" content=\"2 minutes\" \/>\n<script type=\"application\/ld+json\" class=\"yoast-schema-graph\">{\"@context\":\"https:\\\/\\\/schema.org\",\"@graph\":[{\"@type\":\"WebPage\",\"@id\":\"https:\\\/\\\/www.ecolenormalecortot.com\\\/en\\\/event\\\/rituels-ensemble-variances-thierry-pecou\\\/\",\"url\":\"https:\\\/\\\/www.ecolenormalecortot.com\\\/en\\\/event\\\/rituels-ensemble-variances-thierry-pecou\\\/\",\"name\":\"RITUELS | Ensemble Variances - Thierry P\u00e9cou - Ecole Normale de Musique de Paris\",\"isPartOf\":{\"@id\":\"https:\\\/\\\/www.ecolenormalecortot.com\\\/en\\\/#website\"},\"primaryImageOfPage\":{\"@id\":\"https:\\\/\\\/www.ecolenormalecortot.com\\\/en\\\/event\\\/rituels-ensemble-variances-thierry-pecou\\\/#primaryimage\"},\"image\":{\"@id\":\"https:\\\/\\\/www.ecolenormalecortot.com\\\/en\\\/event\\\/rituels-ensemble-variances-thierry-pecou\\\/#primaryimage\"},\"thumbnailUrl\":\"https:\\\/\\\/www.ecolenormalecortot.com\\\/wp-content\\\/uploads\\\/2026\\\/03\\\/Ensemble-Variance-07.04.2026.png\",\"datePublished\":\"2026-03-05T14:56:49+00:00\",\"breadcrumb\":{\"@id\":\"https:\\\/\\\/www.ecolenormalecortot.com\\\/en\\\/event\\\/rituels-ensemble-variances-thierry-pecou\\\/#breadcrumb\"},\"inLanguage\":\"en-US\",\"potentialAction\":[{\"@type\":\"ReadAction\",\"target\":[\"https:\\\/\\\/www.ecolenormalecortot.com\\\/en\\\/event\\\/rituels-ensemble-variances-thierry-pecou\\\/\"]}]},{\"@type\":\"ImageObject\",\"inLanguage\":\"en-US\",\"@id\":\"https:\\\/\\\/www.ecolenormalecortot.com\\\/en\\\/event\\\/rituels-ensemble-variances-thierry-pecou\\\/#primaryimage\",\"url\":\"https:\\\/\\\/www.ecolenormalecortot.com\\\/wp-content\\\/uploads\\\/2026\\\/03\\\/Ensemble-Variance-07.04.2026.png\",\"contentUrl\":\"https:\\\/\\\/www.ecolenormalecortot.com\\\/wp-content\\\/uploads\\\/2026\\\/03\\\/Ensemble-Variance-07.04.2026.png\",\"width\":1110,\"height\":643},{\"@type\":\"BreadcrumbList\",\"@id\":\"https:\\\/\\\/www.ecolenormalecortot.com\\\/en\\\/event\\\/rituels-ensemble-variances-thierry-pecou\\\/#breadcrumb\",\"itemListElement\":[{\"@type\":\"ListItem\",\"position\":1,\"name\":\"Accueil\",\"item\":\"https:\\\/\\\/www.ecolenormalecortot.com\\\/en\\\/\"},{\"@type\":\"ListItem\",\"position\":2,\"name\":\"\u00c9v\u00e8nements\",\"item\":\"https:\\\/\\\/www.ecolenormalecortot.com\\\/en\\\/event\\\/\"},{\"@type\":\"ListItem\",\"position\":3,\"name\":\"RITUELS | Ensemble Variances &#8211; Thierry P\u00e9cou\"}]},{\"@type\":\"WebSite\",\"@id\":\"https:\\\/\\\/www.ecolenormalecortot.com\\\/en\\\/#website\",\"url\":\"https:\\\/\\\/www.ecolenormalecortot.com\\\/en\\\/\",\"name\":\"Ecole Normale de Musique de Paris\",\"description\":\"\",\"publisher\":{\"@id\":\"https:\\\/\\\/www.ecolenormalecortot.com\\\/en\\\/#organization\"},\"potentialAction\":[{\"@type\":\"SearchAction\",\"target\":{\"@type\":\"EntryPoint\",\"urlTemplate\":\"https:\\\/\\\/www.ecolenormalecortot.com\\\/en\\\/?s={search_term_string}\"},\"query-input\":{\"@type\":\"PropertyValueSpecification\",\"valueRequired\":true,\"valueName\":\"search_term_string\"}}],\"inLanguage\":\"en-US\"},{\"@type\":\"Organization\",\"@id\":\"https:\\\/\\\/www.ecolenormalecortot.com\\\/en\\\/#organization\",\"name\":\"Ecole Normale de Musique de Paris\",\"url\":\"https:\\\/\\\/www.ecolenormalecortot.com\\\/en\\\/\",\"logo\":{\"@type\":\"ImageObject\",\"inLanguage\":\"en-US\",\"@id\":\"https:\\\/\\\/www.ecolenormalecortot.com\\\/en\\\/#\\\/schema\\\/logo\\\/image\\\/\",\"url\":\"https:\\\/\\\/www.ecolenormalecortot.com\\\/wp-content\\\/uploads\\\/2023\\\/02\\\/android-chrome-512x512-1.png\",\"contentUrl\":\"https:\\\/\\\/www.ecolenormalecortot.com\\\/wp-content\\\/uploads\\\/2023\\\/02\\\/android-chrome-512x512-1.png\",\"width\":512,\"height\":512,\"caption\":\"Ecole Normale de Musique de Paris\"},\"image\":{\"@id\":\"https:\\\/\\\/www.ecolenormalecortot.com\\\/en\\\/#\\\/schema\\\/logo\\\/image\\\/\"}}]}<\/script>\n<!-- \/ Yoast SEO plugin. -->","yoast_head_json":{"title":"RITUELS | Ensemble Variances - Thierry P\u00e9cou - Ecole Normale de Musique de Paris","robots":{"index":"index","follow":"follow","max-snippet":"max-snippet:-1","max-image-preview":"max-image-preview:large","max-video-preview":"max-video-preview:-1"},"canonical":"https:\/\/www.ecolenormalecortot.com\/en\/event\/rituels-ensemble-variances-thierry-pecou\/","og_locale":"en_US","og_type":"article","og_title":"RITUELS | Ensemble Variances - Thierry P\u00e9cou - Ecole Normale de Musique de Paris","og_description":"Voyage musical initiatique de l\u2019Amazonie au Grand Nord Passeurs d\u2019eau est une partition de Thierry P\u00e9cou cr\u00e9\u00e9e en 2004 qui [&hellip;]","og_url":"https:\/\/www.ecolenormalecortot.com\/en\/event\/rituels-ensemble-variances-thierry-pecou\/","og_site_name":"Ecole Normale de Musique de Paris","twitter_card":"summary_large_image","twitter_misc":{"Est. reading time":"2 minutes"},"schema":{"@context":"https:\/\/schema.org","@graph":[{"@type":"WebPage","@id":"https:\/\/www.ecolenormalecortot.com\/en\/event\/rituels-ensemble-variances-thierry-pecou\/","url":"https:\/\/www.ecolenormalecortot.com\/en\/event\/rituels-ensemble-variances-thierry-pecou\/","name":"RITUELS | Ensemble Variances - Thierry P\u00e9cou - Ecole Normale de Musique de Paris","isPartOf":{"@id":"https:\/\/www.ecolenormalecortot.com\/en\/#website"},"primaryImageOfPage":{"@id":"https:\/\/www.ecolenormalecortot.com\/en\/event\/rituels-ensemble-variances-thierry-pecou\/#primaryimage"},"image":{"@id":"https:\/\/www.ecolenormalecortot.com\/en\/event\/rituels-ensemble-variances-thierry-pecou\/#primaryimage"},"thumbnailUrl":"https:\/\/www.ecolenormalecortot.com\/wp-content\/uploads\/2026\/03\/Ensemble-Variance-07.04.2026.png","datePublished":"2026-03-05T14:56:49+00:00","breadcrumb":{"@id":"https:\/\/www.ecolenormalecortot.com\/en\/event\/rituels-ensemble-variances-thierry-pecou\/#breadcrumb"},"inLanguage":"en-US","potentialAction":[{"@type":"ReadAction","target":["https:\/\/www.ecolenormalecortot.com\/en\/event\/rituels-ensemble-variances-thierry-pecou\/"]}]},{"@type":"ImageObject","inLanguage":"en-US","@id":"https:\/\/www.ecolenormalecortot.com\/en\/event\/rituels-ensemble-variances-thierry-pecou\/#primaryimage","url":"https:\/\/www.ecolenormalecortot.com\/wp-content\/uploads\/2026\/03\/Ensemble-Variance-07.04.2026.png","contentUrl":"https:\/\/www.ecolenormalecortot.com\/wp-content\/uploads\/2026\/03\/Ensemble-Variance-07.04.2026.png","width":1110,"height":643},{"@type":"BreadcrumbList","@id":"https:\/\/www.ecolenormalecortot.com\/en\/event\/rituels-ensemble-variances-thierry-pecou\/#breadcrumb","itemListElement":[{"@type":"ListItem","position":1,"name":"Accueil","item":"https:\/\/www.ecolenormalecortot.com\/en\/"},{"@type":"ListItem","position":2,"name":"\u00c9v\u00e8nements","item":"https:\/\/www.ecolenormalecortot.com\/en\/event\/"},{"@type":"ListItem","position":3,"name":"RITUELS | Ensemble Variances &#8211; Thierry P\u00e9cou"}]},{"@type":"WebSite","@id":"https:\/\/www.ecolenormalecortot.com\/en\/#website","url":"https:\/\/www.ecolenormalecortot.com\/en\/","name":"Ecole Normale de Musique de Paris","description":"","publisher":{"@id":"https:\/\/www.ecolenormalecortot.com\/en\/#organization"},"potentialAction":[{"@type":"SearchAction","target":{"@type":"EntryPoint","urlTemplate":"https:\/\/www.ecolenormalecortot.com\/en\/?s={search_term_string}"},"query-input":{"@type":"PropertyValueSpecification","valueRequired":true,"valueName":"search_term_string"}}],"inLanguage":"en-US"},{"@type":"Organization","@id":"https:\/\/www.ecolenormalecortot.com\/en\/#organization","name":"Ecole Normale de Musique de Paris","url":"https:\/\/www.ecolenormalecortot.com\/en\/","logo":{"@type":"ImageObject","inLanguage":"en-US","@id":"https:\/\/www.ecolenormalecortot.com\/en\/#\/schema\/logo\/image\/","url":"https:\/\/www.ecolenormalecortot.com\/wp-content\/uploads\/2023\/02\/android-chrome-512x512-1.png","contentUrl":"https:\/\/www.ecolenormalecortot.com\/wp-content\/uploads\/2023\/02\/android-chrome-512x512-1.png","width":512,"height":512,"caption":"Ecole Normale de Musique de Paris"},"image":{"@id":"https:\/\/www.ecolenormalecortot.com\/en\/#\/schema\/logo\/image\/"}}]}},"_links":{"self":[{"href":"https:\/\/www.ecolenormalecortot.com\/en\/wp-json\/wp\/v2\/event\/12098","targetHints":{"allow":["GET"]}}],"collection":[{"href":"https:\/\/www.ecolenormalecortot.com\/en\/wp-json\/wp\/v2\/event"}],"about":[{"href":"https:\/\/www.ecolenormalecortot.com\/en\/wp-json\/wp\/v2\/types\/event"}],"wp:featuredmedia":[{"embeddable":true,"href":"https:\/\/www.ecolenormalecortot.com\/en\/wp-json\/wp\/v2\/media\/12096"}],"wp:attachment":[{"href":"https:\/\/www.ecolenormalecortot.com\/en\/wp-json\/wp\/v2\/media?parent=12098"}],"wp:term":[{"taxonomy":"event_category","embeddable":true,"href":"https:\/\/www.ecolenormalecortot.com\/en\/wp-json\/wp\/v2\/event_category?post=12098"}],"curies":[{"name":"wp","href":"https:\/\/api.w.org\/{rel}","templated":true}]}}