{"id":12095,"date":"2026-03-05T15:56:08","date_gmt":"2026-03-05T14:56:08","guid":{"rendered":"https:\/\/www.ecolenormalecortot.com\/event\/theatre-sans-paroles-carolin-widmann-lensemble-atmosphere-direction-ilyich-rivas\/"},"modified":"2026-03-05T15:56:08","modified_gmt":"2026-03-05T14:56:08","slug":"theatre-sans-paroles-carolin-widmann-lensemble-atmosphere-direction-ilyich-rivas","status":"publish","type":"event","link":"https:\/\/www.ecolenormalecortot.com\/en\/event\/theatre-sans-paroles-carolin-widmann-lensemble-atmosphere-direction-ilyich-rivas\/","title":{"rendered":"Th\u00e9\u00e2tre sans paroles &#8211; Carolin Widmann &amp; l&#8217;Ensemble Atmosph\u00e8re, direction Ilyich Rivas"},"content":{"rendered":"\n<h2 class=\"wp-block-heading has-large-font-size\">Ensemble Atmosph\u00e8res &#8211; direction Ilyich Rivas<\/h2>\n\n\n\n<p class=\"has-large-font-size\"><strong>Th\u00e9\u00e2tre sans paroles avec Carolin Widmann<\/strong><\/p>\n\n\n\n<p class=\"has-medium-font-size\">L\u2019extraordinaire violoniste Carolin Widmann rejoint Atmosph\u00e8res pour un programme magn\u00e9tique et th\u00e9\u00e2tral, aux textures et timbres particuli\u00e8rement color\u00e9s.<\/p>\n\n\n\n<p class=\"has-medium-font-size\">La premi\u00e8re partie s\u2019ouvrira avec la&nbsp;<em>Suite Delphique<\/em>&nbsp;d\u2019Andr\u00e9 Jolivet, \u00e9vocation mystique et mythique du temple de Delphes antique \u00e9crite \u00e0 partir de ses compositions pour la Com\u00e9die Fran\u00e7aise, puis avec&nbsp;<em>Graal Th\u00e9\u00e2tre<\/em>&nbsp;de Kaija Saariaho dans sa version pour orchestre de chambre, fascinant concerto comme un rituel en deux mouvements.<\/p>\n\n\n\n<p class=\"has-medium-font-size\">La seconde partie de la soir\u00e9e s\u2019ouvrira par l&#8217;<em>Octuor<\/em>&nbsp;de J\u00f6rg Widmann, hommage post-moderne au lyrisme de Schubert, et se conclura par l&#8217;irr\u00e9sistible&nbsp;<em>Suite de danses<\/em>&nbsp;de B\u00e9la Bartok, une c\u00e9l\u00e9bration de la diversit\u00e9 des danses folkloriques qui donnaient vie aux rues de Budapest au d\u00e9but du XXe si\u00e8cle.<\/p>\n\n\n\n<p class=\"has-medium-font-size\">Carolin Widmann se produira \u00e9galement \u00e0 Paris avec l&#8217;Orchestre Philharmonique de Radio France les 18 et 19 avril prochains.<\/p>\n\n\n\n<div style=\"height:70px\" aria-hidden=\"true\" class=\"wp-block-spacer\"><\/div>\n\n\n\n<h3 class=\"wp-block-heading\">Programme<\/h3>\n\n\n\n<p class=\"has-medium-font-size\"><strong>Andr\u00e9 Jolivet<\/strong>, <em>Suite Delphique<\/em> <\/p>\n\n\n\n<p class=\"has-medium-font-size\"><strong>Kaija Saariaho<\/strong>, <em>Graal Th\u00e9\u00e2tre<\/em><\/p>\n\n\n\n<p class=\"has-medium-font-size\">ENTRACTE<\/p>\n\n\n\n<p class=\"has-medium-font-size\"><strong>J\u00f6rg Widmann<\/strong>, <em>Octuor<\/em><\/p>\n\n\n\n<p class=\"has-medium-font-size\"><strong>B\u00e9la Bartok, <\/strong><em>Suite de danses<\/em><\/p>\n\n\n\n<div style=\"height:80px\" aria-hidden=\"true\" class=\"wp-block-spacer\"><\/div>\n\n\n\n<h3 class=\"wp-block-heading\">Carolin Widmann, violon<\/h3>\n\n\n<div class=\"wp-block-image\">\n<figure class=\"alignleft size-large is-resized\"><a href=\"https:\/\/www.carolinwidmann.com\/\" target=\"_blank\" rel=\" noreferrer noopener\"><img decoding=\"async\" src=\"https:\/\/sallecortot.com\/wp-content\/uploads\/2025\/06\/carolin-widmann-edited.png\" alt=\"\" class=\"wp-image-5472\" style=\"width:162px;height:auto\"\/><\/a><\/figure>\n<\/div>\n\n\n<p style=\"font-size:18px\">Musicienne merveilleusement polyvalente, les activit\u00e9s de Carolin Widmann couvrent les grands concertos classiques, de nouvelles commandes sp\u00e9cialement \u00e9crites pour elle, des r\u00e9citals en solo, une grande vari\u00e9t\u00e9 de musique de chambre et des interpr\u00e9tations sur instruments d&#8217;\u00e9poque, y compris la direction du violon.&nbsp;<\/p>\n\n\n\n<p style=\"font-size:18px\">Widmann a re\u00e7u le Bayerischer Staatspreis pour la musique en 2017, r\u00e9compensant sa musicalit\u00e9 exceptionnelle. Elle a \u00e9galement re\u00e7u un International Classical Music Award (cat\u00e9gorie Concerto) pour son enregistrement acclam\u00e9 par la critique des Concertos pour violon de Mendelssohn et de Schumann avec le Chamber Orchestra of Europe, paru en ao\u00fbt 2016 chez ECM et qu&#8217;elle a elle-m\u00eame dirig\u00e9 depuis le violon.&nbsp;<\/p>\n\n\n\n<p style=\"font-size:18px\">Nomm\u00e9e \u00ab Musicienne de l&#8217;ann\u00e9e \u00bb lors des International Classical Music Awards 2013, Widmann a jou\u00e9 avec le Berliner Philharmoniker, l&#8217;Orchestre de Paris, l&#8217;Orchestre national de France, le Czech Philharmonic, le Swedish Radio Symphony, le Vienna Radio Symphony, le London Philharmonic, le BBC Symphony et le Bayerische Rundfunk, sous la direction d&#8217;\u00e9minents chefs d&#8217;orchestre tels que Sir Simon Rattle, Riccardo Chailly, Edward Gardner, Vladimir Jurowski, Sakari Oramo, Daniel Harding, Fran\u00e7ois-Xavier Roth, Santtu-Matias Rouvali et Jukka-Pekka Saraste. Elle se produit \u00e9galement dans des festivals de renom tels que le Musikfest Berlin, le Salzburger Festspiele, le Lucerne Festival, l&#8217;Edinburgh International Festival, le Prague Spring International Festival, le Pau Casals Festival et le Festival d&#8217;Automne \u00e0 Paris.&nbsp;<\/p>\n\n\n\n<p style=\"font-size:18px\">Carolin Widmann joue sur un violon G.B. Guadagnini de 1782, pr\u00eat\u00e9 par un Charitable Trust.<\/p>\n\n\n\n<p class=\"has-small-font-size\"><strong><a href=\"https:\/\/www.carolinwidmann.com\/\" target=\"_blank\" rel=\"noreferrer noopener\">En savoir plus<\/a><\/strong><\/p>\n\n\n\n<ul class=\"wp-block-social-links has-small-icon-size has-icon-color has-icon-background-color is-layout-flex wp-block-social-links-is-layout-flex\"><li style=\"color:#000000;background-color:#ffffff;\" class=\"wp-social-link wp-social-link-instagram has-black-color has-white-background-color wp-block-social-link\"><a rel=\"noopener nofollow\" target=\"_blank\" href=\"https:\/\/www.instagram.com\/carolinwidmannviolin\/#\" class=\"wp-block-social-link-anchor\"><svg width=\"24\" height=\"24\" viewBox=\"0 0 24 24\" version=\"1.1\" xmlns=\"http:\/\/www.w3.org\/2000\/svg\" aria-hidden=\"true\" focusable=\"false\"><path d=\"M12,4.622c2.403,0,2.688,0.009,3.637,0.052c0.877,0.04,1.354,0.187,1.671,0.31c0.42,0.163,0.72,0.358,1.035,0.673 c0.315,0.315,0.51,0.615,0.673,1.035c0.123,0.317,0.27,0.794,0.31,1.671c0.043,0.949,0.052,1.234,0.052,3.637 s-0.009,2.688-0.052,3.637c-0.04,0.877-0.187,1.354-0.31,1.671c-0.163,0.42-0.358,0.72-0.673,1.035 c-0.315,0.315-0.615,0.51-1.035,0.673c-0.317,0.123-0.794,0.27-1.671,0.31c-0.949,0.043-1.233,0.052-3.637,0.052 s-2.688-0.009-3.637-0.052c-0.877-0.04-1.354-0.187-1.671-0.31c-0.42-0.163-0.72-0.358-1.035-0.673 c-0.315-0.315-0.51-0.615-0.673-1.035c-0.123-0.317-0.27-0.794-0.31-1.671C4.631,14.688,4.622,14.403,4.622,12 s0.009-2.688,0.052-3.637c0.04-0.877,0.187-1.354,0.31-1.671c0.163-0.42,0.358-0.72,0.673-1.035 c0.315-0.315,0.615-0.51,1.035-0.673c0.317-0.123,0.794-0.27,1.671-0.31C9.312,4.631,9.597,4.622,12,4.622 M12,3 C9.556,3,9.249,3.01,8.289,3.054C7.331,3.098,6.677,3.25,6.105,3.472C5.513,3.702,5.011,4.01,4.511,4.511 c-0.5,0.5-0.808,1.002-1.038,1.594C3.25,6.677,3.098,7.331,3.054,8.289C3.01,9.249,3,9.556,3,12c0,2.444,0.01,2.751,0.054,3.711 c0.044,0.958,0.196,1.612,0.418,2.185c0.23,0.592,0.538,1.094,1.038,1.594c0.5,0.5,1.002,0.808,1.594,1.038 c0.572,0.222,1.227,0.375,2.185,0.418C9.249,20.99,9.556,21,12,21s2.751-0.01,3.711-0.054c0.958-0.044,1.612-0.196,2.185-0.418 c0.592-0.23,1.094-0.538,1.594-1.038c0.5-0.5,0.808-1.002,1.038-1.594c0.222-0.572,0.375-1.227,0.418-2.185 C20.99,14.751,21,14.444,21,12s-0.01-2.751-0.054-3.711c-0.044-0.958-0.196-1.612-0.418-2.185c-0.23-0.592-0.538-1.094-1.038-1.594 c-0.5-0.5-1.002-0.808-1.594-1.038c-0.572-0.222-1.227-0.375-2.185-0.418C14.751,3.01,14.444,3,12,3L12,3z M12,7.378 c-2.552,0-4.622,2.069-4.622,4.622S9.448,16.622,12,16.622s4.622-2.069,4.622-4.622S14.552,7.378,12,7.378z M12,15 c-1.657,0-3-1.343-3-3s1.343-3,3-3s3,1.343,3,3S13.657,15,12,15z M16.804,6.116c-0.596,0-1.08,0.484-1.08,1.08 s0.484,1.08,1.08,1.08c0.596,0,1.08-0.484,1.08-1.08S17.401,6.116,16.804,6.116z\"><\/path><\/svg><span class=\"wp-block-social-link-label screen-reader-text\">Instagram<\/span><\/a><\/li>\n\n<li style=\"color:#000000;background-color:#ffffff;\" class=\"wp-social-link wp-social-link-youtube has-black-color has-white-background-color wp-block-social-link\"><a rel=\"noopener nofollow\" target=\"_blank\" href=\"https:\/\/www.youtube.com\/channel\/UCfjU_2aPqwLfyHK3Q-kmeuQ\" class=\"wp-block-social-link-anchor\"><svg width=\"24\" height=\"24\" viewBox=\"0 0 24 24\" version=\"1.1\" xmlns=\"http:\/\/www.w3.org\/2000\/svg\" aria-hidden=\"true\" focusable=\"false\"><path d=\"M21.8,8.001c0,0-0.195-1.378-0.795-1.985c-0.76-0.797-1.613-0.801-2.004-0.847c-2.799-0.202-6.997-0.202-6.997-0.202 h-0.009c0,0-4.198,0-6.997,0.202C4.608,5.216,3.756,5.22,2.995,6.016C2.395,6.623,2.2,8.001,2.2,8.001S2,9.62,2,11.238v1.517 c0,1.618,0.2,3.237,0.2,3.237s0.195,1.378,0.795,1.985c0.761,0.797,1.76,0.771,2.205,0.855c1.6,0.153,6.8,0.201,6.8,0.201 s4.203-0.006,7.001-0.209c0.391-0.047,1.243-0.051,2.004-0.847c0.6-0.607,0.795-1.985,0.795-1.985s0.2-1.618,0.2-3.237v-1.517 C22,9.62,21.8,8.001,21.8,8.001z M9.935,14.594l-0.001-5.62l5.404,2.82L9.935,14.594z\"><\/path><\/svg><span class=\"wp-block-social-link-label screen-reader-text\">YouTube<\/span><\/a><\/li>\n\n<li style=\"color:#000000;background-color:#ffffff;\" class=\"wp-social-link wp-social-link-spotify has-black-color has-white-background-color wp-block-social-link\"><a rel=\"noopener nofollow\" target=\"_blank\" href=\"https:\/\/open.spotify.com\/intl-fr\/artist\/4yu942Fkm7TV9X2VQlQDK4\" class=\"wp-block-social-link-anchor\"><svg width=\"24\" height=\"24\" viewBox=\"0 0 24 24\" version=\"1.1\" xmlns=\"http:\/\/www.w3.org\/2000\/svg\" aria-hidden=\"true\" focusable=\"false\"><path d=\"M12,2C6.477,2,2,6.477,2,12c0,5.523,4.477,10,10,10c5.523,0,10-4.477,10-10C22,6.477,17.523,2,12,2 M16.586,16.424 c-0.18,0.295-0.563,0.387-0.857,0.207c-2.348-1.435-5.304-1.76-8.785-0.964c-0.335,0.077-0.67-0.133-0.746-0.469 c-0.077-0.335,0.132-0.67,0.469-0.746c3.809-0.871,7.077-0.496,9.713,1.115C16.673,15.746,16.766,16.13,16.586,16.424 M17.81,13.7 c-0.226,0.367-0.706,0.482-1.072,0.257c-2.687-1.652-6.785-2.131-9.965-1.166C6.36,12.917,5.925,12.684,5.8,12.273 C5.675,11.86,5.908,11.425,6.32,11.3c3.632-1.102,8.147-0.568,11.234,1.328C17.92,12.854,18.035,13.335,17.81,13.7 M17.915,10.865 c-3.223-1.914-8.54-2.09-11.618-1.156C5.804,9.859,5.281,9.58,5.131,9.086C4.982,8.591,5.26,8.069,5.755,7.919 c3.532-1.072,9.404-0.865,13.115,1.338c0.445,0.264,0.59,0.838,0.327,1.282C18.933,10.983,18.359,11.129,17.915,10.865\"><\/path><\/svg><span class=\"wp-block-social-link-label screen-reader-text\">Spotify<\/span><\/a><\/li><\/ul>\n\n\n\n<div style=\"height:76px\" aria-hidden=\"true\" class=\"wp-block-spacer\"><\/div>\n\n\n\n<h3 class=\"wp-block-heading\">Ensemble Atmosph\u00e8res<\/h3>\n\n\n\n<p style=\"font-size:18px\">L&#8217;Ensemble Atmosph\u00e8res est un orchestre de chambre compos\u00e9 d&#8217;une vingtaine de jeunes musiciens professionnels r\u00e9unis pour explorer dans toute leur diversit\u00e9 la musique du XXe si\u00e8cle et celle d&#8217;aujourd&#8217;hui. Chaque programme m\u00eale de grands noms du d\u00e9but du XXe si\u00e8cle, des \u0153uvres de l&#8217;apr\u00e8s-guerre et des compositeurs et compositrices d&#8217;aujourd&#8217;hui.&nbsp;Port\u00e9 par le chef d&#8217;orchestre Ilyich Rivas et le contrebassiste Will Cravy, il est bas\u00e9 \u00e0 Pantin. L\u2019ensemble s\u2019est r\u00e9uni pour la premi\u00e8re fois le 11 avril 2025, pour son concert inaugural au Conservatoire Jacques Higelin de Pantin, institution partenaire de l\u2019ensemble.&nbsp;<\/p>\n\n\n\n<p style=\"font-size:18px\">Atmosph\u00e8res est un ensemble de haut niveau, tourn\u00e9 vers l\u2019avenir et attach\u00e9 \u00e0 faire de chaque concert une exp\u00e9rience musicale exigeante mais toujours accessible. L&#8217;ensemble se compose d&#8217;une vingtaine de musiciens en fonction des programmes, comportant une base fixe de jeunes musiciens d\u2019\u00e9lite, ayant chacun d\u00e9j\u00e0 une belle carri\u00e8re, avec une importante ouverture internationale. Afin de compter sur de prestigieux invit\u00e9s, le projet s\u2019appuie sur un large r\u00e9seau de solistes internationaux.<\/p>\n\n\n\n<p style=\"font-size:18px\">Pour sa premi\u00e8re saison en 2025-2026, l&#8217;Ensemble Atmosph\u00e8res s&#8217;associe \u00e0 l&#8217;Ecole Normale de Musique et la Salle Cortot pour une s\u00e9rie de quatre concerts.<\/p>\n\n\n\n<p class=\"has-small-font-size\"><strong><a href=\"https:\/\/ensembleatmospheres.com\/accueil\">En savoir plus<\/a><\/strong><\/p>\n\n\n\n<ul class=\"wp-block-social-links has-small-icon-size has-icon-color has-icon-background-color is-layout-flex wp-block-social-links-is-layout-flex\"><li style=\"color:#000000;background-color:#ffffff;\" class=\"wp-social-link wp-social-link-instagram has-black-color has-white-background-color wp-block-social-link\"><a rel=\"noopener nofollow\" target=\"_blank\" href=\"https:\/\/www.instagram.com\/ensemble.atmospheres\/\" class=\"wp-block-social-link-anchor\"><svg width=\"24\" height=\"24\" viewBox=\"0 0 24 24\" version=\"1.1\" xmlns=\"http:\/\/www.w3.org\/2000\/svg\" aria-hidden=\"true\" focusable=\"false\"><path d=\"M12,4.622c2.403,0,2.688,0.009,3.637,0.052c0.877,0.04,1.354,0.187,1.671,0.31c0.42,0.163,0.72,0.358,1.035,0.673 c0.315,0.315,0.51,0.615,0.673,1.035c0.123,0.317,0.27,0.794,0.31,1.671c0.043,0.949,0.052,1.234,0.052,3.637 s-0.009,2.688-0.052,3.637c-0.04,0.877-0.187,1.354-0.31,1.671c-0.163,0.42-0.358,0.72-0.673,1.035 c-0.315,0.315-0.615,0.51-1.035,0.673c-0.317,0.123-0.794,0.27-1.671,0.31c-0.949,0.043-1.233,0.052-3.637,0.052 s-2.688-0.009-3.637-0.052c-0.877-0.04-1.354-0.187-1.671-0.31c-0.42-0.163-0.72-0.358-1.035-0.673 c-0.315-0.315-0.51-0.615-0.673-1.035c-0.123-0.317-0.27-0.794-0.31-1.671C4.631,14.688,4.622,14.403,4.622,12 s0.009-2.688,0.052-3.637c0.04-0.877,0.187-1.354,0.31-1.671c0.163-0.42,0.358-0.72,0.673-1.035 c0.315-0.315,0.615-0.51,1.035-0.673c0.317-0.123,0.794-0.27,1.671-0.31C9.312,4.631,9.597,4.622,12,4.622 M12,3 C9.556,3,9.249,3.01,8.289,3.054C7.331,3.098,6.677,3.25,6.105,3.472C5.513,3.702,5.011,4.01,4.511,4.511 c-0.5,0.5-0.808,1.002-1.038,1.594C3.25,6.677,3.098,7.331,3.054,8.289C3.01,9.249,3,9.556,3,12c0,2.444,0.01,2.751,0.054,3.711 c0.044,0.958,0.196,1.612,0.418,2.185c0.23,0.592,0.538,1.094,1.038,1.594c0.5,0.5,1.002,0.808,1.594,1.038 c0.572,0.222,1.227,0.375,2.185,0.418C9.249,20.99,9.556,21,12,21s2.751-0.01,3.711-0.054c0.958-0.044,1.612-0.196,2.185-0.418 c0.592-0.23,1.094-0.538,1.594-1.038c0.5-0.5,0.808-1.002,1.038-1.594c0.222-0.572,0.375-1.227,0.418-2.185 C20.99,14.751,21,14.444,21,12s-0.01-2.751-0.054-3.711c-0.044-0.958-0.196-1.612-0.418-2.185c-0.23-0.592-0.538-1.094-1.038-1.594 c-0.5-0.5-1.002-0.808-1.594-1.038c-0.572-0.222-1.227-0.375-2.185-0.418C14.751,3.01,14.444,3,12,3L12,3z M12,7.378 c-2.552,0-4.622,2.069-4.622,4.622S9.448,16.622,12,16.622s4.622-2.069,4.622-4.622S14.552,7.378,12,7.378z M12,15 c-1.657,0-3-1.343-3-3s1.343-3,3-3s3,1.343,3,3S13.657,15,12,15z M16.804,6.116c-0.596,0-1.08,0.484-1.08,1.08 s0.484,1.08,1.08,1.08c0.596,0,1.08-0.484,1.08-1.08S17.401,6.116,16.804,6.116z\"><\/path><\/svg><span class=\"wp-block-social-link-label screen-reader-text\">Instagram<\/span><\/a><\/li><\/ul>\n\n\n\n<div style=\"height:80px\" aria-hidden=\"true\" class=\"wp-block-spacer\"><\/div>\n\n\n\n<h3 class=\"wp-block-heading\">Ilyich Rivas, direction<\/h3>\n\n\n<div class=\"wp-block-image\">\n<figure class=\"alignleft size-large is-resized\"><img decoding=\"async\" src=\"https:\/\/sallecortot.com\/wp-content\/uploads\/2025\/06\/llyich-Rivas-5-\u00a9Aude-Boissaye-2023-edited-scaled.jpg\" alt=\"\" class=\"wp-image-5722\" style=\"width:158px;height:auto\"\/><\/figure>\n<\/div>\n\n\n<p style=\"font-size:18px\">Jeune chef d\u2019orchestre am\u00e9ricano-v\u00e9n\u00e9zu\u00e9lien, Ilyich Rivas (n\u00e9 en 1993) a 16 ans lorsqu\u2019il fait ses d\u00e9buts \u00e0 la t\u00eate de l\u2019Orchestre symphonique d\u2019Atlanta. Depuis, il dirige des orchestres internationaux parmi les plus prestigieux comme le London Philharmonic, le Royal Liverpool Philharmonic, l\u2019Orchestre symphonique de la radio su\u00e9doise, l\u2019Orchestre philharmonique royal de Stockholm, l\u2019Orchestre symphonique de G\u00f6teborg, le Baltimore Symphony, le Minnesota Orchestra, l\u2019Orchestre symphonique de la radio de Stuttgart, le Frankfurt Radio Symphony, le NDR Radiophilharmonie Hanover, l\u2019Orchestre de la Suisse Romande, l\u2019Orquesta Sinfonica de Castilla y Leon ou encore l\u2019Orquesta Sinfonica de Galicia.&nbsp;<\/p>\n\n\n\n<p style=\"font-size:18px\">En parall\u00e8le de ses \u00e9tudes au conservatoire du Peabody Institute, Ilyich a \u00e9t\u00e9 \u00e0 15 ans le laur\u00e9at du concours pour devenir chef assistant de l\u2019Orchestre symphonique de Baltimore aupr\u00e8s de la cheffe Marin Alsop. A 18 ans, il est nomm\u00e9 chef assistant de l\u2019Orchestre Philharmonique de Londres qu\u2019il dirige au Royal Festival Hall, aupr\u00e8s de Vladimir Jurowski, qu\u2019il assiste \u00e9galement au Festival de Glyndebourne. <\/p>\n\n\n\n<p style=\"font-size:18px\">Il dirige des productions d\u2019op\u00e9ra, comme Les Noces de Figaro ou H\u00e4nsel et Gretel pour le Festival de Glyndebourne, La Traviata pour le Reisopera de Hollande, La Boh\u00eame avec l\u2019Opera North de Leeds, et en 2024, un op\u00e9ra contemporain de la compositrice Gabriela Lena Frank avec l\u2019Op\u00e9ra de Omaha aux Etats-Unis en collaboration avec les San Francisco Opera et San Diego Opera. Apr\u00e8s ses d\u00e9buts \u00e0 la Philharmonie de Paris avec l\u2019Orchestre National d\u2019\u00cele-de-France, Ilyich s\u2019\u00e9tablit \u00e0 Paris en 2022. Il est repr\u00e9sent\u00e9 par Nicholas Mathias de l\u2019agence IMG Artists.<\/p>\n\n\n\n<ul class=\"wp-block-social-links has-small-icon-size has-icon-color has-icon-background-color is-layout-flex wp-block-social-links-is-layout-flex\"><li style=\"color:#000000;background-color:#ffffff;\" class=\"wp-social-link wp-social-link-instagram has-black-color has-white-background-color wp-block-social-link\"><a rel=\"noopener nofollow\" target=\"_blank\" href=\"https:\/\/www.instagram.com\/ilyichrivas\/\" class=\"wp-block-social-link-anchor\"><svg width=\"24\" height=\"24\" viewBox=\"0 0 24 24\" version=\"1.1\" xmlns=\"http:\/\/www.w3.org\/2000\/svg\" aria-hidden=\"true\" focusable=\"false\"><path d=\"M12,4.622c2.403,0,2.688,0.009,3.637,0.052c0.877,0.04,1.354,0.187,1.671,0.31c0.42,0.163,0.72,0.358,1.035,0.673 c0.315,0.315,0.51,0.615,0.673,1.035c0.123,0.317,0.27,0.794,0.31,1.671c0.043,0.949,0.052,1.234,0.052,3.637 s-0.009,2.688-0.052,3.637c-0.04,0.877-0.187,1.354-0.31,1.671c-0.163,0.42-0.358,0.72-0.673,1.035 c-0.315,0.315-0.615,0.51-1.035,0.673c-0.317,0.123-0.794,0.27-1.671,0.31c-0.949,0.043-1.233,0.052-3.637,0.052 s-2.688-0.009-3.637-0.052c-0.877-0.04-1.354-0.187-1.671-0.31c-0.42-0.163-0.72-0.358-1.035-0.673 c-0.315-0.315-0.51-0.615-0.673-1.035c-0.123-0.317-0.27-0.794-0.31-1.671C4.631,14.688,4.622,14.403,4.622,12 s0.009-2.688,0.052-3.637c0.04-0.877,0.187-1.354,0.31-1.671c0.163-0.42,0.358-0.72,0.673-1.035 c0.315-0.315,0.615-0.51,1.035-0.673c0.317-0.123,0.794-0.27,1.671-0.31C9.312,4.631,9.597,4.622,12,4.622 M12,3 C9.556,3,9.249,3.01,8.289,3.054C7.331,3.098,6.677,3.25,6.105,3.472C5.513,3.702,5.011,4.01,4.511,4.511 c-0.5,0.5-0.808,1.002-1.038,1.594C3.25,6.677,3.098,7.331,3.054,8.289C3.01,9.249,3,9.556,3,12c0,2.444,0.01,2.751,0.054,3.711 c0.044,0.958,0.196,1.612,0.418,2.185c0.23,0.592,0.538,1.094,1.038,1.594c0.5,0.5,1.002,0.808,1.594,1.038 c0.572,0.222,1.227,0.375,2.185,0.418C9.249,20.99,9.556,21,12,21s2.751-0.01,3.711-0.054c0.958-0.044,1.612-0.196,2.185-0.418 c0.592-0.23,1.094-0.538,1.594-1.038c0.5-0.5,0.808-1.002,1.038-1.594c0.222-0.572,0.375-1.227,0.418-2.185 C20.99,14.751,21,14.444,21,12s-0.01-2.751-0.054-3.711c-0.044-0.958-0.196-1.612-0.418-2.185c-0.23-0.592-0.538-1.094-1.038-1.594 c-0.5-0.5-1.002-0.808-1.594-1.038c-0.572-0.222-1.227-0.375-2.185-0.418C14.751,3.01,14.444,3,12,3L12,3z M12,7.378 c-2.552,0-4.622,2.069-4.622,4.622S9.448,16.622,12,16.622s4.622-2.069,4.622-4.622S14.552,7.378,12,7.378z M12,15 c-1.657,0-3-1.343-3-3s1.343-3,3-3s3,1.343,3,3S13.657,15,12,15z M16.804,6.116c-0.596,0-1.08,0.484-1.08,1.08 s0.484,1.08,1.08,1.08c0.596,0,1.08-0.484,1.08-1.08S17.401,6.116,16.804,6.116z\"><\/path><\/svg><span class=\"wp-block-social-link-label screen-reader-text\">Instagram<\/span><\/a><\/li><\/ul>\n\n\n\n<div style=\"height:80px\" aria-hidden=\"true\" class=\"wp-block-spacer\"><\/div>\n\n\n\n<h3 class=\"wp-block-heading\">Organisateur<\/h3>\n\n\n<div class=\"wp-block-image\">\n<figure class=\"alignleft size-full is-resized\"><a href=\"https:\/\/ensembleatmospheres.com\/accueil\" target=\"_blank\" rel=\" noreferrer noopener\"><img decoding=\"async\" src=\"https:\/\/sallecortot.com\/wp-content\/uploads\/2025\/06\/atmospheres-removebg-preview.png\" alt=\"\" class=\"wp-image-5444\" style=\"width:160px;height:auto\"\/><\/a><\/figure>\n<\/div>\n\n\n<div style=\"height:41px\" aria-hidden=\"true\" class=\"wp-block-spacer\"><\/div>\n\n\n\n<h3 class=\"wp-block-heading\">Partenaires<\/h3>\n\n\n<div class=\"wp-block-image\">\n<figure class=\"alignleft size-full is-resized\"><a href=\"https:\/\/www.pantin.fr\/\" target=\"_blank\" rel=\" noreferrer noopener\"><img decoding=\"async\" src=\"https:\/\/sallecortot.com\/wp-content\/uploads\/2025\/06\/rs_w_360_h_140_cg_true-removebg-preview.png\" alt=\"\" class=\"wp-image-5450\" style=\"width:118px;height:auto\"\/><\/a><\/figure>\n<\/div>\n\n<div class=\"wp-block-image\">\n<figure class=\"alignleft size-full is-resized\"><a href=\"https:\/\/www.est-ensemble.fr\/\" target=\"_blank\" rel=\" noreferrer noopener\"><img decoding=\"async\" src=\"https:\/\/sallecortot.com\/wp-content\/uploads\/2025\/06\/crw_627h_200.webp\" alt=\"\" class=\"wp-image-5452\" style=\"width:154px;height:auto\"\/><\/a><\/figure>\n<\/div>\n\n<div class=\"wp-block-image\">\n<figure class=\"alignleft size-full is-resized\"><a href=\"https:\/\/spedidam.fr\/\" target=\"_blank\" rel=\" noreferrer noopener\"><img decoding=\"async\" src=\"https:\/\/sallecortot.com\/wp-content\/uploads\/2025\/05\/SPEDIDAM-LOGO-BLANC-PNG-1.png\" alt=\"\" class=\"wp-image-5090\" style=\"width:93px;height:auto\"\/><\/a><\/figure>\n<\/div>\n\n<div class=\"wp-block-image\">\n<figure class=\"alignleft size-large is-resized\"><a href=\"https:\/\/www.ecolenormalecortot.com\/\" target=\"_blank\" rel=\" noreferrer noopener\"><img decoding=\"async\" src=\"https:\/\/sallecortot.com\/wp-content\/uploads\/2024\/08\/LOGO-3-LIGNES-BLANC-1024x251.png\" alt=\"\" class=\"wp-image-1353\" style=\"width:190px;height:auto\"\/><\/a><\/figure>\n<\/div>\n\n<div class=\"wp-block-image\">\n<figure class=\"alignleft size-large is-resized\"><a href=\"https:\/\/sallecortot.com\/\" target=\"_blank\" rel=\" noreferrer noopener\"><img decoding=\"async\" src=\"https:\/\/sallecortot.com\/wp-content\/uploads\/2025\/03\/LOGO-SALLE-CORTOT-RVB-edited-1024x631.png\" alt=\"\" class=\"wp-image-3931\" style=\"width:87px;height:auto\"\/><\/a><\/figure>\n<\/div>\n\n<div class=\"wp-block-image\">\n<figure class=\"alignleft size-full is-resized\"><a href=\"https:\/\/www.est-ensemble.fr\/conservatoire-pantin\" target=\"_blank\" rel=\" noreferrer noopener\"><img decoding=\"async\" src=\"https:\/\/sallecortot.com\/wp-content\/uploads\/2025\/06\/crw_200h_200.webp\" alt=\"\" class=\"wp-image-5454\" style=\"width:77px;height:auto\"\/><\/a><\/figure>\n<\/div>\n\n\n<div style=\"height:57px\" aria-hidden=\"true\" class=\"wp-block-spacer\"><\/div>\n\n\n\n<p>Retrouvez toute notre <strong><a href=\"https:\/\/sallecortot.com\/la-programmation\/\" target=\"_blank\" rel=\"noreferrer noopener\">Programmation<\/a><\/strong><\/p>\n\n\n\n<p><\/p>\n","protected":false},"excerpt":{"rendered":"<p>Ensemble Atmosph\u00e8res &#8211; direction Ilyich Rivas Th\u00e9\u00e2tre sans paroles avec Carolin Widmann L\u2019extraordinaire violoniste Carolin Widmann rejoint Atmosph\u00e8res pour un [&hellip;]<\/p>\n","protected":false},"featured_media":12093,"template":"","meta":{"_acf_changed":false},"event_category":[169],"class_list":["post-12095","event","type-event","status-publish","has-post-thumbnail","hentry","event_category-les-grands-concerts"],"acf":{"presentation":"","musicians":"","program":"","host":"","date":"2026-03-28 20:00:00","time_start":"20:00","time_end":null,"end_date":null,"location_name":"","location_address":"","phone":"","link":null,"booking_link":"https:\/\/indiv.themisweb.fr\/0768\/fEventChoiceIsMade.aspx?idstructure=0768&idevent=22","price_from":"<p>Carr\u00e9 or : 55\u20ac<\/p>\n<p>Cat\u00e9gorie 1 : 38,50\u20ac<\/p>\n<p>Cat\u00e9gorie 2 : 22\u20ac<\/p>\n<p>Tarif r\u00e9duit (-26 ans, demandeurs d&#8217;emploi) : 17\u20ac<\/p>\n<p>&nbsp;<\/p>\n<p><a href=\"https:\/\/docs.google.com\/forms\/d\/e\/1FAIpQLSdh28o5hFUHcr_Ih0DEKeohtPC1-M5FZDaF_XQHBFdp5quDhw\/viewform\"><strong>R\u00e9servations \u00e9tudiants ENMP et professeurs<\/strong><\/a><\/p>\n","hide_price":false,"teachers":null,"event_type":"Ensemble Atmosph\u00e8res","datetime":"2026-03-28 20:00:00","end_datetime":"2026-03-28 22:00:00","booking_infos":"<p>01 48 24 40 63<br \/>\nbilletterie@sallecortot.fr<\/p>\n","source_post_id":"5469"},"yoast_head":"<!-- This site is optimized with the Yoast SEO plugin v27.5 - https:\/\/yoast.com\/product\/yoast-seo-wordpress\/ -->\n<title>Th\u00e9\u00e2tre sans paroles - Carolin Widmann &amp; l&#039;Ensemble Atmosph\u00e8re, direction Ilyich Rivas - Ecole Normale de Musique de Paris<\/title>\n<meta name=\"robots\" content=\"index, follow, max-snippet:-1, max-image-preview:large, max-video-preview:-1\" \/>\n<link rel=\"canonical\" href=\"https:\/\/www.ecolenormalecortot.com\/en\/event\/theatre-sans-paroles-carolin-widmann-lensemble-atmosphere-direction-ilyich-rivas\/\" \/>\n<meta property=\"og:locale\" content=\"en_US\" \/>\n<meta property=\"og:type\" content=\"article\" \/>\n<meta property=\"og:title\" content=\"Th\u00e9\u00e2tre sans paroles - Carolin Widmann &amp; l&#039;Ensemble Atmosph\u00e8re, direction Ilyich Rivas - Ecole Normale de Musique de Paris\" \/>\n<meta property=\"og:description\" content=\"Ensemble Atmosph\u00e8res &#8211; direction Ilyich Rivas Th\u00e9\u00e2tre sans paroles avec Carolin Widmann L\u2019extraordinaire violoniste Carolin Widmann rejoint Atmosph\u00e8res pour un [&hellip;]\" \/>\n<meta property=\"og:url\" content=\"https:\/\/www.ecolenormalecortot.com\/en\/event\/theatre-sans-paroles-carolin-widmann-lensemble-atmosphere-direction-ilyich-rivas\/\" \/>\n<meta property=\"og:site_name\" content=\"Ecole Normale de Musique de Paris\" \/>\n<meta property=\"og:image\" content=\"https:\/\/www.ecolenormalecortot.com\/wp-content\/uploads\/2024\/03\/Anastasia_Rizikov.jpeg\" \/>\n\t<meta property=\"og:image:width\" content=\"1200\" \/>\n\t<meta property=\"og:image:height\" content=\"801\" \/>\n\t<meta property=\"og:image:type\" content=\"image\/jpeg\" \/>\n<meta name=\"twitter:card\" content=\"summary_large_image\" \/>\n<meta name=\"twitter:label1\" content=\"Est. reading time\" \/>\n\t<meta name=\"twitter:data1\" content=\"5 minutes\" \/>\n<script type=\"application\/ld+json\" class=\"yoast-schema-graph\">{\"@context\":\"https:\\\/\\\/schema.org\",\"@graph\":[{\"@type\":\"WebPage\",\"@id\":\"https:\\\/\\\/www.ecolenormalecortot.com\\\/en\\\/event\\\/theatre-sans-paroles-carolin-widmann-lensemble-atmosphere-direction-ilyich-rivas\\\/\",\"url\":\"https:\\\/\\\/www.ecolenormalecortot.com\\\/en\\\/event\\\/theatre-sans-paroles-carolin-widmann-lensemble-atmosphere-direction-ilyich-rivas\\\/\",\"name\":\"Th\u00e9\u00e2tre sans paroles - Carolin Widmann &amp; l'Ensemble Atmosph\u00e8re, direction Ilyich Rivas - Ecole Normale de Musique de Paris\",\"isPartOf\":{\"@id\":\"https:\\\/\\\/www.ecolenormalecortot.com\\\/en\\\/#website\"},\"primaryImageOfPage\":{\"@id\":\"https:\\\/\\\/www.ecolenormalecortot.com\\\/en\\\/event\\\/theatre-sans-paroles-carolin-widmann-lensemble-atmosphere-direction-ilyich-rivas\\\/#primaryimage\"},\"image\":{\"@id\":\"https:\\\/\\\/www.ecolenormalecortot.com\\\/en\\\/event\\\/theatre-sans-paroles-carolin-widmann-lensemble-atmosphere-direction-ilyich-rivas\\\/#primaryimage\"},\"thumbnailUrl\":\"https:\\\/\\\/www.ecolenormalecortot.com\\\/wp-content\\\/uploads\\\/2026\\\/03\\\/carolin-widmann.png\",\"datePublished\":\"2026-03-05T14:56:08+00:00\",\"breadcrumb\":{\"@id\":\"https:\\\/\\\/www.ecolenormalecortot.com\\\/en\\\/event\\\/theatre-sans-paroles-carolin-widmann-lensemble-atmosphere-direction-ilyich-rivas\\\/#breadcrumb\"},\"inLanguage\":\"en-US\",\"potentialAction\":[{\"@type\":\"ReadAction\",\"target\":[\"https:\\\/\\\/www.ecolenormalecortot.com\\\/en\\\/event\\\/theatre-sans-paroles-carolin-widmann-lensemble-atmosphere-direction-ilyich-rivas\\\/\"]}]},{\"@type\":\"ImageObject\",\"inLanguage\":\"en-US\",\"@id\":\"https:\\\/\\\/www.ecolenormalecortot.com\\\/en\\\/event\\\/theatre-sans-paroles-carolin-widmann-lensemble-atmosphere-direction-ilyich-rivas\\\/#primaryimage\",\"url\":\"https:\\\/\\\/www.ecolenormalecortot.com\\\/wp-content\\\/uploads\\\/2026\\\/03\\\/carolin-widmann.png\",\"contentUrl\":\"https:\\\/\\\/www.ecolenormalecortot.com\\\/wp-content\\\/uploads\\\/2026\\\/03\\\/carolin-widmann.png\",\"width\":1110,\"height\":643},{\"@type\":\"BreadcrumbList\",\"@id\":\"https:\\\/\\\/www.ecolenormalecortot.com\\\/en\\\/event\\\/theatre-sans-paroles-carolin-widmann-lensemble-atmosphere-direction-ilyich-rivas\\\/#breadcrumb\",\"itemListElement\":[{\"@type\":\"ListItem\",\"position\":1,\"name\":\"Accueil\",\"item\":\"https:\\\/\\\/www.ecolenormalecortot.com\\\/en\\\/\"},{\"@type\":\"ListItem\",\"position\":2,\"name\":\"\u00c9v\u00e8nements\",\"item\":\"https:\\\/\\\/www.ecolenormalecortot.com\\\/en\\\/event\\\/\"},{\"@type\":\"ListItem\",\"position\":3,\"name\":\"Th\u00e9\u00e2tre sans paroles &#8211; Carolin Widmann &amp; l&rsquo;Ensemble Atmosph\u00e8re, direction Ilyich Rivas\"}]},{\"@type\":\"WebSite\",\"@id\":\"https:\\\/\\\/www.ecolenormalecortot.com\\\/en\\\/#website\",\"url\":\"https:\\\/\\\/www.ecolenormalecortot.com\\\/en\\\/\",\"name\":\"Ecole Normale de Musique de Paris\",\"description\":\"\",\"publisher\":{\"@id\":\"https:\\\/\\\/www.ecolenormalecortot.com\\\/en\\\/#organization\"},\"potentialAction\":[{\"@type\":\"SearchAction\",\"target\":{\"@type\":\"EntryPoint\",\"urlTemplate\":\"https:\\\/\\\/www.ecolenormalecortot.com\\\/en\\\/?s={search_term_string}\"},\"query-input\":{\"@type\":\"PropertyValueSpecification\",\"valueRequired\":true,\"valueName\":\"search_term_string\"}}],\"inLanguage\":\"en-US\"},{\"@type\":\"Organization\",\"@id\":\"https:\\\/\\\/www.ecolenormalecortot.com\\\/en\\\/#organization\",\"name\":\"Ecole Normale de Musique de Paris\",\"url\":\"https:\\\/\\\/www.ecolenormalecortot.com\\\/en\\\/\",\"logo\":{\"@type\":\"ImageObject\",\"inLanguage\":\"en-US\",\"@id\":\"https:\\\/\\\/www.ecolenormalecortot.com\\\/en\\\/#\\\/schema\\\/logo\\\/image\\\/\",\"url\":\"https:\\\/\\\/www.ecolenormalecortot.com\\\/wp-content\\\/uploads\\\/2023\\\/02\\\/android-chrome-512x512-1.png\",\"contentUrl\":\"https:\\\/\\\/www.ecolenormalecortot.com\\\/wp-content\\\/uploads\\\/2023\\\/02\\\/android-chrome-512x512-1.png\",\"width\":512,\"height\":512,\"caption\":\"Ecole Normale de Musique de Paris\"},\"image\":{\"@id\":\"https:\\\/\\\/www.ecolenormalecortot.com\\\/en\\\/#\\\/schema\\\/logo\\\/image\\\/\"}}]}<\/script>\n<!-- \/ Yoast SEO plugin. -->","yoast_head_json":{"title":"Th\u00e9\u00e2tre sans paroles - Carolin Widmann &amp; l'Ensemble Atmosph\u00e8re, direction Ilyich Rivas - Ecole Normale de Musique de Paris","robots":{"index":"index","follow":"follow","max-snippet":"max-snippet:-1","max-image-preview":"max-image-preview:large","max-video-preview":"max-video-preview:-1"},"canonical":"https:\/\/www.ecolenormalecortot.com\/en\/event\/theatre-sans-paroles-carolin-widmann-lensemble-atmosphere-direction-ilyich-rivas\/","og_locale":"en_US","og_type":"article","og_title":"Th\u00e9\u00e2tre sans paroles - Carolin Widmann &amp; l'Ensemble Atmosph\u00e8re, direction Ilyich Rivas - Ecole Normale de Musique de Paris","og_description":"Ensemble Atmosph\u00e8res &#8211; direction Ilyich Rivas Th\u00e9\u00e2tre sans paroles avec Carolin Widmann L\u2019extraordinaire violoniste Carolin Widmann rejoint Atmosph\u00e8res pour un [&hellip;]","og_url":"https:\/\/www.ecolenormalecortot.com\/en\/event\/theatre-sans-paroles-carolin-widmann-lensemble-atmosphere-direction-ilyich-rivas\/","og_site_name":"Ecole Normale de Musique de Paris","og_image":[{"width":1200,"height":801,"url":"https:\/\/www.ecolenormalecortot.com\/wp-content\/uploads\/2024\/03\/Anastasia_Rizikov.jpeg","type":"image\/jpeg"}],"twitter_card":"summary_large_image","twitter_misc":{"Est. reading time":"5 minutes"},"schema":{"@context":"https:\/\/schema.org","@graph":[{"@type":"WebPage","@id":"https:\/\/www.ecolenormalecortot.com\/en\/event\/theatre-sans-paroles-carolin-widmann-lensemble-atmosphere-direction-ilyich-rivas\/","url":"https:\/\/www.ecolenormalecortot.com\/en\/event\/theatre-sans-paroles-carolin-widmann-lensemble-atmosphere-direction-ilyich-rivas\/","name":"Th\u00e9\u00e2tre sans paroles - Carolin Widmann &amp; l'Ensemble Atmosph\u00e8re, direction Ilyich Rivas - Ecole Normale de Musique de Paris","isPartOf":{"@id":"https:\/\/www.ecolenormalecortot.com\/en\/#website"},"primaryImageOfPage":{"@id":"https:\/\/www.ecolenormalecortot.com\/en\/event\/theatre-sans-paroles-carolin-widmann-lensemble-atmosphere-direction-ilyich-rivas\/#primaryimage"},"image":{"@id":"https:\/\/www.ecolenormalecortot.com\/en\/event\/theatre-sans-paroles-carolin-widmann-lensemble-atmosphere-direction-ilyich-rivas\/#primaryimage"},"thumbnailUrl":"https:\/\/www.ecolenormalecortot.com\/wp-content\/uploads\/2026\/03\/carolin-widmann.png","datePublished":"2026-03-05T14:56:08+00:00","breadcrumb":{"@id":"https:\/\/www.ecolenormalecortot.com\/en\/event\/theatre-sans-paroles-carolin-widmann-lensemble-atmosphere-direction-ilyich-rivas\/#breadcrumb"},"inLanguage":"en-US","potentialAction":[{"@type":"ReadAction","target":["https:\/\/www.ecolenormalecortot.com\/en\/event\/theatre-sans-paroles-carolin-widmann-lensemble-atmosphere-direction-ilyich-rivas\/"]}]},{"@type":"ImageObject","inLanguage":"en-US","@id":"https:\/\/www.ecolenormalecortot.com\/en\/event\/theatre-sans-paroles-carolin-widmann-lensemble-atmosphere-direction-ilyich-rivas\/#primaryimage","url":"https:\/\/www.ecolenormalecortot.com\/wp-content\/uploads\/2026\/03\/carolin-widmann.png","contentUrl":"https:\/\/www.ecolenormalecortot.com\/wp-content\/uploads\/2026\/03\/carolin-widmann.png","width":1110,"height":643},{"@type":"BreadcrumbList","@id":"https:\/\/www.ecolenormalecortot.com\/en\/event\/theatre-sans-paroles-carolin-widmann-lensemble-atmosphere-direction-ilyich-rivas\/#breadcrumb","itemListElement":[{"@type":"ListItem","position":1,"name":"Accueil","item":"https:\/\/www.ecolenormalecortot.com\/en\/"},{"@type":"ListItem","position":2,"name":"\u00c9v\u00e8nements","item":"https:\/\/www.ecolenormalecortot.com\/en\/event\/"},{"@type":"ListItem","position":3,"name":"Th\u00e9\u00e2tre sans paroles &#8211; Carolin Widmann &amp; l&rsquo;Ensemble Atmosph\u00e8re, direction Ilyich Rivas"}]},{"@type":"WebSite","@id":"https:\/\/www.ecolenormalecortot.com\/en\/#website","url":"https:\/\/www.ecolenormalecortot.com\/en\/","name":"Ecole Normale de Musique de Paris","description":"","publisher":{"@id":"https:\/\/www.ecolenormalecortot.com\/en\/#organization"},"potentialAction":[{"@type":"SearchAction","target":{"@type":"EntryPoint","urlTemplate":"https:\/\/www.ecolenormalecortot.com\/en\/?s={search_term_string}"},"query-input":{"@type":"PropertyValueSpecification","valueRequired":true,"valueName":"search_term_string"}}],"inLanguage":"en-US"},{"@type":"Organization","@id":"https:\/\/www.ecolenormalecortot.com\/en\/#organization","name":"Ecole Normale de Musique de Paris","url":"https:\/\/www.ecolenormalecortot.com\/en\/","logo":{"@type":"ImageObject","inLanguage":"en-US","@id":"https:\/\/www.ecolenormalecortot.com\/en\/#\/schema\/logo\/image\/","url":"https:\/\/www.ecolenormalecortot.com\/wp-content\/uploads\/2023\/02\/android-chrome-512x512-1.png","contentUrl":"https:\/\/www.ecolenormalecortot.com\/wp-content\/uploads\/2023\/02\/android-chrome-512x512-1.png","width":512,"height":512,"caption":"Ecole Normale de Musique de Paris"},"image":{"@id":"https:\/\/www.ecolenormalecortot.com\/en\/#\/schema\/logo\/image\/"}}]}},"_links":{"self":[{"href":"https:\/\/www.ecolenormalecortot.com\/en\/wp-json\/wp\/v2\/event\/12095","targetHints":{"allow":["GET"]}}],"collection":[{"href":"https:\/\/www.ecolenormalecortot.com\/en\/wp-json\/wp\/v2\/event"}],"about":[{"href":"https:\/\/www.ecolenormalecortot.com\/en\/wp-json\/wp\/v2\/types\/event"}],"wp:featuredmedia":[{"embeddable":true,"href":"https:\/\/www.ecolenormalecortot.com\/en\/wp-json\/wp\/v2\/media\/12093"}],"wp:attachment":[{"href":"https:\/\/www.ecolenormalecortot.com\/en\/wp-json\/wp\/v2\/media?parent=12095"}],"wp:term":[{"taxonomy":"event_category","embeddable":true,"href":"https:\/\/www.ecolenormalecortot.com\/en\/wp-json\/wp\/v2\/event_category?post=12095"}],"curies":[{"name":"wp","href":"https:\/\/api.w.org\/{rel}","templated":true}]}}