{"id":12092,"date":"2026-03-05T15:55:54","date_gmt":"2026-03-05T14:55:54","guid":{"rendered":"https:\/\/www.ecolenormalecortot.com\/event\/raconte-moi-le-jardin-feerique-de-maurice-ravel\/"},"modified":"2026-03-05T15:55:54","modified_gmt":"2026-03-05T14:55:54","slug":"raconte-moi-le-jardin-feerique-de-maurice-ravel","status":"publish","type":"event","link":"https:\/\/www.ecolenormalecortot.com\/en\/event\/raconte-moi-le-jardin-feerique-de-maurice-ravel\/","title":{"rendered":"Raconte-moi le Jardin f\u00e9erique de Maurice Ravel"},"content":{"rendered":"\n<p class=\"has-large-font-size\"><strong>Raconte-moi le Jardin f\u00e9erique de Maurice Ravel<\/strong><\/p>\n\n\n\n<p class=\"has-medium-font-size\"><em>Les contes de ma m\u00e8re l\u2019Oye<\/em> pour piano quatre mains &#8211; Petits contes de f\u00e9es pour doigts magiques!<br>Partons \u00e0 la d\u00e9couverte du royaume des f\u00e9es en \u00e9coutant les cinq pi\u00e8ces de Ma m\u00e8re l\u2019Oye pour piano \u00e0 quatre mains de&nbsp;Maurice Ravel.<br>Nous entendrons le sommeil de La Belle au bois dormant, devinerons le coucou dans la for\u00eat sombre du Petit Poucet, mais nous aussi danserons avec les pagodins et pagodines autour de Laideronnette. Nous fr\u00e9mirons au grognement de la B\u00eate\u2026 alors vite nous donnerons \u00e0 la Belle notre baguette magique ! Enfin, nous d\u00e9couvrirons le Jardin F\u00e9\u00e9rique de Maurice Ravel et tous ses enchantements\u2026<br>Quand la musique fait des miracles et nous offre la lumi\u00e8re\u2026<\/p>\n\n\n\n<div style=\"height:73px\" aria-hidden=\"true\" class=\"wp-block-spacer\"><\/div>\n\n\n\n<h2 class=\"wp-block-heading has-medium-font-size\"><strong>Raconte-moi la musique&#8230;<\/strong><\/h2>\n\n\n\n<p style=\"font-size:18px\">Avec cette nouvelle s\u00e9rie&nbsp;<strong>Raconte-moi la musique<\/strong>\u2026 Marianne Vourch propose aux familles des rendez-vous o\u00f9 elle nous d\u00e9voilera, aux c\u00f4t\u00e9s des \u00e9l\u00e8ves de l\u2019Ecole Normale de Paris, les myst\u00e8res des partitions mais aussi les liens ind\u00e9fectibles entre l\u2019histoire de la musique, des hommes et des arts. Des instants de po\u00e9sie, d\u2019\u00e9motions mais aussi de d\u00e9couvertes autour des mots, des sons et des regards dans le cadre exceptionnel de la <strong><a href=\"https:\/\/sallecortot.com\/\" target=\"_blank\" rel=\"noreferrer noopener\">salle Cortot<\/a><\/strong>.<\/p>\n\n\n\n<div style=\"height:70px\" aria-hidden=\"true\" class=\"wp-block-spacer\"><\/div>\n\n\n\n<p class=\"has-small-font-size\"><em>Le jardin de Claude Monet \u00e0 V\u00e9theuil<\/em>, Claude Monet (1881)<\/p>\n\n\n\n<p class=\"has-small-font-size\">\u00a9 Photo Marianne Vourch : Radio France \/ Christophe Abramowitz<\/p>\n\n\n\n<div style=\"height:70px\" aria-hidden=\"true\" class=\"wp-block-spacer\"><\/div>\n\n\n\n<h3 class=\"wp-block-heading\">Programme<\/h3>\n\n\n\n<p style=\"font-size:17px\">Ma m\u00e8re l\u2019Oye pour piano \u00e0 quatre mains de Maurice Ravel<\/p>\n\n\n\n<div style=\"height:80px\" aria-hidden=\"true\" class=\"wp-block-spacer\"><\/div>\n\n\n\n<h3 class=\"wp-block-heading\">Distribution<\/h3>\n\n\n\n<h3 class=\"wp-block-heading\">Marianne Vourch<\/h3>\n\n\n<div class=\"wp-block-image\">\n<figure class=\"alignleft size-large is-resized\"><img decoding=\"async\" src=\"https:\/\/sallecortot.com\/wp-content\/uploads\/2025\/07\/Img60555-copie1-1-edited-scaled.jpg\" alt=\"\" class=\"wp-image-6045\" style=\"width:191px;height:auto\"\/><\/figure>\n<\/div>\n\n\n<p style=\"font-size:17px\"><strong>Marianne Vourch<\/strong> a consacr\u00e9 l\u2019essentiel de son parcours professionnel \u00e0 promouvoir la musique classique aupr\u00e8s du jeune public, en tant que productrice de concerts, conf\u00e9renci\u00e8re musicale, auteure et \u00e9ditrice de livres disques, et productrice de podcasts.\u202f&nbsp;<br>&nbsp;<br>Apr\u00e8s une collaboration avec l\u2019agence artistique Op\u00e9ra et Concerts et le chef d\u2019orchestre Louis Langr\u00e9e, Marianne Vourch cr\u00e9e en 2001 <em>Les Concerts du Mercredi<\/em>, une s\u00e9rie de concerts mensuels qu\u2019elle animera pendant plus de 20 ans, d\u2019abord \u00e0 l\u2019Espace L\u00e9opold Bellan puis au Coll\u00e8ge des Bernardins \u00e0 Paris. Ces concerts \u00e0 destination des familles et des \u00e9coles ont rassembl\u00e9 la fine fleur des artistes fran\u00e7ais dans des programmes comment\u00e9s reliant la musique, l\u2019histoire et les arts. &nbsp;<br><\/p>\n\n\n\n<p style=\"font-size:17px\">En 2018 Marianne Vourch cr\u00e9e pour <strong>France Musique<\/strong> la s\u00e9rie de podcasts hebdomadaires <em>Histoires de musique<\/em>, qui sur un th\u00e8me diff\u00e9rent chaque semaine relie musique classique, histoire des hommes et histoire des arts. Ces podcasts, recommand\u00e9s par l\u2019Acad\u00e9mie de Paris, ont s\u00e9duit un large public.\u202fPuis en 2020, elle cr\u00e9\u00e9e les <em>\u00c9ditions Villanelle<\/em>, maison d\u2019\u00e9dition inspir\u00e9e par les <em>Concerts du Mercredi<\/em> et elle aussi consacr\u00e9e \u00e0 promouvoir la musique classique aupr\u00e8s du jeune public. Le premier ouvrage des \u00c9ditions Villanelle, \u00ab\u202fFarandole de comptines au piano\u202f\u00bb, imagin\u00e9 et con\u00e7u par Marianne Vourch avec des transcriptions du pianiste Abdel Rahman El Bacha a imm\u00e9diatement connu un grand succ\u00e8s. Le catalogue des \u00c9ditions Villanelle s\u2019est enrichi depuis de nombreuses collaborations artistiques originales associant musiciens et com\u00e9diens de premier plan.&nbsp;<\/p>\n\n\n\n<h2 class=\"wp-block-heading has-small-font-size\"><\/h2>\n\n\n\n<p style=\"font-size:17px\">Auteure du <em>Journal intime de Mozart<\/em> pour les \u00c9ditions Belin, Marianne Vourch propose en 2021 \u00e0 France Musique une d\u00e9clinaison radiophonique du <em>Journal intime de<\/em>. C\u2019est la naissance du podcast \u00ab <strong>Le journal intime de<\/strong> \u00bb, \u00e9crit et produit par Marianne Vourch. <em>Le Journal intime de Mozart<\/em>, premier de la s\u00e9rie et incarn\u00e9 par Nicolas Vaude suscite un grand enthousiasme. Il est suivi par <em>Le Journal intime de Maria Callas<\/em>, lu par Carole Bouquet, et <em>Le Journal intime de Rudolf Noureev<\/em> lu par Lambert Wilson.\u202f<\/p>\n\n\n\n<p style=\"font-size:17px\">La collection s\u2019agrandit avec <em>Le Journal intime de Jean-S\u00e9bastien Bach <\/em>lu par Denis Podalyd\u00e8s, <em>Le Journal intime de Nina Simone<\/em> lu par Claudia Tagbo, <em>Le Journal intime de Fr\u00e9d\u00e9ric Chopin<\/em> lu par Cl\u00e9ment Hervieu-L\u00e9ger, <em>Le Journal intime d\u2019Edith<\/em> Piaf lu par Josiane Balasko et <em>Le Journal intime de Leonard Bernstein<\/em> lu par Charles Berling.&nbsp; La s\u00e9rie s\u2019impose aujourd\u2019hui comme une r\u00e9f\u00e9rence et obtient un succ\u00e8s d\u2019\u00e9coutes exceptionnel. Les podcasts sont en parall\u00e8le \u00e9dit\u00e9s en livres audio aux \u00c9ditions Villanelle, en partenariat avec les \u00c9ditions Radio France.\u202f&nbsp;<br>&nbsp;<br>Marianne Vourch est \u00e9galement conf\u00e9renci\u00e8re musicale. Elle a anim\u00e9 de nombreuses conf\u00e9rences \u00e0 Londres et garde un attachement tr\u00e8s fort \u00e0 l\u2019Angleterre o\u00f9 elle r\u00e9alise depuis 2012 l\u2019essentiel de son travail de cr\u00e9ation. En tant que conf\u00e9renci\u00e8re en France, elle a collabor\u00e9 pendant plusieurs ann\u00e9es avec La Folle Journ\u00e9e de Nantes et de nombreux mus\u00e9es (Orsay, Orangerie, Grand Palais, Petit Palais) lors de conf\u00e9rences musicales en lien avec les expositions.\u202f&nbsp;<\/p>\n\n\n<div class=\"wp-block-image\">\n<figure class=\"alignleft size-full is-resized\"><a href=\"https:\/\/www.instagram.com\/marianne.vourch\/\" target=\"_blank\" rel=\" noreferrer noopener\"><img decoding=\"async\" src=\"https:\/\/sallecortot.com\/wp-content\/uploads\/2025\/05\/277-2773517_instagram-logo-white-logo-instagram-png-putih-transparent-removebg-preview-1-edited.png\" alt=\"\" class=\"wp-image-5062\" style=\"width:29px;height:auto\"\/><\/a><\/figure>\n<\/div>\n\n<div class=\"wp-block-image\">\n<figure class=\"alignleft size-full is-resized\"><a href=\"https:\/\/www.linkedin.com\/in\/marianne-vourch-60186657\/?originalSubdomain=uk\" target=\"_blank\" rel=\" noreferrer noopener\"><img decoding=\"async\" src=\"https:\/\/sallecortot.com\/wp-content\/uploads\/2025\/02\/linkedin-removebg-preview-edited.png\" alt=\"\" class=\"wp-image-3411\" style=\"width:28px;height:auto\"\/><\/a><\/figure>\n<\/div>\n\n<div class=\"wp-block-image\">\n<figure class=\"alignleft size-full is-resized\"><a href=\"https:\/\/www.radiofrance.fr\/personnes\/marianne-vourch\" target=\"_blank\" rel=\" noreferrer noopener\"><img decoding=\"async\" src=\"https:\/\/sallecortot.com\/wp-content\/uploads\/2025\/07\/play_250_250-removebg-preview-edited.png\" alt=\"\" class=\"wp-image-6041\" style=\"width:30px;height:auto\"\/><\/a><\/figure>\n<\/div>\n\n<div class=\"wp-block-image\">\n<figure class=\"alignleft size-full is-resized\"><a href=\"https:\/\/www.fnac.com\/ia4237417\/Marianne-Vourch\" target=\"_blank\" rel=\" noreferrer noopener\"><img decoding=\"async\" src=\"https:\/\/sallecortot.com\/wp-content\/uploads\/2025\/02\/fnac-logo-blanc.png\" alt=\"\" class=\"wp-image-4251\" style=\"width:26px;height:auto\"\/><\/a><\/figure>\n<\/div>\n\n\n<p style=\"font-size:17px\"><\/p>\n\n\n\n<div style=\"height:111px\" aria-hidden=\"true\" class=\"wp-block-spacer\"><\/div>\n\n\n\n<h3 class=\"wp-block-heading\">Organisateurs<\/h3>\n\n\n<div class=\"wp-block-image\">\n<figure class=\"alignleft size-large is-resized\"><a href=\"https:\/\/www.ecolenormalecortot.com\/\" target=\"_blank\" rel=\" noreferrer noopener\"><img decoding=\"async\" src=\"https:\/\/sallecortot.com\/wp-content\/uploads\/2024\/08\/LOGO-3-LIGNES-BLANC-1024x251.png\" alt=\"\" class=\"wp-image-1353\" style=\"width:179px;height:auto\"\/><\/a><\/figure>\n<\/div>\n\n<div class=\"wp-block-image\">\n<figure class=\"alignleft size-large is-resized\"><img decoding=\"async\" src=\"https:\/\/sallecortot.com\/wp-content\/uploads\/2025\/07\/Version-blanche-1024x167.png\" alt=\"\" class=\"wp-image-6965\" style=\"width:264px;height:auto\"\/><\/figure>\n<\/div>\n\n\n<div style=\"height:57px\" aria-hidden=\"true\" class=\"wp-block-spacer\"><\/div>\n\n\n\n<h3 class=\"wp-block-heading\">Partenaire<\/h3>\n\n\n<div class=\"wp-block-image\">\n<figure class=\"alignleft size-full is-resized\"><img decoding=\"async\" src=\"https:\/\/sallecortot.com\/wp-content\/uploads\/2025\/07\/Logo_Radio_Classique.webp\" alt=\"\" class=\"wp-image-7770\" style=\"width:90px;height:auto\"\/><\/figure>\n<\/div>\n\n\n<div style=\"height:57px\" aria-hidden=\"true\" class=\"wp-block-spacer\"><\/div>\n\n\n\n<h3 class=\"wp-block-heading\">Scolaire<\/h3>\n\n\n\n<p>Pour faire une demande d&#8217;inscription, merci d&#8217;utiliser le formulaire ci-dessous :<\/p>\n\n\n\n<div class=\"forminator-guttenberg\">[forminator_form id=&#8221;7768&#8243;]<\/div>\n\n\n\n\n\r\n    <a href=\"https:\/\/sallecortot.com\/la-programmation\/\" target=\"_blank\" class=\"block-cta style-link\">\r\n        Toute la Programmation    <\/a>\r\n","protected":false},"excerpt":{"rendered":"<p>Raconte-moi le Jardin f\u00e9erique de Maurice Ravel Les contes de ma m\u00e8re l\u2019Oye pour piano quatre mains &#8211; Petits contes [&hellip;]<\/p>\n","protected":false},"featured_media":12090,"template":"","meta":{"_acf_changed":false},"event_category":[],"class_list":["post-12092","event","type-event","status-publish","has-post-thumbnail","hentry"],"acf":{"presentation":"","musicians":"","program":"","host":"","date":"2026-03-28 15:00:00","time_start":"15:00","time_end":null,"end_date":null,"location_name":"","location_address":"","phone":"","link":null,"booking_link":"https:\/\/indiv.themisweb.fr\/0768\/fEventChoiceIsMade.aspx?idstructure=0768&idevent=25","price_from":"<p>Tarif plein : 25\u20ac<\/p>\n<p>Tarif enfant (-16 ans) : 15\u20ac<\/p>\n<p>&nbsp;<\/p>\n<p><a href=\"https:\/\/docs.google.com\/forms\/d\/e\/1FAIpQLSe3TRpp3taCKhOVVaWiOJ-2VYYZLCpmh_ecex5WQNBEfGPuRg\/viewform\"><strong>R\u00e9servations \u00e9tudiants ENMP &amp; professeurs<\/strong><\/a><\/p>\n<p>&nbsp;<\/p>\n<p>&nbsp;<\/p>\n","hide_price":false,"teachers":null,"event_type":"Raconte-moi la musique","datetime":"2026-03-28 15:00:00","end_datetime":"2026-03-28 17:00:00","booking_infos":"<p>01 48 24 40 63<br \/>\nbilletterie@sallecortot.fr<\/p>\n","source_post_id":"6033"},"yoast_head":"<!-- This site is optimized with the Yoast SEO plugin v27.5 - https:\/\/yoast.com\/product\/yoast-seo-wordpress\/ -->\n<title>Raconte-moi le Jardin f\u00e9erique de Maurice Ravel - Ecole Normale de Musique de Paris<\/title>\n<meta name=\"robots\" content=\"index, follow, max-snippet:-1, max-image-preview:large, max-video-preview:-1\" \/>\n<link rel=\"canonical\" href=\"https:\/\/www.ecolenormalecortot.com\/en\/event\/raconte-moi-le-jardin-feerique-de-maurice-ravel\/\" \/>\n<meta property=\"og:locale\" content=\"en_US\" \/>\n<meta property=\"og:type\" content=\"article\" \/>\n<meta property=\"og:title\" content=\"Raconte-moi le Jardin f\u00e9erique de Maurice Ravel - Ecole Normale de Musique de Paris\" \/>\n<meta property=\"og:description\" content=\"Raconte-moi le Jardin f\u00e9erique de Maurice Ravel Les contes de ma m\u00e8re l\u2019Oye pour piano quatre mains &#8211; Petits contes [&hellip;]\" \/>\n<meta property=\"og:url\" content=\"https:\/\/www.ecolenormalecortot.com\/en\/event\/raconte-moi-le-jardin-feerique-de-maurice-ravel\/\" \/>\n<meta property=\"og:site_name\" content=\"Ecole Normale de Musique de Paris\" \/>\n<meta name=\"twitter:card\" content=\"summary_large_image\" \/>\n<meta name=\"twitter:label1\" content=\"Est. reading time\" \/>\n\t<meta name=\"twitter:data1\" content=\"4 minutes\" \/>\n<script type=\"application\/ld+json\" class=\"yoast-schema-graph\">{\"@context\":\"https:\\\/\\\/schema.org\",\"@graph\":[{\"@type\":\"WebPage\",\"@id\":\"https:\\\/\\\/www.ecolenormalecortot.com\\\/en\\\/event\\\/raconte-moi-le-jardin-feerique-de-maurice-ravel\\\/\",\"url\":\"https:\\\/\\\/www.ecolenormalecortot.com\\\/en\\\/event\\\/raconte-moi-le-jardin-feerique-de-maurice-ravel\\\/\",\"name\":\"Raconte-moi le Jardin f\u00e9erique de Maurice Ravel - Ecole Normale de Musique de Paris\",\"isPartOf\":{\"@id\":\"https:\\\/\\\/www.ecolenormalecortot.com\\\/en\\\/#website\"},\"primaryImageOfPage\":{\"@id\":\"https:\\\/\\\/www.ecolenormalecortot.com\\\/en\\\/event\\\/raconte-moi-le-jardin-feerique-de-maurice-ravel\\\/#primaryimage\"},\"image\":{\"@id\":\"https:\\\/\\\/www.ecolenormalecortot.com\\\/en\\\/event\\\/raconte-moi-le-jardin-feerique-de-maurice-ravel\\\/#primaryimage\"},\"thumbnailUrl\":\"https:\\\/\\\/www.ecolenormalecortot.com\\\/wp-content\\\/uploads\\\/2026\\\/03\\\/Jardin-feerique-de-ravel-2.png\",\"datePublished\":\"2026-03-05T14:55:54+00:00\",\"breadcrumb\":{\"@id\":\"https:\\\/\\\/www.ecolenormalecortot.com\\\/en\\\/event\\\/raconte-moi-le-jardin-feerique-de-maurice-ravel\\\/#breadcrumb\"},\"inLanguage\":\"en-US\",\"potentialAction\":[{\"@type\":\"ReadAction\",\"target\":[\"https:\\\/\\\/www.ecolenormalecortot.com\\\/en\\\/event\\\/raconte-moi-le-jardin-feerique-de-maurice-ravel\\\/\"]}]},{\"@type\":\"ImageObject\",\"inLanguage\":\"en-US\",\"@id\":\"https:\\\/\\\/www.ecolenormalecortot.com\\\/en\\\/event\\\/raconte-moi-le-jardin-feerique-de-maurice-ravel\\\/#primaryimage\",\"url\":\"https:\\\/\\\/www.ecolenormalecortot.com\\\/wp-content\\\/uploads\\\/2026\\\/03\\\/Jardin-feerique-de-ravel-2.png\",\"contentUrl\":\"https:\\\/\\\/www.ecolenormalecortot.com\\\/wp-content\\\/uploads\\\/2026\\\/03\\\/Jardin-feerique-de-ravel-2.png\",\"width\":1110,\"height\":643},{\"@type\":\"BreadcrumbList\",\"@id\":\"https:\\\/\\\/www.ecolenormalecortot.com\\\/en\\\/event\\\/raconte-moi-le-jardin-feerique-de-maurice-ravel\\\/#breadcrumb\",\"itemListElement\":[{\"@type\":\"ListItem\",\"position\":1,\"name\":\"Accueil\",\"item\":\"https:\\\/\\\/www.ecolenormalecortot.com\\\/en\\\/\"},{\"@type\":\"ListItem\",\"position\":2,\"name\":\"\u00c9v\u00e8nements\",\"item\":\"https:\\\/\\\/www.ecolenormalecortot.com\\\/en\\\/event\\\/\"},{\"@type\":\"ListItem\",\"position\":3,\"name\":\"Raconte-moi le Jardin f\u00e9erique de Maurice Ravel\"}]},{\"@type\":\"WebSite\",\"@id\":\"https:\\\/\\\/www.ecolenormalecortot.com\\\/en\\\/#website\",\"url\":\"https:\\\/\\\/www.ecolenormalecortot.com\\\/en\\\/\",\"name\":\"Ecole Normale de Musique de Paris\",\"description\":\"\",\"publisher\":{\"@id\":\"https:\\\/\\\/www.ecolenormalecortot.com\\\/en\\\/#organization\"},\"potentialAction\":[{\"@type\":\"SearchAction\",\"target\":{\"@type\":\"EntryPoint\",\"urlTemplate\":\"https:\\\/\\\/www.ecolenormalecortot.com\\\/en\\\/?s={search_term_string}\"},\"query-input\":{\"@type\":\"PropertyValueSpecification\",\"valueRequired\":true,\"valueName\":\"search_term_string\"}}],\"inLanguage\":\"en-US\"},{\"@type\":\"Organization\",\"@id\":\"https:\\\/\\\/www.ecolenormalecortot.com\\\/en\\\/#organization\",\"name\":\"Ecole Normale de Musique de Paris\",\"url\":\"https:\\\/\\\/www.ecolenormalecortot.com\\\/en\\\/\",\"logo\":{\"@type\":\"ImageObject\",\"inLanguage\":\"en-US\",\"@id\":\"https:\\\/\\\/www.ecolenormalecortot.com\\\/en\\\/#\\\/schema\\\/logo\\\/image\\\/\",\"url\":\"https:\\\/\\\/www.ecolenormalecortot.com\\\/wp-content\\\/uploads\\\/2023\\\/02\\\/android-chrome-512x512-1.png\",\"contentUrl\":\"https:\\\/\\\/www.ecolenormalecortot.com\\\/wp-content\\\/uploads\\\/2023\\\/02\\\/android-chrome-512x512-1.png\",\"width\":512,\"height\":512,\"caption\":\"Ecole Normale de Musique de Paris\"},\"image\":{\"@id\":\"https:\\\/\\\/www.ecolenormalecortot.com\\\/en\\\/#\\\/schema\\\/logo\\\/image\\\/\"}}]}<\/script>\n<!-- \/ Yoast SEO plugin. -->","yoast_head_json":{"title":"Raconte-moi le Jardin f\u00e9erique de Maurice Ravel - Ecole Normale de Musique de Paris","robots":{"index":"index","follow":"follow","max-snippet":"max-snippet:-1","max-image-preview":"max-image-preview:large","max-video-preview":"max-video-preview:-1"},"canonical":"https:\/\/www.ecolenormalecortot.com\/en\/event\/raconte-moi-le-jardin-feerique-de-maurice-ravel\/","og_locale":"en_US","og_type":"article","og_title":"Raconte-moi le Jardin f\u00e9erique de Maurice Ravel - Ecole Normale de Musique de Paris","og_description":"Raconte-moi le Jardin f\u00e9erique de Maurice Ravel Les contes de ma m\u00e8re l\u2019Oye pour piano quatre mains &#8211; Petits contes [&hellip;]","og_url":"https:\/\/www.ecolenormalecortot.com\/en\/event\/raconte-moi-le-jardin-feerique-de-maurice-ravel\/","og_site_name":"Ecole Normale de Musique de Paris","twitter_card":"summary_large_image","twitter_misc":{"Est. reading time":"4 minutes"},"schema":{"@context":"https:\/\/schema.org","@graph":[{"@type":"WebPage","@id":"https:\/\/www.ecolenormalecortot.com\/en\/event\/raconte-moi-le-jardin-feerique-de-maurice-ravel\/","url":"https:\/\/www.ecolenormalecortot.com\/en\/event\/raconte-moi-le-jardin-feerique-de-maurice-ravel\/","name":"Raconte-moi le Jardin f\u00e9erique de Maurice Ravel - Ecole Normale de Musique de Paris","isPartOf":{"@id":"https:\/\/www.ecolenormalecortot.com\/en\/#website"},"primaryImageOfPage":{"@id":"https:\/\/www.ecolenormalecortot.com\/en\/event\/raconte-moi-le-jardin-feerique-de-maurice-ravel\/#primaryimage"},"image":{"@id":"https:\/\/www.ecolenormalecortot.com\/en\/event\/raconte-moi-le-jardin-feerique-de-maurice-ravel\/#primaryimage"},"thumbnailUrl":"https:\/\/www.ecolenormalecortot.com\/wp-content\/uploads\/2026\/03\/Jardin-feerique-de-ravel-2.png","datePublished":"2026-03-05T14:55:54+00:00","breadcrumb":{"@id":"https:\/\/www.ecolenormalecortot.com\/en\/event\/raconte-moi-le-jardin-feerique-de-maurice-ravel\/#breadcrumb"},"inLanguage":"en-US","potentialAction":[{"@type":"ReadAction","target":["https:\/\/www.ecolenormalecortot.com\/en\/event\/raconte-moi-le-jardin-feerique-de-maurice-ravel\/"]}]},{"@type":"ImageObject","inLanguage":"en-US","@id":"https:\/\/www.ecolenormalecortot.com\/en\/event\/raconte-moi-le-jardin-feerique-de-maurice-ravel\/#primaryimage","url":"https:\/\/www.ecolenormalecortot.com\/wp-content\/uploads\/2026\/03\/Jardin-feerique-de-ravel-2.png","contentUrl":"https:\/\/www.ecolenormalecortot.com\/wp-content\/uploads\/2026\/03\/Jardin-feerique-de-ravel-2.png","width":1110,"height":643},{"@type":"BreadcrumbList","@id":"https:\/\/www.ecolenormalecortot.com\/en\/event\/raconte-moi-le-jardin-feerique-de-maurice-ravel\/#breadcrumb","itemListElement":[{"@type":"ListItem","position":1,"name":"Accueil","item":"https:\/\/www.ecolenormalecortot.com\/en\/"},{"@type":"ListItem","position":2,"name":"\u00c9v\u00e8nements","item":"https:\/\/www.ecolenormalecortot.com\/en\/event\/"},{"@type":"ListItem","position":3,"name":"Raconte-moi le Jardin f\u00e9erique de Maurice Ravel"}]},{"@type":"WebSite","@id":"https:\/\/www.ecolenormalecortot.com\/en\/#website","url":"https:\/\/www.ecolenormalecortot.com\/en\/","name":"Ecole Normale de Musique de Paris","description":"","publisher":{"@id":"https:\/\/www.ecolenormalecortot.com\/en\/#organization"},"potentialAction":[{"@type":"SearchAction","target":{"@type":"EntryPoint","urlTemplate":"https:\/\/www.ecolenormalecortot.com\/en\/?s={search_term_string}"},"query-input":{"@type":"PropertyValueSpecification","valueRequired":true,"valueName":"search_term_string"}}],"inLanguage":"en-US"},{"@type":"Organization","@id":"https:\/\/www.ecolenormalecortot.com\/en\/#organization","name":"Ecole Normale de Musique de Paris","url":"https:\/\/www.ecolenormalecortot.com\/en\/","logo":{"@type":"ImageObject","inLanguage":"en-US","@id":"https:\/\/www.ecolenormalecortot.com\/en\/#\/schema\/logo\/image\/","url":"https:\/\/www.ecolenormalecortot.com\/wp-content\/uploads\/2023\/02\/android-chrome-512x512-1.png","contentUrl":"https:\/\/www.ecolenormalecortot.com\/wp-content\/uploads\/2023\/02\/android-chrome-512x512-1.png","width":512,"height":512,"caption":"Ecole Normale de Musique de Paris"},"image":{"@id":"https:\/\/www.ecolenormalecortot.com\/en\/#\/schema\/logo\/image\/"}}]}},"_links":{"self":[{"href":"https:\/\/www.ecolenormalecortot.com\/en\/wp-json\/wp\/v2\/event\/12092","targetHints":{"allow":["GET"]}}],"collection":[{"href":"https:\/\/www.ecolenormalecortot.com\/en\/wp-json\/wp\/v2\/event"}],"about":[{"href":"https:\/\/www.ecolenormalecortot.com\/en\/wp-json\/wp\/v2\/types\/event"}],"wp:featuredmedia":[{"embeddable":true,"href":"https:\/\/www.ecolenormalecortot.com\/en\/wp-json\/wp\/v2\/media\/12090"}],"wp:attachment":[{"href":"https:\/\/www.ecolenormalecortot.com\/en\/wp-json\/wp\/v2\/media?parent=12092"}],"wp:term":[{"taxonomy":"event_category","embeddable":true,"href":"https:\/\/www.ecolenormalecortot.com\/en\/wp-json\/wp\/v2\/event_category?post=12092"}],"curies":[{"name":"wp","href":"https:\/\/api.w.org\/{rel}","templated":true}]}}