{"id":12089,"date":"2026-03-05T15:55:38","date_gmt":"2026-03-05T14:55:38","guid":{"rendered":"https:\/\/www.ecolenormalecortot.com\/event\/masterclass-de-piano-robert-levin\/"},"modified":"2026-03-23T16:07:09","modified_gmt":"2026-03-23T15:07:09","slug":"masterclass-de-piano-robert-levin","status":"publish","type":"event","link":"https:\/\/www.ecolenormalecortot.com\/en\/event\/masterclass-de-piano-robert-levin\/","title":{"rendered":"Masterclass de piano &#8211;  Robert Levin"},"content":{"rendered":"\n<p class=\"has-large-font-size\"><strong>Masterclass de piano &#8211;  Robert Levin<\/strong><\/p>\n\n\n\n<p class=\"has-medium-font-size\"><strong>LES RENCONTRES MUSICALES DE CORTOT<br>La saison de l\u2019\u00c9cole Normale de Musique de Paris o\u00f9 se c\u00f4toient grands solistes d\u2019aujourd\u2019hui et \u00e9toiles de demain.<\/strong><\/p>\n\n\n\n<div style=\"height:100px\" aria-hidden=\"true\" class=\"wp-block-spacer\"><\/div>\n\n\n\n<h2 class=\"wp-block-heading\" style=\"font-size:40px\">Programme<\/h2>\n\n\n\n<p class=\"has-medium-font-size\">14H &#8211; Ziyu SHAO<\/p>\n\n\n\n<p class=\"has-medium-font-size\">L.V. BEETHOVEN : Fantasie op.77 en sol mineur<\/p>\n\n\n\n<div style=\"height:17px\" aria-hidden=\"true\" class=\"wp-block-spacer\"><\/div>\n\n\n\n<p class=\"has-medium-font-size\">14H45- Ahin KIM<\/p>\n\n\n\n<p class=\"has-medium-font-size\">W.A. MOZART : Sonate n\u00b018 en r\u00e9 majeur, K.576<\/p>\n\n\n\n<div style=\"height:17px\" aria-hidden=\"true\" class=\"wp-block-spacer\"><\/div>\n\n\n\n<p class=\"has-medium-font-size\">15H30 &#8211; Novak DEFRANCE<\/p>\n\n\n\n<p class=\"has-medium-font-size\">W.A. MOZART : Sonate KV 533 en fa Majeur<\/p>\n\n\n\n<div style=\"height:17px\" aria-hidden=\"true\" class=\"wp-block-spacer\"><\/div>\n\n\n\n<p class=\"has-medium-font-size\">16h15 &#8211; Seoyeon KIM <\/p>\n\n\n\n<p class=\"has-medium-font-size\">S. RACHMANINOV : Variations sur un th\u00e8me de Corelli, Op. 42 (extraits)<\/p>\n\n\n\n<div style=\"height:100px\" aria-hidden=\"true\" class=\"wp-block-spacer\"><\/div>\n\n\n\n<h2 class=\"wp-block-heading\" style=\"font-size:40px\">Robert Levin, piano<\/h2>\n\n\n<div class=\"wp-block-image\">\n<figure class=\"alignleft size-large is-resized\"><img decoding=\"async\" src=\"https:\/\/sallecortot.com\/wp-content\/uploads\/2025\/11\/Robert-Levin-edited.png\" alt=\"Masterclass de piano -  Robert Levin\" class=\"wp-image-7627\" style=\"width:142px;height:auto\"\/><\/figure>\n<\/div>\n\n\n<p style=\"font-size:17px\">Le pianiste Robert Levin a accompagn\u00e9 une multitude d\u2019orchestres et de formations prestigieuses en tant que soliste sur un Steinway, au c\u00f4t\u00e9 de chefs d\u2019orchestres tels que Semyon Bychkov, Bernard Haitink, Neville Marriner, Seiji Ozawa, Simon Rattle ou encore Joseph Silverstein.<\/p>\n\n\n\n<p style=\"font-size:17px\">Robert Levin a aussi d\u00e9velopp\u00e9 une carri\u00e8re de musicien de chambre avec une association de longue date avec le violoniste Kim Kashkashian. Il se produit r\u00e9guli\u00e8rement avec sa femme, la pianiste Ya-Fei Chuang, lors de r\u00e9citals en duo et avec orchestre. Depuis 2007 il a pris la suite de Paul Wolfe en tant que directeur artistique du Sarasota Music Festival. Robert Levin est un v\u00e9ritable connaisseur de la musique de Mozart, et il a notamment publi\u00e9 un ach\u00e8vement du&nbsp;<em>Requiem<\/em>&nbsp;de Mozart qui a \u00e9t\u00e9 acclam\u00e9 par la critique et jou\u00e9 pour la premi\u00e8re fois sous la direction d\u2019Helmuth Rilling lors du Festival europ\u00e9en de Musique de Stuttgart en 1991.<\/p>\n\n\n\n<p style=\"font-size:17px\">Tr\u00e8s grand connaisseur du r\u00e9pertoire baroque et classique, il est pr\u00e9sident du concours international Jean-S\u00e9bastien Bach de Leipzig, membre de l\u2019Acad\u00e9mie Am\u00e9ricaine des Arts et des Sciences, et professeur \u00e0 l\u2019universit\u00e9 d\u2019Harvard.<\/p>\n\n\n\n<div style=\"height:100px\" aria-hidden=\"true\" class=\"wp-block-spacer\"><\/div>\n\n\n\n<h2 class=\"wp-block-heading\" style=\"font-size:40px\">Organisateurs<\/h2>\n\n\n<div class=\"wp-block-image\">\n<figure class=\"alignleft size-large is-resized\"><a href=\"https:\/\/www.ecolenormalecortot.com\/\" target=\"_blank\" rel=\" noreferrer noopener\"><img decoding=\"async\" src=\"https:\/\/sallecortot.com\/wp-content\/uploads\/2024\/08\/LOGO-3-LIGNES-BLANC-1024x251.png\" alt=\"\u00c9cole normale de Musique de Paris Alfred Cortot\" class=\"wp-image-1353\" style=\"width:223px;height:auto\"\/><\/a><\/figure>\n<\/div>\n\n<div class=\"wp-block-image\">\n<figure class=\"alignleft size-large is-resized\"><a href=\"https:\/\/sallecortot.com\/\" target=\"_blank\" rel=\" noreferrer noopener\"><img decoding=\"async\" src=\"https:\/\/sallecortot.com\/wp-content\/uploads\/2025\/03\/LOGO-SALLE-CORTOT-RVB-edited-1024x631.png\" alt=\"\" class=\"wp-image-3931\" style=\"width:105px;height:auto\"\/><\/a><\/figure>\n<\/div>\n\n\n<p><\/p>\n","protected":false},"excerpt":{"rendered":"<p>Masterclass de piano &#8211; Robert Levin LES RENCONTRES MUSICALES DE CORTOTLa saison de l\u2019\u00c9cole Normale de Musique de Paris o\u00f9 [&hellip;]<\/p>\n","protected":false},"featured_media":12087,"template":"","meta":{"_acf_changed":false},"event_category":[],"class_list":["post-12089","event","type-event","status-publish","has-post-thumbnail","hentry"],"acf":{"presentation":"","musicians":"","program":"","host":"","date":"2026-03-25 14:00:00","time_start":"14:00","time_end":null,"end_date":null,"location_name":"","location_address":"","phone":"","link":null,"booking_link":"https:\/\/my.weezevent.com\/masterclass-robert-levine?_gl=1*234u6j*_gcl_au*MTYyMjcxMzgyNi4xNzY0MTU1MjUzLjk2Njk4NDM0My4xNzcwODAwMTU3LjE3NzA4MDAxNTc.*_ga*ODI1MTE5MDIwLjE3NzA5MDM0NjQ.*_ga_39H9VBFX7G*czE3NzEyNTAwMjYkbzMwNyRnMSR0MTc3MTI1MDg0MCRqNjAkbDAkaDE4ODAyMjk4ODI.","price_from":"<p>Entr\u00e9e libre sur r\u00e9servation.<\/p>\n","hide_price":false,"teachers":null,"event_type":"Masterclass \u00c9cole","datetime":"2026-03-25 14:00:00","end_datetime":"","booking_infos":"","source_post_id":"7174"},"yoast_head":"<!-- This site is optimized with the Yoast SEO plugin v27.5 - https:\/\/yoast.com\/product\/yoast-seo-wordpress\/ -->\n<title>Masterclass de piano - Robert Levin - Ecole Normale de Musique de Paris<\/title>\n<meta name=\"robots\" content=\"index, follow, max-snippet:-1, max-image-preview:large, max-video-preview:-1\" \/>\n<link rel=\"canonical\" href=\"https:\/\/www.ecolenormalecortot.com\/en\/event\/masterclass-de-piano-robert-levin\/\" \/>\n<meta property=\"og:locale\" content=\"en_US\" \/>\n<meta property=\"og:type\" content=\"article\" \/>\n<meta property=\"og:title\" content=\"Masterclass de piano - Robert Levin - Ecole Normale de Musique de Paris\" \/>\n<meta property=\"og:description\" content=\"Masterclass de piano &#8211; Robert Levin LES RENCONTRES MUSICALES DE CORTOTLa saison de l\u2019\u00c9cole Normale de Musique de Paris o\u00f9 [&hellip;]\" \/>\n<meta property=\"og:url\" content=\"https:\/\/www.ecolenormalecortot.com\/en\/event\/masterclass-de-piano-robert-levin\/\" \/>\n<meta property=\"og:site_name\" content=\"Ecole Normale de Musique de Paris\" \/>\n<meta property=\"article:modified_time\" content=\"2026-03-23T15:07:09+00:00\" \/>\n<meta property=\"og:image\" content=\"https:\/\/www.ecolenormalecortot.com\/wp-content\/uploads\/2026\/03\/Robert-Levin.png\" \/>\n\t<meta property=\"og:image:width\" content=\"1110\" \/>\n\t<meta property=\"og:image:height\" content=\"643\" \/>\n\t<meta property=\"og:image:type\" content=\"image\/png\" \/>\n<meta name=\"twitter:card\" content=\"summary_large_image\" \/>\n<meta name=\"twitter:label1\" content=\"Est. reading time\" \/>\n\t<meta name=\"twitter:data1\" content=\"1 minute\" \/>\n<script type=\"application\/ld+json\" class=\"yoast-schema-graph\">{\"@context\":\"https:\\\/\\\/schema.org\",\"@graph\":[{\"@type\":\"WebPage\",\"@id\":\"https:\\\/\\\/www.ecolenormalecortot.com\\\/en\\\/event\\\/masterclass-de-piano-robert-levin\\\/\",\"url\":\"https:\\\/\\\/www.ecolenormalecortot.com\\\/en\\\/event\\\/masterclass-de-piano-robert-levin\\\/\",\"name\":\"Masterclass de piano - Robert Levin - Ecole Normale de Musique de Paris\",\"isPartOf\":{\"@id\":\"https:\\\/\\\/www.ecolenormalecortot.com\\\/en\\\/#website\"},\"primaryImageOfPage\":{\"@id\":\"https:\\\/\\\/www.ecolenormalecortot.com\\\/en\\\/event\\\/masterclass-de-piano-robert-levin\\\/#primaryimage\"},\"image\":{\"@id\":\"https:\\\/\\\/www.ecolenormalecortot.com\\\/en\\\/event\\\/masterclass-de-piano-robert-levin\\\/#primaryimage\"},\"thumbnailUrl\":\"https:\\\/\\\/www.ecolenormalecortot.com\\\/wp-content\\\/uploads\\\/2026\\\/03\\\/Robert-Levin.png\",\"datePublished\":\"2026-03-05T14:55:38+00:00\",\"dateModified\":\"2026-03-23T15:07:09+00:00\",\"breadcrumb\":{\"@id\":\"https:\\\/\\\/www.ecolenormalecortot.com\\\/en\\\/event\\\/masterclass-de-piano-robert-levin\\\/#breadcrumb\"},\"inLanguage\":\"en-US\",\"potentialAction\":[{\"@type\":\"ReadAction\",\"target\":[\"https:\\\/\\\/www.ecolenormalecortot.com\\\/en\\\/event\\\/masterclass-de-piano-robert-levin\\\/\"]}]},{\"@type\":\"ImageObject\",\"inLanguage\":\"en-US\",\"@id\":\"https:\\\/\\\/www.ecolenormalecortot.com\\\/en\\\/event\\\/masterclass-de-piano-robert-levin\\\/#primaryimage\",\"url\":\"https:\\\/\\\/www.ecolenormalecortot.com\\\/wp-content\\\/uploads\\\/2026\\\/03\\\/Robert-Levin.png\",\"contentUrl\":\"https:\\\/\\\/www.ecolenormalecortot.com\\\/wp-content\\\/uploads\\\/2026\\\/03\\\/Robert-Levin.png\",\"width\":1110,\"height\":643},{\"@type\":\"BreadcrumbList\",\"@id\":\"https:\\\/\\\/www.ecolenormalecortot.com\\\/en\\\/event\\\/masterclass-de-piano-robert-levin\\\/#breadcrumb\",\"itemListElement\":[{\"@type\":\"ListItem\",\"position\":1,\"name\":\"Accueil\",\"item\":\"https:\\\/\\\/www.ecolenormalecortot.com\\\/en\\\/\"},{\"@type\":\"ListItem\",\"position\":2,\"name\":\"\u00c9v\u00e8nements\",\"item\":\"https:\\\/\\\/www.ecolenormalecortot.com\\\/en\\\/event\\\/\"},{\"@type\":\"ListItem\",\"position\":3,\"name\":\"Masterclass de piano &#8211; Robert Levin\"}]},{\"@type\":\"WebSite\",\"@id\":\"https:\\\/\\\/www.ecolenormalecortot.com\\\/en\\\/#website\",\"url\":\"https:\\\/\\\/www.ecolenormalecortot.com\\\/en\\\/\",\"name\":\"Ecole Normale de Musique de Paris\",\"description\":\"\",\"publisher\":{\"@id\":\"https:\\\/\\\/www.ecolenormalecortot.com\\\/en\\\/#organization\"},\"potentialAction\":[{\"@type\":\"SearchAction\",\"target\":{\"@type\":\"EntryPoint\",\"urlTemplate\":\"https:\\\/\\\/www.ecolenormalecortot.com\\\/en\\\/?s={search_term_string}\"},\"query-input\":{\"@type\":\"PropertyValueSpecification\",\"valueRequired\":true,\"valueName\":\"search_term_string\"}}],\"inLanguage\":\"en-US\"},{\"@type\":\"Organization\",\"@id\":\"https:\\\/\\\/www.ecolenormalecortot.com\\\/en\\\/#organization\",\"name\":\"Ecole Normale de Musique de Paris\",\"url\":\"https:\\\/\\\/www.ecolenormalecortot.com\\\/en\\\/\",\"logo\":{\"@type\":\"ImageObject\",\"inLanguage\":\"en-US\",\"@id\":\"https:\\\/\\\/www.ecolenormalecortot.com\\\/en\\\/#\\\/schema\\\/logo\\\/image\\\/\",\"url\":\"https:\\\/\\\/www.ecolenormalecortot.com\\\/wp-content\\\/uploads\\\/2023\\\/02\\\/android-chrome-512x512-1.png\",\"contentUrl\":\"https:\\\/\\\/www.ecolenormalecortot.com\\\/wp-content\\\/uploads\\\/2023\\\/02\\\/android-chrome-512x512-1.png\",\"width\":512,\"height\":512,\"caption\":\"Ecole Normale de Musique de Paris\"},\"image\":{\"@id\":\"https:\\\/\\\/www.ecolenormalecortot.com\\\/en\\\/#\\\/schema\\\/logo\\\/image\\\/\"}}]}<\/script>\n<!-- \/ Yoast SEO plugin. -->","yoast_head_json":{"title":"Masterclass de piano - Robert Levin - Ecole Normale de Musique de Paris","robots":{"index":"index","follow":"follow","max-snippet":"max-snippet:-1","max-image-preview":"max-image-preview:large","max-video-preview":"max-video-preview:-1"},"canonical":"https:\/\/www.ecolenormalecortot.com\/en\/event\/masterclass-de-piano-robert-levin\/","og_locale":"en_US","og_type":"article","og_title":"Masterclass de piano - Robert Levin - Ecole Normale de Musique de Paris","og_description":"Masterclass de piano &#8211; Robert Levin LES RENCONTRES MUSICALES DE CORTOTLa saison de l\u2019\u00c9cole Normale de Musique de Paris o\u00f9 [&hellip;]","og_url":"https:\/\/www.ecolenormalecortot.com\/en\/event\/masterclass-de-piano-robert-levin\/","og_site_name":"Ecole Normale de Musique de Paris","article_modified_time":"2026-03-23T15:07:09+00:00","og_image":[{"width":1110,"height":643,"url":"https:\/\/www.ecolenormalecortot.com\/wp-content\/uploads\/2026\/03\/Robert-Levin.png","type":"image\/png"}],"twitter_card":"summary_large_image","twitter_misc":{"Est. reading time":"1 minute"},"schema":{"@context":"https:\/\/schema.org","@graph":[{"@type":"WebPage","@id":"https:\/\/www.ecolenormalecortot.com\/en\/event\/masterclass-de-piano-robert-levin\/","url":"https:\/\/www.ecolenormalecortot.com\/en\/event\/masterclass-de-piano-robert-levin\/","name":"Masterclass de piano - Robert Levin - Ecole Normale de Musique de Paris","isPartOf":{"@id":"https:\/\/www.ecolenormalecortot.com\/en\/#website"},"primaryImageOfPage":{"@id":"https:\/\/www.ecolenormalecortot.com\/en\/event\/masterclass-de-piano-robert-levin\/#primaryimage"},"image":{"@id":"https:\/\/www.ecolenormalecortot.com\/en\/event\/masterclass-de-piano-robert-levin\/#primaryimage"},"thumbnailUrl":"https:\/\/www.ecolenormalecortot.com\/wp-content\/uploads\/2026\/03\/Robert-Levin.png","datePublished":"2026-03-05T14:55:38+00:00","dateModified":"2026-03-23T15:07:09+00:00","breadcrumb":{"@id":"https:\/\/www.ecolenormalecortot.com\/en\/event\/masterclass-de-piano-robert-levin\/#breadcrumb"},"inLanguage":"en-US","potentialAction":[{"@type":"ReadAction","target":["https:\/\/www.ecolenormalecortot.com\/en\/event\/masterclass-de-piano-robert-levin\/"]}]},{"@type":"ImageObject","inLanguage":"en-US","@id":"https:\/\/www.ecolenormalecortot.com\/en\/event\/masterclass-de-piano-robert-levin\/#primaryimage","url":"https:\/\/www.ecolenormalecortot.com\/wp-content\/uploads\/2026\/03\/Robert-Levin.png","contentUrl":"https:\/\/www.ecolenormalecortot.com\/wp-content\/uploads\/2026\/03\/Robert-Levin.png","width":1110,"height":643},{"@type":"BreadcrumbList","@id":"https:\/\/www.ecolenormalecortot.com\/en\/event\/masterclass-de-piano-robert-levin\/#breadcrumb","itemListElement":[{"@type":"ListItem","position":1,"name":"Accueil","item":"https:\/\/www.ecolenormalecortot.com\/en\/"},{"@type":"ListItem","position":2,"name":"\u00c9v\u00e8nements","item":"https:\/\/www.ecolenormalecortot.com\/en\/event\/"},{"@type":"ListItem","position":3,"name":"Masterclass de piano &#8211; Robert Levin"}]},{"@type":"WebSite","@id":"https:\/\/www.ecolenormalecortot.com\/en\/#website","url":"https:\/\/www.ecolenormalecortot.com\/en\/","name":"Ecole Normale de Musique de Paris","description":"","publisher":{"@id":"https:\/\/www.ecolenormalecortot.com\/en\/#organization"},"potentialAction":[{"@type":"SearchAction","target":{"@type":"EntryPoint","urlTemplate":"https:\/\/www.ecolenormalecortot.com\/en\/?s={search_term_string}"},"query-input":{"@type":"PropertyValueSpecification","valueRequired":true,"valueName":"search_term_string"}}],"inLanguage":"en-US"},{"@type":"Organization","@id":"https:\/\/www.ecolenormalecortot.com\/en\/#organization","name":"Ecole Normale de Musique de Paris","url":"https:\/\/www.ecolenormalecortot.com\/en\/","logo":{"@type":"ImageObject","inLanguage":"en-US","@id":"https:\/\/www.ecolenormalecortot.com\/en\/#\/schema\/logo\/image\/","url":"https:\/\/www.ecolenormalecortot.com\/wp-content\/uploads\/2023\/02\/android-chrome-512x512-1.png","contentUrl":"https:\/\/www.ecolenormalecortot.com\/wp-content\/uploads\/2023\/02\/android-chrome-512x512-1.png","width":512,"height":512,"caption":"Ecole Normale de Musique de Paris"},"image":{"@id":"https:\/\/www.ecolenormalecortot.com\/en\/#\/schema\/logo\/image\/"}}]}},"_links":{"self":[{"href":"https:\/\/www.ecolenormalecortot.com\/en\/wp-json\/wp\/v2\/event\/12089","targetHints":{"allow":["GET"]}}],"collection":[{"href":"https:\/\/www.ecolenormalecortot.com\/en\/wp-json\/wp\/v2\/event"}],"about":[{"href":"https:\/\/www.ecolenormalecortot.com\/en\/wp-json\/wp\/v2\/types\/event"}],"wp:featuredmedia":[{"embeddable":true,"href":"https:\/\/www.ecolenormalecortot.com\/en\/wp-json\/wp\/v2\/media\/12087"}],"wp:attachment":[{"href":"https:\/\/www.ecolenormalecortot.com\/en\/wp-json\/wp\/v2\/media?parent=12089"}],"wp:term":[{"taxonomy":"event_category","embeddable":true,"href":"https:\/\/www.ecolenormalecortot.com\/en\/wp-json\/wp\/v2\/event_category?post=12089"}],"curies":[{"name":"wp","href":"https:\/\/api.w.org\/{rel}","templated":true}]}}