{"id":12086,"date":"2026-03-05T15:55:04","date_gmt":"2026-03-05T14:55:04","guid":{"rendered":"https:\/\/www.ecolenormalecortot.com\/event\/concert-focus-jeunes-compositeurs-et-compositrices-de-lenmp-avec-marie-vermeulin-et-lensemble-variances\/"},"modified":"2026-03-12T16:39:48","modified_gmt":"2026-03-12T15:39:48","slug":"concert-focus-jeunes-compositeurs-et-compositrices-de-lenmp-avec-marie-vermeulin-et-lensemble-variances","status":"publish","type":"event","link":"https:\/\/www.ecolenormalecortot.com\/en\/event\/concert-focus-jeunes-compositeurs-et-compositrices-de-lenmp-avec-marie-vermeulin-et-lensemble-variances\/","title":{"rendered":"Concert focus jeunes compositeurs et compositrices de l&#8217;ENMP | avec Marie Vermeulin et l&#8217;Ensemble Variances"},"content":{"rendered":"\n<p class=\"has-large-font-size\"><strong>Focus jeunes compositeurs et compositrices de l&#8217;ENMP &#8211; avec Marie Vermeulin et l&#8217;Ensemble Variances<\/strong><\/p>\n\n\n\n<p class=\"has-medium-font-size\"><strong>Concert des cr\u00e9ations des \u00e9l\u00e8ves en composition de l&#8217;ENMP avec l&#8217;Ensemble Variances, premi\u00e8re partie Messiaen avec Marie Vermeulin<\/strong><\/p>\n\n\n\n<p class=\"has-medium-font-size\">Ce concert sera consacr\u00e9 \u00e0 la cr\u00e9ation des \u0153uvres des \u00e9tudiants et \u00e9tudiantes en composition de l&#8217;\u00c9cole Normale de Musique de Paris des classes de Regis Campo,&nbsp;Micha\u00ebl Levinas&nbsp;et Eric Tanguy. Fruit du travail de l&#8217;Ensemble Variances et Thierry P\u00e9cou en r\u00e9sidence \u00e0 l&#8217;ENMP, ce concert sera l&#8217;occasion d&#8217;entendre des compositions originales jou\u00e9es et enregistr\u00e9es par un Ensemble professionnel, sp\u00e9cialis\u00e9 dans la musique de cr\u00e9ation. Marie Vermeulin, pianiste concertiste, proposera en premi\u00e8re partie une plong\u00e9e dans quelques oeuvres d&#8217;Olivier Messiaen.<\/p>\n\n\n\n<p>Photo : \u00a9 Olivier Lalane<\/p>\n\n\n\n<div style=\"height:72px\" aria-hidden=\"true\" class=\"wp-block-spacer\"><\/div>\n\n\n\n<h3 class=\"wp-block-heading\">Programme<\/h3>\n\n\n\n<p class=\"has-medium-font-size\"><strong>Premi\u00e8re partie : Olivier Messiaen par Marie Vermeulin<\/strong><\/p>\n\n\n\n<p class=\"has-medium-font-size\">Six Petites esquisses d\u2019oiseaux <\/p>\n\n\n\n<ul class=\"wp-block-list\">\n<li class=\"has-medium-font-size\">le Rouge-gorge <\/li>\n\n\n\n<li class=\"has-medium-font-size\">Le Merle noir <\/li>\n\n\n\n<li class=\"has-medium-font-size\">La Grive musicienne<\/li>\n<\/ul>\n\n\n\n<p class=\"has-medium-font-size\">Le Courlis cendr\u00e9 <\/p>\n\n\n\n<p class=\"has-medium-font-size\">Vingt Regards sur l\u2019Enfant-J\u00e9sus <\/p>\n\n\n\n<ul class=\"wp-block-list\">\n<li class=\"has-medium-font-size\">Le baiser de l\u2019enfant-J\u00e9sus <\/li>\n\n\n\n<li class=\"has-medium-font-size\">Regard des Hauteurs <\/li>\n\n\n\n<li class=\"has-medium-font-size\">Regard de l\u2019Esprit de joie<\/li>\n<\/ul>\n\n\n\n<p class=\"has-medium-font-size\"><strong>Deuxi\u00e8me partie : cr\u00e9ations des \u0153uvres des \u00e9l\u00e8ves en composition<br><\/strong>Natsuko Mononobe,\u00a0<em>Aitake dans le vide<\/em><br>Cristian Monti,\u00a0<em>Mysterion kai Apokalypsis<\/em><br>Tai Tri Tran,\u00a0<em>Quintette pour fl\u00fbte, clarinette, violon, violoncelle et piano<\/em><strong>\u00a0<\/strong>(2\/2026)<br>Haruna Yamamoto,\u00a0<em>L&#8217;air<\/em><\/p>\n\n\n\n<div style=\"height:60px\" aria-hidden=\"true\" class=\"wp-block-spacer\"><\/div>\n\n\n\n<h3 class=\"wp-block-heading\">Distribution<\/h3>\n\n\n\n<p class=\"has-medium-font-size\"><strong>Ensemble Variances<\/strong><\/p>\n\n\n\n<p class=\"has-medium-font-size\"><strong>Anne Cartel,<\/strong> fl\u00fbte<\/p>\n\n\n\n<p class=\"has-medium-font-size\"><strong>Carjez Gerretsen,<\/strong> clarinette&nbsp;<\/p>\n\n\n\n<p class=\"has-medium-font-size\"><strong>Romuald Grimbert-Barr\u00e9, <\/strong>violon &nbsp;<\/p>\n\n\n\n<p class=\"has-medium-font-size\"><strong>David Louwerse,<\/strong> violoncelle <\/p>\n\n\n\n<p class=\"has-medium-font-size\"><strong>Marie Vermeulin<\/strong>, piano&nbsp; <\/p>\n\n\n\n<p class=\"has-medium-font-size\"><strong>Thierry P\u00e9cou, <\/strong>direction&nbsp;<\/p>\n\n\n\n<div style=\"height:159px\" aria-hidden=\"true\" class=\"wp-block-spacer\"><\/div>\n\n\n\r\n    <a href=\"https:\/\/sallecortot.com\/la-programmation\/\" target=\"_blank\" class=\"block-cta style-link\">\r\n        Toute la Programmation    <\/a>\r\n","protected":false},"excerpt":{"rendered":"<p>Focus jeunes compositeurs et compositrices de l&#8217;ENMP &#8211; avec Marie Vermeulin et l&#8217;Ensemble Variances Concert des cr\u00e9ations des \u00e9l\u00e8ves en [&hellip;]<\/p>\n","protected":false},"featured_media":12084,"template":"","meta":{"_acf_changed":false},"event_category":[169],"class_list":["post-12086","event","type-event","status-publish","has-post-thumbnail","hentry","event_category-les-grands-concerts"],"acf":{"presentation":"","musicians":"","program":"","host":"","date":"2026-03-23 20:00:00","time_start":"20:00","time_end":null,"end_date":null,"location_name":"","location_address":"","phone":"","link":null,"booking_link":"https:\/\/my.weezevent.com\/concert-focus-jeunes-compositeurs-et-compositrices-de-lenmp-avec-marie-vermeulin-et-lensemble-variances?_gl=1*k5dbn1*_gcl_au*NTQyNTIyOTYzLjE3NzE5NDU3NjcuMTI0OTE2NDQ5MC4xNzcyMDI0Nzk3LjE3NzIwMjQ3OTc.*_ga*ODI1MTE5MDIwLjE3NzA5MDM0NjQ.*_ga_39H9VBFX7G*czE3NzIyMDU5NDgkbzMzMiRnMSR0MTc3MjIwNTk1MyRqNTUkbDAkaDE3ODE0NzM2Ng..","price_from":"<p>Entr\u00e9e libre sur r\u00e9servation.<\/p>\n","hide_price":false,"teachers":null,"event_type":"Ensemble Variances","datetime":"2026-03-23 20:00:00","end_datetime":"","booking_infos":"","source_post_id":"8638"},"yoast_head":"<!-- This site is optimized with the Yoast SEO plugin v27.5 - https:\/\/yoast.com\/product\/yoast-seo-wordpress\/ -->\n<title>Concert focus jeunes compositeurs et compositrices de l&#039;ENMP | avec Marie Vermeulin et l&#039;Ensemble Variances - Ecole Normale de Musique de Paris<\/title>\n<meta name=\"robots\" content=\"index, follow, max-snippet:-1, max-image-preview:large, max-video-preview:-1\" \/>\n<link rel=\"canonical\" href=\"https:\/\/www.ecolenormalecortot.com\/en\/event\/concert-focus-jeunes-compositeurs-et-compositrices-de-lenmp-avec-marie-vermeulin-et-lensemble-variances\/\" \/>\n<meta property=\"og:locale\" content=\"en_US\" \/>\n<meta property=\"og:type\" content=\"article\" \/>\n<meta property=\"og:title\" content=\"Concert focus jeunes compositeurs et compositrices de l&#039;ENMP | avec Marie Vermeulin et l&#039;Ensemble Variances - Ecole Normale de Musique de Paris\" \/>\n<meta property=\"og:description\" content=\"Focus jeunes compositeurs et compositrices de l&#8217;ENMP &#8211; avec Marie Vermeulin et l&#8217;Ensemble Variances Concert des cr\u00e9ations des \u00e9l\u00e8ves en [&hellip;]\" \/>\n<meta property=\"og:url\" content=\"https:\/\/www.ecolenormalecortot.com\/en\/event\/concert-focus-jeunes-compositeurs-et-compositrices-de-lenmp-avec-marie-vermeulin-et-lensemble-variances\/\" \/>\n<meta property=\"og:site_name\" content=\"Ecole Normale de Musique de Paris\" \/>\n<meta property=\"article:modified_time\" content=\"2026-03-12T15:39:48+00:00\" \/>\n<meta property=\"og:image\" content=\"https:\/\/www.ecolenormalecortot.com\/wp-content\/uploads\/2026\/03\/Variances.png\" \/>\n\t<meta property=\"og:image:width\" content=\"1110\" \/>\n\t<meta property=\"og:image:height\" content=\"643\" \/>\n\t<meta property=\"og:image:type\" content=\"image\/png\" \/>\n<meta name=\"twitter:card\" content=\"summary_large_image\" \/>\n<meta name=\"twitter:label1\" content=\"Est. reading time\" \/>\n\t<meta name=\"twitter:data1\" content=\"1 minute\" \/>\n<script type=\"application\/ld+json\" class=\"yoast-schema-graph\">{\"@context\":\"https:\\\/\\\/schema.org\",\"@graph\":[{\"@type\":\"WebPage\",\"@id\":\"https:\\\/\\\/www.ecolenormalecortot.com\\\/en\\\/event\\\/concert-focus-jeunes-compositeurs-et-compositrices-de-lenmp-avec-marie-vermeulin-et-lensemble-variances\\\/\",\"url\":\"https:\\\/\\\/www.ecolenormalecortot.com\\\/en\\\/event\\\/concert-focus-jeunes-compositeurs-et-compositrices-de-lenmp-avec-marie-vermeulin-et-lensemble-variances\\\/\",\"name\":\"Concert focus jeunes compositeurs et compositrices de l'ENMP | avec Marie Vermeulin et l'Ensemble Variances - Ecole Normale de Musique de Paris\",\"isPartOf\":{\"@id\":\"https:\\\/\\\/www.ecolenormalecortot.com\\\/en\\\/#website\"},\"primaryImageOfPage\":{\"@id\":\"https:\\\/\\\/www.ecolenormalecortot.com\\\/en\\\/event\\\/concert-focus-jeunes-compositeurs-et-compositrices-de-lenmp-avec-marie-vermeulin-et-lensemble-variances\\\/#primaryimage\"},\"image\":{\"@id\":\"https:\\\/\\\/www.ecolenormalecortot.com\\\/en\\\/event\\\/concert-focus-jeunes-compositeurs-et-compositrices-de-lenmp-avec-marie-vermeulin-et-lensemble-variances\\\/#primaryimage\"},\"thumbnailUrl\":\"https:\\\/\\\/www.ecolenormalecortot.com\\\/wp-content\\\/uploads\\\/2026\\\/03\\\/Variances.png\",\"datePublished\":\"2026-03-05T14:55:04+00:00\",\"dateModified\":\"2026-03-12T15:39:48+00:00\",\"breadcrumb\":{\"@id\":\"https:\\\/\\\/www.ecolenormalecortot.com\\\/en\\\/event\\\/concert-focus-jeunes-compositeurs-et-compositrices-de-lenmp-avec-marie-vermeulin-et-lensemble-variances\\\/#breadcrumb\"},\"inLanguage\":\"en-US\",\"potentialAction\":[{\"@type\":\"ReadAction\",\"target\":[\"https:\\\/\\\/www.ecolenormalecortot.com\\\/en\\\/event\\\/concert-focus-jeunes-compositeurs-et-compositrices-de-lenmp-avec-marie-vermeulin-et-lensemble-variances\\\/\"]}]},{\"@type\":\"ImageObject\",\"inLanguage\":\"en-US\",\"@id\":\"https:\\\/\\\/www.ecolenormalecortot.com\\\/en\\\/event\\\/concert-focus-jeunes-compositeurs-et-compositrices-de-lenmp-avec-marie-vermeulin-et-lensemble-variances\\\/#primaryimage\",\"url\":\"https:\\\/\\\/www.ecolenormalecortot.com\\\/wp-content\\\/uploads\\\/2026\\\/03\\\/Variances.png\",\"contentUrl\":\"https:\\\/\\\/www.ecolenormalecortot.com\\\/wp-content\\\/uploads\\\/2026\\\/03\\\/Variances.png\",\"width\":1110,\"height\":643},{\"@type\":\"BreadcrumbList\",\"@id\":\"https:\\\/\\\/www.ecolenormalecortot.com\\\/en\\\/event\\\/concert-focus-jeunes-compositeurs-et-compositrices-de-lenmp-avec-marie-vermeulin-et-lensemble-variances\\\/#breadcrumb\",\"itemListElement\":[{\"@type\":\"ListItem\",\"position\":1,\"name\":\"Accueil\",\"item\":\"https:\\\/\\\/www.ecolenormalecortot.com\\\/en\\\/\"},{\"@type\":\"ListItem\",\"position\":2,\"name\":\"\u00c9v\u00e8nements\",\"item\":\"https:\\\/\\\/www.ecolenormalecortot.com\\\/en\\\/event\\\/\"},{\"@type\":\"ListItem\",\"position\":3,\"name\":\"Concert focus jeunes compositeurs et compositrices de l&rsquo;ENMP | avec Marie Vermeulin et l&rsquo;Ensemble Variances\"}]},{\"@type\":\"WebSite\",\"@id\":\"https:\\\/\\\/www.ecolenormalecortot.com\\\/en\\\/#website\",\"url\":\"https:\\\/\\\/www.ecolenormalecortot.com\\\/en\\\/\",\"name\":\"Ecole Normale de Musique de Paris\",\"description\":\"\",\"publisher\":{\"@id\":\"https:\\\/\\\/www.ecolenormalecortot.com\\\/en\\\/#organization\"},\"potentialAction\":[{\"@type\":\"SearchAction\",\"target\":{\"@type\":\"EntryPoint\",\"urlTemplate\":\"https:\\\/\\\/www.ecolenormalecortot.com\\\/en\\\/?s={search_term_string}\"},\"query-input\":{\"@type\":\"PropertyValueSpecification\",\"valueRequired\":true,\"valueName\":\"search_term_string\"}}],\"inLanguage\":\"en-US\"},{\"@type\":\"Organization\",\"@id\":\"https:\\\/\\\/www.ecolenormalecortot.com\\\/en\\\/#organization\",\"name\":\"Ecole Normale de Musique de Paris\",\"url\":\"https:\\\/\\\/www.ecolenormalecortot.com\\\/en\\\/\",\"logo\":{\"@type\":\"ImageObject\",\"inLanguage\":\"en-US\",\"@id\":\"https:\\\/\\\/www.ecolenormalecortot.com\\\/en\\\/#\\\/schema\\\/logo\\\/image\\\/\",\"url\":\"https:\\\/\\\/www.ecolenormalecortot.com\\\/wp-content\\\/uploads\\\/2023\\\/02\\\/android-chrome-512x512-1.png\",\"contentUrl\":\"https:\\\/\\\/www.ecolenormalecortot.com\\\/wp-content\\\/uploads\\\/2023\\\/02\\\/android-chrome-512x512-1.png\",\"width\":512,\"height\":512,\"caption\":\"Ecole Normale de Musique de Paris\"},\"image\":{\"@id\":\"https:\\\/\\\/www.ecolenormalecortot.com\\\/en\\\/#\\\/schema\\\/logo\\\/image\\\/\"}}]}<\/script>\n<!-- \/ Yoast SEO plugin. -->","yoast_head_json":{"title":"Concert focus jeunes compositeurs et compositrices de l'ENMP | avec Marie Vermeulin et l'Ensemble Variances - Ecole Normale de Musique de Paris","robots":{"index":"index","follow":"follow","max-snippet":"max-snippet:-1","max-image-preview":"max-image-preview:large","max-video-preview":"max-video-preview:-1"},"canonical":"https:\/\/www.ecolenormalecortot.com\/en\/event\/concert-focus-jeunes-compositeurs-et-compositrices-de-lenmp-avec-marie-vermeulin-et-lensemble-variances\/","og_locale":"en_US","og_type":"article","og_title":"Concert focus jeunes compositeurs et compositrices de l'ENMP | avec Marie Vermeulin et l'Ensemble Variances - Ecole Normale de Musique de Paris","og_description":"Focus jeunes compositeurs et compositrices de l&#8217;ENMP &#8211; avec Marie Vermeulin et l&#8217;Ensemble Variances Concert des cr\u00e9ations des \u00e9l\u00e8ves en [&hellip;]","og_url":"https:\/\/www.ecolenormalecortot.com\/en\/event\/concert-focus-jeunes-compositeurs-et-compositrices-de-lenmp-avec-marie-vermeulin-et-lensemble-variances\/","og_site_name":"Ecole Normale de Musique de Paris","article_modified_time":"2026-03-12T15:39:48+00:00","og_image":[{"width":1110,"height":643,"url":"https:\/\/www.ecolenormalecortot.com\/wp-content\/uploads\/2026\/03\/Variances.png","type":"image\/png"}],"twitter_card":"summary_large_image","twitter_misc":{"Est. reading time":"1 minute"},"schema":{"@context":"https:\/\/schema.org","@graph":[{"@type":"WebPage","@id":"https:\/\/www.ecolenormalecortot.com\/en\/event\/concert-focus-jeunes-compositeurs-et-compositrices-de-lenmp-avec-marie-vermeulin-et-lensemble-variances\/","url":"https:\/\/www.ecolenormalecortot.com\/en\/event\/concert-focus-jeunes-compositeurs-et-compositrices-de-lenmp-avec-marie-vermeulin-et-lensemble-variances\/","name":"Concert focus jeunes compositeurs et compositrices de l'ENMP | avec Marie Vermeulin et l'Ensemble Variances - Ecole Normale de Musique de Paris","isPartOf":{"@id":"https:\/\/www.ecolenormalecortot.com\/en\/#website"},"primaryImageOfPage":{"@id":"https:\/\/www.ecolenormalecortot.com\/en\/event\/concert-focus-jeunes-compositeurs-et-compositrices-de-lenmp-avec-marie-vermeulin-et-lensemble-variances\/#primaryimage"},"image":{"@id":"https:\/\/www.ecolenormalecortot.com\/en\/event\/concert-focus-jeunes-compositeurs-et-compositrices-de-lenmp-avec-marie-vermeulin-et-lensemble-variances\/#primaryimage"},"thumbnailUrl":"https:\/\/www.ecolenormalecortot.com\/wp-content\/uploads\/2026\/03\/Variances.png","datePublished":"2026-03-05T14:55:04+00:00","dateModified":"2026-03-12T15:39:48+00:00","breadcrumb":{"@id":"https:\/\/www.ecolenormalecortot.com\/en\/event\/concert-focus-jeunes-compositeurs-et-compositrices-de-lenmp-avec-marie-vermeulin-et-lensemble-variances\/#breadcrumb"},"inLanguage":"en-US","potentialAction":[{"@type":"ReadAction","target":["https:\/\/www.ecolenormalecortot.com\/en\/event\/concert-focus-jeunes-compositeurs-et-compositrices-de-lenmp-avec-marie-vermeulin-et-lensemble-variances\/"]}]},{"@type":"ImageObject","inLanguage":"en-US","@id":"https:\/\/www.ecolenormalecortot.com\/en\/event\/concert-focus-jeunes-compositeurs-et-compositrices-de-lenmp-avec-marie-vermeulin-et-lensemble-variances\/#primaryimage","url":"https:\/\/www.ecolenormalecortot.com\/wp-content\/uploads\/2026\/03\/Variances.png","contentUrl":"https:\/\/www.ecolenormalecortot.com\/wp-content\/uploads\/2026\/03\/Variances.png","width":1110,"height":643},{"@type":"BreadcrumbList","@id":"https:\/\/www.ecolenormalecortot.com\/en\/event\/concert-focus-jeunes-compositeurs-et-compositrices-de-lenmp-avec-marie-vermeulin-et-lensemble-variances\/#breadcrumb","itemListElement":[{"@type":"ListItem","position":1,"name":"Accueil","item":"https:\/\/www.ecolenormalecortot.com\/en\/"},{"@type":"ListItem","position":2,"name":"\u00c9v\u00e8nements","item":"https:\/\/www.ecolenormalecortot.com\/en\/event\/"},{"@type":"ListItem","position":3,"name":"Concert focus jeunes compositeurs et compositrices de l&rsquo;ENMP | avec Marie Vermeulin et l&rsquo;Ensemble Variances"}]},{"@type":"WebSite","@id":"https:\/\/www.ecolenormalecortot.com\/en\/#website","url":"https:\/\/www.ecolenormalecortot.com\/en\/","name":"Ecole Normale de Musique de Paris","description":"","publisher":{"@id":"https:\/\/www.ecolenormalecortot.com\/en\/#organization"},"potentialAction":[{"@type":"SearchAction","target":{"@type":"EntryPoint","urlTemplate":"https:\/\/www.ecolenormalecortot.com\/en\/?s={search_term_string}"},"query-input":{"@type":"PropertyValueSpecification","valueRequired":true,"valueName":"search_term_string"}}],"inLanguage":"en-US"},{"@type":"Organization","@id":"https:\/\/www.ecolenormalecortot.com\/en\/#organization","name":"Ecole Normale de Musique de Paris","url":"https:\/\/www.ecolenormalecortot.com\/en\/","logo":{"@type":"ImageObject","inLanguage":"en-US","@id":"https:\/\/www.ecolenormalecortot.com\/en\/#\/schema\/logo\/image\/","url":"https:\/\/www.ecolenormalecortot.com\/wp-content\/uploads\/2023\/02\/android-chrome-512x512-1.png","contentUrl":"https:\/\/www.ecolenormalecortot.com\/wp-content\/uploads\/2023\/02\/android-chrome-512x512-1.png","width":512,"height":512,"caption":"Ecole Normale de Musique de Paris"},"image":{"@id":"https:\/\/www.ecolenormalecortot.com\/en\/#\/schema\/logo\/image\/"}}]}},"_links":{"self":[{"href":"https:\/\/www.ecolenormalecortot.com\/en\/wp-json\/wp\/v2\/event\/12086","targetHints":{"allow":["GET"]}}],"collection":[{"href":"https:\/\/www.ecolenormalecortot.com\/en\/wp-json\/wp\/v2\/event"}],"about":[{"href":"https:\/\/www.ecolenormalecortot.com\/en\/wp-json\/wp\/v2\/types\/event"}],"wp:featuredmedia":[{"embeddable":true,"href":"https:\/\/www.ecolenormalecortot.com\/en\/wp-json\/wp\/v2\/media\/12084"}],"wp:attachment":[{"href":"https:\/\/www.ecolenormalecortot.com\/en\/wp-json\/wp\/v2\/media?parent=12086"}],"wp:term":[{"taxonomy":"event_category","embeddable":true,"href":"https:\/\/www.ecolenormalecortot.com\/en\/wp-json\/wp\/v2\/event_category?post=12086"}],"curies":[{"name":"wp","href":"https:\/\/api.w.org\/{rel}","templated":true}]}}