{"id":12083,"date":"2026-03-05T15:54:31","date_gmt":"2026-03-05T14:54:31","guid":{"rendered":"https:\/\/www.ecolenormalecortot.com\/event\/reload-memories-impulse-festival-les-apaches-musique-danse\/"},"modified":"2026-03-10T11:31:03","modified_gmt":"2026-03-10T10:31:03","slug":"reload-memories-impulse-festival-les-apaches-musique-danse","status":"publish","type":"event","link":"https:\/\/www.ecolenormalecortot.com\/en\/event\/reload-memories-impulse-festival-les-apaches-musique-danse\/","title":{"rendered":"(RE)LOAD MEMORIES &#8211; (IM)PULSE FESTIVAL | Les Apaches ! &#8211; Musique &amp; Danse"},"content":{"rendered":"\n<p style=\"font-size:32px\"><strong>(RE)LOAD MEMORIES &#8211; (IM)PULSE FESTIVAL &#8211; Les Apaches !<\/strong><\/p>\n\n\n\n<h2 class=\"wp-block-heading has-medium-font-size\">R\u00e9activer le Souvenir, entre musique et danse<\/h2>\n\n\n\n<p class=\"has-medium-font-size\">Le pass\u00e9 s&#8217;invite au pr\u00e9sent pour ce spectacle m\u00ealant le corps et les sons.<\/p>\n\n\n\n<p class=\"has-medium-font-size\">La chor\u00e9graphie et les \u0153uvres musicales explorent l&#8217;atemporalit\u00e9 du Souvenir.<\/p>\n\n\n\n<p class=\"has-medium-font-size\">Sa r\u00e9activation stimule l&#8217;imaginaire vivant. \u00c9vocation de danses anciennes, d\u2019esp\u00e8ces animales des temps pass\u00e9s, d\u2019un monde qui se transforme et fait place neuve\u2026 Les \u00e9l\u00e9ments s\u2019encha\u00eenent dans un souffle de libert\u00e9 neuve. L&#8217;improvisation n&#8217;est jamais loin.<\/p>\n\n\n\n<div style=\"height:72px\" aria-hidden=\"true\" class=\"wp-block-spacer\"><\/div>\n\n\n\n<h3 class=\"wp-block-heading\">Programme<\/h3>\n\n\n\n<p class=\"has-medium-font-size\"><strong>Maurice Ravel, <\/strong><em>Sonate pour violon et violoncelle\u00a0<\/em><\/p>\n\n\n\n<p class=\"has-medium-font-size\"><strong>Pascal Zavaro,<\/strong> extraits du <em>Bestiaire disparu<\/em> (&#8220;Le dauphin de Chine&#8221;, &#8220;Le rat-kangourou du d\u00e9sert&#8221;, &#8220;Le renard-volant de Formose&#8221;, &#8220;Le tigre de Java&#8221;)<\/p>\n\n\n\n<p class=\"has-medium-font-size\"><strong>Haruna Yamamoto<\/strong> (\u00e9tudiante de l\u2019\u00c9cole Normale de Musique de Paris &#8211; Alfred Cortot), &#8220;L&#8217;enfance qui d\u00e9borde&#8221;, extrait de <em>D\u00e9rive des souvenirs\u00a0<\/em><\/p>\n\n\n\n<p class=\"has-medium-font-size\"><strong>Cristian Monti<\/strong> (\u00e9tudiant de l\u2019\u00c9cole Normale de Musique de Paris &#8211; Alfred Cortot), &#8220;Lento&#8221;, extrait de <em>Trois pi\u00e8ces pour violon et violoncelle<\/em><\/p>\n\n\n\n<p class=\"has-medium-font-size\"><strong>Johan Halvorsen\/Haendel,<\/strong> <em>Passacaille\u00a0<\/em><\/p>\n\n\n\n<p class=\"has-medium-font-size\"><strong>Keiko Abe<\/strong>, Variations sur <em>Lachrymae <\/em>de John Dowland\u00a0<\/p>\n\n\n\n<div style=\"height:72px\" aria-hidden=\"true\" class=\"wp-block-spacer\"><\/div>\n\n\n\n<h3 class=\"wp-block-heading\">Distribution<\/h3>\n\n\n\n<p class=\"has-medium-font-size\"><strong>Eva Zavaro,<\/strong> violon et direction artistique<\/p>\n\n\n\n<p class=\"has-medium-font-size\"><strong>Tatsuki Sasanuma<\/strong>, violoncelle<\/p>\n\n\n\n<p class=\"has-medium-font-size\"><strong>\u00c9l\u00e9onore Pinet-Bodin,<\/strong> danseuse-chor\u00e9graphe<\/p>\n\n\n\n<div style=\"height:100px\" aria-hidden=\"true\" class=\"wp-block-spacer\"><\/div>\n\n\n\n<h3 class=\"wp-block-heading\">Organisateurs<\/h3>\n\n\n\n<figure class=\"wp-block-image size-large is-resized\"><a href=\"https:\/\/www.ensemblelesapaches.com\/accueil\" target=\"_blank\" rel=\" noreferrer noopener\"><img decoding=\"async\" src=\"https:\/\/sallecortot.com\/wp-content\/uploads\/2025\/11\/329757982_1157566288245477_1994742288180921895_n-1024x1024.jpg\" alt=\"\" class=\"wp-image-7671\" style=\"width:122px;height:auto\"\/><\/a><figcaption class=\"wp-element-caption\">Ensemble Les Apaches !<\/figcaption><\/figure>\n\n\n<div class=\"wp-block-image\">\n<figure class=\"alignleft size-large is-resized\"><a href=\"https:\/\/www.ecolenormalecortot.com\/\" target=\"_blank\" rel=\" noreferrer noopener\"><img decoding=\"async\" src=\"https:\/\/sallecortot.com\/wp-content\/uploads\/2024\/08\/LOGO-3-LIGNES-BLANC-1024x251.png\" alt=\"\u00c9cole normale de Musique de Paris Alfred Cortot\" class=\"wp-image-1353\" style=\"width:212px;height:auto\"\/><\/a><\/figure>\n<\/div>\n\n<div class=\"wp-block-image\">\n<figure class=\"alignleft size-large is-resized\"><a href=\"https:\/\/sallecortot.com\/\" target=\"_blank\" rel=\" noreferrer noopener\"><img decoding=\"async\" src=\"https:\/\/sallecortot.com\/wp-content\/uploads\/2025\/03\/LOGO-SALLE-CORTOT-RVB-edited-1024x631.png\" alt=\"\" class=\"wp-image-3931\" style=\"width:106px;height:auto\"\/><\/a><\/figure>\n<\/div>\n\n\n<div style=\"height:110px\" aria-hidden=\"true\" class=\"wp-block-spacer\"><\/div>\n\n\n\r\n    <a href=\"https:\/\/sallecortot.com\/la-programmation\/\" target=\"_blank\" class=\"block-cta style-link\">\r\n        Toute la Programmation    <\/a>\r\n","protected":false},"excerpt":{"rendered":"<p>(RE)LOAD MEMORIES &#8211; (IM)PULSE FESTIVAL &#8211; Les Apaches ! R\u00e9activer le Souvenir, entre musique et danse Le pass\u00e9 s&#8217;invite au [&hellip;]<\/p>\n","protected":false},"featured_media":12081,"template":"","meta":{"_acf_changed":true},"event_category":[169],"class_list":["post-12083","event","type-event","status-publish","has-post-thumbnail","hentry","event_category-les-grands-concerts"],"acf":{"presentation":"","musicians":"","program":"","host":"","date":"2026-03-19 20:00:00","time_start":"20:00","time_end":"","end_date":"","location_name":"","location_address":"","phone":"","link":"","booking_link":"https:\/\/indiv.themisweb.fr\/0768\/fEventChoiceIsMade.aspx?idstructure=0768&idevent=55","price_from":"Plein tarif : 27,50\u20ac\r\n\r\nTarif r\u00e9duit* : 12\u20ac\r\n\r\n&nbsp;\r\n\r\n<em>*Jeunes -30 ans, demandeurs d\u2019emploi<\/em>\r\n\r\n&nbsp;\r\n\r\n<a href=\"https:\/\/docs.google.com\/forms\/d\/e\/1FAIpQLSfr6QCQqrQeO59mz3sBCVdh2WcE8u9ThuJkxS-FSEp-2P5uyg\/viewform\"><strong>R\u00e9servations \u00e9tudiants ENMP &amp; Professeurs<\/strong><\/a>","hide_price":false,"teachers":"","event_type":"Les Apaches !","datetime":"2026-03-19 20:00:00","end_datetime":"","booking_infos":"01 48 24 40 63\r\nbilletterie@sallecortot.fr","source_post_id":"7673"},"yoast_head":"<!-- This site is optimized with the Yoast SEO plugin v27.5 - https:\/\/yoast.com\/product\/yoast-seo-wordpress\/ -->\n<title>(RE)LOAD MEMORIES - (IM)PULSE FESTIVAL | Les Apaches ! - Musique &amp; Danse - Ecole Normale de Musique de Paris<\/title>\n<meta name=\"robots\" content=\"index, follow, max-snippet:-1, max-image-preview:large, max-video-preview:-1\" \/>\n<link rel=\"canonical\" href=\"https:\/\/www.ecolenormalecortot.com\/en\/event\/reload-memories-impulse-festival-les-apaches-musique-danse\/\" \/>\n<meta property=\"og:locale\" content=\"en_US\" \/>\n<meta property=\"og:type\" content=\"article\" \/>\n<meta property=\"og:title\" content=\"(RE)LOAD MEMORIES - (IM)PULSE FESTIVAL | Les Apaches ! - Musique &amp; Danse - Ecole Normale de Musique de Paris\" \/>\n<meta property=\"og:description\" content=\"(RE)LOAD MEMORIES &#8211; (IM)PULSE FESTIVAL &#8211; Les Apaches ! R\u00e9activer le Souvenir, entre musique et danse Le pass\u00e9 s&#8217;invite au [&hellip;]\" \/>\n<meta property=\"og:url\" content=\"https:\/\/www.ecolenormalecortot.com\/en\/event\/reload-memories-impulse-festival-les-apaches-musique-danse\/\" \/>\n<meta property=\"og:site_name\" content=\"Ecole Normale de Musique de Paris\" \/>\n<meta property=\"article:modified_time\" content=\"2026-03-10T10:31:03+00:00\" \/>\n<meta property=\"og:image\" content=\"https:\/\/www.ecolenormalecortot.com\/wp-content\/uploads\/2026\/03\/IMPULSE-VISUELS-CORTOT-01-scaled-1.jpg\" \/>\n\t<meta property=\"og:image:width\" content=\"2560\" \/>\n\t<meta property=\"og:image:height\" content=\"1483\" \/>\n\t<meta property=\"og:image:type\" content=\"image\/jpeg\" \/>\n<meta name=\"twitter:card\" content=\"summary_large_image\" \/>\n<meta name=\"twitter:label1\" content=\"Est. reading time\" \/>\n\t<meta name=\"twitter:data1\" content=\"2 minutes\" \/>\n<script type=\"application\/ld+json\" class=\"yoast-schema-graph\">{\"@context\":\"https:\\\/\\\/schema.org\",\"@graph\":[{\"@type\":\"WebPage\",\"@id\":\"https:\\\/\\\/www.ecolenormalecortot.com\\\/en\\\/event\\\/reload-memories-impulse-festival-les-apaches-musique-danse\\\/\",\"url\":\"https:\\\/\\\/www.ecolenormalecortot.com\\\/en\\\/event\\\/reload-memories-impulse-festival-les-apaches-musique-danse\\\/\",\"name\":\"(RE)LOAD MEMORIES - (IM)PULSE FESTIVAL | Les Apaches ! - Musique &amp; Danse - Ecole Normale de Musique de Paris\",\"isPartOf\":{\"@id\":\"https:\\\/\\\/www.ecolenormalecortot.com\\\/en\\\/#website\"},\"primaryImageOfPage\":{\"@id\":\"https:\\\/\\\/www.ecolenormalecortot.com\\\/en\\\/event\\\/reload-memories-impulse-festival-les-apaches-musique-danse\\\/#primaryimage\"},\"image\":{\"@id\":\"https:\\\/\\\/www.ecolenormalecortot.com\\\/en\\\/event\\\/reload-memories-impulse-festival-les-apaches-musique-danse\\\/#primaryimage\"},\"thumbnailUrl\":\"https:\\\/\\\/www.ecolenormalecortot.com\\\/wp-content\\\/uploads\\\/2026\\\/03\\\/IMPULSE-VISUELS-CORTOT-01-scaled-1.jpg\",\"datePublished\":\"2026-03-05T14:54:31+00:00\",\"dateModified\":\"2026-03-10T10:31:03+00:00\",\"breadcrumb\":{\"@id\":\"https:\\\/\\\/www.ecolenormalecortot.com\\\/en\\\/event\\\/reload-memories-impulse-festival-les-apaches-musique-danse\\\/#breadcrumb\"},\"inLanguage\":\"en-US\",\"potentialAction\":[{\"@type\":\"ReadAction\",\"target\":[\"https:\\\/\\\/www.ecolenormalecortot.com\\\/en\\\/event\\\/reload-memories-impulse-festival-les-apaches-musique-danse\\\/\"]}]},{\"@type\":\"ImageObject\",\"inLanguage\":\"en-US\",\"@id\":\"https:\\\/\\\/www.ecolenormalecortot.com\\\/en\\\/event\\\/reload-memories-impulse-festival-les-apaches-musique-danse\\\/#primaryimage\",\"url\":\"https:\\\/\\\/www.ecolenormalecortot.com\\\/wp-content\\\/uploads\\\/2026\\\/03\\\/IMPULSE-VISUELS-CORTOT-01-scaled-1.jpg\",\"contentUrl\":\"https:\\\/\\\/www.ecolenormalecortot.com\\\/wp-content\\\/uploads\\\/2026\\\/03\\\/IMPULSE-VISUELS-CORTOT-01-scaled-1.jpg\",\"width\":2560,\"height\":1483},{\"@type\":\"BreadcrumbList\",\"@id\":\"https:\\\/\\\/www.ecolenormalecortot.com\\\/en\\\/event\\\/reload-memories-impulse-festival-les-apaches-musique-danse\\\/#breadcrumb\",\"itemListElement\":[{\"@type\":\"ListItem\",\"position\":1,\"name\":\"Accueil\",\"item\":\"https:\\\/\\\/www.ecolenormalecortot.com\\\/en\\\/\"},{\"@type\":\"ListItem\",\"position\":2,\"name\":\"\u00c9v\u00e8nements\",\"item\":\"https:\\\/\\\/www.ecolenormalecortot.com\\\/en\\\/event\\\/\"},{\"@type\":\"ListItem\",\"position\":3,\"name\":\"(RE)LOAD MEMORIES &#8211; (IM)PULSE FESTIVAL | Les Apaches ! &#8211; Musique &amp; Danse\"}]},{\"@type\":\"WebSite\",\"@id\":\"https:\\\/\\\/www.ecolenormalecortot.com\\\/en\\\/#website\",\"url\":\"https:\\\/\\\/www.ecolenormalecortot.com\\\/en\\\/\",\"name\":\"Ecole Normale de Musique de Paris\",\"description\":\"\",\"publisher\":{\"@id\":\"https:\\\/\\\/www.ecolenormalecortot.com\\\/en\\\/#organization\"},\"potentialAction\":[{\"@type\":\"SearchAction\",\"target\":{\"@type\":\"EntryPoint\",\"urlTemplate\":\"https:\\\/\\\/www.ecolenormalecortot.com\\\/en\\\/?s={search_term_string}\"},\"query-input\":{\"@type\":\"PropertyValueSpecification\",\"valueRequired\":true,\"valueName\":\"search_term_string\"}}],\"inLanguage\":\"en-US\"},{\"@type\":\"Organization\",\"@id\":\"https:\\\/\\\/www.ecolenormalecortot.com\\\/en\\\/#organization\",\"name\":\"Ecole Normale de Musique de Paris\",\"url\":\"https:\\\/\\\/www.ecolenormalecortot.com\\\/en\\\/\",\"logo\":{\"@type\":\"ImageObject\",\"inLanguage\":\"en-US\",\"@id\":\"https:\\\/\\\/www.ecolenormalecortot.com\\\/en\\\/#\\\/schema\\\/logo\\\/image\\\/\",\"url\":\"https:\\\/\\\/www.ecolenormalecortot.com\\\/wp-content\\\/uploads\\\/2023\\\/02\\\/android-chrome-512x512-1.png\",\"contentUrl\":\"https:\\\/\\\/www.ecolenormalecortot.com\\\/wp-content\\\/uploads\\\/2023\\\/02\\\/android-chrome-512x512-1.png\",\"width\":512,\"height\":512,\"caption\":\"Ecole Normale de Musique de Paris\"},\"image\":{\"@id\":\"https:\\\/\\\/www.ecolenormalecortot.com\\\/en\\\/#\\\/schema\\\/logo\\\/image\\\/\"}}]}<\/script>\n<!-- \/ Yoast SEO plugin. -->","yoast_head_json":{"title":"(RE)LOAD MEMORIES - (IM)PULSE FESTIVAL | Les Apaches ! - Musique &amp; Danse - Ecole Normale de Musique de Paris","robots":{"index":"index","follow":"follow","max-snippet":"max-snippet:-1","max-image-preview":"max-image-preview:large","max-video-preview":"max-video-preview:-1"},"canonical":"https:\/\/www.ecolenormalecortot.com\/en\/event\/reload-memories-impulse-festival-les-apaches-musique-danse\/","og_locale":"en_US","og_type":"article","og_title":"(RE)LOAD MEMORIES - (IM)PULSE FESTIVAL | Les Apaches ! - Musique &amp; Danse - Ecole Normale de Musique de Paris","og_description":"(RE)LOAD MEMORIES &#8211; (IM)PULSE FESTIVAL &#8211; Les Apaches ! R\u00e9activer le Souvenir, entre musique et danse Le pass\u00e9 s&#8217;invite au [&hellip;]","og_url":"https:\/\/www.ecolenormalecortot.com\/en\/event\/reload-memories-impulse-festival-les-apaches-musique-danse\/","og_site_name":"Ecole Normale de Musique de Paris","article_modified_time":"2026-03-10T10:31:03+00:00","og_image":[{"width":2560,"height":1483,"url":"https:\/\/www.ecolenormalecortot.com\/wp-content\/uploads\/2026\/03\/IMPULSE-VISUELS-CORTOT-01-scaled-1.jpg","type":"image\/jpeg"}],"twitter_card":"summary_large_image","twitter_misc":{"Est. reading time":"2 minutes"},"schema":{"@context":"https:\/\/schema.org","@graph":[{"@type":"WebPage","@id":"https:\/\/www.ecolenormalecortot.com\/en\/event\/reload-memories-impulse-festival-les-apaches-musique-danse\/","url":"https:\/\/www.ecolenormalecortot.com\/en\/event\/reload-memories-impulse-festival-les-apaches-musique-danse\/","name":"(RE)LOAD MEMORIES - (IM)PULSE FESTIVAL | Les Apaches ! - Musique &amp; Danse - Ecole Normale de Musique de Paris","isPartOf":{"@id":"https:\/\/www.ecolenormalecortot.com\/en\/#website"},"primaryImageOfPage":{"@id":"https:\/\/www.ecolenormalecortot.com\/en\/event\/reload-memories-impulse-festival-les-apaches-musique-danse\/#primaryimage"},"image":{"@id":"https:\/\/www.ecolenormalecortot.com\/en\/event\/reload-memories-impulse-festival-les-apaches-musique-danse\/#primaryimage"},"thumbnailUrl":"https:\/\/www.ecolenormalecortot.com\/wp-content\/uploads\/2026\/03\/IMPULSE-VISUELS-CORTOT-01-scaled-1.jpg","datePublished":"2026-03-05T14:54:31+00:00","dateModified":"2026-03-10T10:31:03+00:00","breadcrumb":{"@id":"https:\/\/www.ecolenormalecortot.com\/en\/event\/reload-memories-impulse-festival-les-apaches-musique-danse\/#breadcrumb"},"inLanguage":"en-US","potentialAction":[{"@type":"ReadAction","target":["https:\/\/www.ecolenormalecortot.com\/en\/event\/reload-memories-impulse-festival-les-apaches-musique-danse\/"]}]},{"@type":"ImageObject","inLanguage":"en-US","@id":"https:\/\/www.ecolenormalecortot.com\/en\/event\/reload-memories-impulse-festival-les-apaches-musique-danse\/#primaryimage","url":"https:\/\/www.ecolenormalecortot.com\/wp-content\/uploads\/2026\/03\/IMPULSE-VISUELS-CORTOT-01-scaled-1.jpg","contentUrl":"https:\/\/www.ecolenormalecortot.com\/wp-content\/uploads\/2026\/03\/IMPULSE-VISUELS-CORTOT-01-scaled-1.jpg","width":2560,"height":1483},{"@type":"BreadcrumbList","@id":"https:\/\/www.ecolenormalecortot.com\/en\/event\/reload-memories-impulse-festival-les-apaches-musique-danse\/#breadcrumb","itemListElement":[{"@type":"ListItem","position":1,"name":"Accueil","item":"https:\/\/www.ecolenormalecortot.com\/en\/"},{"@type":"ListItem","position":2,"name":"\u00c9v\u00e8nements","item":"https:\/\/www.ecolenormalecortot.com\/en\/event\/"},{"@type":"ListItem","position":3,"name":"(RE)LOAD MEMORIES &#8211; (IM)PULSE FESTIVAL | Les Apaches ! &#8211; Musique &amp; Danse"}]},{"@type":"WebSite","@id":"https:\/\/www.ecolenormalecortot.com\/en\/#website","url":"https:\/\/www.ecolenormalecortot.com\/en\/","name":"Ecole Normale de Musique de Paris","description":"","publisher":{"@id":"https:\/\/www.ecolenormalecortot.com\/en\/#organization"},"potentialAction":[{"@type":"SearchAction","target":{"@type":"EntryPoint","urlTemplate":"https:\/\/www.ecolenormalecortot.com\/en\/?s={search_term_string}"},"query-input":{"@type":"PropertyValueSpecification","valueRequired":true,"valueName":"search_term_string"}}],"inLanguage":"en-US"},{"@type":"Organization","@id":"https:\/\/www.ecolenormalecortot.com\/en\/#organization","name":"Ecole Normale de Musique de Paris","url":"https:\/\/www.ecolenormalecortot.com\/en\/","logo":{"@type":"ImageObject","inLanguage":"en-US","@id":"https:\/\/www.ecolenormalecortot.com\/en\/#\/schema\/logo\/image\/","url":"https:\/\/www.ecolenormalecortot.com\/wp-content\/uploads\/2023\/02\/android-chrome-512x512-1.png","contentUrl":"https:\/\/www.ecolenormalecortot.com\/wp-content\/uploads\/2023\/02\/android-chrome-512x512-1.png","width":512,"height":512,"caption":"Ecole Normale de Musique de Paris"},"image":{"@id":"https:\/\/www.ecolenormalecortot.com\/en\/#\/schema\/logo\/image\/"}}]}},"_links":{"self":[{"href":"https:\/\/www.ecolenormalecortot.com\/en\/wp-json\/wp\/v2\/event\/12083","targetHints":{"allow":["GET"]}}],"collection":[{"href":"https:\/\/www.ecolenormalecortot.com\/en\/wp-json\/wp\/v2\/event"}],"about":[{"href":"https:\/\/www.ecolenormalecortot.com\/en\/wp-json\/wp\/v2\/types\/event"}],"wp:featuredmedia":[{"embeddable":true,"href":"https:\/\/www.ecolenormalecortot.com\/en\/wp-json\/wp\/v2\/media\/12081"}],"wp:attachment":[{"href":"https:\/\/www.ecolenormalecortot.com\/en\/wp-json\/wp\/v2\/media?parent=12083"}],"wp:term":[{"taxonomy":"event_category","embeddable":true,"href":"https:\/\/www.ecolenormalecortot.com\/en\/wp-json\/wp\/v2\/event_category?post=12083"}],"curies":[{"name":"wp","href":"https:\/\/api.w.org\/{rel}","templated":true}]}}