{"id":11488,"date":"2026-01-07T17:19:15","date_gmt":"2026-01-07T16:19:15","guid":{"rendered":"https:\/\/www.ecolenormalecortot.com\/event\/masterclass-de-violoncelle-philippe-muller\/"},"modified":"2026-01-07T18:11:52","modified_gmt":"2026-01-07T17:11:52","slug":"masterclass-de-violoncelle-philippe-muller","status":"publish","type":"event","link":"https:\/\/www.ecolenormalecortot.com\/en\/event\/masterclass-de-violoncelle-philippe-muller\/","title":{"rendered":"Masterclass de violoncelle &#8211; Philippe Muller"},"content":{"rendered":"\n<p class=\"has-large-font-size\"><strong>Masterclass de violoncelle &#8211; Philippe Muller<\/strong><\/p>\n\n\n\n<p class=\"has-medium-font-size\"><strong>LES RENCONTRES MUSICALES DE CORTOT<br>La saison de l\u2019\u00c9cole Normale de Musique de Paris o\u00f9 se c\u00f4toient grands solistes d\u2019aujourd\u2019hui et \u00e9toiles de demain.<\/strong><\/p>\n\n\n\n<div style=\"height:72px\" aria-hidden=\"true\" class=\"wp-block-spacer\"><\/div>\n\n\n\n<h3 class=\"wp-block-heading\">Programme<\/h3>\n\n\n\n<p><strong>Sofia Butterfly PATERSON<\/strong><\/p>\n\n\n\n<p>En 1\u00e8re ann\u00e9e de 2\u00e8me Cycle dans la classe de S\u00e9bastien Hurtaud<\/p>\n\n\n\n<p>J. Haydn : Concerto pour violoncelle n\u00b02 en r\u00e9 majeur \u2013&nbsp;<em>I. Allegro moderato<\/em><\/p>\n\n\n\n<p><em>Piano&nbsp;: Alexandra Matvievskaya<\/em><\/p>\n\n\n\n<div style=\"height:31px\" aria-hidden=\"true\" class=\"wp-block-spacer\"><\/div>\n\n\n\n<p><strong>Sara ISHIDA<\/strong><\/p>\n\n\n\n<p>Artist Diploma dans la classe d&#8217;Henri Demarquette<\/p>\n\n\n\n<p>L. V. Beethoven : Sonate pour violoncelle et piano n\u00b03 \u2013&nbsp;<em>I. Allegro ma non tanto<\/em><\/p>\n\n\n\n<p><em>Piano&nbsp;: Alexandra Matvievskaya<\/em><\/p>\n\n\n\n<div style=\"height:31px\" aria-hidden=\"true\" class=\"wp-block-spacer\"><\/div>\n\n\n\n<p><strong>Lily STERN<\/strong><\/p>\n\n\n\n<p>En perfectionnement dans la classe d\u2019Anssi Karttunen<\/p>\n\n\n\n<p>N. Boulanger : Trois pi\u00e8ces pour violoncelle et piano<\/p>\n\n\n\n<p><em>Piano&nbsp;: Alexandra Matvievskaya<\/em><\/p>\n\n\n\n<div style=\"height:31px\" aria-hidden=\"true\" class=\"wp-block-spacer\"><\/div>\n\n\n\n<p><strong>Cyprien LENGAGNE<\/strong><\/p>\n\n\n\n<p>Programme Elite dans la classe d&#8217;Henri Demarquette<\/p>\n\n\n\n<p>C. Debussy : Sonate pour violoncelle et piano<\/p>\n\n\n\n<p><em>Piano&nbsp;: Yuki Kinouchi<\/em><\/p>\n\n\n\n<p>&nbsp;<\/p>\n\n\n\n<div style=\"height:76px\" aria-hidden=\"true\" class=\"wp-block-spacer\"><\/div>\n\n\n\n<h3 class=\"wp-block-heading\">Philippe Muller, violoncelle<\/h3>\n\n\n<div class=\"wp-block-image\">\n<figure class=\"alignleft size-full is-resized\"><img decoding=\"async\" src=\"https:\/\/sallecortot.com\/wp-content\/uploads\/2025\/10\/csm_PhilippeMULLER_ccJeffrey_Vock_libredroits_f5fee80e83-edited.jpg\" alt=\"Masterclass Philippe Muller\" class=\"wp-image-7172\" style=\"width:152px;height:auto\"\/><\/figure>\n<\/div>\n\n\n<p>Figure de proue de l\u2019\u00e9cole fran\u00e7aise de violoncelle, Philippe Muller a consacr\u00e9 une part importante de sa carri\u00e8re \u00e0 la musique de chambre.<br>En trio, avec Jean-Jacques Kantorow et Jacques Rouvier, mais aussi avec des formations telles que l\u2019Ensemble Intercontemporain, il s\u2019est produit sur les plus grandes sc\u00e8nes musicales du monde.<br>Il a de plus r\u00e9alis\u00e9 de nombreux enregistrements, notamment l\u2019Int\u00e9grale des Suites de Jean-S\u00e9bastien Bach.<\/p>\n\n\n\n<p><strong>Philippe Muller est l\u2019un des plus grands p\u00e9dagogues au monde, un p\u00e8re nourricier de nombreux violoncellistes.<\/strong><\/p>\n\n\n\n<p>Parmi les \u00e9l\u00e8ves de Philippe Muller, on compte de grands repr\u00e9sentants de l\u2019\u00e9cole fran\u00e7aise de violoncelle, tels Gautier Capu\u00e7on, Emmanuelle Bertrand, Anne Gastinel, Rapha\u00ebl Pidoux, Fran\u00e7ois Salque, Xavier Phillips et Marc Coppey\u2026<\/p>\n\n\n\n<p>Apr\u00e8s trente cinq ans d\u2019enseignement au Conservatoire de Paris, il prolonge sa<br>carri\u00e8re de professeur \u00e0 la prestigieuse \u00ab&nbsp;Manhattan School of Music&nbsp;\u00bb \u00e0 New-York.<\/p>\n\n\n\n<div style=\"height:100px\" aria-hidden=\"true\" class=\"wp-block-spacer\"><\/div>\n\n\n\n<h3 class=\"wp-block-heading\">Organisateurs<\/h3>\n\n\n<div class=\"wp-block-image\">\n<figure class=\"alignleft size-large is-resized\"><a href=\"https:\/\/www.ecolenormalecortot.com\/\" target=\"_blank\" rel=\" noreferrer noopener\"><img decoding=\"async\" src=\"https:\/\/sallecortot.com\/wp-content\/uploads\/2024\/08\/LOGO-3-LIGNES-BLANC-1024x251.png\" alt=\"\" class=\"wp-image-1353\" style=\"width:218px;height:auto\"\/><\/a><\/figure>\n<\/div>\n\n<div class=\"wp-block-image\">\n<figure class=\"alignleft size-large is-resized\"><a href=\"https:\/\/sallecortot.com\/\" target=\"_blank\" rel=\" noreferrer noopener\"><img decoding=\"async\" src=\"https:\/\/sallecortot.com\/wp-content\/uploads\/2025\/03\/LOGO-SALLE-CORTOT-RVB-edited-1024x631.png\" alt=\"\" class=\"wp-image-3931\" style=\"width:97px;height:auto\"\/><\/a><\/figure>\n<\/div>\n\n\n<div style=\"height:110px\" aria-hidden=\"true\" class=\"wp-block-spacer\"><\/div>\n\n\n\r\n    <a href=\"https:\/\/sallecortot.com\/la-programmation\/\" target=\"_blank\" class=\"block-cta style-link\">\r\n        Toute la Programmation    <\/a>\r\n","protected":false},"excerpt":{"rendered":"<p>Masterclass de violoncelle &#8211; Philippe Muller LES RENCONTRES MUSICALES DE CORTOTLa saison de l\u2019\u00c9cole Normale de Musique de Paris o\u00f9 [&hellip;]<\/p>\n","protected":false},"featured_media":11489,"template":"","meta":{"_acf_changed":false},"event_category":[],"class_list":["post-11488","event","type-event","status-publish","has-post-thumbnail","hentry"],"acf":{"presentation":"","musicians":"","program":"","host":"","date":"2026-01-13 20:00:00","time_start":"20:00","time_end":"","end_date":"","location_name":"","location_address":"","phone":"","link":"","booking_link":"https:\/\/indiv.themisweb.fr\/0768\/fChoixSeanceWidget.aspx?idstructure=0768&EventId=45&request=QcE+w0WHSuCWF9OlCSGcmWqlK7pLRVeq54SUFuLxihu\/1DNt82\/0kKOHtmnkVZ\/5n7N8ZBWRUr8nOVX7xLn6bz5ErqdvM7mK","price_from":"Plein Tarif : 25\u20ac\r\n\r\nTarif r\u00e9duit* : 15\u20ac\r\n\r\n<em>*Jeunes -26 ans et demandeurs d\u2019emploi.<\/em>\r\n\r\n&nbsp;\r\n\r\n<a href=\"https:\/\/docs.google.com\/forms\/d\/e\/1FAIpQLSfy7bUB7T3JGpcLWTP8mVQjhBTCBQoRuKNFlq-0Ygf0cTJvAg\/viewform\" target=\"_blank\" rel=\"noopener\"><strong>R\u00e9servation \u00c9tudiants &amp; Professeurs ENMP<\/strong><\/a>","hide_price":false,"teachers":"","event_type":"Masterclass Prestige","datetime":"2026-01-13 20:00:00","end_datetime":"2026-01-13 22:00:00","booking_infos":"01 48 24 40 63\r\n\r\nbilletterie@sallecortot.fr","source_post_id":"7169"},"yoast_head":"<!-- This site is optimized with the Yoast SEO plugin v27.5 - https:\/\/yoast.com\/product\/yoast-seo-wordpress\/ -->\n<title>Masterclass de violoncelle - Philippe Muller - Ecole Normale de Musique de Paris<\/title>\n<meta name=\"robots\" content=\"index, follow, max-snippet:-1, max-image-preview:large, max-video-preview:-1\" \/>\n<link rel=\"canonical\" href=\"https:\/\/www.ecolenormalecortot.com\/en\/event\/masterclass-de-violoncelle-philippe-muller\/\" \/>\n<meta property=\"og:locale\" content=\"en_US\" \/>\n<meta property=\"og:type\" content=\"article\" \/>\n<meta property=\"og:title\" content=\"Masterclass de violoncelle - Philippe Muller - Ecole Normale de Musique de Paris\" \/>\n<meta property=\"og:description\" content=\"Masterclass de violoncelle &#8211; Philippe Muller LES RENCONTRES MUSICALES DE CORTOTLa saison de l\u2019\u00c9cole Normale de Musique de Paris o\u00f9 [&hellip;]\" \/>\n<meta property=\"og:url\" content=\"https:\/\/www.ecolenormalecortot.com\/en\/event\/masterclass-de-violoncelle-philippe-muller\/\" \/>\n<meta property=\"og:site_name\" content=\"Ecole Normale de Musique de Paris\" \/>\n<meta property=\"article:modified_time\" content=\"2026-01-07T17:11:52+00:00\" \/>\n<meta property=\"og:image\" content=\"https:\/\/www.ecolenormalecortot.com\/wp-content\/uploads\/2026\/01\/Philippe-Muller.jpeg\" \/>\n\t<meta property=\"og:image:width\" content=\"1110\" \/>\n\t<meta property=\"og:image:height\" content=\"643\" \/>\n\t<meta property=\"og:image:type\" content=\"image\/jpeg\" \/>\n<meta name=\"twitter:card\" content=\"summary_large_image\" \/>\n<meta name=\"twitter:label1\" content=\"Est. reading time\" \/>\n\t<meta name=\"twitter:data1\" content=\"3 minutes\" \/>\n<script type=\"application\/ld+json\" class=\"yoast-schema-graph\">{\"@context\":\"https:\\\/\\\/schema.org\",\"@graph\":[{\"@type\":\"WebPage\",\"@id\":\"https:\\\/\\\/www.ecolenormalecortot.com\\\/en\\\/event\\\/masterclass-de-violoncelle-philippe-muller\\\/\",\"url\":\"https:\\\/\\\/www.ecolenormalecortot.com\\\/en\\\/event\\\/masterclass-de-violoncelle-philippe-muller\\\/\",\"name\":\"Masterclass de violoncelle - Philippe Muller - Ecole Normale de Musique de Paris\",\"isPartOf\":{\"@id\":\"https:\\\/\\\/www.ecolenormalecortot.com\\\/en\\\/#website\"},\"primaryImageOfPage\":{\"@id\":\"https:\\\/\\\/www.ecolenormalecortot.com\\\/en\\\/event\\\/masterclass-de-violoncelle-philippe-muller\\\/#primaryimage\"},\"image\":{\"@id\":\"https:\\\/\\\/www.ecolenormalecortot.com\\\/en\\\/event\\\/masterclass-de-violoncelle-philippe-muller\\\/#primaryimage\"},\"thumbnailUrl\":\"https:\\\/\\\/www.ecolenormalecortot.com\\\/wp-content\\\/uploads\\\/2026\\\/01\\\/Philippe-Muller.jpeg\",\"datePublished\":\"2026-01-07T16:19:15+00:00\",\"dateModified\":\"2026-01-07T17:11:52+00:00\",\"breadcrumb\":{\"@id\":\"https:\\\/\\\/www.ecolenormalecortot.com\\\/en\\\/event\\\/masterclass-de-violoncelle-philippe-muller\\\/#breadcrumb\"},\"inLanguage\":\"en-US\",\"potentialAction\":[{\"@type\":\"ReadAction\",\"target\":[\"https:\\\/\\\/www.ecolenormalecortot.com\\\/en\\\/event\\\/masterclass-de-violoncelle-philippe-muller\\\/\"]}]},{\"@type\":\"ImageObject\",\"inLanguage\":\"en-US\",\"@id\":\"https:\\\/\\\/www.ecolenormalecortot.com\\\/en\\\/event\\\/masterclass-de-violoncelle-philippe-muller\\\/#primaryimage\",\"url\":\"https:\\\/\\\/www.ecolenormalecortot.com\\\/wp-content\\\/uploads\\\/2026\\\/01\\\/Philippe-Muller.jpeg\",\"contentUrl\":\"https:\\\/\\\/www.ecolenormalecortot.com\\\/wp-content\\\/uploads\\\/2026\\\/01\\\/Philippe-Muller.jpeg\",\"width\":1110,\"height\":643},{\"@type\":\"BreadcrumbList\",\"@id\":\"https:\\\/\\\/www.ecolenormalecortot.com\\\/en\\\/event\\\/masterclass-de-violoncelle-philippe-muller\\\/#breadcrumb\",\"itemListElement\":[{\"@type\":\"ListItem\",\"position\":1,\"name\":\"Accueil\",\"item\":\"https:\\\/\\\/www.ecolenormalecortot.com\\\/en\\\/\"},{\"@type\":\"ListItem\",\"position\":2,\"name\":\"\u00c9v\u00e8nements\",\"item\":\"https:\\\/\\\/www.ecolenormalecortot.com\\\/en\\\/event\\\/\"},{\"@type\":\"ListItem\",\"position\":3,\"name\":\"Masterclass de violoncelle &#8211; Philippe Muller\"}]},{\"@type\":\"WebSite\",\"@id\":\"https:\\\/\\\/www.ecolenormalecortot.com\\\/en\\\/#website\",\"url\":\"https:\\\/\\\/www.ecolenormalecortot.com\\\/en\\\/\",\"name\":\"Ecole Normale de Musique de Paris\",\"description\":\"\",\"publisher\":{\"@id\":\"https:\\\/\\\/www.ecolenormalecortot.com\\\/en\\\/#organization\"},\"potentialAction\":[{\"@type\":\"SearchAction\",\"target\":{\"@type\":\"EntryPoint\",\"urlTemplate\":\"https:\\\/\\\/www.ecolenormalecortot.com\\\/en\\\/?s={search_term_string}\"},\"query-input\":{\"@type\":\"PropertyValueSpecification\",\"valueRequired\":true,\"valueName\":\"search_term_string\"}}],\"inLanguage\":\"en-US\"},{\"@type\":\"Organization\",\"@id\":\"https:\\\/\\\/www.ecolenormalecortot.com\\\/en\\\/#organization\",\"name\":\"Ecole Normale de Musique de Paris\",\"url\":\"https:\\\/\\\/www.ecolenormalecortot.com\\\/en\\\/\",\"logo\":{\"@type\":\"ImageObject\",\"inLanguage\":\"en-US\",\"@id\":\"https:\\\/\\\/www.ecolenormalecortot.com\\\/en\\\/#\\\/schema\\\/logo\\\/image\\\/\",\"url\":\"https:\\\/\\\/www.ecolenormalecortot.com\\\/wp-content\\\/uploads\\\/2023\\\/02\\\/android-chrome-512x512-1.png\",\"contentUrl\":\"https:\\\/\\\/www.ecolenormalecortot.com\\\/wp-content\\\/uploads\\\/2023\\\/02\\\/android-chrome-512x512-1.png\",\"width\":512,\"height\":512,\"caption\":\"Ecole Normale de Musique de Paris\"},\"image\":{\"@id\":\"https:\\\/\\\/www.ecolenormalecortot.com\\\/en\\\/#\\\/schema\\\/logo\\\/image\\\/\"}}]}<\/script>\n<!-- \/ Yoast SEO plugin. -->","yoast_head_json":{"title":"Masterclass de violoncelle - Philippe Muller - Ecole Normale de Musique de Paris","robots":{"index":"index","follow":"follow","max-snippet":"max-snippet:-1","max-image-preview":"max-image-preview:large","max-video-preview":"max-video-preview:-1"},"canonical":"https:\/\/www.ecolenormalecortot.com\/en\/event\/masterclass-de-violoncelle-philippe-muller\/","og_locale":"en_US","og_type":"article","og_title":"Masterclass de violoncelle - Philippe Muller - Ecole Normale de Musique de Paris","og_description":"Masterclass de violoncelle &#8211; Philippe Muller LES RENCONTRES MUSICALES DE CORTOTLa saison de l\u2019\u00c9cole Normale de Musique de Paris o\u00f9 [&hellip;]","og_url":"https:\/\/www.ecolenormalecortot.com\/en\/event\/masterclass-de-violoncelle-philippe-muller\/","og_site_name":"Ecole Normale de Musique de Paris","article_modified_time":"2026-01-07T17:11:52+00:00","og_image":[{"width":1110,"height":643,"url":"https:\/\/www.ecolenormalecortot.com\/wp-content\/uploads\/2026\/01\/Philippe-Muller.jpeg","type":"image\/jpeg"}],"twitter_card":"summary_large_image","twitter_misc":{"Est. reading time":"3 minutes"},"schema":{"@context":"https:\/\/schema.org","@graph":[{"@type":"WebPage","@id":"https:\/\/www.ecolenormalecortot.com\/en\/event\/masterclass-de-violoncelle-philippe-muller\/","url":"https:\/\/www.ecolenormalecortot.com\/en\/event\/masterclass-de-violoncelle-philippe-muller\/","name":"Masterclass de violoncelle - Philippe Muller - Ecole Normale de Musique de Paris","isPartOf":{"@id":"https:\/\/www.ecolenormalecortot.com\/en\/#website"},"primaryImageOfPage":{"@id":"https:\/\/www.ecolenormalecortot.com\/en\/event\/masterclass-de-violoncelle-philippe-muller\/#primaryimage"},"image":{"@id":"https:\/\/www.ecolenormalecortot.com\/en\/event\/masterclass-de-violoncelle-philippe-muller\/#primaryimage"},"thumbnailUrl":"https:\/\/www.ecolenormalecortot.com\/wp-content\/uploads\/2026\/01\/Philippe-Muller.jpeg","datePublished":"2026-01-07T16:19:15+00:00","dateModified":"2026-01-07T17:11:52+00:00","breadcrumb":{"@id":"https:\/\/www.ecolenormalecortot.com\/en\/event\/masterclass-de-violoncelle-philippe-muller\/#breadcrumb"},"inLanguage":"en-US","potentialAction":[{"@type":"ReadAction","target":["https:\/\/www.ecolenormalecortot.com\/en\/event\/masterclass-de-violoncelle-philippe-muller\/"]}]},{"@type":"ImageObject","inLanguage":"en-US","@id":"https:\/\/www.ecolenormalecortot.com\/en\/event\/masterclass-de-violoncelle-philippe-muller\/#primaryimage","url":"https:\/\/www.ecolenormalecortot.com\/wp-content\/uploads\/2026\/01\/Philippe-Muller.jpeg","contentUrl":"https:\/\/www.ecolenormalecortot.com\/wp-content\/uploads\/2026\/01\/Philippe-Muller.jpeg","width":1110,"height":643},{"@type":"BreadcrumbList","@id":"https:\/\/www.ecolenormalecortot.com\/en\/event\/masterclass-de-violoncelle-philippe-muller\/#breadcrumb","itemListElement":[{"@type":"ListItem","position":1,"name":"Accueil","item":"https:\/\/www.ecolenormalecortot.com\/en\/"},{"@type":"ListItem","position":2,"name":"\u00c9v\u00e8nements","item":"https:\/\/www.ecolenormalecortot.com\/en\/event\/"},{"@type":"ListItem","position":3,"name":"Masterclass de violoncelle &#8211; Philippe Muller"}]},{"@type":"WebSite","@id":"https:\/\/www.ecolenormalecortot.com\/en\/#website","url":"https:\/\/www.ecolenormalecortot.com\/en\/","name":"Ecole Normale de Musique de Paris","description":"","publisher":{"@id":"https:\/\/www.ecolenormalecortot.com\/en\/#organization"},"potentialAction":[{"@type":"SearchAction","target":{"@type":"EntryPoint","urlTemplate":"https:\/\/www.ecolenormalecortot.com\/en\/?s={search_term_string}"},"query-input":{"@type":"PropertyValueSpecification","valueRequired":true,"valueName":"search_term_string"}}],"inLanguage":"en-US"},{"@type":"Organization","@id":"https:\/\/www.ecolenormalecortot.com\/en\/#organization","name":"Ecole Normale de Musique de Paris","url":"https:\/\/www.ecolenormalecortot.com\/en\/","logo":{"@type":"ImageObject","inLanguage":"en-US","@id":"https:\/\/www.ecolenormalecortot.com\/en\/#\/schema\/logo\/image\/","url":"https:\/\/www.ecolenormalecortot.com\/wp-content\/uploads\/2023\/02\/android-chrome-512x512-1.png","contentUrl":"https:\/\/www.ecolenormalecortot.com\/wp-content\/uploads\/2023\/02\/android-chrome-512x512-1.png","width":512,"height":512,"caption":"Ecole Normale de Musique de Paris"},"image":{"@id":"https:\/\/www.ecolenormalecortot.com\/en\/#\/schema\/logo\/image\/"}}]}},"_links":{"self":[{"href":"https:\/\/www.ecolenormalecortot.com\/en\/wp-json\/wp\/v2\/event\/11488","targetHints":{"allow":["GET"]}}],"collection":[{"href":"https:\/\/www.ecolenormalecortot.com\/en\/wp-json\/wp\/v2\/event"}],"about":[{"href":"https:\/\/www.ecolenormalecortot.com\/en\/wp-json\/wp\/v2\/types\/event"}],"wp:featuredmedia":[{"embeddable":true,"href":"https:\/\/www.ecolenormalecortot.com\/en\/wp-json\/wp\/v2\/media\/11489"}],"wp:attachment":[{"href":"https:\/\/www.ecolenormalecortot.com\/en\/wp-json\/wp\/v2\/media?parent=11488"}],"wp:term":[{"taxonomy":"event_category","embeddable":true,"href":"https:\/\/www.ecolenormalecortot.com\/en\/wp-json\/wp\/v2\/event_category?post=11488"}],"curies":[{"name":"wp","href":"https:\/\/api.w.org\/{rel}","templated":true}]}}