{"id":11429,"date":"2025-12-15T12:09:20","date_gmt":"2025-12-15T11:09:20","guid":{"rendered":"https:\/\/www.ecolenormalecortot.com\/event\/nino-modebadze-piano-hugo-chavane-violon-schumann-brahms\/"},"modified":"2025-12-15T12:09:20","modified_gmt":"2025-12-15T11:09:20","slug":"nino-modebadze-piano-hugo-chavane-violon-schumann-brahms","status":"publish","type":"event","link":"https:\/\/www.ecolenormalecortot.com\/en\/event\/nino-modebadze-piano-hugo-chavane-violon-schumann-brahms\/","title":{"rendered":"Nino Modebadze, piano &amp; Hugo Chavane, violon | Schumann, Brahms"},"content":{"rendered":"\n<h3 class=\"wp-block-heading has-large-font-size\">Nino Modebadze, piano &amp; Hugo Chavane, violon &#8211; Schumann, Brahms<\/h3>\n\n\n\n<p class=\"has-medium-font-size\">Les Concerts de Midi et Demi sont donn\u00e9s par les dipl\u00f4m\u00e9s, les \u00e9tudiants des niveaux sup\u00e9rieurs et les professeurs de l\u2019\u00c9cole Normale de Musique de Paris.<\/p>\n\n\n\n<p class=\"has-medium-font-size\">Ils sont coordonn\u00e9s et pr\u00e9sent\u00e9s par St\u00e9phane Fri\u00e9d\u00e9rich.<\/p>\n\n\n\n<p class=\"has-medium-font-size\"><em>Entr\u00e9e libre sous r\u00e9serve des places disponibles.<\/em><\/p>\n\n\n\n<div style=\"height:45px\" aria-hidden=\"true\" class=\"wp-block-spacer\"><\/div>\n\n\n\n<h3 class=\"wp-block-heading\">Programme<\/h3>\n\n\n\n<p class=\"has-medium-font-size\"><strong>Robert Schumann\u202f<\/strong>:&nbsp;Variations&nbsp;Abegg&nbsp;&nbsp;<\/p>\n\n\n\n<p class=\"has-medium-font-size\"><strong>Johannes Brahms\u202f:<\/strong>&nbsp;extraits de la&nbsp;Sonate n\u00b01 &#8211;&nbsp;Chaconne de Bach&nbsp;&nbsp;<\/p>\n\n\n\n<p class=\"has-medium-font-size\"><strong>Robert Schumann\u202f<\/strong>:&nbsp;Sonate pour violon et piano n\u00b01 op. 105&nbsp;<\/p>\n\n\n\n<div style=\"height:100px\" aria-hidden=\"true\" class=\"wp-block-spacer\"><\/div>\n\n\n\n<h3 class=\"wp-block-heading\">Distribution<\/h3>\n\n\n\n<h2 class=\"wp-block-heading has-large-font-size\">Nino Modebadze, piano<\/h2>\n\n\n<div class=\"wp-block-image\">\n<figure class=\"alignleft size-large is-resized\"><img decoding=\"async\" src=\"https:\/\/sallecortot.com\/wp-content\/uploads\/2025\/12\/1000049062-edited.png\" alt=\"\" class=\"wp-image-7934\" style=\"aspect-ratio:0.7497866397703468;width:132px;height:auto\"\/><\/figure>\n<\/div>\n\n\n<p style=\"font-size:17px\">Nino Modebadze a grandi \u00e0 Tbilissi, en G\u00e9orgie, o\u00f9 elle r\u00e9v\u00e8le tr\u00e8s t\u00f4t une sensibilit\u00e9 musicale rare, donnant son premier concert avec orchestre \u00e0 l\u2019\u00e2ge de six ans. Elle poursuit sa formation au prestigieux Conservatoire National V. Sarajishvili de Tbilissi, dont elle sort dipl\u00f4m\u00e9e avec la mention maximale en performance pianistique (2014-2018).<\/p>\n\n\n\n<p style=\"font-size:17px\">Invit\u00e9e par le pianiste \u00e9m\u00e9rite Gabriel Tacchino, Nino rejoint ensuite la Schola Cantorum de Paris afin de parfaire sa formation sup\u00e9rieure. Elle y obtient en 2019 un Dipl\u00f4me de Virtuosit\u00e9 sous la direction de Gabriel Tacchino, puis en 2020 un Dipl\u00f4me de Pianiste de Concert avec mention Tr\u00e8s Bien aupr\u00e8s du grand pianiste et professeur Philippe Entremont. Elle poursuit aujourd\u2019hui son perfectionnement aupr\u00e8s de Maciej Pikulski \u00e0 l\u2019\u00c9cole Normale de Musique de Paris. Laur\u00e9ate de concours internationaux, elle s\u2019est produite en soliste \u00e0 travers l\u2019Europe et les Am\u00e9riques. Elle a notamment jou\u00e9 avec l\u2019Orchestre Symphonique de l\u2019Universit\u00e9 autonome de Tamaulipas \u00e0 Mexico ainsi qu\u2019avec l\u2019orchestre Citt\u00e0 di Fondi en Italie.<\/p>\n\n\n\n<p style=\"font-size:17px\">En 2021, elle est choisie pour un enregistrement officiel aux studios River Side de Cologne, en Allemagne. L\u2019ann\u00e9e suivante, apr\u00e8s un r\u00e9cital \u00e0 la manufacture Bl\u00fcthner de Leipzig, elle devient artiste officielle de la maison Bl\u00fcthner. Quelques semaines plus tard, elle se produit au Ch\u00e2teau de Valen\u00e7ay lors du Grand concert romantique de piano Bl\u00fcthner dans les Jardins pour la f\u00eate de la musique du 21 juin 2022.<br>Invit\u00e9e en 2023 pour un r\u00e9cital au Conservatoire de Brive-la-Gaillarde, elle y est \u00e9galement nomm\u00e9e professeur de piano. R\u00e9sidant actuellement \u00e0 Paris, Nino m\u00e8ne une vie musicale intense entre r\u00e9citals, enregistrements, collaborations artistiques et enseignement, tout en poursuivant ses \u00e9tudes \u00e0 l\u2019\u00c9cole Normale Sup\u00e9rieure Alfred Cortot et \u00e0 l\u2019Universit\u00e9 Paris-Saclay dans le cadre du Master MIP.<\/p>\n\n\n\n<p style=\"font-size:17px\">Artiste \u00e0 la fois rigoureuse et lumineuse, Nino Modebadze fa\u00e7onne un univers pianistique o\u00f9 chaque note r\u00e9sonne comme une m\u00e9moire vivante, nourrie de son h\u00e9ritage g\u00e9orgien, de sa profonde culture europ\u00e9enne et de la guidance de ma\u00eetres prestigieux qui ont marqu\u00e9 son parcours.<\/p>\n\n\n\n<div style=\"height:57px\" aria-hidden=\"true\" class=\"wp-block-spacer\"><\/div>\n\n\n\n<h2 class=\"wp-block-heading has-large-font-size\">Hugo Chavane, violon<\/h2>\n\n\n<div class=\"wp-block-image\">\n<figure class=\"alignleft size-large is-resized\"><img decoding=\"async\" src=\"https:\/\/sallecortot.com\/wp-content\/uploads\/2025\/12\/1000120658-edited-scaled.jpg\" alt=\"\" class=\"wp-image-7938\" style=\"aspect-ratio:0.7496872512225634;width:131px;height:auto\"\/><\/figure>\n<\/div>\n\n\n<p style=\"font-size:17px\">Originaire d&#8217;un petit village dans le sud de l&#8217;Oise, Hugo Chavane d\u00e9bute le violon \u00e0 l&#8217;\u00e2ge de 5 ans et demi, apr\u00e8s avoir observ\u00e9 son p\u00e8re commencer lui-m\u00eame le violon quelques mois plus t\u00f4t. Il prend ses premiers cours de violon \u00e0 l&#8217;\u00e2ge de 6 ans dans un village voisin avec Pierre Cesmat, violoniste specialis\u00e9 dans la musique Tzigane.&nbsp; Hugo obtiendra deux ann\u00e9es de suite un 3<sup>e<\/sup> prix au concours Vatelot-Rempal pendant ses ann\u00e9es coll\u00e8ge.&nbsp;<\/p>\n\n\n\n<p style=\"font-size:17px\">Apr\u00e8s avoir pass\u00e9 son Baccalaur\u00e9at, il d\u00e9cide de se consacrer pleinement \u00e0 la musique, et rejoint la classe de Fr\u00e9d\u00e9ric P\u00e9lassy pour entrer en Cycle Sp\u00e9cialis\u00e9 \u00e0 Paris et obtenir le DEM, qu&#8217;il obtiendra \u00e0 l&#8217;unanimit\u00e9.&nbsp; Il poursuit alors ses \u00e9tudes \u00e0 l&#8217;ENMP, dans la classe de Florin Szigeti, et obtient l&#8217;ann\u00e9e derni\u00e8re son 2e Cycle Sup\u00e9rieur avec les f\u00e9licitations du jury.&nbsp; Hugo joue principalement du r\u00e9pertoire classique, mais a aussi longtemps jou\u00e9 dans un groupe de musique celtique, et est passionn\u00e9 par l&#8217;improvisation en solo.&nbsp;<\/p>\n\n\n\n<p style=\"font-size:17px\">Il est actuellement membre de l&#8217;orchestre Ostinato, et \u00e9tudie \u00e0 l&#8217;ENMP dans la classe d&#8217;Alexandre Brussilovsky qu&#8217;il a rejoint en octobre, pour obtenir son Artiste Diploma.<\/p>\n\n\n\n<div style=\"height:57px\" aria-hidden=\"true\" class=\"wp-block-spacer\"><\/div>\n\n\n\n<h3 class=\"wp-block-heading\">\u00c0 propos<\/h3>\n\n\n\n<p class=\"has-medium-font-size\">Pr\u00e8s de 70 Concerts de Midi et Demi sont donn\u00e9s chaque ann\u00e9e \u00e0 la&nbsp;<a href=\"https:\/\/sallecortot.com\/\">Salle Cortot<\/a>&nbsp;par les \u00e9tudiants des niveaux sup\u00e9rieurs de l\u2019\u00c9cole normale de musique de Paris.<br><br>Apr\u00e8s plus de 40 ans d\u2019existence, ces concerts sont une v\u00e9ritable institution et attirent leur propre public d\u2019habitu\u00e9s. Ils sont pr\u00e9sent\u00e9s par le journaliste musical St\u00e9phane Fri\u00e9d\u00e9rich.<\/p>\n\n\n\n<p class=\"has-medium-font-size\"><em>Entr\u00e9e libre sous r\u00e9serve des places disponibles.<\/em><\/p>\n\n\n\n<div style=\"height:45px\" aria-hidden=\"true\" class=\"wp-block-spacer\"><\/div>\n\n\n\n\n\n<h3 class=\"wp-block-heading\">Organisateur<\/h3>\n\n\n\n\n\n<figure class=\"wp-block-image size-large is-resized\"><img decoding=\"async\" src=\"https:\/\/sallecortot.com\/wp-content\/uploads\/2024\/08\/LOGO-3-LIGNES-BLANC-1024x251.png\" alt=\"\u00c9cole normale de Musique de Paris Alfred Cortot\" class=\"wp-image-1353\" style=\"width:254px;height:auto\"\/><\/figure>\n\n\n\n<p><\/p>\n","protected":false},"excerpt":{"rendered":"<p>Nino Modebadze, piano &amp; Hugo Chavane, violon &#8211; Schumann, Brahms Les Concerts de Midi et Demi sont donn\u00e9s par les [&hellip;]<\/p>\n","protected":false},"featured_media":11427,"template":"","meta":{"_acf_changed":false},"event_category":[168],"class_list":["post-11429","event","type-event","status-publish","has-post-thumbnail","hentry","event_category-concerts-de-midi-et-demi"],"acf":{"presentation":"","musicians":"","program":"","host":"","date":"2026-01-06 12:30:00","time_start":"12:30","time_end":null,"end_date":null,"location_name":"","location_address":"","phone":"","link":null,"booking_link":"","price_from":"<p>Entr\u00e9e libre.<\/p>\n","hide_price":false,"teachers":null,"event_type":"Concert de midi et demi","datetime":"2026-01-06 12:30:00","end_datetime":"","booking_infos":"","source_post_id":"7929"},"yoast_head":"<!-- This site is optimized with the Yoast SEO plugin v27.5 - https:\/\/yoast.com\/product\/yoast-seo-wordpress\/ -->\n<title>Nino Modebadze, piano &amp; Hugo Chavane, violon | Schumann, Brahms - Ecole Normale de Musique de Paris<\/title>\n<meta name=\"robots\" content=\"index, follow, max-snippet:-1, max-image-preview:large, max-video-preview:-1\" \/>\n<link rel=\"canonical\" href=\"https:\/\/www.ecolenormalecortot.com\/en\/event\/nino-modebadze-piano-hugo-chavane-violon-schumann-brahms\/\" \/>\n<meta property=\"og:locale\" content=\"en_US\" \/>\n<meta property=\"og:type\" content=\"article\" \/>\n<meta property=\"og:title\" content=\"Nino Modebadze, piano &amp; Hugo Chavane, violon | Schumann, Brahms - Ecole Normale de Musique de Paris\" \/>\n<meta property=\"og:description\" content=\"Nino Modebadze, piano &amp; Hugo Chavane, violon &#8211; Schumann, Brahms Les Concerts de Midi et Demi sont donn\u00e9s par les [&hellip;]\" \/>\n<meta property=\"og:url\" content=\"https:\/\/www.ecolenormalecortot.com\/en\/event\/nino-modebadze-piano-hugo-chavane-violon-schumann-brahms\/\" \/>\n<meta property=\"og:site_name\" content=\"Ecole Normale de Musique de Paris\" \/>\n<meta name=\"twitter:card\" content=\"summary_large_image\" \/>\n<meta name=\"twitter:label1\" content=\"Est. reading time\" \/>\n\t<meta name=\"twitter:data1\" content=\"4 minutes\" \/>\n<script type=\"application\/ld+json\" class=\"yoast-schema-graph\">{\"@context\":\"https:\\\/\\\/schema.org\",\"@graph\":[{\"@type\":\"WebPage\",\"@id\":\"https:\\\/\\\/www.ecolenormalecortot.com\\\/en\\\/event\\\/nino-modebadze-piano-hugo-chavane-violon-schumann-brahms\\\/\",\"url\":\"https:\\\/\\\/www.ecolenormalecortot.com\\\/en\\\/event\\\/nino-modebadze-piano-hugo-chavane-violon-schumann-brahms\\\/\",\"name\":\"Nino Modebadze, piano &amp; Hugo Chavane, violon | Schumann, Brahms - Ecole Normale de Musique de Paris\",\"isPartOf\":{\"@id\":\"https:\\\/\\\/www.ecolenormalecortot.com\\\/en\\\/#website\"},\"primaryImageOfPage\":{\"@id\":\"https:\\\/\\\/www.ecolenormalecortot.com\\\/en\\\/event\\\/nino-modebadze-piano-hugo-chavane-violon-schumann-brahms\\\/#primaryimage\"},\"image\":{\"@id\":\"https:\\\/\\\/www.ecolenormalecortot.com\\\/en\\\/event\\\/nino-modebadze-piano-hugo-chavane-violon-schumann-brahms\\\/#primaryimage\"},\"thumbnailUrl\":\"https:\\\/\\\/www.ecolenormalecortot.com\\\/wp-content\\\/uploads\\\/2025\\\/12\\\/06.01.png\",\"datePublished\":\"2025-12-15T11:09:20+00:00\",\"breadcrumb\":{\"@id\":\"https:\\\/\\\/www.ecolenormalecortot.com\\\/en\\\/event\\\/nino-modebadze-piano-hugo-chavane-violon-schumann-brahms\\\/#breadcrumb\"},\"inLanguage\":\"en-US\",\"potentialAction\":[{\"@type\":\"ReadAction\",\"target\":[\"https:\\\/\\\/www.ecolenormalecortot.com\\\/en\\\/event\\\/nino-modebadze-piano-hugo-chavane-violon-schumann-brahms\\\/\"]}]},{\"@type\":\"ImageObject\",\"inLanguage\":\"en-US\",\"@id\":\"https:\\\/\\\/www.ecolenormalecortot.com\\\/en\\\/event\\\/nino-modebadze-piano-hugo-chavane-violon-schumann-brahms\\\/#primaryimage\",\"url\":\"https:\\\/\\\/www.ecolenormalecortot.com\\\/wp-content\\\/uploads\\\/2025\\\/12\\\/06.01.png\",\"contentUrl\":\"https:\\\/\\\/www.ecolenormalecortot.com\\\/wp-content\\\/uploads\\\/2025\\\/12\\\/06.01.png\",\"width\":1110,\"height\":643},{\"@type\":\"BreadcrumbList\",\"@id\":\"https:\\\/\\\/www.ecolenormalecortot.com\\\/en\\\/event\\\/nino-modebadze-piano-hugo-chavane-violon-schumann-brahms\\\/#breadcrumb\",\"itemListElement\":[{\"@type\":\"ListItem\",\"position\":1,\"name\":\"Accueil\",\"item\":\"https:\\\/\\\/www.ecolenormalecortot.com\\\/en\\\/\"},{\"@type\":\"ListItem\",\"position\":2,\"name\":\"\u00c9v\u00e8nements\",\"item\":\"https:\\\/\\\/www.ecolenormalecortot.com\\\/en\\\/event\\\/\"},{\"@type\":\"ListItem\",\"position\":3,\"name\":\"Nino Modebadze, piano &amp; Hugo Chavane, violon | Schumann, Brahms\"}]},{\"@type\":\"WebSite\",\"@id\":\"https:\\\/\\\/www.ecolenormalecortot.com\\\/en\\\/#website\",\"url\":\"https:\\\/\\\/www.ecolenormalecortot.com\\\/en\\\/\",\"name\":\"Ecole Normale de Musique de Paris\",\"description\":\"\",\"publisher\":{\"@id\":\"https:\\\/\\\/www.ecolenormalecortot.com\\\/en\\\/#organization\"},\"potentialAction\":[{\"@type\":\"SearchAction\",\"target\":{\"@type\":\"EntryPoint\",\"urlTemplate\":\"https:\\\/\\\/www.ecolenormalecortot.com\\\/en\\\/?s={search_term_string}\"},\"query-input\":{\"@type\":\"PropertyValueSpecification\",\"valueRequired\":true,\"valueName\":\"search_term_string\"}}],\"inLanguage\":\"en-US\"},{\"@type\":\"Organization\",\"@id\":\"https:\\\/\\\/www.ecolenormalecortot.com\\\/en\\\/#organization\",\"name\":\"Ecole Normale de Musique de Paris\",\"url\":\"https:\\\/\\\/www.ecolenormalecortot.com\\\/en\\\/\",\"logo\":{\"@type\":\"ImageObject\",\"inLanguage\":\"en-US\",\"@id\":\"https:\\\/\\\/www.ecolenormalecortot.com\\\/en\\\/#\\\/schema\\\/logo\\\/image\\\/\",\"url\":\"https:\\\/\\\/www.ecolenormalecortot.com\\\/wp-content\\\/uploads\\\/2023\\\/02\\\/android-chrome-512x512-1.png\",\"contentUrl\":\"https:\\\/\\\/www.ecolenormalecortot.com\\\/wp-content\\\/uploads\\\/2023\\\/02\\\/android-chrome-512x512-1.png\",\"width\":512,\"height\":512,\"caption\":\"Ecole Normale de Musique de Paris\"},\"image\":{\"@id\":\"https:\\\/\\\/www.ecolenormalecortot.com\\\/en\\\/#\\\/schema\\\/logo\\\/image\\\/\"}}]}<\/script>\n<!-- \/ Yoast SEO plugin. -->","yoast_head_json":{"title":"Nino Modebadze, piano &amp; Hugo Chavane, violon | Schumann, Brahms - Ecole Normale de Musique de Paris","robots":{"index":"index","follow":"follow","max-snippet":"max-snippet:-1","max-image-preview":"max-image-preview:large","max-video-preview":"max-video-preview:-1"},"canonical":"https:\/\/www.ecolenormalecortot.com\/en\/event\/nino-modebadze-piano-hugo-chavane-violon-schumann-brahms\/","og_locale":"en_US","og_type":"article","og_title":"Nino Modebadze, piano &amp; Hugo Chavane, violon | Schumann, Brahms - Ecole Normale de Musique de Paris","og_description":"Nino Modebadze, piano &amp; Hugo Chavane, violon &#8211; Schumann, Brahms Les Concerts de Midi et Demi sont donn\u00e9s par les [&hellip;]","og_url":"https:\/\/www.ecolenormalecortot.com\/en\/event\/nino-modebadze-piano-hugo-chavane-violon-schumann-brahms\/","og_site_name":"Ecole Normale de Musique de Paris","twitter_card":"summary_large_image","twitter_misc":{"Est. reading time":"4 minutes"},"schema":{"@context":"https:\/\/schema.org","@graph":[{"@type":"WebPage","@id":"https:\/\/www.ecolenormalecortot.com\/en\/event\/nino-modebadze-piano-hugo-chavane-violon-schumann-brahms\/","url":"https:\/\/www.ecolenormalecortot.com\/en\/event\/nino-modebadze-piano-hugo-chavane-violon-schumann-brahms\/","name":"Nino Modebadze, piano &amp; Hugo Chavane, violon | Schumann, Brahms - Ecole Normale de Musique de Paris","isPartOf":{"@id":"https:\/\/www.ecolenormalecortot.com\/en\/#website"},"primaryImageOfPage":{"@id":"https:\/\/www.ecolenormalecortot.com\/en\/event\/nino-modebadze-piano-hugo-chavane-violon-schumann-brahms\/#primaryimage"},"image":{"@id":"https:\/\/www.ecolenormalecortot.com\/en\/event\/nino-modebadze-piano-hugo-chavane-violon-schumann-brahms\/#primaryimage"},"thumbnailUrl":"https:\/\/www.ecolenormalecortot.com\/wp-content\/uploads\/2025\/12\/06.01.png","datePublished":"2025-12-15T11:09:20+00:00","breadcrumb":{"@id":"https:\/\/www.ecolenormalecortot.com\/en\/event\/nino-modebadze-piano-hugo-chavane-violon-schumann-brahms\/#breadcrumb"},"inLanguage":"en-US","potentialAction":[{"@type":"ReadAction","target":["https:\/\/www.ecolenormalecortot.com\/en\/event\/nino-modebadze-piano-hugo-chavane-violon-schumann-brahms\/"]}]},{"@type":"ImageObject","inLanguage":"en-US","@id":"https:\/\/www.ecolenormalecortot.com\/en\/event\/nino-modebadze-piano-hugo-chavane-violon-schumann-brahms\/#primaryimage","url":"https:\/\/www.ecolenormalecortot.com\/wp-content\/uploads\/2025\/12\/06.01.png","contentUrl":"https:\/\/www.ecolenormalecortot.com\/wp-content\/uploads\/2025\/12\/06.01.png","width":1110,"height":643},{"@type":"BreadcrumbList","@id":"https:\/\/www.ecolenormalecortot.com\/en\/event\/nino-modebadze-piano-hugo-chavane-violon-schumann-brahms\/#breadcrumb","itemListElement":[{"@type":"ListItem","position":1,"name":"Accueil","item":"https:\/\/www.ecolenormalecortot.com\/en\/"},{"@type":"ListItem","position":2,"name":"\u00c9v\u00e8nements","item":"https:\/\/www.ecolenormalecortot.com\/en\/event\/"},{"@type":"ListItem","position":3,"name":"Nino Modebadze, piano &amp; Hugo Chavane, violon | Schumann, Brahms"}]},{"@type":"WebSite","@id":"https:\/\/www.ecolenormalecortot.com\/en\/#website","url":"https:\/\/www.ecolenormalecortot.com\/en\/","name":"Ecole Normale de Musique de Paris","description":"","publisher":{"@id":"https:\/\/www.ecolenormalecortot.com\/en\/#organization"},"potentialAction":[{"@type":"SearchAction","target":{"@type":"EntryPoint","urlTemplate":"https:\/\/www.ecolenormalecortot.com\/en\/?s={search_term_string}"},"query-input":{"@type":"PropertyValueSpecification","valueRequired":true,"valueName":"search_term_string"}}],"inLanguage":"en-US"},{"@type":"Organization","@id":"https:\/\/www.ecolenormalecortot.com\/en\/#organization","name":"Ecole Normale de Musique de Paris","url":"https:\/\/www.ecolenormalecortot.com\/en\/","logo":{"@type":"ImageObject","inLanguage":"en-US","@id":"https:\/\/www.ecolenormalecortot.com\/en\/#\/schema\/logo\/image\/","url":"https:\/\/www.ecolenormalecortot.com\/wp-content\/uploads\/2023\/02\/android-chrome-512x512-1.png","contentUrl":"https:\/\/www.ecolenormalecortot.com\/wp-content\/uploads\/2023\/02\/android-chrome-512x512-1.png","width":512,"height":512,"caption":"Ecole Normale de Musique de Paris"},"image":{"@id":"https:\/\/www.ecolenormalecortot.com\/en\/#\/schema\/logo\/image\/"}}]}},"_links":{"self":[{"href":"https:\/\/www.ecolenormalecortot.com\/en\/wp-json\/wp\/v2\/event\/11429","targetHints":{"allow":["GET"]}}],"collection":[{"href":"https:\/\/www.ecolenormalecortot.com\/en\/wp-json\/wp\/v2\/event"}],"about":[{"href":"https:\/\/www.ecolenormalecortot.com\/en\/wp-json\/wp\/v2\/types\/event"}],"wp:featuredmedia":[{"embeddable":true,"href":"https:\/\/www.ecolenormalecortot.com\/en\/wp-json\/wp\/v2\/media\/11427"}],"wp:attachment":[{"href":"https:\/\/www.ecolenormalecortot.com\/en\/wp-json\/wp\/v2\/media?parent=11429"}],"wp:term":[{"taxonomy":"event_category","embeddable":true,"href":"https:\/\/www.ecolenormalecortot.com\/en\/wp-json\/wp\/v2\/event_category?post=11429"}],"curies":[{"name":"wp","href":"https:\/\/api.w.org\/{rel}","templated":true}]}}