{"id":11373,"date":"2025-11-19T12:44:49","date_gmt":"2025-11-19T11:44:49","guid":{"rendered":"https:\/\/www.ecolenormalecortot.com\/event\/concert-il-etait-une-fois-la-cantate-francaise\/"},"modified":"2025-11-19T12:44:49","modified_gmt":"2025-11-19T11:44:49","slug":"concert-il-etait-une-fois-la-cantate-francaise","status":"publish","type":"event","link":"https:\/\/www.ecolenormalecortot.com\/en\/event\/concert-il-etait-une-fois-la-cantate-francaise\/","title":{"rendered":"CONCERT &#8211; Il \u00e9tait une fois&#8230; La Cantate Fran\u00e7aise"},"content":{"rendered":"\n<p class=\"has-large-font-size\"><strong>Il \u00e9tait une fois&#8230; La Cantate Fran\u00e7aise<\/strong><\/p>\n\n\n\n<h2 class=\"wp-block-heading has-large-font-size\"><strong>ou Louis XIV au Cr\u00e9puscule<\/strong><\/h2>\n\n\n\n<div style=\"height:31px\" aria-hidden=\"true\" class=\"wp-block-spacer\"><\/div>\n\n\n\n<p class=\"has-medium-font-size\"><strong>Lysandre Ch\u00e2lon, baryton-basse<\/strong><\/p>\n\n\n\n<p class=\"has-medium-font-size\"><strong>Christophe Rousset, clavecin et direction<\/strong><\/p>\n\n\n\n<p class=\"has-medium-font-size\"><strong>Les Talens Lyriques<\/strong><\/p>\n\n\n\n<p class=\"has-medium-font-size\">Au d\u00e9but du XVIIIe si\u00e8cle, la musique s\u2019ouvre \u00e0 de nouvelles \u00e9motions. Apr\u00e8s la mort de Louis XIV en 1715, on se lib\u00e8re d\u2019une rigueur aust\u00e8re pour retrouver un souffle plus l\u00e9ger, presque un retour \u00e0 l\u2019amour courtois. Les arts, et la musique en particulier, s\u2019impr\u00e8gnent alors de couleurs italiennes, tout en pr\u00e9servant cette sensibilit\u00e9 fran\u00e7aise si d\u00e9licate.<\/p>\n\n\n\n<p class=\"has-medium-font-size\"><br>Avec Couperin et Mont\u00e9clair, on s\u2019\u00e9loigne de l\u2019apparat de Lully pour explorer une expression plus intime, plus tendre. Leurs \u0153uvres c\u00e9l\u00e8brent un amour \u00e0 la fois raffin\u00e9 et sinc\u00e8re, o\u00f9 la virtuosit\u00e9 reste toujours au service de l\u2019\u00e9motion. Ce programme est le reflet de cette \u00e9poque : un moment o\u00f9 l\u2019on r\u00e9apprend \u00e0 aimer librement, en musique comme dans la vie.<\/p>\n\n\n\n<div style=\"height:81px\" aria-hidden=\"true\" class=\"wp-block-spacer\"><\/div>\n\n\n\n<p class=\"has-small-font-size\">\u00a9 Photo de Christophe Rousset (droite) : Nathana\u00ebl MERGUI<\/p>\n\n\n\n<div style=\"height:62px\" aria-hidden=\"true\" class=\"wp-block-spacer\"><\/div>\n\n\n\n<h3 class=\"wp-block-heading\">Programme<\/h3>\n\n\n\n<p><strong>Fran\u00e7ois Couperin (1668-1733)<br><\/strong><em>Ariane consol\u00e9e par Bacchus<\/em>, cantate (1708)<br>Sonate <em>La Visionnaire<\/em> &#8211; Sonate en trio (1726)<\/p>\n\n\n\n<p><strong>Michel Pignolet de Mont\u00e9clair (1667-1737)<br><\/strong><em>L\u2019Enl\u00e8vement d\u2019Orithie,<\/em> Cantate, deuxi\u00e8me Livre (1713)<\/p>\n\n\n\n<div style=\"height:24px\" aria-hidden=\"true\" class=\"wp-block-spacer\"><\/div>\n\n\n\n<p class=\"has-medium-font-size\"><em>La Masterclass sera suivie d&#8217;un concert des Talens Lyriques. L&#8217;acc\u00e8s au concert fait l&#8217;objet d&#8217;une autre r\u00e9servation.<\/em><\/p>\n\n\n\n<p><strong><a href=\"https:\/\/sallecortot.com\/event\/il-etait-une-fois-la-cantate-francaise\/\" target=\"_blank\" rel=\"noreferrer noopener\">Plus d&#8217;informations<\/a><\/strong><\/p>\n\n\n\n<div style=\"height:74px\" aria-hidden=\"true\" class=\"wp-block-spacer\"><\/div>\n\n\n\n<h3 class=\"wp-block-heading\" style=\"font-size:40px\">D\u00e9couvrez toute la programmation <\/h3>\n\n\n\n<figure class=\"wp-block-image size-full is-resized\"><img decoding=\"async\" src=\"https:\/\/sallecortot.com\/wp-content\/uploads\/2025\/06\/il_etait_une_fois.png\" alt=\"\" class=\"wp-image-5345\" style=\"width:232px;height:auto\"\/><\/figure>\n\n\n\n<p>Partenariat Les Talens Lyriques &amp; l&#8217;\u00c9cole Normale de Musique de Paris<\/p>\n\n\n\n<p>L\u2019\u00c9cole Normale de Musique de Paris et les Talens Lyriques lancent un nouveau partenariat d\u00e8s la saison 2025\/2026 avec une s\u00e9rie de quatre rendez-vous, le samedi \u00e0 la Salle Cortot \u00e0 Paris.<br>Les rendez-vous se composent d\u2019une masterclass publique de Christophe Rousset avec les \u00e9tudiants des classes de chant de l\u2019\u00c9cole Normale, suivie d\u2019un concert d\u2019une heure avec Les Talens Lyriques, comment\u00e9 par Christophe Rousset qui pr\u00e9sentera \u00e0 chaque fois une sp\u00e9cificit\u00e9 ou une notion propre au r\u00e9pertoire propos\u00e9.<\/p>\n\n\n\n<p>Ces concerts intitul\u00e9s \u201cIl \u00e9tait une fois\u2026\u201d sont tous publics, et destin\u00e9s \u00e0 mieux comprendre et mieux d\u00e9crypter les \u0153uvres jou\u00e9es.<\/p>\n\n\n\n<div style=\"height:46px\" aria-hidden=\"true\" class=\"wp-block-spacer\"><\/div>\n\n\n\n<p><strong>Samedi 11 octobre 2025 &#8211; Il \u00e9tait une fois&#8230; Le Lamento<\/strong><\/p>\n\n\n\n<p>14H &#8211; <strong><a href=\"https:\/\/sallecortot.com\/event\/masterclass-il-etait-une-fois-le-lamento\/\" target=\"_blank\" rel=\"noreferrer noopener\">MASTERCLASS<\/a><\/strong><\/p>\n\n\n\n<p>15H30 &#8211; <a href=\"https:\/\/sallecortot.com\/event\/il-etait-une-fois-le-lamento\/\" target=\"_blank\" rel=\"noreferrer noopener\"><strong>CONCERT<\/strong><\/a><\/p>\n\n\n\n<div style=\"height:28px\" aria-hidden=\"true\" class=\"wp-block-spacer\"><\/div>\n\n\n\n<p><strong>Samedi 8 novembre 2025 &#8211; Il \u00e9tait une fois&#8230; Le R\u00e9citar Cantando<\/strong><\/p>\n\n\n\n<p>19H &#8211; <strong><a href=\"https:\/\/sallecortot.com\/event\/masterclass-il-etait-une-fois-le-recitar-cantando\/\" target=\"_blank\" rel=\"noreferrer noopener\">MASTERCLASS<\/a><\/strong><\/p>\n\n\n\n<p>20H30 &#8211; <strong><a href=\"https:\/\/sallecortot.com\/event\/il-etait-une-fois-le-recitar-cantando\/\" target=\"_blank\" rel=\"noreferrer noopener\">CONCERT<\/a><\/strong><\/p>\n\n\n\n<div style=\"height:28px\" aria-hidden=\"true\" class=\"wp-block-spacer\"><\/div>\n\n\n\n<p><strong>Samedi 10 janvier 2026 &#8211; Il \u00e9tait une fois&#8230; La Cantate Fran\u00e7aise<\/strong><\/p>\n\n\n\n<p>14H &#8211; <strong><a href=\"https:\/\/sallecortot.com\/event\/masterclass-il-etait-une-fois-la-cantate-francaise\/\" target=\"_blank\" rel=\"noreferrer noopener\">MASTERCLASS<\/a><\/strong><\/p>\n\n\n\n<p>15H30 &#8211; CONCERT<\/p>\n\n\n\n<div style=\"height:28px\" aria-hidden=\"true\" class=\"wp-block-spacer\"><\/div>\n\n\n\n<p><strong>Samedi 21 mars 2026 &#8211; Il \u00e9tait une fois&#8230; La Semaine Sainte<\/strong><\/p>\n\n\n\n<p>19H &#8211; <strong><a href=\"https:\/\/sallecortot.com\/event\/masterclass-il-etait-une-fois-la-semaine-sainte\/\" target=\"_blank\" rel=\"noreferrer noopener\">MASTERCLASS<\/a><\/strong><\/p>\n\n\n\n<p>20H30 &#8211; <strong><a href=\"https:\/\/sallecortot.com\/event\/il-etait-une-fois-la-semaine-sainte\/\" target=\"_blank\" rel=\"noreferrer noopener\">CONCERT<\/a><\/strong><\/p>\n\n\n\n<div style=\"height:80px\" aria-hidden=\"true\" class=\"wp-block-spacer\"><\/div>\n\n\n\n<h3 class=\"wp-block-heading\">Distribution<\/h3>\n\n\n\n<h2 class=\"wp-block-heading has-medium-font-size\">Lysandre Ch\u00e2lon, baryton-basse<\/h2>\n\n\n\n<h2 class=\"wp-block-heading has-medium-font-size\">Christophe Rousset, clavecin et direction<\/h2>\n\n\n\n<div style=\"height:49px\" aria-hidden=\"true\" class=\"wp-block-spacer\"><\/div>\n\n\n\n<h2 class=\"wp-block-heading has-large-font-size\">Les Talens Lyriques<\/h2>\n\n\n<div class=\"wp-block-image\">\n<figure class=\"alignleft size-full is-resized\"><a href=\"https:\/\/www.lestalenslyriques.com\/\" target=\"_blank\" rel=\" noreferrer noopener\"><img decoding=\"async\" src=\"https:\/\/sallecortot.com\/wp-content\/uploads\/2025\/06\/Les-Talens-Lyriques-pp.jpg\" alt=\"\" class=\"wp-image-5327\" style=\"width:218px;height:auto\"\/><\/a><\/figure>\n<\/div>\n\n\n<p style=\"font-size:17px\">L&#8217;Ensemble <strong><a href=\"https:\/\/www.lestalenslyriques.com\/\" target=\"_blank\" rel=\"noreferrer noopener\">Les Talens Lyriques<\/a><\/strong>, qui tient son nom du sous-titre de l\u2019op\u00e9ra de Rameau, Les F\u00eates d\u2019H\u00e9b\u00e9 (1739), a \u00e9t\u00e9 cr\u00e9\u00e9 en 1991 par le claveciniste et chef d\u2019orchestre Christophe Rousset.<\/p>\n\n\n\n<p style=\"font-size:17px\">D\u00e9fendant un large r\u00e9pertoire lyrique et instrumental qui s\u2019\u00e9tend du premier Baroque au Romantisme naissant, Les Talens Lyriques s\u2019attachent \u00e0 \u00e9clairer les grands chefs-d\u2019\u0153uvre de l\u2019histoire de la musique, \u00e0 la lumi\u00e8re d\u2019\u0153uvres plus rares ou in\u00e9dites, v\u00e9ritables cha\u00eenons manquants du patrimoine musical europ\u00e9en. Ce travail musicologique et \u00e9ditorial est une priorit\u00e9 de l\u2019Ensemble et contribue \u00e0 sa notori\u00e9t\u00e9.<\/p>\n\n\n\n<p style=\"font-size:17px\">Les Talens Lyriques voyagent de Monteverdi (L\u2019Incoronazione di Poppea, Il Ritorno d\u2019Ulisse in patria, L\u2019Orfeo), Cavalli (La Didone, La Calisto), Landi (La Morte d\u2019Orfeo), Pallavicino (Le amazzoni nell\u2019isole fortunate), Legrenzi (La divisione del Mondo) \u00e0 H\u00e4ndel (Scipione, Riccardo Primo, Rinaldo, Admeto, Giulio Cesare, Serse, Arianna in Creta, Tamerlano, Ariodante, Semele, Alcina, Agrippina, Sa\u00fcl, Messiah, Jephtha, Orlando) en passant par Lully (Pers\u00e9e, Roland, Bell\u00e9rophon, Pha\u00e9ton, Amadis, Armide, Alceste, Isis, Th\u00e9s\u00e9e, Atys, Proserpine, Cadmus et Hermione), Desmarest (Didon, V\u00e9nus et Adonis), Mondonville (Les F\u00eates de Paphos), Cimarosa (Il Mercato di Malmantile, Il Matrimonio segreto, L\u2019Olimpiade), Traetta (Antigona, Ippolito ed Aricia, Ifigenia in Tauride), Porpora (Ifigenia in Aulide), Jommelli (Armida abbandonata), Martin y Soler (La Capricciosa corretta, Il Tutore burlato), Mozart (Mitridate, Die Entf\u00fchrung aus dem Serail, Cos\u00ec fan tutte, Die Zauberfl\u00f6te, La clemenza di Tito, Ascanio in Alba), Gassmann (L\u2019Opera seria) Salieri (La Grotta di Trofonio, Les Dana\u00efdes, Les Horaces, Tarare, Armida, Cublai gran Kan de\u2019 Tartari), Rameau (Zoroastre, Castor et Pollux, Les Indes galantes, Plat\u00e9e, Pygmalion), Gluck (Bauci e Filemone, Alceste, Orph\u00e9e et Eurydice, Armide), Beethoven et enfin Cherubini (M\u00e9d\u00e9e), Garc\u00eda (Il Califfo di Bagdad), Berlioz, Massenet, Gounod (Faust), Spontini (La Vestale), Saint-Sa\u00ebns, Louise Bertin (Fausto) ou encore Schubert (int\u00e9grale des symphonies).<\/p>\n\n\n\n<h2 class=\"wp-block-heading has-small-font-size\"><\/h2>\n\n\n\n<p style=\"font-size:17px\">La recr\u00e9ation de ces \u0153uvres va de pair avec une collaboration \u00e9troite avec des metteurs en sc\u00e8ne ou chor\u00e9graphes tels que Pierre Audi, Jean-Marie Vill\u00e9gier, David McVicar, Eric Vigner, Ludovic Lagarde, Mariame Cl\u00e9ment, Jean-Pierre Vincent, Macha Make\u00efeff, Laura Scozzi, Natalie van Parys, Marcial di Fonzo Bo, Claus Guth, Robert Carsen, David Hermann, Christof Loy, Jetske Mijnssen, Alban Richard, David Lescot, Phia M\u00e9nard, Calixto Bieito, Laurent Pelly, Jeanne Desoubeaux, Damiano Michieletto, Dmitri Tcherniakov, ou Max Emanuel Cen\u010di\u0107.<\/p>\n\n\n\n<p style=\"font-size:17px\">Outre le r\u00e9pertoire lyrique, l\u2019Ensemble explore d\u2019autres genres musicaux tels que le Madrigal, la Cantate, l\u2019Air de cour, la Symphonie et l\u2019immensit\u00e9 du r\u00e9pertoire sacr\u00e9 (Messe, Motet, Oratorio, Le\u00e7ons de T\u00e9n\u00e8bres\u2026). De saison en saison, Les Talens Lyriques sont ainsi amen\u00e9s \u00e0 se produire dans le monde entier, dans des effectifs variant de quelques musiciens \u00e0 plus d\u2019une soixantaine d\u2019interpr\u00e8tes de toutes g\u00e9n\u00e9rations.<\/p>\n\n\n\n<p style=\"font-size:17px\">La saison 2025-2026 des Talens Lyriques est intitul\u00e9e &#8220;Love stories&#8221;. Christophe Rousset et les Talens Lyriques y abordent les diff\u00e9rentes facettes de l\u2019amour au travers d\u2019\u0153uvres embl\u00e9matiques et de belles red\u00e9couvertes : Ifigenia in Tauride de Tommaso Traetta, Orlando de H\u00e4ndel, L\u2019Opera seria de Gassmann, Ascanio in Alba et La clemenza di Tito de Mozart. Cette saison sera \u00e9galement l\u2019occasion de conclure l\u2019incroyable int\u00e9grale des trag\u00e9dies lyriques de Lully avec l\u2019enregistrement de Cadmus et Hermione, \u00e0 retrouver en concert \u00e0 la Philharmonie de Paris. Cette saison verra aussi na\u00eetre un compagnonnage entre l\u2019Ensemble, la salle Cortot et l\u2019Ecole normale de musique de Paris : les Talens Lyriques y proposeront des masterclasses publiques et des concerts comment\u00e9s th\u00e9matiques.<\/p>\n\n\n\n<h2 class=\"wp-block-heading has-small-font-size\"><\/h2>\n\n\n\n<p style=\"font-size:17px\">La riche discographie des Talens Lyriques comprend aujourd\u2019hui plus de 100 r\u00e9f\u00e9rences, enregistr\u00e9es chez Erato, Fnac Music, Auvidis, Decca, Na\u00efve, Ambroisie, Virgin Classics, Ediciones Singulares (PBZ), Outhere, Ch\u00e2teau Versailles Spectacles (CVS), et Apart\u00e9. L\u2019Ensemble a \u00e9galement r\u00e9alis\u00e9 la c\u00e9l\u00e8bre bande-son du film de G\u00e9rard Corbiau, Farinelli (1994), vendue \u00e0 plus d\u2019un million d\u2019exemplaires.<\/p>\n\n\n\n<p style=\"font-size:17px\">La saison sera ponctu\u00e9e par la sortie de deux nouveaux albums : Proserpine de Lully (Ch\u00e2teau de Versailles Spectacles) et Ifigenia in Tauride de Tommaso Traetta (Apart\u00e9).<\/p>\n\n\n\n<p style=\"font-size:17px\">Depuis 2007, l\u2019Ensemble s\u2019emploie \u00e0 initier des \u00e9l\u00e8ves \u00e0 la musique, \u00e0 travers un programme vari\u00e9 d\u2019actions artistiques ambitieuses et d\u2019initiatives p\u00e9dagogiques innovantes.<\/p>\n\n\n\n<p style=\"font-size:17px\">Les Talens Lyriques sont en r\u00e9sidence dans des \u00e9tablissements scolaires \u00e0 Paris et en \u00cele-de-France animant des classes orchestres depuis plus de 15 ans ainsi qu\u2019un riche programme de m\u00e9diation culturelle. Les 3 applis p\u00e9dagogiques t@lenschool suscitent beaucoup d\u2019engouement et ont remport\u00e9 de nombreux prix fran\u00e7ais et internationaux.<\/p>\n\n\n\n<p style=\"font-size:17px\">Les Talens Lyriques poursuivent \u00e9galement leur projet de musique en soins hospitaliers dans l\u2019unit\u00e9 de soins palliatifs de la clinique de la Toussaint \u00e0 Strasbourg.<\/p>\n\n\n\n<p class=\"has-small-font-size\"><strong><a href=\"https:\/\/www.lestalenslyriques.com\/\" target=\"_blank\" rel=\"noreferrer noopener\">En savoir plus<\/a><\/strong><\/p>\n\n\n\n<ul class=\"wp-block-social-links has-small-icon-size has-icon-color has-icon-background-color is-layout-flex wp-block-social-links-is-layout-flex\"><li style=\"color:#000000;background-color:#ffffff;\" class=\"wp-social-link wp-social-link-facebook has-black-color has-white-background-color wp-block-social-link\"><a rel=\"noopener nofollow\" target=\"_blank\" href=\"https:\/\/www.facebook.com\/talenslyriques\" class=\"wp-block-social-link-anchor\"><svg width=\"24\" height=\"24\" viewBox=\"0 0 24 24\" version=\"1.1\" xmlns=\"http:\/\/www.w3.org\/2000\/svg\" aria-hidden=\"true\" focusable=\"false\"><path d=\"M12 2C6.5 2 2 6.5 2 12c0 5 3.7 9.1 8.4 9.9v-7H7.9V12h2.5V9.8c0-2.5 1.5-3.9 3.8-3.9 1.1 0 2.2.2 2.2.2v2.5h-1.3c-1.2 0-1.6.8-1.6 1.6V12h2.8l-.4 2.9h-2.3v7C18.3 21.1 22 17 22 12c0-5.5-4.5-10-10-10z\"><\/path><\/svg><span class=\"wp-block-social-link-label screen-reader-text\">Facebook<\/span><\/a><\/li>\n\n<li style=\"color:#000000;background-color:#ffffff;\" class=\"wp-social-link wp-social-link-instagram has-black-color has-white-background-color wp-block-social-link\"><a rel=\"noopener nofollow\" target=\"_blank\" href=\"https:\/\/www.instagram.com\/talenslyriques\/\" class=\"wp-block-social-link-anchor\"><svg width=\"24\" height=\"24\" viewBox=\"0 0 24 24\" version=\"1.1\" xmlns=\"http:\/\/www.w3.org\/2000\/svg\" aria-hidden=\"true\" focusable=\"false\"><path d=\"M12,4.622c2.403,0,2.688,0.009,3.637,0.052c0.877,0.04,1.354,0.187,1.671,0.31c0.42,0.163,0.72,0.358,1.035,0.673 c0.315,0.315,0.51,0.615,0.673,1.035c0.123,0.317,0.27,0.794,0.31,1.671c0.043,0.949,0.052,1.234,0.052,3.637 s-0.009,2.688-0.052,3.637c-0.04,0.877-0.187,1.354-0.31,1.671c-0.163,0.42-0.358,0.72-0.673,1.035 c-0.315,0.315-0.615,0.51-1.035,0.673c-0.317,0.123-0.794,0.27-1.671,0.31c-0.949,0.043-1.233,0.052-3.637,0.052 s-2.688-0.009-3.637-0.052c-0.877-0.04-1.354-0.187-1.671-0.31c-0.42-0.163-0.72-0.358-1.035-0.673 c-0.315-0.315-0.51-0.615-0.673-1.035c-0.123-0.317-0.27-0.794-0.31-1.671C4.631,14.688,4.622,14.403,4.622,12 s0.009-2.688,0.052-3.637c0.04-0.877,0.187-1.354,0.31-1.671c0.163-0.42,0.358-0.72,0.673-1.035 c0.315-0.315,0.615-0.51,1.035-0.673c0.317-0.123,0.794-0.27,1.671-0.31C9.312,4.631,9.597,4.622,12,4.622 M12,3 C9.556,3,9.249,3.01,8.289,3.054C7.331,3.098,6.677,3.25,6.105,3.472C5.513,3.702,5.011,4.01,4.511,4.511 c-0.5,0.5-0.808,1.002-1.038,1.594C3.25,6.677,3.098,7.331,3.054,8.289C3.01,9.249,3,9.556,3,12c0,2.444,0.01,2.751,0.054,3.711 c0.044,0.958,0.196,1.612,0.418,2.185c0.23,0.592,0.538,1.094,1.038,1.594c0.5,0.5,1.002,0.808,1.594,1.038 c0.572,0.222,1.227,0.375,2.185,0.418C9.249,20.99,9.556,21,12,21s2.751-0.01,3.711-0.054c0.958-0.044,1.612-0.196,2.185-0.418 c0.592-0.23,1.094-0.538,1.594-1.038c0.5-0.5,0.808-1.002,1.038-1.594c0.222-0.572,0.375-1.227,0.418-2.185 C20.99,14.751,21,14.444,21,12s-0.01-2.751-0.054-3.711c-0.044-0.958-0.196-1.612-0.418-2.185c-0.23-0.592-0.538-1.094-1.038-1.594 c-0.5-0.5-1.002-0.808-1.594-1.038c-0.572-0.222-1.227-0.375-2.185-0.418C14.751,3.01,14.444,3,12,3L12,3z M12,7.378 c-2.552,0-4.622,2.069-4.622,4.622S9.448,16.622,12,16.622s4.622-2.069,4.622-4.622S14.552,7.378,12,7.378z M12,15 c-1.657,0-3-1.343-3-3s1.343-3,3-3s3,1.343,3,3S13.657,15,12,15z M16.804,6.116c-0.596,0-1.08,0.484-1.08,1.08 s0.484,1.08,1.08,1.08c0.596,0,1.08-0.484,1.08-1.08S17.401,6.116,16.804,6.116z\"><\/path><\/svg><span class=\"wp-block-social-link-label screen-reader-text\">Instagram<\/span><\/a><\/li>\n\n<li style=\"color:#000000;background-color:#ffffff;\" class=\"wp-social-link wp-social-link-x has-black-color has-white-background-color wp-block-social-link\"><a rel=\"noopener nofollow\" target=\"_blank\" href=\"https:\/\/twitter.com\/talenslyriques\" class=\"wp-block-social-link-anchor\"><svg width=\"24\" height=\"24\" viewBox=\"0 0 24 24\" version=\"1.1\" xmlns=\"http:\/\/www.w3.org\/2000\/svg\" aria-hidden=\"true\" focusable=\"false\"><path d=\"M13.982 10.622 20.54 3h-1.554l-5.693 6.618L8.745 3H3.5l6.876 10.007L3.5 21h1.554l6.012-6.989L15.868 21h5.245l-7.131-10.378Zm-2.128 2.474-.697-.997-5.543-7.93H8l4.474 6.4.697.996 5.815 8.318h-2.387l-4.745-6.787Z\" \/><\/svg><span class=\"wp-block-social-link-label screen-reader-text\">X<\/span><\/a><\/li>\n\n<li style=\"color:#000000;background-color:#ffffff;\" class=\"wp-social-link wp-social-link-youtube has-black-color has-white-background-color wp-block-social-link\"><a rel=\"noopener nofollow\" target=\"_blank\" href=\"https:\/\/www.youtube.com\/user\/LTLTV\" class=\"wp-block-social-link-anchor\"><svg width=\"24\" height=\"24\" viewBox=\"0 0 24 24\" version=\"1.1\" xmlns=\"http:\/\/www.w3.org\/2000\/svg\" aria-hidden=\"true\" focusable=\"false\"><path d=\"M21.8,8.001c0,0-0.195-1.378-0.795-1.985c-0.76-0.797-1.613-0.801-2.004-0.847c-2.799-0.202-6.997-0.202-6.997-0.202 h-0.009c0,0-4.198,0-6.997,0.202C4.608,5.216,3.756,5.22,2.995,6.016C2.395,6.623,2.2,8.001,2.2,8.001S2,9.62,2,11.238v1.517 c0,1.618,0.2,3.237,0.2,3.237s0.195,1.378,0.795,1.985c0.761,0.797,1.76,0.771,2.205,0.855c1.6,0.153,6.8,0.201,6.8,0.201 s4.203-0.006,7.001-0.209c0.391-0.047,1.243-0.051,2.004-0.847c0.6-0.607,0.795-1.985,0.795-1.985s0.2-1.618,0.2-3.237v-1.517 C22,9.62,21.8,8.001,21.8,8.001z M9.935,14.594l-0.001-5.62l5.404,2.82L9.935,14.594z\"><\/path><\/svg><span class=\"wp-block-social-link-label screen-reader-text\">YouTube<\/span><\/a><\/li><\/ul>\n\n\n\n<div style=\"height:47px\" aria-hidden=\"true\" class=\"wp-block-spacer\"><\/div>\n\n\n\n<p style=\"font-size:15px\">Les Talens Lyriques sont soutenus par le minist\u00e8re de la Culture-Drac \u00cele-de-France, la Ville de Paris et le Cercle des M\u00e9c\u00e8nes.<\/p>\n\n\n\n<p style=\"font-size:15px\">L\u2019Ensemble remercie ses Grands M\u00e9c\u00e8nes, notamment la Fondation GRoW @ Annenberg \u2013 Gregory et Regina Annenberg Weingarten et la Fondation d\u2019Entreprise Soci\u00e9t\u00e9 G\u00e9n\u00e9rale.<\/p>\n\n\n\n<p style=\"font-size:15px\">L\u2019Ensemble est r\u00e9guli\u00e8rement soutenu pour son rayonnement national et international et ses productions discographiques par le Centre National de la Musique.<\/p>\n\n\n\n<p style=\"font-size:15px\">Les Talens Lyriques sont depuis 2011 artistes associ\u00e9s, en r\u00e9sidence \u00e0 la Fondation Singer-Polignac.<\/p>\n\n\n\n<p style=\"font-size:15px\">Les Talens Lyriques sont membres de Sc\u00e8ne Ensemble (organisation professionnelle des arts de la repr\u00e9sentation) et de la FEVIS (F\u00e9d\u00e9ration des ensembles vocaux et instrumentaux sp\u00e9cialis\u00e9s).<\/p>\n\n\n\n<div style=\"height:63px\" aria-hidden=\"true\" class=\"wp-block-spacer\"><\/div>\n\n\n\n<p class=\"has-text-align-left\">D\u00e9couvrez leur dernier album, <em>Salieri : Cublai, Gran Kan De&#8217; Tartari<\/em> chez Apart\u00e9<\/p>\n\n\n\n<figure class=\"wp-block-image size-full is-resized\"><a href=\"https:\/\/aparte.lnk.to\/Cublai-LesTalensLyriques\" target=\"_blank\" rel=\" noreferrer noopener\"><img decoding=\"async\" src=\"https:\/\/sallecortot.com\/wp-content\/uploads\/2025\/06\/Salieri-Cublai-Gran-Kan-De-Tartari.jpg\" alt=\"\" class=\"wp-image-5329\" style=\"width:220px;height:auto\"\/><\/a><\/figure>\n\n\n<div class=\"wp-block-image\">\n<figure class=\"alignleft size-full is-resized\"><a href=\"https:\/\/open.spotify.com\/intl-fr\/album\/4cYCX8TRNxa88DY4U9XzAX?go=1&amp;nd=1&amp;dlsi=211d61fcebf146cf\" target=\"_blank\" rel=\" noreferrer noopener\"><img decoding=\"async\" src=\"https:\/\/sallecortot.com\/wp-content\/uploads\/2024\/12\/spotify_blanc-removebg-preview.png\" alt=\"\" class=\"wp-image-2512\" style=\"width:25px;height:auto\"\/><\/a><\/figure>\n<\/div>\n\n<div class=\"wp-block-image\">\n<figure class=\"alignleft size-full is-resized\"><a href=\"https:\/\/www.fnac.com\/a21260329\/Antonio-Salieri-Salieri-Cublai-Gran-Kan-De-Tartari-CD-album?eaf-publisher=AWIN&amp;eaf-name=generiqueaff&amp;eaf-creative=4bf6d94d8890e78b9e6cfce65a9ecb9fgeneriqueaff&amp;eaf-creativetype=1x1&amp;eseg-name=AWINID&amp;eseg-item=316451&amp;Origin=Awin316451&amp;sv1=affiliate&amp;sv_campaign_id=316451&amp;awc=12665_1749732254_93b942812fdaf5650117adc92323e3ac\" target=\"_blank\" rel=\" noreferrer noopener\"><img decoding=\"async\" src=\"https:\/\/sallecortot.com\/wp-content\/uploads\/2025\/02\/fnac-logo-blanc.png\" alt=\"\" class=\"wp-image-4251\" style=\"width:26px;height:auto\"\/><\/a><\/figure>\n<\/div>\n\n<div class=\"wp-block-image\">\n<figure class=\"alignleft size-full is-resized\"><a href=\"https:\/\/www.amazon.fr\/Salieri-Cublai-Gran-Kan-Tartari\/dp\/B0DTW4YXF3\/ref=sr_1_1?__mk_fr_FR=%C3%85M%C3%85%C5%BD%C3%95%C3%91&amp;crid=1MYF0TA54R9&amp;dib=eyJ2IjoiMSJ9.V-KnVGOdjR7tyxPvqFFQ8g.FCebMWf99i84ZD31faUeYKMJneXkDSFI8dJsDC2Pr0s&amp;dib_tag=se&amp;keywords=5051083210676&amp;qid=1741869670&amp;s=music&amp;sprefix=5051083210676%2Cpopular%2C97&amp;sr=1-1&amp;tag=linkfiregen&amp;ie=UTF8&amp;linkCode=as2&amp;ascsubtag=4bf6d94d8890e78b9e6cfce65a9ecb9f&amp;ref=dmm_acq_soc_fr_u_lfire_lp_x_4bf6d94d8890e78b9e6cfce65a9ecb9f\" target=\"_blank\" rel=\" noreferrer noopener\"><img decoding=\"async\" src=\"https:\/\/sallecortot.com\/wp-content\/uploads\/2025\/01\/580-5802660_bunker-nyc-logo-hd-png-download-removebg-preview.png\" alt=\"\" class=\"wp-image-2817\" style=\"width:27px;height:auto\"\/><\/a><\/figure>\n<\/div>\n\n<div class=\"wp-block-image\">\n<figure class=\"alignleft size-large is-resized\"><a href=\"https:\/\/music.apple.com\/fr\/album\/salieri-cublai-gran-kan-de-tartari\/1793579476\" target=\"_blank\" rel=\" noreferrer noopener\"><img decoding=\"async\" src=\"https:\/\/sallecortot.com\/wp-content\/uploads\/2025\/01\/itunes-blanc-1021x1024.png\" alt=\"\" class=\"wp-image-2815\" style=\"width:26px;height:auto\"\/><\/a><\/figure>\n<\/div>\n\n<div class=\"wp-block-image\">\n<figure class=\"alignleft size-large is-resized\"><a href=\"https:\/\/www.deezer.com\/fr\/album\/705446521?app_id=140685&amp;utm_source=partner_linkfire&amp;utm_campaign=39c0e440775392bdfa2361d0165533eb&amp;utm_medium=Original&amp;utm_term=aparte&amp;utm_content=album-705446521\" target=\"_blank\" rel=\" noreferrer noopener\"><img decoding=\"async\" src=\"https:\/\/sallecortot.com\/wp-content\/uploads\/2025\/06\/deezer-1024x1024.png\" alt=\"\" class=\"wp-image-5342\" style=\"width:27px;height:auto\"\/><\/a><\/figure>\n<\/div>\n\n\n<p><\/p>\n\n\n\n<div style=\"height:100px\" aria-hidden=\"true\" class=\"wp-block-spacer\"><\/div>\n\n\n\n<h3 class=\"wp-block-heading\">Organisateur<\/h3>\n\n\n<div class=\"wp-block-image\">\n<figure class=\"alignleft size-full is-resized\"><a href=\"https:\/\/www.lestalenslyriques.com\/\" target=\"_blank\" rel=\" noreferrer noopener\"><img decoding=\"async\" src=\"https:\/\/sallecortot.com\/wp-content\/uploads\/2025\/06\/talens-lyriques.webp\" alt=\"\" class=\"wp-image-5325\" style=\"width:177px;height:auto\"\/><\/a><\/figure>\n<\/div>\n\n<div class=\"wp-block-image\">\n<figure class=\"alignleft size-large is-resized\"><a href=\"https:\/\/www.ecolenormalecortot.com\/\" target=\"_blank\" rel=\" noreferrer noopener\"><img decoding=\"async\" src=\"https:\/\/sallecortot.com\/wp-content\/uploads\/2024\/08\/LOGO-3-LIGNES-BLANC-1024x251.png\" alt=\"\" class=\"wp-image-1353\" style=\"width:248px;height:auto\"\/><\/a><\/figure>\n<\/div>\n\n\n<div style=\"height:100px\" aria-hidden=\"true\" class=\"wp-block-spacer\"><\/div>\n\n\n\n<p>Retrouvez toute notre <strong><a href=\"https:\/\/sallecortot.com\/la-programmation\/\" target=\"_blank\" rel=\"noreferrer noopener\">Programmation<\/a><\/strong><\/p>\n\n\n\n<p><\/p>\n","protected":false},"excerpt":{"rendered":"<p>Il \u00e9tait une fois&#8230; La Cantate Fran\u00e7aise ou Louis XIV au Cr\u00e9puscule Lysandre Ch\u00e2lon, baryton-basse Christophe Rousset, clavecin et direction [&hellip;]<\/p>\n","protected":false},"featured_media":11371,"template":"","meta":{"_acf_changed":false},"event_category":[169],"class_list":["post-11373","event","type-event","status-publish","has-post-thumbnail","hentry","event_category-les-grands-concerts"],"acf":{"presentation":"","musicians":"","program":"","host":"","date":"2026-01-10 15:30:00","time_start":"15:30","time_end":null,"end_date":null,"location_name":"","location_address":"","phone":"","link":null,"booking_link":"https:\/\/indiv.themisweb.fr\/0768\/fEventChoiceIsMade.aspx?idstructure=0768&idevent=29","price_from":"<p>Cat\u00e9gorie 1 : 38,5\u20ac<\/p>\n<p>Cat\u00e9gorie 2 : 25\u20ac<\/p>\n<p>Tarifs jeune (-26 ans) : 15 \u20ac<\/p>\n","hide_price":false,"teachers":null,"event_type":"Concert Les Talens Lyriques","datetime":"2026-01-10 15:30:00","end_datetime":"2026-01-10 17:00:00","booking_infos":"<p>01 48 24 40 64<br \/>\nbilletterie@sallecortot.fr<\/p>\n","source_post_id":"5336"},"yoast_head":"<!-- This site is optimized with the Yoast SEO plugin v27.5 - https:\/\/yoast.com\/product\/yoast-seo-wordpress\/ -->\n<title>CONCERT - Il \u00e9tait une fois... La Cantate Fran\u00e7aise - Ecole Normale de Musique de Paris<\/title>\n<meta name=\"robots\" content=\"index, follow, max-snippet:-1, max-image-preview:large, max-video-preview:-1\" \/>\n<link rel=\"canonical\" href=\"https:\/\/www.ecolenormalecortot.com\/en\/event\/concert-il-etait-une-fois-la-cantate-francaise\/\" \/>\n<meta property=\"og:locale\" content=\"en_US\" \/>\n<meta property=\"og:type\" content=\"article\" \/>\n<meta property=\"og:title\" content=\"CONCERT - Il \u00e9tait une fois... La Cantate Fran\u00e7aise - Ecole Normale de Musique de Paris\" \/>\n<meta property=\"og:description\" content=\"Il \u00e9tait une fois&#8230; La Cantate Fran\u00e7aise ou Louis XIV au Cr\u00e9puscule Lysandre Ch\u00e2lon, baryton-basse Christophe Rousset, clavecin et direction [&hellip;]\" \/>\n<meta property=\"og:url\" content=\"https:\/\/www.ecolenormalecortot.com\/en\/event\/concert-il-etait-une-fois-la-cantate-francaise\/\" \/>\n<meta property=\"og:site_name\" content=\"Ecole Normale de Musique de Paris\" \/>\n<meta name=\"twitter:card\" content=\"summary_large_image\" \/>\n<meta name=\"twitter:label1\" content=\"Est. reading time\" \/>\n\t<meta name=\"twitter:data1\" content=\"7 minutes\" \/>\n<script type=\"application\/ld+json\" class=\"yoast-schema-graph\">{\"@context\":\"https:\\\/\\\/schema.org\",\"@graph\":[{\"@type\":\"WebPage\",\"@id\":\"https:\\\/\\\/www.ecolenormalecortot.com\\\/en\\\/event\\\/concert-il-etait-une-fois-la-cantate-francaise\\\/\",\"url\":\"https:\\\/\\\/www.ecolenormalecortot.com\\\/en\\\/event\\\/concert-il-etait-une-fois-la-cantate-francaise\\\/\",\"name\":\"CONCERT - Il \u00e9tait une fois... La Cantate Fran\u00e7aise - Ecole Normale de Musique de Paris\",\"isPartOf\":{\"@id\":\"https:\\\/\\\/www.ecolenormalecortot.com\\\/en\\\/#website\"},\"primaryImageOfPage\":{\"@id\":\"https:\\\/\\\/www.ecolenormalecortot.com\\\/en\\\/event\\\/concert-il-etait-une-fois-la-cantate-francaise\\\/#primaryimage\"},\"image\":{\"@id\":\"https:\\\/\\\/www.ecolenormalecortot.com\\\/en\\\/event\\\/concert-il-etait-une-fois-la-cantate-francaise\\\/#primaryimage\"},\"thumbnailUrl\":\"https:\\\/\\\/www.ecolenormalecortot.com\\\/wp-content\\\/uploads\\\/2025\\\/11\\\/10.01-1.png\",\"datePublished\":\"2025-11-19T11:44:49+00:00\",\"breadcrumb\":{\"@id\":\"https:\\\/\\\/www.ecolenormalecortot.com\\\/en\\\/event\\\/concert-il-etait-une-fois-la-cantate-francaise\\\/#breadcrumb\"},\"inLanguage\":\"en-US\",\"potentialAction\":[{\"@type\":\"ReadAction\",\"target\":[\"https:\\\/\\\/www.ecolenormalecortot.com\\\/en\\\/event\\\/concert-il-etait-une-fois-la-cantate-francaise\\\/\"]}]},{\"@type\":\"ImageObject\",\"inLanguage\":\"en-US\",\"@id\":\"https:\\\/\\\/www.ecolenormalecortot.com\\\/en\\\/event\\\/concert-il-etait-une-fois-la-cantate-francaise\\\/#primaryimage\",\"url\":\"https:\\\/\\\/www.ecolenormalecortot.com\\\/wp-content\\\/uploads\\\/2025\\\/11\\\/10.01-1.png\",\"contentUrl\":\"https:\\\/\\\/www.ecolenormalecortot.com\\\/wp-content\\\/uploads\\\/2025\\\/11\\\/10.01-1.png\",\"width\":1110,\"height\":643},{\"@type\":\"BreadcrumbList\",\"@id\":\"https:\\\/\\\/www.ecolenormalecortot.com\\\/en\\\/event\\\/concert-il-etait-une-fois-la-cantate-francaise\\\/#breadcrumb\",\"itemListElement\":[{\"@type\":\"ListItem\",\"position\":1,\"name\":\"Accueil\",\"item\":\"https:\\\/\\\/www.ecolenormalecortot.com\\\/en\\\/\"},{\"@type\":\"ListItem\",\"position\":2,\"name\":\"\u00c9v\u00e8nements\",\"item\":\"https:\\\/\\\/www.ecolenormalecortot.com\\\/en\\\/event\\\/\"},{\"@type\":\"ListItem\",\"position\":3,\"name\":\"CONCERT &#8211; Il \u00e9tait une fois&#8230; La Cantate Fran\u00e7aise\"}]},{\"@type\":\"WebSite\",\"@id\":\"https:\\\/\\\/www.ecolenormalecortot.com\\\/en\\\/#website\",\"url\":\"https:\\\/\\\/www.ecolenormalecortot.com\\\/en\\\/\",\"name\":\"Ecole Normale de Musique de Paris\",\"description\":\"\",\"publisher\":{\"@id\":\"https:\\\/\\\/www.ecolenormalecortot.com\\\/en\\\/#organization\"},\"potentialAction\":[{\"@type\":\"SearchAction\",\"target\":{\"@type\":\"EntryPoint\",\"urlTemplate\":\"https:\\\/\\\/www.ecolenormalecortot.com\\\/en\\\/?s={search_term_string}\"},\"query-input\":{\"@type\":\"PropertyValueSpecification\",\"valueRequired\":true,\"valueName\":\"search_term_string\"}}],\"inLanguage\":\"en-US\"},{\"@type\":\"Organization\",\"@id\":\"https:\\\/\\\/www.ecolenormalecortot.com\\\/en\\\/#organization\",\"name\":\"Ecole Normale de Musique de Paris\",\"url\":\"https:\\\/\\\/www.ecolenormalecortot.com\\\/en\\\/\",\"logo\":{\"@type\":\"ImageObject\",\"inLanguage\":\"en-US\",\"@id\":\"https:\\\/\\\/www.ecolenormalecortot.com\\\/en\\\/#\\\/schema\\\/logo\\\/image\\\/\",\"url\":\"https:\\\/\\\/www.ecolenormalecortot.com\\\/wp-content\\\/uploads\\\/2023\\\/02\\\/android-chrome-512x512-1.png\",\"contentUrl\":\"https:\\\/\\\/www.ecolenormalecortot.com\\\/wp-content\\\/uploads\\\/2023\\\/02\\\/android-chrome-512x512-1.png\",\"width\":512,\"height\":512,\"caption\":\"Ecole Normale de Musique de Paris\"},\"image\":{\"@id\":\"https:\\\/\\\/www.ecolenormalecortot.com\\\/en\\\/#\\\/schema\\\/logo\\\/image\\\/\"}}]}<\/script>\n<!-- \/ Yoast SEO plugin. -->","yoast_head_json":{"title":"CONCERT - Il \u00e9tait une fois... La Cantate Fran\u00e7aise - Ecole Normale de Musique de Paris","robots":{"index":"index","follow":"follow","max-snippet":"max-snippet:-1","max-image-preview":"max-image-preview:large","max-video-preview":"max-video-preview:-1"},"canonical":"https:\/\/www.ecolenormalecortot.com\/en\/event\/concert-il-etait-une-fois-la-cantate-francaise\/","og_locale":"en_US","og_type":"article","og_title":"CONCERT - Il \u00e9tait une fois... La Cantate Fran\u00e7aise - Ecole Normale de Musique de Paris","og_description":"Il \u00e9tait une fois&#8230; La Cantate Fran\u00e7aise ou Louis XIV au Cr\u00e9puscule Lysandre Ch\u00e2lon, baryton-basse Christophe Rousset, clavecin et direction [&hellip;]","og_url":"https:\/\/www.ecolenormalecortot.com\/en\/event\/concert-il-etait-une-fois-la-cantate-francaise\/","og_site_name":"Ecole Normale de Musique de Paris","twitter_card":"summary_large_image","twitter_misc":{"Est. reading time":"7 minutes"},"schema":{"@context":"https:\/\/schema.org","@graph":[{"@type":"WebPage","@id":"https:\/\/www.ecolenormalecortot.com\/en\/event\/concert-il-etait-une-fois-la-cantate-francaise\/","url":"https:\/\/www.ecolenormalecortot.com\/en\/event\/concert-il-etait-une-fois-la-cantate-francaise\/","name":"CONCERT - Il \u00e9tait une fois... La Cantate Fran\u00e7aise - Ecole Normale de Musique de Paris","isPartOf":{"@id":"https:\/\/www.ecolenormalecortot.com\/en\/#website"},"primaryImageOfPage":{"@id":"https:\/\/www.ecolenormalecortot.com\/en\/event\/concert-il-etait-une-fois-la-cantate-francaise\/#primaryimage"},"image":{"@id":"https:\/\/www.ecolenormalecortot.com\/en\/event\/concert-il-etait-une-fois-la-cantate-francaise\/#primaryimage"},"thumbnailUrl":"https:\/\/www.ecolenormalecortot.com\/wp-content\/uploads\/2025\/11\/10.01-1.png","datePublished":"2025-11-19T11:44:49+00:00","breadcrumb":{"@id":"https:\/\/www.ecolenormalecortot.com\/en\/event\/concert-il-etait-une-fois-la-cantate-francaise\/#breadcrumb"},"inLanguage":"en-US","potentialAction":[{"@type":"ReadAction","target":["https:\/\/www.ecolenormalecortot.com\/en\/event\/concert-il-etait-une-fois-la-cantate-francaise\/"]}]},{"@type":"ImageObject","inLanguage":"en-US","@id":"https:\/\/www.ecolenormalecortot.com\/en\/event\/concert-il-etait-une-fois-la-cantate-francaise\/#primaryimage","url":"https:\/\/www.ecolenormalecortot.com\/wp-content\/uploads\/2025\/11\/10.01-1.png","contentUrl":"https:\/\/www.ecolenormalecortot.com\/wp-content\/uploads\/2025\/11\/10.01-1.png","width":1110,"height":643},{"@type":"BreadcrumbList","@id":"https:\/\/www.ecolenormalecortot.com\/en\/event\/concert-il-etait-une-fois-la-cantate-francaise\/#breadcrumb","itemListElement":[{"@type":"ListItem","position":1,"name":"Accueil","item":"https:\/\/www.ecolenormalecortot.com\/en\/"},{"@type":"ListItem","position":2,"name":"\u00c9v\u00e8nements","item":"https:\/\/www.ecolenormalecortot.com\/en\/event\/"},{"@type":"ListItem","position":3,"name":"CONCERT &#8211; Il \u00e9tait une fois&#8230; La Cantate Fran\u00e7aise"}]},{"@type":"WebSite","@id":"https:\/\/www.ecolenormalecortot.com\/en\/#website","url":"https:\/\/www.ecolenormalecortot.com\/en\/","name":"Ecole Normale de Musique de Paris","description":"","publisher":{"@id":"https:\/\/www.ecolenormalecortot.com\/en\/#organization"},"potentialAction":[{"@type":"SearchAction","target":{"@type":"EntryPoint","urlTemplate":"https:\/\/www.ecolenormalecortot.com\/en\/?s={search_term_string}"},"query-input":{"@type":"PropertyValueSpecification","valueRequired":true,"valueName":"search_term_string"}}],"inLanguage":"en-US"},{"@type":"Organization","@id":"https:\/\/www.ecolenormalecortot.com\/en\/#organization","name":"Ecole Normale de Musique de Paris","url":"https:\/\/www.ecolenormalecortot.com\/en\/","logo":{"@type":"ImageObject","inLanguage":"en-US","@id":"https:\/\/www.ecolenormalecortot.com\/en\/#\/schema\/logo\/image\/","url":"https:\/\/www.ecolenormalecortot.com\/wp-content\/uploads\/2023\/02\/android-chrome-512x512-1.png","contentUrl":"https:\/\/www.ecolenormalecortot.com\/wp-content\/uploads\/2023\/02\/android-chrome-512x512-1.png","width":512,"height":512,"caption":"Ecole Normale de Musique de Paris"},"image":{"@id":"https:\/\/www.ecolenormalecortot.com\/en\/#\/schema\/logo\/image\/"}}]}},"_links":{"self":[{"href":"https:\/\/www.ecolenormalecortot.com\/en\/wp-json\/wp\/v2\/event\/11373","targetHints":{"allow":["GET"]}}],"collection":[{"href":"https:\/\/www.ecolenormalecortot.com\/en\/wp-json\/wp\/v2\/event"}],"about":[{"href":"https:\/\/www.ecolenormalecortot.com\/en\/wp-json\/wp\/v2\/types\/event"}],"wp:featuredmedia":[{"embeddable":true,"href":"https:\/\/www.ecolenormalecortot.com\/en\/wp-json\/wp\/v2\/media\/11371"}],"wp:attachment":[{"href":"https:\/\/www.ecolenormalecortot.com\/en\/wp-json\/wp\/v2\/media?parent=11373"}],"wp:term":[{"taxonomy":"event_category","embeddable":true,"href":"https:\/\/www.ecolenormalecortot.com\/en\/wp-json\/wp\/v2\/event_category?post=11373"}],"curies":[{"name":"wp","href":"https:\/\/api.w.org\/{rel}","templated":true}]}}