{"id":11334,"date":"2025-11-19T12:03:42","date_gmt":"2025-11-19T11:03:42","guid":{"rendered":"https:\/\/www.ecolenormalecortot.com\/event\/bartu-elci-ozsoy-violon-oleksandr-dzvinkovski-piano-alexandra-dovgan-piano-chausson-ravel-franck-chopin\/"},"modified":"2025-12-05T16:30:35","modified_gmt":"2025-12-05T15:30:35","slug":"bartu-elci-ozsoy-violon-oleksandr-dzvinkovski-piano-alexandra-dovgan-piano-chausson-ravel-franck-chopin","status":"publish","type":"event","link":"https:\/\/www.ecolenormalecortot.com\/en\/event\/bartu-elci-ozsoy-violon-oleksandr-dzvinkovski-piano-alexandra-dovgan-piano-chausson-ravel-franck-chopin\/","title":{"rendered":"Bartu ELCI-OZSOY, violon, Oleksandr DZVINKOVSKI, piano &amp; Alexandra DOVGAN, piano | Chausson, Ravel, Franck, Chopin"},"content":{"rendered":"\n<h3 class=\"wp-block-heading has-large-font-size\">Bartu ELCI-OZSOY, violon, Oleksandr DZVINKOVSKI, piano &amp; Alexandra DOVGAN, piano <\/h3>\n\n\n\n<p class=\"has-large-font-size\"><strong>Chausson, Ravel, Franck, Chopin<\/strong><\/p>\n\n\n\n<p class=\"has-medium-font-size\">Les Concerts de Midi et Demi sont donn\u00e9s par les dipl\u00f4m\u00e9s, les \u00e9tudiants des niveaux sup\u00e9rieurs et les professeurs de l\u2019\u00c9cole Normale de Musique de Paris.<\/p>\n\n\n\n<p class=\"has-medium-font-size\">Ils sont coordonn\u00e9s et pr\u00e9sent\u00e9s par St\u00e9phane Fri\u00e9d\u00e9rich.<\/p>\n\n\n\n<p class=\"has-medium-font-size\"><em>Entr\u00e9e libre sous r\u00e9serve des places disponibles.<\/em><\/p>\n\n\n\n<div style=\"height:45px\" aria-hidden=\"true\" class=\"wp-block-spacer\"><\/div>\n\n\n\n<p class=\"has-medium-font-size\"><\/p>\n\n\n\n<h3 class=\"wp-block-heading\">Programme<\/h3>\n\n\n\n<p class=\"has-medium-font-size\"><strong>Bartu ELCI-OZSOY, violon<\/strong><\/p>\n\n\n\n<p class=\"has-medium-font-size\"><strong>Oleksandr DZVINKOVSKI, piano<\/strong><\/p>\n\n\n\n<p class=\"has-medium-font-size\"><strong>Ernest Chausson<\/strong> : Po\u00e8me op.25<\/p>\n\n\n\n<p class=\"has-medium-font-size\"><strong>Maurice Ravel <\/strong>: Sonate pour violon et piano<\/p>\n\n\n\n<div style=\"height:15px\" aria-hidden=\"true\" class=\"wp-block-spacer\"><\/div>\n\n\n\n<p class=\"has-medium-font-size\"><strong>Alexandra DOVGAN, piano<\/strong><\/p>\n\n\n\n<p class=\"has-medium-font-size\"><strong>C\u00e9sar Franck<\/strong>: Pr\u00e9lude, Choral et Fugue<\/p>\n\n\n\n<p class=\"has-medium-font-size\"><strong>Fr\u00e9d\u00e9ric Chopin<\/strong>: Ballade n\u00b04 op.52<\/p>\n\n\n\n<div style=\"height:57px\" aria-hidden=\"true\" class=\"wp-block-spacer\"><\/div>\n\n\n\n<h3 class=\"wp-block-heading\">Bartu ELCI-OZSOY<\/h3>\n\n\n\n<p>Bartu, violoniste, chef d\u2019orchestre et compositeur de 22 ans, est \u00e9galement Ambassadeur du Pacte europ\u00e9en pour le climat aupr\u00e8s de la Commission europ\u00e9enne, cofondateur et directeur artistique de SHARE-by-INOMER, l\u2019un des trois Personnalit\u00e9s Amies du Comit\u00e9 UNICEF \u00cele-de-France, Climate Reality Leader du Climate Reality Project de l\u2019ancien vice-pr\u00e9sident Al Gore, Art Ambassador pour la D\u00e9claration d\u2019I\u00e9na (Chaire UNESCO), et Artist for the Amazon pour l\u2019organisation am\u00e9ricaine Amazon Aid Foundation.<\/p>\n\n\n\n<p>Ses engagements communautaires et ses initiatives de solidarit\u00e9 l\u2019ont mis en relation avec de grands musiciens, tels que le l\u00e9gendaire Wayne Shorter, qui a d\u00e9clar\u00e9 : \u00ab Bartu est un \u00eatre humain extraordinaire dont nous avons besoin \u00e0 une \u00e9poque o\u00f9 nous avons besoin de personnes capables d\u2019accomplir des choses exceptionnelles. \u00bb<\/p>\n\n\n\n<p>Bartu a fait un triple d\u00e9but \u00e0 l\u2019\u00e2ge de 15 ans en dirigeant la 29\u00e8me Symphonie de Mozart et sa propre 1\u00e8re Symphonie, ainsi qu\u2019en interpr\u00e9tant le Concerto pour violon de Mendelssohn. Il a fait ses d\u00e9buts aux \u00c9tats-Unis en 2023 avec des concerts et \u00e9v\u00e9nements caritatifs \u00e0 Chicago, New York et Washington, D.C.<\/p>\n\n\n\n<p>Depuis ao\u00fbt 2025, il joue un violon A. Stradivari gracieusement pr\u00eat\u00e9 par J &amp; A Beare, apr\u00e8s avoir jou\u00e9 un Guadagnini pr\u00eat\u00e9 par le Conservatoire de Paris.<\/p>\n\n\n\n<p>Bartu a obtenu son Master et sa Licence en violon au Conservatoire de Paris avec mention tr\u00e8s bien \u00e0 l\u2019unanimit\u00e9 avec les f\u00e9licitations du jury, respectivement dans les classes de Sarah Nemtanu et Alexis Galp\u00e9rine. Il a \u00e9galement un dipl\u00f4me sup\u00e9rieur de direction d\u2019orchestre de l\u2019\u00c9cole Normale de Musique, o\u00f9 il a \u00e9tudi\u00e9 aupr\u00e8s de Julien Masmondet et Dominique Rouits. En 2025, il a \u00e9t\u00e9 admis au Master de musique de chambre du Conservatoire avec son quatuor avec piano. Il poursuit actuellement un Artist Diploma en violon \u00e0 l\u2019\u00c9cole Normale, dans la classe d\u2019Alexandre Brussilovsky.<\/p>\n\n\n\n<div style=\"height:100px\" aria-hidden=\"true\" class=\"wp-block-spacer\"><\/div>\n\n\n\n<h3 class=\"wp-block-heading\">\u00c0 propos<\/h3>\n\n\n\n<p class=\"has-medium-font-size\">Pr\u00e8s de 70 Concerts de Midi et Demi sont donn\u00e9s chaque ann\u00e9e \u00e0 la&nbsp;<a href=\"https:\/\/sallecortot.com\/\">Salle Cortot<\/a>&nbsp;par les \u00e9tudiants des niveaux sup\u00e9rieurs de l\u2019\u00c9cole normale de musique de Paris.<br><br>Apr\u00e8s plus de 40 ans d\u2019existence, ces concerts sont une v\u00e9ritable institution et attirent leur propre public d\u2019habitu\u00e9s. Ils sont pr\u00e9sent\u00e9s par le journaliste musical St\u00e9phane Fri\u00e9d\u00e9rich.<\/p>\n\n\n\n<p class=\"has-medium-font-size\"><em>Entr\u00e9e libre sous r\u00e9serve des places disponibles.<\/em><\/p>\n\n\n\n<div style=\"height:45px\" aria-hidden=\"true\" class=\"wp-block-spacer\"><\/div>\n\n\n\n\n\n<h3 class=\"wp-block-heading\">Organisateur<\/h3>\n\n\n\n\n\n<figure class=\"wp-block-image size-large is-resized\"><img decoding=\"async\" src=\"https:\/\/sallecortot.com\/wp-content\/uploads\/2024\/08\/LOGO-3-LIGNES-BLANC-1024x251.png\" alt=\"\u00c9cole normale de Musique de Paris Alfred Cortot\" class=\"wp-image-1353\" style=\"width:254px;height:auto\"\/><\/figure>\n\n\n\n<p><\/p>\n","protected":false},"excerpt":{"rendered":"<p>Bartu ELCI-OZSOY, violon, Oleksandr DZVINKOVSKI, piano &amp; Alexandra DOVGAN, piano Chausson, Ravel, Franck, Chopin Les Concerts de Midi et Demi [&hellip;]<\/p>\n","protected":false},"featured_media":11332,"template":"","meta":{"_acf_changed":false},"event_category":[168],"class_list":["post-11334","event","type-event","status-publish","has-post-thumbnail","hentry","event_category-concerts-de-midi-et-demi"],"acf":{"presentation":"","musicians":"","program":"","host":"","date":"2025-12-09 12:30:00","time_start":"12:30","time_end":null,"end_date":null,"location_name":"","location_address":"","phone":"","link":null,"booking_link":"","price_from":"<p>Entr\u00e9e libre.<\/p>\n","hide_price":false,"teachers":null,"event_type":"Concert de midi et demi","datetime":"2025-12-09 12:30:00","end_datetime":"2025-12-09 13:30:00","booking_infos":"","source_post_id":"7631"},"yoast_head":"<!-- This site is optimized with the Yoast SEO plugin v27.5 - https:\/\/yoast.com\/product\/yoast-seo-wordpress\/ -->\n<title>Bartu ELCI-OZSOY, violon, Oleksandr DZVINKOVSKI, piano &amp; Alexandra DOVGAN, piano | Chausson, Ravel, Franck, Chopin - Ecole Normale de Musique de Paris<\/title>\n<meta name=\"robots\" content=\"index, follow, max-snippet:-1, max-image-preview:large, max-video-preview:-1\" \/>\n<link rel=\"canonical\" href=\"https:\/\/www.ecolenormalecortot.com\/en\/event\/bartu-elci-ozsoy-violon-oleksandr-dzvinkovski-piano-alexandra-dovgan-piano-chausson-ravel-franck-chopin\/\" \/>\n<meta property=\"og:locale\" content=\"en_US\" \/>\n<meta property=\"og:type\" content=\"article\" \/>\n<meta property=\"og:title\" content=\"Bartu ELCI-OZSOY, violon, Oleksandr DZVINKOVSKI, piano &amp; Alexandra DOVGAN, piano | Chausson, Ravel, Franck, Chopin - Ecole Normale de Musique de Paris\" \/>\n<meta property=\"og:description\" content=\"Bartu ELCI-OZSOY, violon, Oleksandr DZVINKOVSKI, piano &amp; Alexandra DOVGAN, piano Chausson, Ravel, Franck, Chopin Les Concerts de Midi et Demi [&hellip;]\" \/>\n<meta property=\"og:url\" content=\"https:\/\/www.ecolenormalecortot.com\/en\/event\/bartu-elci-ozsoy-violon-oleksandr-dzvinkovski-piano-alexandra-dovgan-piano-chausson-ravel-franck-chopin\/\" \/>\n<meta property=\"og:site_name\" content=\"Ecole Normale de Musique de Paris\" \/>\n<meta property=\"article:modified_time\" content=\"2025-12-05T15:30:35+00:00\" \/>\n<meta property=\"og:image\" content=\"https:\/\/www.ecolenormalecortot.com\/wp-content\/uploads\/2025\/11\/09.12.png\" \/>\n\t<meta property=\"og:image:width\" content=\"1110\" \/>\n\t<meta property=\"og:image:height\" content=\"643\" \/>\n\t<meta property=\"og:image:type\" content=\"image\/png\" \/>\n<meta name=\"twitter:card\" content=\"summary_large_image\" \/>\n<meta name=\"twitter:label1\" content=\"Est. reading time\" \/>\n\t<meta name=\"twitter:data1\" content=\"3 minutes\" \/>\n<script type=\"application\/ld+json\" class=\"yoast-schema-graph\">{\"@context\":\"https:\\\/\\\/schema.org\",\"@graph\":[{\"@type\":\"WebPage\",\"@id\":\"https:\\\/\\\/www.ecolenormalecortot.com\\\/en\\\/event\\\/bartu-elci-ozsoy-violon-oleksandr-dzvinkovski-piano-alexandra-dovgan-piano-chausson-ravel-franck-chopin\\\/\",\"url\":\"https:\\\/\\\/www.ecolenormalecortot.com\\\/en\\\/event\\\/bartu-elci-ozsoy-violon-oleksandr-dzvinkovski-piano-alexandra-dovgan-piano-chausson-ravel-franck-chopin\\\/\",\"name\":\"Bartu ELCI-OZSOY, violon, Oleksandr DZVINKOVSKI, piano &amp; Alexandra DOVGAN, piano | Chausson, Ravel, Franck, Chopin - Ecole Normale de Musique de Paris\",\"isPartOf\":{\"@id\":\"https:\\\/\\\/www.ecolenormalecortot.com\\\/en\\\/#website\"},\"primaryImageOfPage\":{\"@id\":\"https:\\\/\\\/www.ecolenormalecortot.com\\\/en\\\/event\\\/bartu-elci-ozsoy-violon-oleksandr-dzvinkovski-piano-alexandra-dovgan-piano-chausson-ravel-franck-chopin\\\/#primaryimage\"},\"image\":{\"@id\":\"https:\\\/\\\/www.ecolenormalecortot.com\\\/en\\\/event\\\/bartu-elci-ozsoy-violon-oleksandr-dzvinkovski-piano-alexandra-dovgan-piano-chausson-ravel-franck-chopin\\\/#primaryimage\"},\"thumbnailUrl\":\"https:\\\/\\\/www.ecolenormalecortot.com\\\/wp-content\\\/uploads\\\/2025\\\/11\\\/09.12.png\",\"datePublished\":\"2025-11-19T11:03:42+00:00\",\"dateModified\":\"2025-12-05T15:30:35+00:00\",\"breadcrumb\":{\"@id\":\"https:\\\/\\\/www.ecolenormalecortot.com\\\/en\\\/event\\\/bartu-elci-ozsoy-violon-oleksandr-dzvinkovski-piano-alexandra-dovgan-piano-chausson-ravel-franck-chopin\\\/#breadcrumb\"},\"inLanguage\":\"en-US\",\"potentialAction\":[{\"@type\":\"ReadAction\",\"target\":[\"https:\\\/\\\/www.ecolenormalecortot.com\\\/en\\\/event\\\/bartu-elci-ozsoy-violon-oleksandr-dzvinkovski-piano-alexandra-dovgan-piano-chausson-ravel-franck-chopin\\\/\"]}]},{\"@type\":\"ImageObject\",\"inLanguage\":\"en-US\",\"@id\":\"https:\\\/\\\/www.ecolenormalecortot.com\\\/en\\\/event\\\/bartu-elci-ozsoy-violon-oleksandr-dzvinkovski-piano-alexandra-dovgan-piano-chausson-ravel-franck-chopin\\\/#primaryimage\",\"url\":\"https:\\\/\\\/www.ecolenormalecortot.com\\\/wp-content\\\/uploads\\\/2025\\\/11\\\/09.12.png\",\"contentUrl\":\"https:\\\/\\\/www.ecolenormalecortot.com\\\/wp-content\\\/uploads\\\/2025\\\/11\\\/09.12.png\",\"width\":1110,\"height\":643},{\"@type\":\"BreadcrumbList\",\"@id\":\"https:\\\/\\\/www.ecolenormalecortot.com\\\/en\\\/event\\\/bartu-elci-ozsoy-violon-oleksandr-dzvinkovski-piano-alexandra-dovgan-piano-chausson-ravel-franck-chopin\\\/#breadcrumb\",\"itemListElement\":[{\"@type\":\"ListItem\",\"position\":1,\"name\":\"Accueil\",\"item\":\"https:\\\/\\\/www.ecolenormalecortot.com\\\/en\\\/\"},{\"@type\":\"ListItem\",\"position\":2,\"name\":\"\u00c9v\u00e8nements\",\"item\":\"https:\\\/\\\/www.ecolenormalecortot.com\\\/en\\\/event\\\/\"},{\"@type\":\"ListItem\",\"position\":3,\"name\":\"Bartu ELCI-OZSOY, violon, Oleksandr DZVINKOVSKI, piano &amp; Alexandra DOVGAN, piano | Chausson, Ravel, Franck, Chopin\"}]},{\"@type\":\"WebSite\",\"@id\":\"https:\\\/\\\/www.ecolenormalecortot.com\\\/en\\\/#website\",\"url\":\"https:\\\/\\\/www.ecolenormalecortot.com\\\/en\\\/\",\"name\":\"Ecole Normale de Musique de Paris\",\"description\":\"\",\"publisher\":{\"@id\":\"https:\\\/\\\/www.ecolenormalecortot.com\\\/en\\\/#organization\"},\"potentialAction\":[{\"@type\":\"SearchAction\",\"target\":{\"@type\":\"EntryPoint\",\"urlTemplate\":\"https:\\\/\\\/www.ecolenormalecortot.com\\\/en\\\/?s={search_term_string}\"},\"query-input\":{\"@type\":\"PropertyValueSpecification\",\"valueRequired\":true,\"valueName\":\"search_term_string\"}}],\"inLanguage\":\"en-US\"},{\"@type\":\"Organization\",\"@id\":\"https:\\\/\\\/www.ecolenormalecortot.com\\\/en\\\/#organization\",\"name\":\"Ecole Normale de Musique de Paris\",\"url\":\"https:\\\/\\\/www.ecolenormalecortot.com\\\/en\\\/\",\"logo\":{\"@type\":\"ImageObject\",\"inLanguage\":\"en-US\",\"@id\":\"https:\\\/\\\/www.ecolenormalecortot.com\\\/en\\\/#\\\/schema\\\/logo\\\/image\\\/\",\"url\":\"https:\\\/\\\/www.ecolenormalecortot.com\\\/wp-content\\\/uploads\\\/2023\\\/02\\\/android-chrome-512x512-1.png\",\"contentUrl\":\"https:\\\/\\\/www.ecolenormalecortot.com\\\/wp-content\\\/uploads\\\/2023\\\/02\\\/android-chrome-512x512-1.png\",\"width\":512,\"height\":512,\"caption\":\"Ecole Normale de Musique de Paris\"},\"image\":{\"@id\":\"https:\\\/\\\/www.ecolenormalecortot.com\\\/en\\\/#\\\/schema\\\/logo\\\/image\\\/\"}}]}<\/script>\n<!-- \/ Yoast SEO plugin. -->","yoast_head_json":{"title":"Bartu ELCI-OZSOY, violon, Oleksandr DZVINKOVSKI, piano &amp; Alexandra DOVGAN, piano | Chausson, Ravel, Franck, Chopin - Ecole Normale de Musique de Paris","robots":{"index":"index","follow":"follow","max-snippet":"max-snippet:-1","max-image-preview":"max-image-preview:large","max-video-preview":"max-video-preview:-1"},"canonical":"https:\/\/www.ecolenormalecortot.com\/en\/event\/bartu-elci-ozsoy-violon-oleksandr-dzvinkovski-piano-alexandra-dovgan-piano-chausson-ravel-franck-chopin\/","og_locale":"en_US","og_type":"article","og_title":"Bartu ELCI-OZSOY, violon, Oleksandr DZVINKOVSKI, piano &amp; Alexandra DOVGAN, piano | Chausson, Ravel, Franck, Chopin - Ecole Normale de Musique de Paris","og_description":"Bartu ELCI-OZSOY, violon, Oleksandr DZVINKOVSKI, piano &amp; Alexandra DOVGAN, piano Chausson, Ravel, Franck, Chopin Les Concerts de Midi et Demi [&hellip;]","og_url":"https:\/\/www.ecolenormalecortot.com\/en\/event\/bartu-elci-ozsoy-violon-oleksandr-dzvinkovski-piano-alexandra-dovgan-piano-chausson-ravel-franck-chopin\/","og_site_name":"Ecole Normale de Musique de Paris","article_modified_time":"2025-12-05T15:30:35+00:00","og_image":[{"width":1110,"height":643,"url":"https:\/\/www.ecolenormalecortot.com\/wp-content\/uploads\/2025\/11\/09.12.png","type":"image\/png"}],"twitter_card":"summary_large_image","twitter_misc":{"Est. reading time":"3 minutes"},"schema":{"@context":"https:\/\/schema.org","@graph":[{"@type":"WebPage","@id":"https:\/\/www.ecolenormalecortot.com\/en\/event\/bartu-elci-ozsoy-violon-oleksandr-dzvinkovski-piano-alexandra-dovgan-piano-chausson-ravel-franck-chopin\/","url":"https:\/\/www.ecolenormalecortot.com\/en\/event\/bartu-elci-ozsoy-violon-oleksandr-dzvinkovski-piano-alexandra-dovgan-piano-chausson-ravel-franck-chopin\/","name":"Bartu ELCI-OZSOY, violon, Oleksandr DZVINKOVSKI, piano &amp; Alexandra DOVGAN, piano | Chausson, Ravel, Franck, Chopin - Ecole Normale de Musique de Paris","isPartOf":{"@id":"https:\/\/www.ecolenormalecortot.com\/en\/#website"},"primaryImageOfPage":{"@id":"https:\/\/www.ecolenormalecortot.com\/en\/event\/bartu-elci-ozsoy-violon-oleksandr-dzvinkovski-piano-alexandra-dovgan-piano-chausson-ravel-franck-chopin\/#primaryimage"},"image":{"@id":"https:\/\/www.ecolenormalecortot.com\/en\/event\/bartu-elci-ozsoy-violon-oleksandr-dzvinkovski-piano-alexandra-dovgan-piano-chausson-ravel-franck-chopin\/#primaryimage"},"thumbnailUrl":"https:\/\/www.ecolenormalecortot.com\/wp-content\/uploads\/2025\/11\/09.12.png","datePublished":"2025-11-19T11:03:42+00:00","dateModified":"2025-12-05T15:30:35+00:00","breadcrumb":{"@id":"https:\/\/www.ecolenormalecortot.com\/en\/event\/bartu-elci-ozsoy-violon-oleksandr-dzvinkovski-piano-alexandra-dovgan-piano-chausson-ravel-franck-chopin\/#breadcrumb"},"inLanguage":"en-US","potentialAction":[{"@type":"ReadAction","target":["https:\/\/www.ecolenormalecortot.com\/en\/event\/bartu-elci-ozsoy-violon-oleksandr-dzvinkovski-piano-alexandra-dovgan-piano-chausson-ravel-franck-chopin\/"]}]},{"@type":"ImageObject","inLanguage":"en-US","@id":"https:\/\/www.ecolenormalecortot.com\/en\/event\/bartu-elci-ozsoy-violon-oleksandr-dzvinkovski-piano-alexandra-dovgan-piano-chausson-ravel-franck-chopin\/#primaryimage","url":"https:\/\/www.ecolenormalecortot.com\/wp-content\/uploads\/2025\/11\/09.12.png","contentUrl":"https:\/\/www.ecolenormalecortot.com\/wp-content\/uploads\/2025\/11\/09.12.png","width":1110,"height":643},{"@type":"BreadcrumbList","@id":"https:\/\/www.ecolenormalecortot.com\/en\/event\/bartu-elci-ozsoy-violon-oleksandr-dzvinkovski-piano-alexandra-dovgan-piano-chausson-ravel-franck-chopin\/#breadcrumb","itemListElement":[{"@type":"ListItem","position":1,"name":"Accueil","item":"https:\/\/www.ecolenormalecortot.com\/en\/"},{"@type":"ListItem","position":2,"name":"\u00c9v\u00e8nements","item":"https:\/\/www.ecolenormalecortot.com\/en\/event\/"},{"@type":"ListItem","position":3,"name":"Bartu ELCI-OZSOY, violon, Oleksandr DZVINKOVSKI, piano &amp; Alexandra DOVGAN, piano | Chausson, Ravel, Franck, Chopin"}]},{"@type":"WebSite","@id":"https:\/\/www.ecolenormalecortot.com\/en\/#website","url":"https:\/\/www.ecolenormalecortot.com\/en\/","name":"Ecole Normale de Musique de Paris","description":"","publisher":{"@id":"https:\/\/www.ecolenormalecortot.com\/en\/#organization"},"potentialAction":[{"@type":"SearchAction","target":{"@type":"EntryPoint","urlTemplate":"https:\/\/www.ecolenormalecortot.com\/en\/?s={search_term_string}"},"query-input":{"@type":"PropertyValueSpecification","valueRequired":true,"valueName":"search_term_string"}}],"inLanguage":"en-US"},{"@type":"Organization","@id":"https:\/\/www.ecolenormalecortot.com\/en\/#organization","name":"Ecole Normale de Musique de Paris","url":"https:\/\/www.ecolenormalecortot.com\/en\/","logo":{"@type":"ImageObject","inLanguage":"en-US","@id":"https:\/\/www.ecolenormalecortot.com\/en\/#\/schema\/logo\/image\/","url":"https:\/\/www.ecolenormalecortot.com\/wp-content\/uploads\/2023\/02\/android-chrome-512x512-1.png","contentUrl":"https:\/\/www.ecolenormalecortot.com\/wp-content\/uploads\/2023\/02\/android-chrome-512x512-1.png","width":512,"height":512,"caption":"Ecole Normale de Musique de Paris"},"image":{"@id":"https:\/\/www.ecolenormalecortot.com\/en\/#\/schema\/logo\/image\/"}}]}},"_links":{"self":[{"href":"https:\/\/www.ecolenormalecortot.com\/en\/wp-json\/wp\/v2\/event\/11334","targetHints":{"allow":["GET"]}}],"collection":[{"href":"https:\/\/www.ecolenormalecortot.com\/en\/wp-json\/wp\/v2\/event"}],"about":[{"href":"https:\/\/www.ecolenormalecortot.com\/en\/wp-json\/wp\/v2\/types\/event"}],"wp:featuredmedia":[{"embeddable":true,"href":"https:\/\/www.ecolenormalecortot.com\/en\/wp-json\/wp\/v2\/media\/11332"}],"wp:attachment":[{"href":"https:\/\/www.ecolenormalecortot.com\/en\/wp-json\/wp\/v2\/media?parent=11334"}],"wp:term":[{"taxonomy":"event_category","embeddable":true,"href":"https:\/\/www.ecolenormalecortot.com\/en\/wp-json\/wp\/v2\/event_category?post=11334"}],"curies":[{"name":"wp","href":"https:\/\/api.w.org\/{rel}","templated":true}]}}